{"version":"1.0","provider_name":"Las rutas de Carlos y Conchita","provider_url":"https:\/\/www.carlosyconchita.net\/rutas","author_name":"Carlos Conchita","author_url":"https:\/\/www.carlosyconchita.net\/rutas\/author\/carlos-conchita\/","title":"07-08-2016 - Monte Whistler (Canad\u00e1) -","type":"rich","width":600,"height":338,"html":"<blockquote class=\"wp-embedded-content\" data-secret=\"6zAFan0RbE\"><a href=\"https:\/\/www.carlosyconchita.net\/rutas\/07-08-2016-monte-whistler-canada\/\">07-08-2016 &#8211; Monte Whistler (Canad\u00e1)<\/a><\/blockquote><iframe sandbox=\"allow-scripts\" security=\"restricted\" src=\"https:\/\/www.carlosyconchita.net\/rutas\/07-08-2016-monte-whistler-canada\/embed\/#?secret=6zAFan0RbE\" width=\"600\" height=\"338\" title=\"\u00ab07-08-2016 &#8211; Monte Whistler (Canad\u00e1)\u00bb \u2014 Las rutas de Carlos y Conchita\" data-secret=\"6zAFan0RbE\" frameborder=\"0\" marginwidth=\"0\" marginheight=\"0\" scrolling=\"no\" class=\"wp-embedded-content\"><\/iframe><script type=\"text\/javascript\">\n\/* <![CDATA[ *\/\n\/*! This file is auto-generated *\/\n!function(d,l){\"use strict\";l.querySelector&&d.addEventListener&&\"undefined\"!=typeof URL&&(d.wp=d.wp||{},d.wp.receiveEmbedMessage||(d.wp.receiveEmbedMessage=function(e){var t=e.data;if((t||t.secret||t.message||t.value)&&!\/[^a-zA-Z0-9]\/.test(t.secret)){for(var s,r,n,a=l.querySelectorAll('iframe[data-secret=\"'+t.secret+'\"]'),o=l.querySelectorAll('blockquote[data-secret=\"'+t.secret+'\"]'),c=new RegExp(\"^https?:$\",\"i\"),i=0;i<o.length;i++)o[i].style.display=\"none\";for(i=0;i<a.length;i++)s=a[i],e.source===s.contentWindow&&(s.removeAttribute(\"style\"),\"height\"===t.message?(1e3<(r=parseInt(t.value,10))?r=1e3:~~r<200&&(r=200),s.height=r):\"link\"===t.message&&(r=new URL(s.getAttribute(\"src\")),n=new URL(t.value),c.test(n.protocol))&&n.host===r.host&&l.activeElement===s&&(d.top.location.href=t.value))}},d.addEventListener(\"message\",d.wp.receiveEmbedMessage,!1),l.addEventListener(\"DOMContentLoaded\",function(){for(var e,t,s=l.querySelectorAll(\"iframe.wp-embedded-content\"),r=0;r<s.length;r++)(t=(e=s[r]).getAttribute(\"data-secret\"))||(t=Math.random().toString(36).substring(2,12),e.src+=\"#?secret=\"+t,e.setAttribute(\"data-secret\",t)),e.contentWindow.postMessage({message:\"ready\",secret:t},\"*\")},!1)))}(window,document);\n\/\/# sourceURL=https:\/\/www.carlosyconchita.net\/rutas\/wp-includes\/js\/wp-embed.min.js\n\/* ]]> *\/\n<\/script>\n","thumbnail_url":"https:\/\/www.carlosyconchita.net\/rutas\/wp-content\/uploads\/2016\/09\/whistler-0004.jpg","thumbnail_width":1019,"thumbnail_height":764,"description":"A la vuelta de la excursi\u00f3n de esta ma\u00f1ana al Monte Edith Cavell, y despu\u00e9s de comer, hemos vuelto a Jasper para subir al Monte Whistler, en el t\u00edpico funicular. (Jasper Sky Tram) Hab\u00eda bastante gente, pero no ha habido ning\u00fan problema en la subida, ya que al comprar el billete, que por cierto es [&hellip;]"}