{"id":14992,"date":"2021-01-15T18:51:25","date_gmt":"2021-01-15T17:51:25","guid":{"rendered":"https:\/\/www.carlosyconchita.net\/rutas\/?page_id=14992"},"modified":"2025-01-29T18:26:27","modified_gmt":"2025-01-29T17:26:27","slug":"indice-por-anos","status":"publish","type":"page","link":"https:\/\/www.carlosyconchita.net\/rutas\/indice-por-anos\/","title":{"rendered":"Indice por a\u00f1os"},"content":{"rendered":"<p style=\"text-align: justify;\"><strong><span style=\"font-size: 14pt;\">Aqu\u00ed se pueden ver todas nuestras publicaciones, por orden de fecha, y con posibilidad de buscar por zonas, dificultad, fecha, etc.<\/span><\/strong><\/p>\n<p style=\"text-align: justify;\"><strong><span style=\"font-size: 14pt;\">Las primeras caminatas o excursiones que hicimos por la Cerdanya, fueron a los numerosos lagos de la zona, de los que hemos vistos much\u00edsimos (casi todos&#8230;! )\u00a0 , y tambi\u00e9n sencillas caminatas entre pueblos de la comarca, aunque posteriormente,\u00a0 nos atrevimos a \u00abhacer\u00bb\u00a0 picos, destacando entre ellos el Carlit, Canig\u00f3, Puigmal, casi todos los de Nuria, los Perics, etc.<\/span><\/strong><\/p>\n<hr \/>\n<div class=\"sya_container\" id=\"sya_container\"><p class=\"sya_yearslist\" id=\"sya_yearslist\"><a href=\"#year2026\">2026<\/a> &bull; <a href=\"#year2025\">2025<\/a> &bull; <a href=\"#year2024\">2024<\/a> &bull; <a href=\"#year2023\">2023<\/a> &bull; <a href=\"#year2022\">2022<\/a> &bull; <a href=\"#year2021\">2021<\/a> &bull; <a href=\"#year2020\">2020<\/a> &bull; <a href=\"#year2019\">2019<\/a> &bull; <a href=\"#year2018\">2018<\/a> &bull; <a href=\"#year2017\">2017<\/a> &bull; <a href=\"#year2016\">2016<\/a> &bull; <a href=\"#year2015\">2015<\/a> &bull; <a href=\"#year2014\">2014<\/a> &bull; <a href=\"#year2013\">2013<\/a> &bull; <a href=\"#year2012\">2012<\/a> &bull; <a href=\"#year2011\">2011<\/a> &bull; <a href=\"#year2010\">2010<\/a><\/p> <a id=\"year2026\"><\/a>2026 <span class=\"sya_yearcount\"><span class=\"sya_bracket\">(<\/span>9<span class=\"sya_bracket\">)<\/span><\/span> <ul><li class=\"\"><div class=\"sya_postcontent\"><span class=\"sya_date\">  <span class=\"sya_sep\"> <\/span><\/span><a href=\"https:\/\/www.carlosyconchita.net\/rutas\/15-03-2026-bornas-llivia-13-17\/\" class=\"sya_postlink post-21783\" rel=\"bookmark\">15-03-2026-Bornas Ll\u00edvia 13-17<\/a> <span class=\"sya_categories\"><span class=\"sya_bracket\">(<\/span>1-F\u00e1cil, Mojones \/ Bornas frontera Ll\u00edvia (2\u00ba tour)<span class=\"sya_bracket\">)<\/span><\/span><div style=\"padding-left:100px\" class=\"robots-nocontent\"><cite>Hoy hemos hecho una nueva caminata para repetir las bornas de Ll\u00edvia desde el n\u00famero 13 al 17, con nieve y con un d\u00eda muy soleado, pero con mucho viento en buena parte del recorrido. Como se puede ver en las fotos, esta noche ha nevado un poco, aunque la temperatura no ha sido muy [&hellip;]<\/cite><\/div><\/div><\/li><li class=\"\"><div class=\"sya_postcontent\"><span class=\"sya_date\">  <span class=\"sya_sep\"> <\/span><\/span><a href=\"https:\/\/www.carlosyconchita.net\/rutas\/01-02-2026-paseo-con-raquetas-por-el-lago-de-matemale\/\" class=\"sya_postlink post-21639\" rel=\"bookmark\">01-02-2026-Paseo con raquetas por el lago de Matemale<\/a> <span class=\"sya_categories\"><span class=\"sya_bracket\">(<\/span>1-F\u00e1cil, 2 - De 5 a 10 km., Les Angles<span class=\"sya_bracket\">)<\/span><\/span><div style=\"padding-left:100px\" class=\"robots-nocontent\"><cite>Como hoy el d\u00eda ha amanecido un poco nuboso y con algo de viento, vamos a hacer una peque\u00f1a caminata con raquetas por un zona cercana y f\u00e1cil por si despu\u00e9s se complica demasiado el tiempo, por los alrededores del lago de Matemale. Hab\u00edamos pensado hacer el tour completo del lago , que ya hemos [&hellip;]<\/cite><\/div><\/div><\/li><li class=\"\"><div class=\"sya_postcontent\"><span class=\"sya_date\">  <span class=\"sya_sep\"> <\/span><\/span><a href=\"https:\/\/www.carlosyconchita.net\/rutas\/30-01-2026-bornas-llivia-02-a-07\/\" class=\"sya_postlink post-21625\" rel=\"bookmark\">30-01-2026-Bornas Ll\u00edvia 02 a 07<\/a> <span class=\"sya_categories\"><span class=\"sya_bracket\">(<\/span>1-F\u00e1cil, 2 - De 5 a 10 km., Mojones \/ Bornas frontera Ll\u00edvia (2\u00ba tour)<span class=\"sya_bracket\">)<\/span><\/span><div style=\"padding-left:100px\" class=\"robots-nocontent\"><cite>Como que hac\u00eda mucho tiempo que no hab\u00edamos \u00abrevisado\u00bb las bornas de Ll\u00edvia, hoy damos un repaso a las bornas n\u00fameros 02 al 07, en terreno muy plano, aunque con nieve. Como que suponemos que en ese terreno llano y de baja altura no habr\u00eda suficiente nieve para ir con raquetas, nos arriesgamos a ir [&hellip;]<\/cite><\/div><\/div><\/li><li class=\"\"><div class=\"sya_postcontent\"><span class=\"sya_date\">  <span class=\"sya_sep\"> <\/span><\/span><a href=\"https:\/\/www.carlosyconchita.net\/rutas\/29-01-2026-coll-de-la-llosa-a-mirador-raquetas\/\" class=\"sya_postlink post-21608\" rel=\"bookmark\">29-01-2026-Coll de la Llosa a Mirador (raquetas)<\/a> <span class=\"sya_categories\"><span class=\"sya_bracket\">(<\/span>1-F\u00e1cil, 2 - De 5 a 10 km., Les Angles<span class=\"sya_bracket\">)<\/span><\/span><div style=\"padding-left:100px\" class=\"robots-nocontent\"><cite>Continuamos con much\u00edsima nieve, as\u00ed que aprovechamos y hacemos otra bonita excursi\u00f3n con raquetas desde el parking de la estaci\u00f3n de ski de fondo del Coll de la Llosa, hasta un magn\u00edfico mirador sobre la carretera que va a los Angles, y desde donde podemos ver una enormes vistas de la zona : el Valle [&hellip;]<\/cite><\/div><\/div><\/li><li class=\"\"><div class=\"sya_postcontent\"><span class=\"sya_date\">  <span class=\"sya_sep\"> <\/span><\/span><a href=\"https:\/\/www.carlosyconchita.net\/rutas\/23-01-2026-refugio-de-la-calme-raquetas\/\" class=\"sya_postlink post-21550\" rel=\"bookmark\">23-01-2026-Refugio de La Calme (raquetas)<\/a> <span class=\"sya_categories\"><span class=\"sya_bracket\">(<\/span>1-F\u00e1cil, 2 - De 5 a 10 km., Font Romeu<span class=\"sya_bracket\">)<\/span><\/span><div style=\"padding-left:100px\" class=\"robots-nocontent\"><cite>Aprovechando que en la monta\u00f1a hay mucha nieve, hoy volvemos a hacer una bonita excursi\u00f3n con raquetas, esta vez en la zona de La Calme (Font-Romeu). Aparcamos el coche en la carretera que sube al Pla de la Calme, un poco antes de llegar al final de la misma, en donde tenemos una peque\u00f1a zona [&hellip;]<\/cite><\/div><\/div><\/li><li class=\"\"><div class=\"sya_postcontent\"><span class=\"sya_date\">  <span class=\"sya_sep\"> <\/span><\/span><a href=\"https:\/\/www.carlosyconchita.net\/rutas\/22-01-2026-coll-de-pam-belvedere-raquetas\/\" class=\"sya_postlink post-21564\" rel=\"bookmark\">22-01-2026-Coll de Pam (Belvedere)  &#8211; raquetas<\/a> <span class=\"sya_categories\"><span class=\"sya_bracket\">(<\/span>1-F\u00e1cil, 2 - De 5 a 10 km., Font Romeu<span class=\"sya_bracket\">)<\/span><\/span><div style=\"padding-left:100px\" class=\"robots-nocontent\"><cite>Nos dirigimos a la estaci\u00f3n de ski de Font-Romeu Pyrenees-2000, concretamente al Coll de Pam, en donde acaba la carretera D10-F, y en donde hay una gran zona de parking y varios telesillas de la estaci\u00f3n, pero nosotros pararemos antes de llegar all\u00ed, ya que nuestra idea es llegar all\u00ed pero caminando con raquetas. All\u00ed [&hellip;]<\/cite><\/div><\/div><\/li><li class=\"\"><div class=\"sya_postcontent\"><span class=\"sya_date\">  <span class=\"sya_sep\"> <\/span><\/span><a href=\"https:\/\/www.carlosyconchita.net\/rutas\/06-01-2026-lago-calbet-coll-de-mel\/\" class=\"sya_postlink post-21598\" rel=\"bookmark\">06-01-2026-Lago Calbet &#8211; Coll de Mel  (raquetas)<\/a> <span class=\"sya_categories\"><span class=\"sya_bracket\">(<\/span>0-Muy f\u00e1cil, 2 - De 5 a 10 km., Les Angles<span class=\"sya_bracket\">)<\/span><\/span><div style=\"padding-left:100px\" class=\"robots-nocontent\"><cite>Continuamos aprovechando la nieve que tenemos estos d\u00edas para hacer una f\u00e1cil caminata desde nuestro conocido Lago Calbet hasta el Coll de Mel. La ruta no tiene ninguna dificultad especial, la nieve est\u00e1 muy bien aunque un poco dura , ya que empezamos a caminar a\u00a0 -7 \u00baC (ver foto en el album), y los [&hellip;]<\/cite><\/div><\/div><\/li><li class=\"\"><div class=\"sya_postcontent\"><span class=\"sya_date\">  <span class=\"sya_sep\"> <\/span><\/span><a href=\"https:\/\/www.carlosyconchita.net\/rutas\/04-01-2026-lago-olive-iglesiettes-raquetas\/\" class=\"sya_postlink post-21587\" rel=\"bookmark\">04-01-2026-Lago Olive-Iglesiettes (raquetas)<\/a> <span class=\"sya_categories\"><span class=\"sya_bracket\">(<\/span>1-F\u00e1cil, 2 - De 5 a 10 km., Formigueres \/ Puyvalador, Les Angles<span class=\"sya_bracket\">)<\/span><\/span><div style=\"padding-left:100px\" class=\"robots-nocontent\"><cite>Bonita excursi\u00f3n con raquetas desde el lago Olive a la zona de las Iglesiettes , ya en la zona de Balc\u00e9re o Valserra (Les Angles) , en donde hay unas ruinas de una antigua iglesia medieval, volviendo despu\u00e9s por el Serrat del Pelat con una bonita bajada hasta llegar al camino llamado camino \u00abLe Canal\u00b7 [&hellip;]<\/cite><\/div><\/div><\/li><li class=\"\"><div class=\"sya_postcontent\"><span class=\"sya_date\">  <span class=\"sya_sep\"> <\/span><\/span><a href=\"https:\/\/www.carlosyconchita.net\/rutas\/03-01-2026-raquetas-en-bolquere\/\" class=\"sya_postlink post-21579\" rel=\"bookmark\">03-01-2026-Raquetas en Bolqu\u00e8re<\/a> <span class=\"sya_categories\"><span class=\"sya_bracket\">(<\/span>0-Muy f\u00e1cil, 1 - Hasta 5 km., Font Romeu<span class=\"sya_bracket\">)<\/span><\/span><div style=\"padding-left:100px\" class=\"robots-nocontent\"><cite>Hoy estrenamos la temporada de invierno en la Cerdanya, con una peque\u00f1a caminata con raquetas en la zona de Bolqu\u00e8re. Aparcamos el coche en el Parking dels Estagnols, donde hemos parado much\u00edsmas veces, ya que en esa zona hay numerosos caminos para hacer , tanto en verano como en invierno. Esta vez, debido a que [&hellip;]<\/cite><\/div><\/div><\/li><\/ul> <a id=\"year2025\"><\/a>2025 <span class=\"sya_yearcount\"><span class=\"sya_bracket\">(<\/span>70<span class=\"sya_bracket\">)<\/span><\/span> <ul><li class=\"\"><div class=\"sya_postcontent\"><span class=\"sya_date\">  <span class=\"sya_sep\"> <\/span><\/span><a href=\"https:\/\/www.carlosyconchita.net\/rutas\/09-11-2025-caminada-de-llerona\/\" class=\"sya_postlink post-21376\" rel=\"bookmark\">09-11-2025-Caminada Popular de Llerona<\/a> <span class=\"sya_categories\"><span class=\"sya_bracket\">(<\/span>1-F\u00e1cil, 3 - De 10 a 15 km., Vall\u00e9s Oriental<span class=\"sya_bracket\">)<\/span><\/span><div style=\"padding-left:100px\" class=\"robots-nocontent\"><cite>Hoy hacemos una f\u00e1cil aunque algo larga excursi\u00f3n con nuestro amigo Fernando, la \u00abXXXIV Caminada Popular de Llerona\u00bb. El punto de inicio es en el \u00abConsell de Poble de Llerona\u00bb, sobre las 9 h., aunque mucha gente ha empezado a caminar antes, cosa que no tiene la menor importancia, porque no es una carrera (aunque [&hellip;]<\/cite><\/div><\/div><\/li><li class=\"\"><div class=\"sya_postcontent\"><span class=\"sya_date\">  <span class=\"sya_sep\"> <\/span><\/span><a href=\"https:\/\/www.carlosyconchita.net\/rutas\/05-10-2025-burgos\/\" class=\"sya_postlink post-21816\" rel=\"bookmark\">05-10-2025-Burgos<\/a> <span class=\"sya_categories\"><span class=\"sya_bracket\">(<\/span>0-Fotos, 0-Muy f\u00e1cil, Burgos<span class=\"sya_bracket\">)<\/span><\/span><div style=\"padding-left:100px\" class=\"robots-nocontent\"><cite>En el viaje de vuelta desde la Sierra de la Estrella en Portugal a casa, hacemos una parada en Burgos para visitar la ciudad, en especial su magn\u00edfica catedral, y damos un peque\u00f1o paseo de unos 6 kms. Nuestra visita coincide con la \u00abSemana Cidiana\u00bb, por lo que podemos ver un mercado medieval y diversos [&hellip;]<\/cite><\/div><\/div><\/li><li class=\"\"><div class=\"sya_postcontent\"><span class=\"sya_date\">  <span class=\"sya_sep\"> <\/span><\/span><a href=\"https:\/\/www.carlosyconchita.net\/rutas\/04-10-2025-pico-torre-el-mas-alto-de-portugal-y-virgen-de-la-buena-estrella\/\" class=\"sya_postlink post-21802\" rel=\"bookmark\">04-10-2025-Pico Torre (el m\u00e1s alto de Portugal) y Virgen de la Buena Estrella<\/a> <span class=\"sya_categories\"><span class=\"sya_bracket\">(<\/span>1-F\u00e1cil, 100 Cims Carlos y Conchita, 2 - De 5 a 10 km., Portugal, Sierra de la Estrella<span class=\"sya_bracket\">)<\/span><\/span><div style=\"padding-left:100px\" class=\"robots-nocontent\"><cite>Hoy subimos al\u00a0 Pico Torre , el m\u00e1s alto de Portugal peninsular ( 1.993 metros de altitud\u00a0 \u00f3\u00a0 2.000 metros si se cuenta la torre construida en la cima).\u00a0 En las Islas Azores est\u00e1n la Monta\u00f1a del Pico, con 2.351 m. Realmente no es un pico realmente, sino una especie de meseta , pero es [&hellip;]<\/cite><\/div><\/div><\/li><li class=\"\"><div class=\"sya_postcontent\"><span class=\"sya_date\">  <span class=\"sya_sep\"> <\/span><\/span><a href=\"https:\/\/www.carlosyconchita.net\/rutas\/03-10-2025-poco-do-inferno\/\" class=\"sya_postlink post-21792\" rel=\"bookmark\">03-10-2025-Po\u00e7o do Inferno<\/a> <span class=\"sya_categories\"><span class=\"sya_bracket\">(<\/span>0-Muy f\u00e1cil, 1 - Hasta 5 km., Sierra de la Estrella<span class=\"sya_bracket\">)<\/span><\/span><div style=\"padding-left:100px\" class=\"robots-nocontent\"><cite>Despu\u00e9s de la bonita excursi\u00f3n al lago Compride, y antes de llegar a nuestro hotel en Manteigas, nos acercamos a uno de los puntos recomendados de la zona, que es el Po\u00e7o do Inferno, una cascada escondida entre las rocas , a la que se puede llegar f\u00e1cilmente con el coche por una peque\u00f1a carretera, [&hellip;]<\/cite><\/div><\/div><\/li><li class=\"\"><div class=\"sya_postcontent\"><span class=\"sya_date\">  <span class=\"sya_sep\"> <\/span><\/span><a href=\"https:\/\/www.carlosyconchita.net\/rutas\/03-10-2025-lago-comprida\/\" class=\"sya_postlink post-21731\" rel=\"bookmark\">03-10-2025-Lago Comprida<\/a> <span class=\"sya_categories\"><span class=\"sya_bracket\">(<\/span>1-F\u00e1cil, 2 - De 5 a 10 km., Portugal, Sierra de la Estrella<span class=\"sya_bracket\">)<\/span><\/span><div style=\"padding-left:100px\" class=\"robots-nocontent\"><cite>Hoy hemos hecho una bonita y soleada excursi\u00f3n al Lago Comprida y alrededores, en la que aparte de este lago y su presa , hemos pasado por varios lagos y lagunas m\u00e1s ( Albufeira dos Conchos, Lagoa Redonda, Lagoa Seca., Albufeira do Covao da Curral, Covao do Forno&#8230;)\u00a0 y por una zona rocosa muy bonita. [&hellip;]<\/cite><\/div><\/div><\/li><li class=\"\"><div class=\"sya_postcontent\"><span class=\"sya_date\">  <span class=\"sya_sep\"> <\/span><\/span><a href=\"https:\/\/www.carlosyconchita.net\/rutas\/02-10-2025-pasarelas-del-rio-mondego\/\" class=\"sya_postlink post-21715\" rel=\"bookmark\">02-10-2025-Pasarelas del r\u00edo Mondego<\/a> <span class=\"sya_categories\"><span class=\"sya_bracket\">(<\/span>2-Moderada, 3 - De 10 a 15 km., Portugal, Sierra de la Estrella<span class=\"sya_bracket\">)<\/span><\/span><div style=\"padding-left:100px\" class=\"robots-nocontent\"><cite>Hoy hemos hecho una de las rutas que podemos llamar \u00abcl\u00e1sicas\u00bb de la Sierra de la Estrella , en Portugal. Se trata de las Pasarelas del r\u00edo Mondego, de unos 12 kms., aunque a nosotros nos han salido m\u00e1s, suponemos que debido a que en el tramo final hemos seguido las se\u00f1ales que indicaban alg\u00fan [&hellip;]<\/cite><\/div><\/div><\/li><li class=\"\"><div class=\"sya_postcontent\"><span class=\"sya_date\">  <span class=\"sya_sep\"> <\/span><\/span><a href=\"https:\/\/www.carlosyconchita.net\/rutas\/01-10-2025-visita-coimbra\/\" class=\"sya_postlink post-21699\" rel=\"bookmark\">01-10-2025-Visita Coimbra<\/a> <span class=\"sya_categories\"><span class=\"sya_bracket\">(<\/span>0-Muy f\u00e1cil, 2 - De 5 a 10 km., Portugal<span class=\"sya_bracket\">)<\/span><\/span><div style=\"padding-left:100px\" class=\"robots-nocontent\"><cite>Album de fotos de la visita a Coimbra. Hemos paseado un rato por nuestra cuenta, y despu\u00e9s con un \u00abFree-Tour\u00bb , que hicimos nosotros solos con la gu\u00eda, por los sitios hist\u00f3ricos y m\u00e1s interesantes de la ciudad, ya que el resto de los participantes no se presentaron a la hora convenida. El recorrido ha [&hellip;]<\/cite><\/div><\/div><\/li><li class=\"\"><div class=\"sya_postcontent\"><span class=\"sya_date\">  <span class=\"sya_sep\"> <\/span><\/span><a href=\"https:\/\/www.carlosyconchita.net\/rutas\/30-09-2025-bornas-portugal-espana-519-a-525\/\" class=\"sya_postlink post-21670\" rel=\"bookmark\">30-09-2025-Bornas Portugal-Espa\u00f1a 519 a 525<\/a> <span class=\"sya_categories\"><span class=\"sya_bracket\">(<\/span>0-Muy f\u00e1cil, 2 - De 5 a 10 km., Mojones \/ Bornas otros pa\u00edses, Portugal<span class=\"sya_bracket\">)<\/span><\/span><div style=\"padding-left:100px\" class=\"robots-nocontent\"><cite>De camino a la Sierra de la Estrella (Portugal), paramos en el peque\u00f1o pueblo de Fuentes de O\u00f1oro (Salamanca), fronterizo con Vilar do Formoso, para ver algunas de las muchas bornas o mojones fronterizos que hay en esta frontera. No es que queramos ahora localizar toda las bornas de esta larga frontera, ya que son [&hellip;]<\/cite><\/div><\/div><\/li><li class=\"\"><div class=\"sya_postcontent\"><span class=\"sya_date\">  <span class=\"sya_sep\"> <\/span><\/span><a href=\"https:\/\/www.carlosyconchita.net\/rutas\/29-09-2025-visita-a-valladolid\/\" class=\"sya_postlink post-21667\" rel=\"bookmark\">29-09-2025-Visita a Valladolid<\/a> <span class=\"sya_categories\"><span class=\"sya_bracket\">(<\/span>0-Muy f\u00e1cil, 2 - De 5 a 10 km., Valladolid<span class=\"sya_bracket\">)<\/span><\/span><div style=\"padding-left:100px\" class=\"robots-nocontent\"><cite>Album de fotos de la visita a Valladolid, donde hemos hecho una parada en el camino hacia la Sierra de la Estrella, en Portugal. Album de fotos &nbsp;<\/cite><\/div><\/div><\/li><li class=\"\"><div class=\"sya_postcontent\"><span class=\"sya_date\">  <span class=\"sya_sep\"> <\/span><\/span><a href=\"https:\/\/www.carlosyconchita.net\/rutas\/29-09-2025-viaje-a-la-sierra-de-la-estrella-portugal\/\" class=\"sya_postlink post-21709\" rel=\"bookmark\">29-09-2025-Viaje a la Sierra de la Estrella (Portugal)<\/a> <span class=\"sya_categories\"><span class=\"sya_bracket\">(<\/span>Sierra de la Estrella<span class=\"sya_bracket\">)<\/span><\/span><div style=\"padding-left:100px\" class=\"robots-nocontent\"><cite>&nbsp; 29-09-2025-Visita a Valladolid 30-09-2025-Bornas Portugal-Espa\u00f1a 519 a 525 01-10-2025-Visita Coimbra 02-10-2025-Pasarelas del r\u00edo Mondego 03-10-2025-Lago Compride 03-10-2025-Po\u00e7o do Inferno 04-10-2025-Pico Torre 05-10-2025-Burgos &nbsp; &nbsp;<\/cite><\/div><\/div><\/li><li class=\"\"><div class=\"sya_postcontent\"><span class=\"sya_date\">  <span class=\"sya_sep\"> <\/span><\/span><a href=\"https:\/\/www.carlosyconchita.net\/rutas\/bornas-pendientes\/\" class=\"sya_postlink post-21744\" rel=\"bookmark\">Bornas pendientes<\/a> <span class=\"sya_categories\"><span class=\"sya_bracket\">(<\/span>Mojones \/ Bornas frontera ES-FR<span class=\"sya_bracket\">)<\/span><\/span><div style=\"padding-left:100px\" class=\"robots-nocontent\"><cite>El dia 16-09-2025, con la dura subida al Puerto de Clarabide, en donde est\u00e1 la B-330 bis, hemos completado nuestra b\u00fasqueda de TODOS los mojones o bornas fronterizas entre Espa\u00f1a y Francia, incluidos los de Ll\u00edvia, que hacen un total de 723, desde el n\u00famero 1 situado en el Rio Bidasosa, hasta el n\u00famero 602 [&hellip;]<\/cite><\/div><\/div><\/li><li class=\"\"><div class=\"sya_postcontent\"><span class=\"sya_date\">  <span class=\"sya_sep\"> <\/span><\/span><a href=\"https:\/\/www.carlosyconchita.net\/rutas\/17-09-2025-bajada-del-refugio-de-estos-borna-330-bis-dia-3\/\" class=\"sya_postlink post-21221\" rel=\"bookmark\">17-09-2025-Bajada del Refugio de Est\u00f3s (Borna 330-bis, d\u00eda 3)<\/a> <span class=\"sya_categories\"><span class=\"sya_bracket\">(<\/span>0-Muy f\u00e1cil, 1 - Hasta 5 km., Benasque, Huesca, Mojones \/ Bornas frontera ES-FR<span class=\"sya_bracket\">)<\/span><\/span><div style=\"padding-left:100px\" class=\"robots-nocontent\"><cite>Hoy tenemos una peque\u00f1a caminata para bajar desde el Refugio de Est\u00f3s hasta la Caba\u00f1a del Tormo, en donde nos recoger\u00e1 el taxi-4&#215;4 para llevarnos al Parking de Est\u00f3s, cerca de Benasque, en donde dejamos el coche hace 2 dias. Tenemos tiempo de sobra para llegar, pero en los refugios la gente se levanta muy [&hellip;]<\/cite><\/div><\/div><\/li><li class=\"\"><div class=\"sya_postcontent\"><span class=\"sya_date\">  <span class=\"sya_sep\"> <\/span><\/span><a href=\"https:\/\/www.carlosyconchita.net\/rutas\/16-09-2025-lo-hemos-conseguido-ultima-borna-fronteriza-localizada\/\" class=\"sya_postlink post-21053\" rel=\"bookmark\">16-09-2025-  Lo hemos conseguido : ultima borna fronteriza localizada  !!!<\/a> <span class=\"sya_categories\"><span class=\"sya_bracket\">(<\/span>Mojones \/ Bornas frontera ES-FR<span class=\"sya_bracket\">)<\/span><\/span><div style=\"padding-left:100px\" class=\"robots-nocontent\"><cite>&nbsp; &nbsp; &nbsp; El dia 30-05-2015 \u2013 Camino de la Retirada (Vallceboll\u00e9re) (borna 505), encontramos por casualidad la primera borna o moj\u00f3n fronterizo entre Espa\u00f1a y Francia. Unos a\u00f1os despu\u00e9s , decidimos localizar las de la Cerdanya, despu\u00e9s las de Girona, despu\u00e9s las de Catalunya&#8230; hasta que finalmente intentamos la aventura o proyecto de localizarlas [&hellip;]<\/cite><\/div><\/div><\/li><li class=\"\"><div class=\"sya_postcontent\"><span class=\"sya_date\">  <span class=\"sya_sep\"> <\/span><\/span><a href=\"https:\/\/www.carlosyconchita.net\/rutas\/16-09-2025-borna-330-bis-la-ultima-que-nos-quedaba\/\" class=\"sya_postlink post-21094\" rel=\"bookmark\">16-09-2025-Borna 330 bis (d\u00eda 2)  :  la \u00faltima que nos quedaba !!!<\/a> <span class=\"sya_categories\"><span class=\"sya_bracket\">(<\/span>3 - De 10 a 15 km., 3-Dif\u00edcil, Huesca, Mojones \/ Bornas frontera ES-FR<span class=\"sya_bracket\">)<\/span><\/span><div style=\"padding-left:100px\" class=\"robots-nocontent\"><cite>Hoy hemos hecho la \u00faltima borna o moj\u00f3n fronterizo que nos quedaba, la 330 bis , con lo cual hemos recorrido todo el Pirineo desde el Cant\u00e1brico hasta el Mediterr\u00e1neo para encontrarlas. Nos han acompa\u00f1ado nuestro hijo David, Noelia y Pierre Gallart. Est\u00e1 situada en el Puerto de Clarabide, y para llegar a ella, ayer [&hellip;]<\/cite><\/div><\/div><\/li><li class=\"\"><div class=\"sya_postcontent\"><span class=\"sya_date\">  <span class=\"sya_sep\"> <\/span><\/span><a href=\"https:\/\/www.carlosyconchita.net\/rutas\/15-09-2025-subida-al-refugio-de-estos-borna-330-bis-dia-1\/\" class=\"sya_postlink post-21208\" rel=\"bookmark\">15-09-2025-Subida al Refugio de Est\u00f3s (Borna 330-bis, d\u00eda 1)<\/a> <span class=\"sya_categories\"><span class=\"sya_bracket\">(<\/span>1 - Hasta 5 km., 1-F\u00e1cil, Benasque, Huesca, Mojones \/ Bornas frontera ES-FR<span class=\"sya_bracket\">)<\/span><\/span><div style=\"padding-left:100px\" class=\"robots-nocontent\"><cite>Hoy empezamos nuestra excursi\u00f3n para conseguir llegar hasta la \u00faltima borna que nos queda para completar todas las existentes en la frontera hispano-francesa , la 330-bis. Pero como no podemos hacerla en un d\u00eda, hemos de subir hoy al Refugio de Est\u00f3s, en donde dormiremos y ma\u00f1ana desde all\u00ed , intentaremos llegar a la B-330-bis, [&hellip;]<\/cite><\/div><\/div><\/li><li class=\"\"><div class=\"sya_postcontent\"><span class=\"sya_date\">  <span class=\"sya_sep\"> <\/span><\/span><a href=\"https:\/\/www.carlosyconchita.net\/rutas\/06-09-2025-borna-330\/\" class=\"sya_postlink post-21197\" rel=\"bookmark\">06-09-2025-Borna 330<\/a> <span class=\"sya_categories\"><span class=\"sya_bracket\">(<\/span>3-Dif\u00edcil, 4 - De 15 a 20 km., Bielsa, Huesca, Mojones \/ Bornas frontera ES-FR<span class=\"sya_bracket\">)<\/span><\/span><div style=\"padding-left:100px\" class=\"robots-nocontent\"><cite>602\u00a0 bornas (n\u00fameros)\u00a0 localizadas\u00a0 del total de 602 existentes, las tenemos todas\u00a0 !!! 722\u00a0 bornas (piedras) localizadas del total de 723 existentes, nos falta s\u00f3lo 1 (330 bis) Enlace al album de fotos de las bornas :\u00a0\u00a0\u00a0\u00a0 Fotos bornas &nbsp; Ayer nos cogimos un d\u00eda de descanso en el Camping Los Vives, en el que [&hellip;]<\/cite><\/div><\/div><\/li><li class=\"\"><div class=\"sya_postcontent\"><span class=\"sya_date\">  <span class=\"sya_sep\"> <\/span><\/span><a href=\"https:\/\/www.carlosyconchita.net\/rutas\/04-09-2025-borna-329\/\" class=\"sya_postlink post-21184\" rel=\"bookmark\">04-09-2025-Borna 329<\/a> <span class=\"sya_categories\"><span class=\"sya_bracket\">(<\/span>2-Moderada, 3 - De 10 a 15 km., Bielsa, Mojones \/ Bornas frontera ES-FR<span class=\"sya_bracket\">)<\/span><\/span><div style=\"padding-left:100px\" class=\"robots-nocontent\"><cite>601\u00a0 bornas (n\u00fameros)\u00a0 localizadas\u00a0 del total de 602 existentes, nos falta s\u00f3lo 1\u00a0 (la 330) 721\u00a0 bornas (piedras) localizadas del total de 723 existentes, nos faltan s\u00f3lo 2 (330 + 330 bis) Ver relaci\u00f3n de bornas en la p\u00e1gina principal :\u00a0 Bornas pendientes Enlace al album de fotos de las bornas :\u00a0\u00a0\u00a0\u00a0 Fotos bornas &nbsp; [&hellip;]<\/cite><\/div><\/div><\/li><li class=\"\"><div class=\"sya_postcontent\"><span class=\"sya_date\">  <span class=\"sya_sep\"> <\/span><\/span><a href=\"https:\/\/www.carlosyconchita.net\/rutas\/02-09-2025-borna-296\/\" class=\"sya_postlink post-21169\" rel=\"bookmark\">02-09-2025-Borna 296<\/a> <span class=\"sya_categories\"><span class=\"sya_bracket\">(<\/span>2 - De 5 a 10 km., 3-Dif\u00edcil, Canfranc, Huesca, Mojones \/ Bornas frontera ES-FR<span class=\"sya_bracket\">)<\/span><\/span><div style=\"padding-left:100px\" class=\"robots-nocontent\"><cite>600\u00a0 bornas (n\u00fameros)\u00a0 localizadas\u00a0 del total de 602 existentes, nos faltan s\u00f3lo 2 720\u00a0 bornas (piedras) localizadas del total de 723 existentes, nos faltan s\u00f3lo 3 Ver relaci\u00f3n de bornas en la p\u00e1gina principal :\u00a0 Bornas pendientes Enlace al album de fotos de las bornas :\u00a0\u00a0\u00a0\u00a0 Fotos bornas Hoy nos despedimos del Camping de Lesc\u00fan, [&hellip;]<\/cite><\/div><\/div><\/li><li class=\"\"><div class=\"sya_postcontent\"><span class=\"sya_date\">  <span class=\"sya_sep\"> <\/span><\/span><a href=\"https:\/\/www.carlosyconchita.net\/rutas\/01-09-2025-borna-272-col-de-anaye\/\" class=\"sya_postlink post-21157\" rel=\"bookmark\">01-09-2025-Borna 272 (Col de Anaye)<\/a> <span class=\"sya_categories\"><span class=\"sya_bracket\">(<\/span>2-Moderada, 3 - De 10 a 15 km., Mojones \/ Bornas frontera ES-FR<span class=\"sya_bracket\">)<\/span><\/span><div style=\"padding-left:100px\" class=\"robots-nocontent\"><cite>599\u00a0 bornas (n\u00fameros)\u00a0 localizadas\u00a0 del total de 602 existentes, nos faltan s\u00f3lo 3 719\u00a0 bornas (piedras) localizadas del total de 723 existentes, nos faltan s\u00f3lo 4 Ver relaci\u00f3n de bornas en la p\u00e1gina principal :\u00a0 Bornas pendientes Enlace al album de fotos de las bornas :\u00a0\u00a0\u00a0\u00a0 Fotos bornas Desde el Camping de Lesc\u00fan, nos dirigimos [&hellip;]<\/cite><\/div><\/div><\/li><li class=\"\"><div class=\"sya_postcontent\"><span class=\"sya_date\">  <span class=\"sya_sep\"> <\/span><\/span><a href=\"https:\/\/www.carlosyconchita.net\/rutas\/31-08-2025-plateau-de-sanchese\/\" class=\"sya_postlink post-21366\" rel=\"bookmark\">31-08-2025-Plateau de Sanch\u00e8se<\/a> <span class=\"sya_categories\"><span class=\"sya_bracket\">(<\/span>0-Muy f\u00e1cil, Mojones \/ Bornas frontera ES-FR<span class=\"sya_bracket\">)<\/span><\/span><div style=\"padding-left:100px\" class=\"robots-nocontent\"><cite>Hoy vamos a hacer una f\u00e1cil y c\u00f3moda excursi\u00f3n al Plateau de Sanch\u00e8se, a donde ma\u00f1ana volveremos para iniciar la dura caminata hasta la B-272. Ayer vinimos desde el Pont d&#8217;Espagne , en la zona de Cauterets, en donde hab\u00edamos dejado el coche para subir al Refugio de Wallon, y desde all\u00ed hacer las B-313 [&hellip;]<\/cite><\/div><\/div><\/li><li class=\"\"><div class=\"sya_postcontent\"><span class=\"sya_date\">  <span class=\"sya_sep\"> <\/span><\/span><a href=\"https:\/\/www.carlosyconchita.net\/rutas\/30-08-2025-bajada-del-refugio-de-wallon\/\" class=\"sya_postlink post-21144\" rel=\"bookmark\">30-08-2025-Bajada del refugio de Wallon<\/a> <span class=\"sya_categories\"><span class=\"sya_bracket\">(<\/span>0-Muy f\u00e1cil, 2 - De 5 a 10 km., Mojones \/ Bornas frontera ES-FR<span class=\"sya_bracket\">)<\/span><\/span><div style=\"padding-left:100px\" class=\"robots-nocontent\"><cite>Hoy, despu\u00e9s de dormir 3 d\u00edas en el refugio de Wallon, y de conseguir a pesar de la lluvia las B-313 y la B-314, nos toca bajar hasta el Parking del Pont d&#8217;Espagne, en donde dejamos el coche el pasado dia 27. La bajada desde el refugio no tiene ning\u00fan problema , no tenemos ninguna [&hellip;]<\/cite><\/div><\/div><\/li><li class=\"\"><div class=\"sya_postcontent\"><span class=\"sya_date\">  <span class=\"sya_sep\"> <\/span><\/span><a href=\"https:\/\/www.carlosyconchita.net\/rutas\/29-08-2025-borna-314\/\" class=\"sya_postlink post-21133\" rel=\"bookmark\">29-08-2025-Borna 314<\/a> <span class=\"sya_categories\"><span class=\"sya_bracket\">(<\/span>2-Moderada, 3 - De 10 a 15 km., Mojones \/ Bornas frontera ES-FR<span class=\"sya_bracket\">)<\/span><\/span><div style=\"padding-left:100px\" class=\"robots-nocontent\"><cite>598\u00a0 bornas (n\u00fameros)\u00a0 localizadas\u00a0 del total de 602 existentes, nos faltan s\u00f3lo 4 718\u00a0 bornas (piedras) localizadas del total de 723 existentes, nos faltan s\u00f3lo 5 Ver relaci\u00f3n de bornas en la p\u00e1gina principal :\u00a0 Bornas pendientes Enlace al album de fotos de las bornas :\u00a0\u00a0\u00a0\u00a0 Fotos bornas &nbsp; Hoy tenemos un d\u00eda aceptable, ya [&hellip;]<\/cite><\/div><\/div><\/li><li class=\"\"><div class=\"sya_postcontent\"><span class=\"sya_date\">  <span class=\"sya_sep\"> <\/span><\/span><a href=\"https:\/\/www.carlosyconchita.net\/rutas\/28-08-2025-borna-313\/\" class=\"sya_postlink post-21113\" rel=\"bookmark\">28-08-2025-Borna 313<\/a> <span class=\"sya_categories\"><span class=\"sya_bracket\">(<\/span>2 - De 5 a 10 km., 2-Moderada, Mojones \/ Bornas frontera ES-FR<span class=\"sya_bracket\">)<\/span><\/span><div style=\"padding-left:100px\" class=\"robots-nocontent\"><cite>597\u00a0 bornas (n\u00fameros)\u00a0 localizadas\u00a0 del total de 602 existentes, nos faltan s\u00f3lo 5 717\u00a0 bornas (piedras) localizadas del total de 723 existentes, nos faltan s\u00f3lo 6 Ver relaci\u00f3n de bornas en la p\u00e1gina principal :\u00a0 Bornas pendientes Enlace al album de fotos de las bornas :\u00a0\u00a0\u00a0\u00a0 Fotos bornas &nbsp; Hoy ha amanecido con mucha niebla [&hellip;]<\/cite><\/div><\/div><\/li><li class=\"\"><div class=\"sya_postcontent\"><span class=\"sya_date\">  <span class=\"sya_sep\"> <\/span><\/span><a href=\"https:\/\/www.carlosyconchita.net\/rutas\/27-08-2025-subida-al-refugio-de-wallon-bornas-313314-dia-1\/\" class=\"sya_postlink post-21106\" rel=\"bookmark\">27-08-2025-Subida al Refugio de Wallon (Bornas 313+314 )<\/a> <span class=\"sya_categories\"><span class=\"sya_bracket\">(<\/span>1-F\u00e1cil, 2 - De 5 a 10 km., Mojones \/ Bornas frontera ES-FR<span class=\"sya_bracket\">)<\/span><\/span><div style=\"padding-left:100px\" class=\"robots-nocontent\"><cite>Hoy hacemos junto con Eef la primera etapa, por as\u00ed decir, para por llegar a las bornas 313 y 314, ya que son recorridos muy largos, y necesitamos hacer una parada en el Refugio de Wallon y dormir all\u00ed para poder hacer ma\u00f1ana la B-313 y pasado ma\u00f1ana, la B-314 Como se puede ver en [&hellip;]<\/cite><\/div><\/div><\/li><li class=\"\"><div class=\"sya_postcontent\"><span class=\"sya_date\">  <span class=\"sya_sep\"> <\/span><\/span><a href=\"https:\/\/www.carlosyconchita.net\/rutas\/26-08-2025-llanos-de-lalarri\/\" class=\"sya_postlink post-21343\" rel=\"bookmark\">26-08-2025-Llanos de Lalarri<\/a> <span class=\"sya_categories\"><span class=\"sya_bracket\">(<\/span>1-F\u00e1cil, 2 - De 5 a 10 km., Bielsa, Huesca<span class=\"sya_bracket\">)<\/span><\/span><div style=\"padding-left:100px\" class=\"robots-nocontent\"><cite>Hoy vamos a descansar un poco de las bornas y mojones, no s\u00f3lo en el aspecto f\u00edsico del descanso, sino tambi\u00e9n del mental, para hacer una excursi\u00f3n sin ninguna prisa, sin levantarnos a las 6 de la ma\u00f1ana y sin tener que llegar\u00a0 a un sitio concreto , y elegimos los Llanos de Lalarri. Desde [&hellip;]<\/cite><\/div><\/div><\/li><li class=\"\"><div class=\"sya_postcontent\"><span class=\"sya_date\">  <span class=\"sya_sep\"> <\/span><\/span><a href=\"https:\/\/www.carlosyconchita.net\/rutas\/24-08-2025-borna-322\/\" class=\"sya_postlink post-21081\" rel=\"bookmark\">24-08-2025-Borna 322<\/a> <span class=\"sya_categories\"><span class=\"sya_bracket\">(<\/span>100 Cims Carlos y Conchita, 2-Moderada, 4 - De 15 a 20 km., Huesca, Mojones \/ Bornas frontera ES-FR<span class=\"sya_bracket\">)<\/span><\/span><div style=\"padding-left:100px\" class=\"robots-nocontent\"><cite>596\u00a0 bornas (n\u00fameros)\u00a0 localizadas\u00a0 del total de 602 existentes, nos faltan s\u00f3lo 6 716\u00a0 bornas (piedras) localizadas del total de 723 existentes, nos faltan s\u00f3lo 7 Ver relaci\u00f3n de bornas en la p\u00e1gina principal :\u00a0 Bornas pendientes Enlace al album de fotos de las bornas :\u00a0\u00a0\u00a0\u00a0 Fotos bornas &nbsp; Hoy hemos hecho una larga caminata [&hellip;]<\/cite><\/div><\/div><\/li><li class=\"\"><div class=\"sya_postcontent\"><span class=\"sya_date\">  <span class=\"sya_sep\"> <\/span><\/span><a href=\"https:\/\/www.carlosyconchita.net\/rutas\/19-08-2025-borna-325\/\" class=\"sya_postlink post-21025\" rel=\"bookmark\">19-08-2025-Borna 325<\/a> <span class=\"sya_categories\"><span class=\"sya_bracket\">(<\/span>2 - De 5 a 10 km., 2-Moderada, Mojones \/ Bornas frontera ES-FR<span class=\"sya_bracket\">)<\/span><\/span><div style=\"padding-left:100px\" class=\"robots-nocontent\"><cite>595\u00a0 bornas (n\u00fameros)\u00a0 localizadas\u00a0 del total de 602 existentes, nos faltan s\u00f3lo 7 715\u00a0 bornas (piedras) localizadas del total de 723 existentes, nos faltan s\u00f3lo 8 Ver relaci\u00f3n de bornas en la p\u00e1gina principal :\u00a0 Bornas pendientes Enlace al album de fotos de las bornas :\u00a0\u00a0\u00a0\u00a0 Fotos bornas Para poder hacer al d\u00eda siguiente a [&hellip;]<\/cite><\/div><\/div><\/li><li class=\"\"><div class=\"sya_postcontent\"><span class=\"sya_date\">  <span class=\"sya_sep\"> <\/span><\/span><a href=\"https:\/\/www.carlosyconchita.net\/rutas\/14-08-2025-borna-312\/\" class=\"sya_postlink post-21014\" rel=\"bookmark\">14-08-2025-Borna 312<\/a> <span class=\"sya_categories\"><span class=\"sya_bracket\">(<\/span>3-Dif\u00edcil, 4 - De 15 a 20 km., Huesca, Mojones \/ Bornas frontera ES-FR<span class=\"sya_bracket\">)<\/span><\/span><div style=\"padding-left:100px\" class=\"robots-nocontent\"><cite>594\u00a0 bornas (n\u00fameros)\u00a0 localizadas\u00a0 del total de 602 existentes, nos faltan s\u00f3lo 8 714\u00a0 bornas (piedras) localizadas del total de 723 existentes, nos faltan s\u00f3lo 9 Ver relaci\u00f3n de bornas en la p\u00e1gina principal :\u00a0 Bornas pendientes Enlace al album de fotos de las bornas :\u00a0\u00a0\u00a0\u00a0 Fotos bornas &nbsp; Hoy hemos de hacer una larga [&hellip;]<\/cite><\/div><\/div><\/li><li class=\"\"><div class=\"sya_postcontent\"><span class=\"sya_date\">  <span class=\"sya_sep\"> <\/span><\/span><a href=\"https:\/\/www.carlosyconchita.net\/rutas\/30-07-2025-bornas-326-327-328\/\" class=\"sya_postlink post-20963\" rel=\"bookmark\">30-07-2025-Bornas 326-327-328<\/a> <span class=\"sya_categories\"><span class=\"sya_bracket\">(<\/span>2-Moderada, 3 - De 10 a 15 km., Mojones \/ Bornas frontera ES-FR<span class=\"sya_bracket\">)<\/span><\/span><div style=\"padding-left:100px\" class=\"robots-nocontent\"><cite>593\u00a0 bornas (n\u00fameros)\u00a0 localizadas\u00a0 del total de 602 existentes, nos faltan s\u00f3lo 9 713\u00a0 bornas (piedras) localizadas del total de 723 existentes, nos faltan s\u00f3lo 10 Ver relaci\u00f3n de bornas en la p\u00e1gina principal :\u00a0 Bornas pendientes Enlace al album de fotos de las bornas :\u00a0\u00a0\u00a0\u00a0 Fotos bornas &nbsp; Hoy localizaremos 3 bornas o mojones [&hellip;]<\/cite><\/div><\/div><\/li><li class=\"\"><div class=\"sya_postcontent\"><span class=\"sya_date\">  <span class=\"sya_sep\"> <\/span><\/span><a href=\"https:\/\/www.carlosyconchita.net\/rutas\/29-07-2025-canon-de-anisclo\/\" class=\"sya_postlink post-21291\" rel=\"bookmark\">29-07-2025-Ca\u00f1on de A\u00f1isclo<\/a> <span class=\"sya_categories\"><span class=\"sya_bracket\">(<\/span>1-F\u00e1cil, 2 - De 5 a 10 km., Bielsa, Huesca<span class=\"sya_bracket\">)<\/span><\/span><div style=\"padding-left:100px\" class=\"robots-nocontent\"><cite>Hoy nos tomamos otro d\u00eda de descanso, para poder \u00abatacar\u00bb ma\u00f1ana otra de las rutas que tenemos para continuar con la b\u00fasqueda de las bornas o mojones fronterizos, as\u00ed que nos vamos a caminar por el Ca\u00f1on de A\u00f1isclo, que tenemos cerca de Bielsa, donde estamos estos d\u00edas. Aparcamos en el\u00a0 parking de San Urbez, [&hellip;]<\/cite><\/div><\/div><\/li><li class=\"\"><div class=\"sya_postcontent\"><span class=\"sya_date\">  <span class=\"sya_sep\"> <\/span><\/span><a href=\"https:\/\/www.carlosyconchita.net\/rutas\/28-07-2025-bajada-del-refugio-de-trigoniero\/\" class=\"sya_postlink post-20945\" rel=\"bookmark\">28-07-2025-Bajada del Refugio de Trigoniero<\/a> <span class=\"sya_categories\"><span class=\"sya_bracket\">(<\/span>1-F\u00e1cil, 2 - De 5 a 10 km., Mojones \/ Bornas frontera ES-FR<span class=\"sya_bracket\">)<\/span><\/span><div style=\"padding-left:100px\" class=\"robots-nocontent\"><cite>Hoy , despu\u00e9s de pasar la noche en el refugio libre de Trigoniero, como primera etapa de la subida a la B-325 , situada en el Puerto de Trigoniero o de Moudang, ten\u00edamos que subir un corto tramo de algo m\u00e1s de 2.5 kms. pero con una fuerte inclinaci\u00f3n, ya que el desnivel era de [&hellip;]<\/cite><\/div><\/div><\/li><li class=\"\"><div class=\"sya_postcontent\"><span class=\"sya_date\">  <span class=\"sya_sep\"> <\/span><\/span><a href=\"https:\/\/www.carlosyconchita.net\/rutas\/27-07-2025-subida-al-refugio-de-trigoniero-hacia-la-b-325\/\" class=\"sya_postlink post-20932\" rel=\"bookmark\">27-07-2025-Subida al refugio de Trigoniero (hacia la B-325)<\/a> <span class=\"sya_categories\"><span class=\"sya_bracket\">(<\/span>2 - De 5 a 10 km., 2-Moderada, Huesca, Mojones \/ Bornas frontera ES-FR<span class=\"sya_bracket\">)<\/span><\/span><div style=\"padding-left:100px\" class=\"robots-nocontent\"><cite>Hoy hacemos la primera parte de la caminata hasta la B-325, situada en el Puerto de Trigoniero o de Moudang, pero como es un recorrido bastante largo y con un considerable desnivel , hemos decidido probar de dormir en el Refugio Libre de Trigoniero (no guardado), y ma\u00f1ana hacer la segunda parte hasta la borna [&hellip;]<\/cite><\/div><\/div><\/li><li class=\"\"><div class=\"sya_postcontent\"><span class=\"sya_date\">  <span class=\"sya_sep\"> <\/span><\/span><a href=\"https:\/\/www.carlosyconchita.net\/rutas\/26-07-2025-camping-forcallo-ibon-de-plan-o-bassa-de-la-mora\/\" class=\"sya_postlink post-21281\" rel=\"bookmark\">26-07-2025-Camping Forcallo &#8211; Ib\u00f3n de Plan o Bassa de la Mora<\/a> <span class=\"sya_categories\"><span class=\"sya_bracket\">(<\/span>0-Muy f\u00e1cil, 1 - Hasta 5 km., Bielsa<span class=\"sya_bracket\">)<\/span><\/span><div style=\"padding-left:100px\" class=\"robots-nocontent\"><cite>Hoy nos tomamos un d\u00eda de descanso, ya que ayer hicimos la borna 324, en el Puerto de Salcorz, y fu\u00e9 un poco cansada por el fuerte desnivel en muy pocos kil\u00f3metros, y ma\u00f1ana hemos de subir al Refugio libre de Trigoniero, primera etapa de la subida a la B-325 y adem\u00e1s tenemos previstas varias [&hellip;]<\/cite><\/div><\/div><\/li><li class=\"\"><div class=\"sya_postcontent\"><span class=\"sya_date\">  <span class=\"sya_sep\"> <\/span><\/span><a href=\"https:\/\/www.carlosyconchita.net\/rutas\/25-07-2025-borna-324-puerto-de-salcorz\/\" class=\"sya_postlink post-20912\" rel=\"bookmark\">25-07-2025-Borna 324 (Puerto de Salcorz)<\/a> <span class=\"sya_categories\"><span class=\"sya_bracket\">(<\/span>2-Moderada, 3 - De 10 a 15 km., Huesca, Mojones \/ Bornas frontera ES-FR<span class=\"sya_bracket\">)<\/span><\/span><div style=\"padding-left:100px\" class=\"robots-nocontent\"><cite>590\u00a0 bornas (n\u00fameros)\u00a0 localizadas\u00a0 del total de 602 existentes, nos faltan s\u00f3lo 12 710\u00a0 bornas (piedras) localizadas del total de 723 existentes, nos faltan s\u00f3lo 13 Ver recuento de bornas en la p\u00e1gina principal :\u00a0 Bornas pendientes Enlace al album de fotos de las bornas :\u00a0\u00a0\u00a0\u00a0 Fotos bornas Distancia total :\u00a0 \u00a0 \u00a010\u2019100\u00a0 km.\u00a0\u00a0\u00a0\u00a0\u00a0\u00a0\u00a0\u00a0\u00a0\u00a0\u00a0\u00a0\u00a0\u00a0\u00a0\u00a0\u00a0\u00a0\u00a0\u00a0\u00a0 Alturas [&hellip;]<\/cite><\/div><\/div><\/li><li class=\"\"><div class=\"sya_postcontent\"><span class=\"sya_date\">  <span class=\"sya_sep\"> <\/span><\/span><a href=\"https:\/\/www.carlosyconchita.net\/rutas\/23-06-2025-viaje-a-las-landas\/\" class=\"sya_postlink post-21435\" rel=\"bookmark\">23-06-2025 &#8211;  Viaje a Las Landas<\/a> <span class=\"sya_categories\"><span class=\"sya_bracket\">(<\/span>Landas<span class=\"sya_bracket\">)<\/span><\/span><div style=\"padding-left:100px\" class=\"robots-nocontent\"><cite>. 19-06-2025-Paseo por Biarritz 19-06-2025-Capilla de Santa Teresa de Labenne 20-06-2025-Courant d\u2019Huchet 21-06-2025-Paseo por Capbreton 21-06-2025-Lago Marino de Hossegor 22-06-2025-Faro y playa de Contis 22-06-2025-Sendero de Maillloueyre 22-06-2025-Mimizan Playa 23-06-2025-Duna de Pilat 23-06-2025-Visita a Arcachon &nbsp; &nbsp; .<\/cite><\/div><\/div><\/li><li class=\"\"><div class=\"sya_postcontent\"><span class=\"sya_date\">  <span class=\"sya_sep\"> <\/span><\/span><a href=\"https:\/\/www.carlosyconchita.net\/rutas\/23-06-2025-duna-de-pilat\/\" class=\"sya_postlink post-21515\" rel=\"bookmark\">23-06-2025-Duna de Pilat<\/a> <span class=\"sya_categories\"><span class=\"sya_bracket\">(<\/span>2 - De 5 a 10 km., 2-Moderada, Francia, Landas<span class=\"sya_bracket\">)<\/span><\/span><div style=\"padding-left:100px\" class=\"robots-nocontent\"><cite>Hoy hemos inaugurado por as\u00ed decir, una nueva categor\u00eda de excursiones o caminatas, ya que nunca hab\u00edamos hecho una tan larga por la arena y por dunas, unos 6.3 kms. ,\u00a0 aunque varias veces s\u00ed que hab\u00edamos caminado por alguna playa a la orilla del agua, que es mucho m\u00e1s f\u00e1cil ! Despu\u00e9s de conseguir [&hellip;]<\/cite><\/div><\/div><\/li><li class=\"\"><div class=\"sya_postcontent\"><span class=\"sya_date\">  <span class=\"sya_sep\"> <\/span><\/span><a href=\"https:\/\/www.carlosyconchita.net\/rutas\/23-06-2025-visita-a-arcachon\/\" class=\"sya_postlink post-21532\" rel=\"bookmark\">23-06-2025-Visita a Arcachon<\/a> <span class=\"sya_categories\"><span class=\"sya_bracket\">(<\/span>0-Muy f\u00e1cil, 1 - Hasta 5 km., Landas<span class=\"sya_bracket\">)<\/span><\/span><div style=\"padding-left:100px\" class=\"robots-nocontent\"><cite>Terminamos nuestras mini-vacaciones en la zona de las Landas, ya que ma\u00f1ana volvemos a casa, con una corta visita a la poblaci\u00f3n\u00a0 de Arcachon, ya que no ten\u00edmos mucho tiempo, y que est\u00e1 situada cerca de la Duna de Pilat. Hemos subido a la torre observatorio de Santa Cecilia, y despu\u00e9s hemos caminado un rato [&hellip;]<\/cite><\/div><\/div><\/li><li class=\"\"><div class=\"sya_postcontent\"><span class=\"sya_date\">  <span class=\"sya_sep\"> <\/span><\/span><a href=\"https:\/\/www.carlosyconchita.net\/rutas\/22-06-2025-mimizan-playa\/\" class=\"sya_postlink post-21501\" rel=\"bookmark\">22-06-2025-Mimizan Playa<\/a> <span class=\"sya_categories\"><span class=\"sya_bracket\">(<\/span>0-Muy f\u00e1cil, 1 - Hasta 5 km., Landas<span class=\"sya_bracket\">)<\/span><\/span><div style=\"padding-left:100px\" class=\"robots-nocontent\"><cite>Despu\u00e9s de la peque\u00f1a caminata por el Sendero de Maillloueyre, por la tarde nos vamos a Mimizan Playa, para dar un tranquilo paseo por las calles m\u00e1s animadas cerca de la playa, el paseo a lo largo de las playas, y siguiendo el r\u00edo que desemboca all\u00ed, La Courant de Mimizan por un muelle, hasta [&hellip;]<\/cite><\/div><\/div><\/li><li class=\"\"><div class=\"sya_postcontent\"><span class=\"sya_date\">  <span class=\"sya_sep\"> <\/span><\/span><a href=\"https:\/\/www.carlosyconchita.net\/rutas\/22-06-2025-sendero-de-maillloueyre\/\" class=\"sya_postlink post-21489\" rel=\"bookmark\">22-06-2025-Sendero de Maillloueyre<\/a> <span class=\"sya_categories\"><span class=\"sya_bracket\">(<\/span>0-Muy f\u00e1cil, 1 - Hasta 5 km., Landas<span class=\"sya_bracket\">)<\/span><\/span><div style=\"padding-left:100px\" class=\"robots-nocontent\"><cite>Muy cerca de Mimizan, zona en la que estamos durmiendo estos d\u00edas, tenemos un sendero recomendado, muy f\u00e1cil, el de Mailloueyre, que recorre un tramo de bosque y despu\u00e9s\u00a0 las dunas de la playa y tambi\u00e9n dos lagos. El recorrido total es de unos 6.5 kms. y completamente plano. Pasamos por varios observatorios, uno en [&hellip;]<\/cite><\/div><\/div><\/li><li class=\"\"><div class=\"sya_postcontent\"><span class=\"sya_date\">  <span class=\"sya_sep\"> <\/span><\/span><a href=\"https:\/\/www.carlosyconchita.net\/rutas\/22-06-2025-faro-y-playa-de-contis\/\" class=\"sya_postlink post-21478\" rel=\"bookmark\">22-06-2025-Faro y playa de Contis<\/a> <span class=\"sya_categories\"><span class=\"sya_bracket\">(<\/span>0-Muy f\u00e1cil, 1 - Hasta 5 km., Landas<span class=\"sya_bracket\">)<\/span><\/span><div style=\"padding-left:100px\" class=\"robots-nocontent\"><cite>Antes de hacer una caminata por el Sendero de Mailloueyre, nos vamos a Contis, donde pensamos ver el faro y despu\u00e9s hacer un peque\u00f1o paseo por la playa. Pero cuando llegamos al faro, vemos que est\u00e1 entre una espesa arboleda, y que adem\u00e1s est\u00e1 cerrado por una valla, con lo que podemos verlo s\u00f3lo entre [&hellip;]<\/cite><\/div><\/div><\/li><li class=\"\"><div class=\"sya_postcontent\"><span class=\"sya_date\">  <span class=\"sya_sep\"> <\/span><\/span><a href=\"https:\/\/www.carlosyconchita.net\/rutas\/21-06-2025-lago-marino-de-hossegor\/\" class=\"sya_postlink post-21465\" rel=\"bookmark\">21-06-2025-Tour del Lago Marino de Hossegor<\/a> <span class=\"sya_categories\"><span class=\"sya_bracket\">(<\/span>0-Muy f\u00e1cil, 2 - De 5 a 10 km., Francia, Landas<span class=\"sya_bracket\">)<\/span><\/span><div style=\"padding-left:100px\" class=\"robots-nocontent\"><cite>Despu\u00e9s del peque\u00f1o paseo por Capbreton, vamos a hacer una f\u00e1cil caminata de algo menos de\u00a0 7 kms. para rodear el Lago Marino de Hossegor, situado muy cerca de Capbreton y uno de los puntos recomendados en la zona de las Landas. Este lago , como su nombre indica , se forma por la entrada [&hellip;]<\/cite><\/div><\/div><\/li><li class=\"\"><div class=\"sya_postcontent\"><span class=\"sya_date\">  <span class=\"sya_sep\"> <\/span><\/span><a href=\"https:\/\/www.carlosyconchita.net\/rutas\/21-06-2025-paseo-por-capbreton\/\" class=\"sya_postlink post-21456\" rel=\"bookmark\">21-06-2025-Paseo por Capbreton<\/a> <span class=\"sya_categories\"><span class=\"sya_bracket\">(<\/span>0-Muy f\u00e1cil, 1 - Hasta 5 km., Francia, Landas<span class=\"sya_bracket\">)<\/span><\/span><div style=\"padding-left:100px\" class=\"robots-nocontent\"><cite>Empezamos el dia en Capbreton, para dar un peque\u00f1o paseo de unos 2,5 kms. por el pueblo y por una especie de paseo mar\u00edtimo a lo largo de la playa Central, y como no, para pasar por su Estacade, una especie de muelle de madera , construido por Napoleon III en el ano 1858, al [&hellip;]<\/cite><\/div><\/div><\/li><li class=\"\"><div class=\"sya_postcontent\"><span class=\"sya_date\">  <span class=\"sya_sep\"> <\/span><\/span><a href=\"https:\/\/www.carlosyconchita.net\/rutas\/20-06-2025-courant-dhuchet\/\" class=\"sya_postlink post-21447\" rel=\"bookmark\">20-06-2025-Courant d&#8217;Huchet<\/a> <span class=\"sya_categories\"><span class=\"sya_bracket\">(<\/span>3 - De 10 a 15 km., Francia, Landas<span class=\"sya_bracket\">)<\/span><\/span><div style=\"padding-left:100px\" class=\"robots-nocontent\"><cite>Continuando nuestro peque\u00f1o viaje a Las Landas, hoy haremos una bonita caminata de unos\u00a0 11 kms.\u00a0 para ver la llamada Courant d&#8217;Huchet (la corriente o r\u00edo Huchet)\u00a0 , y muy distinta de las que solemos hacer habitualmente, ya que muy pocas veces hemos caminado por la arena, aunque en este viaje a las Landas, vamos [&hellip;]<\/cite><\/div><\/div><\/li><li class=\"\"><div class=\"sya_postcontent\"><span class=\"sya_date\">  <span class=\"sya_sep\"> <\/span><\/span><a href=\"https:\/\/www.carlosyconchita.net\/rutas\/19-06-2025-capilla-de-santa-teresa-de-labenne\/\" class=\"sya_postlink post-21423\" rel=\"bookmark\">19-06-2025-Capilla de Santa Teresa de Labenne<\/a> <span class=\"sya_categories\"><span class=\"sya_bracket\">(<\/span>0-Muy f\u00e1cil, 1 - Hasta 5 km., Landas<span class=\"sya_bracket\">)<\/span><\/span><div style=\"padding-left:100px\" class=\"robots-nocontent\"><cite>Desde Biarritz nos desplazamos con el coche al camping en la zona de Las Landas, donde hemos reservado un bungalow, pero antes hacemos una parada en labenne, para hacer peque\u00f1a caminata para llegar a la \u00abextra\u00f1a\u00bb\u00a0 Capilla de Santa Teresa, ya que est\u00e1 situada en medio de la arena en las dunas de las largas [&hellip;]<\/cite><\/div><\/div><\/li><li class=\"\"><div class=\"sya_postcontent\"><span class=\"sya_date\">  <span class=\"sya_sep\"> <\/span><\/span><a href=\"https:\/\/www.carlosyconchita.net\/rutas\/19-06-2025-paseo-por-biarritz\/\" class=\"sya_postlink post-21400\" rel=\"bookmark\">19-06-2025-Paseo por Biarritz<\/a> <span class=\"sya_categories\"><span class=\"sya_bracket\">(<\/span>1-F\u00e1cil, 2 - De 5 a 10 km., 3 - De 10 a 15 km.<span class=\"sya_bracket\">)<\/span><\/span><div style=\"padding-left:100px\" class=\"robots-nocontent\"><cite>De camino a la zona de Las Landas, donde estaremos unos d\u00edas, paramos en la bonita ciudad de Biarritz para dar una vuelta y visitar los sitios m\u00e1s interesantes. Para ello, decidimos aparcar antes de llegar a la zona m\u00e1s centrica, en un sitio gratis unos 800 m. antes de llegar al faro y evitarnos [&hellip;]<\/cite><\/div><\/div><\/li><li class=\"\"><div class=\"sya_postcontent\"><span class=\"sya_date\">  <span class=\"sya_sep\"> <\/span><\/span><a href=\"https:\/\/www.carlosyconchita.net\/rutas\/18-06-2025-borna-085-bis\/\" class=\"sya_postlink post-21388\" rel=\"bookmark\">18-06-2025-Borna 085 bis<\/a> <span class=\"sya_categories\"><span class=\"sya_bracket\">(<\/span>0-Muy f\u00e1cil, Mojones \/ Bornas frontera ES-FR, Pais Vasco franc\u00e9s<span class=\"sya_bracket\">)<\/span><\/span><div style=\"padding-left:100px\" class=\"robots-nocontent\"><cite>Hoy empezamos una escapada a la regi\u00f3n francesa de Les Landes, donde estaremos una semana, pero de camino hacemos una parada en el peque\u00f1o pueblo de Bidarray, para localizar la borna 085 bis, situada muy cerca de la 085, y que en su d\u00eda no vimos, porque no sab\u00edamos que exist\u00eda. Realmente no pone nada [&hellip;]<\/cite><\/div><\/div><\/li><li class=\"\"><div class=\"sya_postcontent\"><span class=\"sya_date\">  <span class=\"sya_sep\"> <\/span><\/span><a href=\"https:\/\/www.carlosyconchita.net\/rutas\/27-05-2025-bornas-llivia-de-la-31-a-la-44\/\" class=\"sya_postlink post-21325\" rel=\"bookmark\">27-05-2025-Bornas Ll\u00edvia de la 31 a la 44 con Eef y Anjo<\/a> <span class=\"sya_categories\"><span class=\"sya_bracket\">(<\/span>0-Muy f\u00e1cil, 2 - De 5 a 10 km., Mojones \/ Bornas frontera Ll\u00edvia (2\u00ba tour)<span class=\"sya_bracket\">)<\/span><\/span><div style=\"padding-left:100px\" class=\"robots-nocontent\"><cite>Hoy vamos a ense\u00f1ar a Anjo un poco el \u00abtrabajo\u00bb que hemos hecho estos a\u00f1os buscando las bornas o mojones fronterizos, tanto nosotros como Eef. Decimos \u00abun poco\u00bb\u00a0 porque Eef ha elegido una ruta f\u00e1cil y plana , pero con dificultades para localizar las bornas por estar tapadas de vegetaci\u00f3n, muy deterioradas ya que casi [&hellip;]<\/cite><\/div><\/div><\/li><li class=\"\"><div class=\"sya_postcontent\"><span class=\"sya_date\">  <span class=\"sya_sep\"> <\/span><\/span><a href=\"https:\/\/www.carlosyconchita.net\/rutas\/26-05-2025-tour-matemale\/\" class=\"sya_postlink post-21316\" rel=\"bookmark\">26-05-2025-Tour Matemale con Eef y Anjo<\/a> <span class=\"sya_categories\"><span class=\"sya_bracket\">(<\/span>0-Muy f\u00e1cil, 2 - De 5 a 10 km., Les Angles<span class=\"sya_bracket\">)<\/span><\/span><div style=\"padding-left:100px\" class=\"robots-nocontent\"><cite>Hoy nos desplazamos desde Cervell\u00f3 a Saillagouse con Eef y Anjo, y hacemos una f\u00e1cil y plana caminata de unos 9 kms. ( ya que a Anjo le gustan las caminatas planas &#8230; y a nosotros tambi\u00e9n !!!\u00a0 )\u00a0 para dar la vuelta al lago de Matemale, cerca de Les Angles, que nosotros ya hemos [&hellip;]<\/cite><\/div><\/div><\/li><li class=\"\"><div class=\"sya_postcontent\"><span class=\"sya_date\">  <span class=\"sya_sep\"> <\/span><\/span><a href=\"https:\/\/www.carlosyconchita.net\/rutas\/25-05-2025-paseo-por-la-barceloneta-con-eef-y-anjo\/\" class=\"sya_postlink post-21304\" rel=\"bookmark\">25-05-2025-Paseo por la Barceloneta con Eef y Anjo<\/a> <span class=\"sya_categories\"><span class=\"sya_bracket\">(<\/span>0-Muy f\u00e1cil, 2 - De 5 a 10 km., Barcelona<span class=\"sya_bracket\">)<\/span><\/span><div style=\"padding-left:100px\" class=\"robots-nocontent\"><cite>Hoy nos vamos a la Barceloneta con Eef y Anjo, ya que quer\u00edan pasear por un barrio de los \u00abantiguos\u00bb, aunque de esos ya quedan pocos en Barcelona, aprovechando que nosotros no hab\u00edamos estado desde hace al menos 15 \u00f3 20 a\u00f1os !,\u00a0 \u00a0as\u00ed que nos hemos puesto de acuerdo enseguida para elegir el destino [&hellip;]<\/cite><\/div><\/div><\/li><li class=\"\"><div class=\"sya_postcontent\"><span class=\"sya_date\">  <span class=\"sya_sep\"> <\/span><\/span><a href=\"https:\/\/www.carlosyconchita.net\/rutas\/24-05-2025-paseo-por-montserrat-con-eef-y-anjo\/\" class=\"sya_postlink post-21301\" rel=\"bookmark\">24-05-2025-Paseo por Montserrat con Eef y Anjo<\/a> <span class=\"sya_categories\"><span class=\"sya_bracket\">(<\/span>0-Muy f\u00e1cil, 1 - Hasta 5 km., Montserrat<span class=\"sya_bracket\">)<\/span><\/span><div style=\"padding-left:100px\" class=\"robots-nocontent\"><cite>Estos d\u00edas tenemos con nosotros a Eef y Anjo, que nos han hecho una corta visita, por lo que aprovechamos para visitar algunos de los sitios por los que estaban interesados, en este caso Montserrat, donde haremos una peque\u00f1a caminata (algo menos de 7 kms.) para que puedan ver la monta\u00f1a, y tengamos tiempo de [&hellip;]<\/cite><\/div><\/div><\/li><li class=\"\"><div class=\"sya_postcontent\"><span class=\"sya_date\">  <span class=\"sya_sep\"> <\/span><\/span><a href=\"https:\/\/www.carlosyconchita.net\/rutas\/02-05-2025-sicilia-pagina-principal\/\" class=\"sya_postlink post-20736\" rel=\"bookmark\">12-05-2025-Sicilia (p\u00e1gina principal)<\/a> <span class=\"sya_categories\"><span class=\"sya_bracket\">(<\/span>Italia, Sicilia<span class=\"sya_bracket\">)<\/span><\/span><div style=\"padding-left:100px\" class=\"robots-nocontent\"><cite>02-05-2025-Aeropuerto y paseo por Palermo 03-05-2025-Reserva del Z\u00edngaro (Sicilia) 03-05-2025-Visita Monreale (Sicilia) 04-05-2025-Free tour en Palermo (Sicilia) 04-05-2025-Segesta (Sicilia) 04-05-2025-Erice (Sicilia) 05-05-2025-Valle de los Templos (Agrigento-Sicilia) 05-05-2025-Scala dei Turchi (Agrigento-Sicilia) 06-05-2025-Catania : free-tour (Sicilia) 07-05-2025-Etna : subida al Funivia (Sicilia) 07-05-2025-Etna : caminata por los cr\u00e1teres Silvestre 08-05-2025-Siracusa 09-05-2025-Taormina (Sicilia) 10-05-2025-Tour en barco a L\u00edpari [&hellip;]<\/cite><\/div><\/div><\/li><li class=\"\"><div class=\"sya_postcontent\"><span class=\"sya_date\">  <span class=\"sya_sep\"> <\/span><\/span><a href=\"https:\/\/www.carlosyconchita.net\/rutas\/11-05-2025-cefalu-sicilia\/\" class=\"sya_postlink post-20874\" rel=\"bookmark\">11-05-2025-Cefal\u00fa (Sicilia)<\/a> <span class=\"sya_categories\"><span class=\"sya_bracket\">(<\/span>0-Muy f\u00e1cil, 1 - Hasta 5 km., Italia, Sicilia<span class=\"sya_bracket\">)<\/span><\/span><div style=\"padding-left:100px\" class=\"robots-nocontent\"><cite>Esta visita r\u00e1pida a Cefal\u00fa, es la \u00faltima de nuestro viaje a Sicilia,\u00a0 y despu\u00e9s hemos de llegar a Palermo, ya que\u00a0 ma\u00f1ana hemos de coger el avi\u00f3n que nos llevar\u00e1 a Barcelona, Cefal\u00fa es una ciudad muy bonita, con un\u00a0 centro hist\u00f3rico con estrechas calles llenas de actividad, que est\u00e1n junto al mar. Nosotros [&hellip;]<\/cite><\/div><\/div><\/li><li class=\"\"><div class=\"sya_postcontent\"><span class=\"sya_date\">  <span class=\"sya_sep\"> <\/span><\/span><a href=\"https:\/\/www.carlosyconchita.net\/rutas\/11-05-2025-tindari-sicilia\/\" class=\"sya_postlink post-20867\" rel=\"bookmark\">11-05-2025-Tindari (Sicilia)<\/a> <span class=\"sya_categories\"><span class=\"sya_bracket\">(<\/span>0-Muy f\u00e1cil, 1 - Hasta 5 km., Italia, Sicilia<span class=\"sya_bracket\">)<\/span><\/span><div style=\"padding-left:100px\" class=\"robots-nocontent\"><cite>La segunda visita del d\u00eda de hoy de camino a Palermo, es a Tindari, donde hay una bonita iglesia , el Santuario Della Madonna Nera Di Tindari, con una imagen de una virgen negra. Cuando nos aproximamos a la poblaci\u00f3n, ya empezamos a ver bastante l\u00edo de coches, y nos cost\u00f3 un buen rato hacer [&hellip;]<\/cite><\/div><\/div><\/li><li class=\"\"><div class=\"sya_postcontent\"><span class=\"sya_date\">  <span class=\"sya_sep\"> <\/span><\/span><a href=\"https:\/\/www.carlosyconchita.net\/rutas\/11-05-2025-capo-milazzo-sicilia\/\" class=\"sya_postlink post-20859\" rel=\"bookmark\">11-05-2025-Capo Milazzo (Sicilia)<\/a> <span class=\"sya_categories\"><span class=\"sya_bracket\">(<\/span>1 - Hasta 5 km., 1-F\u00e1cil, Italia, Sicilia<span class=\"sya_bracket\">)<\/span><\/span><div style=\"padding-left:100px\" class=\"robots-nocontent\"><cite>Hoy es nuestro \u00faltimo d\u00eda en Sicilia , al menos para hacer el turista, ya que ma\u00f1ana tenemos que coger ya el avi\u00f3n para volver a casa&#8230; As\u00ed que desde Milazzo en donde hemos dormido estos \u00faltimos d\u00edas nos tenemos que ir a Palermo, pero por el camino hemos de parar en 3 sitios interesantes, [&hellip;]<\/cite><\/div><\/div><\/li><li class=\"\"><div class=\"sya_postcontent\"><span class=\"sya_date\">  <span class=\"sya_sep\"> <\/span><\/span><a href=\"https:\/\/www.carlosyconchita.net\/rutas\/10-05-2025-tour-en-barco-a-lipari-y-vulcano\/\" class=\"sya_postlink post-20850\" rel=\"bookmark\">10-05-2025-Tour en barco a L\u00edpari y Vulcano<\/a> <span class=\"sya_categories\"><span class=\"sya_bracket\">(<\/span>0-Muy f\u00e1cil, Italia, Sicilia<span class=\"sya_bracket\">)<\/span><\/span><div style=\"padding-left:100px\" class=\"robots-nocontent\"><cite>Hoy hemos hecho un bonito tour en barco desde Milazzo\u00a0 a las islas\u00a0 de L\u00edpari y Vulcano, y en cada una de las islas hemos contratado un mini-tour en coche para que nos ense\u00f1aran los puntos m\u00e1s interesantes de cada isla, ya que no ten\u00edamos forma de hacerlo por nuestra cuenta al no disponer de [&hellip;]<\/cite><\/div><\/div><\/li><li class=\"\"><div class=\"sya_postcontent\"><span class=\"sya_date\">  <span class=\"sya_sep\"> <\/span><\/span><a href=\"https:\/\/www.carlosyconchita.net\/rutas\/09-05-2025-taormina-sicilia\/\" class=\"sya_postlink post-20825\" rel=\"bookmark\">09-05-2025-Taormina (Sicilia)<\/a> <span class=\"sya_categories\"><span class=\"sya_bracket\">(<\/span>2 - De 5 a 10 km., 2-Moderada, Italia, Sicilia<span class=\"sya_bracket\">)<\/span><\/span><div style=\"padding-left:100px\" class=\"robots-nocontent\"><cite>Hoy ha sido uno de los d\u00edas m\u00e1s cansados de este viaje a Sicilia, ya que hemos caminado bastantes kil\u00f3metros y adem\u00e1s con bastante desnivel, en una gran parte por escaleras, y adem\u00e1s con calor. Despu\u00e9s de conseguir aparcar el coche en la parte baja de la ciudad, ya que hab\u00eda mucha gente y no [&hellip;]<\/cite><\/div><\/div><\/li><li class=\"\"><div class=\"sya_postcontent\"><span class=\"sya_date\">  <span class=\"sya_sep\"> <\/span><\/span><a href=\"https:\/\/www.carlosyconchita.net\/rutas\/08-05-2025-siracusa\/\" class=\"sya_postlink post-20808\" rel=\"bookmark\">08-05-2025-Siracusa<\/a> <span class=\"sya_categories\"><span class=\"sya_bracket\">(<\/span>2-Moderada, 3 - De 10 a 15 km., Italia, Sicilia<span class=\"sya_bracket\">)<\/span><\/span><div style=\"padding-left:100px\" class=\"robots-nocontent\"><cite>Hoy hemos visitado Siracusa, ciudad llena de iglesias, monumentos y restos arqueol\u00f3gicos, caminando unos 13 kms. ya que hemos dejado el coche en una zona cerca de la Estaci\u00f3n central de autobuses, en donde hemos aparcado en una zona gratis durante todo el d\u00eda, m\u00e1s o menos a mitad de camino entre el Castello Maniace, [&hellip;]<\/cite><\/div><\/div><\/li><li class=\"\"><div class=\"sya_postcontent\"><span class=\"sya_date\">  <span class=\"sya_sep\"> <\/span><\/span><a href=\"https:\/\/www.carlosyconchita.net\/rutas\/07-05-2025-etna-caminata-por-los-crateres-silvestre\/\" class=\"sya_postlink post-20795\" rel=\"bookmark\">07-05-2025-Etna : caminata por los cr\u00e1teres Silvestre<\/a> <span class=\"sya_categories\"><span class=\"sya_bracket\">(<\/span>0-Muy f\u00e1cil, 1 - Hasta 5 km., Italia, Sicilia<span class=\"sya_bracket\">)<\/span><\/span><div style=\"padding-left:100px\" class=\"robots-nocontent\"><cite>Despu\u00e9s de la subida con el Funivia del Etna y de comer algo, hacemos una peque\u00f1a subida a dos cr\u00e1teres que tenemos muy cerca de la carretera y del parking, el Cr\u00e1ter Silvestre Superior y el Inferior. Primeramente subimos al Silvestre Superior, la caminata no tiene ninguna dificultad especial, m\u00e1s que el fuerte viento que [&hellip;]<\/cite><\/div><\/div><\/li><li class=\"\"><div class=\"sya_postcontent\"><span class=\"sya_date\">  <span class=\"sya_sep\"> <\/span><\/span><a href=\"https:\/\/www.carlosyconchita.net\/rutas\/07-05-2025-etna-subida-al-funivia-sicilia\/\" class=\"sya_postlink post-20788\" rel=\"bookmark\">07-05-2025-Etna : subida al Funivia (Sicilia)<\/a> <span class=\"sya_categories\"><span class=\"sya_bracket\">(<\/span>0-Muy f\u00e1cil, 1 - Hasta 5 km., Italia, Sicilia<span class=\"sya_bracket\">)<\/span><\/span><div style=\"padding-left:100px\" class=\"robots-nocontent\"><cite>Hoy nos toca visitar el Etna, por lo cual nos desplazamos hasta el Refugio Sapienza , que es el punto hasta donde se puede llegar en coche y despu\u00e9s subiremos con el \u00abFunivia\u00bb hasta los 2.500 m. en donde haremos una peque\u00f1a caminata, con muy buenas vistas de los cr\u00e1teres que tenemos por debajo nuestro. [&hellip;]<\/cite><\/div><\/div><\/li><li class=\"\"><div class=\"sya_postcontent\"><span class=\"sya_date\">  <span class=\"sya_sep\"> <\/span><\/span><a href=\"https:\/\/www.carlosyconchita.net\/rutas\/06-05-2025-catania-free-tour\/\" class=\"sya_postlink post-20781\" rel=\"bookmark\">06-05-2025-Catania : free-tour (Sicilia)<\/a> <span class=\"sya_categories\"><span class=\"sya_bracket\">(<\/span>0-Muy f\u00e1cil, 1 - Hasta 5 km., Italia, Sicilia<span class=\"sya_bracket\">)<\/span><\/span><div style=\"padding-left:100px\" class=\"robots-nocontent\"><cite>Hoy nos desplazamos desde Agrigento a Catania, y como tenemos el programa un poco apretado estos pr\u00f3ximos d\u00edas entre el Etna y Siracusa, por indicaci\u00f3n de Emma, al igual que en Palermo, nos apuntamos a un \u00abfree-tour\u00bb, que como su nombre indica es un tour gratuito por la ciudad, pero ofrecido por gu\u00edas oficiales , [&hellip;]<\/cite><\/div><\/div><\/li><li class=\"\"><div class=\"sya_postcontent\"><span class=\"sya_date\">  <span class=\"sya_sep\"> <\/span><\/span><a href=\"https:\/\/www.carlosyconchita.net\/rutas\/05-05-2025-scala-dei-turchi-agrigento\/\" class=\"sya_postlink post-20771\" rel=\"bookmark\">05-05-2025-Scala dei Turchi (Agrigento)<\/a> <span class=\"sya_categories\"><span class=\"sya_bracket\">(<\/span>0-Muy f\u00e1cil, 1 - Hasta 5 km., Italia, Sicilia<span class=\"sya_bracket\">)<\/span><\/span><div style=\"padding-left:100px\" class=\"robots-nocontent\"><cite>Despu\u00e9s de la visita al Valle de los Templos, nos vamos a la zona conocida como la Scala dei Turchi o Escalera de los Turcos, porque por lo visto all\u00ed sol\u00edan llegar los piratas. Es una bonita zona con las rocas de color blanco, y que por la erosi\u00f3n se han ido formando una especie [&hellip;]<\/cite><\/div><\/div><\/li><li class=\"\"><div class=\"sya_postcontent\"><span class=\"sya_date\">  <span class=\"sya_sep\"> <\/span><\/span><a href=\"https:\/\/www.carlosyconchita.net\/rutas\/05-05-2025-valle-de-los-templos-agrigento-sicilia\/\" class=\"sya_postlink post-20763\" rel=\"bookmark\">05-05-2025-Valle de los Templos (Agrigento-Sicilia)<\/a> <span class=\"sya_categories\"><span class=\"sya_bracket\">(<\/span>1-F\u00e1cil, 2 - De 5 a 10 km., Italia, Sicilia<span class=\"sya_bracket\">)<\/span><\/span><div style=\"padding-left:100px\" class=\"robots-nocontent\"><cite>Hoy dejamos ya Palermo y nos dirigimos a Agrigento, en donde visitaremos el Valle de los Templos, una enorme zona arqueol\u00f3gica con numerosas ruinas, destacando por su estado de conservaci\u00f3n dos templos griegos, el de la Concordia y el de Juno, teniendo en cuenta adem\u00e1s que fueron\u00a0 construidos entre los siglos VI y V a. [&hellip;]<\/cite><\/div><\/div><\/li><li class=\"\"><div class=\"sya_postcontent\"><span class=\"sya_date\">  <span class=\"sya_sep\"> <\/span><\/span><a href=\"https:\/\/www.carlosyconchita.net\/rutas\/04-05-2025-erice-sicilia\/\" class=\"sya_postlink post-20754\" rel=\"bookmark\">04-05-2025-Erice (Sicilia)<\/a> <span class=\"sya_categories\"><span class=\"sya_bracket\">(<\/span>0-Fotos, 0-Muy f\u00e1cil, 1 - Hasta 5 km., Italia, Sicilia<span class=\"sya_bracket\">)<\/span><\/span><div style=\"padding-left:100px\" class=\"robots-nocontent\"><cite>Despu\u00e9s de la visita a Segesta, nos dirigimos a Erice, tercera y \u00faltima visita de hoy, con un poco de lluvia. Es un pueblo situado en la cima del Monte San Giuliano, a 751 m de altura , con parte de las murallas medievales y sus puertas, calles empinadas y empedradas\u00a0 , iglesias y el [&hellip;]<\/cite><\/div><\/div><\/li><li class=\"\"><div class=\"sya_postcontent\"><span class=\"sya_date\">  <span class=\"sya_sep\"> <\/span><\/span><a href=\"https:\/\/www.carlosyconchita.net\/rutas\/04-05-2025-segesta-sicilia\/\" class=\"sya_postlink post-20746\" rel=\"bookmark\">04-05-2025-Segesta (Sicilia)<\/a> <span class=\"sya_categories\"><span class=\"sya_bracket\">(<\/span>0-Fotos, 0-Muy f\u00e1cil, 1 - Hasta 5 km., Italia, Sicilia<span class=\"sya_bracket\">)<\/span><\/span><div style=\"padding-left:100px\" class=\"robots-nocontent\"><cite>Despu\u00e9s de comer algo en Palermo al final del \u00abfree-tour\u00bb\u00a0 nos dirigimos a Segesta, a la zona del Parque Arqueol\u00f3gico, en donde podremos ver las ruinas de un Templo Griego , en muy buen estado, asi como un Teatro. Despu\u00e9s de aparcar y comprar las entradas, subimos una ligera cuesta para llegar al bonito templo, [&hellip;]<\/cite><\/div><\/div><\/li><li class=\"\"><div class=\"sya_postcontent\"><span class=\"sya_date\">  <span class=\"sya_sep\"> <\/span><\/span><a href=\"https:\/\/www.carlosyconchita.net\/rutas\/04-05-2025-free-tour-en-palermo-sicilia\/\" class=\"sya_postlink post-20741\" rel=\"bookmark\">04-05-2025-Free tour en Palermo (Sicilia)<\/a> <span class=\"sya_categories\"><span class=\"sya_bracket\">(<\/span>0-Muy f\u00e1cil, 1 - Hasta 5 km., Italia, Sicilia<span class=\"sya_bracket\">)<\/span><\/span><div style=\"padding-left:100px\" class=\"robots-nocontent\"><cite>Hoy ya con el d\u00eda completo en Sicilia, nos hemos apuntado a un \u00abfree-tour\u00bb en Palermo, por indicaci\u00f3n de Emma, ya que nosotros no lo hab\u00edamos hecho nunca, y la verdad es que ha sido muy interesante y distra\u00eddo. Hemos estado algo m\u00e1s de 2 horas, caminando unos 5.2 km. y con muchas explicaciones y [&hellip;]<\/cite><\/div><\/div><\/li><li class=\"\"><div class=\"sya_postcontent\"><span class=\"sya_date\">  <span class=\"sya_sep\"> <\/span><\/span><a href=\"https:\/\/www.carlosyconchita.net\/rutas\/03-05-2025-visita-monreale-sicilia\/\" class=\"sya_postlink post-20733\" rel=\"bookmark\">03-05-2025-Visita Monreale (Sicilia)<\/a> <span class=\"sya_categories\"><span class=\"sya_bracket\">(<\/span>0-Fotos, 0-Muy f\u00e1cil, 1 - Hasta 5 km., Italia, Sicilia<span class=\"sya_bracket\">)<\/span><\/span><div style=\"padding-left:100px\" class=\"robots-nocontent\"><cite>Despu\u00e9s de la excursi\u00f3n de esta ma\u00f1ana a la Reserva del Z\u00edngaro, nos dirigimos a Monreale, en donde hay una bonita catedral, dando despu\u00e9s un peque\u00f1o paseo por el centro hist\u00f3rico del pueblo. Aparte de los turistas que visitaban esta poblaci\u00f3n, nos hemos encontrado con una gran cantidad de gente , en una especie de [&hellip;]<\/cite><\/div><\/div><\/li><li class=\"\"><div class=\"sya_postcontent\"><span class=\"sya_date\">  <span class=\"sya_sep\"> <\/span><\/span><a href=\"https:\/\/www.carlosyconchita.net\/rutas\/03-05-2025-reserva-del-zingaro-sicilia\/\" class=\"sya_postlink post-20719\" rel=\"bookmark\">03-05-2025-Reserva del Z\u00edngaro (Sicilia)<\/a> <span class=\"sya_categories\"><span class=\"sya_bracket\">(<\/span>1-F\u00e1cil, 2 - De 5 a 10 km., Italia, Sicilia<span class=\"sya_bracket\">)<\/span><\/span><div style=\"padding-left:100px\" class=\"robots-nocontent\"><cite>Hoy hacemos una bonita excursi\u00f3n por la costa en la zona de la Reserva del Z\u00edngaro, en la que veremos acantilados y calas, con bastante calor. Debido al plan de \u00abvisitas\u00bb que tenemos, ya que hay muchas cosas que ver en Sicilia, no podemos destinar todo el d\u00eda a esta caminata para llegar a la [&hellip;]<\/cite><\/div><\/div><\/li><li class=\"\"><div class=\"sya_postcontent\"><span class=\"sya_date\">  <span class=\"sya_sep\"> <\/span><\/span><a href=\"https:\/\/www.carlosyconchita.net\/rutas\/02-05-2025-aeropuerto-y-llegada-a-palermo\/\" class=\"sya_postlink post-20713\" rel=\"bookmark\">02-05-2025-Aeropuerto y paseo por Palermo<\/a> <span class=\"sya_categories\"><span class=\"sya_bracket\">(<\/span>0-Fotos, Italia, Sicilia<span class=\"sya_bracket\">)<\/span><\/span><div style=\"padding-left:100px\" class=\"robots-nocontent\"><cite>&nbsp; Aeropuerto de Barcelona, llegada al apartamento en Palermo y peque\u00f1o paseo en la ciudad. &nbsp; Album de fotos &nbsp; Track del paseo por Palermo &nbsp; &nbsp; &nbsp; &nbsp;<\/cite><\/div><\/div><\/li><li class=\"\"><div class=\"sya_postcontent\"><span class=\"sya_date\">  <span class=\"sya_sep\"> <\/span><\/span><a href=\"https:\/\/www.carlosyconchita.net\/rutas\/04-01-2025-creu-degat\/\" class=\"sya_postlink post-20697\" rel=\"bookmark\">04-01-2025-Creu d&#8217;Egat<\/a> <span class=\"sya_categories\"><span class=\"sya_bracket\">(<\/span>1-F\u00e1cil, 2 - De 5 a 10 km., Font Romeu<span class=\"sya_bracket\">)<\/span><\/span><div style=\"padding-left:100px\" class=\"robots-nocontent\"><cite>Empezamos la excursi\u00f3n de hoy en Egat, concretamente en el Coll de Fau, en donde hay un Super U y un Lidl, con unos grandes parkings, en los que podemos dejar el coche. Desde all\u00ed\u00a0 subimos hasta el pueblo de Egat, para salir por la parte alta del mismo, en donde seguimos un ancho camino [&hellip;]<\/cite><\/div><\/div><\/li><li class=\"\"><div class=\"sya_postcontent\"><span class=\"sya_date\">  <span class=\"sya_sep\"> <\/span><\/span><a href=\"https:\/\/www.carlosyconchita.net\/rutas\/03-01-2025-pla-de-barres-parking-estagnols\/\" class=\"sya_postlink post-20688\" rel=\"bookmark\">03-01-2025-Pla de Barres-Parking Estagnols<\/a> <span class=\"sya_categories\"><span class=\"sya_bracket\">(<\/span>1-F\u00e1cil, 2 - De 5 a 10 km., Font Romeu<span class=\"sya_bracket\">)<\/span><\/span><div style=\"padding-left:100px\" class=\"robots-nocontent\"><cite>Hoy hacemos una bonita y f\u00e1cil caminata sobre la nieve, aunque sin raquetas desde el Pla de Barres hasta nuestro conocido Parking dels Estagnols, en donde hemos empezado muchas excursiones. La vuelta no la hacemos por el mismo camino, sino que desde el Parking dels Estagnols bajamos en direcci\u00f3n al rio T\u00eat , y desde [&hellip;]<\/cite><\/div><\/div><\/li><\/ul> <a id=\"year2024\"><\/a>2024 <span class=\"sya_yearcount\"><span class=\"sya_bracket\">(<\/span>82<span class=\"sya_bracket\">)<\/span><\/span> <ul><li class=\"\"><div class=\"sya_postcontent\"><span class=\"sya_date\">  <span class=\"sya_sep\"> <\/span><\/span><a href=\"https:\/\/www.carlosyconchita.net\/rutas\/17-11-2024-font-romeu-coll-de-pam-roc-calme\/\" class=\"sya_postlink post-20369\" rel=\"bookmark\">17-11-2024 &#8211; Font-Romeu: Coll de Pam a Roc Calme<\/a> <span class=\"sya_categories\"><span class=\"sya_bracket\">(<\/span>1-F\u00e1cil, 2 - De 5 a 10 km., Font Romeu<span class=\"sya_bracket\">)<\/span><\/span><div style=\"padding-left:100px\" class=\"robots-nocontent\"><cite>Aparcamos el coche en el parking del Coll de Pam (Font-Romeu-Pir\u00e9nees 2000) , en la zona de Belvedere, y empezamos a subir por una de las pistas de ski en direcci\u00f3n primeramente a lo que nosotros llamamos la \u00abexplanada de los telesillas\u00bb, (Gallinera, Airelles&#8230;). Seguimos despu\u00e9s hacia el Telesilla del Roc de la Calme, y [&hellip;]<\/cite><\/div><\/div><\/li><li class=\"\"><div class=\"sya_postcontent\"><span class=\"sya_date\">  <span class=\"sya_sep\"> <\/span><\/span><a href=\"https:\/\/www.carlosyconchita.net\/rutas\/16-11-2024-refugio-la-feixa-lago-y-refugio-malniu\/\" class=\"sya_postlink post-20353\" rel=\"bookmark\">16-11-2024-Refugio La Feixa, Lago y Refugio Malniu<\/a> <span class=\"sya_categories\"><span class=\"sya_bracket\">(<\/span>1-F\u00e1cil, 2 - De 5 a 10 km., Guils<span class=\"sya_bracket\">)<\/span><\/span><div style=\"padding-left:100px\" class=\"robots-nocontent\"><cite>Aunque a primera hora cuando nos hemos levantado hacia mucho fr\u00edo, despu\u00e9s el d\u00eda se ha arreglado y hemos tenido un buen d\u00eda para caminar. Con el coche nos dirigimos a Guils, y despu\u00e9s al refugio de la Feixa, y aparcamos enfrente en el ancho camino de tierra que es el GR-11. De hecho se [&hellip;]<\/cite><\/div><\/div><\/li><li class=\"\"><div class=\"sya_postcontent\"><span class=\"sya_date\">  <span class=\"sya_sep\"> <\/span><\/span><a href=\"https:\/\/www.carlosyconchita.net\/rutas\/22-10-2024-parking-de-la-pineta\/\" class=\"sya_postlink post-20235\" rel=\"bookmark\">22-10-2024-Parking de la Pineta<\/a> <span class=\"sya_categories\"><span class=\"sya_bracket\">(<\/span>0-Accesos coche, 0-Fotos, Huesca<span class=\"sya_bracket\">)<\/span><\/span><div style=\"padding-left:100px\" class=\"robots-nocontent\"><cite>Despu\u00e9s de la caminata de ayer para llegar\u00a0 a la B-323, volvemos hoy a casa, pero antes pasamos por el parking de la Pineta. Por la carretera vemos la gran cantidad de agua que baja por el r\u00edo Cinca, con numerosas piedras en el cauce , as\u00ed como el Refugio de la Pineta, que en [&hellip;]<\/cite><\/div><\/div><\/li><li class=\"\"><div class=\"sya_postcontent\"><span class=\"sya_date\">  <span class=\"sya_sep\"> <\/span><\/span><a href=\"https:\/\/www.carlosyconchita.net\/rutas\/21-10-2024-borna-323\/\" class=\"sya_postlink post-20223\" rel=\"bookmark\">21-10-2024-Borna 323<\/a> <span class=\"sya_categories\"><span class=\"sya_bracket\">(<\/span>2 - De 5 a 10 km., 2-Moderada, Mojones \/ Bornas frontera ES-FR<span class=\"sya_bracket\">)<\/span><\/span><div style=\"padding-left:100px\" class=\"robots-nocontent\"><cite>589\u00a0 bornas (n\u00fameros)\u00a0 localizadas\u00a0 del total de 602 existentes, nos faltan s\u00f3lo 13 709\u00a0 bornas (piedras) localizadas del total de 723 existentes, nos faltan s\u00f3lo 14 Ver recuento de bornas en la p\u00e1gina principal :\u00a0 Bornas pendientes Enlace al album de fotos de las bornas :\u00a0\u00a0\u00a0\u00a0 Fotos bornas &nbsp; Finalmente hemos podido hacer esta excursi\u00f3n [&hellip;]<\/cite><\/div><\/div><\/li><li class=\"\"><div class=\"sya_postcontent\"><span class=\"sya_date\">  <span class=\"sya_sep\"> <\/span><\/span><a href=\"https:\/\/www.carlosyconchita.net\/rutas\/04-09-2024-bornas-292-293-294-295\/\" class=\"sya_postlink post-20126\" rel=\"bookmark\">04-09-2024-Bornas 292-293-294-295<\/a> <span class=\"sya_categories\"><span class=\"sya_bracket\">(<\/span>2 - De 5 a 10 km., 2-Moderada, Mojones \/ Bornas frontera ES-FR<span class=\"sya_bracket\">)<\/span><\/span><div style=\"padding-left:100px\" class=\"robots-nocontent\"><cite>588\u00a0 bornas (n\u00fameros)\u00a0 localizadas\u00a0 del total de 602 existentes, nos faltan s\u00f3lo 14 708\u00a0 bornas (piedras) localizadas del total de 723 existentes, nos faltan s\u00f3lo 15 &nbsp; (ver recuento de bornas en la p\u00e1gina principal :\u00a0 Bornas pendientes Enlace al album de fotos de las bornas :\u00a0\u00a0\u00a0\u00a0 Fotos bornas &nbsp; Misma ruta en la web [&hellip;]<\/cite><\/div><\/div><\/li><li class=\"\"><div class=\"sya_postcontent\"><span class=\"sya_date\">  <span class=\"sya_sep\"> <\/span><\/span><a href=\"https:\/\/www.carlosyconchita.net\/rutas\/02-09-2024-bornas-315-316-fake-y-316\/\" class=\"sya_postlink post-20123\" rel=\"bookmark\">02-09-2024-Bornas 315, 316-Fake y 316<\/a> <span class=\"sya_categories\"><span class=\"sya_bracket\">(<\/span>3 - De 10 a 15 km., 3-Dif\u00edcil, Mojones \/ Bornas frontera ES-FR<span class=\"sya_bracket\">)<\/span><\/span><div style=\"padding-left:100px\" class=\"robots-nocontent\"><cite>586\u00a0 bornas (n\u00fameros)\u00a0 localizadas\u00a0 del total de 602 existentes, nos faltan s\u00f3lo 16 706\u00a0 bornas (piedras) localizadas del total de 723 existentes, nos faltan s\u00f3lo 17 (ver recuento de bornas en la p\u00e1gina principal :\u00a0 Bornas pendientes Enlace al album de fotos de las bornas :\u00a0\u00a0\u00a0\u00a0 Fotos bornas &nbsp; &nbsp; Misma ruta en la web [&hellip;]<\/cite><\/div><\/div><\/li><li class=\"\"><div class=\"sya_postcontent\"><span class=\"sya_date\">  <span class=\"sya_sep\"> <\/span><\/span><a href=\"https:\/\/www.carlosyconchita.net\/rutas\/27-08-2024-bornas-424-425\/\" class=\"sya_postlink post-20109\" rel=\"bookmark\">27-08-2024-Bornas 424-425<\/a> <span class=\"sya_categories\"><span class=\"sya_bracket\">(<\/span>2 - De 5 a 10 km., 2-Moderada, Lleida, Mojones \/ Bornas frontera ES-FR, Tavasc\u00e1n<span class=\"sya_bracket\">)<\/span><\/span><div style=\"padding-left:100px\" class=\"robots-nocontent\"><cite>584\u00a0 bornas (n\u00fameros)\u00a0 localizadas\u00a0 del total de 602 existentes, nos faltan s\u00f3lo 18 703\u00a0 bornas (piedras) localizadas del total de 723 existentes, nos faltan s\u00f3lo 20 &nbsp; (ver recuento de bornas en la p\u00e1gina principal :\u00a0 Bornas pendientes Enlace al album de fotos de las bornas :\u00a0\u00a0\u00a0\u00a0 Fotos bornas &nbsp; Enlace a esta ruta en [&hellip;]<\/cite><\/div><\/div><\/li><li class=\"\"><div class=\"sya_postcontent\"><span class=\"sya_date\">  <span class=\"sya_sep\"> <\/span><\/span><a href=\"https:\/\/www.carlosyconchita.net\/rutas\/16-08-2024-bajada-refugio-certascan\/\" class=\"sya_postlink post-20283\" rel=\"bookmark\">16-08-2024-Bajada refugio Certasc\u00e1n<\/a> <span class=\"sya_categories\"><span class=\"sya_bracket\">(<\/span>1-F\u00e1cil, Mojones \/ Bornas frontera ES-FR<span class=\"sya_bracket\">)<\/span><\/span><div style=\"padding-left:100px\" class=\"robots-nocontent\"><cite>Despu\u00e9s de los dos d\u00edas anteriores, con lluvia y niebla, hoy que tenemos que irnos sale el sol, aunque hay algunos nubarrones en el cielo, pero as\u00ed al menos podemos ver el recorrido que hicimos anteayer cuando sub\u00edamos al refugio, con 2 lagos , el bonito lago Naorte y el peque\u00f1o del Closell, que es [&hellip;]<\/cite><\/div><\/div><\/li><li class=\"\"><div class=\"sya_postcontent\"><span class=\"sya_date\">  <span class=\"sya_sep\"> <\/span><\/span><a href=\"https:\/\/www.carlosyconchita.net\/rutas\/15-08-2024-refugio-de-certascan-a-lago-romedo-dalt\/\" class=\"sya_postlink post-20264\" rel=\"bookmark\">15-08-2024-Refugio de  Certasc\u00e1n a Lago Romedo Dalt<\/a> <span class=\"sya_categories\"><span class=\"sya_bracket\">(<\/span>2 - De 5 a 10 km., 2-Moderada, Huesca, Mojones \/ Bornas frontera ES-FR<span class=\"sya_bracket\">)<\/span><\/span><div style=\"padding-left:100px\" class=\"robots-nocontent\"><cite>Hoy tenemos tambi\u00e9n un mal d\u00eda&#8230; muy nublado y lloviznando un poco, por lo que nos tememos que va a ser dif\u00edcil que podamos llegar\u00a0 a las bornas 424 y 425, pero dado que hab\u00edamos dormido ya en el refugio de Certasc\u00e1n, decidimos empezar a caminar y probar&#8230; Aparte del mal d\u00eda, el paisaje es [&hellip;]<\/cite><\/div><\/div><\/li><li class=\"\"><div class=\"sya_postcontent\"><span class=\"sya_date\">  <span class=\"sya_sep\"> <\/span><\/span><a href=\"https:\/\/www.carlosyconchita.net\/rutas\/14-08-2024-subida-al-refugio-de-certascan\/\" class=\"sya_postlink post-20247\" rel=\"bookmark\">14-08-2024-Subida al Refugio de Certasc\u00e1n<\/a> <span class=\"sya_categories\"><span class=\"sya_bracket\">(<\/span>1 - Hasta 5 km., 2-Moderada, Mojones \/ Bornas frontera ES-FR<span class=\"sya_bracket\">)<\/span><\/span><div style=\"padding-left:100px\" class=\"robots-nocontent\"><cite>Hoy no hemos tenido un buen d\u00eda, ya que desde ayer ha estado lloviendo, pero como hab\u00edamos quedado con Juan, el conductor del taxi 4&#215;4 para que nos acercara al Refugio de Certasc\u00e1n desde Tavasc\u00e1n , y adem\u00e1s ten\u00edamos la esperanza de que ma\u00f1ana hiciera mejor tiempo para intentar llegar a las B-424 y 425, [&hellip;]<\/cite><\/div><\/div><\/li><li class=\"\"><div class=\"sya_postcontent\"><span class=\"sya_date\">  <span class=\"sya_sep\"> <\/span><\/span><a href=\"https:\/\/www.carlosyconchita.net\/rutas\/13-08-2024-lago-calvet\/\" class=\"sya_postlink post-20291\" rel=\"bookmark\">13-08-2024-Lago Calvet<\/a> <span class=\"sya_categories\"><span class=\"sya_bracket\">(<\/span>1-F\u00e1cil, 3 - De 10 a 15 km., Les Angles<span class=\"sya_bracket\">)<\/span><\/span><div style=\"padding-left:100px\" class=\"robots-nocontent\"><cite>El inicio de la excursi\u00f3n de hoy est\u00e1 en el Coll de la Quillane, junto a la carretera D-118 y a la rotonda con el desv\u00edo para ir a Les Angles, en donde hay un aparcamiento y empiezan varios caminos, tanto en verano como en invierno para hacer raquetas o ski de fondo. Nuestro destino [&hellip;]<\/cite><\/div><\/div><\/li><li class=\"\"><div class=\"sya_postcontent\"><span class=\"sya_date\">  <span class=\"sya_sep\"> <\/span><\/span><a href=\"https:\/\/www.carlosyconchita.net\/rutas\/09-08-2024-borna-320-dia-3-refugio-espuguettes-a-circo-gavarnie\/\" class=\"sya_postlink post-20174\" rel=\"bookmark\">09-08-2024-Borna 320 (d\u00eda 3) : refugio Espuguettes a Circo Gavarnie<\/a> <span class=\"sya_categories\"><span class=\"sya_bracket\">(<\/span>1-F\u00e1cil, 3 - De 10 a 15 km., Mojones \/ Bornas frontera ES-FR<span class=\"sya_bracket\">)<\/span><\/span><div style=\"padding-left:100px\" class=\"robots-nocontent\"><cite>Hoy nos toca descender desde el Refugio de Espuguetes (desde donde ayer llegamos a la borna 320) , y donde hemos dormido 2 noches hasta el camping en Gavarnie, donde hemos dejado el coche, pero antes nos desviaremos por un f\u00e1cil camino para ir hasta la Gran Cascada del circo de Gavarnie, que esta vez [&hellip;]<\/cite><\/div><\/div><\/li><li class=\"\"><div class=\"sya_postcontent\"><span class=\"sya_date\">  <span class=\"sya_sep\"> <\/span><\/span><a href=\"https:\/\/www.carlosyconchita.net\/rutas\/08-08-2024-borna-320\/\" class=\"sya_postlink post-20084\" rel=\"bookmark\">08-08-2024-Borna 320 (d\u00eda 2) : refugio Espuguettes a B-320<\/a> <span class=\"sya_categories\"><span class=\"sya_bracket\">(<\/span>2-Moderada, 3 - De 10 a 15 km., Mojones \/ Bornas frontera ES-FR<span class=\"sya_bracket\">)<\/span><\/span><div style=\"padding-left:100px\" class=\"robots-nocontent\"><cite>582\u00a0 bornas (n\u00fameros)\u00a0 localizadas\u00a0 del total de 602 existentes, nos faltan s\u00f3lo 20 701 bornas (piedras) localizadas del total de 723 existentes, nos faltan s\u00f3lo 22 &nbsp; (ver recuento de bornas en la p\u00e1gina principal :\u00a0 Bornas pendientes Enlace al album de fotos de las bornas :\u00a0\u00a0\u00a0\u00a0 Fotos bornas &nbsp; Hoy a primera hora, como [&hellip;]<\/cite><\/div><\/div><\/li><li class=\"\"><div class=\"sya_postcontent\"><span class=\"sya_date\">  <span class=\"sya_sep\"> <\/span><\/span><a href=\"https:\/\/www.carlosyconchita.net\/rutas\/07-08-2024-borna-320-dia-1-subida-al-refugio-de-espuguetes\/\" class=\"sya_postlink post-20148\" rel=\"bookmark\">07-08-2024-Borna 320 (d\u00eda 1) : subida al Refugio de Espuguetes<\/a> <span class=\"sya_categories\"><span class=\"sya_bracket\">(<\/span>1 - Hasta 5 km., 2-Moderada, Mojones \/ Bornas frontera ES-FR<span class=\"sya_bracket\">)<\/span><\/span><div style=\"padding-left:100px\" class=\"robots-nocontent\"><cite>Desde Gavarnie podemos llegar a la borna 320, pero el recorrido es demasiado largo para hacerlo en un s\u00f3lo d\u00eda, por lo que tenemos que hacer una parada intermedia en el refugio de Espuguetes para poder dormir all\u00ed y al d\u00eda siguiente llegar a la borna y volver al refugio. Nuestro plan completo para ir [&hellip;]<\/cite><\/div><\/div><\/li><li class=\"\"><div class=\"sya_postcontent\"><span class=\"sya_date\">  <span class=\"sya_sep\"> <\/span><\/span><a href=\"https:\/\/www.carlosyconchita.net\/rutas\/06-08-2024-camping-en-gavarnie\/\" class=\"sya_postlink post-20240\" rel=\"bookmark\">06-08-2024-Camping en Gavarnie<\/a> <span class=\"sya_categories\"><span class=\"sya_bracket\">(<\/span>0-Fotos, Mojones \/ Bornas frontera ES-FR<span class=\"sya_bracket\">)<\/span><\/span><div style=\"padding-left:100px\" class=\"robots-nocontent\"><cite>Hoy nos desplazamos hasta Gavarnie, en donde montamos la tienda de campa\u00f1a, ya que ma\u00f1ana tenemos que subir hasta el Refugio de Espuguetes, para poder llegar pasado ma\u00f1ana a la B-320. El camping est\u00e1 situado al inicio del camino que sube hacia la Gran Cascada de Gavarnie, por lo que desde all\u00ed tenemos unas magn\u00edficas [&hellip;]<\/cite><\/div><\/div><\/li><li class=\"\"><div class=\"sya_postcontent\"><span class=\"sya_date\">  <span class=\"sya_sep\"> <\/span><\/span><a href=\"https:\/\/www.carlosyconchita.net\/rutas\/05-08-2024-lago-balcere-les-ganyades\/\" class=\"sya_postlink post-20322\" rel=\"bookmark\">05-08-2024-Lago Balc\u00e8re &#8211; Les Ganyades<\/a> <span class=\"sya_categories\"><span class=\"sya_bracket\">(<\/span>1-F\u00e1cil, 2 - De 5 a 10 km., Les Angles<span class=\"sya_bracket\">)<\/span><\/span><div style=\"padding-left:100px\" class=\"robots-nocontent\"><cite>La excursi\u00f3n de hoy empieza en el lago Balc\u00e8re, a donde en verano podemos llegar en coche, y haremos una peque\u00f1a caminata hasta la zona de Les Ganyades, donde hay una gran y verde llanura, y una caba\u00f1a de pastor. Despu\u00e9s de comer algo de fruta volvemos al punto de inicio, y aprovechando el magn\u00edfico [&hellip;]<\/cite><\/div><\/div><\/li><li class=\"\"><div class=\"sya_postcontent\"><span class=\"sya_date\">  <span class=\"sya_sep\"> <\/span><\/span><a href=\"https:\/\/www.carlosyconchita.net\/rutas\/04-08-2024-coll-de-la-llosa-refugio-coll-de-torn\/\" class=\"sya_postlink post-20316\" rel=\"bookmark\">04-08-2024-Coll de la Llosa &#8211; Refugio Coll de Torn<\/a> <span class=\"sya_categories\"><span class=\"sya_bracket\">(<\/span>1-F\u00e1cil, 3 - De 10 a 15 km., Les Angles<span class=\"sya_bracket\">)<\/span><\/span><div style=\"padding-left:100px\" class=\"robots-nocontent\"><cite>Hoy nos dirigimos con el coche al Coll de la Llosa, para hacer la caminata hasta el Refugio del Coll de Torn, pasando por el Coll de la Jacinta y el Coll de Torn, que est\u00e1 unos pocos metros antes de llegar al Refugio. Dejamos el coche en el parking del Coll de la Llosa [&hellip;]<\/cite><\/div><\/div><\/li><li class=\"\"><div class=\"sya_postcontent\"><span class=\"sya_date\">  <span class=\"sya_sep\"> <\/span><\/span><a href=\"https:\/\/www.carlosyconchita.net\/rutas\/03-08-2024-saillagosa-llo-mas-paturas\/\" class=\"sya_postlink post-20335\" rel=\"bookmark\">03-08-2024-Saillagosa, Llo , Mas Paturas<\/a> <span class=\"sya_categories\"><span class=\"sya_bracket\">(<\/span>1-F\u00e1cil, 3 - De 10 a 15 km., Saillagosa<span class=\"sya_bracket\">)<\/span><\/span><div style=\"padding-left:100px\" class=\"robots-nocontent\"><cite>Hoy nos vamos a dar una vuelta sin coger el coche, directamente desde nuestro peque\u00f1o apartamento en Saillagosa, y nos dirigimos a Llo, pero no por la carretera , sino que nos vamos primero a Vedrinyans, y desde all\u00ed seguimos un camino de tierra hasta Llo, pasamos por delante de los ba\u00f1os termales y continuamos [&hellip;]<\/cite><\/div><\/div><\/li><li class=\"\"><div class=\"sya_postcontent\"><span class=\"sya_date\">  <span class=\"sya_sep\"> <\/span><\/span><a href=\"https:\/\/www.carlosyconchita.net\/rutas\/02-08-2024-pic-dels-moros\/\" class=\"sya_postlink post-20302\" rel=\"bookmark\">02-08-2024-Pic dels Moros<\/a> <span class=\"sya_categories\"><span class=\"sya_bracket\">(<\/span>1-F\u00e1cil, 100 Cims Carlos y Conchita, 2 - De 5 a 10 km., Font Romeu<span class=\"sya_bracket\">)<\/span><\/span><div style=\"padding-left:100px\" class=\"robots-nocontent\"><cite>Hoy nos vamos al parking de la Calme, en Font-Romeu\/Pirineos 2000 para hacer una caminata f\u00e1cil por la zona, y llegamos hasta el Pic dels Moros, desde donde tenemos unas bonitas vistas en todas direcciones, a pesar de la poca altura del pico. Desde alli podemos ver toda la zona de la\u00a0 l\u00ednea de la [&hellip;]<\/cite><\/div><\/div><\/li><li class=\"\"><div class=\"sya_postcontent\"><span class=\"sya_date\">  <span class=\"sya_sep\"> <\/span><\/span><a href=\"https:\/\/www.carlosyconchita.net\/rutas\/01-08-2024-pla-de-barres\/\" class=\"sya_postlink post-20294\" rel=\"bookmark\">01-08-2024-Pla de Barres<\/a> <span class=\"sya_categories\"><span class=\"sya_bracket\">(<\/span>1-F\u00e1cil, 3 - De 10 a 15 km., Conflent<span class=\"sya_bracket\">)<\/span><\/span><div style=\"padding-left:100px\" class=\"robots-nocontent\"><cite>Hoy hacemos una f\u00e1cil caminata empezando en el Pla de Barres, en el aparcamiento que hay al inicio de la carretera que lleva al Lago de las Boullosas, ya que en verano la carretera esta cortada al paso de coches particulares, y s\u00f3lo se puede subir con la \u00abnavette\u00bb o a pi\u00e9. Nosotros no vamos [&hellip;]<\/cite><\/div><\/div><\/li><li class=\"\"><div class=\"sya_postcontent\"><span class=\"sya_date\">  <span class=\"sya_sep\"> <\/span><\/span><a href=\"https:\/\/www.carlosyconchita.net\/rutas\/24-07-2024-bornas-273-y-274\/\" class=\"sya_postlink post-20040\" rel=\"bookmark\">24-07-2024-Bornas 273 y 274<\/a> <span class=\"sya_categories\"><span class=\"sya_bracket\">(<\/span>3 - De 10 a 15 km., 3-Dif\u00edcil, Mojones \/ Bornas frontera ES-FR<span class=\"sya_bracket\">)<\/span><\/span><div style=\"padding-left:100px\" class=\"robots-nocontent\"><cite>581\u00a0 bornas (n\u00fameros)\u00a0 localizadas\u00a0 del total de 602 existentes, nos faltan s\u00f3lo 21 700 bornas (piedras) localizadas del total de 723 existentes, nos faltan s\u00f3lo 23 &nbsp; (ver recuento de bornas en la p\u00e1gina principal :\u00a0 Bornas pendientes Enlace al album de fotos de las bornas :\u00a0\u00a0\u00a0\u00a0 Fotos bornas &nbsp; Desde el camping Lauzart , [&hellip;]<\/cite><\/div><\/div><\/li><li class=\"\"><div class=\"sya_postcontent\"><span class=\"sya_date\">  <span class=\"sya_sep\"> <\/span><\/span><a href=\"https:\/\/www.carlosyconchita.net\/rutas\/16-07-2024-ibon-acherito-y-borna-275\/\" class=\"sya_postlink post-20036\" rel=\"bookmark\">16-07-2024-Ib\u00f3n Acherito y borna 275<\/a> <span class=\"sya_categories\"><span class=\"sya_bracket\">(<\/span>2-Moderada, 3 - De 10 a 15 km., Mojones \/ Bornas frontera ES-FR<span class=\"sya_bracket\">)<\/span><\/span><div style=\"padding-left:100px\" class=\"robots-nocontent\"><cite>579\u00a0 bornas localizadas hasta hoy , del total de 602 existentes, nos faltan s\u00f3lo 23 698 bornas (piedras) localizadas\u00a0 del total de 723 existentes, nos faltan s\u00f3lo 25 Ver recuento de bornas en la p\u00e1gina principal :\u00a0 Bornas pendientes Enlace al album de fotos de las bornas :\u00a0\u00a0\u00a0\u00a0 Fotos bornas &nbsp; Hoy hemos dormido en [&hellip;]<\/cite><\/div><\/div><\/li><li class=\"\"><div class=\"sya_postcontent\"><span class=\"sya_date\">  <span class=\"sya_sep\"> <\/span><\/span><a href=\"https:\/\/www.carlosyconchita.net\/rutas\/11-07-2024-maria-elena-y-ainara-nuevas-buscadores-de-bornas-mojones-fronterizos\/\" class=\"sya_postlink post-19980\" rel=\"bookmark\">11-07-2024-Mar\u00eda, Elena y Ainara : nuevas buscadores de bornas\/mojones fronterizos  ?<\/a> <span class=\"sya_categories\"><span class=\"sya_bracket\">(<\/span>Mojones \/ Bornas frontera ES-FR<span class=\"sya_bracket\">)<\/span><\/span><div style=\"padding-left:100px\" class=\"robots-nocontent\"><cite>Hemos empezado nuestra temporada de bornas de este a\u00f1o, con una estancia en el bonito refugio de Arlet, situado al lado del lago del mismo nombre. Ha sido nuestra primera experiencia en refugios, y la verdad es que ha ido muy bien, tanto por la estancia en el mismo, con unas bonitas y modernas instalaciones, [&hellip;]<\/cite><\/div><\/div><\/li><li class=\"\"><div class=\"sya_postcontent\"><span class=\"sya_date\">  <span class=\"sya_sep\"> <\/span><\/span><a href=\"https:\/\/www.carlosyconchita.net\/rutas\/10-07-2024-borna-279\/\" class=\"sya_postlink post-20033\" rel=\"bookmark\">10-07-2024-Borna 279<\/a> <span class=\"sya_categories\"><span class=\"sya_bracket\">(<\/span>2-Moderada, 3 - De 10 a 15 km., Huesca, Mojones \/ Bornas frontera ES-FR<span class=\"sya_bracket\">)<\/span><\/span><div style=\"padding-left:100px\" class=\"robots-nocontent\"><cite>&nbsp; 578 bornas (n\u00fameros) \u00a0 localizadas\u00a0 del total de 602 existentes, nos faltan s\u00f3lo 24 697\u00a0 bornas (piedras) localizadas\u00a0 del total de 723 existentes, nos faltan s\u00f3lo 26 Ver recuento de bornas en la p\u00e1gina principal :\u00a0 Bornas pendientes Enlace al album de fotos de las bornas :\u00a0\u00a0\u00a0\u00a0 Fotos bornas \u00a0 Esta pasada noche ha [&hellip;]<\/cite><\/div><\/div><\/li><li class=\"\"><div class=\"sya_postcontent\"><span class=\"sya_date\">  <span class=\"sya_sep\"> <\/span><\/span><a href=\"https:\/\/www.carlosyconchita.net\/rutas\/09-07-2024-bornas-276-y-277\/\" class=\"sya_postlink post-20025\" rel=\"bookmark\">09-07-2024-Bornas 276 y 277<\/a> <span class=\"sya_categories\"><span class=\"sya_bracket\">(<\/span>2-Moderada, 4 - De 15 a 20 km., Huesca, Mojones \/ Bornas frontera ES-FR<span class=\"sya_bracket\">)<\/span><\/span><div style=\"padding-left:100px\" class=\"robots-nocontent\"><cite>&nbsp; 577 bornas\u00a0 (n\u00fameros)\u00a0 localizadas\u00a0 del total de 602 existentes, nos faltan s\u00f3lo 25 696\u00a0 bornas (piedras) localizadas\u00a0 del total de 723 existentes, nos faltan s\u00f3lo 27 Ver recuento de bornas en la p\u00e1gina principal :\u00a0 Bornas pendientes &nbsp; Enlace al album de fotos de las bornas :\u00a0\u00a0\u00a0\u00a0 Fotos bornas Hoy ha sido nuestra primera [&hellip;]<\/cite><\/div><\/div><\/li><li class=\"\"><div class=\"sya_postcontent\"><span class=\"sya_date\">  <span class=\"sya_sep\"> <\/span><\/span><a href=\"https:\/\/www.carlosyconchita.net\/rutas\/08-07-2024-borna-278-y-refugio-arlet\/\" class=\"sya_postlink post-20010\" rel=\"bookmark\">08-07-2024-Borna 278 y Refugio Arlet<\/a> <span class=\"sya_categories\"><span class=\"sya_bracket\">(<\/span>2 - De 5 a 10 km., 3-Dif\u00edcil, Huesca, Mojones \/ Bornas frontera ES-FR<span class=\"sya_bracket\">)<\/span><\/span><div style=\"padding-left:100px\" class=\"robots-nocontent\"><cite>&nbsp; 575 bornas (n\u00fameros)\u00a0 localizadas\u00a0 del total de 602 existentes, nos faltan s\u00f3lo 27 694\u00a0 bornas (piedras) localizadas\u00a0 del total de 723 existentes, nos faltan s\u00f3lo 29 Ver recuento de bornas en la p\u00e1gina principal :\u00a0 Bornas pendientes Enlace al album de fotos de las bornas :\u00a0\u00a0\u00a0\u00a0 Fotos bornas &nbsp; Para llegar al punto donde [&hellip;]<\/cite><\/div><\/div><\/li><li class=\"\"><div class=\"sya_postcontent\"><span class=\"sya_date\">  <span class=\"sya_sep\"> <\/span><\/span><a href=\"https:\/\/www.carlosyconchita.net\/rutas\/07-07-2024-viaje-a-anso-b-276-a-279\/\" class=\"sya_postlink post-20005\" rel=\"bookmark\">07-07-2024-Viaje a Ans\u00f3 (B-276 a 279)<\/a> <span class=\"sya_categories\"><span class=\"sya_bracket\">(<\/span>0-Fotos, Huesca, Mojones \/ Bornas frontera ES-FR<span class=\"sya_bracket\">)<\/span><\/span><div style=\"padding-left:100px\" class=\"robots-nocontent\"><cite>Hoy nos desplazamos al bonito pueblo de Ans\u00f3, donde dormiremos esta noche, y ma\u00f1ana subiremos al refugio de Arlet, en Francia, muy cerca de la frontera, y en donde dormiremos dos noches, para intentar localizar las bornas o mojones fronterizos 276 a 279. No son dif\u00edciles de encontrar , pero el problema es que tenemos [&hellip;]<\/cite><\/div><\/div><\/li><li class=\"\"><div class=\"sya_postcontent\"><span class=\"sya_date\">  <span class=\"sya_sep\"> <\/span><\/span><a href=\"https:\/\/www.carlosyconchita.net\/rutas\/13-06-2024-urkiola-subida-al-saibi-y-fiesta\/\" class=\"sya_postlink post-20514\" rel=\"bookmark\">13-06-2024-Urkiola : subida al Saibi y fiesta<\/a> <span class=\"sya_categories\"><span class=\"sya_bracket\">(<\/span>0-Muy f\u00e1cil, 1 - Hasta 5 km., 100 Cims Carlos y Conchita, Vizcaya<span class=\"sya_bracket\">)<\/span><\/span><div style=\"padding-left:100px\" class=\"robots-nocontent\"><cite>Anteayer, d\u00eda 11 , s\u00f3lo pudimos visitar el Santuario de Urkiola, pero no subimos al monte Saibi, debido a la niebla que hab\u00eda, por lo que hoy, que ya volvemos a casa, volvemos a Urkiola para hacer esta peque\u00f1a subida. Ha coincidido adem\u00e1s con el d\u00eda de San Antonio de Padua, d\u00eda en que miles [&hellip;]<\/cite><\/div><\/div><\/li><li class=\"\"><div class=\"sya_postcontent\"><span class=\"sya_date\">  <span class=\"sya_sep\"> <\/span><\/span><a href=\"https:\/\/www.carlosyconchita.net\/rutas\/12-06-2024-cascada-de-gujuli\/\" class=\"sya_postlink post-20501\" rel=\"bookmark\">12-06-2024-Cascada de Gujuli<\/a> <span class=\"sya_categories\"><span class=\"sya_bracket\">(<\/span>0-Muy f\u00e1cil, 1 - Hasta 5 km., Araba<span class=\"sya_bracket\">)<\/span><\/span><div style=\"padding-left:100px\" class=\"robots-nocontent\"><cite>Aprovechando que no est\u00e1bamos muy lejos, despu\u00e9s del Salto del Nerv\u00edon, nos vamos a ver la cascada de Gujuli, situada en la provincia de Araba, justo en el limite del Parque Natural de Gorbeia.y formada por el r\u00edo Oiardo, que desemboca en el r\u00edo Altube, y \u00e9ste a su vez en el Nervi\u00f3n. Aunque en [&hellip;]<\/cite><\/div><\/div><\/li><li class=\"\"><div class=\"sya_postcontent\"><span class=\"sya_date\">  <span class=\"sya_sep\"> <\/span><\/span><a href=\"https:\/\/www.carlosyconchita.net\/rutas\/12-06-2024-salto-del-rio-nervion-y-monte-santiago\/\" class=\"sya_postlink post-20491\" rel=\"bookmark\">12-06-2024-Salto del r\u00edo Nervi\u00f3n y monte Santiago<\/a> <span class=\"sya_categories\"><span class=\"sya_bracket\">(<\/span>1-F\u00e1cil, 100 Cims Carlos y Conchita, 2 - De 5 a 10 km., Burgos, Categor\u00edas especiales<span class=\"sya_bracket\">)<\/span><\/span><div style=\"padding-left:100px\" class=\"robots-nocontent\"><cite>Aunque estos d\u00edas estamos haciendo un viaje por Vizcaya, hoy nos vamos a la provincia de Burgos, para ver el salto del r\u00edo Nervi\u00f3n, del que hemos visto su tramo final en la r\u00eda de Bilbao, situado entre las provincias de Araba y de Burgos. Para llegar a esta zona, el Monumento Natural del Monte [&hellip;]<\/cite><\/div><\/div><\/li><li class=\"\"><div class=\"sya_postcontent\"><span class=\"sya_date\">  <span class=\"sya_sep\"> <\/span><\/span><a href=\"https:\/\/www.carlosyconchita.net\/rutas\/11-06-2024-getxo-puente-colgante\/\" class=\"sya_postlink post-20484\" rel=\"bookmark\">11-06-2024-Puente colgante Getxo-Portugalete<\/a> <span class=\"sya_categories\"><span class=\"sya_bracket\">(<\/span>0-Fotos, Vizcaya<span class=\"sya_bracket\">)<\/span><\/span><div style=\"padding-left:100px\" class=\"robots-nocontent\"><cite>Y para terminar el d\u00eda de hoy, quer\u00edamos ver y por supuesto cruzar la r\u00eda del Nervi\u00f3n por el famoso Puente Colgante,\u00a0 llamado\u00a0 tambi\u00e9n Puente de Bizcaia o Puente de Portugalete, que une las poblaciones de Getxo y Portugalete. Aparte de cruzar desde una orilla de la r\u00eda a la otra, tambi\u00e9n hemos subido arriba [&hellip;]<\/cite><\/div><\/div><\/li><li class=\"\"><div class=\"sya_postcontent\"><span class=\"sya_date\">  <span class=\"sya_sep\"> <\/span><\/span><a href=\"https:\/\/www.carlosyconchita.net\/rutas\/11-06-2024-necropolis-de-argineta-y-visita-a-elorrio\/\" class=\"sya_postlink post-20481\" rel=\"bookmark\">11-06-2024-Necr\u00f3polis de Argi\u00f1etay visita a Elorrio<\/a> <span class=\"sya_categories\"><span class=\"sya_bracket\">(<\/span>0-Fotos, Vizcaya<span class=\"sya_bracket\">)<\/span><\/span><div style=\"padding-left:100px\" class=\"robots-nocontent\"><cite>Despu\u00e9s de la visita a Durango, y ya que debido al mal tiempo hoy no hacemos ninguna excursi\u00f3n por la monta\u00f1a , continuamos con visitas tur\u00edsticas de las que llamamos \u00abnormales\u00bb\u00a0 y nos vamos a Elorrio, donde hay una necr\u00f3polis muy cerca, y despu\u00e9s visitamos la poblaci\u00f3n, aprovechando para comer algo all\u00ed. La necr\u00f3polis de [&hellip;]<\/cite><\/div><\/div><\/li><li class=\"\"><div class=\"sya_postcontent\"><span class=\"sya_date\">  <span class=\"sya_sep\"> <\/span><\/span><a href=\"https:\/\/www.carlosyconchita.net\/rutas\/11-06-2024-durango\/\" class=\"sya_postlink post-20476\" rel=\"bookmark\">11-06-2024-Durango<\/a> <span class=\"sya_categories\"><span class=\"sya_bracket\">(<\/span>0-Fotos, Vizcaya<span class=\"sya_bracket\">)<\/span><\/span><div style=\"padding-left:100px\" class=\"robots-nocontent\"><cite>Album de fotos de la visita a Durango. Album de fotos &nbsp; &nbsp; &nbsp; &nbsp; . &nbsp; &nbsp;<\/cite><\/div><\/div><\/li><li class=\"\"><div class=\"sya_postcontent\"><span class=\"sya_date\">  <span class=\"sya_sep\"> <\/span><\/span><a href=\"https:\/\/www.carlosyconchita.net\/rutas\/11-06-2024-santuario-de-urkiola\/\" class=\"sya_postlink post-20473\" rel=\"bookmark\">11-06-2024-Santuario de Urkiola<\/a> <span class=\"sya_categories\"><span class=\"sya_bracket\">(<\/span>0-Fotos, Vizcaya<span class=\"sya_bracket\">)<\/span><\/span><div style=\"padding-left:100px\" class=\"robots-nocontent\"><cite>Hoy ten\u00edamos previsto visitar el Santuario de Urkiola y despu\u00e9s subir al peque\u00f1o Monte Saibi, pero debido a la niebla y al t\u00edpico \u00abchirimiri\u00bb que nos ha acompa\u00f1ado ya durante el viaje hasta Urkiola, hemos hecho solo la visita , y dejamos la caminata para otro d\u00eda. De hecho cuando hemos salido del coche casi [&hellip;]<\/cite><\/div><\/div><\/li><li class=\"\"><div class=\"sya_postcontent\"><span class=\"sya_date\">  <span class=\"sya_sep\"> <\/span><\/span><a href=\"https:\/\/www.carlosyconchita.net\/rutas\/10-06-2024-visita-bermeo\/\" class=\"sya_postlink post-20469\" rel=\"bookmark\">10-06-2024-Visita Bermeo<\/a> <span class=\"sya_categories\"><span class=\"sya_bracket\">(<\/span>0-Fotos, Vizcaya<span class=\"sya_bracket\">)<\/span><\/span><div style=\"padding-left:100px\" class=\"robots-nocontent\"><cite>Despu\u00e9s de la excursi\u00f3n a San Juan de Gaztelugatxe y al Cabo Matxixaco, nos vamos a dar una vuelta por Bermeo. &nbsp; Album de fotos &nbsp; &nbsp; . &nbsp;<\/cite><\/div><\/div><\/li><li class=\"\"><div class=\"sya_postcontent\"><span class=\"sya_date\">  <span class=\"sya_sep\"> <\/span><\/span><a href=\"https:\/\/www.carlosyconchita.net\/rutas\/10-06-2024-san-juan-de-gaztelugatxe-y-cabo-y-faro-matxixako\/\" class=\"sya_postlink post-20461\" rel=\"bookmark\">10-06-2024-San Juan de Gaztelugatxe y Cabo y Faro Matxixako<\/a> <span class=\"sya_categories\"><span class=\"sya_bracket\">(<\/span>1-F\u00e1cil, 2-Moderada, 3 - De 10 a 15 km., Vizcaya<span class=\"sya_bracket\">)<\/span><\/span><div style=\"padding-left:100px\" class=\"robots-nocontent\"><cite>Hoy vamos a visitar la ermita de San Juan de Gaztelugatxe, situada en el islote del mismo nombre, entre Bakio y Bermeo, aunque est\u00e1 unido a la costa por un puente, y despu\u00e9s nos iremos al cabo de Matxixako, en donde est\u00e1 el faro del mismo nombre. Dejamos el coche en el peque\u00f1o aparcamiento situado [&hellip;]<\/cite><\/div><\/div><\/li><li class=\"\"><div class=\"sya_postcontent\"><span class=\"sya_date\">  <span class=\"sya_sep\"> <\/span><\/span><a href=\"https:\/\/www.carlosyconchita.net\/rutas\/09-06-2024-visita-a-gernika\/\" class=\"sya_postlink post-20448\" rel=\"bookmark\">09-06-2024-Visita a Gernika<\/a> <span class=\"sya_categories\"><span class=\"sya_bracket\">(<\/span>0-Fotos, Vizcaya<span class=\"sya_bracket\">)<\/span><\/span><div style=\"padding-left:100px\" class=\"robots-nocontent\"><cite>Album de fotos de la visita a Gernika, dando un paseo por el pueblo, y visitando tambi\u00e9n la Casa de Juntas. &nbsp; Album de fotos &nbsp; &nbsp; &nbsp;<\/cite><\/div><\/div><\/li><li class=\"\"><div class=\"sya_postcontent\"><span class=\"sya_date\">  <span class=\"sya_sep\"> <\/span><\/span><a href=\"https:\/\/www.carlosyconchita.net\/rutas\/09-06-2024-monte-ogono\/\" class=\"sya_postlink post-20451\" rel=\"bookmark\">09-06-2024-Monte Ogo\u00f1o<\/a> <span class=\"sya_categories\"><span class=\"sya_bracket\">(<\/span>1 - Hasta 5 km., 1-F\u00e1cil, 100 Cims Carlos y Conchita, Vizcaya<span class=\"sya_bracket\">)<\/span><\/span><div style=\"padding-left:100px\" class=\"robots-nocontent\"><cite>Despu\u00e9s de la visita al peque\u00f1o pueblo de Elantxobe, vamos a hacer una excursi\u00f3n empezando al lado mismo del cementerio, en donde podemos dejar el coche. Nuestra idea inicial era dar la vuelta por esta zona del Parque Nacional del Urdaibai, recorriendo esta especie de peque\u00f1a pen\u00ednsula o cabo en donde est\u00e1 Elantxobe, en sentido [&hellip;]<\/cite><\/div><\/div><\/li><li class=\"\"><div class=\"sya_postcontent\"><span class=\"sya_date\">  <span class=\"sya_sep\"> <\/span><\/span><a href=\"https:\/\/www.carlosyconchita.net\/rutas\/09-06-2024-castillo-de-butron-y-elantxobe\/\" class=\"sya_postlink post-20445\" rel=\"bookmark\">09-06-2024-Castillo de Butr\u00f3n y Elantxobe<\/a> <span class=\"sya_categories\"><span class=\"sya_bracket\">(<\/span>0-Fotos, Vizcaya<span class=\"sya_bracket\">)<\/span><\/span><div style=\"padding-left:100px\" class=\"robots-nocontent\"><cite>Album de fotos de la visita al Castillo de Butr\u00f3n, que est\u00e1 en obras , por lo que no se puede entrar, y al peque\u00f1o pueblo de Elantxobe, ya que despu\u00e9s queremos hacer una excursi\u00f3n empezando cerca de all\u00ed. Album de fotos &nbsp; &nbsp; &nbsp; &nbsp;<\/cite><\/div><\/div><\/li><li class=\"\"><div class=\"sya_postcontent\"><span class=\"sya_date\">  <span class=\"sya_sep\"> <\/span><\/span><a href=\"https:\/\/www.carlosyconchita.net\/rutas\/08-06-2024-pico-gorbeia\/\" class=\"sya_postlink post-20423\" rel=\"bookmark\">08-06-2024-Pico Gorbeia<\/a> <span class=\"sya_categories\"><span class=\"sya_bracket\">(<\/span>100 Cims Carlos y Conchita, 2-Moderada, 3 - De 10 a 15 km., Vizcaya<span class=\"sya_bracket\">)<\/span><\/span><div style=\"padding-left:100px\" class=\"robots-nocontent\"><cite>Hoy hemos hecho una bonita excursi\u00f3n al Pico Gorbeia o Gorbea, situado justo en la frontera entre las dos provincias de Vizcaya y de Araba, y que es el pico m\u00e1s alto de las dos. En el album de fotos, podemos ver un moj\u00f3n o muga (la n\u00famero 3) de las que delimitan estas dos [&hellip;]<\/cite><\/div><\/div><\/li><li class=\"\"><div class=\"sya_postcontent\"><span class=\"sya_date\">  <span class=\"sya_sep\"> <\/span><\/span><a href=\"https:\/\/www.carlosyconchita.net\/rutas\/viaje-vizcaya-pagina-principal\/\" class=\"sya_postlink post-20529\" rel=\"bookmark\">Viaje Vizcaya : p\u00e1gina principal<\/a> <span class=\"sya_categories\"><span class=\"sya_bracket\">(<\/span>Vizcaya<span class=\"sya_bracket\">)<\/span><\/span><div style=\"padding-left:100px\" class=\"robots-nocontent\"><cite>&nbsp; 07-06-2024-Viaje y visita Bilbao 08-06-2024-Pico Gorbeia 09-06-2024-Castillo de Butr\u00f3n y Elantxobe 09-06-2024-Monte Ogo\u00f1o 09-06-2024-Visita a Gernika 10-06-2024-San Juan de Gaztelugatxe y Cabo y Faro Matxixako 10-06-2024-Visita Bermeo 11-06-2024-Santuario de Urkiola 11-06-2024-Durango 11-06-2024-Necr\u00f3polis de Argi\u00f1etay visita a Elorrio 11-06-2024-Puente colgante Getxo-Portugalete 12-06-2024-Salto del r\u00edo Nervi\u00f3n y monte Santiago 12-06-2024-Cascada de Gujuli 13-06-2024-Urkiola : subida al [&hellip;]<\/cite><\/div><\/div><\/li><li class=\"\"><div class=\"sya_postcontent\"><span class=\"sya_date\">  <span class=\"sya_sep\"> <\/span><\/span><a href=\"https:\/\/www.carlosyconchita.net\/rutas\/07-06-2024-viaje-y-visita-bilbao\/\" class=\"sya_postlink post-20417\" rel=\"bookmark\">07-06-2024-Viaje y visita Bilbao<\/a> <span class=\"sya_categories\"><span class=\"sya_bracket\">(<\/span>0-Fotos, Vizcaya<span class=\"sya_bracket\">)<\/span><\/span><div style=\"padding-left:100px\" class=\"robots-nocontent\"><cite>&nbsp; Fotos del viaje de ida a Bilbao, y visita a la ciudad por la tarde, incluido un picoteo por la zona de pinchos del casco viejo. Album de fotos &nbsp; &nbsp; &nbsp; &#8211;<\/cite><\/div><\/div><\/li><li class=\"\"><div class=\"sya_postcontent\"><span class=\"sya_date\">  <span class=\"sya_sep\"> <\/span><\/span><a href=\"https:\/\/www.carlosyconchita.net\/rutas\/13-04-2024-cantabria-pagina-principal\/\" class=\"sya_postlink post-19952\" rel=\"bookmark\">13-05-2024-Cantabria : p\u00e1gina principal<\/a> <span class=\"sya_categories\"><span class=\"sya_bracket\">(<\/span>Cantabria<span class=\"sya_bracket\">)<\/span><\/span><div style=\"padding-left:100px\" class=\"robots-nocontent\"><cite>&nbsp; 05-05-2024-Viaje a Santander y Faro Cabo Mayor 06-05-2024-Faro del Caballo 06-05-2024-Paseo por Santo\u00f1a 06-05-2024-Costa Quebrada : paseo por varias playas 07-05-2024-Valles Pasiegos : Puente Viesgo 07-05-2024-Valles Pasiegos : Ontaneda, Alceda, Vega del Pas y Puerto de Bragu\u00eda 07-05-2024-Santander : Pen\u00ednsula de la Magdalena 08-05-2024-Nacimiento y cascada del r\u00edo As\u00f3n 09-05-2024-Santillana del Mar, Comillas, S.Vicente [&hellip;]<\/cite><\/div><\/div><\/li><li class=\"\"><div class=\"sya_postcontent\"><span class=\"sya_date\">  <span class=\"sya_sep\"> <\/span><\/span><a href=\"https:\/\/www.carlosyconchita.net\/rutas\/12-05-2024-teleferico-fuente-de-y-caminata\/\" class=\"sya_postlink post-19964\" rel=\"bookmark\">12-05-2024-Telef\u00e9rico Fuente D\u00e9 y caminata por los Picos de Europa<\/a> <span class=\"sya_categories\"><span class=\"sya_bracket\">(<\/span>1-F\u00e1cil, 2 - De 5 a 10 km., Cantabria<span class=\"sya_bracket\">)<\/span><\/span><div style=\"padding-left:100px\" class=\"robots-nocontent\"><cite>Hoy el d\u00eda amanece bastante soleado, por lo que nos dirigimos a Fuente D\u00e9 para subir con el telef\u00e9rico a la estaci\u00f3n superior llamada El Cable, y dar una peque\u00f1a caminata por all\u00ed. Hemos caminado en direcci\u00f3n a la Caba\u00f1a Ver\u00f3nica y los Horcados Rojos, aunque al final no hemos llegado a la Caba\u00f1a Ver\u00f3nica [&hellip;]<\/cite><\/div><\/div><\/li><li class=\"\"><div class=\"sya_postcontent\"><span class=\"sya_date\">  <span class=\"sya_sep\"> <\/span><\/span><a href=\"https:\/\/www.carlosyconchita.net\/rutas\/11-05-2024-mogrovejo-ruta-bajo-picos\/\" class=\"sya_postlink post-19940\" rel=\"bookmark\">11-05-2024-Mogrovejo : ruta Bajo Picos<\/a> <span class=\"sya_categories\"><span class=\"sya_bracket\">(<\/span>1-F\u00e1cil, 2 - De 5 a 10 km., Cantabria<span class=\"sya_bracket\">)<\/span><\/span><div style=\"padding-left:100px\" class=\"robots-nocontent\"><cite>Hoy ten\u00edamos previsto ir a Fuente D\u00e9, para subir con el telef\u00e9rico a los Picos de Europa y hacer una caminata , pero dado que anunciaban lluvia y niebla, hemos decidido aplazarlo para ma\u00f1ana y hoy hacer una excursi\u00f3n m\u00e1s corta, sabiendo que casi seguro que nos mojar\u00edamos, como as\u00ed ha sido. Hemos ido a [&hellip;]<\/cite><\/div><\/div><\/li><li class=\"\"><div class=\"sya_postcontent\"><span class=\"sya_date\">  <span class=\"sya_sep\"> <\/span><\/span><a href=\"https:\/\/www.carlosyconchita.net\/rutas\/10-05-2024-ruta-del-cares\/\" class=\"sya_postlink post-19931\" rel=\"bookmark\">10-05-2024-Ruta del Cares<\/a> <span class=\"sya_categories\"><span class=\"sya_bracket\">(<\/span>2-Moderada, 4 - De 15 a 20 km., Asturias, Le\u00f3n<span class=\"sya_bracket\">)<\/span><\/span><div style=\"padding-left:100px\" class=\"robots-nocontent\"><cite>En el a\u00f1o 2008, con ocasi\u00f3n de un viaje a Asturias, y cuando no nos dedic\u00e1bamos todav\u00eda a caminar por la monta\u00f1a, nos aconsejaron hacer esta fant\u00e1stica ruta, desde Poncebos (Asturias) a Ca\u00edn (Le\u00f3n), que hicimos sin especial problema, aunque s\u00ed que nos cansamos un poco porque son unos 24 km. y aunque no tiene [&hellip;]<\/cite><\/div><\/div><\/li><li class=\"\"><div class=\"sya_postcontent\"><span class=\"sya_date\">  <span class=\"sya_sep\"> <\/span><\/span><a href=\"https:\/\/www.carlosyconchita.net\/rutas\/09-05-2024-santillana-del-mar-comillas-s-vicente-de-la-barquera-y-potes\/\" class=\"sya_postlink post-19928\" rel=\"bookmark\">09-05-2024-Santillana del Mar, Comillas, S.Vicente de la Barquera y Potes<\/a> <span class=\"sya_categories\"><span class=\"sya_bracket\">(<\/span>0-Fotos, Cantabria<span class=\"sya_bracket\">)<\/span><\/span><div style=\"padding-left:100px\" class=\"robots-nocontent\"><cite>Hoy tenemos un d\u00eda de viaje desde Santander a Potes, pero durante el recorrido pasamos por varios pueblos muy interesantes :\u00a0 Santillana del Mar,\u00a0 Comillas , en donde podemos ver el Capricho de Gaud\u00ed,\u00a0 San Vicente de la Barquera, con la subida al Castillo del Rey y despu\u00e9s de pasar por el Desfiladero de la [&hellip;]<\/cite><\/div><\/div><\/li><li class=\"\"><div class=\"sya_postcontent\"><span class=\"sya_date\">  <span class=\"sya_sep\"> <\/span><\/span><a href=\"https:\/\/www.carlosyconchita.net\/rutas\/08-05-2024-nacimiento-del-rio-ason\/\" class=\"sya_postlink post-19912\" rel=\"bookmark\">08-05-2024-Nacimiento y cascada del r\u00edo As\u00f3n<\/a> <span class=\"sya_categories\"><span class=\"sya_bracket\">(<\/span>1-F\u00e1cil, 2 - De 5 a 10 km., Cantabria<span class=\"sya_bracket\">)<\/span><\/span><div style=\"padding-left:100px\" class=\"robots-nocontent\"><cite>Hoy nos hemos desplazado a la poblaci\u00f3n de As\u00f3n, para ver el nacimiento del r\u00edo del mismo nombre, una bonita cascada, que se puede ver desde la carretera, en donde hay un mirador, o llegando al pi\u00e9 de la cascada caminando desde el pueblo. Como que no est\u00e1bamos seguros de si habr\u00eda o no agua, [&hellip;]<\/cite><\/div><\/div><\/li><li class=\"\"><div class=\"sya_postcontent\"><span class=\"sya_date\">  <span class=\"sya_sep\"> <\/span><\/span><a href=\"https:\/\/www.carlosyconchita.net\/rutas\/07-05-2024-santander-peninsula-de-la-magdalena\/\" class=\"sya_postlink post-19901\" rel=\"bookmark\">07-05-2024-Santander : Pen\u00ednsula de la Magdalena<\/a> <span class=\"sya_categories\"><span class=\"sya_bracket\">(<\/span>2 - De 5 a 10 km., Cantabria<span class=\"sya_bracket\">)<\/span><\/span><div style=\"padding-left:100px\" class=\"robots-nocontent\"><cite>Largo y bonito paseo por Santander, desde el hotel donde estamos estos d\u00edas, hasta la zona centro con numerosos bares para comer algunos de los deliciosos pinchos, pasando por la Avenida de la Reina Victoria, un paseo al lado del mar, con sus diversas playas, la Pe\u00f1insula de la Magdalena, cuya historia podemos ver en [&hellip;]<\/cite><\/div><\/div><\/li><li class=\"\"><div class=\"sya_postcontent\"><span class=\"sya_date\">  <span class=\"sya_sep\"> <\/span><\/span><a href=\"https:\/\/www.carlosyconchita.net\/rutas\/07-05-2024-valles-pasiegos-ontaneda-alceda-vega-del-pas-y-puerto-de-braguia\/\" class=\"sya_postlink post-19892\" rel=\"bookmark\">07-05-2024-Valles Pasiegos : Ontaneda, Alceda, Vega del Pas y Puerto de Bragu\u00eda<\/a> <span class=\"sya_categories\"><span class=\"sya_bracket\">(<\/span>0-Muy f\u00e1cil, 1 - Hasta 5 km., Cantabria<span class=\"sya_bracket\">)<\/span><\/span><div style=\"padding-left:100px\" class=\"robots-nocontent\"><cite>Continuando con nuestra ruta por los Valles Pasiegos, desde Puente Viesgo seguimos la carretera en direcci\u00f3n a Ontaneda-Alceda y Vega del Pas. En Ontaneda-Alceda podemos ver numerosos hornos donde se hacen los ricos y t\u00edpicos sobaos, que realmente no tienen nada que ver con los que se suelen encontrar por otros sitios, que en comparaci\u00f3n\u00a0 [&hellip;]<\/cite><\/div><\/div><\/li><li class=\"\"><div class=\"sya_postcontent\"><span class=\"sya_date\">  <span class=\"sya_sep\"> <\/span><\/span><a href=\"https:\/\/www.carlosyconchita.net\/rutas\/07-05-2024-puente-viesgo\/\" class=\"sya_postlink post-19885\" rel=\"bookmark\">07-05-2024-Valles Pasiegos : Puente Viesgo<\/a> <span class=\"sya_categories\"><span class=\"sya_bracket\">(<\/span>0-Muy f\u00e1cil, 1 - Hasta 5 km., Cantabria<span class=\"sya_bracket\">)<\/span><\/span><div style=\"padding-left:100px\" class=\"robots-nocontent\"><cite>Hoy vamos a hacer un recorrido por los Valles Pasiegos y nos dirigimos primeramente a la poblaci\u00f3n de Puente Viesgo. y dejamos el coche cerca del cementerio. All\u00ed cerca vemos un puente de madera que cruza el rio Pas, (ver album de fotos ) , lo cruzamos y a nuestra derecha empieza un bonito sendero [&hellip;]<\/cite><\/div><\/div><\/li><li class=\"\"><div class=\"sya_postcontent\"><span class=\"sya_date\">  <span class=\"sya_sep\"> <\/span><\/span><a href=\"https:\/\/www.carlosyconchita.net\/rutas\/06-05-2024-costa-quebrada\/\" class=\"sya_postlink post-19878\" rel=\"bookmark\">06-05-2024-Costa Quebrada : paseo por varias playas<\/a> <span class=\"sya_categories\"><span class=\"sya_bracket\">(<\/span>0-Fotos, Cantabria<span class=\"sya_bracket\">)<\/span><\/span><div style=\"padding-left:100px\" class=\"robots-nocontent\"><cite>Despu\u00e9s del peque\u00f1o paseo por Santo\u00f1a, vamos con el coche por la zona conocida como Costa Quebrada a visitar algunas de las playas cercanas a Santander, como la de Somocuevas, Las Cerr\u00edas, El Port\u00edo,\u00a0 y La Arn\u00eda. Como no ten\u00edamos previsto hacer el recorrido a pi\u00e9 por toda esta costa, hemos ido con el coche [&hellip;]<\/cite><\/div><\/div><\/li><li class=\"\"><div class=\"sya_postcontent\"><span class=\"sya_date\">  <span class=\"sya_sep\"> <\/span><\/span><a href=\"https:\/\/www.carlosyconchita.net\/rutas\/06-05-2024-paseo-por-santona\/\" class=\"sya_postlink post-19875\" rel=\"bookmark\">06-05-2024-Paseo por Santo\u00f1a<\/a> <span class=\"sya_categories\"><span class=\"sya_bracket\">(<\/span>0-Fotos, Cantabria<span class=\"sya_bracket\">)<\/span><\/span><div style=\"padding-left:100px\" class=\"robots-nocontent\"><cite>Despu\u00e9s de la excursi\u00f3n de esta ma\u00f1ana al Faro del Caballo y de comer algo, damos un a paseo por Santo\u00f1a, por la zona del Paseo Pereda y Castillo o fuerte de San Mart\u00edn, cercana al mar. Nos ha sorprendido un poco el gran monumento a Carrero Blanco Album de fotos &nbsp; &nbsp; &nbsp;<\/cite><\/div><\/div><\/li><li class=\"\"><div class=\"sya_postcontent\"><span class=\"sya_date\">  <span class=\"sya_sep\"> <\/span><\/span><a href=\"https:\/\/www.carlosyconchita.net\/rutas\/06-05-2024-faro-del-caballo\/\" class=\"sya_postlink post-19861\" rel=\"bookmark\">06-05-2024-Faro del Caballo<\/a> <span class=\"sya_categories\"><span class=\"sya_bracket\">(<\/span>2 - De 5 a 10 km., 2-Moderada, Cantabria<span class=\"sya_bracket\">)<\/span><\/span><div style=\"padding-left:100px\" class=\"robots-nocontent\"><cite>Hoy hemos hecho una excursi\u00f3n algo dura, porque adem\u00e1s del recorrido que podr\u00edamos llamar normal por la monta\u00f1a, hemos bajado 763 escalones para llegar al Faro del Caballo, que est\u00e1 casi al nivel del mar, pero la \u00fanica forma de llegar all\u00ed, aparte de un barco, es bajar y por lo tanto despu\u00e9s subir\u00a0 763 [&hellip;]<\/cite><\/div><\/div><\/li><li class=\"\"><div class=\"sya_postcontent\"><span class=\"sya_date\">  <span class=\"sya_sep\"> <\/span><\/span><a href=\"https:\/\/www.carlosyconchita.net\/rutas\/05-05-2024-viaje-a-santander-y-faro-cabo-mayor\/\" class=\"sya_postlink post-19842\" rel=\"bookmark\">05-05-2024-Viaje a Santander y Faro Cabo Mayor<\/a> <span class=\"sya_categories\"><span class=\"sya_bracket\">(<\/span>0-Fotos, Cantabria<span class=\"sya_bracket\">)<\/span><\/span><div style=\"padding-left:100px\" class=\"robots-nocontent\"><cite>Hoy nos desplazamos a Santander, con algo de lluvia cuando llegamos a Cantabria.Despu\u00e9s de ir al hotel a dejar las maletas , damos una vuelta por la Costa Quebrada, en la zona m\u00e1s cercana a Santander en donde est\u00e1 el Faro de Cabo Mayor, en donde cae un poco de lluvia y hace mucho viento. [&hellip;]<\/cite><\/div><\/div><\/li><li class=\"\"><div class=\"sya_postcontent\"><span class=\"sya_date\">  <span class=\"sya_sep\"> <\/span><\/span><a href=\"https:\/\/www.carlosyconchita.net\/rutas\/viaje-a-corcega-pagina-principal\/\" class=\"sya_postlink post-19661\" rel=\"bookmark\">Viaje a C\u00f3rcega &#8211; P\u00e1gina principal<\/a> <span class=\"sya_categories\"><span class=\"sya_bracket\">(<\/span>C\u00f3rcega<span class=\"sya_bracket\">)<\/span><\/span><div style=\"padding-left:100px\" class=\"robots-nocontent\"><cite>&nbsp; 28-03-2024-Viaje a Toulon y ferry a Ajaccio 29-03-2024-Carretera desde Ajaccio a Punta Spano 29-03-2024-\u00celle-Rousse 29-03-2024-Punta Spano 30-03-2024-Cala Fornali a Punta Mortella 31-03-2024-Sendero Aduanero (Cap Corse) 01-04-2024-Valle de Restonica y visita Cort\u00e9 02-04-2024-Ruta en coche de Cort\u00e9 a Porto Ota 02-04-2024-Girolata por Ruta del Cartero 03-04-2024&#8211;Gorges de Spelunca 03-04-2024-Visita a Porto Ota 03-04-2024-Calanques de Piana [&hellip;]<\/cite><\/div><\/div><\/li><li class=\"\"><div class=\"sya_postcontent\"><span class=\"sya_date\">  <span class=\"sya_sep\"> <\/span><\/span><a href=\"https:\/\/www.carlosyconchita.net\/rutas\/06-04-2024-visita-a-ajaccio-corcega\/\" class=\"sya_postlink post-19801\" rel=\"bookmark\">06-04-2024-Visita a Ajaccio y ferry (C\u00f3rcega)<\/a> <span class=\"sya_categories\"><span class=\"sya_bracket\">(<\/span>0-Fotos, C\u00f3rcega<span class=\"sya_bracket\">)<\/span><\/span><div style=\"padding-left:100px\" class=\"robots-nocontent\"><cite>Fotos de la visita a Ajaccio y del ferry que nos llevar\u00e1 a Toulon durante la noche. Album de fotos &nbsp; &nbsp; &nbsp; &nbsp; &nbsp;<\/cite><\/div><\/div><\/li><li class=\"\"><div class=\"sya_postcontent\"><span class=\"sya_date\">  <span class=\"sya_sep\"> <\/span><\/span><a href=\"https:\/\/www.carlosyconchita.net\/rutas\/06-04-2024-islas-sanguinaires-corcega\/\" class=\"sya_postlink post-19790\" rel=\"bookmark\">06-04-2024-Islas Sanguinaires  (C\u00f3rcega)<\/a> <span class=\"sya_categories\"><span class=\"sya_bracket\">(<\/span>0-Muy f\u00e1cil, 1 - Hasta 5 km., C\u00f3rcega<span class=\"sya_bracket\">)<\/span><\/span><div style=\"padding-left:100px\" class=\"robots-nocontent\"><cite>Hoy, \u00faltimo d\u00eda de nuestro viaje a C\u00f3rcega, nos dirigimos desde Bonifaccio a\u00a0 Ajaccio, en donde esta noche cogeremos el ferry que nos llevar\u00e1 a Toul\u00f3n. Pero tenemos todo el d\u00eda por delante , as\u00ed que tenemos tiempo de hacer una peque\u00f1a caminata por la zona de las Islas Sanguinaires, y despu\u00e9s por la tarde [&hellip;]<\/cite><\/div><\/div><\/li><li class=\"\"><div class=\"sya_postcontent\"><span class=\"sya_date\">  <span class=\"sya_sep\"> <\/span><\/span><a href=\"https:\/\/www.carlosyconchita.net\/rutas\/05-04-2024-cabo-y-faro-pertusato\/\" class=\"sya_postlink post-19778\" rel=\"bookmark\">05-04-2024-Cabo y Faro Pertusato (C\u00f3rcega)<\/a> <span class=\"sya_categories\"><span class=\"sya_bracket\">(<\/span>1-F\u00e1cil, 3 - De 10 a 15 km., C\u00f3rcega<span class=\"sya_bracket\">)<\/span><\/span><div style=\"padding-left:100px\" class=\"robots-nocontent\"><cite>Hoy hemos hecho una bonita excursi\u00f3n en los alrededores de Bonifacio, para recorrer la costa por la zona llamada Campu Romanellu hasta la playa de Saint Antoine, en donde est\u00e1 el Capo Pertusato, la peque\u00f1a isla de Saint Antoine, que recuerda a un barco o submarino saliendo del agua, y arriba en el promontorio, el [&hellip;]<\/cite><\/div><\/div><\/li><li class=\"\"><div class=\"sya_postcontent\"><span class=\"sya_date\">  <span class=\"sya_sep\"> <\/span><\/span><a href=\"https:\/\/www.carlosyconchita.net\/rutas\/04-04-2024-escalera-del-rey-de-aragon-bonifacio-corcega\/\" class=\"sya_postlink post-19764\" rel=\"bookmark\">04-04-2024-Escalera del Rey de Arag\u00f3n &#8211; Bonifacio (C\u00f3rcega)<\/a> <span class=\"sya_categories\"><span class=\"sya_bracket\">(<\/span>0-Fotos, 1 - Hasta 5 km., 1-F\u00e1cil<span class=\"sya_bracket\">)<\/span><\/span><div style=\"padding-left:100px\" class=\"robots-nocontent\"><cite>En Bonifacio, desde la parte alta de la zona antigua de la \u00abcitadelle\u00bb, descendemos la llamada escalera del Rey de Arag\u00f3n, que tiene 187 pelda\u00f1os para llegar al nivel del mar, unos 65 m. m\u00e1s abajo. Seg\u00fan la leyenda, se dice que fue construida en una noche por los soldados del rey aragon\u00e9s Alfonso V [&hellip;]<\/cite><\/div><\/div><\/li><li class=\"\"><div class=\"sya_postcontent\"><span class=\"sya_date\">  <span class=\"sya_sep\"> <\/span><\/span><a href=\"https:\/\/www.carlosyconchita.net\/rutas\/04-04-2024-ruta-de-porto-ota-a-bonifacio-corcega\/\" class=\"sya_postlink post-19760\" rel=\"bookmark\">04-04-2024-Ruta de Porto Ota a Bonifacio y visita (C\u00f3rcega)<\/a> <span class=\"sya_categories\"><span class=\"sya_bracket\">(<\/span>0-Fotos, C\u00f3rcega<span class=\"sya_bracket\">)<\/span><\/span><div style=\"padding-left:100px\" class=\"robots-nocontent\"><cite>Hoy viajamos en coche desde Porto Ota a Bonifacio, \u00faltima parada de nuestro viaje a C\u00f3rcega.\u00a0 Bonifacio est\u00e1 en una especie de \u00abfiordo\u00bb , aunque cuesta hacer una foto completa del mismo debido a que no hay ning\u00fan sitio lo bastante alto para ver la salida al mar y el puerto interior. En el album [&hellip;]<\/cite><\/div><\/div><\/li><li class=\"\"><div class=\"sya_postcontent\"><span class=\"sya_date\">  <span class=\"sya_sep\"> <\/span><\/span><a href=\"https:\/\/www.carlosyconchita.net\/rutas\/03-04-2024-calanques-de-piana\/\" class=\"sya_postlink post-19747\" rel=\"bookmark\">03-04-2024-Calanques de Piana<\/a> <span class=\"sya_categories\"><span class=\"sya_bracket\">(<\/span>0-Fotos, C\u00f3rcega<span class=\"sya_bracket\">)<\/span><\/span><div style=\"padding-left:100px\" class=\"robots-nocontent\"><cite>Como hemos dicho en la publicaci\u00f3n de las Gorges de Spelunca, de esta misma fecha, ten\u00edamos reservada para esta tarde una excursi\u00f3n en barco a la zona de las Calanques de Piana, que nos anularon a \u00faltima hora, suponemos que por falta de \u00abquorum\u00bb&#8230; inconvenientes de viajar fuera de temporada, a cambio de poderse mover [&hellip;]<\/cite><\/div><\/div><\/li><li class=\"\"><div class=\"sya_postcontent\"><span class=\"sya_date\">  <span class=\"sya_sep\"> <\/span><\/span><a href=\"https:\/\/www.carlosyconchita.net\/rutas\/03-04-2024-visita-a-porto-ota\/\" class=\"sya_postlink post-19743\" rel=\"bookmark\">03-04-2024-Visita a Porto Ota<\/a> <span class=\"sya_categories\"><span class=\"sya_bracket\">(<\/span>0-Fotos, C\u00f3rcega<span class=\"sya_bracket\">)<\/span><\/span><div style=\"padding-left:100px\" class=\"robots-nocontent\"><cite>Album de fotos de la visita a Porto Ota, despu\u00e9s de la caminata por las Gorges de Spelunca, y despu\u00e9s de recibir la anulaci\u00f3n de la excursi\u00f3n en barco por la zona de las Calanques de Piana. &nbsp; &nbsp;<\/cite><\/div><\/div><\/li><li class=\"\"><div class=\"sya_postcontent\"><span class=\"sya_date\">  <span class=\"sya_sep\"> <\/span><\/span><a href=\"https:\/\/www.carlosyconchita.net\/rutas\/03-04-2024-gorges-de-spelunca\/\" class=\"sya_postlink post-19733\" rel=\"bookmark\">03-04-2024-Gorges de Spelunca<\/a> <span class=\"sya_categories\"><span class=\"sya_bracket\">(<\/span>1 - Hasta 5 km., 1-F\u00e1cil, C\u00f3rcega<span class=\"sya_bracket\">)<\/span><\/span><div style=\"padding-left:100px\" class=\"robots-nocontent\"><cite>Ayer con el coche pasamos por un tramo de la carretera D-84, muy estrecho y con muchas curvas, viendo desde arriba, por as\u00ed decir las Gorges o Garganta de Spelunca, aunque tal como nos hab\u00edan dicho, fu\u00e9 imposible parar porque no hab\u00eda ning\u00fan sitio. Por ello, hab\u00edamos previsto hacer una caminar por esta garganta, hasta [&hellip;]<\/cite><\/div><\/div><\/li><li class=\"\"><div class=\"sya_postcontent\"><span class=\"sya_date\">  <span class=\"sya_sep\"> <\/span><\/span><a href=\"https:\/\/www.carlosyconchita.net\/rutas\/02-04-2024-girolata-por-ruta-del-cartero\/\" class=\"sya_postlink post-19718\" rel=\"bookmark\">02-04-2024-Girolata por Ruta del cartero<\/a> <span class=\"sya_categories\"><span class=\"sya_bracket\">(<\/span>1-F\u00e1cil, 2 - De 5 a 10 km., C\u00f3rcega<span class=\"sya_bracket\">)<\/span><\/span><div style=\"padding-left:100px\" class=\"robots-nocontent\"><cite>Despu\u00e9s del recorrido en coche desde Cort\u00e9 hasta la zona de Ota, nos dirigimos directamente al inicio de la excursi\u00f3n de hoy, para seguir el llamado \u00abSendero del cartero\u00bb. Para ello vamos con el coche hasta el\u00a0 \u00abCol de la Croix\u00bb o \u00abBocca a Croce\u00bb, en la carretera D81 cerca de Porto y all\u00ed podemos [&hellip;]<\/cite><\/div><\/div><\/li><li class=\"\"><div class=\"sya_postcontent\"><span class=\"sya_date\">  <span class=\"sya_sep\"> <\/span><\/span><a href=\"https:\/\/www.carlosyconchita.net\/rutas\/02-04-2024-ruta-corte-a-porto-ota\/\" class=\"sya_postlink post-19711\" rel=\"bookmark\">02-04-2024-Ruta en coche de Cort\u00e9 a Porto Ota<\/a> <span class=\"sya_categories\"><span class=\"sya_bracket\">(<\/span>0-Fotos, C\u00f3rcega<span class=\"sya_bracket\">)<\/span><\/span><div style=\"padding-left:100px\" class=\"robots-nocontent\"><cite>Hoy nos desplazamos desde Cort\u00e9 hasta la zona de Porto Ota donde estaremos un par de d\u00edas, y nos dirigimos directamente al inicio de la caminata de hoy para llegar al pueblo de Girolata,\u00a0 donde solo se puede llegar en barco o caminando. Pero antes de llegar, tenemos un bonito recorrido en coche por la [&hellip;]<\/cite><\/div><\/div><\/li><li class=\"\"><div class=\"sya_postcontent\"><span class=\"sya_date\">  <span class=\"sya_sep\"> <\/span><\/span><a href=\"https:\/\/www.carlosyconchita.net\/rutas\/01-04-2024-valle-de-restonica-y-visita-corte\/\" class=\"sya_postlink post-19700\" rel=\"bookmark\">01-04-2024-Valle de Restonica y visita Cort\u00e9<\/a> <span class=\"sya_categories\"><span class=\"sya_bracket\">(<\/span>0-Muy f\u00e1cil, 1 - Hasta 5 km., C\u00f3rcega<span class=\"sya_bracket\">)<\/span><\/span><div style=\"padding-left:100px\" class=\"robots-nocontent\"><cite>Hoy era el \u00fanico d\u00eda en que la previsi\u00f3n del tiempo amenazaba con lluvia, y as\u00ed a sido, al menos durante unas horas. Desde Patrimonio donde hemos estado estos d\u00edas, nos desplazamos a Cort\u00e9, en donde ten\u00edamos previsto hacer una caminata hasta el lago Melo y si pod\u00edamos (nos hab\u00edan dicho que hab\u00eda nieve todav\u00eda [&hellip;]<\/cite><\/div><\/div><\/li><li class=\"\"><div class=\"sya_postcontent\"><span class=\"sya_date\">  <span class=\"sya_sep\"> <\/span><\/span><a href=\"https:\/\/www.carlosyconchita.net\/rutas\/31-03-2024-sendero-aduanero-cap-corse\/\" class=\"sya_postlink post-19685\" rel=\"bookmark\">31-03-2024-Sendero Aduanero (Cap Corse-C\u00f3rcega)<\/a> <span class=\"sya_categories\"><span class=\"sya_bracket\">(<\/span>1-F\u00e1cil, 2 - De 5 a 10 km., C\u00f3rcega<span class=\"sya_bracket\">)<\/span><\/span><div style=\"padding-left:100px\" class=\"robots-nocontent\"><cite>Hoy haremos un recorrido en coche y a pi\u00e9 por la zona norte de la isla de C\u00f3rcega, en el Cap Corse, y al igual que ayer tenemos mucha calima que hace que parezca que est\u00e9 nublado y que impide ver a lo lejos. En coche nos dirigimos a la poblaci\u00f3n de Macinaggio, y un [&hellip;]<\/cite><\/div><\/div><\/li><li class=\"\"><div class=\"sya_postcontent\"><span class=\"sya_date\">  <span class=\"sya_sep\"> <\/span><\/span><a href=\"https:\/\/www.carlosyconchita.net\/rutas\/30-03-2024-cala-fornali-a-punta-mortella-corcega\/\" class=\"sya_postlink post-19651\" rel=\"bookmark\">30-03-2024-Cala Fornali a Punta Mortella (C\u00f3rcega)<\/a> <span class=\"sya_categories\"><span class=\"sya_bracket\">(<\/span>1-F\u00e1cil, 3 - De 10 a 15 km., C\u00f3rcega<span class=\"sya_bracket\">)<\/span><\/span><div style=\"padding-left:100px\" class=\"robots-nocontent\"><cite>Hoy hacemos una bonita excursi\u00f3n por la costa, en la zona de Agriate para llegar hasta la Punta Mortella. Dejamos el coche y empezamos a caminar en la Cala Fornali, cerca de Saint Florent y vamos siguiendo el Sendero del Litoral , muy bien marcado, y que como su nombre indica, va siguiendo la costa, [&hellip;]<\/cite><\/div><\/div><\/li><li class=\"\"><div class=\"sya_postcontent\"><span class=\"sya_date\">  <span class=\"sya_sep\"> <\/span><\/span><a href=\"https:\/\/www.carlosyconchita.net\/rutas\/29-03-2024-ile-rousse-corcega\/\" class=\"sya_postlink post-19642\" rel=\"bookmark\">29-03-2024-Ile Rousse (C\u00f3rcega)<\/a> <span class=\"sya_categories\"><span class=\"sya_bracket\">(<\/span>0-Fotos, C\u00f3rcega<span class=\"sya_bracket\">)<\/span><\/span><div style=\"padding-left:100px\" class=\"robots-nocontent\"><cite>En la poblaci\u00f3n costera de Ile-Rousse ten\u00edamos provisto hacer una peque\u00f1a excursi\u00f3n para llegar a una torre de vigilancia y al faro, pero nos hemos encontrado el camino cortado por unas obras que est\u00e1n haciendo, por lo que nos hemos limitado a dar un paseo por el pueblo y por una especie de paseo mar\u00edtimo, [&hellip;]<\/cite><\/div><\/div><\/li><li class=\"\"><div class=\"sya_postcontent\"><span class=\"sya_date\">  <span class=\"sya_sep\"> <\/span><\/span><a href=\"https:\/\/www.carlosyconchita.net\/rutas\/29-03-2024-punta-spano-corcega\/\" class=\"sya_postlink post-19626\" rel=\"bookmark\">29-03-2024-Punta Spano (C\u00f3rcega)<\/a> <span class=\"sya_categories\"><span class=\"sya_bracket\">(<\/span>1 - Hasta 5 km., 1-F\u00e1cil, C\u00f3rcega<span class=\"sya_bracket\">)<\/span><\/span><div style=\"padding-left:100px\" class=\"robots-nocontent\"><cite>Llegamos a Ajaccio con el ferry sobre las 7 de la ma\u00f1ana, y salimos de la ciudad en direcci\u00f3n a Punta Spano, dejando la visita de Ajaccio para el \u00faltimo d\u00eda de nuestras vacaciones en esta bonita isla. En la fotos se puede ver como si estuviera nublado, pero en realidad es la \u00abcalima\u00bb o [&hellip;]<\/cite><\/div><\/div><\/li><li class=\"\"><div class=\"sya_postcontent\"><span class=\"sya_date\">  <span class=\"sya_sep\"> <\/span><\/span><a href=\"https:\/\/www.carlosyconchita.net\/rutas\/29-03-2024-carretera-desde-ajaccio-a-punta-spano-corcega\/\" class=\"sya_postlink post-19628\" rel=\"bookmark\">29-03-2024-Carretera desde Ajaccio a Punta Spano (C\u00f3rcega)<\/a> <span class=\"sya_categories\"><span class=\"sya_bracket\">(<\/span>0-Fotos, C\u00f3rcega<span class=\"sya_bracket\">)<\/span><\/span><div style=\"padding-left:100px\" class=\"robots-nocontent\"><cite>Llegamos a Ajaccio con el ferry sobre las 7 de la ma\u00f1ana, y salimos de la ciudad directamente en direcci\u00f3n a Punta Spano, dejando la visita de Ajaccio para el \u00faltimo d\u00eda de nuestras vacaciones en esta bonita isla. En la fotos se puede ver como si estuviera nublado, pero en realidad es la \u00abcalima\u00bb [&hellip;]<\/cite><\/div><\/div><\/li><li class=\"\"><div class=\"sya_postcontent\"><span class=\"sya_date\">  <span class=\"sya_sep\"> <\/span><\/span><a href=\"https:\/\/www.carlosyconchita.net\/rutas\/28-03-2024-viaje-a-toulon-y-ferry-a-ajaccio\/\" class=\"sya_postlink post-19620\" rel=\"bookmark\">28-03-2024-Viaje a Toulon y ferry a Ajaccio (C\u00f3rcega)<\/a> <span class=\"sya_categories\"><span class=\"sya_bracket\">(<\/span>0-Fotos, C\u00f3rcega<span class=\"sya_bracket\">)<\/span><\/span><div style=\"padding-left:100px\" class=\"robots-nocontent\"><cite>Ruta en coche desde Cervell\u00f3 a Toulon (Francia), en donde cogeremos por la noche el ferry que nos llevar\u00e1 Ajaccio (C\u00f3rcega) Llegamos a la hora de comer a Toulon, y por la tarde visitamos los puntos m\u00e1s interesantes de la ciudad. &nbsp; Album de fotos &nbsp;<\/cite><\/div><\/div><\/li><li class=\"\"><div class=\"sya_postcontent\"><span class=\"sya_date\">  <span class=\"sya_sep\"> <\/span><\/span><a href=\"https:\/\/www.carlosyconchita.net\/rutas\/10-03-2024-coll-de-la-llosa-a-mirador\/\" class=\"sya_postlink post-19848\" rel=\"bookmark\">10-03-2024-Coll de la Llosa a Mirador<\/a> <span class=\"sya_categories\"><span class=\"sya_bracket\">(<\/span>1-F\u00e1cil, 2 - De 5 a 10 km., Les Angles<span class=\"sya_bracket\">)<\/span><\/span><div style=\"padding-left:100px\" class=\"robots-nocontent\"><cite>Aprovechando la que esta noche ha nevado bastante (ver las fotos limpiando el cristal del coche por la ma\u00f1ana) nos vamos al Coll de la Llosa para hacer una bonita caminata hasta el mirador que hay encima de la carretera de Les Angles, desde donde podemos ver la peque\u00f1a estaci\u00f3n de esqu\u00ed de la Llagone, [&hellip;]<\/cite><\/div><\/div><\/li><li class=\"\"><div class=\"sya_postcontent\"><span class=\"sya_date\">  <span class=\"sya_sep\"> <\/span><\/span><a href=\"https:\/\/www.carlosyconchita.net\/rutas\/08-03-2024-refugio-llobins\/\" class=\"sya_postlink post-20073\" rel=\"bookmark\">08-03-2024-Refugio Llobins<\/a> <span class=\"sya_categories\"><span class=\"sya_bracket\">(<\/span>0-Muy f\u00e1cil, 2 - De 5 a 10 km., Font Romeu<span class=\"sya_bracket\">)<\/span><\/span><div style=\"padding-left:100px\" class=\"robots-nocontent\"><cite>Hoy ha amanecido muy nublado y nevando, as\u00ed que de momento no nos decidimos a empezar ninguna caminata, por lo que inicialmente damos una vuelta con el coche y de paso vamos al super para comprar algunas cosas. Despu\u00e9s parece que el d\u00eda se arregla y nos acercamos a Bolqu\u00e8re-Pirineos 2000 y paramos en una [&hellip;]<\/cite><\/div><\/div><\/li><li class=\"\"><div class=\"sya_postcontent\"><span class=\"sya_date\">  <span class=\"sya_sep\"> <\/span><\/span><a href=\"https:\/\/www.carlosyconchita.net\/rutas\/03-03-2024-peniscola\/\" class=\"sya_postlink post-19813\" rel=\"bookmark\">03-03-2024-Pe\u00f1\u00edscola<\/a> <span class=\"sya_categories\"><span class=\"sya_bracket\">(<\/span>0-Fotos, Castell\u00f3n<span class=\"sya_bracket\">)<\/span><\/span><div style=\"padding-left:100px\" class=\"robots-nocontent\"><cite>En el viaje de vuelta desde Morella a casa, pasamos por Pe\u00f1\u00edscola, damos un peque\u00f1o paseo y aprovechamos para comer en la zona \u00abantigua\u00bb de la ciudad. &nbsp; Album de fotos &nbsp; &nbsp; &nbsp;<\/cite><\/div><\/div><\/li><li class=\"\"><div class=\"sya_postcontent\"><span class=\"sya_date\">  <span class=\"sya_sep\"> <\/span><\/span><a href=\"https:\/\/www.carlosyconchita.net\/rutas\/02-03-2024-rio-cervol-morella\/\" class=\"sya_postlink post-19818\" rel=\"bookmark\">02-03-2024-R\u00edo Cervol (Morella)<\/a> <span class=\"sya_categories\"><span class=\"sya_bracket\">(<\/span>1-F\u00e1cil, 2 - De 5 a 10 km., Castell\u00f3n<span class=\"sya_bracket\">)<\/span><\/span><div style=\"padding-left:100px\" class=\"robots-nocontent\"><cite>Para llegar al punto de inicio de la excursi\u00f3n de hoy, salimos de Morella y cogemos la carretera N-232 en direcci\u00f3n a Alca\u00f1iz-Zaragoza. A unos pocos kil\u00f3metros hemos de coger un desv\u00edo a la derecha (ver track de la ruta y mapa en el album de fotos), y por un camino de tierra llegaremos al [&hellip;]<\/cite><\/div><\/div><\/li><li class=\"\"><div class=\"sya_postcontent\"><span class=\"sya_date\">  <span class=\"sya_sep\"> <\/span><\/span><a href=\"https:\/\/www.carlosyconchita.net\/rutas\/01-03-2024-morella\/\" class=\"sya_postlink post-19810\" rel=\"bookmark\">01-03-2024-Morella<\/a> <span class=\"sya_categories\"><span class=\"sya_bracket\">(<\/span>0-Fotos, Castell\u00f3n<span class=\"sya_bracket\">)<\/span><\/span><div style=\"padding-left:100px\" class=\"robots-nocontent\"><cite>Album de fotos de la visita a Morella, que incluyen las fotos realizadas la noche del d\u00eda 1 , las del d\u00eda 2 y las del d\u00eda 3 por la ma\u00f1ana, antes de salir en direcci\u00f3n a Pe\u00f1iscola. Las fotos del d\u00eda 2 , en la caminata por el r\u00edo Cervol, est\u00e1n en la siguiente [&hellip;]<\/cite><\/div><\/div><\/li><li class=\"\"><div class=\"sya_postcontent\"><span class=\"sya_date\">  <span class=\"sya_sep\"> <\/span><\/span><a href=\"https:\/\/www.carlosyconchita.net\/rutas\/23-02-2024-coll-de-creu-a-refugio-y-lagos-de-los-estagnols\/\" class=\"sya_postlink post-19829\" rel=\"bookmark\">23-02-2024-Coll de Creu a Refugio y lagos de los Estagnols<\/a> <span class=\"sya_categories\"><span class=\"sya_bracket\">(<\/span>1-F\u00e1cil, 3 - De 10 a 15 km., Formigueres \/ Puyvalador<span class=\"sya_bracket\">)<\/span><\/span><div style=\"padding-left:100px\" class=\"robots-nocontent\"><cite>Hoy repetimos esta excursi\u00f3n que ya hemos hecho varias veces en los \u00faltimos a\u00f1os, tanto con raquetas como sin, porque al haber poca nieve podemos caminar sin raquetas, que no es tan cansado, pero con la ventaja de que podremos ver los paisajes del recorrido con nieve que siempre nos gusta m\u00e1s. En el recorrido [&hellip;]<\/cite><\/div><\/div><\/li><li class=\"\"><div class=\"sya_postcontent\"><span class=\"sya_date\">  <span class=\"sya_sep\"> <\/span><\/span><a href=\"https:\/\/www.carlosyconchita.net\/rutas\/06-01-2024-font-romeu-belvedere\/\" class=\"sya_postlink post-20403\" rel=\"bookmark\">06-01-2024-Font-Romeu : Coll de Pam (Belvedere)<\/a> <span class=\"sya_categories\"><span class=\"sya_bracket\">(<\/span>1-F\u00e1cil, 2 - De 5 a 10 km., Font Romeu<span class=\"sya_bracket\">)<\/span><\/span><div style=\"padding-left:100px\" class=\"robots-nocontent\"><cite>Hoy hemos hecho una bonita excursi\u00f3n con bastante nieve, aunque nos arriesgamos a ir sin raquetas, pero no hemos tenido ning\u00fan problema especial, aparte del d\u00eda muy gris , con niebla y un poco \u00abtriste\u00bb. Para llegar al punto de inicio de la excursi\u00f3n de hoy , saliendo de Font-Romeu o de Bolqu\u00e8re seguimos la [&hellip;]<\/cite><\/div><\/div><\/li><li class=\"\"><div class=\"sya_postcontent\"><span class=\"sya_date\">  <span class=\"sya_sep\"> <\/span><\/span><a href=\"https:\/\/www.carlosyconchita.net\/rutas\/04-01-2024-coll-de-la-llosa-a-coll-de-la-jacinta\/\" class=\"sya_postlink post-20393\" rel=\"bookmark\">04-01-2024-Coll de la Llosa a Coll de la Jacinta<\/a> <span class=\"sya_categories\"><span class=\"sya_bracket\">(<\/span>0-Muy f\u00e1cil, 2 - De 5 a 10 km., Les Angles<span class=\"sya_bracket\">)<\/span><\/span><div style=\"padding-left:100px\" class=\"robots-nocontent\"><cite>Hoy no tenemos mucho tiempo, por lo que s\u00f3lo podemos hacer un peque\u00f1a caminata en plan de \u00abmini-entreno\u00bb para no estar parados y nos vamos a nuestro conocido Coll de la Llosa y caminamos hasta el Coll de la Jacinta. El d\u00eda esta fresquito, pero hace sol, con alguna helada esta noche, y restos de [&hellip;]<\/cite><\/div><\/div><\/li><li class=\"\"><div class=\"sya_postcontent\"><span class=\"sya_date\">  <span class=\"sya_sep\"> <\/span><\/span><a href=\"https:\/\/www.carlosyconchita.net\/rutas\/03-01-2024-sant-pere-dels-forcats-eyne-2600\/\" class=\"sya_postlink post-20384\" rel=\"bookmark\">03-01-2024-Sant Pere dels Forcats &#8211; Eyne 2600<\/a> <span class=\"sya_categories\"><span class=\"sya_bracket\">(<\/span>1-F\u00e1cil, 2 - De 5 a 10 km., Francia, Saillagosa<span class=\"sya_bracket\">)<\/span><\/span><div style=\"padding-left:100px\" class=\"robots-nocontent\"><cite>Hoy hace un d\u00eda muy nublado y gris, con bastante fr\u00edo, por lo que no nos atrevemos a hacer una excursi\u00f3n larga por si se complica la cosa, y nos vamos a Sant Pere dels Forcats, en direcci\u00f3n a unas antenas que hay tocando a las pistas de ski. All\u00ed empezamos a caminar en direcci\u00f3n [&hellip;]<\/cite><\/div><\/div><\/li><\/ul> <a id=\"year2023\"><\/a>2023 <span class=\"sya_yearcount\"><span class=\"sya_bracket\">(<\/span>90<span class=\"sya_bracket\">)<\/span><\/span> <ul><li class=\"\"><div class=\"sya_postcontent\"><span class=\"sya_date\">  <span class=\"sya_sep\"> <\/span><\/span><a href=\"https:\/\/www.carlosyconchita.net\/rutas\/17-12-2023-carcassonne\/\" class=\"sya_postlink post-19206\" rel=\"bookmark\">17-12-2023-Carcassonne<\/a> <span class=\"sya_categories\"><span class=\"sya_bracket\">(<\/span>0-Fotos, 0-Muy f\u00e1cil, Catalunya Nord - sin clasificar<span class=\"sya_bracket\">)<\/span><\/span><div style=\"padding-left:100px\" class=\"robots-nocontent\"><cite>Album de fotos de la visita a Carcassonne :\u00a0 visita al Castillo dentro de la gran Cit\u00e9 Medieval, recorrido por la misma, y por la tarde\/noche recorrido por las diversas zonas donde se desarrollaban las atracciones y paradas del March\u00e9 de N\u00f6el. &nbsp; Album de fotos &nbsp;<\/cite><\/div><\/div><\/li><li class=\"\"><div class=\"sya_postcontent\"><span class=\"sya_date\">  <span class=\"sya_sep\"> <\/span><\/span><a href=\"https:\/\/www.carlosyconchita.net\/rutas\/16-12-2023-collioure-y-argeles-sur-mer\/\" class=\"sya_postlink post-19202\" rel=\"bookmark\">16-12-2023-Collioure y Argel\u00e8s sur Mer<\/a> <span class=\"sya_categories\"><span class=\"sya_bracket\">(<\/span>0-Fotos, 0-Muy f\u00e1cil, Catalunya Nord - sin clasificar<span class=\"sya_bracket\">)<\/span><\/span><div style=\"padding-left:100px\" class=\"robots-nocontent\"><cite>Album de fotos de la visita a Collioure (Tumba de Antonio Machado, Chateau Royal\u00a0 con exposici\u00f3n sobre los refugiados espa\u00f1oles,\u00a0 pueblo y puerto de pescadores ) y Argel\u00e8s sur Mer (playa y March\u00e8 de N\u00f6el) &nbsp; &nbsp; &nbsp;<\/cite><\/div><\/div><\/li><li class=\"\"><div class=\"sya_postcontent\"><span class=\"sya_date\">  <span class=\"sya_sep\"> <\/span><\/span><a href=\"https:\/\/www.carlosyconchita.net\/rutas\/25-11-2023-paseo-por-auckland-y-vuelo-a-doha\/\" class=\"sya_postlink post-19188\" rel=\"bookmark\">25-11-2023-Paseo por Auckland y vuelo a Doha (Nueva Zelanda)<\/a> <span class=\"sya_categories\"><span class=\"sya_bracket\">(<\/span>0-Fotos, 0-Muy f\u00e1cil, Nueva Zelanda<span class=\"sya_bracket\">)<\/span><\/span><div style=\"padding-left:100px\" class=\"robots-nocontent\"><cite>Al igual que ayer en Queenstown, hoy tenemos unas horas libres en Auckland antes de coger el vuelo a Doha por la tarde, as\u00ed que nos vamos a caminar en direcci\u00f3n al puerto, zona a la que no hab\u00edamos ido el pasado d\u00eda 12 cuando llegamos. Con tiempo m\u00e1s que suficiente, nos dirigimos despu\u00e9s al [&hellip;]<\/cite><\/div><\/div><\/li><li class=\"\"><div class=\"sya_postcontent\"><span class=\"sya_date\">  <span class=\"sya_sep\"> <\/span><\/span><a href=\"https:\/\/www.carlosyconchita.net\/rutas\/24-11-2023-paseo-por-queenstown-y-vuelo-a-auckland\/\" class=\"sya_postlink post-19184\" rel=\"bookmark\">24-11-2023-Paseo por Queenstown y vuelo a Auckland (Nueva Zelanda)<\/a> <span class=\"sya_categories\"><span class=\"sya_bracket\">(<\/span>0-Fotos, Nueva Zelanda<span class=\"sya_bracket\">)<\/span><\/span><div style=\"padding-left:100px\" class=\"robots-nocontent\"><cite>Se nos est\u00e1n acabando estas bonitas vacaciones !!! Hoy por la tarde hemos de devolver el coche en el aeropuerto de Queenstown y coger el vuelo a Auckland y por lo tanto tenemos la ma\u00f1ana libre para dar un paseo por Queestown , donde ya estuvimos el pasado d\u00eda 21. Album de fotos &nbsp;<\/cite><\/div><\/div><\/li><li class=\"\"><div class=\"sya_postcontent\"><span class=\"sya_date\">  <span class=\"sya_sep\"> <\/span><\/span><a href=\"https:\/\/www.carlosyconchita.net\/rutas\/23-11-2023-crucero-por-el-fiordo-milford-sound-nueva-zelanda\/\" class=\"sya_postlink post-19162\" rel=\"bookmark\">23-11-2023-Crucero por el fiordo Milford Sound (Nueva Zelanda)<\/a> <span class=\"sya_categories\"><span class=\"sya_bracket\">(<\/span>0-Fotos, 0-Muy f\u00e1cil, Nueva Zelanda<span class=\"sya_bracket\">)<\/span><\/span><div style=\"padding-left:100px\" class=\"robots-nocontent\"><cite>Hoy nos desplazamos desde Te Anau al peque\u00f1o puerto de Milford Sound para hacer un recorrido por el fiordo del mismo nombre, con uno de los barcos de las varias compa\u00f1\u00edas navieras de la zona. El recorrido por carretera es de unos 120 kms. pero en todas las gu\u00edas te indican que cuentes al menos [&hellip;]<\/cite><\/div><\/div><\/li><li class=\"\"><div class=\"sya_postcontent\"><span class=\"sya_date\">  <span class=\"sya_sep\"> <\/span><\/span><a href=\"https:\/\/www.carlosyconchita.net\/rutas\/22-11-2023-te-anau-y-cueva-luciernagas\/\" class=\"sya_postlink post-19157\" rel=\"bookmark\">22-11-2023-Te Anau y Cueva Luci\u00e9rnagas (Nueva Zelanda)<\/a> <span class=\"sya_categories\"><span class=\"sya_bracket\">(<\/span>0-Fotos, 0-Muy f\u00e1cil, Nueva Zelanda<span class=\"sya_bracket\">)<\/span><\/span><div style=\"padding-left:100px\" class=\"robots-nocontent\"><cite>Hoy nos desplazamos a Te Anau, la poblaci\u00f3n m\u00e1s al Sur a la que llegaremos en este viaje , y centro, por as\u00ed decir de la zona tur\u00edstica de los fiordos (Fiordland National Park) , con unos paisajes espectaculares de altas monta\u00f1as con numerosas cascadas, y profundos y largos fiordos, como el m\u00e1s famoso de [&hellip;]<\/cite><\/div><\/div><\/li><li class=\"\"><div class=\"sya_postcontent\"><span class=\"sya_date\">  <span class=\"sya_sep\"> <\/span><\/span><a href=\"https:\/\/www.carlosyconchita.net\/rutas\/21-11-2023-visita-arrowtown-y-queenstown-nueva-zelanda\/\" class=\"sya_postlink post-19146\" rel=\"bookmark\">21-11-2023-Visita Arrowtown y Queenstown (Nueva Zelanda)<\/a> <span class=\"sya_categories\"><span class=\"sya_bracket\">(<\/span>0-Fotos, 0-Muy f\u00e1cil, Nueva Zelanda<span class=\"sya_bracket\">)<\/span><\/span><div style=\"padding-left:100px\" class=\"robots-nocontent\"><cite>Album de fotos de las visitas a Arrowtown (antigua ciudad minera)\u00a0 y Queenstown (ciudad y Skyline Gondola) &nbsp; &nbsp; &nbsp; &nbsp;<\/cite><\/div><\/div><\/li><li class=\"\"><div class=\"sya_postcontent\"><span class=\"sya_date\">  <span class=\"sya_sep\"> <\/span><\/span><a href=\"https:\/\/www.carlosyconchita.net\/rutas\/21-11-2023-ruta-franz-josef-glacier-a-queenstown-nueva-zelanda\/\" class=\"sya_postlink post-19141\" rel=\"bookmark\">21-11-2023-Ruta Franz Josef Glacier a Queenstown (Nueva Zelanda)<\/a> <span class=\"sya_categories\"><span class=\"sya_bracket\">(<\/span>0-Fotos, 0-Muy f\u00e1cil, Nueva Zelanda<span class=\"sya_bracket\">)<\/span><\/span><div style=\"padding-left:100px\" class=\"robots-nocontent\"><cite>Hoy nos toca un d\u00eda de carretera para llegar a Queenstown desde Franz Josef Glacier, pero pasando por unos magn\u00edficos paisajes, como el lago Paringa,\u00a0 un tramo de la costa oeste (mar de Tasmania) , las Cascadas Thunder Creek Falls y Fantail Falls, y una gran cantidad de agua , como en todo el pa\u00eds, [&hellip;]<\/cite><\/div><\/div><\/li><li class=\"\"><div class=\"sya_postcontent\"><span class=\"sya_date\">  <span class=\"sya_sep\"> <\/span><\/span><a href=\"https:\/\/www.carlosyconchita.net\/rutas\/20-11-2023-mirador-fox-glacier-y-caminata-lago-matheson\/\" class=\"sya_postlink post-19134\" rel=\"bookmark\">20-11-2023-Mirador Fox Glacier y caminata Lago Matheson (Nueva Zelanda)<\/a> <span class=\"sya_categories\"><span class=\"sya_bracket\">(<\/span>0-Muy f\u00e1cil, 1 - Hasta 5 km., Nueva Zelanda<span class=\"sya_bracket\">)<\/span><\/span><div style=\"padding-left:100px\" class=\"robots-nocontent\"><cite>En la zona en la que estamos, hay otro glaciar importante , el Fox Glacier, y un buen mirador para verlo, aunque desde un poco lejos, est\u00e1 en medio de una gran llanura, en donde hay una reproducci\u00f3n de una antigua\u00a0 barca o \u00abwaka\u00bb, en las que seg\u00fan la tradici\u00f3n llegaron los maor\u00edes a Nueva [&hellip;]<\/cite><\/div><\/div><\/li><li class=\"\"><div class=\"sya_postcontent\"><span class=\"sya_date\">  <span class=\"sya_sep\"> <\/span><\/span><a href=\"https:\/\/www.carlosyconchita.net\/rutas\/20-11-2023-franz-josef-glacier-glacier-view-y-sentinel-rock\/\" class=\"sya_postlink post-19128\" rel=\"bookmark\">20-11-2023-Franz Josef Glacier : Glacier View y Sentinel Rock (Nueva Zelanda)<\/a> <span class=\"sya_categories\"><span class=\"sya_bracket\">(<\/span>0-Muy f\u00e1cil, 1 - Hasta 5 km., Nueva Zelanda<span class=\"sya_bracket\">)<\/span><\/span><div style=\"padding-left:100px\" class=\"robots-nocontent\"><cite>Ya que no hemos hecho toda la excursi\u00f3n del Robert Point Track, desde el mismo parking en donde hemos dejado el coche, hacemos 2 peque\u00f1as caminatas para llegar a 2 miradores del Glaciar Franz Josef. Como se puede ver en las fotos, actualmente el glaciar queda ya algo apartado, debido a la progresiva desaparici\u00f3n del [&hellip;]<\/cite><\/div><\/div><\/li><li class=\"\"><div class=\"sya_postcontent\"><span class=\"sya_date\">  <span class=\"sya_sep\"> <\/span><\/span><a href=\"https:\/\/www.carlosyconchita.net\/rutas\/20-11-2023-robert-track-point-nueva-zelanda\/\" class=\"sya_postlink post-19117\" rel=\"bookmark\">20-11-2023-Robert Track Point (Nueva Zelanda)<\/a> <span class=\"sya_categories\"><span class=\"sya_bracket\">(<\/span>2 - De 5 a 10 km., 2-Moderada, Nueva Zelanda<span class=\"sya_bracket\">)<\/span><\/span><div style=\"padding-left:100px\" class=\"robots-nocontent\"><cite>Hoy ten\u00edamos previsto hacer una excursi\u00f3n de unos 12 kms. para llegar al llamado \u00abRobert Track Point\u00bb, el punto m\u00e1s cercano a la lengua del Glaciar Franz Josef a donde se puede llegar actualmente, ya que debido al continuo retroceso del glaciar debido al aumento de temperatura, cada a\u00f1o la lengua del glaciar retrocede un [&hellip;]<\/cite><\/div><\/div><\/li><li class=\"\"><div class=\"sya_postcontent\"><span class=\"sya_date\">  <span class=\"sya_sep\"> <\/span><\/span><a href=\"https:\/\/www.carlosyconchita.net\/rutas\/19-11-2023-hokitika-gorge\/\" class=\"sya_postlink post-19111\" rel=\"bookmark\">19-11-2023-Hokitika Gorge (Nueva Zelanda)<\/a> <span class=\"sya_categories\"><span class=\"sya_bracket\">(<\/span>0-Muy f\u00e1cil, 1 - Hasta 5 km., Nueva Zelanda<span class=\"sya_bracket\">)<\/span><\/span><div style=\"padding-left:100px\" class=\"robots-nocontent\"><cite>De camino a nuestro destino de hoy, el Franz Josef Glacier, paramos para hacer un bonito recorrido por la Hokitika Gorge, m\u00e1s corto de lo previsto ya que hab\u00eda un tramo cortado y no pudimos hacer el recorrido circular, sino que tuvimos que volver por el mismo camino de la ida. Aunque corto, unos 3 [&hellip;]<\/cite><\/div><\/div><\/li><li class=\"\"><div class=\"sya_postcontent\"><span class=\"sya_date\">  <span class=\"sya_sep\"> <\/span><\/span><a href=\"https:\/\/www.carlosyconchita.net\/rutas\/19-11-2023-pancake-rocks\/\" class=\"sya_postlink post-19102\" rel=\"bookmark\">19-11-2023-Pancake Rocks (Nueva Zelanda)<\/a> <span class=\"sya_categories\"><span class=\"sya_bracket\">(<\/span>0-Muy f\u00e1cil, 1 - Hasta 5 km., Nueva Zelanda<span class=\"sya_bracket\">)<\/span><\/span><div style=\"padding-left:100px\" class=\"robots-nocontent\"><cite>Muy cerca de Punakaiki en donde hemos dormido esta noche, tenemos las Pancake Rocks, unas curiosas formaciones rocosas en la costa, que realmente parecen unas \u00abpancakes\u00bb apiladas. El recorrido es muy f\u00e1cil y bastante corto, perfectamente indicado, por lo que no hemos grabado ning\u00fan track del mismo. Album de fotos &nbsp; Minivideo &nbsp;<\/cite><\/div><\/div><\/li><li class=\"\"><div class=\"sya_postcontent\"><span class=\"sya_date\">  <span class=\"sya_sep\"> <\/span><\/span><a href=\"https:\/\/www.carlosyconchita.net\/rutas\/18-11-2023-ferry-estrecho-cook-ruta-y-hotel-punakaiki\/\" class=\"sya_postlink post-19098\" rel=\"bookmark\">18-11-2023-Ferry estrecho Cook, ruta carretera y hotel Punakaiki<\/a> <span class=\"sya_categories\"><span class=\"sya_bracket\">(<\/span>0-Fotos, 0-Muy f\u00e1cil, Nueva Zelanda<span class=\"sya_bracket\">)<\/span><\/span><div style=\"padding-left:100px\" class=\"robots-nocontent\"><cite>Hoy desde Wellington,\u00a0 con bastante retraso sobre el horario previsto, cogemos el ferry que une las dos islas de Nueva Zelanda, y que nos llevar\u00e1 a Picton. La traves\u00eda dura unas 3.5 horas, y es muy bonita, ya que aparte de que hemos tenido un d\u00eda magn\u00edfico con mucho sol, el recorrido por el estrecho [&hellip;]<\/cite><\/div><\/div><\/li><li class=\"\"><div class=\"sya_postcontent\"><span class=\"sya_date\">  <span class=\"sya_sep\"> <\/span><\/span><a href=\"https:\/\/www.carlosyconchita.net\/rutas\/17-11-2023-visita-wellington\/\" class=\"sya_postlink post-19093\" rel=\"bookmark\">17-11-2023-Visita Wellington<\/a> <span class=\"sya_categories\"><span class=\"sya_bracket\">(<\/span>0-Fotos, 0-Muy f\u00e1cil, Nueva Zelanda<span class=\"sya_bracket\">)<\/span><\/span><div style=\"padding-left:100px\" class=\"robots-nocontent\"><cite>&nbsp; &nbsp; Hoy llegamos al mediod\u00eda a\u00a0 Welington, la capital de Nueva Zelanda, y por la tarde visitamos caminando los puntos m\u00e1s interesantes de la misma, como son el Parlamento, con sus edificios anexos como la Biblioteca, la Catedral de San Pablo y el antiguo edificio del gobierno, situados todos ellos muy cerca unos de [&hellip;]<\/cite><\/div><\/div><\/li><li class=\"\"><div class=\"sya_postcontent\"><span class=\"sya_date\">  <span class=\"sya_sep\"> <\/span><\/span><a href=\"https:\/\/www.carlosyconchita.net\/rutas\/16-11-2023-tama-lakes-y-taranaki-falls\/\" class=\"sya_postlink post-19075\" rel=\"bookmark\">16-11-2023-Tama Lakes y Taranaki Falls<\/a> <span class=\"sya_categories\"><span class=\"sya_bracket\">(<\/span>2-Moderada, 4 - De 15 a 20 km., Nueva Zelanda<span class=\"sya_bracket\">)<\/span><\/span><div style=\"padding-left:100px\" class=\"robots-nocontent\"><cite>Hoy hemos hecho un bonita y larga excursi\u00f3n en el Tongariro National Park para llegar hasta los Tama Lakes, en plural, porque hay dos, el \u00abLower\u00bb o \u00abBajo\u00bb, y el \u00abUpper\u00bb o \u00abAlto\u00bb, y pasando tambi\u00e9n por la Cascada de Tanaraka. El punto de inicio de la excursi\u00f3n est\u00e1 en la peque\u00f1a poblaci\u00f3n de Wakapapa, [&hellip;]<\/cite><\/div><\/div><\/li><li class=\"\"><div class=\"sya_postcontent\"><span class=\"sya_date\">  <span class=\"sya_sep\"> <\/span><\/span><a href=\"https:\/\/www.carlosyconchita.net\/rutas\/15-11-2023-craters-of-the-moon\/\" class=\"sya_postlink post-19060\" rel=\"bookmark\">15-11-2023-Craters of The Moon y Huka Falls<\/a> <span class=\"sya_categories\"><span class=\"sya_bracket\">(<\/span>0-Muy f\u00e1cil, 1 - Hasta 5 km., Nueva Zelanda<span class=\"sya_bracket\">)<\/span><\/span><div style=\"padding-left:100px\" class=\"robots-nocontent\"><cite>Hoy nos desplazamos desde Rotorua hasta Tongariro, pero en el camino nos detenemos en dos puntos interesantes : &#8211; Craters of The Moon :\u00a0 visita a otra zona termal\/volc\u00e1nica , y dado su corto recorrido no hemos grabado ning\u00fan track. &#8211; Huka Falls : magn\u00edfica cascada con una gran cantidad de aguas azules y limpias, [&hellip;]<\/cite><\/div><\/div><\/li><li class=\"\"><div class=\"sya_postcontent\"><span class=\"sya_date\">  <span class=\"sya_sep\"> <\/span><\/span><a href=\"https:\/\/www.carlosyconchita.net\/rutas\/14-11-2023-wai-o-tapu-valle-geotermal\/\" class=\"sya_postlink post-19051\" rel=\"bookmark\">14-11-2023-Wai-o-Tapu (Valle geotermal)<\/a> <span class=\"sya_categories\"><span class=\"sya_bracket\">(<\/span>1 - Hasta 5 km., 1-F\u00e1cil, Nueva Zelanda<span class=\"sya_bracket\">)<\/span><\/span><div style=\"padding-left:100px\" class=\"robots-nocontent\"><cite>Despu\u00e9s del Valle de Waimangu, nos dirigimos a Wai-o-Tapu, en donde podemos hacer una caminata para recorrerlo todo, en donde veremos antiguos crateres, fumarolas, lagos de agua caliente y de barro de varios colores,\u00a0 etc. En la entrada del parque tenemos un caf\u00e9, tienda de recuerdos etc. y un mapa con los varios recorridos que [&hellip;]<\/cite><\/div><\/div><\/li><li class=\"\"><div class=\"sya_postcontent\"><span class=\"sya_date\">  <span class=\"sya_sep\"> <\/span><\/span><a href=\"https:\/\/www.carlosyconchita.net\/rutas\/14-11-2023-waimangu-valle-volcanico\/\" class=\"sya_postlink post-19044\" rel=\"bookmark\">14-11-2023-Waimangu (Valle volc\u00e1nico)<\/a> <span class=\"sya_categories\"><span class=\"sya_bracket\">(<\/span>1 - Hasta 5 km., 1-F\u00e1cil, Nueva Zelanda<span class=\"sya_bracket\">)<\/span><\/span><div style=\"padding-left:100px\" class=\"robots-nocontent\"><cite>Hoy visitaremos el Valle volc\u00e1nico de Waimangu, situado cerca de Rotorua, en donde haremos una f\u00e1cil caminata entre lagos, y fumarolas, siguiendo en parte el recorrido de un peque\u00f1o r\u00edo, el Waimangu, hasta llegar al lago de Rotomahana. El valle se form\u00f3 por la erupci\u00f3n de la parte norte del Monte Tarawera el 10 de [&hellip;]<\/cite><\/div><\/div><\/li><li class=\"\"><div class=\"sya_postcontent\"><span class=\"sya_date\">  <span class=\"sya_sep\"> <\/span><\/span><a href=\"https:\/\/www.carlosyconchita.net\/rutas\/13-11-2023-rotorua\/\" class=\"sya_postlink post-19027\" rel=\"bookmark\">13-11-2023-Rotorua<\/a> <span class=\"sya_categories\"><span class=\"sya_bracket\">(<\/span>0-Fotos, 0-Muy f\u00e1cil, Nueva Zelanda<span class=\"sya_bracket\">)<\/span><\/span><div style=\"padding-left:100px\" class=\"robots-nocontent\"><cite>Hoy nos desplazamos desde Auckland a Rotorua, en donde visitamos el Parque Termal de Kuirau, en la misma ciudad, podemos ver el lago Rotorua, y en Te Puia, muy cerca de la ciudad, el\u00a0 Parque Termal de Whakarewarewa, en donde adem\u00e1s de caminar por la zona termal, con fumarolas, agua hirviendo etc. hemos asistido a [&hellip;]<\/cite><\/div><\/div><\/li><li class=\"\"><div class=\"sya_postcontent\"><span class=\"sya_date\">  <span class=\"sya_sep\"> <\/span><\/span><a href=\"https:\/\/www.carlosyconchita.net\/rutas\/12-11-2023-visita-auckland\/\" class=\"sya_postlink post-19020\" rel=\"bookmark\">12-11-2023-Visita Auckland<\/a> <span class=\"sya_categories\"><span class=\"sya_bracket\">(<\/span>0-Fotos, 0-Muy f\u00e1cil, Nueva Zelanda<span class=\"sya_bracket\">)<\/span><\/span><div style=\"padding-left:100px\" class=\"robots-nocontent\"><cite>Primer d\u00eda de estancia en Nueva Zelanda, y visita a la ciudad de Auckland, despu\u00e9s del largo vuelo desde Barcelona. Visitamos la Sky Tower, con unas magn\u00edficas vistas de la ciudad desde las alturas, con una plataforma y un ascensor con el suelo de cristal, la zona de la Universidad, con sus jardines y la [&hellip;]<\/cite><\/div><\/div><\/li><li class=\"\"><div class=\"sya_postcontent\"><span class=\"sya_date\">  <span class=\"sya_sep\"> <\/span><\/span><a href=\"https:\/\/www.carlosyconchita.net\/rutas\/14-10-2023-lago-esparver\/\" class=\"sya_postlink post-19006\" rel=\"bookmark\">14-10-2023-Lago Esparver<\/a> <span class=\"sya_categories\"><span class=\"sya_bracket\">(<\/span>1-F\u00e1cil, 2 - De 5 a 10 km., Boullosas<span class=\"sya_bracket\">)<\/span><\/span><div style=\"padding-left:100px\" class=\"robots-nocontent\"><cite>Despu\u00e9s de 10 a\u00f1os, volvemos al lago de Esparver, ( ver\u00a0 28-09-2013 \u2013 Lago de Esparver (Boullosas)\u00a0 )\u00a0 en una f\u00e1cil excursi\u00f3n que empieza en la presa del lago de las Boullossas, aprovechando tambi\u00e9n que en estas fechas se puede llegar en coche hasta la citada presa, y as\u00ed no dependemos del bus o \u00abnavette\u00bb [&hellip;]<\/cite><\/div><\/div><\/li><li class=\"\"><div class=\"sya_postcontent\"><span class=\"sya_date\">  <span class=\"sya_sep\"> <\/span><\/span><a href=\"https:\/\/www.carlosyconchita.net\/rutas\/13-10-2023-puigmal-de-llo-y-petit-del-segre\/\" class=\"sya_postlink post-18994\" rel=\"bookmark\">13-10-2023-Puigmal de Llo y Petit del Segre<\/a> <span class=\"sya_categories\"><span class=\"sya_bracket\">(<\/span>100 Cims Carlos y Conchita, 2 - De 5 a 10 km., 2-Moderada, Saillagosa<span class=\"sya_bracket\">)<\/span><\/span><div style=\"padding-left:100px\" class=\"robots-nocontent\"><cite>Anteriormente hab\u00edamos subido al Puigmal, (el principal, por as\u00ed decir )\u00a0 desde Fontalba (ver enlace\u00a0 28-07-2018-Puigmal desde Fontalba (100 Cims) )\u00a0 , pero realmente hay otros 3 llamados Puigmal, con apellido :\u00a0 el Puigmal de Llo, el Puigmal\u00a0 Petit del Segre, y el Puigmal del Segre. Hoy hemos hecho 2 de \u00e9stos, concretamente el Puigmal [&hellip;]<\/cite><\/div><\/div><\/li><li class=\"\"><div class=\"sya_postcontent\"><span class=\"sya_date\">  <span class=\"sya_sep\"> <\/span><\/span><a href=\"https:\/\/www.carlosyconchita.net\/rutas\/29-09-2023-borna-420\/\" class=\"sya_postlink post-18980\" rel=\"bookmark\">29-09-2023-Borna 420<\/a> <span class=\"sya_categories\"><span class=\"sya_bracket\">(<\/span>2-Moderada, 3 - De 10 a 15 km., Mojones \/ Bornas frontera ES-FR, Valle de Ar\u00e1n<span class=\"sya_bracket\">)<\/span><\/span><div style=\"padding-left:100px\" class=\"robots-nocontent\"><cite>574 bornas localizadas hasta hoy , del total de 602 existentes, nos faltan s\u00f3lo 28 Enlace al album de fotos de las bornas :\u00a0\u00a0\u00a0\u00a0 Fotos bornas &nbsp; Hoy volvemos a Montgarri, para hacer la borna 420, situada en el Port d&#8217;Orl\u00e9 o de Orla, y casi seguro cerrar la \u00abtemporada\u00bb de bornas de este a\u00f1o, [&hellip;]<\/cite><\/div><\/div><\/li><li class=\"\"><div class=\"sya_postcontent\"><span class=\"sya_date\">  <span class=\"sya_sep\"> <\/span><\/span><a href=\"https:\/\/www.carlosyconchita.net\/rutas\/28-09-2023-borna-420-bis\/\" class=\"sya_postlink post-18958\" rel=\"bookmark\">28-09-2023-Borna 420 bis<\/a> <span class=\"sya_categories\"><span class=\"sya_bracket\">(<\/span>3-Dif\u00edcil, 4 - De 15 a 20 km., Mojones \/ Bornas frontera ES-FR, Valle de Ar\u00e1n<span class=\"sya_bracket\">)<\/span><\/span><div style=\"padding-left:100px\" class=\"robots-nocontent\"><cite>573 bornas localizadas hasta hoy , del total de 602 existentes, nos faltan s\u00f3lo 29 Enlace al album de fotos de las bornas :\u00a0\u00a0\u00a0\u00a0 Fotos bornas &nbsp; Hoy hemos hecho una larga, cansada , dif\u00edcil para nosotros y calurosa caminata para llegar a la borna o moj\u00f3n fronterizo 420bis, empezando en en Refugio de Montgarri, [&hellip;]<\/cite><\/div><\/div><\/li><li class=\"\"><div class=\"sya_postcontent\"><span class=\"sya_date\">  <span class=\"sya_sep\"> <\/span><\/span><a href=\"https:\/\/www.carlosyconchita.net\/rutas\/14-09-2023-borna-321-port-de-la-canau\/\" class=\"sya_postlink post-18941\" rel=\"bookmark\">14-09-2023-Borna 321 (Port de la Canau)<\/a> <span class=\"sya_categories\"><span class=\"sya_bracket\">(<\/span>2 - De 5 a 10 km., 2-Moderada, Gavarnie, Mojones \/ Bornas frontera ES-FR<span class=\"sya_bracket\">)<\/span><\/span><div style=\"padding-left:100px\" class=\"robots-nocontent\"><cite>573 bornas localizadas hasta hoy , del total de 602 existentes, nos faltan s\u00f3lo 29 Enlace al album de fotos de las bornas :\u00a0\u00a0\u00a0\u00a0 Fotos bornas Hoy hemos subido hasta el Port de la Canau, en donde est\u00e1 la borna o moj\u00f3n fronterizo 321, con un considerable desnivel, ya que en menos de 3 km. [&hellip;]<\/cite><\/div><\/div><\/li><li class=\"\"><div class=\"sya_postcontent\"><span class=\"sya_date\">  <span class=\"sya_sep\"> <\/span><\/span><a href=\"https:\/\/www.carlosyconchita.net\/rutas\/13-09-2023-bornas-318-319\/\" class=\"sya_postlink post-18930\" rel=\"bookmark\">13-09-2023-Bornas 318-319<\/a> <span class=\"sya_categories\"><span class=\"sya_bracket\">(<\/span>1 - Hasta 5 km., 1-F\u00e1cil, Gavarnie, Mojones \/ Bornas frontera ES-FR<span class=\"sya_bracket\">)<\/span><\/span><div style=\"padding-left:100px\" class=\"robots-nocontent\"><cite>572 bornas localizadas hasta hoy , del total de 602 existentes, nos faltan s\u00f3lo 30 Enlace al album de fotos de las bornas :\u00a0\u00a0\u00a0\u00a0 Fotos bornas &nbsp; Hoy hemos hecho una f\u00e1cil excursi\u00f3n para localizar y fotografiar las bornas o mojones 318 y 319, y as\u00ed descansamos un poco, ya que ma\u00f1ana tenemos que hacer [&hellip;]<\/cite><\/div><\/div><\/li><li class=\"\"><div class=\"sya_postcontent\"><span class=\"sya_date\">  <span class=\"sya_sep\"> <\/span><\/span><a href=\"https:\/\/www.carlosyconchita.net\/rutas\/12-09-2023-borna-317-puerto-de-bernatuara\/\" class=\"sya_postlink post-18909\" rel=\"bookmark\">12-09-2023-Borna 317 (Puerto de Bernatuara)<\/a> <span class=\"sya_categories\"><span class=\"sya_bracket\">(<\/span>2 - De 5 a 10 km., 2-Moderada, Gavarnie, Mojones \/ Bornas frontera ES-FR<span class=\"sya_bracket\">)<\/span><\/span><div style=\"padding-left:100px\" class=\"robots-nocontent\"><cite>570 bornas localizadas hasta hoy , del total de 602 existentes, nos faltan s\u00f3lo 32 Enlace al album de fotos de las bornas :\u00a0\u00a0\u00a0\u00a0 Fotos bornas &nbsp; Desde Lourdes donde hemos dormido esta pasada noche nos dirigimos a Gavarnie, y desde all\u00ed seguimos por la carretera D-128 hasta casi al final de la misma, en [&hellip;]<\/cite><\/div><\/div><\/li><li class=\"\"><div class=\"sya_postcontent\"><span class=\"sya_date\">  <span class=\"sya_sep\"> <\/span><\/span><a href=\"https:\/\/www.carlosyconchita.net\/rutas\/11-09-2023-lourdes\/\" class=\"sya_postlink post-18894\" rel=\"bookmark\">11-09-2023-Lourdes<\/a> <span class=\"sya_categories\"><span class=\"sya_bracket\">(<\/span>0-Fotos, 0-Muy f\u00e1cil, Francia<span class=\"sya_bracket\">)<\/span><\/span><div style=\"padding-left:100px\" class=\"robots-nocontent\"><cite>Despu\u00e9s de hacer ayer la borna 417, ten\u00edamos que desplazarnos desde Boss\u00f3sst hasta la zona de Gavarnie, as\u00ed que hemos aprovechado para pasar por Lourdes, en donde no hab\u00edamos estado nunca,\u00a0 y hacer una visita tur\u00edstica normal, sin caminatas por la monta\u00f1a ni b\u00fasqueda de bornas. De esta forma, ma\u00f1ana dia 12 podemos llegar a [&hellip;]<\/cite><\/div><\/div><\/li><li class=\"\"><div class=\"sya_postcontent\"><span class=\"sya_date\">  <span class=\"sya_sep\"> <\/span><\/span><a href=\"https:\/\/www.carlosyconchita.net\/rutas\/10-09-2023-borna-417\/\" class=\"sya_postlink post-18735\" rel=\"bookmark\">10-09-2023-Borna 417<\/a> <span class=\"sya_categories\"><span class=\"sya_bracket\">(<\/span>3 - De 10 a 15 km., 3-Dif\u00edcil, Mojones \/ Bornas frontera ES-FR, Valle de Ar\u00e1n<span class=\"sya_bracket\">)<\/span><\/span><div style=\"padding-left:100px\" class=\"robots-nocontent\"><cite>569 bornas localizadas hasta hoy , del total de 602 existentes, nos faltan s\u00f3lo 33 Enlace al album de fotos de las bornas :\u00a0\u00a0\u00a0\u00a0 Fotos bornas &nbsp; Hoy por fin hemos podido llegar hasta la borna 417, ya que la vez anterior, debido a la lluvia de los d\u00edas anteriores, no pudimos subir por una [&hellip;]<\/cite><\/div><\/div><\/li><li class=\"\"><div class=\"sya_postcontent\"><span class=\"sya_date\">  <span class=\"sya_sep\"> <\/span><\/span><a href=\"https:\/\/www.carlosyconchita.net\/rutas\/05-09-2023-intento-b-330-bis-descenso\/\" class=\"sya_postlink post-19606\" rel=\"bookmark\">05-09-2023-Intento B-330 bis : descenso<\/a> <span class=\"sya_categories\"><span class=\"sya_bracket\">(<\/span>1-F\u00e1cil, 2 - De 5 a 10 km., Huesca, Mojones \/ Bornas frontera ES-FR<span class=\"sya_bracket\">)<\/span><\/span><div style=\"padding-left:100px\" class=\"robots-nocontent\"><cite>Como dec\u00edamos en la publicaci\u00f3n de ayer, debido al fuerte ruido del viento y especialmente al ruido de las vacas con sus cencerros, dormimos muy mal, en especial yo, que pr\u00e1cticamente no pegu\u00e9 ojo en toda la noche, como se suele decir. Por ello, por la ma\u00f1ana , a la hora prevista de levantarnos, yo [&hellip;]<\/cite><\/div><\/div><\/li><li class=\"\"><div class=\"sya_postcontent\"><span class=\"sya_date\">  <span class=\"sya_sep\"> <\/span><\/span><a href=\"https:\/\/www.carlosyconchita.net\/rutas\/04-09-2023-intento-b-330-bis-nuestra-primera-acampada-en-montana\/\" class=\"sya_postlink post-19588\" rel=\"bookmark\">04-09-2023-Intento B-330 bis : nuestra primera acampada en monta\u00f1a<\/a> <span class=\"sya_categories\"><span class=\"sya_bracket\">(<\/span>1-F\u00e1cil, Huesca, Mojones \/ Bornas frontera ES-FR<span class=\"sya_bracket\">)<\/span><\/span><div style=\"padding-left:100px\" class=\"robots-nocontent\"><cite>Esta noche nos hemos \u00abestrenado\u00bb en lo de acampar al aire libre en la monta\u00f1a, ya que posiblemente tendremos que hacerlo alguna otra vez para llegar a las bornas que nos quedan, y aprovechando que nuestro amigo Eef estaba por aqu\u00ed, hemos preferido ir con \u00e9l para estar un poco m\u00e1s tranquilos al ser la [&hellip;]<\/cite><\/div><\/div><\/li><li class=\"\"><div class=\"sya_postcontent\"><span class=\"sya_date\">  <span class=\"sya_sep\"> <\/span><\/span><a href=\"https:\/\/www.carlosyconchita.net\/rutas\/31-08-2023-borna-421-port-daula\/\" class=\"sya_postlink post-18700\" rel=\"bookmark\">31-08-2023-Borna 421 (Port d&#8217;Aul\u00e1)<\/a> <span class=\"sya_categories\"><span class=\"sya_bracket\">(<\/span>1-F\u00e1cil, 2 - De 5 a 10 km., Mojones \/ Bornas frontera ES-FR, Pallars Sobir\u00e1<span class=\"sya_bracket\">)<\/span><\/span><div style=\"padding-left:100px\" class=\"robots-nocontent\"><cite>568 bornas localizadas hasta hoy , del total de 602 existentes, nos faltan s\u00f3lo 34 Enlace al album de fotos de las bornas :\u00a0\u00a0\u00a0\u00a0 Fotos bornas &nbsp; Al igual que ayer, nos dirigimos al parking del Pont de la Perosa, donde dejamos el coche, para empezar a caminar por la ancha pista que empieza all\u00ed, [&hellip;]<\/cite><\/div><\/div><\/li><li class=\"\"><div class=\"sya_postcontent\"><span class=\"sya_date\">  <span class=\"sya_sep\"> <\/span><\/span><a href=\"https:\/\/www.carlosyconchita.net\/rutas\/30-08-2023-bornas-422422-ii-port-de-salau\/\" class=\"sya_postlink post-18688\" rel=\"bookmark\">30-08-2023-Bornas 422+422-II (Port de Salau)<\/a> <span class=\"sya_categories\"><span class=\"sya_bracket\">(<\/span>2-Moderada, 4 - De 15 a 20 km., Mojones \/ Bornas frontera ES-FR, Pallars Sobir\u00e1<span class=\"sya_bracket\">)<\/span><\/span><div style=\"padding-left:100px\" class=\"robots-nocontent\"><cite>567 bornas localizadas hasta hoy , del total de 602 existentes, nos faltan s\u00f3lo 35 Enlace al album de fotos de las bornas :\u00a0\u00a0\u00a0\u00a0 Fotos bornas &nbsp; Desde Esterri d&#8217;Aneu seguimos la carretera C-147 hasta el final en Al\u00f3s de Isil, y all\u00ed contin\u00faa un camino vecinal, en alg\u00fan tramo asfaltado,\u00a0 que siguiendo el Noguera [&hellip;]<\/cite><\/div><\/div><\/li><li class=\"\"><div class=\"sya_postcontent\"><span class=\"sya_date\">  <span class=\"sya_sep\"> <\/span><\/span><a href=\"https:\/\/www.carlosyconchita.net\/rutas\/18-08-2023-lo-forau-daigualluts\/\" class=\"sya_postlink post-18660\" rel=\"bookmark\">18-08-2023-Lo Forau d&#8217;Aigualluts<\/a> <span class=\"sya_categories\"><span class=\"sya_bracket\">(<\/span>1-F\u00e1cil, 2 - De 5 a 10 km., Huesca<span class=\"sya_bracket\">)<\/span><\/span><div style=\"padding-left:100px\" class=\"robots-nocontent\"><cite>Hoy ten\u00edamos que hacer una corta excursi\u00f3n al Forau d&#8217;Aigualluts, ya que depu\u00e9s ten\u00edamos que volver ya a casa, pero finalmente la hemos alargado para subir al Coll de la Renclusa, y bajar despu\u00e9s al refugio del mismo nombre. Hemos cogido el autob\u00fas que nos lleva hasta el parking de la Besurta, y desde all\u00ed [&hellip;]<\/cite><\/div><\/div><\/li><li class=\"\"><div class=\"sya_postcontent\"><span class=\"sya_date\">  <span class=\"sya_sep\"> <\/span><\/span><a href=\"https:\/\/www.carlosyconchita.net\/rutas\/17-08-2023-borna-331-puerto-de-la-glera\/\" class=\"sya_postlink post-18649\" rel=\"bookmark\">17-08-2023-Borna 331 -Puerto de la Glera<\/a> <span class=\"sya_categories\"><span class=\"sya_bracket\">(<\/span>2 - De 5 a 10 km., 2-Moderada, Huesca, Mojones \/ Bornas frontera ES-FR<span class=\"sya_bracket\">)<\/span><\/span><div style=\"padding-left:100px\" class=\"robots-nocontent\"><cite>566 bornas localizadas hasta hoy , del total de 602 existentes, nos faltan s\u00f3lo 36 Enlace al album de fotos de las bornas :\u00a0\u00a0\u00a0\u00a0 Fotos bornas Hoy continuamos en la zona de Benasque, y nos dirigimos al Puerto de la Glera, en donde est\u00e1 la borna 331. Para ello, con el coche nos dirigimos por [&hellip;]<\/cite><\/div><\/div><\/li><li class=\"\"><div class=\"sya_postcontent\"><span class=\"sya_date\">  <span class=\"sya_sep\"> <\/span><\/span><a href=\"https:\/\/www.carlosyconchita.net\/rutas\/16-08-2023-bornas-332-334-portillon-de-benasque-puerto-de-la-picada\/\" class=\"sya_postlink post-18636\" rel=\"bookmark\">16-08-2023-Bornas 332-334 (Portill\u00f3n de Benasque-Puerto de la Picada)<\/a> <span class=\"sya_categories\"><span class=\"sya_bracket\">(<\/span>2-Moderada, 3 - De 10 a 15 km., Huesca, Mojones \/ Bornas frontera ES-FR<span class=\"sya_bracket\">)<\/span><\/span><div style=\"padding-left:100px\" class=\"robots-nocontent\"><cite>565 bornas localizadas hasta hoy , del total de 602 existentes, nos faltan s\u00f3lo 37 Hoy hemos hecho una bonita excursi\u00f3n , pero bastante larga y durilla por la zona de Benasque, para localizar las bornas 332 a 334. Hemos empezado a caminar un poco antes del parking de la Besurta, a donde en verano [&hellip;]<\/cite><\/div><\/div><\/li><li class=\"\"><div class=\"sya_postcontent\"><span class=\"sya_date\">  <span class=\"sya_sep\"> <\/span><\/span><a href=\"https:\/\/www.carlosyconchita.net\/rutas\/11-08-2023-artiga-de-lin-uelhs-deth-joeu\/\" class=\"sya_postlink post-18673\" rel=\"bookmark\">11-08-2023-Artiga de Lin (Uelhs deth Jo\u00e8u)<\/a> <span class=\"sya_categories\"><span class=\"sya_bracket\">(<\/span>1-F\u00e1cil, 2 - De 5 a 10 km., Valle de Ar\u00e1n<span class=\"sya_bracket\">)<\/span><\/span><div style=\"padding-left:100px\" class=\"robots-nocontent\"><cite>Hoy antes de irnos a casa, aprovechamos para hacer una peque\u00f1a excursi\u00f3n, que al final siempre acabamos alargando, para ir a ver los Uelhs deth Jo\u00e8u, en Artiga de Lin, un curioso sitio en donde sale a la superficie el agua que viene desde el Aneto, y que despu\u00e9s de \u00abdesaparecer\u00bb en el llamado Lo [&hellip;]<\/cite><\/div><\/div><\/li><li class=\"\"><div class=\"sya_postcontent\"><span class=\"sya_date\">  <span class=\"sya_sep\"> <\/span><\/span><a href=\"https:\/\/www.carlosyconchita.net\/rutas\/10-08-2023-bornas-418-419\/\" class=\"sya_postlink post-18624\" rel=\"bookmark\">10-08-2023-Bornas 418-419<\/a> <span class=\"sya_categories\"><span class=\"sya_bracket\">(<\/span>2 - De 5 a 10 km., 2-Moderada, Mojones \/ Bornas frontera ES-FR, Valle de Ar\u00e1n<span class=\"sya_bracket\">)<\/span><\/span><div style=\"padding-left:100px\" class=\"robots-nocontent\"><cite>562 bornas localizadas hasta hoy , del total de 602 existentes, nos faltan s\u00f3lo 40 Desde Bagergue , cerca de Vielha, tomamos con el coche un camino de tierra de unos 10 kms. con algunos tramos en bastante mal estado , y dos tramos muy dif\u00edciles, con una fuerte pendiente , con piedras de todos [&hellip;]<\/cite><\/div><\/div><\/li><li class=\"\"><div class=\"sya_postcontent\"><span class=\"sya_date\">  <span class=\"sya_sep\"> <\/span><\/span><a href=\"https:\/\/www.carlosyconchita.net\/rutas\/09-08-2023-bornas-411-414\/\" class=\"sya_postlink post-18610\" rel=\"bookmark\">09-08-2023-Bornas 411-414<\/a> <span class=\"sya_categories\"><span class=\"sya_bracket\">(<\/span>2 - De 5 a 10 km., 2-Moderada, Mojones \/ Bornas frontera ES-FR, Valle de Ar\u00e1n<span class=\"sya_bracket\">)<\/span><\/span><div style=\"padding-left:100px\" class=\"robots-nocontent\"><cite>560 bornas localizadas hasta hoy , del total de 602 existentes, nos faltan s\u00f3lo 42 Hoy volvemos a la zona de Canejan, para llegar hasta las bornas 411 y 412, ya que el pasado d\u00eda\u00a0 01-07-2023-Bornas 413 a 416 (+ intento 417)\u00a0\u00a0 no pudimos hacer , debido a las complicaciones y longitud del recorrido. Desde [&hellip;]<\/cite><\/div><\/div><\/li><li class=\"\"><div class=\"sya_postcontent\"><span class=\"sya_date\">  <span class=\"sya_sep\"> <\/span><\/span><a href=\"https:\/\/www.carlosyconchita.net\/rutas\/05-08-2023-borna-426\/\" class=\"sya_postlink post-18585\" rel=\"bookmark\">05-08-2023-Borna 426<\/a> <span class=\"sya_categories\"><span class=\"sya_bracket\">(<\/span>2 - De 5 a 10 km., 2-Moderada, Lleida, Mojones \/ Bornas frontera ES-FR<span class=\"sya_bracket\">)<\/span><\/span><div style=\"padding-left:100px\" class=\"robots-nocontent\"><cite>558 bornas localizadas hasta hoy , del total de 602 existentes, nos faltan s\u00f3lo 44 Hoy por fin hemos podido llegar hasta la borna 426, ya que ayer lo intentamos, pero la lluvia , viento y niebla hizo que desisti\u00e9ramos cuando llev\u00e1bamos m\u00e1s o menos la mitad del recorrido. Ayer empezamos a caminar en el [&hellip;]<\/cite><\/div><\/div><\/li><li class=\"\"><div class=\"sya_postcontent\"><span class=\"sya_date\">  <span class=\"sya_sep\"> <\/span><\/span><a href=\"https:\/\/www.carlosyconchita.net\/rutas\/01-08-2023-lago-balcere-ganyades\/\" class=\"sya_postlink post-19543\" rel=\"bookmark\">01-08-2023-Lago Balcere &#8211; Ganyades<\/a> <span class=\"sya_categories\"><span class=\"sya_bracket\">(<\/span>1-F\u00e1cil, 2 - De 5 a 10 km., Les Angles<span class=\"sya_bracket\">)<\/span><\/span><div style=\"padding-left:100px\" class=\"robots-nocontent\"><cite>Excursi\u00f3n desde el lago de Balc\u00e8re hasta la zona de las Ganyades, dando la vuelta al lago citado. Pasamos por el refugio de Balc\u00e8re, que est\u00e1 por encima del lago y en la zona de las Ganyades comemos algo en el \u00abrefugio pastoral\u00bb reconstruido hace unos pocos a\u00f1os. &nbsp; Distancia total :\u00a0\u00a0\u00a0 6.072 \u00a0 m.\u00a0\u00a0\u00a0\u00a0\u00a0\u00a0\u00a0\u00a0\u00a0\u00a0\u00a0\u00a0\u00a0\u00a0\u00a0\u00a0\u00a0\u00a0\u00a0\u00a0\u00a0 [&hellip;]<\/cite><\/div><\/div><\/li><li class=\"\"><div class=\"sya_postcontent\"><span class=\"sya_date\">  <span class=\"sya_sep\"> <\/span><\/span><a href=\"https:\/\/www.carlosyconchita.net\/rutas\/31-07-2023-bolquere-ermitage\/\" class=\"sya_postlink post-19538\" rel=\"bookmark\">31-07-2023-Bolqu\u00e8re-Font Romeu-Ermitage<\/a> <span class=\"sya_categories\"><span class=\"sya_bracket\">(<\/span>0-Muy f\u00e1cil, 2 - De 5 a 10 km., Font Romeu<span class=\"sya_bracket\">)<\/span><\/span><div style=\"padding-left:100px\" class=\"robots-nocontent\"><cite>Peque\u00f1a caminata por nuestra bien conocida zona de Bolqu\u00e8re, pasando por el Ermitage,\u00a0 Font-Romeu , donde nos encontramos con el \u00abcampamento\u00bb de un circo que esos d\u00edas estaba all\u00ed y por el Coll del Calvaire. &nbsp; &nbsp; Album de fotos &nbsp; Distancia total :\u00a0\u00a0\u00a0 6.973\u00a0 \u00a0 m.\u00a0\u00a0\u00a0\u00a0\u00a0\u00a0\u00a0\u00a0\u00a0\u00a0\u00a0\u00a0\u00a0\u00a0\u00a0\u00a0\u00a0\u00a0\u00a0\u00a0\u00a0 Alturas m\u00edn\/m\u00e1x. :\u00a0 \u00a0\u00a0 1.728 m. \/ 1.856 [&hellip;]<\/cite><\/div><\/div><\/li><li class=\"\"><div class=\"sya_postcontent\"><span class=\"sya_date\">  <span class=\"sya_sep\"> <\/span><\/span><a href=\"https:\/\/www.carlosyconchita.net\/rutas\/26-07-2023-borna-311-petit-train-de-artouste\/\" class=\"sya_postlink post-18526\" rel=\"bookmark\">26-07-2023-Borna 311 &#8211; Petit train de Artouste<\/a> <span class=\"sya_categories\"><span class=\"sya_bracket\">(<\/span>2 - De 5 a 10 km., 2-Moderada, Huesca, Mojones \/ Bornas frontera ES-FR<span class=\"sya_bracket\">)<\/span><\/span><div style=\"padding-left:100px\" class=\"robots-nocontent\"><cite>557 bornas localizadas hasta hoy , del total de 602 existentes, nos faltan s\u00f3lo 45 Hoy hemos hecho una magn\u00edfica excursi\u00f3n para llegar hasta la borna 311, pasando por los lagos de Artouste y Arrious, con unos paisajes espl\u00e9ndidos. El punto de inicio lo tenemos en el Petit Train de Artouste,\u00a0 en la poblaci\u00f3n de [&hellip;]<\/cite><\/div><\/div><\/li><li class=\"\"><div class=\"sya_postcontent\"><span class=\"sya_date\">  <span class=\"sya_sep\"> <\/span><\/span><a href=\"https:\/\/www.carlosyconchita.net\/rutas\/16-07-2023-coll-marcet-bornas-496-501\/\" class=\"sya_postlink post-19534\" rel=\"bookmark\">16-07-2023-Puig de les Forques y Coll Marcer &#8211; bornas 496-501<\/a> <span class=\"sya_categories\"><span class=\"sya_bracket\">(<\/span>2-Moderada, 3 - De 10 a 15 km., Mojones \/ Bornas frontera ES-FR<span class=\"sya_bracket\">)<\/span><\/span><div style=\"padding-left:100px\" class=\"robots-nocontent\"><cite>Hoy hacemos una excursi\u00f3n un tanto improvisada, simplemente para\u00a0 estirar un poco las piernas , para llegar al Puig de les Forques y al Coll Marcer y de paso dar un repaso a las bornas 496\u00a0 a la 501, que ya ten\u00edamos vistas desde hace tiempo. &nbsp; Distancia total :\u00a0\u00a0\u00a0 13.350 \u00a0 m.\u00a0\u00a0\u00a0\u00a0\u00a0\u00a0\u00a0\u00a0\u00a0\u00a0\u00a0\u00a0\u00a0\u00a0\u00a0\u00a0\u00a0\u00a0\u00a0\u00a0\u00a0 Alturas m\u00edn\/m\u00e1x. [&hellip;]<\/cite><\/div><\/div><\/li><li class=\"\"><div class=\"sya_postcontent\"><span class=\"sya_date\">  <span class=\"sya_sep\"> <\/span><\/span><a href=\"https:\/\/www.carlosyconchita.net\/rutas\/12-07-2023-borna-423-y-lago-mariola\/\" class=\"sya_postlink post-18509\" rel=\"bookmark\">12-07-2023-Borna 423 y lago Mariola<\/a> <span class=\"sya_categories\"><span class=\"sya_bracket\">(<\/span>Mojones \/ Bornas frontera ES-FR<span class=\"sya_bracket\">)<\/span><\/span><div style=\"padding-left:100px\" class=\"robots-nocontent\"><cite>556 bornas localizadas hasta hoy , del total de 602 existentes, nos faltan s\u00f3lo 46 Hoy hemos hecho una bonita excursi\u00f3n por la zona de Tavasc\u00e1n,\u00a0 concretamente al Port de Tavasc\u00e1n, en donde est\u00e1 la borna 423, y a la vuelta, hemos cogido el desv\u00edo hasta el Lago de Mariola, que est\u00e1 a s\u00f3lo 1.5 [&hellip;]<\/cite><\/div><\/div><\/li><li class=\"\"><div class=\"sya_postcontent\"><span class=\"sya_date\">  <span class=\"sya_sep\"> <\/span><\/span><a href=\"https:\/\/www.carlosyconchita.net\/rutas\/01-07-2023-bornas-413-a-416\/\" class=\"sya_postlink post-18487\" rel=\"bookmark\">01-07-2023-Bornas 413 a 416 (+ intento 417)<\/a> <span class=\"sya_categories\"><span class=\"sya_bracket\">(<\/span>3 - De 10 a 15 km., 3-Dif\u00edcil, Mojones \/ Bornas frontera ES-FR, Valle de Ar\u00e1n<span class=\"sya_bracket\">)<\/span><\/span><div style=\"padding-left:100px\" class=\"robots-nocontent\"><cite>555 bornas localizadas hasta hoy , del total de 602 existentes, nos faltan s\u00f3lo 47 Hoy por fin hemos podido iniciar nuestra temporada de bornas o mojones fronterizos por el Pirineo, porque las semanas anteriores, debido a las tormentas y nuevas nevadas, no hab\u00edamos podido hacerlo, ya que por ejemplo , en el refugio de [&hellip;]<\/cite><\/div><\/div><\/li><li class=\"\"><div class=\"sya_postcontent\"><span class=\"sya_date\">  <span class=\"sya_sep\"> <\/span><\/span><a href=\"https:\/\/www.carlosyconchita.net\/rutas\/22-06-2023-volvemos-a-casa-se-acabo-lo-bueno\/\" class=\"sya_postlink post-19368\" rel=\"bookmark\">22-06-2023-Volvemos a casa : se acab\u00f3 lo bueno !<\/a> <span class=\"sya_categories\"><span class=\"sya_bracket\">(<\/span>0-Fotos, Cerde\u00f1a<span class=\"sya_bracket\">)<\/span><\/span><div style=\"padding-left:100px\" class=\"robots-nocontent\"><cite>Se acabaron estas mini-vacaciones en Cerde\u00f1a ! Unas fotos en el aeropuerto mientras esper\u00e1bamos el avi\u00f3n de vuelta a casa, que por cierto iba casi vac\u00edo, por lo que pudimos sentarnos c\u00f3modamente sin problemas, l\u00e1stima que era un vuelo muy corto, y cuando tengamos que hacer uno largo, seguro que vamos como sardinas en una [&hellip;]<\/cite><\/div><\/div><\/li><li class=\"\"><div class=\"sya_postcontent\"><span class=\"sya_date\">  <span class=\"sya_sep\"> <\/span><\/span><a href=\"https:\/\/www.carlosyconchita.net\/rutas\/cerdena-paginal-principal\/\" class=\"sya_postlink post-19222\" rel=\"bookmark\">Cerde\u00f1a : p\u00e1ginal principal<\/a> <span class=\"sya_categories\"><span class=\"sya_bracket\">(<\/span>Cerde\u00f1a, Italia<span class=\"sya_bracket\">)<\/span><\/span><div style=\"padding-left:100px\" class=\"robots-nocontent\"><cite>16-06-2023-Viaje avi\u00f3n y visita Cagliari 17-06-2023-Nora, playa, visita mina Carbonia 18-06-2023-Porto Flavia 19-06-2023-Yacimiento Nurago de Barumini 19-06-2023-Pozo sagrado Santa Cristina 19-06-2023-Tharros -zona arqueol\u00f3gica 19-06-2023-Visita Alghero 20-06-2023-Cueva de Neptuno 20-06-2023-Mirador al Faro Cabo Caccia 20-06-2023-Cueva de las Vasijas Rotas (Grotta dei Vasi Rotti) 20-06-2023-Torre del Bolo, playa Mar\u00eda P\u00eda y cena Alghero 21-06-2023-Bas\u00edlica Saccargia y visita [&hellip;]<\/cite><\/div><\/div><\/li><li class=\"\"><div class=\"sya_postcontent\"><span class=\"sya_date\">  <span class=\"sya_sep\"> <\/span><\/span><a href=\"https:\/\/www.carlosyconchita.net\/rutas\/21-06-2023-capo-testa\/\" class=\"sya_postlink post-19357\" rel=\"bookmark\">21-06-2023-Capo Testa<\/a> <span class=\"sya_categories\"><span class=\"sya_bracket\">(<\/span>1-F\u00e1cil, 2 - De 5 a 10 km., Cerde\u00f1a<span class=\"sya_bracket\">)<\/span><\/span><div style=\"padding-left:100px\" class=\"robots-nocontent\"><cite>Nos dirigimos a la poblaci\u00f3n de Capo Testa para hacer una calurosa\u00a0 caminata siguiendo la costa, con bonitas playas y rocas. El coche lo hemos aparcado en la misma carretera de llegada al pueblo, ya que los arcenes est\u00e1n se\u00f1alizados como parking pero de \u00abpeaje\u00bb . Pero finalmente no hemos hecho el recorrido completo que [&hellip;]<\/cite><\/div><\/div><\/li><li class=\"\"><div class=\"sya_postcontent\"><span class=\"sya_date\">  <span class=\"sya_sep\"> <\/span><\/span><a href=\"https:\/\/www.carlosyconchita.net\/rutas\/21-06-2023-basilica-saccargia-y-visita-olbia\/\" class=\"sya_postlink post-19352\" rel=\"bookmark\">21-06-2023-Bas\u00edlica Saccargia y visita Olbia<\/a> <span class=\"sya_categories\"><span class=\"sya_bracket\">(<\/span>0-Fotos, Cerde\u00f1a<span class=\"sya_bracket\">)<\/span><\/span><div style=\"padding-left:100px\" class=\"robots-nocontent\"><cite>Hoy nos desplazamos desde Alghero a Olbia, donde ma\u00f1ana hemos de coger el avi\u00f3n de vuelta a casa, y por el camino paramos para ver la Bas\u00edlica de Saccargia, en Codrongianos. Despu\u00e9s nos dirigimos a Capo Testa, para hacer una caminata por la bonita costa (ver publicaci\u00f3n aparte), y por la tarde, despu\u00e9s de dejar [&hellip;]<\/cite><\/div><\/div><\/li><li class=\"\"><div class=\"sya_postcontent\"><span class=\"sya_date\">  <span class=\"sya_sep\"> <\/span><\/span><a href=\"https:\/\/www.carlosyconchita.net\/rutas\/20-06-2023-torre-del-bolo-playa-maria-pia-y-cena-alghero\/\" class=\"sya_postlink post-19326\" rel=\"bookmark\">20-06-2023-Torre del Bolo, playa Mar\u00eda P\u00eda y cena Alghero<\/a> <span class=\"sya_categories\"><span class=\"sya_bracket\">(<\/span>0-Muy f\u00e1cil, 1 - Hasta 5 km., Cerde\u00f1a<span class=\"sya_bracket\">)<\/span><\/span><div style=\"padding-left:100px\" class=\"robots-nocontent\"><cite>Despu\u00e9s de la subida a la Cueva de las Vasijas Rotas, movemos el coche una corta distancia para llegar a la zona de la Cala Dragunara, para hacer una corta caminata hasta una de las varias torres de vigilancia existentes en la zona, en este caso la Torre del Bolo. El recorrido es muy corto, [&hellip;]<\/cite><\/div><\/div><\/li><li class=\"\"><div class=\"sya_postcontent\"><span class=\"sya_date\">  <span class=\"sya_sep\"> <\/span><\/span><a href=\"https:\/\/www.carlosyconchita.net\/rutas\/20-06-2023-cueva-de-las-vasijas-rotas-grotta-dei-vasi-rotti\/\" class=\"sya_postlink post-19314\" rel=\"bookmark\">20-06-2023-Cueva de las Vasijas Rotas (Grotta dei Vasi Rotti)<\/a> <span class=\"sya_categories\"><span class=\"sya_bracket\">(<\/span>1 - Hasta 5 km., 1-F\u00e1cil, Cerde\u00f1a<span class=\"sya_bracket\">)<\/span><\/span><div style=\"padding-left:100px\" class=\"robots-nocontent\"><cite>Despu\u00e9s de la visita a la Cueva de Neptuno y la peque\u00f1a caminata al mirador del Faro de Caccia, cogemos el coche en direcci\u00f3n a Alghero y a muy poca distancia paramos en una zona de parking desde la que se pueden hacer varias caminatas, y adem\u00e1s podemos ver varios paneles informativos de la zona. [&hellip;]<\/cite><\/div><\/div><\/li><li class=\"\"><div class=\"sya_postcontent\"><span class=\"sya_date\">  <span class=\"sya_sep\"> <\/span><\/span><a href=\"https:\/\/www.carlosyconchita.net\/rutas\/20-06-2023-mirador-al-faro-cabo-caccia\/\" class=\"sya_postlink post-19304\" rel=\"bookmark\">20-06-2023-Mirador al Faro Cabo Caccia<\/a> <span class=\"sya_categories\"><span class=\"sya_bracket\">(<\/span>0-Muy f\u00e1cil, 1 - Hasta 5 km., Cerde\u00f1a<span class=\"sya_bracket\">)<\/span><\/span><div style=\"padding-left:100px\" class=\"robots-nocontent\"><cite>Despu\u00e9s de la visita a la Cueva de Neptuno y la bajada\/subida por la Escala del Cabirol, preguntamos si se pod\u00eda subir al faro que ten\u00edamos casi encima nuestro, y situado en el extremo del cabo, porque vimos una carretera que empezaba all\u00ed pero pocos metros m\u00e1s adelante, hab\u00eda una barrera. Nos dijeron que estaba [&hellip;]<\/cite><\/div><\/div><\/li><li class=\"\"><div class=\"sya_postcontent\"><span class=\"sya_date\">  <span class=\"sya_sep\"> <\/span><\/span><a href=\"https:\/\/www.carlosyconchita.net\/rutas\/20-06-2023-cueva-de-neptuno\/\" class=\"sya_postlink post-19298\" rel=\"bookmark\">20-06-2023-Cueva de Neptuno<\/a> <span class=\"sya_categories\"><span class=\"sya_bracket\">(<\/span>2-Moderada, Cerde\u00f1a<span class=\"sya_bracket\">)<\/span><\/span><div style=\"padding-left:100px\" class=\"robots-nocontent\"><cite>Esta ma\u00f1ana a primer\u00edsima hora nos dirigimos desde Alghero al Cabo Caccia, que est\u00e1 a unos 25 km. para visitar la Cueva de Neptuno.\u00a0 Hab\u00edamos cogido las entradas por Internet para poder asegurar la primera hora de entrada y poder encontrar sitio para aparcar no demasiado lejos de la entrada de la cueva, ya que [&hellip;]<\/cite><\/div><\/div><\/li><li class=\"\"><div class=\"sya_postcontent\"><span class=\"sya_date\">  <span class=\"sya_sep\"> <\/span><\/span><a href=\"https:\/\/www.carlosyconchita.net\/rutas\/19-06-2023-visita-alghero\/\" class=\"sya_postlink post-19288\" rel=\"bookmark\">19-06-2023-Visita Alghero<\/a> <span class=\"sya_categories\"><span class=\"sya_bracket\">(<\/span>0-Fotos, Cerde\u00f1a<span class=\"sya_bracket\">)<\/span><\/span><div style=\"padding-left:100px\" class=\"robots-nocontent\"><cite>Despu\u00e9s de las visitas a zonas arqueol\u00f3gicas de hoy, llegamos a Alghero, donde dormiremos dos d\u00edas, y despu\u00e9s de dejar las maletas en el hotel, damos un paseo por la bonita ciudad y cenamos en uno de los t\u00edpicos restaurantes italianos en la zona antigua de la misma. Podemos ver que todav\u00eda se conservan algunos [&hellip;]<\/cite><\/div><\/div><\/li><li class=\"\"><div class=\"sya_postcontent\"><span class=\"sya_date\">  <span class=\"sya_sep\"> <\/span><\/span><a href=\"https:\/\/www.carlosyconchita.net\/rutas\/19-06-2023-tharros-zona-arqueologica\/\" class=\"sya_postlink post-19280\" rel=\"bookmark\">19-06-2023-Tharros -zona arqueol\u00f3gica<\/a> <span class=\"sya_categories\"><span class=\"sya_bracket\">(<\/span>0-Fotos, Cerde\u00f1a<span class=\"sya_bracket\">)<\/span><\/span><div style=\"padding-left:100px\" class=\"robots-nocontent\"><cite>Visita a la zona arqueol\u00f3gica de Tharros, situada en el Capo San Marco de la pen\u00ednsula de Siris y cerca del pueblo de San Giovanni di Sinis. Esta ciudad fu\u00e9 fundada por los fenicios en el siglo VIII a. C.\u00a0 pero posteriormente fu\u00e9 habitado por posteriores civilizaciones ( P\u00fanica y Romana) .\u00a0 La ciudad fue [&hellip;]<\/cite><\/div><\/div><\/li><li class=\"\"><div class=\"sya_postcontent\"><span class=\"sya_date\">  <span class=\"sya_sep\"> <\/span><\/span><a href=\"https:\/\/www.carlosyconchita.net\/rutas\/19-06-2023-pozo-sagrado-santa-cristina\/\" class=\"sya_postlink post-19273\" rel=\"bookmark\">19-06-2023-Pozo sagrado Santa Cristina<\/a> <span class=\"sya_categories\"><span class=\"sya_bracket\">(<\/span>0-Fotos, Cerde\u00f1a, Italia<span class=\"sya_bracket\">)<\/span><\/span><div style=\"padding-left:100px\" class=\"robots-nocontent\"><cite>El pozo sagrado de Santa Cristina es un santuario nur\u00e1gico del siglo XI a.C que recibe el nombre de la peque\u00f1a iglesia cercana. Es una construcci\u00f3n de la que s\u00f3lo queda en la superficie una especie de valla con la forma el\u00edptica , y tiene una escalera que desciende hasta el pozo, y con un [&hellip;]<\/cite><\/div><\/div><\/li><li class=\"\"><div class=\"sya_postcontent\"><span class=\"sya_date\">  <span class=\"sya_sep\"> <\/span><\/span><a href=\"https:\/\/www.carlosyconchita.net\/rutas\/19-06-2023-yacimiento-nurago-de-barumini\/\" class=\"sya_postlink post-19266\" rel=\"bookmark\">19-06-2023-Yacimiento Nurago de Barumini<\/a> <span class=\"sya_categories\"><span class=\"sya_bracket\">(<\/span>0-Fotos, Cerde\u00f1a, Italia<span class=\"sya_bracket\">)<\/span><\/span><div style=\"padding-left:100px\" class=\"robots-nocontent\"><cite>Album de fotos del yacimiento Nurago de Barumini (Cerde\u00f1a) En Cerde\u00f1a hay muchas ruinas de los \u00abnuraghi\u00bb, unas construcciones megal\u00edticas de piedra con planta circular presentes en todo el territorio de la isla, y \u00e9sta de Barumini es una de las m\u00e1s conocidas por su tama\u00f1o y por la conservaci\u00f3n de las antiguas construcciones. Consta [&hellip;]<\/cite><\/div><\/div><\/li><li class=\"\"><div class=\"sya_postcontent\"><span class=\"sya_date\">  <span class=\"sya_sep\"> <\/span><\/span><a href=\"https:\/\/www.carlosyconchita.net\/rutas\/18-06-2023-porto-flavia\/\" class=\"sya_postlink post-19210\" rel=\"bookmark\">18-06-2023-Porto Flavia<\/a> <span class=\"sya_categories\"><span class=\"sya_bracket\">(<\/span>2 - De 5 a 10 km., 2-Moderada, Cerde\u00f1a, Italia<span class=\"sya_bracket\">)<\/span><\/span><div style=\"padding-left:100px\" class=\"robots-nocontent\"><cite>Hoy hemos hecho una bonita y calurosa excursi\u00f3n por la costa de Cerde\u00f1a, desde Nebida, donde hemos dejado el coche, hasta Porto Flavia, justo enfrente del caracter\u00edstico Pan de Azucar. Hay un primer tramo que el camino va por zona de vegetaci\u00f3n baja , y despu\u00e9s ya seguimos la bonita costa y acantilados, con unos [&hellip;]<\/cite><\/div><\/div><\/li><li class=\"\"><div class=\"sya_postcontent\"><span class=\"sya_date\">  <span class=\"sya_sep\"> <\/span><\/span><a href=\"https:\/\/www.carlosyconchita.net\/rutas\/17-06-2023-nora-playa-visita-mina-carbonia\/\" class=\"sya_postlink post-18540\" rel=\"bookmark\">17-06-2023-Nora, playa, visita mina Carbonia<\/a> <span class=\"sya_categories\"><span class=\"sya_bracket\">(<\/span>0-Muy f\u00e1cil, 1 - Hasta 5 km., Cerde\u00f1a, Italia<span class=\"sya_bracket\">)<\/span><\/span><div style=\"padding-left:100px\" class=\"robots-nocontent\"><cite>Hoy nos dirigimos desde Cagliari a Carbonia,\u00a0 donde dormiremos dos d\u00edas, pero por el camino visitamos la zona arqueol\u00f3gica de Nora, la bonita carretera panor\u00e1mica SP-71 desde Ch\u00eda a Piscini\u00a0 que sigue la costa\u00a0\u00a0 , y ya en Carbonia, visitamos la \u00abGrande Miniera de Serbariu\u00bb , y el Museo del Carb\u00f3n. En Nora, no pudimos [&hellip;]<\/cite><\/div><\/div><\/li><li class=\"\"><div class=\"sya_postcontent\"><span class=\"sya_date\">  <span class=\"sya_sep\"> <\/span><\/span><a href=\"https:\/\/www.carlosyconchita.net\/rutas\/16-06-2023-viaje-avion-y-visita-cagliari\/\" class=\"sya_postlink post-18537\" rel=\"bookmark\">16-06-2023-Viaje avi\u00f3n y visita Cagliari<\/a> <span class=\"sya_categories\"><span class=\"sya_bracket\">(<\/span>0-Fotos, Cerde\u00f1a, Italia<span class=\"sya_bracket\">)<\/span><\/span><div style=\"padding-left:100px\" class=\"robots-nocontent\"><cite>Album de fotos &nbsp;<\/cite><\/div><\/div><\/li><li class=\"\"><div class=\"sya_postcontent\"><span class=\"sya_date\">  <span class=\"sya_sep\"> <\/span><\/span><a href=\"https:\/\/www.carlosyconchita.net\/rutas\/16-05-2023-tirana\/\" class=\"sya_postlink post-18453\" rel=\"bookmark\">16-05-2023-Tirana<\/a> <span class=\"sya_categories\"><span class=\"sya_bracket\">(<\/span>Albania<span class=\"sya_bracket\">)<\/span><\/span><div style=\"padding-left:100px\" class=\"robots-nocontent\"><cite>Como dec\u00edamos en la publicaci\u00f3n de ayer, hemos tenido alg\u00fan problema, ya que cuando hicimos la reserva para esta pasada noche, no vimos por ning\u00fan lado que no se pod\u00eda subir con un coche normal, sino solamente que estaba a unos pocos kil\u00f3metros de Permet, cosa que ya nos iba bien. Una vez en casa, [&hellip;]<\/cite><\/div><\/div><\/li><li class=\"\"><div class=\"sya_postcontent\"><span class=\"sya_date\">  <span class=\"sya_sep\"> <\/span><\/span><a href=\"https:\/\/www.carlosyconchita.net\/rutas\/15-05-2023-castillo-de-berat-vlore-permet-y-lesce\/\" class=\"sya_postlink post-18450\" rel=\"bookmark\">15-05-2023-Castillo de Berat, Vlor\u00eb, P\u00ebrmet y Leus\u00eb<\/a> <span class=\"sya_categories\"><span class=\"sya_bracket\">(<\/span>Albania<span class=\"sya_bracket\">)<\/span><\/span><div style=\"padding-left:100px\" class=\"robots-nocontent\"><cite>Desde el hotel donde hemos estado esta noche, vamos caminando al Castillo de Berat para visitarlo, ya que est\u00e1bamos a unos pocos metros. Despu\u00e9s , ya con el coche nos vamos a Vlor\u00eb, donde damos s\u00f3lo un peque\u00f1o paseo, ya que hoy tenemos que hacer bastantes kil\u00f3metros para llegar a P\u00ebrmet, en donde hemos subido [&hellip;]<\/cite><\/div><\/div><\/li><li class=\"\"><div class=\"sya_postcontent\"><span class=\"sya_date\">  <span class=\"sya_sep\"> <\/span><\/span><a href=\"https:\/\/www.carlosyconchita.net\/rutas\/14-05-2023-gjirokaster-y-berat\/\" class=\"sya_postlink post-18444\" rel=\"bookmark\">14-05-2023-Gjirokaster y Berat<\/a> <span class=\"sya_categories\"><span class=\"sya_bracket\">(<\/span>Albania<span class=\"sya_bracket\">)<\/span><\/span><div style=\"padding-left:100px\" class=\"robots-nocontent\"><cite>Hoy nos dirigimos a Gjirokaster, en donde visitamos su castillo, y la zona antigua, con calles estrechas, tiendas, restaurantes t\u00edpicos, etc. Esta ciudad era la ciudad natal del dictador Enver Hoxha, por lo que se pudieron conservar varias mezquitas, y adem\u00e1s hizo construir un refugio subterr\u00e1neo anti-nuclear , por su obsesivo temor tanto a la [&hellip;]<\/cite><\/div><\/div><\/li><li class=\"\"><div class=\"sya_postcontent\"><span class=\"sya_date\">  <span class=\"sya_sep\"> <\/span><\/span><a href=\"https:\/\/www.carlosyconchita.net\/rutas\/13-05-2023-mojon-o-borna-fronteriza-entre-albania-y-grecia\/\" class=\"sya_postlink post-18435\" rel=\"bookmark\">13-05-2023-Moj\u00f3n o borna fronteriza entre Albania y Grecia<\/a> <span class=\"sya_categories\"><span class=\"sya_bracket\">(<\/span>Albania, Mojones \/ Bornas Albania-Grecia, Mojones \/ Bornas otros pa\u00edses<span class=\"sya_bracket\">)<\/span><\/span><div style=\"padding-left:100px\" class=\"robots-nocontent\"><cite>Despu\u00e9s de la visita a las ruinas de Butrinto, y dado que est\u00e1bamos muy cerca de la frontera con Grecia, hemos pensado que seguramente habr\u00eda alguna borna fronteriza, por lo que nos hemos dirigido hacia all\u00ed. Para ello, justo a la entrada de las ruinas, donde hay una gran zona de parking y acaba la [&hellip;]<\/cite><\/div><\/div><\/li><li class=\"\"><div class=\"sya_postcontent\"><span class=\"sya_date\">  <span class=\"sya_sep\"> <\/span><\/span><a href=\"https:\/\/www.carlosyconchita.net\/rutas\/13-05-2023-ruinas-de-butrinto\/\" class=\"sya_postlink post-18424\" rel=\"bookmark\">13-05-2023-Ruinas de Butrinto<\/a> <span class=\"sya_categories\"><span class=\"sya_bracket\">(<\/span>Albania<span class=\"sya_bracket\">)<\/span><\/span><div style=\"padding-left:100px\" class=\"robots-nocontent\"><cite>Desde Sarande, donde estamos alojados estos d\u00edas, nos dirigimos al sur, aproximadamente a unos 25 kms. en direcci\u00f3n a la frontera con Grecia, al Parque Nacional de Butrinto, que abarca el lago Butrinto y el canal Vivari que conecta el lago con el mar J\u00f3nico, en una complicada red de canales, r\u00edos, lagunas y lagos, [&hellip;]<\/cite><\/div><\/div><\/li><li class=\"\"><div class=\"sya_postcontent\"><span class=\"sya_date\">  <span class=\"sya_sep\"> <\/span><\/span><a href=\"https:\/\/www.carlosyconchita.net\/rutas\/13-05-2023-ruta-carretera-y-playas-sur-de-albania\/\" class=\"sya_postlink post-18441\" rel=\"bookmark\">13-05-2023-Ruta carretera y playas sur de Albania<\/a> <span class=\"sya_categories\"><span class=\"sya_bracket\">(<\/span>Albania<span class=\"sya_bracket\">)<\/span><\/span><div style=\"padding-left:100px\" class=\"robots-nocontent\"><cite>Despu\u00e9s de localizar la borna fronteriza entre Albania y Grecia, volvemos a Butrinto, cruzando de nuevo el peque\u00f1o canal con la barcaza, y recorremos\u00a0 un tramo de la costa, viendo tambi\u00e9n algunos de los muchos bunkers construidos durante la \u00e9poca comunista, y parando en algunas de las playas de la zona. El d\u00eda estaba bastante [&hellip;]<\/cite><\/div><\/div><\/li><li class=\"\"><div class=\"sya_postcontent\"><span class=\"sya_date\">  <span class=\"sya_sep\"> <\/span><\/span><a href=\"https:\/\/www.carlosyconchita.net\/rutas\/12-05-2023-ruta-desde-shkoder-a-saranda-y-blue-eye\/\" class=\"sya_postlink post-18395\" rel=\"bookmark\">12-05-2023-Ruta desde Shkod\u00ebr a Saranda y Blue Eye<\/a> <span class=\"sya_categories\"><span class=\"sya_bracket\">(<\/span>Albania<span class=\"sya_bracket\">)<\/span><\/span><div style=\"padding-left:100px\" class=\"robots-nocontent\"><cite>Despu\u00e9s del cambio de planes que tuvimos que hacer ayer, nos dirigimos pues al sur de Albania,\u00a0 concretamente a Saranda, poblaci\u00f3n situada en la costa frente a la isla griega de Corf\u00fa. Por el camino hasta Saranda, pasamos por Durres, y despu\u00e9s visitamos el Blue Eye, situado a unos 20 kms. de Sarande , en [&hellip;]<\/cite><\/div><\/div><\/li><li class=\"\"><div class=\"sya_postcontent\"><span class=\"sya_date\">  <span class=\"sya_sep\"> <\/span><\/span><a href=\"https:\/\/www.carlosyconchita.net\/rutas\/11-05-2023-aeropuerto-kruje-y-shkoder\/\" class=\"sya_postlink post-18392\" rel=\"bookmark\">11-05-2023-Aeropuerto, Kruj\u00eb y Shkod\u00ebr<\/a> <span class=\"sya_categories\"><span class=\"sya_bracket\">(<\/span>0-Fotos, Albania<span class=\"sya_bracket\">)<\/span><\/span><div style=\"padding-left:100px\" class=\"robots-nocontent\"><cite>Hemos empezado un poco mal nuestro viaje, ya que debido a que nuestro avi\u00f3n llegaba a la 1 de la madrugada a Tirana, hab\u00edamos contratado un taxi a trav\u00e9s de Booking para llevarnos al hotel, que no se present\u00f3, por lo que despu\u00e9s de estar bastante rato esperando, cogimos uno de los que estaban en [&hellip;]<\/cite><\/div><\/div><\/li><li class=\"\"><div class=\"sya_postcontent\"><span class=\"sya_date\">  <span class=\"sya_sep\"> <\/span><\/span><a href=\"https:\/\/www.carlosyconchita.net\/rutas\/30-04-2023-jassa-de-palau\/\" class=\"sya_postlink post-19525\" rel=\"bookmark\">30-04-2023-Jassa de Palau<\/a> <span class=\"sya_categories\"><span class=\"sya_bracket\">(<\/span>1-F\u00e1cil, 3 - De 10 a 15 km., Catalunya Nord - sin clasificar<span class=\"sya_bracket\">)<\/span><\/span><div style=\"padding-left:100px\" class=\"robots-nocontent\"><cite>Desde Saillagosa nos vamos a Palau de Cerdagne, y nos dirigimos a las afueras del pueblo en direcci\u00f3n al Cementerio, y poco antes de llegar al peque\u00f1o r\u00edo Llavanera, podemos aparcar el coche. All\u00ed mismo hay un puente bastante grande, que es por donde llegaremos despu\u00e9s, pero empezamos a caminar paralelos al r\u00edo, hasta llegar [&hellip;]<\/cite><\/div><\/div><\/li><li class=\"\"><div class=\"sya_postcontent\"><span class=\"sya_date\">  <span class=\"sya_sep\"> <\/span><\/span><a href=\"https:\/\/www.carlosyconchita.net\/rutas\/29-04-2023-lago-olive-la-lladure\/\" class=\"sya_postlink post-19515\" rel=\"bookmark\">29-04-2023-Lago Olive &#8211; La Lladure<\/a> <span class=\"sya_categories\"><span class=\"sya_bracket\">(<\/span>1-F\u00e1cil, 3 - De 10 a 15 km., Formigueres \/ Puyvalador<span class=\"sya_bracket\">)<\/span><\/span><div style=\"padding-left:100px\" class=\"robots-nocontent\"><cite>Esta vez empezamos a caminar en el Lago Olive, sitio en el que hemos terminado bastantes excursiones, situado entre el pueblo de Formigu\u00e8res y las pistas de ski. Desde all\u00ed nos dirigimos a las citadas pistas de ski de Formigu\u00e8res, subimos a la Creu de la Jaceta, en donde tambi\u00e9n hemos pasado bastantes veces, para [&hellip;]<\/cite><\/div><\/div><\/li><li class=\"\"><div class=\"sya_postcontent\"><span class=\"sya_date\">  <span class=\"sya_sep\"> <\/span><\/span><a href=\"https:\/\/www.carlosyconchita.net\/rutas\/16-04-2023-bornas-559-y-600-eef-y-emma\/\" class=\"sya_postlink post-19507\" rel=\"bookmark\">16-04-2023-Bornas 559 y 600 (Eef y Emma)<\/a> <span class=\"sya_categories\"><span class=\"sya_bracket\">(<\/span>0-Muy f\u00e1cil, 1 - Hasta 5 km., Mojones \/ Bornas frontera ES-FR<span class=\"sya_bracket\">)<\/span><\/span><div style=\"padding-left:100px\" class=\"robots-nocontent\"><cite>Estos d\u00edas nuestro amigo Eef est\u00e1 haciendo una de sus \u00ab\u00faltimas\u00bb excursiones de bornas por el Pirineo, en concreto lleva 3 d\u00edas de camino desde la borna 559 hasta la 600,\u00a0 y hab\u00edamos quedado con \u00e9l en encontrarnos en el Coll de Belitres, en donde est\u00e1 la B-600, y aprovechando que est\u00e1 con nosotros nuestra [&hellip;]<\/cite><\/div><\/div><\/li><li class=\"\"><div class=\"sya_postcontent\"><span class=\"sya_date\">  <span class=\"sya_sep\"> <\/span><\/span><a href=\"https:\/\/www.carlosyconchita.net\/rutas\/17-03-2023-ermita-sant-ponc-y-calcotada\/\" class=\"sya_postlink post-18341\" rel=\"bookmark\">17-03-2023-Ermita Sant Pon\u00e7 y cal\u00e7otada<\/a> <span class=\"sya_categories\"><span class=\"sya_bracket\">(<\/span>1-F\u00e1cil, 2 - De 5 a 10 km., Baix Llobregat<span class=\"sya_bracket\">)<\/span><\/span><div style=\"padding-left:100px\" class=\"robots-nocontent\"><cite>Hoy volvemos a la Ermita de Sant Pon\u00e7, donde estuvimos hace varios a\u00f1os, esta vez con Eef, para ense\u00f1arle algo de los alrededores de nuestro pueblo y de paso caminar un poco, a pesar de que en la excursi\u00f3n de ayer en Montserrat, nos cansamos un poco. Aparcamos el coche en la calle Jard\u00ed,\u00a0 cerca [&hellip;]<\/cite><\/div><\/div><\/li><li class=\"\"><div class=\"sya_postcontent\"><span class=\"sya_date\">  <span class=\"sya_sep\"> <\/span><\/span><a href=\"https:\/\/www.carlosyconchita.net\/rutas\/16-03-2023-sant-jeroni-montserrat-100-cims\/\" class=\"sya_postlink post-18328\" rel=\"bookmark\">16-03-2023-Sant Jeroni (Montserrat) (100 Cims)<\/a> <span class=\"sya_categories\"><span class=\"sya_bracket\">(<\/span>100 Cims Carlos y Conchita, 100 Cims FEEC, 2-Moderada, 3 - De 10 a 15 km., Montserrat<span class=\"sya_bracket\">)<\/span><\/span><div style=\"padding-left:100px\" class=\"robots-nocontent\"><cite>En estos d\u00edas en que nos ha visitado nuestro amigo Eef, aprovechamos para hacer alguna caminata por sitios que \u00e9l no conoce, as\u00ed que nos hemos dirigido a Montserrat, para subir a Sant Jeroni,\u00a0 como hab\u00edamos hecho nosotros anteriormente el\u00a0 03-07-2016 \u2013 Sant Jeroni (Montserrat) (100 Cims) As\u00ed que en nuestra lista de los 100 [&hellip;]<\/cite><\/div><\/div><\/li><li class=\"\"><div class=\"sya_postcontent\"><span class=\"sya_date\">  <span class=\"sya_sep\"> <\/span><\/span><a href=\"https:\/\/www.carlosyconchita.net\/rutas\/28-02-2023-mallorca-pagina-principal\/\" class=\"sya_postlink post-19408\" rel=\"bookmark\">28-02-2023-Mallorca : p\u00e1gina principal<\/a> <span class=\"sya_categories\"><span class=\"sya_bracket\">(<\/span>Mallorca<span class=\"sya_bracket\">)<\/span><\/span><div style=\"padding-left:100px\" class=\"robots-nocontent\"><cite>&nbsp; 22-02-2023-Valldemosa, Torre Veger y visitas Palma 23-02-2023-Puig del Aguila y Calas Estermer y Castell 23-02-2023-Cala Barqu\u00e9s y Formentor 24-02-2023-Yacimiento arqueol\u00f3gico Capocorb Vell y Lluchmajor 24-02-2023- Cala Llombards a Cal\u00f3 de n\u2019Adrover 24-02-2023-Cal\u00f3 des Moros 25-02-2023-Cuevas del Drach 25-02-2023-Cala Rom\u00e1ntica a Cala Vargues 26-02-2023-Monasterio La Trapa, mirador Josep Sastre (isla Dragonera) y Puig Ses Basses [&hellip;]<\/cite><\/div><\/div><\/li><li class=\"\"><div class=\"sya_postcontent\"><span class=\"sya_date\">  <span class=\"sya_sep\"> <\/span><\/span><a href=\"https:\/\/www.carlosyconchita.net\/rutas\/27-02-2023-palma-castillo-bellver-iglesia-cristal-porciuncula\/\" class=\"sya_postlink post-19500\" rel=\"bookmark\">27-02-2023-Palma : castillo Bellver , Iglesia Cristal (Porci\u00fancula)<\/a> <span class=\"sya_categories\"><span class=\"sya_bracket\">(<\/span>0-Fotos, Mallorca<span class=\"sya_bracket\">)<\/span><\/span><div style=\"padding-left:100px\" class=\"robots-nocontent\"><cite>Hoy tenemos un d\u00eda lluvioso,y aunque supon\u00edamos que no podr\u00edamos hacer ninguna caminata como ten\u00edamos previsto,\u00a0 hemos ido de todas formas al Puerto de S\u00f3ller, pero no por la carretera principal, sino por la monta\u00f1a, en donde ha empezado a nevar. En S\u00f3ller\u00a0 estaba lloviendo mucho, y por las previsiones que ten\u00edamos posiblemente nevar\u00eda m\u00e1s [&hellip;]<\/cite><\/div><\/div><\/li><li class=\"\"><div class=\"sya_postcontent\"><span class=\"sya_date\">  <span class=\"sya_sep\"> <\/span><\/span><a href=\"https:\/\/www.carlosyconchita.net\/rutas\/26-02-2023-monasterio-la-trapa-mirador-josep-sastre-isla-dragonera-y-puig-ses-basses\/\" class=\"sya_postlink post-19488\" rel=\"bookmark\">26-02-2023-Monasterio La Trapa, mirador Josep Sastre (isla Dragonera) y Puig Ses Basses<\/a> <span class=\"sya_categories\"><span class=\"sya_bracket\">(<\/span>1-F\u00e1cil, 2 - De 5 a 10 km., 2-Moderada, Mallorca<span class=\"sya_bracket\">)<\/span><\/span><div style=\"padding-left:100px\" class=\"robots-nocontent\"><cite>Empezando en la peque\u00f1a poblaci\u00f3n de Sant Elm, hemos hecho una bonita y bastante calurosa excursi\u00f3n para subir al antiguo Monasterio de la Trapa, despu\u00e9s al mirador Josep Sastre y por \u00faltimo\u00a0 al peque\u00f1o Puig de Ses Basses. Desde el mirador, y tambi\u00e9n durante buena parte del recorrido, hemos podido disfrutar de unas magn\u00edficas vistas [&hellip;]<\/cite><\/div><\/div><\/li><li class=\"\"><div class=\"sya_postcontent\"><span class=\"sya_date\">  <span class=\"sya_sep\"> <\/span><\/span><a href=\"https:\/\/www.carlosyconchita.net\/rutas\/25-02-2023-cala-romantica-a-cala-vargues\/\" class=\"sya_postlink post-19478\" rel=\"bookmark\">25-02-2023-Cala Rom\u00e1ntica a Cala Vargues<\/a> <span class=\"sya_categories\"><span class=\"sya_bracket\">(<\/span>2 - De 5 a 10 km., 2-Moderada, Mallorca<span class=\"sya_bracket\">)<\/span><\/span><div style=\"padding-left:100px\" class=\"robots-nocontent\"><cite>Hoy hemos hecho una bonita y calurosa excursi\u00f3n, desde la Cala Rom\u00e1ntica a la Cala Vargues, caminando por encima de los acantilados, con unas magn\u00edficas vistas de la costa y de las peque\u00f1as calas por las que hemos pasado o que hemos visto desde arriba. Es una zona con numerosas cuevas, algunas s\u00f3lo accesibles desde [&hellip;]<\/cite><\/div><\/div><\/li><li class=\"\"><div class=\"sya_postcontent\"><span class=\"sya_date\">  <span class=\"sya_sep\"> <\/span><\/span><a href=\"https:\/\/www.carlosyconchita.net\/rutas\/25-02-2023-cuevas-del-drach\/\" class=\"sya_postlink post-19474\" rel=\"bookmark\">25-02-2023-Cuevas del Drach<\/a> <span class=\"sya_categories\"><span class=\"sya_bracket\">(<\/span>0-Fotos, Mallorca<span class=\"sya_bracket\">)<\/span><\/span><div style=\"padding-left:100px\" class=\"robots-nocontent\"><cite>Album de fotos de la visita a las Cuevas del Drach. &nbsp;<\/cite><\/div><\/div><\/li><li class=\"\"><div class=\"sya_postcontent\"><span class=\"sya_date\">  <span class=\"sya_sep\"> <\/span><\/span><a href=\"https:\/\/www.carlosyconchita.net\/rutas\/24-02-2023-calo-des-moros\/\" class=\"sya_postlink post-19454\" rel=\"bookmark\">24-02-2023-Cal\u00f3 des Moros<\/a> <span class=\"sya_categories\"><span class=\"sya_bracket\">(<\/span>0-Fotos, 0-Muy f\u00e1cil, 1 - Hasta 5 km., Mallorca<span class=\"sya_bracket\">)<\/span><\/span><div style=\"padding-left:100px\" class=\"robots-nocontent\"><cite>Como dec\u00edamos en nuestra anterior publicaci\u00f3n de hoy, dado que no ten\u00edamos tiempo de llegar hasta la bonita cala del Cal\u00f3 des Moros caminando , hemos recortado la anterior excursi\u00f3n para ir s\u00f3lo hasta el Cal\u00f3 de n\u2019Adrover y despu\u00e9s nos hemos acercado con el coche y bajamos una larga\u00a0 escalera hasta el agua para [&hellip;]<\/cite><\/div><\/div><\/li><li class=\"\"><div class=\"sya_postcontent\"><span class=\"sya_date\">  <span class=\"sya_sep\"> <\/span><\/span><a href=\"https:\/\/www.carlosyconchita.net\/rutas\/24-02-2023-cala-llombards-a-calo-des-moros\/\" class=\"sya_postlink post-19445\" rel=\"bookmark\">24-02-2023- Cala Llombards a Cal\u00f3 de n&#8217;Adrover<\/a> <span class=\"sya_categories\"><span class=\"sya_bracket\">(<\/span>0-Muy f\u00e1cil, 1 - Hasta 5 km., Mallorca<span class=\"sya_bracket\">)<\/span><\/span><div style=\"padding-left:100px\" class=\"robots-nocontent\"><cite>Por la tarde hacemos una peque\u00f1a caminata de unos 2.5 km. partiendo de Cala Llombards hasta el Cal\u00f3 de n&#8217;Adrover porque debido a que era ya muy tarde no ten\u00edamos tiempo de llegar caminando hasta la bonita zona del Cal\u00f3 des Moros. Por ello, despu\u00e9s iremos con el coche al Cal\u00f3 des Moros, donde deberemos [&hellip;]<\/cite><\/div><\/div><\/li><li class=\"\"><div class=\"sya_postcontent\"><span class=\"sya_date\">  <span class=\"sya_sep\"> <\/span><\/span><a href=\"https:\/\/www.carlosyconchita.net\/rutas\/24-02-2023-yacimiento-arqueologico-capocorb-vell\/\" class=\"sya_postlink post-19432\" rel=\"bookmark\">24-02-2023-Yacimiento arqueol\u00f3gico Capocorb Vell y Lluchmajor<\/a> <span class=\"sya_categories\"><span class=\"sya_bracket\">(<\/span>0-Fotos, 0-Muy f\u00e1cil, 1 - Hasta 5 km., Mallorca<span class=\"sya_bracket\">)<\/span><\/span><div style=\"padding-left:100px\" class=\"robots-nocontent\"><cite>Visita al Yacimiento arqueol\u00f3gico de Capocorb Vell, uno de los m\u00e1s importantes de Mallorca y de las Islas Baleares en general. Este poblado se fund\u00f3 alrededor del a\u00f1o 1.000 A.de C. , despu\u00e9s fu\u00e9 ocupado por las poblaciones baleares, por los romanos en el a\u00f1o 123 A.de C., posteriormente por los musulmanes, cristianos y en [&hellip;]<\/cite><\/div><\/div><\/li><li class=\"\"><div class=\"sya_postcontent\"><span class=\"sya_date\">  <span class=\"sya_sep\"> <\/span><\/span><a href=\"https:\/\/www.carlosyconchita.net\/rutas\/23-02-2023-puig-aguila-y-calas-estremer-y-castell\/\" class=\"sya_postlink post-19418\" rel=\"bookmark\">23-02-2023-Puig Aguila y Calas Estremer y Castell<\/a> <span class=\"sya_categories\"><span class=\"sya_bracket\">(<\/span>1-F\u00e1cil, 2 - De 5 a 10 km., Mallorca<span class=\"sya_bracket\">)<\/span><\/span><div style=\"padding-left:100px\" class=\"robots-nocontent\"><cite>Hoy hacemos una excursi\u00f3n partiendo del pueblo de Cala San Vicen\u00e7, cerca de Pollensa para llegar a la peque\u00f1a cima del Puig del Aguila, y siguiendo la costa pero por encima de los acantilados, poder admirar las bonitas calas como la de Estremer y la del Castell. Por la zona hemos visto varias entradas a [&hellip;]<\/cite><\/div><\/div><\/li><li class=\"\"><div class=\"sya_postcontent\"><span class=\"sya_date\">  <span class=\"sya_sep\"> <\/span><\/span><a href=\"https:\/\/www.carlosyconchita.net\/rutas\/23-02-2023-cala-barques-y-formentor\/\" class=\"sya_postlink post-19428\" rel=\"bookmark\">23-02-2023-Cala Barqu\u00e9s y Formentor<\/a> <span class=\"sya_categories\"><span class=\"sya_bracket\">(<\/span>0-Fotos, Mallorca<span class=\"sya_bracket\">)<\/span><\/span><div style=\"padding-left:100px\" class=\"robots-nocontent\"><cite>Despu\u00e9s de la caminata de esta ma\u00f1ana, por la tarde nos vamos a una peque\u00f1a y bonita cala, la Cala Barg\u00faes y despu\u00e9s al cabo de Formentor, con la idea de llegar hasta el final de la carretera y el faro situado en el Cap de Formentor.\u00a0 Por el camino hemos parado y caminado un [&hellip;]<\/cite><\/div><\/div><\/li><li class=\"\"><div class=\"sya_postcontent\"><span class=\"sya_date\">  <span class=\"sya_sep\"> <\/span><\/span><a href=\"https:\/\/www.carlosyconchita.net\/rutas\/22-02-2023-valldemosa-torre-veger-y-palma\/\" class=\"sya_postlink post-19405\" rel=\"bookmark\">22-02-2023-Valldemosa, Torre Veger y Palma<\/a> <span class=\"sya_categories\"><span class=\"sya_bracket\">(<\/span>0-Fotos, Mallorca<span class=\"sya_bracket\">)<\/span><\/span><div style=\"padding-left:100px\" class=\"robots-nocontent\"><cite>Album de fotos de las visitas realizadas el dia 22 en Mallorca : Cartuja de Valldemosa Torre del Veger Palma :\u00a0 Catedral, Ba\u00f1os \u00e1rabes, iglesias y paseo por la ciudad Album de fotos &nbsp;<\/cite><\/div><\/div><\/li><li class=\"\"><div class=\"sya_postcontent\"><span class=\"sya_date\">  <span class=\"sya_sep\"> <\/span><\/span><a href=\"https:\/\/www.carlosyconchita.net\/rutas\/12-02-2023-valle-del-galba\/\" class=\"sya_postlink post-19390\" rel=\"bookmark\">12-02-2023-Valle del Galba (raquetas)<\/a> <span class=\"sya_categories\"><span class=\"sya_bracket\">(<\/span>1-F\u00e1cil, 2 - De 5 a 10 km., Formigueres \/ Puyvalador<span class=\"sya_bracket\">)<\/span><\/span><div style=\"padding-left:100px\" class=\"robots-nocontent\"><cite>Hoy nos vamos a Esposouille, cerca de Formigu\u00e8res, y aparcamos el coche en una gran explanada que hay cerca de la iglesia del peque\u00f1o pueblo, para hacer una excursi\u00f3n con raquetas por una zona que nos gusta mucho con nieve, especialmente cuando la nevada es reciente, ya que el camino entre los arboles curbiertos de [&hellip;]<\/cite><\/div><\/div><\/li><li class=\"\"><div class=\"sya_postcontent\"><span class=\"sya_date\">  <span class=\"sya_sep\"> <\/span><\/span><a href=\"https:\/\/www.carlosyconchita.net\/rutas\/11-02-2023-lago-balcere-raquetas\/\" class=\"sya_postlink post-19387\" rel=\"bookmark\">11-02-2023-Lago Balc\u00e8re (raquetas)<\/a> <span class=\"sya_categories\"><span class=\"sya_bracket\">(<\/span>1-F\u00e1cil, 2 - De 5 a 10 km., Les Angles<span class=\"sya_bracket\">)<\/span><\/span><div style=\"padding-left:100px\" class=\"robots-nocontent\"><cite>El punto de inicio de la excursi\u00f3n de hoy es la parte alta del pueblo de Les Angles, desde donde tenemos unas grandes vistas del lago de Matemale, y donde empieza la carretera que en verano lleva al lago de Balc\u00e8re y que en invierno est\u00e1 cortada por la nieve. Caminamos pues por esta carretera [&hellip;]<\/cite><\/div><\/div><\/li><li class=\"\"><div class=\"sya_postcontent\"><span class=\"sya_date\">  <span class=\"sya_sep\"> <\/span><\/span><a href=\"https:\/\/www.carlosyconchita.net\/rutas\/22-01-2023-lago-calbet\/\" class=\"sya_postlink post-19381\" rel=\"bookmark\">22-01-2023-La Quillane &#8211; Lago Calbet (raquetas)<\/a> <span class=\"sya_categories\"><span class=\"sya_bracket\">(<\/span>1-F\u00e1cil, 2 - De 5 a 10 km., Les Angles<span class=\"sya_bracket\">)<\/span><\/span><div style=\"padding-left:100px\" class=\"robots-nocontent\"><cite>Aprovechamos de nuevo la gran cantidad de nieve que tenemos estos d\u00edas, para hacer otra bonita caminata con raquetas empezando en La Quillane hasta el lago Calbet. Hay que aprovechar porque no siempre podemos hacerlo justo despu\u00e9s de una buena nevada, con las bonitas vistas de los arboles cargados de nieve. David y Noelia han [&hellip;]<\/cite><\/div><\/div><\/li><li class=\"\"><div class=\"sya_postcontent\"><span class=\"sya_date\">  <span class=\"sya_sep\"> <\/span><\/span><a href=\"https:\/\/www.carlosyconchita.net\/rutas\/21-01-2023-lago-olive-raquetas\/\" class=\"sya_postlink post-19376\" rel=\"bookmark\">21-01-2023-Lago Olive &#8211; Iglesietes  (raquetas)<\/a> <span class=\"sya_categories\"><span class=\"sya_bracket\">(<\/span>1-F\u00e1cil, 2 - De 5 a 10 km., Formigueres \/ Puyvalador, Les Angles<span class=\"sya_bracket\">)<\/span><\/span><div style=\"padding-left:100px\" class=\"robots-nocontent\"><cite>Despu\u00e9s de las nevadas recientes y la de esta noche, hacemos esta excursi\u00f3n con raquetas con David y Noelia a partir del Lago Olive, llegando hasta\u00a0 Les Iglesietes , en la zona de Les Angles. Como se puede ver en las fotos, hay mucha nieve y adem\u00e1s tambi\u00e9n nos ha nevado durante la caminata , [&hellip;]<\/cite><\/div><\/div><\/li><\/ul> <a id=\"year2022\"><\/a>2022 <span class=\"sya_yearcount\"><span class=\"sya_bracket\">(<\/span>68<span class=\"sya_bracket\">)<\/span><\/span> <ul><li class=\"\"><div class=\"sya_postcontent\"><span class=\"sya_date\">  <span class=\"sya_sep\"> <\/span><\/span><a href=\"https:\/\/www.carlosyconchita.net\/rutas\/29-12-2022-tour-del-matemale\/\" class=\"sya_postlink post-19252\" rel=\"bookmark\">29-12-2022-Tour del Matemale<\/a> <span class=\"sya_categories\"><span class=\"sya_bracket\">(<\/span>1-F\u00e1cil, 3 - De 10 a 15 km., Les Angles<span class=\"sya_bracket\">)<\/span><\/span><div style=\"padding-left:100px\" class=\"robots-nocontent\"><cite>Hoy hacemos un f\u00e1cil paseo con nuestro hijo David para dar la vuelta al lago de Matemale, y como se puede ver, no hay ni rastro de nieve, al contrario de alguna otra vez en que estaba congelado.\u00a0 Ver\u00a0 02-01-2021-Tour Lago Matemale (raquetas) Foto del 02-01-2021 : &nbsp; Album de fotos &nbsp; Distancia total :\u00a0\u00a0\u00a0\u00a0\u00a0\u00a0 [&hellip;]<\/cite><\/div><\/div><\/li><li class=\"\"><div class=\"sya_postcontent\"><span class=\"sya_date\">  <span class=\"sya_sep\"> <\/span><\/span><a href=\"https:\/\/www.carlosyconchita.net\/rutas\/28-12-2022-coll-de-la-llosa-pic-dormidor\/\" class=\"sya_postlink post-19245\" rel=\"bookmark\">28-12-2022-Coll de la Llosa-Pic Dormidor<\/a> <span class=\"sya_categories\"><span class=\"sya_bracket\">(<\/span>1-F\u00e1cil, 100 Cims Carlos y Conchita, 3 - De 10 a 15 km., Catalunya Nord - sin clasificar<span class=\"sya_bracket\">)<\/span><\/span><div style=\"padding-left:100px\" class=\"robots-nocontent\"><cite>Desde el Coll de la Llosa , repetimos hoy con nuestro hijo David la excursi\u00f3n que hicimos el pasado 11-09-2021 al\u00a0 peque\u00f1o pico del Dormidor, desde donde tenemos unas magn\u00edficas vistas del lago de Matemale, pistas de ski de Les Angles etc. No hemos encontrado casi nada de nieve en el camino, excepto el \u00faltimo [&hellip;]<\/cite><\/div><\/div><\/li><li class=\"\"><div class=\"sya_postcontent\"><span class=\"sya_date\">  <span class=\"sya_sep\"> <\/span><\/span><a href=\"https:\/\/www.carlosyconchita.net\/rutas\/27-12-2022-ruta-de-los-telesillas-pla-de-la-calme-raquetas\/\" class=\"sya_postlink post-18567\" rel=\"bookmark\">27-12-2022-Ruta de los telesillas (Pla de la Calme ) &#8211; raquetas<\/a> <span class=\"sya_categories\"><span class=\"sya_bracket\">(<\/span>1-F\u00e1cil, 2 - De 5 a 10 km., Font Romeu<span class=\"sya_bracket\">)<\/span><\/span><div style=\"padding-left:100px\" class=\"robots-nocontent\"><cite>Aparcamos el coche en el Pla de la Calme, y empezamos a subir por la pista de ski que tenemos a nuestra derecha, hasta llegar a una especie de esplanada en donde llegan varios telesillas (La Gallinera, Les Avellans, Airelles&#8230;) Desde alli vamos recorriendo la cresta de estas monta\u00f1as, pasando por alguna pista de ski [&hellip;]<\/cite><\/div><\/div><\/li><li class=\"\"><div class=\"sya_postcontent\"><span class=\"sya_date\">  <span class=\"sya_sep\"> <\/span><\/span><a href=\"https:\/\/www.carlosyconchita.net\/rutas\/08-12-2022-raquetas-en-la-estacion-ski-puigmal\/\" class=\"sya_postlink post-18564\" rel=\"bookmark\">08-12-2022-Raquetas en la estaci\u00f3n ski Puigmal<\/a> <span class=\"sya_categories\"><span class=\"sya_bracket\">(<\/span>1 - Hasta 5 km., 2-Moderada, Saillagosa<span class=\"sya_bracket\">)<\/span><\/span><div style=\"padding-left:100px\" class=\"robots-nocontent\"><cite>Hoy volvemos a nuestra conocida estaci\u00f3n de ski de Puigmal, para hacer una caminata con raquetas, aunque debido al fuerte viento que hac\u00eda en la parte altas y d\u00eda un poco nuboso y con posibilidades de lluvia, no hemos llegado hasta el punto donde quer\u00edamos llegar. Esta estaci\u00f3n de ski ha estado cerrada bastantes a\u00f1os, [&hellip;]<\/cite><\/div><\/div><\/li><li class=\"\"><div class=\"sya_postcontent\"><span class=\"sya_date\">  <span class=\"sya_sep\"> <\/span><\/span><a href=\"https:\/\/www.carlosyconchita.net\/rutas\/07-12-2022-la-quillane-lago-calvet\/\" class=\"sya_postlink post-18557\" rel=\"bookmark\">07-12-2022-La Quillane &#8211; Lago Calvet<\/a> <span class=\"sya_categories\"><span class=\"sya_bracket\">(<\/span>1-F\u00e1cil, Conflent<span class=\"sya_bracket\">)<\/span><\/span><div style=\"padding-left:100px\" class=\"robots-nocontent\"><cite>Hoy hacemos una f\u00e1cil y bonita caminata con raquetas, para descansar un poco de la de ayer, por la zona de la Quillane, llegando hasta el lago de Calvet, que como es habitual en estas fechas, est\u00e1 congelado. Por esta zona hemos pasado muchas veces, as\u00ed como por el Lago Calvet, pero es una de [&hellip;]<\/cite><\/div><\/div><\/li><li class=\"\"><div class=\"sya_postcontent\"><span class=\"sya_date\">  <span class=\"sya_sep\"> <\/span><\/span><a href=\"https:\/\/www.carlosyconchita.net\/rutas\/06-12-2022-ansovell-cava\/\" class=\"sya_postlink post-18548\" rel=\"bookmark\">06-12-2022-Ansovell-Cava<\/a> <span class=\"sya_categories\"><span class=\"sya_bracket\">(<\/span>2-Moderada, 3 - De 10 a 15 km., Lleida<span class=\"sya_bracket\">)<\/span><\/span><div style=\"padding-left:100px\" class=\"robots-nocontent\"><cite>Hoy hemos hecho una bonita caminata al pi\u00e9 de la Sierra del Cad\u00ed,\u00a0 empezando y terminando en el peque\u00f1o pueblo de Ansovell, pasando por diversos paisajes, con nieve y sin nieve, con puntos de inter\u00e9s en la Ermita de Boscal,\u00a0 Cal Pubill y Cava. El d\u00eda ha estado algo nublado en alg\u00fan momento, como se [&hellip;]<\/cite><\/div><\/div><\/li><li class=\"\"><div class=\"sya_postcontent\"><span class=\"sya_date\">  <span class=\"sya_sep\"> <\/span><\/span><a href=\"https:\/\/www.carlosyconchita.net\/rutas\/viaje-algarve-pagina-principal\/\" class=\"sya_postlink post-20542\" rel=\"bookmark\">Viaje Algarve : p\u00e1gina principal<\/a> <span class=\"sya_categories\"><span class=\"sya_bracket\">(<\/span>Algarve, Portugal<span class=\"sya_bracket\">)<\/span><\/span><div style=\"padding-left:100px\" class=\"robots-nocontent\"><cite>&nbsp; 26-11-2022-Viaje a Faro (Algarve) 27-11-2022-Playa Marinha-Ruta Siete Valles 28-11-2022-Lagos, Sagres y faro San Vicente 29-11-2022-Playa do Barril, Silves y Cumbre de Foia 30-11-2022-Carvoeiro : ruta no terminada y Algar Seco 01-12-2022-Visita a Huelva &nbsp;<\/cite><\/div><\/div><\/li><li class=\"\"><div class=\"sya_postcontent\"><span class=\"sya_date\">  <span class=\"sya_sep\"> <\/span><\/span><a href=\"https:\/\/www.carlosyconchita.net\/rutas\/01-12-2022-visita-a-huelva\/\" class=\"sya_postlink post-18383\" rel=\"bookmark\">01-12-2022-Visita a Huelva<\/a> <span class=\"sya_categories\"><span class=\"sya_bracket\">(<\/span>Portugal<span class=\"sya_bracket\">)<\/span><\/span><div style=\"padding-left:100px\" class=\"robots-nocontent\"><cite>Aunque el destino principal de nuestro viaje de estos d\u00edas ha sido el Algarve portugu\u00e9s, hoy hemos hecho una visita \u00abrel\u00e1mpago\u00bb a Huelva, ya que no est\u00e1bamos muy lejos. Cuando organiz\u00e1bamos este viaje en casa, hab\u00edamos pensado en visitar las Minas de Riotinto, pero por la distancia y los horarios no lo hemos podido hacer, [&hellip;]<\/cite><\/div><\/div><\/li><li class=\"\"><div class=\"sya_postcontent\"><span class=\"sya_date\">  <span class=\"sya_sep\"> <\/span><\/span><a href=\"https:\/\/www.carlosyconchita.net\/rutas\/30-11-2022-carvoeiro-ruta-no-terminada-y-algar-seco\/\" class=\"sya_postlink post-18373\" rel=\"bookmark\">30-11-2022-Carvoeiro : ruta no terminada y Algar Seco<\/a> <span class=\"sya_categories\"><span class=\"sya_bracket\">(<\/span>0-Muy f\u00e1cil, Algarve, Portugal<span class=\"sya_bracket\">)<\/span><\/span><div style=\"padding-left:100px\" class=\"robots-nocontent\"><cite>Hoy nos dirigimos a la bonita poblaci\u00f3n de Carvoeiro con la idea de hacer otra excursi\u00f3n por los acantilados de la costa, que al final no pudimos completar. Dejamos el coche en la Estada do Alvar Seco, cerca de la Praia Carvalho,\u00a0 a la que bajamos antes de ir a\u00a0 Carvoeiro, pasando por unas pasarelas [&hellip;]<\/cite><\/div><\/div><\/li><li class=\"\"><div class=\"sya_postcontent\"><span class=\"sya_date\">  <span class=\"sya_sep\"> <\/span><\/span><a href=\"https:\/\/www.carlosyconchita.net\/rutas\/29-11-2022-playa-do-barril-silves-y-cumbre-de-foia\/\" class=\"sya_postlink post-18362\" rel=\"bookmark\">29-11-2022-Playa do Barril, Silves y Cumbre de Foia<\/a> <span class=\"sya_categories\"><span class=\"sya_bracket\">(<\/span>Algarve, Portugal<span class=\"sya_bracket\">)<\/span><\/span><div style=\"padding-left:100px\" class=\"robots-nocontent\"><cite>Hoy ha sido un d\u00eda tranquilo, ya que no hemos hecho ninguna caminata, sino que hemos visitado varias ciudades, de la forma que nosotros decimos como \u00abturistas normales\u00bb. En primer lugar hemos ido a la playa de Barril, en el Parque Natural de la R\u00eda Formosa, que en realidad est\u00e1 en una isla, la de [&hellip;]<\/cite><\/div><\/div><\/li><li class=\"\"><div class=\"sya_postcontent\"><span class=\"sya_date\">  <span class=\"sya_sep\"> <\/span><\/span><a href=\"https:\/\/www.carlosyconchita.net\/rutas\/28-11-2022-lagos-sagres-y-faro-san-vicente\/\" class=\"sya_postlink post-18352\" rel=\"bookmark\">28-11-2022-Lagos, Sagres y faro San Vicente<\/a> <span class=\"sya_categories\"><span class=\"sya_bracket\">(<\/span>Algarve, Portugal<span class=\"sya_bracket\">)<\/span><\/span><div style=\"padding-left:100px\" class=\"robots-nocontent\"><cite>Hoy hemos hecho una serie de visitas a diversas poblaciones del Algarve, y aunque no hemos hecho ninguna ruta larga caminando, al final s\u00ed que hemos caminado mucho, ya que en Lagos, aparte del paseo por la ciudad,\u00a0\u00a0 hemos hecho una peque\u00f1a caminata por los impresionantes acantilados en la Ponta da Piedade, bajando despu\u00e9s hasta [&hellip;]<\/cite><\/div><\/div><\/li><li class=\"\"><div class=\"sya_postcontent\"><span class=\"sya_date\">  <span class=\"sya_sep\"> <\/span><\/span><a href=\"https:\/\/www.carlosyconchita.net\/rutas\/27-11-2022-playa-marinha-ruta-siete-valles\/\" class=\"sya_postlink post-18320\" rel=\"bookmark\">27-11-2022-Playa Marinha-Ruta Siete Valles<\/a> <span class=\"sya_categories\"><span class=\"sya_bracket\">(<\/span>2-Moderada, 3 - De 10 a 15 km., Algarve<span class=\"sya_bracket\">)<\/span><\/span><div style=\"padding-left:100px\" class=\"robots-nocontent\"><cite>Hoy hemos hecho una bonita y larga excursi\u00f3n por las costas del Algarve portugu\u00e9s,\u00a0 siguiendo un camino que recorre esta bonita costa, pero no al nivel del agua, sino por arriba, encima de los acantilados, por lo que hemos tenido unas magn\u00edficas vistas del mar y de las playas, a las que hemos bajado en [&hellip;]<\/cite><\/div><\/div><\/li><li class=\"\"><div class=\"sya_postcontent\"><span class=\"sya_date\">  <span class=\"sya_sep\"> <\/span><\/span><a href=\"https:\/\/www.carlosyconchita.net\/rutas\/26-11-2022-viaje-a-faro-algarve\/\" class=\"sya_postlink post-18316\" rel=\"bookmark\">26-11-2022-Viaje a Faro (Algarve)<\/a> <span class=\"sya_categories\"><span class=\"sya_bracket\">(<\/span>Algarve, Portugal<span class=\"sya_bracket\">)<\/span><\/span><div style=\"padding-left:100px\" class=\"robots-nocontent\"><cite>Album de fotos del viaje en avi\u00f3n a Faro (Algarve), y peque\u00f1o paseo por la ciudad. &nbsp;<\/cite><\/div><\/div><\/li><li class=\"\"><div class=\"sya_postcontent\"><span class=\"sya_date\">  <span class=\"sya_sep\"> <\/span><\/span><a href=\"https:\/\/www.carlosyconchita.net\/rutas\/30-10-2022-borna-308-pico-de-arnousse\/\" class=\"sya_postlink post-18189\" rel=\"bookmark\">30-10-2022-Borna 308 (Pico de Arnousse)<\/a> <span class=\"sya_categories\"><span class=\"sya_bracket\">(<\/span>1 - Hasta 5 km., 1-F\u00e1cil, 100 Cims Carlos y Conchita, Canfranc, Mojones \/ Bornas frontera ES-FR<span class=\"sya_bracket\">)<\/span><\/span><div style=\"padding-left:100px\" class=\"robots-nocontent\"><cite>Con esta corta pero algo dura caminata por el considerable desnivel en tan poco recorrido, terminamosla temporada de bornas de este a\u00f1o, habiendo conseguido llegar a las 552, con lo que s\u00f3lo nos quedan 50 por localizar.<\/cite><\/div><\/div><\/li><li class=\"\"><div class=\"sya_postcontent\"><span class=\"sya_date\">  <span class=\"sya_sep\"> <\/span><\/span><a href=\"https:\/\/www.carlosyconchita.net\/rutas\/29-10-2022-plateau-de-sanchese-intento-b-272\/\" class=\"sya_postlink post-18178\" rel=\"bookmark\">29-10-2022-Plateau de Sanch\u00e8se (intento B-272)<\/a> <span class=\"sya_categories\"><span class=\"sya_bracket\">(<\/span>2 - De 5 a 10 km., 3-Dif\u00edcil, Canfranc, Mojones \/ Bornas frontera ES-FR<span class=\"sya_bracket\">)<\/span><\/span><div style=\"padding-left:100px\" class=\"robots-nocontent\"><cite>Hoy no hemos conseguido llegar a la borna 272, debido a que nos hemos cansado m\u00e1s de la cuenta y teniendo en cuenta lo que faltaba y las pocas horas de sol de finales de octubre, decidimos volver atr\u00e1s.<\/cite><\/div><\/div><\/li><li class=\"\"><div class=\"sya_postcontent\"><span class=\"sya_date\">  <span class=\"sya_sep\"> <\/span><\/span><a href=\"https:\/\/www.carlosyconchita.net\/rutas\/22-09-2022-bornas-386-394\/\" class=\"sya_postlink post-18018\" rel=\"bookmark\">22-09-2022-Bornas 386-394<\/a> <span class=\"sya_categories\"><span class=\"sya_bracket\">(<\/span>100 Cims Carlos y Conchita, 2-Moderada, 4 - De 15 a 20 km., Mojones \/ Bornas frontera ES-FR, Valle de Ar\u00e1n<span class=\"sya_bracket\">)<\/span><\/span><div style=\"padding-left:100px\" class=\"robots-nocontent\"><cite>551 bornas localizadas hasta hoy , del total de 602 existentes, nos faltan s\u00f3lo 51. Hoy hemos vuelto a la zona de nuestra vieja conocida, la caba\u00f1a de Peyrehitte, cerca del peque\u00f1o pueblo de Artigue, para hacer el \u00faltimo tramo que nos quedaba de la frontera en esta zona. Anteriormente, el pasado mes de julio [&hellip;]<\/cite><\/div><\/div><\/li><li class=\"\"><div class=\"sya_postcontent\"><span class=\"sya_date\">  <span class=\"sya_sep\"> <\/span><\/span><a href=\"https:\/\/www.carlosyconchita.net\/rutas\/04-09-2022-eef-berns-campeon-del-mundo-por-duplicado\/\" class=\"sya_postlink post-17952\" rel=\"bookmark\">04-09-2022-Eef  Berns, campe\u00f3n del mundo por duplicado !<\/a> <span class=\"sya_categories\"><span class=\"sya_bracket\">(<\/span>Mojones \/ Bornas frontera ES-FR<span class=\"sya_bracket\">)<\/span><\/span><div style=\"padding-left:100px\" class=\"robots-nocontent\"><cite>&nbsp; &nbsp; Nuestro amigo Eef\u00a0 ha conseguido llegar por segunda vez a la borna 602,\u00a0 esta vez nadando\u00a0 ! En este enlace podeis ver la publicaci\u00f3n de esta aventura en su blog :\u00a0\u00a0 http:\/\/blog.grpdesbf.nl\/?p=1110 &nbsp; Recordamos que esta borna, la \u00faltima por n\u00famero, est\u00e1 situada en la Cova Foradada, situada en la Punta del Ocell, [&hellip;]<\/cite><\/div><\/div><\/li><li class=\"\"><div class=\"sya_postcontent\"><span class=\"sya_date\">  <span class=\"sya_sep\"> <\/span><\/span><a href=\"https:\/\/www.carlosyconchita.net\/rutas\/27-08-2022-borna-236-pico-de-ory\/\" class=\"sya_postlink post-18093\" rel=\"bookmark\">27-08-2022-Borna 236- Pico de Ory<\/a> <span class=\"sya_categories\"><span class=\"sya_bracket\">(<\/span>1 - Hasta 5 km., 1-F\u00e1cil, 100 Cims Carlos y Conchita, Mojones \/ Bornas frontera ES-FR, Navarra<span class=\"sya_bracket\">)<\/span><\/span><div style=\"padding-left:100px\" class=\"robots-nocontent\"><cite>Hoy por fin hemos podido subir al Pico de Ory, en donde se supone que estaba la borna 236, en un magn\u00edfico d\u00eda de sol y buen tiempo.\r\nEn ocasiones anteriores no pudimos ni siquiera intentarlo, por la niebla o por una fuerte nevada.<\/cite><\/div><\/div><\/li><li class=\"\"><div class=\"sya_postcontent\"><span class=\"sya_date\">  <span class=\"sya_sep\"> <\/span><\/span><a href=\"https:\/\/www.carlosyconchita.net\/rutas\/26-08-2022-bornas-267-268-269\/\" class=\"sya_postlink post-18090\" rel=\"bookmark\">26-08-2022-Bornas 267-268-269<\/a> <span class=\"sya_categories\"><span class=\"sya_bracket\">(<\/span>2 - De 5 a 10 km., 2-Moderada, Mojones \/ Bornas frontera ES-FR, Navarra<span class=\"sya_bracket\">)<\/span><\/span><div style=\"padding-left:100px\" class=\"robots-nocontent\"><cite>A pesar del mal tiempo que hac\u00eda cuando hemos empezado a caminar, ya que estaba lloviendo, hemos podido localizar las 3 bornas que nos quedaban en esta zona, y que debido a la niebla y falta de tiempo no pudimos hacer el d\u00eda\u00a0 05-09-2020<\/cite><\/div><\/div><\/li><li class=\"\"><div class=\"sya_postcontent\"><span class=\"sya_date\">  <span class=\"sya_sep\"> <\/span><\/span><a href=\"https:\/\/www.carlosyconchita.net\/rutas\/25-08-2022-ermita-de-idoia-isaba\/\" class=\"sya_postlink post-18088\" rel=\"bookmark\">25-08-2022-Ermita de Idoia (Isaba)<\/a> <span class=\"sya_categories\"><span class=\"sya_bracket\">(<\/span>0-Muy f\u00e1cil, 1 - Hasta 5 km., Navarra<span class=\"sya_bracket\">)<\/span><\/span><div style=\"padding-left:100px\" class=\"robots-nocontent\"><cite>F\u00e1cil caminata para descansar de la dura excursi\u00f3n de ayer a la borna 271.<\/cite><\/div><\/div><\/li><li class=\"\"><div class=\"sya_postcontent\"><span class=\"sya_date\">  <span class=\"sya_sep\"> <\/span><\/span><a href=\"https:\/\/www.carlosyconchita.net\/rutas\/24-08-2022-borna-271\/\" class=\"sya_postlink post-18086\" rel=\"bookmark\">24-08-2022-Borna 271<\/a> <span class=\"sya_categories\"><span class=\"sya_bracket\">(<\/span>100 Cims Carlos y Conchita, 3 - De 10 a 15 km., 3-Dif\u00edcil, Mojones \/ Bornas frontera ES-FR, Navarra<span class=\"sya_bracket\">)<\/span><\/span><div style=\"padding-left:100px\" class=\"robots-nocontent\"><cite>A la segunda va la vencida, y hoy s\u00ed que hemos conseguido llegar a la B-271, con un largo y cansado recorrido, en especial la vuelta, por el fuerte calor y las varias subidas y bajadas para cruzar varios barrancos.<\/cite><\/div><\/div><\/li><li class=\"\"><div class=\"sya_postcontent\"><span class=\"sya_date\">  <span class=\"sya_sep\"> <\/span><\/span><a href=\"https:\/\/www.carlosyconchita.net\/rutas\/13-08-2022-borna-602\/\" class=\"sya_postlink post-17872\" rel=\"bookmark\">13-08-2022-Borna 602<\/a> <span class=\"sya_categories\"><span class=\"sya_bracket\">(<\/span>1-F\u00e1cil, Girona, Mojones \/ Bornas frontera ES-FR<span class=\"sya_bracket\">)<\/span><\/span><div style=\"padding-left:100px\" class=\"robots-nocontent\"><cite>537 bornas localizadas hasta hoy , del total de 602 existentes, nos faltan s\u00f3lo 65. Hoy por fin hemos conseguido organizarlo todo para llegar a la borna 602, la \u00faltima que nos quedaba en la zona de los Pirineos Orientales, desde la 427 situada en la Portella Blanca (frontera entre Espa\u00f1a, Francia y Andorra), y [&hellip;]<\/cite><\/div><\/div><\/li><li class=\"\"><div class=\"sya_postcontent\"><span class=\"sya_date\">  <span class=\"sya_sep\"> <\/span><\/span><a href=\"https:\/\/www.carlosyconchita.net\/rutas\/eslovenia-pagina-principal\/\" class=\"sya_postlink post-20553\" rel=\"bookmark\">Eslovenia : p\u00e1gina principal<\/a> <span class=\"sya_categories\"><span class=\"sya_bracket\">(<\/span>Eslovenia<span class=\"sya_bracket\">)<\/span><\/span><div style=\"padding-left:100px\" class=\"robots-nocontent\"><cite>02 y 03-08-2022-Viaje Eslovenia 04-08-2022-Pico Sija (Parque Nacional Triglab-Eslovenia ) 05-08-2022-Cuevas Postojnska, Castillo Predjamski y Ljubljana (Eslovenia) 06-08-2022-Garganta Tolmin y visita a Kobarid (Eslovenia) 07-08-2022-Ruta de la Paz, mina , bornas y Capilla Rusa (Eslovenia) 08-08-2022-Cascada Pericnik, Bistrica Trail y Castillo de Bled (Eslovenia) 09-08-2022-Tripoint Eslovenia-Austria-Italia (Monte Forno) 09-08-2022- Valle Planica y Cascada Nadiza (Eslovenia) [&hellip;]<\/cite><\/div><\/div><\/li><li class=\"\"><div class=\"sya_postcontent\"><span class=\"sya_date\">  <span class=\"sya_sep\"> <\/span><\/span><a href=\"https:\/\/www.carlosyconchita.net\/rutas\/11-08-2022-viaje-vuelta-de-eslovenia\/\" class=\"sya_postlink post-18306\" rel=\"bookmark\">11-08-2022-Viaje vuelta de Eslovenia (y bornas Italia-Francia)<\/a> <span class=\"sya_categories\"><span class=\"sya_bracket\">(<\/span>0-Muy f\u00e1cil, Eslovenia, Mojones \/ Bornas otros pa\u00edses<span class=\"sya_bracket\">)<\/span><\/span><div style=\"padding-left:100px\" class=\"robots-nocontent\"><cite>Album de fotos del viaje de vuelta desde Eslovenia, que realizamos en dos etapas :\u00a0 el d\u00eda 11\u00a0 desde Bled a Susa (Italia), donde ya hab\u00edamos dormido a la ida, y el d\u00eda 12 desde Susa hasta casa. Esta vez en Susa pudimos disfrutar con unas pizzas, y al d\u00eda siguiente, en la frontera entre [&hellip;]<\/cite><\/div><\/div><\/li><li class=\"\"><div class=\"sya_postcontent\"><span class=\"sya_date\">  <span class=\"sya_sep\"> <\/span><\/span><a href=\"https:\/\/www.carlosyconchita.net\/rutas\/10-08-2022-garganta-y-cascada-rio-mosnica\/\" class=\"sya_postlink post-18300\" rel=\"bookmark\">10-08-2022-Garganta y cascada r\u00edo Mosnica (Eslovenia)<\/a> <span class=\"sya_categories\"><span class=\"sya_bracket\">(<\/span>1-F\u00e1cil, 3 - De 10 a 15 km., Eslovenia<span class=\"sya_bracket\">)<\/span><\/span><div style=\"padding-left:100px\" class=\"robots-nocontent\"><cite>Hoy nos dirigimos a la poblaci\u00f3n de Stara Fuzina, y desde all\u00ed a un parking donde podemos dejar el coche y empezar a caminar por la garganta del r\u00edo Mosnica, y despu\u00e9s, a la cascada del mismo nombre. Hay un primer tramo en el que vamos caminando al lado del bonito r\u00edo, con unas piedras [&hellip;]<\/cite><\/div><\/div><\/li><li class=\"\"><div class=\"sya_postcontent\"><span class=\"sya_date\">  <span class=\"sya_sep\"> <\/span><\/span><a href=\"https:\/\/www.carlosyconchita.net\/rutas\/09-08-2022-valle-planica-y-cascada-nadiza\/\" class=\"sya_postlink post-18288\" rel=\"bookmark\">09-08-2022- Valle Planica y Cascada Nadiza (Eslovenia)<\/a> <span class=\"sya_categories\"><span class=\"sya_bracket\">(<\/span>1-F\u00e1cil, 2 - De 5 a 10 km., Eslovenia<span class=\"sya_bracket\">)<\/span><\/span><div style=\"padding-left:100px\" class=\"robots-nocontent\"><cite>Despu\u00e9s de la visita de esta ma\u00f1ana al tripoint fronterizo entre Eslovenia, Italia y Austria, nos dirigimos de nuevo a Eslovenia, pasando por unas bonitas carreteras con vistas de las impresionantes monta\u00f1as , y de nuevo pasamos por diversas fronteras, en donde podemos ver los antiguos edificios de las aduanas y bastantes bornas o mojones [&hellip;]<\/cite><\/div><\/div><\/li><li class=\"\"><div class=\"sya_postcontent\"><span class=\"sya_date\">  <span class=\"sya_sep\"> <\/span><\/span><a href=\"https:\/\/www.carlosyconchita.net\/rutas\/09-08-2022-tripoint-eslovenia-austria-italia-monte-forno\/\" class=\"sya_postlink post-18280\" rel=\"bookmark\">09-08-2022-Tripoint Eslovenia-Austria-Italia (Monte Forno)<\/a> <span class=\"sya_categories\"><span class=\"sya_bracket\">(<\/span>0-Muy f\u00e1cil, 1 - Hasta 5 km., Eslovenia, Mojones \/ Bornas otros pa\u00edses<span class=\"sya_bracket\">)<\/span><\/span><div style=\"padding-left:100px\" class=\"robots-nocontent\"><cite>Hoy por fin hemos podido subir con el telesilla a la zona donde est\u00e1 uno de los llamados \u00abtripoint\u00bb, es decir, un punto en el que se unen las fronteras de tres pa\u00edses, en este caso Eslovenia, Austria e Italia, en el pico llamado Monte Forno (en Italia), Dreil\u00e4ndereck (en Austria) o P\u00eac\u00a0 (en Eslovenia) [&hellip;]<\/cite><\/div><\/div><\/li><li class=\"\"><div class=\"sya_postcontent\"><span class=\"sya_date\">  <span class=\"sya_sep\"> <\/span><\/span><a href=\"https:\/\/www.carlosyconchita.net\/rutas\/08-08-2022-cascada-pericnik-bistrica-trail-y-castillo-de-bled-eslovenia\/\" class=\"sya_postlink post-18263\" rel=\"bookmark\">08-08-2022-Cascada Pericnik, Bistrica Trail y Castillo de Bled (Eslovenia)<\/a> <span class=\"sya_categories\"><span class=\"sya_bracket\">(<\/span>1-F\u00e1cil, 2 - De 5 a 10 km., Eslovenia<span class=\"sya_bracket\">)<\/span><\/span><div style=\"padding-left:100px\" class=\"robots-nocontent\"><cite>Hoy hemos repartido el d\u00eda en 2 caminatas y la visita al Castillo de Bled, uno de los centros tur\u00edsticos del Parque Nacional de Triglav, en Eslovenia. Cascada Pericnik Primeramente hemos visitado la peque\u00f1a pero bonita cascada de Pericnik, a donde llegaremos desde la poblaci\u00f3n de Mojstrana, y siguiendo desde all\u00ed la carretera Triglavska Cesta, [&hellip;]<\/cite><\/div><\/div><\/li><li class=\"\"><div class=\"sya_postcontent\"><span class=\"sya_date\">  <span class=\"sya_sep\"> <\/span><\/span><a href=\"https:\/\/www.carlosyconchita.net\/rutas\/07-08-2022-ruta-de-la-paz-mina-bornas-y-capilla-rusa\/\" class=\"sya_postlink post-18249\" rel=\"bookmark\">07-08-2022-Ruta de la Paz, mina , bornas y Capilla Rusa (Eslovenia)<\/a> <span class=\"sya_categories\"><span class=\"sya_bracket\">(<\/span>0-Muy f\u00e1cil, 1 - Hasta 5 km., Eslovenia, Mojones \/ Bornas otros pa\u00edses<span class=\"sya_bracket\">)<\/span><\/span><div style=\"padding-left:100px\" class=\"robots-nocontent\"><cite>Nuestra idea hoy era ir a Austria, a la zona de Arnoldstein (Austria), para subir al Monte Forno , ya que en ese punto hay lo que se llama un \u00abtripoint\u00bb, o sea un punto fronterizo de 3 pa\u00edses, en esta caso Austria, Italia y Eslovenia. Y elegimos llegar a \u00e9l desde el lado austr\u00edaco, [&hellip;]<\/cite><\/div><\/div><\/li><li class=\"\"><div class=\"sya_postcontent\"><span class=\"sya_date\">  <span class=\"sya_sep\"> <\/span><\/span><a href=\"https:\/\/www.carlosyconchita.net\/rutas\/06-08-2022-garganta-tolmin-y-visita-a-kobarid-eslovenia\/\" class=\"sya_postlink post-18229\" rel=\"bookmark\">06-08-2022-Garganta Tolmin y visita a Kobarid (Eslovenia)<\/a> <span class=\"sya_categories\"><span class=\"sya_bracket\">(<\/span>0-Muy f\u00e1cil, 1 - Hasta 5 km., Eslovenia<span class=\"sya_bracket\">)<\/span><\/span><div style=\"padding-left:100px\" class=\"robots-nocontent\"><cite>Bonito recorrido por la Tolminska Korita (Garganta o ca\u00f1\u00f3n del rio Tolminska), y posterior visita a Kobarid y un peque\u00f1o tramo de la Ruta de la Paz,<\/cite><\/div><\/div><\/li><li class=\"\"><div class=\"sya_postcontent\"><span class=\"sya_date\">  <span class=\"sya_sep\"> <\/span><\/span><a href=\"https:\/\/www.carlosyconchita.net\/rutas\/05-08-2022-cuevas-postojnska-castillo-predjamski-y-ljubljana-eslovenia\/\" class=\"sya_postlink post-18222\" rel=\"bookmark\">05-08-2022-Cuevas Postojnska, Castillo Predjamski y Ljubljana (Eslovenia)<\/a> <span class=\"sya_categories\"><span class=\"sya_bracket\">(<\/span>0-Fotos, Eslovenia<span class=\"sya_bracket\">)<\/span><\/span><div style=\"padding-left:100px\" class=\"robots-nocontent\"><cite>Fotos de las visitas a :    Cuevas de Postojnska,  Castillo Predjamski y  Ljubljana<\/cite><\/div><\/div><\/li><li class=\"\"><div class=\"sya_postcontent\"><span class=\"sya_date\">  <span class=\"sya_sep\"> <\/span><\/span><a href=\"https:\/\/www.carlosyconchita.net\/rutas\/04-08-2022-pico-sija\/\" class=\"sya_postlink post-18203\" rel=\"bookmark\">04-08-2022-Pico Sija (Parque Nacional Triglab-Eslovenia )<\/a> <span class=\"sya_categories\"><span class=\"sya_bracket\">(<\/span>2-Moderada, Eslovenia<span class=\"sya_bracket\">)<\/span><\/span><div style=\"padding-left:100px\" class=\"robots-nocontent\"><cite>Bonita excursi\u00f3n al Pico Sija, desde el Ski Vogel Center, con unos magn\u00edficos paisajes de las imponentes monta\u00f1as de los Alpes Julianos.<\/cite><\/div><\/div><\/li><li class=\"\"><div class=\"sya_postcontent\"><span class=\"sya_date\">  <span class=\"sya_sep\"> <\/span><\/span><a href=\"https:\/\/www.carlosyconchita.net\/rutas\/02-y-03-08-2022-viaje-eslovenia\/\" class=\"sya_postlink post-18200\" rel=\"bookmark\">02 y 03-08-2022-Viaje Eslovenia<\/a> <span class=\"sya_categories\"><span class=\"sya_bracket\">(<\/span>0-Fotos, Eslovenia<span class=\"sya_bracket\">)<\/span><\/span><div style=\"padding-left:100px\" class=\"robots-nocontent\"><cite>Fotos del viaje a Eslovenia : &#8211; Dia 2-agosto : Cervell\u00f3-Susa (Italia) &#8211; Dia 3-agosto : Susa &#8211; Bled Album de fotos &nbsp; &nbsp;<\/cite><\/div><\/div><\/li><li class=\"\"><div class=\"sya_postcontent\"><span class=\"sya_date\">  <span class=\"sya_sep\"> <\/span><\/span><a href=\"https:\/\/www.carlosyconchita.net\/rutas\/23-07-2022-bornas-395-406\/\" class=\"sya_postlink post-17924\" rel=\"bookmark\">23-07-2022-Bornas 395-406<\/a> <span class=\"sya_categories\"><span class=\"sya_bracket\">(<\/span>100 Cims Carlos y Conchita, 2-Moderada, 3 - De 10 a 15 km., Mojones \/ Bornas frontera ES-FR, Valle de Ar\u00e1n<span class=\"sya_bracket\">)<\/span><\/span><div style=\"padding-left:100px\" class=\"robots-nocontent\"><cite>Larga y bonita caminata desde la Caba\u00f1a de Peyrehitte por la cresta fronteriza, para localizar las bornas 395 a la 406, con bastantes subidas y bajadas a varios picos, que al final suman un considerable desnivel.<\/cite><\/div><\/div><\/li><li class=\"\"><div class=\"sya_postcontent\"><span class=\"sya_date\">  <span class=\"sya_sep\"> <\/span><\/span><a href=\"https:\/\/www.carlosyconchita.net\/rutas\/22-07-2022-excursion-en-coche-vall-daran\/\" class=\"sya_postlink post-17922\" rel=\"bookmark\">22-07-2022-Excursi\u00f3n en coche Vall d&#8217;Ar\u00e1n<\/a> <span class=\"sya_categories\"><span class=\"sya_bracket\">(<\/span>0-Sin clasificar<span class=\"sya_bracket\">)<\/span><\/span><div style=\"padding-left:100px\" class=\"robots-nocontent\"><cite>En preparaci\u00f3n &nbsp; Album de fotos &nbsp; &nbsp;<\/cite><\/div><\/div><\/li><li class=\"\"><div class=\"sya_postcontent\"><span class=\"sya_date\">  <span class=\"sya_sep\"> <\/span><\/span><a href=\"https:\/\/www.carlosyconchita.net\/rutas\/21-07-2022-bornas-335-340\/\" class=\"sya_postlink post-17919\" rel=\"bookmark\">21-07-2022-Bornas 335-340 CI<\/a> <span class=\"sya_categories\"><span class=\"sya_bracket\">(<\/span>100 Cims Carlos y Conchita, 2-Moderada, 3 - De 10 a 15 km., Canfranc, Mojones \/ Bornas frontera ES-FR<span class=\"sya_bracket\">)<\/span><\/span><div style=\"padding-left:100px\" class=\"robots-nocontent\"><cite>Bonita y calurosa excursi\u00f3n con inicio en el Hospice de France, para localizar las bornas o mojones desde los n\u00fameros 334-CI (cruz intermedia), hasta la 340,  y tambi\u00e9n hacer varios picos o Tucs que nos encontramos en el recorrido.<\/cite><\/div><\/div><\/li><li class=\"\"><div class=\"sya_postcontent\"><span class=\"sya_date\">  <span class=\"sya_sep\"> <\/span><\/span><a href=\"https:\/\/www.carlosyconchita.net\/rutas\/02-07-2022-lago-de-laurenti\/\" class=\"sya_postlink post-17916\" rel=\"bookmark\">02-07-2022-Lago de Laurent\u00ed<\/a> <span class=\"sya_categories\"><span class=\"sya_bracket\">(<\/span>1-F\u00e1cil, 2 - De 5 a 10 km., Ari\u00e8ge<span class=\"sya_bracket\">)<\/span><\/span><div style=\"padding-left:100px\" class=\"robots-nocontent\"><cite>Hoy repetimos la ruta del d\u00eda\u00a0 13-11-2010 \u2013 Lago de Laurent\u00ed,\u00a0 a este bonito lago, aunque debido al mal estado del camino de tierra que nos lleva hasta el parking donde ten\u00edamos que dejar el coche, hemos tenido que acercarnos por otro sitio, algo m\u00e1s largo y tal vez algo m\u00e1s complicado para la gente que no conoce la zona.<\/cite><\/div><\/div><\/li><li class=\"\"><div class=\"sya_postcontent\"><span class=\"sya_date\">  <span class=\"sya_sep\"> <\/span><\/span><a href=\"https:\/\/www.carlosyconchita.net\/rutas\/01-07-2022-estany-del-diable\/\" class=\"sya_postlink post-17913\" rel=\"bookmark\">01-07-2022-Estany del Diable<\/a> <span class=\"sya_categories\"><span class=\"sya_bracket\">(<\/span>2-Moderada, 3 - De 10 a 15 km., Formigueres \/ Puyvalador<span class=\"sya_bracket\">)<\/span><\/span><div style=\"padding-left:100px\" class=\"robots-nocontent\"><cite>Hoy volvemos al Estany del Diable, en donde hab\u00edamos estado el d\u00eda\u00a0 22-06-2014 \u2013 Estany del Diable,\u00a0 ya que fu\u00e9 una excursi\u00f3n que nos gust\u00f3 mucho, tanto por el recorrido como por el lago, pero en aquella fecha, el d\u00eda estuvo algo nublado, especialmente cuando llegamos al lago y quer\u00edamos verlo con sol, ya que el paisaje cambia bastante.<\/cite><\/div><\/div><\/li><li class=\"\"><div class=\"sya_postcontent\"><span class=\"sya_date\">  <span class=\"sya_sep\"> <\/span><\/span><a href=\"https:\/\/www.carlosyconchita.net\/rutas\/25-06-2022-bornas-281-285-286\/\" class=\"sya_postlink post-18000\" rel=\"bookmark\">25-06-2022-Bornas 281-285-286<\/a> <span class=\"sya_categories\"><span class=\"sya_bracket\">(<\/span>2-Moderada, 3 - De 10 a 15 km., Canfranc, Mojones \/ Bornas frontera ES-FR<span class=\"sya_bracket\">)<\/span><\/span><div style=\"padding-left:100px\" class=\"robots-nocontent\"><cite>Volvemos a la zona del Ib\u00f3n de Estan\u00e9s, para localizar 3 bornas que no pudimos localizar el pasado a\u00f1o.\r\nCon esta publicaci\u00f3n, a\u00f1adimos \u00a0 3\u00a0 bornas\u00a0 m\u00e1s a nuestra lista :\u00a0 total 518 de las 602 existentes.<\/cite><\/div><\/div><\/li><li class=\"\"><div class=\"sya_postcontent\"><span class=\"sya_date\">  <span class=\"sya_sep\"> <\/span><\/span><a href=\"https:\/\/www.carlosyconchita.net\/rutas\/24-06-2022-lagos-artouste-y-arrious\/\" class=\"sya_postlink post-17907\" rel=\"bookmark\">24-06-2022-Lagos Artouste y Arrious<\/a> <span class=\"sya_categories\"><span class=\"sya_bracket\">(<\/span>2 - De 5 a 10 km., 2-Moderada, Canfranc<span class=\"sya_bracket\">)<\/span><\/span><div style=\"padding-left:100px\" class=\"robots-nocontent\"><cite>Bonita excursi\u00f3n a los lagos de Artouste y Arrious, con un recorrido primero en telecabina y despu\u00e9s con el peque\u00f1o tren de Artouste.<\/cite><\/div><\/div><\/li><li class=\"\"><div class=\"sya_postcontent\"><span class=\"sya_date\">  <span class=\"sya_sep\"> <\/span><\/span><a href=\"https:\/\/www.carlosyconchita.net\/rutas\/23-06-2022-pico-escalar\/\" class=\"sya_postlink post-17904\" rel=\"bookmark\">23-06-2022-Ibones de Ast\u00fan y Escalar y Pico Escalar<\/a> <span class=\"sya_categories\"><span class=\"sya_bracket\">(<\/span>1-F\u00e1cil, 100 Cims Carlos y Conchita, 2 - De 5 a 10 km., Canfranc<span class=\"sya_bracket\">)<\/span><\/span><div style=\"padding-left:100px\" class=\"robots-nocontent\"><cite>En Ast\u00fan cogemos el telesilla que nos lleva al Ib\u00f3n de Ast\u00fan o de las Truchas,\u00a0 caminando despu\u00e9s hasta el Ib\u00f3n de Escalar o de las Ranas,\u00a0y  subimos al Pico Escalar o Belonseiche. Debido al mal tiempo no podemos seguir el camino previsto por la cresta para llegar a la borna 308, pasando por los picos de Benou y Arnousse.<\/cite><\/div><\/div><\/li><li class=\"\"><div class=\"sya_postcontent\"><span class=\"sya_date\">  <span class=\"sya_sep\"> <\/span><\/span><a href=\"https:\/\/www.carlosyconchita.net\/rutas\/22-06-2022-borna-280\/\" class=\"sya_postlink post-17972\" rel=\"bookmark\">22-06-2022-Borna 280<\/a> <span class=\"sya_categories\"><span class=\"sya_bracket\">(<\/span>1 - Hasta 5 km., 1-F\u00e1cil, Canfranc, Mojones \/ Bornas frontera ES-FR<span class=\"sya_bracket\">)<\/span><\/span><div style=\"padding-left:100px\" class=\"robots-nocontent\"><cite>Con esta publicaci\u00f3n, a\u00f1adimos\u00a0 1\u00a0 borna\u00a0 m\u00e1s a nuestra lista :\u00a0 total 515 de las 602 existentes. Como hemos hecho en otras ocasiones, aprovechamos la tarde del d\u00eda que nos desplazamos a nuestra \u00abbase de operaciones\u00bb,\u00a0 en este caso, Canfranc, para hacer alguna borna que nos quede cerca. As\u00ed que nos dirigimos al Parking de [&hellip;]<\/cite><\/div><\/div><\/li><li class=\"\"><div class=\"sya_postcontent\"><span class=\"sya_date\">  <span class=\"sya_sep\"> <\/span><\/span><a href=\"https:\/\/www.carlosyconchita.net\/rutas\/12-06-2022-camporells\/\" class=\"sya_postlink post-17898\" rel=\"bookmark\">12-06-2022-Lagos de Camporells<\/a> <span class=\"sya_categories\"><span class=\"sya_bracket\">(<\/span>1-F\u00e1cil, 2 - De 5 a 10 km., Formigueres \/ Puyvalador<span class=\"sya_bracket\">)<\/span><\/span><div style=\"padding-left:100px\" class=\"robots-nocontent\"><cite>Bonita excursi\u00f3n a los Lagos de Camporells, por un camino mucho m\u00e1s bonito que el que usamos en el a\u00f1o 2010, por las pistas de ski de Formigu\u00e8res y la Sierra de Maury.<\/cite><\/div><\/div><\/li><li class=\"\"><div class=\"sya_postcontent\"><span class=\"sya_date\">  <span class=\"sya_sep\"> <\/span><\/span><a href=\"https:\/\/www.carlosyconchita.net\/rutas\/11-06-2022-la-basseta-formigueres\/\" class=\"sya_postlink post-17894\" rel=\"bookmark\">11-06-2022-La Basseta (Formigu\u00e8res)<\/a> <span class=\"sya_categories\"><span class=\"sya_bracket\">(<\/span>0-Muy f\u00e1cil, 2 - De 5 a 10 km., Formigueres \/ Puyvalador<span class=\"sya_bracket\">)<\/span><\/span><div style=\"padding-left:100px\" class=\"robots-nocontent\"><cite>F\u00e1cil caminata para llegar al peque\u00f1o lago de la Basset, cerca de la estaci\u00f3n de ski de Formigu\u00e8res.<\/cite><\/div><\/div><\/li><li class=\"\"><div class=\"sya_postcontent\"><span class=\"sya_date\">  <span class=\"sya_sep\"> <\/span><\/span><a href=\"https:\/\/www.carlosyconchita.net\/rutas\/28-05-2022-bornas-251-255\/\" class=\"sya_postlink post-17823\" rel=\"bookmark\">28-05-2022-Bornas 251-255<\/a> <span class=\"sya_categories\"><span class=\"sya_bracket\">(<\/span>2-Moderada, 3 - De 10 a 15 km., Mojones \/ Bornas frontera ES-FR<span class=\"sya_bracket\">)<\/span><\/span><div style=\"padding-left:100px\" class=\"robots-nocontent\"><cite>Hoy por fin hemos tenido un d\u00eda normal, o sea con sol,  y que nos ha permitido hacer la ruta prevista para localizar las bornas 251 a 255, y no como los dos d\u00edas anteriores con niebla, viento , etc. en la bonita zona de Belagua.\r\nCon esta publicaci\u00f3n, a\u00f1adimos  5  bornas m\u00e1s a nuestra lista :  total 514 de las 602 existentes.<\/cite><\/div><\/div><\/li><li class=\"\"><div class=\"sya_postcontent\"><span class=\"sya_date\">  <span class=\"sya_sep\"> <\/span><\/span><a href=\"https:\/\/www.carlosyconchita.net\/rutas\/27-05-2022-borna-248-pico-txardekagaina\/\" class=\"sya_postlink post-17810\" rel=\"bookmark\">27-05-2022-Borna 248 (Pico Txardekagaina)<\/a> <span class=\"sya_categories\"><span class=\"sya_bracket\">(<\/span>1 - Hasta 5 km., 100 Cims Carlos y Conchita, 2-Moderada, Mojones \/ Bornas frontera ES-FR, Navarra<span class=\"sya_bracket\">)<\/span><\/span><div style=\"padding-left:100px\" class=\"robots-nocontent\"><cite>A pesar de la espesa niebla y de no conocer bien el recorrido que ten\u00edamos que hacer, nos hemos arriesgado a subir al Pico de Txardekagaina, en donde hemos localizado la B-248.\r\nAfortunadamente, a ratos se ha despejado y hemos podido hacer varias fotos aceptables.<\/cite><\/div><\/div><\/li><li class=\"\"><div class=\"sya_postcontent\"><span class=\"sya_date\">  <span class=\"sya_sep\"> <\/span><\/span><a href=\"https:\/\/www.carlosyconchita.net\/rutas\/26-05-2022-bornas-247-246-245\/\" class=\"sya_postlink post-17791\" rel=\"bookmark\">26-05-2022-Bornas 247-246-245 (Pico de Otxorrigaina )<\/a> <span class=\"sya_categories\"><span class=\"sya_bracket\">(<\/span>100 Cims Carlos y Conchita, 2 - De 5 a 10 km., 2-Moderada, Mojones \/ Bornas frontera ES-FR, Navarra<span class=\"sya_bracket\">)<\/span><\/span><div style=\"padding-left:100px\" class=\"robots-nocontent\"><cite>Hoy hemos tenido un d\u00eda infernal, en el que aparte de la humedad y niebla que no nos dejaba ver nada, ha hecho mucho viento, muy fuerte y fr\u00edo, y que como se puede ver en las fotos, nos ha obligado a taparnos casi como en invierno.\r\nHemos localizado una nueva borna, la 246 (Pico de Otxorrigaina)  , y hemos repetido las 247 y 245, siguiendo el GPS , ya que no se ve\u00eda pr\u00e1cticamente nada.<\/cite><\/div><\/div><\/li><li class=\"\"><div class=\"sya_postcontent\"><span class=\"sya_date\">  <span class=\"sya_sep\"> <\/span><\/span><a href=\"https:\/\/www.carlosyconchita.net\/rutas\/29-04-2022-refugio-de-la-feixa-lago-malniu\/\" class=\"sya_postlink post-17842\" rel=\"bookmark\">29-04-2022-Refugio de la Feixa -Lago Malniu<\/a> <span class=\"sya_categories\"><span class=\"sya_bracket\">(<\/span>1-F\u00e1cil, 2 - De 5 a 10 km., Guils<span class=\"sya_bracket\">)<\/span><\/span><div style=\"padding-left:100px\" class=\"robots-nocontent\"><cite>Dejamos el coche al lado del refugio de la Feixa y nos dirigimos hacia el lago de Malniu, con la idea de ir despu\u00e9s a los lagos de Mal y el Sec, pero debido a la cantidad de nieve y a que no llevamos con raquetas, decidimos no llegar a estos dos \u00faltimos lagos.<\/cite><\/div><\/div><\/li><li class=\"\"><div class=\"sya_postcontent\"><span class=\"sya_date\">  <span class=\"sya_sep\"> <\/span><\/span><a href=\"https:\/\/www.carlosyconchita.net\/rutas\/17-04-2022-bornas-145148pico-iturrumburru\/\" class=\"sya_postlink post-17769\" rel=\"bookmark\">17-04-2022-Bornas 145+148+Pico Iturrumburru<\/a> <span class=\"sya_categories\"><span class=\"sya_bracket\">(<\/span>1-F\u00e1cil, 100 Cims Carlos y Conchita, Mojones \/ Bornas frontera ES-FR, Navarra<span class=\"sya_bracket\">)<\/span><\/span><div style=\"padding-left:100px\" class=\"robots-nocontent\"><cite>Desde el Col de Sorogain, por donde hemos pasado muchas veces en los \u00faltimos a\u00f1os, subimos al Pico de Iturrumburru.\r\nDe paso , volvemos a visitar la B-145 y despu\u00e9s la B-148<\/cite><\/div><\/div><\/li><li class=\"\"><div class=\"sya_postcontent\"><span class=\"sya_date\">  <span class=\"sya_sep\"> <\/span><\/span><a href=\"https:\/\/www.carlosyconchita.net\/rutas\/16-04-2022-bornas-100-104pico-arrigorri\/\" class=\"sya_postlink post-17759\" rel=\"bookmark\">16-04-2022-Bornas 100-104+Pico Arrigorri<\/a> <span class=\"sya_categories\"><span class=\"sya_bracket\">(<\/span>1-F\u00e1cil, 100 Cims Carlos y Conchita, Mojones \/ Bornas frontera ES-FR, Navarra<span class=\"sya_bracket\">)<\/span><\/span><div style=\"padding-left:100px\" class=\"robots-nocontent\"><cite>Bonita excursi\u00f3n y paisajes para repetir las bornas 100 a 104, subiendo adem\u00e1s al Pico de Arrigorri.  Podemos comprobar que la B-101 ha sido cortada, y que la B-100 ha sido cortada y adem\u00e1s se la han llevado.\r\nDe esta forma, hemos unido las rutas realizadas desde la B-91 a la B-103, con la ruta desde la B-104 a la B-116.<\/cite><\/div><\/div><\/li><li class=\"\"><div class=\"sya_postcontent\"><span class=\"sya_date\">  <span class=\"sya_sep\"> <\/span><\/span><a href=\"https:\/\/www.carlosyconchita.net\/rutas\/15-04-2022-bornas-215217-219-cueva-de-harpea\/\" class=\"sya_postlink post-17738\" rel=\"bookmark\">15-04-2022- Bornas 215+217-219 (Cueva de Harpea)<\/a> <span class=\"sya_categories\"><span class=\"sya_bracket\">(<\/span>1 - Hasta 5 km., 2-Moderada, Mojones \/ Bornas frontera ES-FR, Navarra<span class=\"sya_bracket\">)<\/span><\/span><div style=\"padding-left:100px\" class=\"robots-nocontent\"><cite>Con esta publicaci\u00f3n, a\u00f1adimos\u00a0 4\u00a0 bornas m\u00e1s a nuestra lista :\u00a0 total 507 de las 602 existentes. Por la zona geogr\u00e1fica la asignamos a Navarra, al igual que las otras rutas que hacemos estos pr\u00f3ximos d\u00edas, aunque hemos dormido en Francia, ya que el acceso a las bornas que tenemos que hacer estos d\u00edas es [&hellip;]<\/cite><\/div><\/div><\/li><li class=\"\"><div class=\"sya_postcontent\"><span class=\"sya_date\">  <span class=\"sya_sep\"> <\/span><\/span><a href=\"https:\/\/www.carlosyconchita.net\/rutas\/14-04-2022-borna-143-puerto-larrau\/\" class=\"sya_postlink post-17717\" rel=\"bookmark\">14-04-2022-Borna 143  (+ Puerto Larrau)<\/a> <span class=\"sya_categories\"><span class=\"sya_bracket\">(<\/span>1 - Hasta 5 km., 2-Moderada, Mojones \/ Bornas frontera ES-FR, Navarra<span class=\"sya_bracket\">)<\/span><\/span><div style=\"padding-left:100px\" class=\"robots-nocontent\"><cite>Corto pero complicado descenso desde la peque\u00f1a carretera donde dejamos el coche, para llegar al fondo del barranco donde est\u00e1 la B-143, en un terreno con mucha pendiente, mojado y con arboles ca\u00eddos.\r\nEsta borna est\u00e1 partida en dos piezas, una todav\u00eda se mantiene vertical, y la otra tumbada en el suelo.\r\nPara llegar hasta la B-143, hemos descendido unos 190 m. en s\u00f3lo 500 m. de recorrido.<\/cite><\/div><\/div><\/li><li class=\"\"><div class=\"sya_postcontent\"><span class=\"sya_date\">  <span class=\"sya_sep\"> <\/span><\/span><a href=\"https:\/\/www.carlosyconchita.net\/rutas\/13-04-2022-borna-180-viaje-a-navarra\/\" class=\"sya_postlink post-17704\" rel=\"bookmark\">13-04-2022- Borna 180 (+ viaje a Navarra)<\/a> <span class=\"sya_categories\"><span class=\"sya_bracket\">(<\/span>1-F\u00e1cil, 2-Moderada, Mojones \/ Bornas frontera ES-FR, Navarra<span class=\"sya_bracket\">)<\/span><\/span><div style=\"padding-left:100px\" class=\"robots-nocontent\"><cite>Peque\u00f1a caminata para llegar a la B-180 la tarde del d\u00eda de llegada a Navarra, en compa\u00f1\u00eda de Eef que nos indica el camino para llegar a ella,\r\nEl verano pasado no pudimos llegar a ella desde la B-181 debido a la espesa y alta vegetaci\u00f3n.<\/cite><\/div><\/div><\/li><li class=\"\"><div class=\"sya_postcontent\"><span class=\"sya_date\">  <span class=\"sya_sep\"> <\/span><\/span><a href=\"https:\/\/www.carlosyconchita.net\/rutas\/03-04-2022-parking-estagnols-a-pla-dels-avellans-raquetas\/\" class=\"sya_postlink post-17671\" rel=\"bookmark\">03-04-2022-Parking Estagnols a Pla dels Avellans (raquetas)<\/a> <span class=\"sya_categories\"><span class=\"sya_bracket\">(<\/span>2-Moderada, 3 - De 10 a 15 km., Font Romeu<span class=\"sya_bracket\">)<\/span><\/span><div style=\"padding-left:100px\" class=\"robots-nocontent\"><cite>Bonita caminata con raquetas desde el Parking dels Estagnols hasta el Pla dels Avellans, siguiendo el recorrido del r\u00edo T\u00eat.\r\nDesde el Pla dels Avellans hemos subido varias veces con raquetas hasta las Boullosas.<\/cite><\/div><\/div><\/li><li class=\"\"><div class=\"sya_postcontent\"><span class=\"sya_date\">  <span class=\"sya_sep\"> <\/span><\/span><a href=\"https:\/\/www.carlosyconchita.net\/rutas\/27-02-2022-tour-del-lago-puyvalador-real-odeillo-puyvalador\/\" class=\"sya_postlink post-17341\" rel=\"bookmark\">27-02-2022-Tour del lago Puyvalador (Real, Odeillo , Puyvalador)<\/a> <span class=\"sya_categories\"><span class=\"sya_bracket\">(<\/span>1-F\u00e1cil, 3 - De 10 a 15 km., Formigueres \/ Puyvalador<span class=\"sya_bracket\">)<\/span><\/span><div style=\"padding-left:100px\" class=\"robots-nocontent\"><cite>Hoy nos dirigimos al pueblo de Real, en donde dejamos el coche, para hacer el Tour del Lago Puyvalador, pero ampliado unos kms. m\u00e1s para llegar hasta el Refugio de B\u00e9cet, y pasando por los peque\u00f1os pueblos de Odeillo de R\u00e9al (no confundir con Odeillo-Via, cerca de Font-Romeu) , y Puyvalador.<\/cite><\/div><\/div><\/li><li class=\"\"><div class=\"sya_postcontent\"><span class=\"sya_date\">  <span class=\"sya_sep\"> <\/span><\/span><a href=\"https:\/\/www.carlosyconchita.net\/rutas\/26-02-2022-pic-dels-moros-raquetas\/\" class=\"sya_postlink post-17333\" rel=\"bookmark\">26-02-2022-Pic dels Moros (raquetas)<\/a> <span class=\"sya_categories\"><span class=\"sya_bracket\">(<\/span>1-F\u00e1cil, 2 - De 5 a 10 km., Font Romeu<span class=\"sya_bracket\">)<\/span><\/span><div style=\"padding-left:100px\" class=\"robots-nocontent\"><cite>Excursi\u00f3n con raquetas para subir al Pic dels Moros, pero en vez de seguir los caminos marcados, vamos \"campo a  trav\u00e9s\" en l\u00ednea recta, y as\u00ed no estorbamos a los que hacen esqu\u00ed de fondo en esta zona del Pla de la Calme.\r\nEl d\u00eda ha sido magn\u00edfico, con mucho sol, aunque la temperatura bastante baja, especialmente al principio, y con un poco de viento bastante fr\u00edo.<\/cite><\/div><\/div><\/li><li class=\"\"><div class=\"sya_postcontent\"><span class=\"sya_date\">  <span class=\"sya_sep\"> <\/span><\/span><a href=\"https:\/\/www.carlosyconchita.net\/rutas\/25-02-2022-lago-matemale-la-quillane\/\" class=\"sya_postlink post-17319\" rel=\"bookmark\">25-02-2022-Lago Matemale &#8211; La Quillane<\/a> <span class=\"sya_categories\"><span class=\"sya_bracket\">(<\/span>1-F\u00e1cil, 3 - De 10 a 15 km., Les Angles<span class=\"sya_bracket\">)<\/span><\/span><div style=\"padding-left:100px\" class=\"robots-nocontent\"><cite>Empezamos a caminar en el lago de Matemale, con la idea de llegar a La Llagone, pasando por la zona de la Quillane, pero debido a los nubarrones que iban en aumento, decidimos llegar s\u00f3lo a la Quillane y volver al punto de inicio.<\/cite><\/div><\/div><\/li><li class=\"\"><div class=\"sya_postcontent\"><span class=\"sya_date\">  <span class=\"sya_sep\"> <\/span><\/span><a href=\"https:\/\/www.carlosyconchita.net\/rutas\/12-02-2022-cascadas-puente-ra-y-visita-a-logrono\/\" class=\"sya_postlink post-17311\" rel=\"bookmark\">12-02-2022-Cascadas Puente Ra y visita a Logro\u00f1o<\/a> <span class=\"sya_categories\"><span class=\"sya_bracket\">(<\/span>1-F\u00e1cil, 2 - De 5 a 10 km., La Rioja<span class=\"sya_bracket\">)<\/span><\/span><div style=\"padding-left:100px\" class=\"robots-nocontent\"><cite>Bonita excursi\u00f3n a las Cascadas de Puente Ra, en la que hemos podido ver varias de ellas completamente congeladas.\r\nPor la tarde, despu\u00e9s de un comida en la Venta de Piqueras, hemos ido a caminar por el centro de Logro\u00f1o, aunque debido a un poco de lluvia, y a la hora muy temprana, la zona de \"pinchos\" estaba bastante desierta.<\/cite><\/div><\/div><\/li><li class=\"\"><div class=\"sya_postcontent\"><span class=\"sya_date\">  <span class=\"sya_sep\"> <\/span><\/span><a href=\"https:\/\/www.carlosyconchita.net\/rutas\/11-02-2022-cueva-de-los-100-pilares-arnedo\/\" class=\"sya_postlink post-17307\" rel=\"bookmark\">11-02-2022-Cueva de los 100 Pilares (Arnedo)<\/a> <span class=\"sya_categories\"><span class=\"sya_bracket\">(<\/span>0-Fotos, La Rioja<span class=\"sya_bracket\">)<\/span><\/span><div style=\"padding-left:100px\" class=\"robots-nocontent\"><cite>Album de fotos de la visita a la Cueva de los 100 Pilares de Arnedo.<\/cite><\/div><\/div><\/li><li class=\"\"><div class=\"sya_postcontent\"><span class=\"sya_date\">  <span class=\"sya_sep\"> <\/span><\/span><a href=\"https:\/\/www.carlosyconchita.net\/rutas\/11-02-2022-monasterios-de-yuso-y-suso\/\" class=\"sya_postlink post-17299\" rel=\"bookmark\">11-02-2022-Monasterios de Yuso y Suso<\/a> <span class=\"sya_categories\"><span class=\"sya_bracket\">(<\/span>0-Fotos, La Rioja<span class=\"sya_bracket\">)<\/span><\/span><div style=\"padding-left:100px\" class=\"robots-nocontent\"><cite>Album de fotos de la visita a los monasterios de Yuso y Suso, en San Mill\u00e1n de la Cogolla<\/cite><\/div><\/div><\/li><li class=\"\"><div class=\"sya_postcontent\"><span class=\"sya_date\">  <span class=\"sya_sep\"> <\/span><\/span><a href=\"https:\/\/www.carlosyconchita.net\/rutas\/10-02-2022-visita-haro-bodegas-cvne-y-laguardia-araba\/\" class=\"sya_postlink post-17292\" rel=\"bookmark\">10-02-2022-Visita Haro, Bodegas Cvne y Laguardia (Araba)<\/a> <span class=\"sya_categories\"><span class=\"sya_bracket\">(<\/span>0-Fotos, La Rioja<span class=\"sya_bracket\">)<\/span><\/span><div style=\"padding-left:100px\" class=\"robots-nocontent\"><cite>Album de fotos de la visita a las bodegas Cvne, Haro y Laguardia<\/cite><\/div><\/div><\/li><li class=\"\"><div class=\"sya_postcontent\"><span class=\"sya_date\">  <span class=\"sya_sep\"> <\/span><\/span><a href=\"https:\/\/www.carlosyconchita.net\/rutas\/10-02-2022-ermita-n-sra-de-allende-y-picota-s-torcuato\/\" class=\"sya_postlink post-17279\" rel=\"bookmark\">10-02-2022-Ermita N.Sra. de Allende y Picota S.Torcuato<\/a> <span class=\"sya_categories\"><span class=\"sya_bracket\">(<\/span>1 - Hasta 5 km., 1-F\u00e1cil, La Rioja<span class=\"sya_bracket\">)<\/span><\/span><div style=\"padding-left:100px\" class=\"robots-nocontent\"><cite>F\u00e1cil excursi\u00f3n desde Ezcaray para subir a la Ermita de Nuestra Sra. de Allende y despu\u00e9s a la Picota de Sant Torcuato, desde donde tenemos unas bonitas vistas de Ezcaray y alrededores.<\/cite><\/div><\/div><\/li><li class=\"\"><div class=\"sya_postcontent\"><span class=\"sya_date\">  <span class=\"sya_sep\"> <\/span><\/span><a href=\"https:\/\/www.carlosyconchita.net\/rutas\/09-02-2022-viaje-a-ezcaray-y-visita-a-calahorra\/\" class=\"sya_postlink post-17288\" rel=\"bookmark\">09-02-2022-Viaje a Ezcaray y visita a Calahorra<\/a> <span class=\"sya_categories\"><span class=\"sya_bracket\">(<\/span>0-Fotos, La Rioja<span class=\"sya_bracket\">)<\/span><\/span><div style=\"padding-left:100px\" class=\"robots-nocontent\"><cite>Album de fotos del viaje a Ezcaray, pasando antes por Calahorra<\/cite><\/div><\/div><\/li><li class=\"\"><div class=\"sya_postcontent\"><span class=\"sya_date\">  <span class=\"sya_sep\"> <\/span><\/span><a href=\"https:\/\/www.carlosyconchita.net\/rutas\/30-01-2022-coll-de-creu-refugio-y-lagos-estagnols-raquetas\/\" class=\"sya_postlink post-17232\" rel=\"bookmark\">30-01-2022-Coll de Creu-Refugio y lagos Estagnols (raquetas)<\/a> <span class=\"sya_categories\"><span class=\"sya_bracket\">(<\/span>2-Moderada, 3 - De 10 a 15 km., Formigueres \/ Puyvalador, Les Angles<span class=\"sya_bracket\">)<\/span><\/span><div style=\"padding-left:100px\" class=\"robots-nocontent\"><cite>Bonita excursi\u00f3n con raquetas desde el Coll de Creu al refugio y peque\u00f1os lagos de los Estagnols, en un magn\u00edfico y soleado d\u00eda, pasando por el Coll dels Agrellons y el Coll de Sansa, cruce de bastantes caminos y origen de varias de nuestras excursiones.\r\nEsta excursi\u00f3n la hab\u00edamos hecho ya el dia 23-02-2014, tambi\u00e9n con raquetas.<\/cite><\/div><\/div><\/li><li class=\"\"><div class=\"sya_postcontent\"><span class=\"sya_date\">  <span class=\"sya_sep\"> <\/span><\/span><a href=\"https:\/\/www.carlosyconchita.net\/rutas\/29-01-2022-espousouille-refugio-jaceta\/\" class=\"sya_postlink post-17242\" rel=\"bookmark\">29-01-2022-Espousouille-Refugio Jaceta (raquetas)<\/a> <span class=\"sya_categories\"><span class=\"sya_bracket\">(<\/span>1-F\u00e1cil, 2 - De 5 a 10 km., Formigueres \/ Puyvalador<span class=\"sya_bracket\">)<\/span><\/span><div style=\"padding-left:100px\" class=\"robots-nocontent\"><cite>Bonita caminata con raquetas en la zona de Espousouille,\u00a0 a donde ya hemos ido bastantes veces, para llegar hasta el refugio de la Jaceta, en el valle de la Galba.<\/cite><\/div><\/div><\/li><li class=\"\"><div class=\"sya_postcontent\"><span class=\"sya_date\">  <span class=\"sya_sep\"> <\/span><\/span><a href=\"https:\/\/www.carlosyconchita.net\/rutas\/06-01-2022-coll-de-creu-refugio-coll-de-torn-raquetas\/\" class=\"sya_postlink post-17263\" rel=\"bookmark\">06-01-2022-Coll de Creu-Refugio Coll de Torn (raquetas)<\/a> <span class=\"sya_categories\"><span class=\"sya_bracket\">(<\/span>1-F\u00e1cil, 2 - De 5 a 10 km., Formigueres \/ Puyvalador<span class=\"sya_bracket\">)<\/span><\/span><div style=\"padding-left:100px\" class=\"robots-nocontent\"><cite>Hoy nos dirigimos al Coll de Creu, para hacer una f\u00e1cil caminata con raquetas hasta el Refugio del Coll de Torn, a donde hemos llegado en varias ocasiones desde casi todos los puntos posibles<\/cite><\/div><\/div><\/li><li class=\"\"><div class=\"sya_postcontent\"><span class=\"sya_date\">  <span class=\"sya_sep\"> <\/span><\/span><a href=\"https:\/\/www.carlosyconchita.net\/rutas\/04-01-2022-la-quillane-lago-calvet-raquetas\/\" class=\"sya_postlink post-17251\" rel=\"bookmark\">04-01-2022-La Quillane &#8211; Lago Calvet (raquetas)<\/a> <span class=\"sya_categories\"><span class=\"sya_bracket\">(<\/span>0-Sin clasificar<span class=\"sya_bracket\">)<\/span><\/span><div style=\"padding-left:100px\" class=\"robots-nocontent\"><cite>F\u00e1cil caminata con raquetas desde la Quillane, hasta el lago Calvet.  Como hab\u00edamos empezado algo tarde a caminar, desde el lago Calvet volvemos al parking por la carretera.<\/cite><\/div><\/div><\/li><li class=\"\"><div class=\"sya_postcontent\"><span class=\"sya_date\">  <span class=\"sya_sep\"> <\/span><\/span><a href=\"https:\/\/www.carlosyconchita.net\/rutas\/03-01-2022-raquetas-en-la-estacion-de-ski-de-puigmal\/\" class=\"sya_postlink post-17220\" rel=\"bookmark\">03-01-2022-Raquetas en la Estaci\u00f3n de ski de Puigmal<\/a> <span class=\"sya_categories\"><span class=\"sya_bracket\">(<\/span>0-Muy f\u00e1cil, 2 - De 5 a 10 km., Saillagosa<span class=\"sya_bracket\">)<\/span><\/span><div style=\"padding-left:100px\" class=\"robots-nocontent\"><cite>Hoy hacemos esta f\u00e1cil caminata con raquetas, la primera de este 2022, y para ello nos vamos a la estaci\u00f3n de esqu\u00ed del Puigmal, que despu\u00e9s de muchos a\u00f1os cerrada, est\u00e1 en proceso de \"reparaci\u00f3n\" para volver a funcionar, aunque no sabemos exactamente cuando estar\u00e1 terminada del todo.<\/cite><\/div><\/div><\/li><\/ul> <a id=\"year2021\"><\/a>2021 <span class=\"sya_yearcount\"><span class=\"sya_bracket\">(<\/span>81<span class=\"sya_bracket\">)<\/span><\/span> <ul><li class=\"\"><div class=\"sya_postcontent\"><span class=\"sya_date\">  <span class=\"sya_sep\"> <\/span><\/span><a href=\"https:\/\/www.carlosyconchita.net\/rutas\/06-12-2021-parking-estanyols-a-lago-ticou-raquetas\/\" class=\"sya_postlink post-17207\" rel=\"bookmark\">06-12-2021-Parking Estanyols a Lago Ticou (raquetas)<\/a> <span class=\"sya_categories\"><span class=\"sya_bracket\">(<\/span>0-Muy f\u00e1cil, 1 - Hasta 5 km., Font Romeu<span class=\"sya_bracket\">)<\/span><\/span><div style=\"padding-left:100px\" class=\"robots-nocontent\"><cite>Despu\u00e9s de la nevada de ayer, en que estuvo nevando todo el d\u00eda, hoy podemos salir y nos vamos a la zona de Pyren\u00e9es 2000, concretamente al parking dels Estagnols, (ver situaci\u00f3n), para hacer una bonita caminata con raquetas y con un mont\u00f3n de nieve.<\/cite><\/div><\/div><\/li><li class=\"\"><div class=\"sya_postcontent\"><span class=\"sya_date\">  <span class=\"sya_sep\"> <\/span><\/span><a href=\"https:\/\/www.carlosyconchita.net\/rutas\/04-12-2021-coll-de-la-llosa-a-mirador\/\" class=\"sya_postlink post-17195\" rel=\"bookmark\">04-12-2021-Coll de la Llosa a mirador (raquetas)<\/a> <span class=\"sya_categories\"><span class=\"sya_bracket\">(<\/span>1-F\u00e1cil, 2 - De 5 a 10 km., 2-Moderada, Les Angles<span class=\"sya_bracket\">)<\/span><\/span><div style=\"padding-left:100px\" class=\"robots-nocontent\"><cite>Hoy hacemos la segunda caminata con raquetas de la temporada, y la verdad es que nos hemos cansado un poco m\u00e1s que ayer, primero porque ha sido bastante m\u00e1s larga, pero sobre todo porque hoy hemos ido a este mirador que hay sobre la carretera D-118 y la Quillane,\u00a0 no por el camino m\u00e1s f\u00e1cil que es la pista de\u00a0 ski de fondo, (la estaci\u00f3n estaba abierta y por lo tanto no pod\u00edamos pasar por ah\u00ed), y hemos ido por la pista se\u00f1alizada para las raquetas , que sube y baja varias peque\u00f1as colinas, y por lo tanto con m\u00e1s desnivel, y eso con raquetas se nota bastante.<\/cite><\/div><\/div><\/li><li class=\"\"><div class=\"sya_postcontent\"><span class=\"sya_date\">  <span class=\"sya_sep\"> <\/span><\/span><a href=\"https:\/\/www.carlosyconchita.net\/rutas\/03-12-2021-coll-de-pam-belvedere-raquetas\/\" class=\"sya_postlink post-17183\" rel=\"bookmark\">03-12-2021-Coll de Pam &#8211; Belv\u00e9d\u00e8re (raquetas)<\/a> <span class=\"sya_categories\"><span class=\"sya_bracket\">(<\/span>1-F\u00e1cil, 2 - De 5 a 10 km., Font Romeu<span class=\"sya_bracket\">)<\/span><\/span><div style=\"padding-left:100px\" class=\"robots-nocontent\"><cite>Hoy hemos hecho la primera \"raquetada\" de la temporada, por la zona de Bolqu\u00e8re-Pirineos 2000, subiendo hasta el Coll de Pam, donde est\u00e1 unos de los parkings de las pistas de ski de esta zona.<\/cite><\/div><\/div><\/li><li class=\"\"><div class=\"sya_postcontent\"><span class=\"sya_date\">  <span class=\"sya_sep\"> <\/span><\/span><a href=\"https:\/\/www.carlosyconchita.net\/rutas\/20-11-2021-lago-olive-a-estacion-ski-de-formigueres\/\" class=\"sya_postlink post-17142\" rel=\"bookmark\">20-11-2021-Lago Olive a estaci\u00f3n ski de Formigueres<\/a> <span class=\"sya_categories\"><span class=\"sya_bracket\">(<\/span>1-F\u00e1cil, 2 - De 5 a 10 km., Formigueres \/ Puyvalador<span class=\"sya_bracket\">)<\/span><\/span><div style=\"padding-left:100px\" class=\"robots-nocontent\"><cite>F\u00e1cil y tranquila excursi\u00f3n para llegar hasta la estaci\u00f3n de ski de Formigueres desde el peque\u00f1o lago de la Olive, y que anotamos para hacerla con raquetas en cuanto la nieve nos lo permita.<\/cite><\/div><\/div><\/li><li class=\"\"><div class=\"sya_postcontent\"><span class=\"sya_date\">  <span class=\"sya_sep\"> <\/span><\/span><a href=\"https:\/\/www.carlosyconchita.net\/rutas\/19-11-2021-roc-y-refugio-de-la-calme\/\" class=\"sya_postlink post-17128\" rel=\"bookmark\">19-11-2021-Roc y refugio de la Calme<\/a> <span class=\"sya_categories\"><span class=\"sya_bracket\">(<\/span>0-Muy f\u00e1cil, 2 - De 5 a 10 km., Font Romeu<span class=\"sya_bracket\">)<\/span><\/span><div style=\"padding-left:100px\" class=\"robots-nocontent\"><cite>Estrenamos la temporada de nieve con esta f\u00e1cil y bonita caminata por la zona de la Calme, aunque esta vez sin raquetas, ya que la cantidad de nieve no era mucha, y empezamos a ver \"nuestros\" conocidos picos de la zona con mucha nieve.<\/cite><\/div><\/div><\/li><li class=\"\"><div class=\"sya_postcontent\"><span class=\"sya_date\">  <span class=\"sya_sep\"> <\/span><\/span><a href=\"https:\/\/www.carlosyconchita.net\/rutas\/31-10-2021-torrent-de-masica-y-castell-de-milany\/\" class=\"sya_postlink post-17076\" rel=\"bookmark\">31-10-2021-Torrent de Masica y Castell de Milany (100 Cims)<\/a> <span class=\"sya_categories\"><span class=\"sya_bracket\">(<\/span>100 Cims Carlos y Conchita, 100 Cims FEEC, 2-Moderada, 3 - De 10 a 15 km., Girona, Ripoll\u00e9s<span class=\"sya_bracket\">)<\/span><\/span><div style=\"padding-left:100px\" class=\"robots-nocontent\"><cite>Hoy nos dirigimos al pueblo de Valfogona de Ripoll\u00e9s, para hacer una excursi\u00f3n por el Torrente de Masica, y despu\u00e9s subir a las ruinas del Castillo de Milany, a donde hemos llegado con el tiempo justo de poder ver algo, porque a los pocos minutos de llegar, la niebla nos ha impedido ver el paisaje desde arriba.\r\nEl recorrido siguiendo el torrente , es por una zona muy h\u00fameda, y podremos ver varias peque\u00f1as cascadas y alguna bauma, con los colores t\u00edpicos del oto\u00f1o, y un mont\u00f3n de hojas ca\u00eddas en el suelo que pr\u00e1cticamente tapaban el camino.<\/cite><\/div><\/div><\/li><li class=\"\"><div class=\"sya_postcontent\"><span class=\"sya_date\">  <span class=\"sya_sep\"> <\/span><\/span><a href=\"https:\/\/www.carlosyconchita.net\/rutas\/23-10-2021-puig-dorria-y-bornas-504-506\/\" class=\"sya_postlink post-17065\" rel=\"bookmark\">23-10-2021-Puig Dorria y bornas 504-506<\/a> <span class=\"sya_categories\"><span class=\"sya_bracket\">(<\/span>1-F\u00e1cil, 100 Cims Carlos y Conchita, 3 - De 10 a 15 km., Mojones \/ Bornas frontera ES-FR, Saillagosa<span class=\"sya_bracket\">)<\/span><\/span><div style=\"padding-left:100px\" class=\"robots-nocontent\"><cite>Hoy repetimos una excursi\u00f3n realizada el d\u00eda\u00a0 10-06-2016 \u2013 Puig de Dorria (y Borna 506),\u00a0 ya que en aquella ocasi\u00f3n cuando llegamos al Puig Dorria, empez\u00f3 a subir la niebla desde la zona de la Collada de Tosas, y nos quedamos sin ver el paisaje.<\/cite><\/div><\/div><\/li><li class=\"\"><div class=\"sya_postcontent\"><span class=\"sya_date\">  <span class=\"sya_sep\"> <\/span><\/span><a href=\"https:\/\/www.carlosyconchita.net\/rutas\/10-10-2021-bornas-306-y-307\/\" class=\"sya_postlink post-17018\" rel=\"bookmark\">10-10-2021-Bornas 306 y 307<\/a> <span class=\"sya_categories\"><span class=\"sya_bracket\">(<\/span>0-Muy f\u00e1cil, 1 - Hasta 5 km., Huesca, Mojones \/ Bornas frontera ES-FR<span class=\"sya_bracket\">)<\/span><\/span><div style=\"padding-left:100px\" class=\"robots-nocontent\"><cite>Despu\u00e9s de la bonita excursi\u00f3n de esta ma\u00f1ana a la borna 309 y los Ibones de Escalar y de las Truchas, por la tarde nos vamos al cercano Puerto de Somport, para hacer una peque\u00f1a caminata y localizar las bornas 306 y 307, con lo que llegamos a las 501 bornas localizadas, y siendo la 306 la que ha ganado el premio de la n\u00famero 500.<\/cite><\/div><\/div><\/li><li class=\"\"><div class=\"sya_postcontent\"><span class=\"sya_date\">  <span class=\"sya_sep\"> <\/span><\/span><a href=\"https:\/\/www.carlosyconchita.net\/rutas\/10-10-2021-hemos-llegado-a-500-bornas-fotografiadas\/\" class=\"sya_postlink post-16932\" rel=\"bookmark\">10-10-2021-Hemos llegado a 500 bornas fotografiadas !<\/a> <span class=\"sya_categories\"><span class=\"sya_bracket\">(<\/span>Mojones \/ Bornas frontera ES-FR<span class=\"sya_bracket\">)<\/span><\/span><div style=\"padding-left:100px\" class=\"robots-nocontent\"><cite>Con las bornas localizadas estos d\u00edas de escapada a la zona de Canfrach y las caminatas por los alrededores de Candanch\u00fa , Somport y Ast\u00fan, hemos llegado a las 501 bornas fotografiadas de las 602 existentes. Y tenemos que hacer menci\u00f3n especial a la borna 306, localizada esta tarde, y que hace el n\u00famero 500. [&hellip;]<\/cite><\/div><\/div><\/li><li class=\"\"><div class=\"sya_postcontent\"><span class=\"sya_date\">  <span class=\"sya_sep\"> <\/span><\/span><a href=\"https:\/\/www.carlosyconchita.net\/rutas\/10-10-2021-borna-309ibones-escalar-y-de-las-truchas\/\" class=\"sya_postlink post-17001\" rel=\"bookmark\">10-10-2021-Borna 309, Ibones Escalar y de las Truchas<\/a> <span class=\"sya_categories\"><span class=\"sya_bracket\">(<\/span>1-F\u00e1cil, 2 - De 5 a 10 km., Huesca, Mojones \/ Bornas frontera ES-FR<span class=\"sya_bracket\">)<\/span><\/span><div style=\"padding-left:100px\" class=\"robots-nocontent\"><cite>Bonita excursi\u00f3n por la zona de Ast\u00fan, para localizar la B-309 con lo que llegamos a las 499 bornas y de paso ver  los ibones de Escalar y de las Truchas,<\/cite><\/div><\/div><\/li><li class=\"\"><div class=\"sya_postcontent\"><span class=\"sya_date\">  <span class=\"sya_sep\"> <\/span><\/span><a href=\"https:\/\/www.carlosyconchita.net\/rutas\/09-10-2021-bornas-281-292\/\" class=\"sya_postlink post-16983\" rel=\"bookmark\">09-10-2021-Bornas 281-292<\/a> <span class=\"sya_categories\"><span class=\"sya_bracket\">(<\/span>2-Moderada, 3 - De 10 a 15 km., Huesca, Mojones \/ Bornas frontera ES-FR<span class=\"sya_bracket\">)<\/span><\/span><div style=\"padding-left:100px\" class=\"robots-nocontent\"><cite>Hoy hemos hecho una larga y algo pesada excursi\u00f3n para intentar localizar las bornas 281 a 292, y lo de pesada no es por el paisaje ni por el tiempo, que han sido muy buenos, sino porque nos hemos \"liado\" en varios sitios, como se suele decir, y adem\u00e1s no hemos encontrado 3 de las bornas previstas.<\/cite><\/div><\/div><\/li><li class=\"\"><div class=\"sya_postcontent\"><span class=\"sya_date\">  <span class=\"sya_sep\"> <\/span><\/span><a href=\"https:\/\/www.carlosyconchita.net\/rutas\/08-10-2021-borna-293-intento-296\/\" class=\"sya_postlink post-16968\" rel=\"bookmark\">08-10-2021-Borna 293 (+intento 296)<\/a> <span class=\"sya_categories\"><span class=\"sya_bracket\">(<\/span>2-Moderada, 3 - De 10 a 15 km., Huesca, Mojones \/ Bornas frontera ES-FR<span class=\"sya_bracket\">)<\/span><\/span><div style=\"padding-left:100px\" class=\"robots-nocontent\"><cite>Complicada excursi\u00f3n en la zona del Paso de Aspe, en donde est\u00e1 la B-296, que no hemos podido ver, llegando despu\u00e9s a la B-293.\r\nPor diversos motivos, decidimos cancelar la b\u00fasqueda de las otras dos que nos quedaban , la 295 y la 294<\/cite><\/div><\/div><\/li><li class=\"\"><div class=\"sya_postcontent\"><span class=\"sya_date\">  <span class=\"sya_sep\"> <\/span><\/span><a href=\"https:\/\/www.carlosyconchita.net\/rutas\/07-10-2021-bornas-297-305\/\" class=\"sya_postlink post-16951\" rel=\"bookmark\">07-10-2021-Bornas 297-305<\/a> <span class=\"sya_categories\"><span class=\"sya_bracket\">(<\/span>1-F\u00e1cil, 2 - De 5 a 10 km., 2-Moderada, Huesca, Mojones \/ Bornas frontera ES-FR<span class=\"sya_bracket\">)<\/span><\/span><div style=\"padding-left:100px\" class=\"robots-nocontent\"><cite>Bonita caminata por la zona de Somport-Candanch\u00fa, para localizar las bornas 297 a 305, con imponente vistas de las monta\u00f1as.<\/cite><\/div><\/div><\/li><li class=\"\"><div class=\"sya_postcontent\"><span class=\"sya_date\">  <span class=\"sya_sep\"> <\/span><\/span><a href=\"https:\/\/www.carlosyconchita.net\/rutas\/06-10-2021-bornas-310-310-bis\/\" class=\"sya_postlink post-16947\" rel=\"bookmark\">06-10-2021-Bornas 310-310 bis<\/a> <span class=\"sya_categories\"><span class=\"sya_bracket\">(<\/span>0-Muy f\u00e1cil, 1 - Hasta 5 km., Huesca, Mojones \/ Bornas frontera ES-FR<span class=\"sya_bracket\">)<\/span><\/span><div style=\"padding-left:100px\" class=\"robots-nocontent\"><cite>Peque\u00f1a caminata desde el puerto del Portalet , donde est\u00e1 la borna 310, para localizar la borna 310-bis, con magn\u00edficas vistas del Pirineo aragon\u00e9s , y en especial del Pico de Midi d'Ossau.<\/cite><\/div><\/div><\/li><li class=\"\"><div class=\"sya_postcontent\"><span class=\"sya_date\">  <span class=\"sya_sep\"> <\/span><\/span><a href=\"https:\/\/www.carlosyconchita.net\/rutas\/26-09-2021-eyne-central-solar-de-llo-valle-eyne\/\" class=\"sya_postlink post-16940\" rel=\"bookmark\">26-09-2021-Eyne-Central Solar de Llo-Valle Eyne<\/a> <span class=\"sya_categories\"><span class=\"sya_bracket\">(<\/span>1-F\u00e1cil, 2 - De 5 a 10 km., Catalunya Nord - sin clasificar<span class=\"sya_bracket\">)<\/span><\/span><div style=\"padding-left:100px\" class=\"robots-nocontent\"><cite>Hace ya varios a\u00f1os, hab\u00edamos visto desde algunos de los picos a los que hemos subido por esta zona, y tambi\u00e9n desde algun punto concreto de la carretera, unos reflejos entre Eyne y Llo que cre\u00edmos inicialmente que eran invernaderos. Despu\u00e9s, pasando ya m\u00e1s cerca por la carretera, nos pareci\u00f3 m\u00e1s una especie de central [&hellip;]<\/cite><\/div><\/div><\/li><li class=\"\"><div class=\"sya_postcontent\"><span class=\"sya_date\">  <span class=\"sya_sep\"> <\/span><\/span><a href=\"https:\/\/www.carlosyconchita.net\/rutas\/24-09-2021-la-cabanasse-eyne-2600-planes\/\" class=\"sya_postlink post-16920\" rel=\"bookmark\">24-09-2021-La Cabanasse-Eyne 2600&#8211;Plan\u00e9s<\/a> <span class=\"sya_categories\"><span class=\"sya_bracket\">(<\/span>1-F\u00e1cil, 3 - De 10 a 15 km., Catalunya Nord - sin clasificar<span class=\"sya_bracket\">)<\/span><\/span><div style=\"padding-left:100px\" class=\"robots-nocontent\"><cite>Hoy hacemos otra tranquila caminata circular pasando por los pueblos de La Cabanasse, las pistas de esqu\u00ed de Eyne 2600 y Plan\u00e9s, en la que aparte de estos pueblos, hemos podido ver todo el paisaje de esta zona, tanto los muchos picos que nos rodean, como pueblos. (ver album de fotos). Al ser circular, se [&hellip;]<\/cite><\/div><\/div><\/li><li class=\"\"><div class=\"sya_postcontent\"><span class=\"sya_date\">  <span class=\"sya_sep\"> <\/span><\/span><a href=\"https:\/\/www.carlosyconchita.net\/rutas\/12-09-2021-paseo-n-116-eyne-2600-eyne\/\" class=\"sya_postlink post-16908\" rel=\"bookmark\">12-09-2021-Paseo N-116, Eyne 2600, Eyne<\/a> <span class=\"sya_categories\"><span class=\"sya_bracket\">(<\/span>0-Muy f\u00e1cil, 2 - De 5 a 10 km., Catalunya Nord - sin clasificar<span class=\"sya_bracket\">)<\/span><\/span><div style=\"padding-left:100px\" class=\"robots-nocontent\"><cite>Hoy hemos dibujado sobre el mapa esta f\u00e1cil ruta, para dar un paseo por la zona de esqu\u00ed de Eyne 2600 y del pueblo de Eyne, en la que hemos pasado por un tramo de la \u00abRuta Arqueol\u00f3gica de Eyne\u00bb, as\u00ed como la \u00abVia Antique\u00bb, de antes de los romanos. Aparcamos el coche en la [&hellip;]<\/cite><\/div><\/div><\/li><li class=\"\"><div class=\"sya_postcontent\"><span class=\"sya_date\">  <span class=\"sya_sep\"> <\/span><\/span><a href=\"https:\/\/www.carlosyconchita.net\/rutas\/11-09-2021-coll-de-la-llosa-pic-dormidor\/\" class=\"sya_postlink post-16897\" rel=\"bookmark\">11-09-2021-Coll de la Llosa-Pic Dormidor<\/a> <span class=\"sya_categories\"><span class=\"sya_bracket\">(<\/span>1-F\u00e1cil, 100 Cims Carlos y Conchita, 3 - De 10 a 15 km., Catalunya Nord - sin clasificar<span class=\"sya_bracket\">)<\/span><\/span><div style=\"padding-left:100px\" class=\"robots-nocontent\"><cite>Hoy hemos hecho una bonita excursi\u00f3n a partir de la estaci\u00f3n de esqu\u00ed de fondo del Coll de la Llosa, y como estamos haciendo \u00faltimamente, cogemos el mapa y elegimos un punto de partida y vamos caminando sin planificar nada, o como esta vez, dibujamos sobre el mapa un recorrido siguiendo algunos de los caminos [&hellip;]<\/cite><\/div><\/div><\/li><li class=\"\"><div class=\"sya_postcontent\"><span class=\"sya_date\">  <span class=\"sya_sep\"> <\/span><\/span><a href=\"https:\/\/www.carlosyconchita.net\/rutas\/10-09-2021-paseo-bolquere-via\/\" class=\"sya_postlink post-16885\" rel=\"bookmark\">10-09-2021-Paseo Bolqu\u00e8re-Via<\/a> <span class=\"sya_categories\"><span class=\"sya_bracket\">(<\/span>0-Muy f\u00e1cil, 2 - De 5 a 10 km., Saillagosa<span class=\"sya_bracket\">)<\/span><\/span><div style=\"padding-left:100px\" class=\"robots-nocontent\"><cite>Hoy hemos hecho un f\u00e1cil paseo entre las poblaciones francesas de Bolqu\u00e8re y Via, partiendo de una zona de parking que hay en la carretera N-116, aproximadamente en el km. 83, y\u00a0 unos 2 kms.\u00a0 antes de llegar al Col de la Perche . Nosotros hemos aparcado a la izquierda de la carretera si vamos [&hellip;]<\/cite><\/div><\/div><\/li><li class=\"\"><div class=\"sya_postcontent\"><span class=\"sya_date\">  <span class=\"sya_sep\"> <\/span><\/span><a href=\"https:\/\/www.carlosyconchita.net\/rutas\/21-08-2021-bornas-382-385\/\" class=\"sya_postlink post-16853\" rel=\"bookmark\">21-08-2021-Bornas 382-385<\/a> <span class=\"sya_categories\"><span class=\"sya_bracket\">(<\/span>1-F\u00e1cil, 100 Cims Carlos y Conchita, 2 - De 5 a 10 km., Mojones \/ Bornas frontera ES-FR, Valle de Ar\u00e1n<span class=\"sya_bracket\">)<\/span><\/span><div style=\"padding-left:100px\" class=\"robots-nocontent\"><cite>Continuaci\u00f3n de la caminata de ayer, para localizar las siguiente bornas, es decir de la 382 (\u00faltima de ayer), hasta la 385 situada en el Tuc de Pujastou<\/cite><\/div><\/div><\/li><li class=\"\"><div class=\"sya_postcontent\"><span class=\"sya_date\">  <span class=\"sya_sep\"> <\/span><\/span><a href=\"https:\/\/www.carlosyconchita.net\/rutas\/20-08-2021-bornas-374-382\/\" class=\"sya_postlink post-16839\" rel=\"bookmark\">20-08-2021-Bornas 374-382<\/a> <span class=\"sya_categories\"><span class=\"sya_bracket\">(<\/span>1-F\u00e1cil, 100 Cims Carlos y Conchita, 2 - De 5 a 10 km., Mojones \/ Bornas frontera ES-FR, Valle de Ar\u00e1n<span class=\"sya_bracket\">)<\/span><\/span><div style=\"padding-left:100px\" class=\"robots-nocontent\"><cite>Hoy estaba previsto que hiciera mucho calor, como as\u00ed ha sido, por lo que hemos preferido hacer una excursi\u00f3n m\u00e1s corta, para poder terminar prontito y evitar coger las horas de m\u00e1s calor.\r\n\r\nDe hecho , podr\u00edamos haber continuado hasta la B-385, pero debido al calor, que \u00faltimamente nos afecta mucho, lo hemos dividido en dos partes m\u00e1s cortas : hoy haremos las bornas 374-382, y ma\u00f1ana iremos por un camino directamente a la 382 (el que hemos utilizado hoy para la vuelta) y continuaremos hasta la 385<\/cite><\/div><\/div><\/li><li class=\"\"><div class=\"sya_postcontent\"><span class=\"sya_date\">  <span class=\"sya_sep\"> <\/span><\/span><a href=\"https:\/\/www.carlosyconchita.net\/rutas\/19-08-2021-bornas-340ci-356\/\" class=\"sya_postlink post-16826\" rel=\"bookmark\">19-08-2021-Bornas 340CI &#8211; 356<\/a> <span class=\"sya_categories\"><span class=\"sya_bracket\">(<\/span>100 Cims Carlos y Conchita, 2-Moderada, 3 - De 10 a 15 km., Mojones \/ Bornas frontera ES-FR, Valle de Ar\u00e1n<span class=\"sya_bracket\">)<\/span><\/span><div style=\"padding-left:100px\" class=\"robots-nocontent\"><cite>Larga y bonita caminata para localizar las bornas 340-CI (Cruz Intermedia) a\u00a0 la 356, empezando en el Col de Baretja.\r\nNos hemos saltado la 351, que ya hab\u00edamos hecho anteriormente, y repetimos la 356, que est\u00e1 en el camino de vuelta al Col de Baretja.<\/cite><\/div><\/div><\/li><li class=\"\"><div class=\"sya_postcontent\"><span class=\"sya_date\">  <span class=\"sya_sep\"> <\/span><\/span><a href=\"https:\/\/www.carlosyconchita.net\/rutas\/14-08-2021-14-08-2021-pla-de-llosent-lago-calvet-y-pla-de-barres\/\" class=\"sya_postlink post-16650\" rel=\"bookmark\">14-08-2021-14-08-2021-Pla de Llosent, Lago Calvet y Pla de Barres<\/a> <span class=\"sya_categories\"><span class=\"sya_bracket\">(<\/span>1-F\u00e1cil, 3 - De 10 a 15 km., Conflent<span class=\"sya_bracket\">)<\/span><\/span><div style=\"padding-left:100px\" class=\"robots-nocontent\"><cite>Empezamos la excursi\u00f3n de hoy en una amplia zona para dejar el coche, en la carretera D32 , justo antes de una valla que corta el paso. Para llegar all\u00ed, seguiremos la carretera D118 desde Mont-Louis\u00a0 en direcci\u00f3n a Les Angles, en una rotonda giraremos a nuestra izquierda para seguir por la D32F, y aproximadamente [&hellip;]<\/cite><\/div><\/div><\/li><li class=\"\"><div class=\"sya_postcontent\"><span class=\"sya_date\">  <span class=\"sya_sep\"> <\/span><\/span><a href=\"https:\/\/www.carlosyconchita.net\/rutas\/13-08-2021-caudies-de-conflent\/\" class=\"sya_postlink post-16557\" rel=\"bookmark\">13-08-2021-Caudi\u00e8s de Conflent<\/a> <span class=\"sya_categories\"><span class=\"sya_bracket\">(<\/span>0-Muy f\u00e1cil, 2 - De 5 a 10 km., Conflent<span class=\"sya_bracket\">)<\/span><\/span><div style=\"padding-left:100px\" class=\"robots-nocontent\"><cite>Hoy hemos hecho una corta y f\u00e1cil caminata por los alrededores de Caudi\u00e9s de Conflent, donde ya hab\u00edamos estado anteriormente para ver el lago : 06-08-2013 \u2013 Lago de Caudi\u00e9s de Conflent Tambi\u00e9n en varias ocasiones m\u00e1s hemos estado en Caudi\u00e9s, para empezar otras excursiones dejando el coche en el \u00abParking randonneurs\u00bb , que como [&hellip;]<\/cite><\/div><\/div><\/li><li class=\"\"><div class=\"sya_postcontent\"><span class=\"sya_date\">  <span class=\"sya_sep\"> <\/span><\/span><a href=\"https:\/\/www.carlosyconchita.net\/rutas\/12-08-2021-lagos-boullosas-pradella-y-negre\/\" class=\"sya_postlink post-16435\" rel=\"bookmark\">12-08-2021-Boullosas-Pla de Barres (lagos Boullosas, Pradella y Negre)<\/a> <span class=\"sya_categories\"><span class=\"sya_bracket\">(<\/span>2-Moderada, 3 - De 10 a 15 km., Boullosas<span class=\"sya_bracket\">)<\/span><\/span><div style=\"padding-left:100px\" class=\"robots-nocontent\"><cite>Varias veces hab\u00edamos subido a la Boullosas con raquetas, para ver estos 3 bonitos lagos, cuando la carretera est\u00e1 cortada por la nieve, y con el coche s\u00f3lo se puede llegar al Pla dels Avellans, y tienes que subir por la carretera nevada los 3-4 kms hasta llegar al lago de las Boullosas. Las \u00faltimas [&hellip;]<\/cite><\/div><\/div><\/li><li class=\"\"><div class=\"sya_postcontent\"><span class=\"sya_date\">  <span class=\"sya_sep\"> <\/span><\/span><a href=\"https:\/\/www.carlosyconchita.net\/rutas\/07-08-2021-bornas-181-183-y-196-197\/\" class=\"sya_postlink post-16289\" rel=\"bookmark\">07-08-2021-Bornas 181-183 y 196-197<\/a> <span class=\"sya_categories\"><span class=\"sya_bracket\">(<\/span>1 - Hasta 5 km., 2-Moderada, Mojones \/ Bornas frontera ES-FR, Navarra<span class=\"sya_bracket\">)<\/span><\/span><div style=\"padding-left:100px\" class=\"robots-nocontent\"><cite>Corta pero muy complicada excursi\u00f3n para intentar localizar las bornas 180 a 183, pensando que tendr\u00edamos un camino siguiendo la valla de la frontera, similar al que seguimos el d\u00eda 23-05-2021.\r\nAl final desistimos de intentar llegar a la 180, y localizamos s\u00f3lo las 181, 182 y 183<\/cite><\/div><\/div><\/li><li class=\"\"><div class=\"sya_postcontent\"><span class=\"sya_date\">  <span class=\"sya_sep\"> <\/span><\/span><a href=\"https:\/\/www.carlosyconchita.net\/rutas\/06-08-2021-bornas-247-249-y-250\/\" class=\"sya_postlink post-16277\" rel=\"bookmark\">06-08-2021-Bornas 247, 249 y 250<\/a> <span class=\"sya_categories\"><span class=\"sya_bracket\">(<\/span>1-F\u00e1cil, 100 Cims Carlos y Conchita, 2 - De 5 a 10 km., Mojones \/ Bornas frontera ES-FR, Navarra<span class=\"sya_bracket\">)<\/span><\/span><div style=\"padding-left:100px\" class=\"robots-nocontent\"><cite>Como que hoy ten\u00edamos mucha niebla, decidimos hacer una corta caminata para llegar a las bornas 247 y 249, pero despu\u00e9s, al salir el sol, decidimos alargar hasta la 250, camino de Belagua, y despu\u00e9s investigar el camino de subida  a la 246. A pesar del sol hac\u00eda bastante fresco, como se puede ver en las fotos, en que llevamos puesta la chaqueta todo el rato.<\/cite><\/div><\/div><\/li><li class=\"\"><div class=\"sya_postcontent\"><span class=\"sya_date\">  <span class=\"sya_sep\"> <\/span><\/span><a href=\"https:\/\/www.carlosyconchita.net\/rutas\/05-08-2021-bornas-237bis-245\/\" class=\"sya_postlink post-16236\" rel=\"bookmark\">05-08-2021-Bornas 237bis-245<\/a> <span class=\"sya_categories\"><span class=\"sya_bracket\">(<\/span>100 Cims Carlos y Conchita, 2-Moderada, 3 - De 10 a 15 km., Mojones \/ Bornas frontera ES-FR, Navarra<span class=\"sya_bracket\">)<\/span><\/span><div style=\"padding-left:100px\" class=\"robots-nocontent\"><cite>Desde el Port de Larrau, donde est\u00e1n las bornas 237 y 237-bis, caminamos siguiendo las crestas de las colinas y l\u00ednea de la frontera, para localizar las bornas 238 a 245. Mucho viento y fr\u00edo en alg\u00fan momento de la excursi\u00f3n, con bonitas vistas a ambos lados de la l\u00ednea de la frontera.<\/cite><\/div><\/div><\/li><li class=\"\"><div class=\"sya_postcontent\"><span class=\"sya_date\">  <span class=\"sya_sep\"> <\/span><\/span><a href=\"https:\/\/www.carlosyconchita.net\/rutas\/04-08-2021-pamplona\/\" class=\"sya_postlink post-16223\" rel=\"bookmark\">04-08-2021-Pamplona<\/a> <span class=\"sya_categories\"><span class=\"sya_bracket\">(<\/span>0-Muy f\u00e1cil, 1 - Hasta 5 km., Mojones \/ Bornas frontera ES-FR, Navarra<span class=\"sya_bracket\">)<\/span><\/span><div style=\"padding-left:100px\" class=\"robots-nocontent\"><cite>Hoy las previsiones eran de lluvia, y as\u00ed ha empezado el d\u00eda, por lo que directamente nos hemos ido para hacer una visita tur\u00edstica \"normal\" a Pamplona, donde hab\u00edamos estado hace un mont\u00f3n de a\u00f1os (35 \u00f3 40...), por lo que aparte del castillo, no nos acord\u00e1bamos de casi nada.<\/cite><\/div><\/div><\/li><li class=\"\"><div class=\"sya_postcontent\"><span class=\"sya_date\">  <span class=\"sya_sep\"> <\/span><\/span><a href=\"https:\/\/www.carlosyconchita.net\/rutas\/03-08-2021-bornas-225-226\/\" class=\"sya_postlink post-16205\" rel=\"bookmark\">03-08-2021-Bornas 225-226<\/a> <span class=\"sya_categories\"><span class=\"sya_bracket\">(<\/span>0-Muy f\u00e1cil, 1 - Hasta 5 km., Mojones \/ Bornas frontera ES-FR, Navarra<span class=\"sya_bracket\">)<\/span><\/span><div style=\"padding-left:100px\" class=\"robots-nocontent\"><cite>F\u00e1cil caminata desde la B-225 a la B-226, que no hab\u00edamos podido ver anteriormente en 2 ocasiones por culpa de la gran cantidad de agua en 3 rios que hab\u00eda que cruzar, o por la lluvia y niebla.<\/cite><\/div><\/div><\/li><li class=\"\"><div class=\"sya_postcontent\"><span class=\"sya_date\">  <span class=\"sya_sep\"> <\/span><\/span><a href=\"https:\/\/www.carlosyconchita.net\/rutas\/03-08-2021-bornas-227-229\/\" class=\"sya_postlink post-16197\" rel=\"bookmark\">03-08-2021-Bornas 227-229<\/a> <span class=\"sya_categories\"><span class=\"sya_bracket\">(<\/span>1 - Hasta 5 km., 2-Moderada, Mojones \/ Bornas frontera ES-FR, Navarra<span class=\"sya_bracket\">)<\/span><\/span><div style=\"padding-left:100px\" class=\"robots-nocontent\"><cite>Corta pero complicadilla excursi\u00f3n para localizar las bornas 227 a 229, y lo que ten\u00eda que ser una cosa f\u00e1cil y tranquila, se ha convertido finalmente en una peque\u00f1a \"pesadilla\", por la fuerte pendiente e inclinaci\u00f3n, que nos ha tenido bastante preocupados por no decir asustados en el corto recorrido desde la 228 a la 229, y que por suerte , estaba seco.<\/cite><\/div><\/div><\/li><li class=\"\"><div class=\"sya_postcontent\"><span class=\"sya_date\">  <span class=\"sya_sep\"> <\/span><\/span><a href=\"https:\/\/www.carlosyconchita.net\/rutas\/02-08-2021-borna-235-pico-zazpigain\/\" class=\"sya_postlink post-16180\" rel=\"bookmark\">02-08-2021-Borna 235 (Pico Zazpigain)<\/a> <span class=\"sya_categories\"><span class=\"sya_bracket\">(<\/span>1-F\u00e1cil, 100 Cims Carlos y Conchita, Mojones \/ Bornas frontera ES-FR, Navarra<span class=\"sya_bracket\">)<\/span><\/span><div style=\"padding-left:100px\" class=\"robots-nocontent\"><cite>Hoy hemos hecho una bonita subida al pico de Zazpigain, en donde est\u00e1 la borna 235, muy bonita tambi\u00e9n, y situada en una cresta, con bonitas vistas al Pico de Orhy , con un magn\u00edfico d\u00eda, al menos por la ma\u00f1ana cuando hemos empezado a caminar, aunque como se puede ver en las fotos, a \u00faltima hora apareci\u00f3 la niebla<\/cite><\/div><\/div><\/li><li class=\"\"><div class=\"sya_postcontent\"><span class=\"sya_date\">  <span class=\"sya_sep\"> <\/span><\/span><a href=\"https:\/\/www.carlosyconchita.net\/rutas\/01-08-2021-bornas-198-207\/\" class=\"sya_postlink post-16168\" rel=\"bookmark\">01-08-2021-Bornas 198-207<\/a> <span class=\"sya_categories\"><span class=\"sya_bracket\">(<\/span>1-F\u00e1cil, 100 Cims Carlos y Conchita, 2 - De 5 a 10 km., Mojones \/ Bornas frontera ES-FR, Navarra<span class=\"sya_bracket\">)<\/span><\/span><div style=\"padding-left:100px\" class=\"robots-nocontent\"><cite>Hoy ha amanecido el d\u00eda mejor que ayer, as\u00ed que por segunda vez hemos intentado y finalmente conseguido hacer la ruta para localizar las bornas 198 a 207, cuyo punto de inicio es el Col de Arnost\u00e9guy, en donde est\u00e1 la B-205.<\/cite><\/div><\/div><\/li><li class=\"\"><div class=\"sya_postcontent\"><span class=\"sya_date\">  <span class=\"sya_sep\"> <\/span><\/span><a href=\"https:\/\/www.carlosyconchita.net\/rutas\/31-07-2021-borna-205-y-st-jean-pie-port\/\" class=\"sya_postlink post-16157\" rel=\"bookmark\">31-07-2021-Borna 205 y St.Jean-Pie-Port<\/a> <span class=\"sya_categories\"><span class=\"sya_bracket\">(<\/span>0-Muy f\u00e1cil, Francia, Mojones \/ Bornas frontera ES-FR<span class=\"sya_bracket\">)<\/span><\/span><div style=\"padding-left:100px\" class=\"robots-nocontent\"><cite>Hoy hemos tenido un d\u00eda muy lluvioso, y cuando hemos llegado al Col de Arnost\u00e9guy, donde ten\u00edamos que dejar el coche y empezar a caminar, lo \u00fanico que hemos podido hacer ha sido una foto de la B-205, que est\u00e1 all\u00ed mismo, y despu\u00e9s nos hemos ido a visitar el pueblo de Sant Jean-Pie-de-Port, donde tambi\u00e9n ha llovido mucho, pero al menos no ten\u00edamos barro.<\/cite><\/div><\/div><\/li><li class=\"\"><div class=\"sya_postcontent\"><span class=\"sya_date\">  <span class=\"sya_sep\"> <\/span><\/span><a href=\"https:\/\/www.carlosyconchita.net\/rutas\/30-07-2021-borna-144\/\" class=\"sya_postlink post-16145\" rel=\"bookmark\">30-07-2021-Borna 144<\/a> <span class=\"sya_categories\"><span class=\"sya_bracket\">(<\/span>1-F\u00e1cil, Mojones \/ Bornas frontera ES-FR, Navarra<span class=\"sya_bracket\">)<\/span><\/span><div style=\"padding-left:100px\" class=\"robots-nocontent\"><cite>Un poco antes de llegar a Urepel , por el Camino de Sorogain, cogemos un desv\u00edo a nuestra izquierda que nos lleva al punto de partida, en donde dejamos el coche.\r\nDesde all\u00ed subimos a la B-144, con lluvia todo el camino de vuelta, que nos ha impedido intentar llegar a la 143<\/cite><\/div><\/div><\/li><li class=\"\"><div class=\"sya_postcontent\"><span class=\"sya_date\">  <span class=\"sya_sep\"> <\/span><\/span><a href=\"https:\/\/www.carlosyconchita.net\/rutas\/29-07-2021-borna-141-y-142\/\" class=\"sya_postlink post-16135\" rel=\"bookmark\">29-07-2021-Borna 141 (y 142)<\/a> <span class=\"sya_categories\"><span class=\"sya_bracket\">(<\/span>0-Muy f\u00e1cil, 1 - Hasta 5 km., 100 Cims Carlos y Conchita, Mojones \/ Bornas frontera ES-FR<span class=\"sya_bracket\">)<\/span><\/span><div style=\"padding-left:100px\" class=\"robots-nocontent\"><cite>Aprovechamos la tarde del d\u00eda de llegada a la zona de Roncescalles, para subir al Pico de Isterbegi, en donde est\u00e1 la borna 141,<\/cite><\/div><\/div><\/li><li class=\"\"><div class=\"sya_postcontent\"><span class=\"sya_date\">  <span class=\"sya_sep\"> <\/span><\/span><a href=\"https:\/\/www.carlosyconchita.net\/rutas\/18-07-2021-coll-de-la-llosa-puig-de-la-llosa-y-pico-de-figuema\/\" class=\"sya_postlink post-16104\" rel=\"bookmark\">18-07-2021-Coll de la Llosa, Puig de la Llosa y Pico de Figuema<\/a> <span class=\"sya_categories\"><span class=\"sya_bracket\">(<\/span>1-F\u00e1cil, 2 - De 5 a 10 km., Catalunya Nord - sin clasificar<span class=\"sya_bracket\">)<\/span><\/span><div style=\"padding-left:100px\" class=\"robots-nocontent\"><cite>Hoy no ten\u00edamos claro a donde dirigirnos, as\u00ed que nos hemos ido a nuestra bien conocida estaci\u00f3n de esqu\u00ed del Coll de la Llosa, para empezar a caminar sin ning\u00fan destino concreto, ya que tanto con raquetas como sin ellas, creemos que hemos recorrido casi todos las rutas se\u00f1alizadas. Empezamos a caminar pasando cerca de [&hellip;]<\/cite><\/div><\/div><\/li><li class=\"\"><div class=\"sya_postcontent\"><span class=\"sya_date\">  <span class=\"sya_sep\"> <\/span><\/span><a href=\"https:\/\/www.carlosyconchita.net\/rutas\/17-07-2021-lago-aude-mont-llaret-y-roc-aude\/\" class=\"sya_postlink post-16094\" rel=\"bookmark\">17-07-2021-Lago Aude, Mont Llaret y Roc Aude<\/a> <span class=\"sya_categories\"><span class=\"sya_bracket\">(<\/span>1-F\u00e1cil, 100 Cims Carlos y Conchita, 2-Moderada, 3 - De 10 a 15 km., Les Angles<span class=\"sya_bracket\">)<\/span><\/span><div style=\"padding-left:100px\" class=\"robots-nocontent\"><cite>Hoy volvemos a esta zona , para llegar hasta el lago del Aude, donde hemos ido varias veces, tanto con raquetas como sin ellas, pero alargaremos la excursi\u00f3n para subir hasta el Mont Llaret, ya que aparte de cuando esquiamos en las pistas de Les Angles, no hab\u00edamos ido nunca. Ver las anteriores excursiones en [&hellip;]<\/cite><\/div><\/div><\/li><li class=\"\"><div class=\"sya_postcontent\"><span class=\"sya_date\">  <span class=\"sya_sep\"> <\/span><\/span><a href=\"https:\/\/www.carlosyconchita.net\/rutas\/03-07-2021-rio-brangoli-y-cascada\/\" class=\"sya_postlink post-16080\" rel=\"bookmark\">03-07-2021-Cascada Brangol\u00ed y Molleres de Maur\u00e1<\/a> <span class=\"sya_categories\"><span class=\"sya_bracket\">(<\/span>1-F\u00e1cil, 2-Moderada, 3 - De 10 a 15 km., Catalunya Nord - sin clasificar<span class=\"sya_bracket\">)<\/span><\/span><div style=\"padding-left:100px\" class=\"robots-nocontent\"><cite>El punto de inicio de la excursi\u00f3n de hoy es una zona de parking situada cerca de Bena,\u00a0 a la que llegaremos desde Enveitg , y donde empieza un camino de tierra que dejaremos despu\u00e9s para seguir por un sendero\u00a0 por el que iremos subiendo en direcci\u00f3n a las Molleres de Maur\u00e1. Como se puede [&hellip;]<\/cite><\/div><\/div><\/li><li class=\"\"><div class=\"sya_postcontent\"><span class=\"sya_date\">  <span class=\"sya_sep\"> <\/span><\/span><a href=\"https:\/\/www.carlosyconchita.net\/rutas\/26-06-2021-borna-142\/\" class=\"sya_postlink post-16053\" rel=\"bookmark\">26-06-2021-Borna 142<\/a> <span class=\"sya_categories\"><span class=\"sya_bracket\">(<\/span>0-Muy f\u00e1cil, 1 - Hasta 5 km., Mojones \/ Bornas frontera ES-FR, Navarra<span class=\"sya_bracket\">)<\/span><\/span><div style=\"padding-left:100px\" class=\"robots-nocontent\"><cite>Por la tarde, nos acercamos con el coche hasta la 142, y de paso inspeccionamos el terreno en vistas a las pr\u00f3ximas que tenemos que hacer por esta zona, la 141, monta\u00f1a arriba, y la 143 y 144 monta\u00f1a abajo.<\/cite><\/div><\/div><\/li><li class=\"\"><div class=\"sya_postcontent\"><span class=\"sya_date\">  <span class=\"sya_sep\"> <\/span><\/span><a href=\"https:\/\/www.carlosyconchita.net\/rutas\/26-06-2021-bornas-163-174\/\" class=\"sya_postlink post-16043\" rel=\"bookmark\">26-06-2021-Bornas 163-174<\/a> <span class=\"sya_categories\"><span class=\"sya_bracket\">(<\/span>1-F\u00e1cil, 100 Cims Carlos y Conchita, 2 - De 5 a 10 km., Mojones \/ Bornas frontera ES-FR, Navarra<span class=\"sya_bracket\">)<\/span><\/span><div style=\"padding-left:100px\" class=\"robots-nocontent\"><cite>Bonita y calurosa excursi\u00f3n para ver estas bornas, y llegar tambi\u00e9n a la 174, que ya ten\u00edamos vista anteriormente , con el objetivo de conectar las dos rutas.<\/cite><\/div><\/div><\/li><li class=\"\"><div class=\"sya_postcontent\"><span class=\"sya_date\">  <span class=\"sya_sep\"> <\/span><\/span><a href=\"https:\/\/www.carlosyconchita.net\/rutas\/25-06-2021-bornas-213-214-y-216\/\" class=\"sya_postlink post-16030\" rel=\"bookmark\">25-06-2021-Bornas 213, 214 y 216<\/a> <span class=\"sya_categories\"><span class=\"sya_bracket\">(<\/span>0-Muy f\u00e1cil, 1 - Hasta 5 km., Mojones \/ Bornas frontera ES-FR, Navarra<span class=\"sya_bracket\">)<\/span><\/span><div style=\"padding-left:100px\" class=\"robots-nocontent\"><cite>Despu\u00e9s de la caminata anterior, (bornas 208-212) , con el coche y alg\u00fan peque\u00f1o tramo caminando, localizamos estas bornas, y de paso inspeccionamos el terreno para cuando vayamos a hacer las 215-217-218 y 219, con el terreno m\u00e1s seco.<\/cite><\/div><\/div><\/li><li class=\"\"><div class=\"sya_postcontent\"><span class=\"sya_date\">  <span class=\"sya_sep\"> <\/span><\/span><a href=\"https:\/\/www.carlosyconchita.net\/rutas\/25-06-2021-bornas-208-212\/\" class=\"sya_postlink post-16015\" rel=\"bookmark\">25-06-2021-Bornas 208-212<\/a> <span class=\"sya_categories\"><span class=\"sya_bracket\">(<\/span>1 - Hasta 5 km., 1-F\u00e1cil, Mojones \/ Bornas frontera ES-FR, Navarra<span class=\"sya_bracket\">)<\/span><\/span><div style=\"padding-left:100px\" class=\"robots-nocontent\"><cite>F\u00e1cil caminata con mucha niebla y terreno muy mojado por la lluvia, para localizar estas bornas.<\/cite><\/div><\/div><\/li><li class=\"\"><div class=\"sya_postcontent\"><span class=\"sya_date\">  <span class=\"sya_sep\"> <\/span><\/span><a href=\"https:\/\/www.carlosyconchita.net\/rutas\/24-06-2021-bornas-220-225\/\" class=\"sya_postlink post-16000\" rel=\"bookmark\">24-06-2021-Bornas 220-225<\/a> <span class=\"sya_categories\"><span class=\"sya_bracket\">(<\/span>0-Muy f\u00e1cil, 1 - Hasta 5 km., Mojones \/ Bornas frontera ES-FR, Navarra<span class=\"sya_bracket\">)<\/span><\/span><div style=\"padding-left:100px\" class=\"robots-nocontent\"><cite>Aprovechamos el dia de lluvia para localizar con el coche estas bornas, y mojarnos bastante.\r\nPara llegar a la 220 hacemos una peque\u00f1a caminata de algo menos de 1 km.<\/cite><\/div><\/div><\/li><li class=\"\"><div class=\"sya_postcontent\"><span class=\"sya_date\">  <span class=\"sya_sep\"> <\/span><\/span><a href=\"https:\/\/www.carlosyconchita.net\/rutas\/23-06-2021-borna-148\/\" class=\"sya_postlink post-15990\" rel=\"bookmark\">23-06-2021-Borna 148<\/a> <span class=\"sya_categories\"><span class=\"sya_bracket\">(<\/span>0-Muy f\u00e1cil, 1 - Hasta 5 km., Mojones \/ Bornas frontera ES-FR, Navarra<span class=\"sya_bracket\">)<\/span><\/span><div style=\"padding-left:100px\" class=\"robots-nocontent\"><cite>Tercera y \u00faltima de las 3 peque\u00f1as caminatas que hacemos desde el Camino de Sorogain, la tarde del d\u00eda de nuestra llegada a Espinal.<\/cite><\/div><\/div><\/li><li class=\"\"><div class=\"sya_postcontent\"><span class=\"sya_date\">  <span class=\"sya_sep\"> <\/span><\/span><a href=\"https:\/\/www.carlosyconchita.net\/rutas\/23-06-2021-borna-146-y-cruces\/\" class=\"sya_postlink post-15972\" rel=\"bookmark\">23-06-2021-Borna 146 y cruces<\/a> <span class=\"sya_categories\"><span class=\"sya_bracket\">(<\/span>0-Muy f\u00e1cil, 1 - Hasta 5 km., Mojones \/ Bornas frontera ES-FR, Navarra<span class=\"sya_bracket\">)<\/span><\/span><div style=\"padding-left:100px\" class=\"robots-nocontent\"><cite>Segunda de las 3 peque\u00f1as caminatas que hacemos desde el Camino de Sorogain, la tarde del d\u00eda de nuestra llegada a Espinal.<\/cite><\/div><\/div><\/li><li class=\"\"><div class=\"sya_postcontent\"><span class=\"sya_date\">  <span class=\"sya_sep\"> <\/span><\/span><a href=\"https:\/\/www.carlosyconchita.net\/rutas\/23-06-2021-borna-147\/\" class=\"sya_postlink post-15980\" rel=\"bookmark\">23-06-2021-Borna 147<\/a> <span class=\"sya_categories\"><span class=\"sya_bracket\">(<\/span>0-Muy f\u00e1cil, 1 - Hasta 5 km., Mojones \/ Bornas frontera ES-FR, Navarra<span class=\"sya_bracket\">)<\/span><\/span><div style=\"padding-left:100px\" class=\"robots-nocontent\"><cite>Esta es la primera de las 3 peque\u00f1as caminatas que hacemos desde el Camino de Sorogain, la tarde del d\u00eda de nuestra llegada a Espinal.<\/cite><\/div><\/div><\/li><li class=\"\"><div class=\"sya_postcontent\"><span class=\"sya_date\">  <span class=\"sya_sep\"> <\/span><\/span><a href=\"https:\/\/www.carlosyconchita.net\/rutas\/19-06-2021-turo-de-la-escletxa-100-cims\/\" class=\"sya_postlink post-15960\" rel=\"bookmark\">19-06-2021-Tur\u00f3 de la Escletxa (100 Cims)<\/a> <span class=\"sya_categories\"><span class=\"sya_bracket\">(<\/span>100 Cims Carlos y Conchita, 100 Cims FEEC, 2-Moderada, 3 - De 10 a 15 km., Vall\u00e9s Occidental<span class=\"sya_bracket\">)<\/span><\/span><div style=\"padding-left:100px\" class=\"robots-nocontent\"><cite>Hoy quer\u00edamos hacer una excursi\u00f3n algo tranquila, porque despu\u00e9s de la dura subida de la semana pasada para localizar las bornas 407 y 408, no ten\u00edamos ganas de complicarnos mucho la vida. Hemos dejado el coche en una calle secundaria de la parte alta de Rellinars, pero\u00a0 se puede dejar en cualquier otro sitio cerca [&hellip;]<\/cite><\/div><\/div><\/li><li class=\"\"><div class=\"sya_postcontent\"><span class=\"sya_date\">  <span class=\"sya_sep\"> <\/span><\/span><a href=\"https:\/\/www.carlosyconchita.net\/rutas\/12-06-2021-bornas-407-408\/\" class=\"sya_postlink post-15945\" rel=\"bookmark\">12-06-2021-Bornas 407-408<\/a> <span class=\"sya_categories\"><span class=\"sya_bracket\">(<\/span>3 - De 10 a 15 km., 4-Muy dificil, Mojones \/ Bornas frontera ES-FR<span class=\"sya_bracket\">)<\/span><\/span><div style=\"padding-left:100px\" class=\"robots-nocontent\"><cite>Dif\u00edcil caminata para localizar estas bornas, incluidas en la lista de las m\u00e1s dificiles de encontrar, y a pesar de la dureza y dificultad del recorrido, lo hemos conseguido, gracias a la ayuda de Eef, que nos ha guiado por una zona sin camino, mucha pendiente, resbaladizo y con peque\u00f1os arroyos.\r\nEl recorrido total ha sido de s\u00f3lo 10'8 km, pero es que el desnivel de m\u00e1s de 1.200 m. se alcanza en menos de 6 km.<\/cite><\/div><\/div><\/li><li class=\"\"><div class=\"sya_postcontent\"><span class=\"sya_date\">  <span class=\"sya_sep\"> <\/span><\/span><a href=\"https:\/\/www.carlosyconchita.net\/rutas\/11-06-2021-sub-bornas-409f-1-y-409f-3\/\" class=\"sya_postlink post-15935\" rel=\"bookmark\">11-06-2021-Sub-bornas 409F-1 y 409F-3<\/a> <span class=\"sya_categories\"><span class=\"sya_bracket\">(<\/span>0-Muy f\u00e1cil, 1 - Hasta 5 km., Mojones \/ Bornas frontera ES-FR<span class=\"sya_bracket\">)<\/span><\/span><div style=\"padding-left:100px\" class=\"robots-nocontent\"><cite>Tambi\u00e9n con Eef, y despu\u00e9s de la B-359, localizamos estas 2 subbornas, que no hab\u00edamos podido encontrar nosotros, ya que una de ellas estaba sumergida en el barro del r\u00edo y la otra en una zona llena de zarzas.<\/cite><\/div><\/div><\/li><li class=\"\"><div class=\"sya_postcontent\"><span class=\"sya_date\">  <span class=\"sya_sep\"> <\/span><\/span><a href=\"https:\/\/www.carlosyconchita.net\/rutas\/11-06-2021-borna-359\/\" class=\"sya_postlink post-15925\" rel=\"bookmark\">11-06-2021-Borna 359<\/a> <span class=\"sya_categories\"><span class=\"sya_bracket\">(<\/span>1 - Hasta 5 km., 2-Moderada, Mojones \/ Bornas frontera ES-FR, Valle de Ar\u00e1n<span class=\"sya_bracket\">)<\/span><\/span><div style=\"padding-left:100px\" class=\"robots-nocontent\"><cite>Por la tarde de d\u00eda que llegamos a Bossost, con la ayuda de Eef, localizamos esta borna, situada en una ladera con bastante pendiente y con muchos arboles ca\u00eddos y maleza que dificultan el caminar y la localizaci\u00f3n de la borna.<\/cite><\/div><\/div><\/li><li class=\"\"><div class=\"sya_postcontent\"><span class=\"sya_date\">  <span class=\"sya_sep\"> <\/span><\/span><a href=\"https:\/\/www.carlosyconchita.net\/rutas\/05-06-2021-taga-100-cims-puig-coma-dolla-y-puig-estela-100-cims\/\" class=\"sya_postlink post-15915\" rel=\"bookmark\">05-06-2021-Taga (100 Cims), Puig Coma d&#8217;Olla y Puig Estela<\/a> <span class=\"sya_categories\"><span class=\"sya_bracket\">(<\/span>100 Cims Carlos y Conchita, 100 Cims FEEC, 2-Moderada, 3 - De 10 a 15 km., Ripoll\u00e9s<span class=\"sya_bracket\">)<\/span><\/span><div style=\"padding-left:100px\" class=\"robots-nocontent\"><cite>Hoy repetimos por as\u00ed decir la subida al Taga, porque ya hab\u00edamos ido el 10-05-2019- Picos de Sant Amand y Taga (100 Cims), aunque en aquella ocasi\u00f3n yo no pude llegar a la cima, ya que a unos 500 m. tuve que pararme,\u00a0 aunque Conchita y nuestro amigo Lluis s\u00ed que llegaron arriba. Como que [&hellip;]<\/cite><\/div><\/div><\/li><li class=\"\"><div class=\"sya_postcontent\"><span class=\"sya_date\">  <span class=\"sya_sep\"> <\/span><\/span><a href=\"https:\/\/www.carlosyconchita.net\/rutas\/30-05-2021-cervello-cova-xampinyo-y-otras-cuevas-y-hornos\/\" class=\"sya_postlink post-15905\" rel=\"bookmark\">30-05-2021-Cervell\u00f3, cova Xampiny\u00f3 y otras cuevas y hornos<\/a> <span class=\"sya_categories\"><span class=\"sya_bracket\">(<\/span>1-F\u00e1cil, 3 - De 10 a 15 km., Baix Llobregat<span class=\"sya_bracket\">)<\/span><\/span><div style=\"padding-left:100px\" class=\"robots-nocontent\"><cite>Hoy hemos hecho una excursi\u00f3n entre Cervell\u00f3 y Vallirana, para ver varias cuevas , entre ellas la Cova del Xampiny\u00f3 y la del Coll de Verdaguer, y varios antiguos hornos, uno de ellos en muy buen estado y muy bonito, del que no sabemos el nombre, y que hemos marcado en el track como Forn [&hellip;]<\/cite><\/div><\/div><\/li><li class=\"\"><div class=\"sya_postcontent\"><span class=\"sya_date\">  <span class=\"sya_sep\"> <\/span><\/span><a href=\"https:\/\/www.carlosyconchita.net\/rutas\/23-05-2021-bornas-184-192\/\" class=\"sya_postlink post-15879\" rel=\"bookmark\">23-05-2021-Bornas 184-192<\/a> <span class=\"sya_categories\"><span class=\"sya_bracket\">(<\/span>1-F\u00e1cil, 2 - De 5 a 10 km., 2-Moderada, Mojones \/ Bornas frontera ES-FR<span class=\"sya_bracket\">)<\/span><\/span><div style=\"padding-left:100px\" class=\"robots-nocontent\"><cite>Otra f\u00e1cil caminata , a excepci\u00f3n del tramo entre la 191 y 189, siguiendo la valla que delimita la frontera, en una inclinada ladera llena de helechos.\r\nDe paso localizamos un punto de inicio para cuando hagamos las 180-183<\/cite><\/div><\/div><\/li><li class=\"\"><div class=\"sya_postcontent\"><span class=\"sya_date\">  <span class=\"sya_sep\"> <\/span><\/span><a href=\"https:\/\/www.carlosyconchita.net\/rutas\/22-05-2021-bornas-155-162\/\" class=\"sya_postlink post-15868\" rel=\"bookmark\">22-05-2021-Bornas 155-162<\/a> <span class=\"sya_categories\"><span class=\"sya_bracket\">(<\/span>1-F\u00e1cil, 2 - De 5 a 10 km., Mojones \/ Bornas frontera ES-FR, Navarra<span class=\"sya_bracket\">)<\/span><\/span><div style=\"padding-left:100px\" class=\"robots-nocontent\"><cite>F\u00e1cil y bonita excursi\u00f3n desde la borna 155 (cerca del Monte Lindus, ya visto en el 2018) para localizar las bornas 156 a 172<\/cite><\/div><\/div><\/li><li class=\"\"><div class=\"sya_postcontent\"><span class=\"sya_date\">  <span class=\"sya_sep\"> <\/span><\/span><a href=\"https:\/\/www.carlosyconchita.net\/rutas\/21-05-2021-bornas-174-179\/\" class=\"sya_postlink post-15860\" rel=\"bookmark\">21-05-2021-Bornas 174-179 + 197<\/a> <span class=\"sya_categories\"><span class=\"sya_bracket\">(<\/span>1-F\u00e1cil, 2 - De 5 a 10 km., Mojones \/ Bornas frontera ES-FR, Navarra<span class=\"sya_bracket\">)<\/span><\/span><div style=\"padding-left:100px\" class=\"robots-nocontent\"><cite>F\u00e1cil excursi\u00f3n para ver estas bornas, con una complicada subida al Coll de Ehunzaroy con el coche , por un camino de tierra en muy mal estado.<\/cite><\/div><\/div><\/li><li class=\"\"><div class=\"sya_postcontent\"><span class=\"sya_date\">  <span class=\"sya_sep\"> <\/span><\/span><a href=\"https:\/\/www.carlosyconchita.net\/rutas\/20-05-2021-bornas-130-136\/\" class=\"sya_postlink post-15847\" rel=\"bookmark\">20-05-2021-Bornas 130-136<\/a> <span class=\"sya_categories\"><span class=\"sya_bracket\">(<\/span>2-Moderada, 3 - De 10 a 15 km., Mojones \/ Bornas frontera ES-FR, Navarra<span class=\"sya_bracket\">)<\/span><\/span><div style=\"padding-left:100px\" class=\"robots-nocontent\"><cite>Bonita excursi\u00f3n desde la 130 (ya vista en agosto-2020) hasta la 136, con un complicado tramo entre la 133 y 135 por la desaparici\u00f3n de caminos, zarzas etc.\r\nDe paso, y con el coche repetimos la 137 y 139.<\/cite><\/div><\/div><\/li><li class=\"\"><div class=\"sya_postcontent\"><span class=\"sya_date\">  <span class=\"sya_sep\"> <\/span><\/span><a href=\"https:\/\/www.carlosyconchita.net\/rutas\/19-05-2021-bornas-149-151-152154155\/\" class=\"sya_postlink post-15836\" rel=\"bookmark\">19-05-2021-Bornas 149-151 (+152+154+155)<\/a> <span class=\"sya_categories\"><span class=\"sya_bracket\">(<\/span>1 - Hasta 5 km., 2-Moderada, Mojones \/ Bornas frontera ES-FR, Navarra<span class=\"sya_bracket\">)<\/span><\/span><div style=\"padding-left:100px\" class=\"robots-nocontent\"><cite>Corta pero \"durilla\" caminata para localizar estas bornas, con un fuerte desnivel desde la 150 a la 149\r\nDe paso repetimos las 152, 154 y 155 que hab\u00edamos hecho en diciembre-2018<\/cite><\/div><\/div><\/li><li class=\"\"><div class=\"sya_postcontent\"><span class=\"sya_date\">  <span class=\"sya_sep\"> <\/span><\/span><a href=\"https:\/\/www.carlosyconchita.net\/rutas\/15-05-2021-argimon-100-cims-y-st-pere-cercada\/\" class=\"sya_postlink post-15820\" rel=\"bookmark\">15-05-2021&#8211;Argim\u00f3n (100 Cims) y St.Pere Cercada<\/a> <span class=\"sya_categories\"><span class=\"sya_bracket\">(<\/span>1-F\u00e1cil, 100 Cims Carlos y Conchita, 100 Cims FEEC, 2-Moderada, 3 - De 10 a 15 km., Girona<span class=\"sya_bracket\">)<\/span><\/span><div style=\"padding-left:100px\" class=\"robots-nocontent\"><cite>Hoy hacemos una bonita excursi\u00f3n para subir al Cim d&#8217;Argim\u00f3n (100 Cims FEEC) , en donde est\u00e1 la ermita del mismo nombre, y despu\u00e9s al monasterio de Sant Pere Cercada. Vamos con Miquel, Carme, Rafel, Nuria, Josep, Lluis y Asun. Para llegar al punto de inicio, nos dirigimos a Riudarenes,\u00a0 all\u00ed cogeremos la carretera GIV-5514 [&hellip;]<\/cite><\/div><\/div><\/li><li class=\"\"><div class=\"sya_postcontent\"><span class=\"sya_date\">  <span class=\"sya_sep\"> <\/span><\/span><a href=\"https:\/\/www.carlosyconchita.net\/rutas\/08-05-2021-vall-de-bianya\/\" class=\"sya_postlink post-15809\" rel=\"bookmark\">08-05-2021-Vall de Bianya : ermitas y fuentes<\/a> <span class=\"sya_categories\"><span class=\"sya_bracket\">(<\/span>2-Moderada, 3 - De 10 a 15 km., Garrotxa<span class=\"sya_bracket\">)<\/span><\/span><div style=\"padding-left:100px\" class=\"robots-nocontent\"><cite>Hoy hacemos esta excursi\u00f3n con nuestros amigos Miquel, Carme, Rafel, Nuria y Josep por el Vall de Bianya, muy verde y h\u00famedo, debido tambi\u00e9n a las lluvias de ayer, y que en un tramo de subida al principio de la excursi\u00f3n y sobre todo el largo descenso desde la cima de Sant Valent\u00ed, nos ha [&hellip;]<\/cite><\/div><\/div><\/li><li class=\"\"><div class=\"sya_postcontent\"><span class=\"sya_date\">  <span class=\"sya_sep\"> <\/span><\/span><a href=\"https:\/\/www.carlosyconchita.net\/rutas\/02-05-2021-la-palma-ermitas-st-vicenc-ferrer-y-st-joan-del-pla\/\" class=\"sya_postlink post-15795\" rel=\"bookmark\">02-05-2021-La Palma, ermitas St.Vicen\u00e7 Ferrer y St. Joan del Pla<\/a> <span class=\"sya_categories\"><span class=\"sya_bracket\">(<\/span>1-F\u00e1cil, 3 - De 10 a 15 km., Baix Llobregat<span class=\"sya_bracket\">)<\/span><\/span><div style=\"padding-left:100px\" class=\"robots-nocontent\"><cite>Hoy hemos hecho otra bonita y distra\u00edda excursi\u00f3n por los alrededores de nuestro pueblo, caminando desde Cervell\u00f3 a La Palma, desde all\u00ed por el camino del cementerio y un poco antes de llegar a \u00e9l, hemos subido a un mirador que hay al pi\u00e9 de una torre de alta tensi\u00f3n, justo encima de las ruinas [&hellip;]<\/cite><\/div><\/div><\/li><li class=\"\"><div class=\"sya_postcontent\"><span class=\"sya_date\">  <span class=\"sya_sep\"> <\/span><\/span><a href=\"https:\/\/www.carlosyconchita.net\/rutas\/24-4-2021-vallirana-cova-polvori-fonts-forns-i-avencs\/\" class=\"sya_postlink post-15727\" rel=\"bookmark\">24-4-2021-Vallirana : Cova Polvor\u00ed, fonts, forns i avencs<\/a> <span class=\"sya_categories\"><span class=\"sya_bracket\">(<\/span>2-Moderada, 3 - De 10 a 15 km., Baix Llobregat<span class=\"sya_bracket\">)<\/span><\/span><div style=\"padding-left:100px\" class=\"robots-nocontent\"><cite>Hoy hemos hecho una bonita e instructiva excursi\u00f3n por los alrededores de Vallirana, pasando por la ermita de San Silvestre, la cueva del Polvor\u00ed y varias fuentes, antiguos hornos de cal y bastantes \u00abavencs\u00bb o simas, y con varios puntos que hemos marcado como \u00abmiradores\u00bb por las bonitas vistas, y con una buena variedad de [&hellip;]<\/cite><\/div><\/div><\/li><li class=\"\"><div class=\"sya_postcontent\"><span class=\"sya_date\">  <span class=\"sya_sep\"> <\/span><\/span><a href=\"https:\/\/www.carlosyconchita.net\/rutas\/17-04-2021-puig-madrona-ermita-la-salut-y-escletxes-del-papiol\/\" class=\"sya_postlink post-15706\" rel=\"bookmark\">17-04-2021-Puig Madrona, Ermita La Salut y Escletxes del Papiol<\/a> <span class=\"sya_categories\"><span class=\"sya_bracket\">(<\/span>1-F\u00e1cil, 2 - De 5 a 10 km., Baix Llobregat<span class=\"sya_bracket\">)<\/span><\/span><div style=\"padding-left:100px\" class=\"robots-nocontent\"><cite>Hoy hemos hecho una excursi\u00f3n no muy larga , pero distraida, ya que hemos tenido tramos de camino ancho y f\u00e1cil, senderos estrechos en el bosque, algunos con bastante pendiente, y tambi\u00e9n un peque\u00f1o recorrido por las calles del Papiol, y a pesar de que las previsiones para el tiempo no eran muy buenas, al [&hellip;]<\/cite><\/div><\/div><\/li><li class=\"\"><div class=\"sya_postcontent\"><span class=\"sya_date\">  <span class=\"sya_sep\"> <\/span><\/span><a href=\"https:\/\/www.carlosyconchita.net\/rutas\/10-04-2021-roques-blaves-cova-petreco-iglesia-sta-maria-del-puig\/\" class=\"sya_postlink post-15699\" rel=\"bookmark\">10-04-2021-Roques Blaves, Cova Petrec\u00f3 , Iglesia Sta.Mar\u00eda del Puig<\/a> <span class=\"sya_categories\"><span class=\"sya_bracket\">(<\/span>1-F\u00e1cil, 2 - De 5 a 10 km., Baix Llobregat<span class=\"sya_bracket\">)<\/span><\/span><div style=\"padding-left:100px\" class=\"robots-nocontent\"><cite>Como que estamos de nuevo confinados comarcalmente, hacemos esta excursi\u00f3n empezando en Esparraguera, en la calle Can Roca, en un d\u00eda bastante nublado y gris, con Asun, Lluis, Carme, Miquel, Nuria y Rafel. All\u00ed mismo empieza el camino vecinal \u00abCam\u00ed Ve\u00efnal a Can San Joan, Can Roca i Roques Blaves\u00bb y aproximadamente a 1 km. [&hellip;]<\/cite><\/div><\/div><\/li><li class=\"\"><div class=\"sya_postcontent\"><span class=\"sya_date\">  <span class=\"sya_sep\"> <\/span><\/span><a href=\"https:\/\/www.carlosyconchita.net\/rutas\/04-04-2021-borna-409409-subs-es\/\" class=\"sya_postlink post-15679\" rel=\"bookmark\">04-04-2021-Borna 409+409 subs (ES)<\/a> <span class=\"sya_categories\"><span class=\"sya_bracket\">(<\/span>0-Muy f\u00e1cil, 1 - Hasta 5 km., Mojones \/ Bornas frontera ES-FR, Valle de Ar\u00e1n<span class=\"sya_bracket\">)<\/span><\/span><div style=\"padding-left:100px\" class=\"robots-nocontent\"><cite>Peque\u00f1a caminata por la orilla izquierda del Garona, para localizar la borna 409 y las 7 \"sub-bornas\" 409 del lado espa\u00f1ol<\/cite><\/div><\/div><\/li><li class=\"\"><div class=\"sya_postcontent\"><span class=\"sya_date\">  <span class=\"sya_sep\"> <\/span><\/span><a href=\"https:\/\/www.carlosyconchita.net\/rutas\/03-04-2021-bornas-366-373\/\" class=\"sya_postlink post-15668\" rel=\"bookmark\">03-04-2021-Bornas 366-373<\/a> <span class=\"sya_categories\"><span class=\"sya_bracket\">(<\/span>1 - Hasta 5 km., 1-F\u00e1cil, Mojones \/ Bornas frontera ES-FR, Valle de Ar\u00e1n<span class=\"sya_bracket\">)<\/span><\/span><div style=\"padding-left:100px\" class=\"robots-nocontent\"><cite>F\u00e1cil excursi\u00f3n desde el Col del Portill\u00f3n (Bossost) , para llegar hasta la 373, situada en lo alto de un peque\u00f1o pico, el Sol\u00f3n de Portill\u00f3n.<\/cite><\/div><\/div><\/li><li class=\"\"><div class=\"sya_postcontent\"><span class=\"sya_date\">  <span class=\"sya_sep\"> <\/span><\/span><a href=\"https:\/\/www.carlosyconchita.net\/rutas\/02-04-2021-bornas-360-366\/\" class=\"sya_postlink post-15654\" rel=\"bookmark\">02-04-2021-Bornas 360-366<\/a> <span class=\"sya_categories\"><span class=\"sya_bracket\">(<\/span>1 - Hasta 5 km., 2-Moderada, Mojones \/ Bornas frontera ES-FR, Valle de Ar\u00e1n<span class=\"sya_bracket\">)<\/span><\/span><div style=\"padding-left:100px\" class=\"robots-nocontent\"><cite>Corta y bonita,  pero complicada caminata para localizar estas bornas, por el dificil tramo de subida desde la 360 a la 362, en una zona de grandes rocas, arboles caidos y fuerte pendiente.<\/cite><\/div><\/div><\/li><li class=\"\"><div class=\"sya_postcontent\"><span class=\"sya_date\">  <span class=\"sya_sep\"> <\/span><\/span><a href=\"https:\/\/www.carlosyconchita.net\/rutas\/01-04-2021-borna-410-y-409-subs-fr-pont-de-rei\/\" class=\"sya_postlink post-15645\" rel=\"bookmark\">01-04-2021-Borna 410 y 409-subs (FR) &#8211; Pont de Rei<\/a> <span class=\"sya_categories\"><span class=\"sya_bracket\">(<\/span>0-Muy f\u00e1cil, 1 - Hasta 5 km., Mojones \/ Bornas frontera ES-FR, Valle de Ar\u00e1n<span class=\"sya_bracket\">)<\/span><\/span><div style=\"padding-left:100px\" class=\"robots-nocontent\"><cite>Despu\u00e9s de la subida de esta ma\u00f1ana al Tuc d'Arr\u00e9s donde hemos visto la borna 351, por la tarde nos vamos al Pont de Rei, donde est\u00e1 la borna 410, seguimos la orilla del rio Garona por el lado franc\u00e9s, para localizar las sub-bornas 409-1 a 409-7, pero no podemos encontrar la 409-1 y la 409-3<\/cite><\/div><\/div><\/li><li class=\"\"><div class=\"sya_postcontent\"><span class=\"sya_date\">  <span class=\"sya_sep\"> <\/span><\/span><a href=\"https:\/\/www.carlosyconchita.net\/rutas\/01-04-2021-borna-351-tuc-darres\/\" class=\"sya_postlink post-15630\" rel=\"bookmark\">01-04-2021-Borna 351 (Tuc d&#8217;Arr\u00e9s)<\/a> <span class=\"sya_categories\"><span class=\"sya_bracket\">(<\/span>100 Cims Carlos y Conchita, 2 - De 5 a 10 km., 2-Moderada, Mojones \/ Bornas frontera ES-FR<span class=\"sya_bracket\">)<\/span><\/span><div style=\"padding-left:100px\" class=\"robots-nocontent\"><cite>Desde el Col de Baretja, subimos al Tuc d'Arr\u00e9s, donde est\u00e1 situada la borna 351, y debido a la nieve no podemos continuar ni en direcci\u00f3n a las 350, 349... , ni a las 352, 353... por lo que tenemos que bajar por el mismo camino, despu\u00e9s de varios intentos de sortear la nieve.<\/cite><\/div><\/div><\/li><li class=\"\"><div class=\"sya_postcontent\"><span class=\"sya_date\">  <span class=\"sya_sep\"> <\/span><\/span><a href=\"https:\/\/www.carlosyconchita.net\/rutas\/31-03-2021-puerto-del-portillon-borna-366\/\" class=\"sya_postlink post-15625\" rel=\"bookmark\">31-03-2021-Puerto del Portill\u00f3n (borna 366)<\/a> <span class=\"sya_categories\"><span class=\"sya_bracket\">(<\/span>0-Fotos, Mojones \/ Bornas frontera ES-FR, Valle de Ar\u00e1n<span class=\"sya_bracket\">)<\/span><\/span><div style=\"padding-left:100px\" class=\"robots-nocontent\"><cite>Despu\u00e9s de la caminata para localizar las bornas 356 a 358, nos dirigimos con el coche al Puerto del Portill\u00f3n, donde est\u00e1 la frontera con Francia y la borna 366. Esta es una especie de visita de \u00abinspecci\u00f3n\u00bb para localizar tambi\u00e9n el inicio de las pr\u00f3ximas rutas para localizar las bornas 360 a 366 y [&hellip;]<\/cite><\/div><\/div><\/li><li class=\"\"><div class=\"sya_postcontent\"><span class=\"sya_date\">  <span class=\"sya_sep\"> <\/span><\/span><a href=\"https:\/\/www.carlosyconchita.net\/rutas\/31-03-2021-bornas-356-358-coll-de-baretja\/\" class=\"sya_postlink post-15615\" rel=\"bookmark\">31-03-2021-Bornas 356-358 (Coll de Baretja)<\/a> <span class=\"sya_categories\"><span class=\"sya_bracket\">(<\/span>1 - Hasta 5 km., 1-F\u00e1cil, 100 Cims Carlos y Conchita, Mojones \/ Bornas frontera ES-FR, Valle de Ar\u00e1n<span class=\"sya_bracket\">)<\/span><\/span><div style=\"padding-left:100px\" class=\"robots-nocontent\"><cite>Despu\u00e9s de la intentona de llegar a la borna 359, subimos con el coche hasta el Col de Baretja, y desde all\u00ed localizamos las bornas 356, 357 y 358<\/cite><\/div><\/div><\/li><li class=\"\"><div class=\"sya_postcontent\"><span class=\"sya_date\">  <span class=\"sya_sep\"> <\/span><\/span><a href=\"https:\/\/www.carlosyconchita.net\/rutas\/31-03-2021-borna-359-intento\/\" class=\"sya_postlink post-15606\" rel=\"bookmark\">31-03-2021-Borna 359 (Intento)<\/a> <span class=\"sya_categories\"><span class=\"sya_bracket\">(<\/span>1 - Hasta 5 km., 3-Dif\u00edcil, Mojones \/ Bornas frontera ES-FR, Valle de Ar\u00e1n<span class=\"sya_bracket\">)<\/span><\/span><div style=\"padding-left:100px\" class=\"robots-nocontent\"><cite>Intentamos llegar a la borna 359, situada en una fuerte pendiente y con muchos arboles ca\u00eddos, sin conseguirlo, como nos tem\u00edamos...pero por casualidad nos encontramos con Paco Nudels, experto en las bornas de esta zona.<\/cite><\/div><\/div><\/li><li class=\"\"><div class=\"sya_postcontent\"><span class=\"sya_date\">  <span class=\"sya_sep\"> <\/span><\/span><a href=\"https:\/\/www.carlosyconchita.net\/rutas\/28-03-2021-creu-daragall-roca-foradada\/\" class=\"sya_postlink post-15593\" rel=\"bookmark\">28-03-2021-Creu d&#8217;Aragall &#8211; Roca Foradada<\/a> <span class=\"sya_categories\"><span class=\"sya_bracket\">(<\/span>1-F\u00e1cil, 100 Cims Carlos y Conchita, 2 - De 5 a 10 km., Baix Llobregat<span class=\"sya_bracket\">)<\/span><\/span><div style=\"padding-left:100px\" class=\"robots-nocontent\"><cite>Nueva caminata por nuestra comarca, para subir a la Creu d&#8217;Aragall, pasando despu\u00e9s por el Tur\u00f3 de Les Deveses, y desde all\u00ed, dando una gran vuelta, pasaremos por la Roca Foradada , bajando desde all\u00ed ya al punto de partida. Dejamos el coche enfrente mismo del Restaurante La Creu de Aragall, calle en la que [&hellip;]<\/cite><\/div><\/div><\/li><li class=\"\"><div class=\"sya_postcontent\"><span class=\"sya_date\">  <span class=\"sya_sep\"> <\/span><\/span><a href=\"https:\/\/www.carlosyconchita.net\/rutas\/21-03-2021-gorg-de-la-mola-puig-aliga-y-antenas-fontpineda\/\" class=\"sya_postlink post-15564\" rel=\"bookmark\">21-03-2021-Gorg de la Mola, Puig de l&#8217;Aliga y Antenas Fontpineda<\/a> <span class=\"sya_categories\"><span class=\"sya_bracket\">(<\/span>2-Moderada, 4 - De 15 a 20 km., Baix Llobregat<span class=\"sya_bracket\">)<\/span><\/span><div style=\"padding-left:100px\" class=\"robots-nocontent\"><cite>Hoy hemos hecho una larga excursi\u00f3n empezando en Pallej\u00e1, para ir primeramente al Gorg de la Mola, despu\u00e9s subimos al Puig de l&#8217;Aliga, y desde all\u00ed nos hemos ido a las antenas de Fontpineda, bajando ya desde ese punto a Pallej\u00e1. En diversas partes del camino, hemos podido tener unas bonitas vistas de buena parte [&hellip;]<\/cite><\/div><\/div><\/li><li class=\"\"><div class=\"sya_postcontent\"><span class=\"sya_date\">  <span class=\"sya_sep\"> <\/span><\/span><a href=\"https:\/\/www.carlosyconchita.net\/rutas\/14-03-2021-cervello-penyes-del-rector-castillo-y-ermita-santa-maria\/\" class=\"sya_postlink post-15513\" rel=\"bookmark\">14-03-2021-Cervell\u00f3 : Penyes del Rector, Castillo y Ermita Santa Mar\u00eda<\/a> <span class=\"sya_categories\"><span class=\"sya_bracket\">(<\/span>1-F\u00e1cil, 2 - De 5 a 10 km., Baix Llobregat<span class=\"sya_bracket\">)<\/span><\/span><div style=\"padding-left:100px\" class=\"robots-nocontent\"><cite>Hoy hemos hecho una sencilla pero distra\u00edda excursi\u00f3n por los alrededores de Cervell\u00f3, subiendo primero a las Penyes del Rector, luego a la parte m\u00e1s alta de la Urb. El Mirador pasando por la Urb. Santa Rosa, y bajando despu\u00e9s al Castillo y a la ermita de Santa Mar\u00eda. El punto de inicio para subir [&hellip;]<\/cite><\/div><\/div><\/li><li class=\"\"><div class=\"sya_postcontent\"><span class=\"sya_date\">  <span class=\"sya_sep\"> <\/span><\/span><a href=\"https:\/\/www.carlosyconchita.net\/rutas\/13-03-2021-ermitas-de-sant-antoni-y-sant-ramon-100-cims\/\" class=\"sya_postlink post-15501\" rel=\"bookmark\">13-03-2021-Ermitas de Sant Antoni y Sant Ram\u00f3n (100 Cims)<\/a> <span class=\"sya_categories\"><span class=\"sya_bracket\">(<\/span>1-F\u00e1cil, 100 Cims Carlos y Conchita, 100 Cims FEEC, 2-Moderada, 3 - De 10 a 15 km., Baix Llobregat<span class=\"sya_bracket\">)<\/span><\/span><div style=\"padding-left:100px\" class=\"robots-nocontent\"><cite>Quer\u00edamos hacer desde hace tiempo la subida a la ermita de Sant Ram\u00f3n (Montbaig -100 Cims),\u00a0 que lo tenemos \u00abaqu\u00ed muy cerca\u00bb, pero como era muy corta si la hac\u00edamos desde los puntos m\u00e1s habituales de Sant Boi o Sant Climent de Llobregat, hemos dibujado una ruta que empieza en Torrelles, concretamente en el Restaurante [&hellip;]<\/cite><\/div><\/div><\/li><li class=\"\"><div class=\"sya_postcontent\"><span class=\"sya_date\">  <span class=\"sya_sep\"> <\/span><\/span><a href=\"https:\/\/www.carlosyconchita.net\/rutas\/06-03-2021-creu-olorda-100-cims-y-salto-agua-resclosa\/\" class=\"sya_postlink post-15435\" rel=\"bookmark\">06-03-2021-Creu Olorda (100 Cims) y salto agua Resclosa<\/a> <span class=\"sya_categories\"><span class=\"sya_bracket\">(<\/span>100 Cims Carlos y Conchita, 100 Cims FEEC, 2-Moderada, 3 - De 10 a 15 km., Collserola<span class=\"sya_bracket\">)<\/span><\/span><div style=\"padding-left:100px\" class=\"robots-nocontent\"><cite>Hoy hacemos una excursi\u00f3n para subir a la Creu de Olorda (100 Cims, que hace el n\u00famero 40 en nuestra lista) , pero para no hacer \u00fanicamente la subida al mismo, damos una vuelta algo m\u00e1s larga y pasamos por el salto de agua de las Resclosa. Empezamos en Sant Bartomeu de la Quadra, cerca [&hellip;]<\/cite><\/div><\/div><\/li><li class=\"\"><div class=\"sya_postcontent\"><span class=\"sya_date\">  <span class=\"sya_sep\"> <\/span><\/span><a href=\"https:\/\/www.carlosyconchita.net\/rutas\/28-02-2021-cervello-penya-y-balma-cucut\/\" class=\"sya_postlink post-15370\" rel=\"bookmark\">28-02-2021 &#8211; Cervell\u00f3 &#8211; Penya y balmas del Cucut<\/a> <span class=\"sya_categories\"><span class=\"sya_bracket\">(<\/span>1-F\u00e1cil, 2 - De 5 a 10 km., Baix Llobregat<span class=\"sya_bracket\">)<\/span><\/span><div style=\"padding-left:100px\" class=\"robots-nocontent\"><cite>Hoy quer\u00edamos hacer una caminata algo m\u00e1s larga que las que hacemos diariamente por los alrededores de nuestro pueblo, y tambi\u00e9n por un sitio distinto,\u00a0 ya que los dias laborables no tenemos tanto tiempo. La idea era llegar hasta las cuevas de Can Riera, que est\u00e1n cerradas desde hace meses, y desde all\u00ed ir a [&hellip;]<\/cite><\/div><\/div><\/li><li class=\"\"><div class=\"sya_postcontent\"><span class=\"sya_date\">  <span class=\"sya_sep\"> <\/span><\/span><a href=\"https:\/\/www.carlosyconchita.net\/rutas\/03-01-2021-lago-olive-raquetas\/\" class=\"sya_postlink post-15018\" rel=\"bookmark\">03-01-2021-Lago Olive (raquetas)<\/a> <span class=\"sya_categories\"><span class=\"sya_bracket\">(<\/span>1-F\u00e1cil, 2 - De 5 a 10 km., Les Angles<span class=\"sya_bracket\">)<\/span><\/span><div style=\"padding-left:100px\" class=\"robots-nocontent\"><cite>Anteriormente hab\u00edamos ido dos veces al lago Olive, desde el lago de Matemale, una de ellas con raquetas ( aprox. 14.5 km.) y la otra sin raquetas (16.5 Km), \u00e9sta \u00faltima m\u00e1s larga porque empezamos en el lado m\u00e1s lejano del Matemale. 24-08-2020-Lago Matemale-Lago Olive 03-02-2018-Lago de Matemale-Lago de la Olive (raquetas) Como que esta [&hellip;]<\/cite><\/div><\/div><\/li><li class=\"\"><div class=\"sya_postcontent\"><span class=\"sya_date\">  <span class=\"sya_sep\"> <\/span><\/span><a href=\"https:\/\/www.carlosyconchita.net\/rutas\/02-01-2021-tour-lago-matemale\/\" class=\"sya_postlink post-15013\" rel=\"bookmark\">02-01-2021-Tour Lago Matemale (raquetas)<\/a> <span class=\"sya_categories\"><span class=\"sya_bracket\">(<\/span>1-F\u00e1cil, 2 - De 5 a 10 km., Les Angles<span class=\"sya_bracket\">)<\/span><\/span><div style=\"padding-left:100px\" class=\"robots-nocontent\"><cite>Hoy hace much\u00edsimo fr\u00edo, y encima con viento&#8230;y como podemos ver en las fotos, empezamos a caminar a -6 \u00baC, y con una sensaci\u00f3n t\u00e9rmica de\u00a0 -12\u00ba C, por eso hemos elegido una caminata por una zona no muy alta, pero a pesar de ello y\u00a0 de\u00a0 llevar siempre en invierno un termo con caldo [&hellip;]<\/cite><\/div><\/div><\/li><li class=\"\"><div class=\"sya_postcontent\"><span class=\"sya_date\">  <span class=\"sya_sep\"> <\/span><\/span><a href=\"https:\/\/www.carlosyconchita.net\/rutas\/01-01-2021-valle-de-la-galba-raquetas\/\" class=\"sya_postlink post-15004\" rel=\"bookmark\">01-01-2021-Valle de la Galba (raquetas)<\/a> <span class=\"sya_categories\"><span class=\"sya_bracket\">(<\/span>1-F\u00e1cil, 2 - De 5 a 10 km., Formigueres \/ Puyvalador<span class=\"sya_bracket\">)<\/span><\/span><div style=\"padding-left:100px\" class=\"robots-nocontent\"><cite>Iniciaremos el a\u00f1o, de la misma forma que lo terminamos ayer, con raquetas, esta vez por una zona que conocemos de otras veces, pero que con nieve nos gusta mucho, empezando en el peque\u00f1o pueblo de Esposouille, cerca de Formigueres. Al lado de la iglesia, hay una gran explanada donde podemos dejar el coche , [&hellip;]<\/cite><\/div><\/div><\/li><\/ul> <a id=\"year2020\"><\/a>2020 <span class=\"sya_yearcount\"><span class=\"sya_bracket\">(<\/span>50<span class=\"sya_bracket\">)<\/span><\/span> <ul><li class=\"\"><div class=\"sya_postcontent\"><span class=\"sya_date\">  <span class=\"sya_sep\"> <\/span><\/span><a href=\"https:\/\/www.carlosyconchita.net\/rutas\/31-12-2020-la-calme-raquetas\/\" class=\"sya_postlink post-14998\" rel=\"bookmark\">31-12-2020-La Calme (raquetas)<\/a> <span class=\"sya_categories\"><span class=\"sya_bracket\">(<\/span>0-Muy f\u00e1cil, 1 - Hasta 5 km., Font Romeu<span class=\"sya_bracket\">)<\/span><\/span><div style=\"padding-left:100px\" class=\"robots-nocontent\"><cite>Afortunadamente para nosotros, esta vez las cambiantes y muchas veces incomprensibles normas sobre los confinamientos, nos han permitido desplazarnos a nuestro peque\u00f1o apartamento en la Cerdanya Francesa. Hasta ahora los fines de semana no pod\u00edamos salir de nuestro municipio, pero durante estos d\u00edas de Navidad, estaba permitido el desplazamiento a segundas residencias de la \u00abunidad [&hellip;]<\/cite><\/div><\/div><\/li><li class=\"\"><div class=\"sya_postcontent\"><span class=\"sya_date\">  <span class=\"sya_sep\"> <\/span><\/span><a href=\"https:\/\/www.carlosyconchita.net\/rutas\/navidad-2020\/\" class=\"sya_postlink post-14994\" rel=\"bookmark\">Navidad 2020<\/a> <span class=\"sya_categories\"><span class=\"sya_bracket\">(<\/span>0-Sin clasificar<span class=\"sya_bracket\">)<\/span><\/span><div style=\"padding-left:100px\" class=\"robots-nocontent\"><cite>Os deseamos a todos unas felices fiestas de Navidad, y esperemos que el pr\u00f3ximo a\u00f1o 2021 sea algo mejor que \u00e9ste, podamos vernos por las monta\u00f1as, y con mucha salud. Felices Fiestas a todos ! &nbsp; &nbsp; &nbsp;<\/cite><\/div><\/div><\/li><li class=\"\"><div class=\"sya_postcontent\"><span class=\"sya_date\">  <span class=\"sya_sep\"> <\/span><\/span><a href=\"https:\/\/www.carlosyconchita.net\/rutas\/06-09-2020-bornas-237-y-237-bis\/\" class=\"sya_postlink post-14977\" rel=\"bookmark\">06-09-2020-Bornas 237 y 237 bis<\/a> <span class=\"sya_categories\"><span class=\"sya_bracket\">(<\/span>0-Muy f\u00e1cil, 1 - Hasta 5 km., Mojones \/ Bornas frontera ES-FR, Navarra<span class=\"sya_bracket\">)<\/span><\/span><div style=\"padding-left:100px\" class=\"robots-nocontent\"><cite>En el camino de vuelta de Larrau a Isaba, paramos en el puerto de Larrau para fotografiar estas bornas.<\/cite><\/div><\/div><\/li><li class=\"\"><div class=\"sya_postcontent\"><span class=\"sya_date\">  <span class=\"sya_sep\"> <\/span><\/span><a href=\"https:\/\/www.carlosyconchita.net\/rutas\/bornas-230-a-234-bis\/\" class=\"sya_postlink post-14958\" rel=\"bookmark\">06-09-2020-Bornas 230 a 234 bis.<\/a> <span class=\"sya_categories\"><span class=\"sya_bracket\">(<\/span>2 - De 5 a 10 km., 2-Moderada, Mojones \/ Bornas frontera ES-FR, Navarra<span class=\"sya_bracket\">)<\/span><\/span><div style=\"padding-left:100px\" class=\"robots-nocontent\"><cite>Cuatro cortas caminatas para localizar estas bornas, dif\u00edciles por la complicaci\u00f3n de llegar a ellas, m\u00e1s que por el recorrido.<\/cite><\/div><\/div><\/li><li class=\"\"><div class=\"sya_postcontent\"><span class=\"sya_date\">  <span class=\"sya_sep\"> <\/span><\/span><a href=\"https:\/\/www.carlosyconchita.net\/rutas\/05-09-2020-bornas-262-a-266-y-270\/\" class=\"sya_postlink post-14950\" rel=\"bookmark\">05-09-2020-Bornas 262 a 266  y 270<\/a> <span class=\"sya_categories\"><span class=\"sya_bracket\">(<\/span>3 - De 10 a 15 km., 3-Dif\u00edcil, Mojones \/ Bornas frontera ES-FR, Navarra<span class=\"sya_bracket\">)<\/span><\/span><div style=\"padding-left:100px\" class=\"robots-nocontent\"><cite>Dif\u00edcil excursi\u00f3n para intentar llegar a la 271, cosa que no conseguimos, llegando solo hasta la 270.\r\nY por culpa de la niebla, no pudimos hacer las bornas 257, 258 y 259<\/cite><\/div><\/div><\/li><li class=\"\"><div class=\"sya_postcontent\"><span class=\"sya_date\">  <span class=\"sya_sep\"> <\/span><\/span><a href=\"https:\/\/www.carlosyconchita.net\/rutas\/04-09-2020-borna-261-262-irabia\/\" class=\"sya_postlink post-14921\" rel=\"bookmark\">04-09-2020-Borna 261-262 + Irabia<\/a> <span class=\"sya_categories\"><span class=\"sya_bracket\">(<\/span>0-Muy f\u00e1cil, 1 - Hasta 5 km., Mojones \/ Bornas frontera ES-FR, Navarra<span class=\"sya_bracket\">)<\/span><\/span><div style=\"padding-left:100px\" class=\"robots-nocontent\"><cite>Peque\u00f1a caminata para llegar a la borna 261, que nos hab\u00eda quedado pendiente en diciembre del 2018, y de paso, nos acercamos de nuevo a la 262 en el Col de Ernaz , m\u00e1s conocido por la Piedra de San Mart\u00edn,<\/cite><\/div><\/div><\/li><li class=\"\"><div class=\"sya_postcontent\"><span class=\"sya_date\">  <span class=\"sya_sep\"> <\/span><\/span><a href=\"https:\/\/www.carlosyconchita.net\/rutas\/27-08-2020-coll-de-creu-refugio-y-coll-de-torn\/\" class=\"sya_postlink post-14913\" rel=\"bookmark\">27-08-2020-Coll de Creu &#8211; Refugio y Coll de Torn<\/a> <span class=\"sya_categories\"><span class=\"sya_bracket\">(<\/span>1-F\u00e1cil, 2 - De 5 a 10 km., Les Angles<span class=\"sya_bracket\">)<\/span><\/span><div style=\"padding-left:100px\" class=\"robots-nocontent\"><cite>Hoy hacemos una f\u00e1cil y tranquila caminata para ir desde el Coll de Creu al refugio y Coll de Torn, que ya hab\u00edamos hecho, pero con raquetas. ( ver\u00a0 29-01-2017 \u2013 Coll de Creu-Refugio del Coll de Torn (raquetas) ) Para llegar al punto de partida, desde Saillagossa nos dirigiremos al pueblo de Matemale, y [&hellip;]<\/cite><\/div><\/div><\/li><li class=\"\"><div class=\"sya_postcontent\"><span class=\"sya_date\">  <span class=\"sya_sep\"> <\/span><\/span><a href=\"https:\/\/www.carlosyconchita.net\/rutas\/25-08-2020-lago-balcere-ganyades-iglesiettes\/\" class=\"sya_postlink post-14906\" rel=\"bookmark\">25-08-2020-Lago Balc\u00e8re, Ganyades, Iglesiettes<\/a> <span class=\"sya_categories\"><span class=\"sya_bracket\">(<\/span>1-F\u00e1cil, 2 - De 5 a 10 km., Les Angles<span class=\"sya_bracket\">)<\/span><\/span><div style=\"padding-left:100px\" class=\"robots-nocontent\"><cite>La excursi\u00f3n de hoy empieza en el lago de Balc\u00e9re, a donde se puede llegar en coche en verano. Para llegar all\u00ed, nos dirigimos a Les Angles, concretamente a la parte m\u00e1s alta de la poblaci\u00f3n, y desde all\u00ed seguiremos una peque\u00f1a carretera hasta el lago (est\u00e1 indicada). Esta carretera en invierno est\u00e1 cubierta por [&hellip;]<\/cite><\/div><\/div><\/li><li class=\"\"><div class=\"sya_postcontent\"><span class=\"sya_date\">  <span class=\"sya_sep\"> <\/span><\/span><a href=\"https:\/\/www.carlosyconchita.net\/rutas\/24-08-2020-lago-matemale-lago-olive\/\" class=\"sya_postlink post-14886\" rel=\"bookmark\">24-08-2020-Lago Matemale-Lago Olive<\/a> <span class=\"sya_categories\"><span class=\"sya_bracket\">(<\/span>1-F\u00e1cil, 4 - De 15 a 20 km.<span class=\"sya_bracket\">)<\/span><\/span><div style=\"padding-left:100px\" class=\"robots-nocontent\"><cite>La excursi\u00f3n de hoy la empezamos en la presa del lago de Matemale, por el lado de la carretera D-118. Hace dos a\u00f1os y medio , la hicimos con raquetas, pero empezando en el otro lado de la presa, por lo que hoy saldr\u00e1 un poco m\u00e1s larga. ( Ver\u00a0 03-02-2018-Lago de Matemale-Lago de la [&hellip;]<\/cite><\/div><\/div><\/li><li class=\"\"><div class=\"sya_postcontent\"><span class=\"sya_date\">  <span class=\"sya_sep\"> <\/span><\/span><a href=\"https:\/\/www.carlosyconchita.net\/rutas\/23-08-2020-egat-refugio-llobins-cruz-de-egat\/\" class=\"sya_postlink post-14876\" rel=\"bookmark\">23-08-2020-Egat-Refugio Llobins-Cruz de Egat<\/a> <span class=\"sya_categories\"><span class=\"sya_bracket\">(<\/span>1-F\u00e1cil, 3 - De 10 a 15 km., Font Romeu<span class=\"sya_bracket\">)<\/span><\/span><div style=\"padding-left:100px\" class=\"robots-nocontent\"><cite>Hoy hacemos una bonita excursi\u00f3n, empezando en el Coll de Fau, en donde hay una peque\u00f1a zona comercial con el supermercado Super U, al que nosotros hemos ido un mont\u00f3n de veces, aunque nunca hab\u00edamos hecho ninguna excursi\u00f3n por esta zona, y de hecho tampoco nos hab\u00edamos preocupado nunca de saber el nombre de este [&hellip;]<\/cite><\/div><\/div><\/li><li class=\"\"><div class=\"sya_postcontent\"><span class=\"sya_date\">  <span class=\"sya_sep\"> <\/span><\/span><a href=\"https:\/\/www.carlosyconchita.net\/rutas\/18-08-2020-la-llagone-sauto-fetges\/\" class=\"sya_postlink post-14868\" rel=\"bookmark\">18-08-2020-La Llagone-Sauto-Fetges<\/a> <span class=\"sya_categories\"><span class=\"sya_bracket\">(<\/span>2 - De 5 a 10 km., Catalunya Nord - sin clasificar<span class=\"sya_bracket\">)<\/span><\/span><div style=\"padding-left:100px\" class=\"robots-nocontent\"><cite>Hoy repetimos una caminata que ya hab\u00edamos hecho nosotros anteriormente, con Lluis, Asun y su hija Berta. La hab\u00edamos hecho , pero al rev\u00e9s,\u00a0 empezando en Sauto, el d\u00eda\u00a0\u00a0\u00a0 01-08-2015 \u2013 Sauto \u2013 Fetges \u2013 La Llagone Y tambi\u00e9n otra muy parecida por la misma zona, pero con raquetas, con un paisaje muy distinto , [&hellip;]<\/cite><\/div><\/div><\/li><li class=\"\"><div class=\"sya_postcontent\"><span class=\"sya_date\">  <span class=\"sya_sep\"> <\/span><\/span><a href=\"https:\/\/www.carlosyconchita.net\/rutas\/12-08-2020-bornas-109-a-116\/\" class=\"sya_postlink post-14859\" rel=\"bookmark\">12-08-2020-Bornas 109 a 116<\/a> <span class=\"sya_categories\"><span class=\"sya_bracket\">(<\/span>1-F\u00e1cil, 100 Cims Carlos y Conchita, 2 - De 5 a 10 km., Mojones \/ Bornas frontera ES-FR, Navarra<span class=\"sya_bracket\">)<\/span><\/span><div style=\"padding-left:100px\" class=\"robots-nocontent\"><cite>Hoy hacemos el resto de la caminata prevista anteayer y que a causa de la lluvia no pudimos terminar.<\/cite><\/div><\/div><\/li><li class=\"\"><div class=\"sya_postcontent\"><span class=\"sya_date\">  <span class=\"sya_sep\"> <\/span><\/span><a href=\"https:\/\/www.carlosyconchita.net\/rutas\/11-08-2020-bornas-117-a-130\/\" class=\"sya_postlink post-14852\" rel=\"bookmark\">11-08-2020-Bornas 117 a 130<\/a> <span class=\"sya_categories\"><span class=\"sya_bracket\">(<\/span>100 Cims Carlos y Conchita, 2-Moderada, 3 - De 10 a 15 km., Mojones \/ Bornas frontera ES-FR, Navarra<span class=\"sya_bracket\">)<\/span><\/span><div style=\"padding-left:100px\" class=\"robots-nocontent\"><cite>Una bonita excursi\u00f3n, localizando todas las bornas desde la 117 a la 130, por verdes y bonitos paisajes.<\/cite><\/div><\/div><\/li><li class=\"\"><div class=\"sya_postcontent\"><span class=\"sya_date\">  <span class=\"sya_sep\"> <\/span><\/span><a href=\"https:\/\/www.carlosyconchita.net\/rutas\/10-08-2020-bornas-104-111\/\" class=\"sya_postlink post-14845\" rel=\"bookmark\">10-08-2020-Bornas 104-111<\/a> <span class=\"sya_categories\"><span class=\"sya_bracket\">(<\/span>1 - Hasta 5 km., 1-F\u00e1cil, Mojones \/ Bornas frontera ES-FR, Navarra<span class=\"sya_bracket\">)<\/span><\/span><div style=\"padding-left:100px\" class=\"robots-nocontent\"><cite>Debido a la lluvia no podemos terminar el recorrido previsto, que era llegar hasta la 116, pero disfrutamos de uns paisajes muy bonitos y encontramos sin dificultad todas las bornas.<\/cite><\/div><\/div><\/li><li class=\"\"><div class=\"sya_postcontent\"><span class=\"sya_date\">  <span class=\"sya_sep\"> <\/span><\/span><a href=\"https:\/\/www.carlosyconchita.net\/rutas\/09-08-2020-bornas-145-y-146\/\" class=\"sya_postlink post-14834\" rel=\"bookmark\">09-08-2020-Bornas 145 y 146<\/a> <span class=\"sya_categories\"><span class=\"sya_bracket\">(<\/span>0-Muy f\u00e1cil, 1 - Hasta 5 km., Mojones \/ Bornas frontera ES-FR, Navarra<span class=\"sya_bracket\">)<\/span><\/span><div style=\"padding-left:100px\" class=\"robots-nocontent\"><cite>Peque\u00f1a caminata para localizar estas bornas, aunque nos qued\u00f3 pendiente encontrar la 146-cruz este y el n\u00famero 145 antiguo al lado de la borna actual 145.\r\n\r\nLa borna 145 hace el n\u00famero 301 de las 602 existentes.<\/cite><\/div><\/div><\/li><li class=\"\"><div class=\"sya_postcontent\"><span class=\"sya_date\">  <span class=\"sya_sep\"> <\/span><\/span><a href=\"https:\/\/www.carlosyconchita.net\/rutas\/09-08-2020-hemos-fotografiado-el-50-de-las-bornas\/\" class=\"sya_postlink post-14681\" rel=\"bookmark\">09-08-2020-Hemos fotografiado el 50% de las bornas !<\/a> <span class=\"sya_categories\"><span class=\"sya_bracket\">(<\/span>Mojones \/ Bornas frontera ES-FR<span class=\"sya_bracket\">)<\/span><\/span><div style=\"padding-left:100px\" class=\"robots-nocontent\"><cite>En el d\u00eda de hoy, hemos encontrado y fotografiado la borna o moj\u00f3n fronterizo n\u00famero 145, en Navarra, que hace el n\u00famero 301 de las que llevamos localizadas, o sea la mitad de las 602 existentes. Las contamos en base a los n\u00fameros grabados en ellas (de la 001 a la 602)\u00a0 y no por [&hellip;]<\/cite><\/div><\/div><\/li><li class=\"\"><div class=\"sya_postcontent\"><span class=\"sya_date\">  <span class=\"sya_sep\"> <\/span><\/span><a href=\"https:\/\/www.carlosyconchita.net\/rutas\/08-08-2020-bornas-137-a-140\/\" class=\"sya_postlink post-14826\" rel=\"bookmark\">08-08-2020-Bornas 137 a 140<\/a> <span class=\"sya_categories\"><span class=\"sya_bracket\">(<\/span>1 - Hasta 5 km., 1-F\u00e1cil, Mojones \/ Bornas frontera ES-FR, Navarra<span class=\"sya_bracket\">)<\/span><\/span><div style=\"padding-left:100px\" class=\"robots-nocontent\"><cite>Recorrido con el coche realizando 4 paradas para localizar estas 4 bornas, cerca de la carretera, aunque la 138 se nos resisti\u00f3 m\u00e1s de lo previsto.<\/cite><\/div><\/div><\/li><li class=\"\"><div class=\"sya_postcontent\"><span class=\"sya_date\">  <span class=\"sya_sep\"> <\/span><\/span><a href=\"https:\/\/www.carlosyconchita.net\/rutas\/07-08-2020-bornas-091-a-103\/\" class=\"sya_postlink post-14810\" rel=\"bookmark\">07-08-2020-Bornas 091 a 103<\/a> <span class=\"sya_categories\"><span class=\"sya_bracket\">(<\/span>2 - De 5 a 10 km., 2-Moderada, Mojones \/ Bornas frontera ES-FR, Navarra<span class=\"sya_bracket\">)<\/span><\/span><div style=\"padding-left:100px\" class=\"robots-nocontent\"><cite>Excursi\u00f3n muy bonita , pero con mucho calor, para localizar estas bornas.<\/cite><\/div><\/div><\/li><li class=\"\"><div class=\"sya_postcontent\"><span class=\"sya_date\">  <span class=\"sya_sep\"> <\/span><\/span><a href=\"https:\/\/www.carlosyconchita.net\/rutas\/26-07-2020-borna-085-urdos-somport\/\" class=\"sya_postlink post-14801\" rel=\"bookmark\">26-07-2020-Borna 085 + Urd\u00f3s + Somport<\/a> <span class=\"sya_categories\"><span class=\"sya_bracket\">(<\/span>0-Muy f\u00e1cil, 1 - Hasta 5 km., Mojones \/ Bornas frontera ES-FR, Navarra<span class=\"sya_bracket\">)<\/span><\/span><div style=\"padding-left:100px\" class=\"robots-nocontent\"><cite>El d\u00eda que volvemos a casa, localizamos la 085 que nos quedaba pendiente, y de camino, paramos un momento en Somport para fotografiar de nuevo la 305 y 305bis.<\/cite><\/div><\/div><\/li><li class=\"\"><div class=\"sya_postcontent\"><span class=\"sya_date\">  <span class=\"sya_sep\"> <\/span><\/span><a href=\"https:\/\/www.carlosyconchita.net\/rutas\/25-07-2020-bornas-086-a-090-y-crestas-de-iparla\/\" class=\"sya_postlink post-14787\" rel=\"bookmark\">25-07-2020-Bornas 086 a 090 y Crestas de Iparla<\/a> <span class=\"sya_categories\"><span class=\"sya_bracket\">(<\/span>2-Moderada, 3 - De 10 a 15 km., Mojones \/ Bornas frontera ES-FR, Navarra<span class=\"sya_bracket\">)<\/span><\/span><div style=\"padding-left:100px\" class=\"robots-nocontent\"><cite>Bonita excursi\u00f3n para localizar las bornas 086 a la 090, en el Col de Iparla, pasando a la vuelta por las impresionantes Crestas de Iparla.<\/cite><\/div><\/div><\/li><li class=\"\"><div class=\"sya_postcontent\"><span class=\"sya_date\">  <span class=\"sya_sep\"> <\/span><\/span><a href=\"https:\/\/www.carlosyconchita.net\/rutas\/24-07-2020-bornas-075-084\/\" class=\"sya_postlink post-14770\" rel=\"bookmark\">24-07-2020-Bornas 075-084<\/a> <span class=\"sya_categories\"><span class=\"sya_bracket\">(<\/span>1-F\u00e1cil, 100 Cims Carlos y Conchita, 2 - De 5 a 10 km., Mojones \/ Bornas frontera ES-FR, Navarra<span class=\"sya_bracket\">)<\/span><\/span><div style=\"padding-left:100px\" class=\"robots-nocontent\"><cite>Localizamos estas bornas en una complicada combinaci\u00f3n de rutas a pi\u00e9 y en coche, por una bonita zona y subidas a varios picos.<\/cite><\/div><\/div><\/li><li class=\"\"><div class=\"sya_postcontent\"><span class=\"sya_date\">  <span class=\"sya_sep\"> <\/span><\/span><a href=\"https:\/\/www.carlosyconchita.net\/rutas\/23-07-2020-bornas-050-a-057\/\" class=\"sya_postlink post-14706\" rel=\"bookmark\">23-07-2020-Bornas 050 a 057<\/a> <span class=\"sya_categories\"><span class=\"sya_bracket\">(<\/span>1-F\u00e1cil, 2 - De 5 a 10 km., Mojones \/ Bornas frontera ES-FR, Navarra<span class=\"sya_bracket\">)<\/span><\/span><div style=\"padding-left:100px\" class=\"robots-nocontent\"><cite>Desde el Col de Lizarrieta, llegamos con el coche a la borna 050, y desde all\u00ed empezamos a caminar hasta la 057.<\/cite><\/div><\/div><\/li><li class=\"\"><div class=\"sya_postcontent\"><span class=\"sya_date\">  <span class=\"sya_sep\"> <\/span><\/span><a href=\"https:\/\/www.carlosyconchita.net\/rutas\/22-07-2020-bornas-058059-y-pico-atxuria\/\" class=\"sya_postlink post-14696\" rel=\"bookmark\">22-07-2020-Bornas 058+059 y Pico Atxuria<\/a> <span class=\"sya_categories\"><span class=\"sya_bracket\">(<\/span>100 Cims Carlos y Conchita, 2 - De 5 a 10 km., 2-Moderada, Mojones \/ Bornas frontera ES-FR, Navarra<span class=\"sya_bracket\">)<\/span><\/span><div style=\"padding-left:100px\" class=\"robots-nocontent\"><cite>Subida al monte Atxuria, localizando la 058 a mitad de camino, y despu\u00e8s, desde el parking, localizamos la 059.<\/cite><\/div><\/div><\/li><li class=\"\"><div class=\"sya_postcontent\"><span class=\"sya_date\">  <span class=\"sya_sep\"> <\/span><\/span><a href=\"https:\/\/www.carlosyconchita.net\/rutas\/11-07-2020-pic-de-monturull-coll-de-claror\/\" class=\"sya_postlink post-14666\" rel=\"bookmark\">11-07-2020-Pic de Monturull (100 Cims) &#8211; Coll de Claror<\/a> <span class=\"sya_categories\"><span class=\"sya_bracket\">(<\/span>100 Cims Carlos y Conchita, 100 Cims FEEC, 2 - De 5 a 10 km., 2-Moderada, Lles<span class=\"sya_bracket\">)<\/span><\/span><div style=\"padding-left:100px\" class=\"robots-nocontent\"><cite>Nosotros ya hab\u00edamos subido anteriormente al Monturull\u00a0 ( ver\u00a0 12-10-2018-Pic de Monturull\u00a0 ),\u00a0 pero hab\u00edmos subido y bajado por el mismo camino,\u00a0 y esta vez, con nuestros amigos Miquel, Carme, Lluis, Asun, Rafel y Nuria, que no hab\u00edan estado all\u00ed, lo repetimos con la idea de intentar subir tambi\u00e9n al vecino Pic de Perafita, ( [&hellip;]<\/cite><\/div><\/div><\/li><li class=\"\"><div class=\"sya_postcontent\"><span class=\"sya_date\">  <span class=\"sya_sep\"> <\/span><\/span><a href=\"https:\/\/www.carlosyconchita.net\/rutas\/10-07-2020-bornas-andorra-francia\/\" class=\"sya_postlink post-14644\" rel=\"bookmark\">10-07-2020-Bornas Andorra-Francia<\/a> <span class=\"sya_categories\"><span class=\"sya_bracket\">(<\/span>0-Muy f\u00e1cil, 1 - Hasta 5 km., Andorra, Mojones \/ Bornas otros pa\u00edses<span class=\"sya_bracket\">)<\/span><\/span><div style=\"padding-left:100px\" class=\"robots-nocontent\"><cite>Hoy nos acercamos al lago de Les Abelletes, en Andorra, cerca del Pas de la Casa, para ver las bornas o mojones fronterizos que se instalaron en 2019, entre Andorra y Francia, aunque s\u00f3lo en un peque\u00f1o tramo de la frontera entre los dos paises,\u00a0 aparentemente para asegurar el suministro de agua al Pas de [&hellip;]<\/cite><\/div><\/div><\/li><li class=\"\"><div class=\"sya_postcontent\"><span class=\"sya_date\">  <span class=\"sya_sep\"> <\/span><\/span><a href=\"https:\/\/www.carlosyconchita.net\/rutas\/04-07-2020-bornas-597-601-bis\/\" class=\"sya_postlink post-14630\" rel=\"bookmark\">04-07-2020-Bornas 597-601 bis (y Puig de Querroig-100 Cims)    )<\/a> <span class=\"sya_categories\"><span class=\"sya_bracket\">(<\/span>100 Cims Carlos y Conchita, 100 Cims FEEC, 2-Moderada, 3 - De 10 a 15 km., Mojones \/ Bornas frontera ES-FR<span class=\"sya_bracket\">)<\/span><\/span><div style=\"padding-left:100px\" class=\"robots-nocontent\"><cite>Hoy hemos hecho por fin, la \u00faltima caminata que nos quedaba para poder completar todas las bornas o mojones fronterizos desde la 427 (Portella Blanca de Andorra) hasta el Mediterr\u00e1neo donde est\u00e1 la 601, qued\u00e1ndonos pendiente la 602 que est\u00e1 en una cueva accesible s\u00f3lo desde el mar.<\/cite><\/div><\/div><\/li><li class=\"\"><div class=\"sya_postcontent\"><span class=\"sya_date\">  <span class=\"sya_sep\"> <\/span><\/span><a href=\"https:\/\/www.carlosyconchita.net\/rutas\/28-06-2020-borna-050\/\" class=\"sya_postlink post-14581\" rel=\"bookmark\">28-06-2020-Borna 050<\/a> <span class=\"sya_categories\"><span class=\"sya_bracket\">(<\/span>0-Muy f\u00e1cil, 1 - Hasta 5 km., Mojones \/ Bornas frontera ES-FR<span class=\"sya_bracket\">)<\/span><\/span><div style=\"padding-left:100px\" class=\"robots-nocontent\"><cite>En el d\u00eda de vuelta a casa, ten\u00edamos previsto ver las bornas 051 a 057, empezando en la 050, hasta la que se puede llegar en coche, pero debido a la lluvia, hemos de cancelar la caminata, y s\u00f3lo podemos hacer la foto a esta borna.<\/cite><\/div><\/div><\/li><li class=\"\"><div class=\"sya_postcontent\"><span class=\"sya_date\">  <span class=\"sya_sep\"> <\/span><\/span><a href=\"https:\/\/www.carlosyconchita.net\/rutas\/27-06-2020-bornas-039-049-col-de-lizarrieta\/\" class=\"sya_postlink post-14563\" rel=\"bookmark\">27-06-2020-Bornas 039-049 (Col de Lizarrieta-Pico Ibantelli)<\/a> <span class=\"sya_categories\"><span class=\"sya_bracket\">(<\/span>100 Cims Carlos y Conchita, 2 - De 5 a 10 km., 2-Moderada, Mojones \/ Bornas frontera ES-FR<span class=\"sya_bracket\">)<\/span><\/span><div style=\"padding-left:100px\" class=\"robots-nocontent\"><cite>Caminata algo dura por el fuerte calor, con unos bonitos paisajes, para ver estas bornas, asi como las \"mini-bornas\" 044-A hasta la 044-L.<\/cite><\/div><\/div><\/li><li class=\"\"><div class=\"sya_postcontent\"><span class=\"sya_date\">  <span class=\"sya_sep\"> <\/span><\/span><a href=\"https:\/\/www.carlosyconchita.net\/rutas\/26-06-2020-bornas-036-038\/\" class=\"sya_postlink post-14551\" rel=\"bookmark\">26-06-2020-Bornas 036-038<\/a> <span class=\"sya_categories\"><span class=\"sya_bracket\">(<\/span>0-Muy f\u00e1cil, 1 - Hasta 5 km., Mojones \/ Bornas frontera ES-FR<span class=\"sya_bracket\">)<\/span><\/span><div style=\"padding-left:100px\" class=\"robots-nocontent\"><cite>Por la tarde, en vista de la mejor\u00eda del tiempo, aprovechamos para hacer esta corta caminata que empieza en la misma carretera en donde est\u00e1 la 036, para llegar a la 037 y 038.<\/cite><\/div><\/div><\/li><li class=\"\"><div class=\"sya_postcontent\"><span class=\"sya_date\">  <span class=\"sya_sep\"> <\/span><\/span><a href=\"https:\/\/www.carlosyconchita.net\/rutas\/26-06-2020-bornas-060-064-coche\/\" class=\"sya_postlink post-14525\" rel=\"bookmark\">26-06-2020-Bornas 060-064 y Zugarramurdi<\/a> <span class=\"sya_categories\"><span class=\"sya_bracket\">(<\/span>0-Muy f\u00e1cil, Mojones \/ Bornas frontera ES-FR<span class=\"sya_bracket\">)<\/span><\/span><div style=\"padding-left:100px\" class=\"robots-nocontent\"><cite>Debido al mal tiempo, nos dedicamos a localizar estas bornas, a las que se puede llegar en coche, y despu\u00e9s nos damos una vuelta por Zugarramurdi.<\/cite><\/div><\/div><\/li><li class=\"\"><div class=\"sya_postcontent\"><span class=\"sya_date\">  <span class=\"sya_sep\"> <\/span><\/span><a href=\"https:\/\/www.carlosyconchita.net\/rutas\/26-06-2020-borna-044-y-placas-en-el-suelo\/\" class=\"sya_postlink post-14537\" rel=\"bookmark\">26-06-2020-Borna 044 y placas en el suelo<\/a> <span class=\"sya_categories\"><span class=\"sya_bracket\">(<\/span>0-Muy f\u00e1cil, Mojones \/ Bornas frontera ES-FR<span class=\"sya_bracket\">)<\/span><\/span><div style=\"padding-left:100px\" class=\"robots-nocontent\"><cite>Debido a la niebla y lluvia, no podemos hacer las caminatas previstas, y solo hacemos la fotos a la borna 044 y a las 3 placas met\u00e1licas en el suelo, que marcan la l\u00ednea de la frontera.<\/cite><\/div><\/div><\/li><li class=\"\"><div class=\"sya_postcontent\"><span class=\"sya_date\">  <span class=\"sya_sep\"> <\/span><\/span><a href=\"https:\/\/www.carlosyconchita.net\/rutas\/25-06-2020-bornas-073-y-074\/\" class=\"sya_postlink post-14495\" rel=\"bookmark\">25-06-2020-Bornas 073 y 074<\/a> <span class=\"sya_categories\"><span class=\"sya_bracket\">(<\/span>0-Muy f\u00e1cil, 1 - Hasta 5 km., Mojones \/ Bornas frontera ES-FR<span class=\"sya_bracket\">)<\/span><\/span><div style=\"padding-left:100px\" class=\"robots-nocontent\"><cite>Para compensar las dos complicadas rutas anteriores, Eef nos acompa\u00f1a con el coche a ver estas dos bornas, situadas al lado mismo de un camino.<\/cite><\/div><\/div><\/li><li class=\"\"><div class=\"sya_postcontent\"><span class=\"sya_date\">  <span class=\"sya_sep\"> <\/span><\/span><a href=\"https:\/\/www.carlosyconchita.net\/rutas\/25-06-2020-bornas-065-y-066\/\" class=\"sya_postlink post-14487\" rel=\"bookmark\">25-06-2020-Bornas 065 y 066<\/a> <span class=\"sya_categories\"><span class=\"sya_bracket\">(<\/span>1 - Hasta 5 km., 1-F\u00e1cil, 2-Moderada, Mojones \/ Bornas frontera ES-FR<span class=\"sya_bracket\">)<\/span><\/span><div style=\"padding-left:100px\" class=\"robots-nocontent\"><cite>Tambi\u00e9n con la ayuda de Eef Berns, localizamos f\u00e1cilmente la 065 al pi\u00e9 de un camino, y la 066, con un muy complicado acceso despu\u00e9s de cruzar un r\u00edo 2 veces para poder verla.<\/cite><\/div><\/div><\/li><li class=\"\"><div class=\"sya_postcontent\"><span class=\"sya_date\">  <span class=\"sya_sep\"> <\/span><\/span><a href=\"https:\/\/www.carlosyconchita.net\/rutas\/25-06-2020-bornas-067-072-dantxarinea\/\" class=\"sya_postlink post-14475\" rel=\"bookmark\">25-06-2020-Bornas 067-072 (Dantxarinea)<\/a> <span class=\"sya_categories\"><span class=\"sya_bracket\">(<\/span>1 - Hasta 5 km., 2-Moderada, Mojones \/ Bornas frontera ES-FR<span class=\"sya_bracket\">)<\/span><\/span><div style=\"padding-left:100px\" class=\"robots-nocontent\"><cite>Con la ayuda de Eef Berns, localizamos estas bornas, complicadas de encontrar por la maleza, arbustos, zarzas y arboles caidos en varias de ellas.<\/cite><\/div><\/div><\/li><li class=\"\"><div class=\"sya_postcontent\"><span class=\"sya_date\">  <span class=\"sya_sep\"> <\/span><\/span><a href=\"https:\/\/www.carlosyconchita.net\/rutas\/24-06-2020-bornas-018-019-y-020\/\" class=\"sya_postlink post-14447\" rel=\"bookmark\">24-06-2020-Bornas 018-019 y 020 (Benta Zahar)<\/a> <span class=\"sya_categories\"><span class=\"sya_bracket\">(<\/span>0-Muy f\u00e1cil, 1 - Hasta 5 km., Mojones \/ Bornas frontera ES-FR<span class=\"sya_bracket\">)<\/span><\/span><div style=\"padding-left:100px\" class=\"robots-nocontent\"><cite>De nuevo desde la Benta Zahar, repetimos la 018, podemos cruzar el r\u00edo para \"tocar\" la 019 que el a\u00f1o pasado s\u00f3lo fotografiamos desde la otra orilla, y subimos hasta la 020, en una corta caminata que el a\u00f1o pasado no pudimos hacer por culpa de la lluvia.<\/cite><\/div><\/div><\/li><li class=\"\"><div class=\"sya_postcontent\"><span class=\"sya_date\">  <span class=\"sya_sep\"> <\/span><\/span><a href=\"https:\/\/www.carlosyconchita.net\/rutas\/24-06-2020-borna-021-col-de-landaganeta\/\" class=\"sya_postlink post-14432\" rel=\"bookmark\">24-06-2020-Borna 021 &#8211; (Col de Landaga\u00f1eta)<\/a> <span class=\"sya_categories\"><span class=\"sya_bracket\">(<\/span>0-Muy f\u00e1cil, 2 - De 5 a 10 km., Mojones \/ Bornas frontera ES-FR<span class=\"sya_bracket\">)<\/span><\/span><div style=\"padding-left:100px\" class=\"robots-nocontent\"><cite>F\u00e1cil caminata para llegar a la borna 021, que nos hab\u00eda quedado pendiente.<\/cite><\/div><\/div><\/li><li class=\"\"><div class=\"sya_postcontent\"><span class=\"sya_date\">  <span class=\"sya_sep\"> <\/span><\/span><a href=\"https:\/\/www.carlosyconchita.net\/rutas\/24-06-2020-bornas-029-035-col-de-lizuniaga\/\" class=\"sya_postlink post-14421\" rel=\"bookmark\">24-06-2020-Bornas 029-035 (Col de Lizuniaga)<\/a> <span class=\"sya_categories\"><span class=\"sya_bracket\">(<\/span>1-F\u00e1cil, 2 - De 5 a 10 km., Mojones \/ Bornas frontera ES-FR<span class=\"sya_bracket\">)<\/span><\/span><div style=\"padding-left:100px\" class=\"robots-nocontent\"><cite>Desde el Col de Lizuniaga, localizamos las bornas 035 hasta la 029.<\/cite><\/div><\/div><\/li><li class=\"\"><div class=\"sya_postcontent\"><span class=\"sya_date\">  <span class=\"sya_sep\"> <\/span><\/span><a href=\"https:\/\/www.carlosyconchita.net\/rutas\/21-06-2020-cervello-puig-monmany\/\" class=\"sya_postlink post-14396\" rel=\"bookmark\">21-06-2020-Cervell\u00f3 &#8211; Puig Monmany<\/a> <span class=\"sya_categories\"><span class=\"sya_bracket\">(<\/span>1-F\u00e1cil, 100 Cims Carlos y Conchita, 3 - De 10 a 15 km., Baix Llobregat<span class=\"sya_bracket\">)<\/span><\/span><div style=\"padding-left:100px\" class=\"robots-nocontent\"><cite>Aunque hoy ya estamos \u00abdesconfinados\u00bb, hemos hecho otra excursi\u00f3n por los alrededores de Cervell\u00f3, esta vez al Puig Monmany. Caminamos por la calle Mayor de Cervell\u00f3, la antigua N-340 en direcci\u00f3n a Vallirana, y poco despu\u00e9s de las \u00faltimas casas de Cervell\u00f3, vemos a nuestra derecha una calle bastante mal asfaltada y con bastante pendiente, [&hellip;]<\/cite><\/div><\/div><\/li><li class=\"\"><div class=\"sya_postcontent\"><span class=\"sya_date\">  <span class=\"sya_sep\"> <\/span><\/span><a href=\"https:\/\/www.carlosyconchita.net\/rutas\/14-06-2020-cervello-can-via-casas-aristot-can-paulet\/\" class=\"sya_postlink post-14375\" rel=\"bookmark\">14-06-2020-Cervell\u00f3-Can V\u00eda-Casas Aristot-Les Rovires-Can Paulet<\/a> <span class=\"sya_categories\"><span class=\"sya_bracket\">(<\/span>1-F\u00e1cil, 3 - De 10 a 15 km., Baix Llobregat<span class=\"sya_bracket\">)<\/span><\/span><div style=\"padding-left:100px\" class=\"robots-nocontent\"><cite>Continuamos por los alrededores de nuestro pueblo, y hoy unimos por as\u00ed decir, dos caminatas que hemos hecho d\u00edas atr\u00e1s : la del d\u00eda\u00a0 24 de mayo que iba un poco en direcci\u00f3n a Vallirana, (24-05-2020-Cervell\u00f3, Les Rovires, Can Paulet )\u00a0 , con la del d\u00eda\u00a0 31 de mayo en direcci\u00f3n a La Palma ( [&hellip;]<\/cite><\/div><\/div><\/li><li class=\"\"><div class=\"sya_postcontent\"><span class=\"sya_date\">  <span class=\"sya_sep\"> <\/span><\/span><a href=\"https:\/\/www.carlosyconchita.net\/rutas\/13-06-2020-cervello-ermita-del-remei\/\" class=\"sya_postlink post-14364\" rel=\"bookmark\">13-06-2020-Cervell\u00f3-Ermita del Remei<\/a> <span class=\"sya_categories\"><span class=\"sya_bracket\">(<\/span>1-F\u00e1cil, 3 - De 10 a 15 km., Baix Llobregat<span class=\"sya_bracket\">)<\/span><\/span><div style=\"padding-left:100px\" class=\"robots-nocontent\"><cite>Continuando con nuestra \u00abcolecci\u00f3n\u00bb de caminatas por los alrededores de Cervell\u00f3 de estos d\u00edas, hoy hemos hecho un recorrido bastante largo por los alrededores de Cervell\u00f3, combinando el m\u00e1ximo posible de paso por el bosque, con algunos tramos por calles de las urbanizaciones alrededor del pueblo. Nos hemos dirigido en primer lugar a la laguna [&hellip;]<\/cite><\/div><\/div><\/li><li class=\"\"><div class=\"sya_postcontent\"><span class=\"sya_date\">  <span class=\"sya_sep\"> <\/span><\/span><a href=\"https:\/\/www.carlosyconchita.net\/rutas\/06-06-2020-cervello-tumbas-sta-maria-puig-vicenc\/\" class=\"sya_postlink post-14356\" rel=\"bookmark\">06-06-2020-Cervell\u00f3-Tumbas Sta.Mar\u00eda-Puig Vicen\u00e7<\/a> <span class=\"sya_categories\"><span class=\"sya_bracket\">(<\/span>2-Moderada, 3 - De 10 a 15 km., Baix Llobregat<span class=\"sya_bracket\">)<\/span><\/span><div style=\"padding-left:100px\" class=\"robots-nocontent\"><cite>Hoy nos hemos ido al Puig Vicen\u00e7, donde ya hab\u00edamos estado en el a\u00f1o 2013, ( ver 20-01-2013 \u2013 Cervell\u00f3-Puig Vicen\u00e7-Penya del Moro\u00a0 ), pero subiendo antes a la ermita de Santa Mar\u00eda de Cervell\u00f3, para ver si encontr\u00e1bamos las tumbas antropom\u00f3rfas que hay all\u00ed. Desde el punto de inicio en la N-340 nos dirigimos [&hellip;]<\/cite><\/div><\/div><\/li><li class=\"\"><div class=\"sya_postcontent\"><span class=\"sya_date\">  <span class=\"sya_sep\"> <\/span><\/span><a href=\"https:\/\/www.carlosyconchita.net\/rutas\/31-05-2020-cervello-can-via-can-paulet\/\" class=\"sya_postlink post-14341\" rel=\"bookmark\">31-05-2020-Cervell\u00f3 &#8211; Can V\u00eda &#8211; Can Paulet<\/a> <span class=\"sya_categories\"><span class=\"sya_bracket\">(<\/span>1-F\u00e1cil, 3 - De 10 a 15 km., Baix Llobregat<span class=\"sya_bracket\">)<\/span><\/span><div style=\"padding-left:100px\" class=\"robots-nocontent\"><cite>Como hoy es domingo, hacemos una excursi\u00f3n m\u00e1s larga, y sobre el mapa dibujamos el recorrido desde Cervell\u00f3 (N-340) a la urbanizaci\u00f3n de Can Vidal y despu\u00e9s a Can V\u00eda (La Palma), subimos desde all\u00ed a Can Paulet y para no hacer la bajada final hasta la N-340 por calles asfaltadas, marcamos un camino por [&hellip;]<\/cite><\/div><\/div><\/li><li class=\"\"><div class=\"sya_postcontent\"><span class=\"sya_date\">  <span class=\"sya_sep\"> <\/span><\/span><a href=\"https:\/\/www.carlosyconchita.net\/rutas\/24-05-2020-cervello-les-rovires-can-paulet\/\" class=\"sya_postlink post-14383\" rel=\"bookmark\">24-05-2020-Cervell\u00f3, Les Rovires, Can Paulet<\/a> <span class=\"sya_categories\"><span class=\"sya_bracket\">(<\/span>1-F\u00e1cil, 2 - De 5 a 10 km., Baix Llobregat<span class=\"sya_bracket\">)<\/span><\/span><div style=\"padding-left:100px\" class=\"robots-nocontent\"><cite>Desde Cervell\u00f3 nos dirigimos por la N-340 en direcci\u00f3n a Vallirana, y al poco de salir de Cervell\u00f3, nos desviamos a nuestra derecha por una calle medio asfaltada con mucha pendiente , que despu\u00e9s se convierte en un amplio camino de tierra , que nos lleva a la urbanizaci\u00f3n de Les Rovires, en una larga [&hellip;]<\/cite><\/div><\/div><\/li><li class=\"\"><div class=\"sya_postcontent\"><span class=\"sya_date\">  <span class=\"sya_sep\"> <\/span><\/span><a href=\"https:\/\/www.carlosyconchita.net\/rutas\/caminatas-por-cervello\/\" class=\"sya_postlink post-14232\" rel=\"bookmark\">Caminatas por Cervell\u00f3<\/a> <span class=\"sya_categories\"><span class=\"sya_bracket\">(<\/span>0-Muy f\u00e1cil, 2 - De 5 a 10 km., Baix Llobregat<span class=\"sya_bracket\">)<\/span><\/span><div style=\"padding-left:100px\" class=\"robots-nocontent\"><cite>Aprovechando estos d\u00edas que estamos confinados en casa, con algo menos de trabajo y m\u00e1s tiempo, pero que nos dejan salir a hacer un poco de deporte, estamos haciendo una serie de caminatas por los alrededores de Cervell\u00f3, para conocer los alrededores de nuestro pueblo, combinando calles de alguna urbanizaci\u00f3n, con subidas y bajadas y [&hellip;]<\/cite><\/div><\/div><\/li><li class=\"\"><div class=\"sya_postcontent\"><span class=\"sya_date\">  <span class=\"sya_sep\"> <\/span><\/span><a href=\"https:\/\/www.carlosyconchita.net\/rutas\/02-05-2020-primera-caminata-despues-de-7-semanas\/\" class=\"sya_postlink post-14099\" rel=\"bookmark\">02-05-2020-Primera caminata despu\u00e9s de 7 semanas !<\/a> <span class=\"sya_categories\"><span class=\"sya_bracket\">(<\/span>0-Muy f\u00e1cil, 1 - Hasta 5 km., Baix Llobregat<span class=\"sya_bracket\">)<\/span><\/span><div style=\"padding-left:100px\" class=\"robots-nocontent\"><cite>Pues s\u00ed&#8230; por fin hemos podido salir a caminar , despu\u00e9s de 7 semanas encerrados en casa y como se puede ver en la foto, Conchita est\u00e1 muy contenta. Hemos hecho una r\u00e1pida caminata de 4&#8217;6 km. con una media de 5.01 km\/hora, que a pesar de que no ha sido por las monta\u00f1as, ten\u00eda [&hellip;]<\/cite><\/div><\/div><\/li><li class=\"\"><div class=\"sya_postcontent\"><span class=\"sya_date\">  <span class=\"sya_sep\"> <\/span><\/span><a href=\"https:\/\/www.carlosyconchita.net\/rutas\/08-03-2020-sant-sadurni-gallifa-y-castillo\/\" class=\"sya_postlink post-13649\" rel=\"bookmark\">08-03-2020-Sant Sadurn\u00ed Gallifa (100 Cims) y Castillo<\/a> <span class=\"sya_categories\"><span class=\"sya_bracket\">(<\/span>100 Cims Carlos y Conchita, 100 Cims FEEC, 2-Moderada, 3 - De 10 a 15 km., Vall\u00e9s Occidental<span class=\"sya_bracket\">)<\/span><\/span><div style=\"padding-left:100px\" class=\"robots-nocontent\"><cite>Hoy visitamos la ermita de Sant Sadurn\u00ed de Gallifa (100 Cims)\u00a0 y el castillo de Gallifa, juntamente con nuestros amigos Lluis, Miquel, Carme, Nuria y Rafel, en una excursi\u00f3n un tanto \u00abcomplicada\u00bb desde el punto de vista \u00ablog\u00edstico\u00bb, para evitar que la vuelta desde el castillo de Gallifa se alargara considerablemente si hac\u00edamos la excursi\u00f3n [&hellip;]<\/cite><\/div><\/div><\/li><li class=\"\"><div class=\"sya_postcontent\"><span class=\"sya_date\">  <span class=\"sya_sep\"> <\/span><\/span><a href=\"https:\/\/www.carlosyconchita.net\/rutas\/29-02-2020-la-molina-queixans\/\" class=\"sya_postlink post-13642\" rel=\"bookmark\">29-02-2020-La Molina-Queixans<\/a> <span class=\"sya_categories\"><span class=\"sya_bracket\">(<\/span>2-Moderada, 3 - De 10 a 15 km., La Molina-Masella<span class=\"sya_bracket\">)<\/span><\/span><div style=\"padding-left:100px\" class=\"robots-nocontent\"><cite>Hoy hemos hecho una caminata de las que llamamos \u00abentre pueblos\u00bb, sin raquetas para descansar un poco, aunque al final ha resultado bastante larga. Vamos con nuestros amigos Lluis y Asun, y dejaremos un coche en Queixans para volver despu\u00e9s\u00a0 a la Molina. Empezamos a caminar en\u00a0 La Molina, frente a la estaci\u00f3n del ferrocarril, [&hellip;]<\/cite><\/div><\/div><\/li><li class=\"\"><div class=\"sya_postcontent\"><span class=\"sya_date\">  <span class=\"sya_sep\"> <\/span><\/span><a href=\"https:\/\/www.carlosyconchita.net\/rutas\/22-02-2020-lago-de-la-coma-dor\/\" class=\"sya_postlink post-13628\" rel=\"bookmark\">22-02-2020-Lago de la Coma d&#8217;Or<\/a> <span class=\"sya_categories\"><span class=\"sya_bracket\">(<\/span>2-Moderada, 3 - De 10 a 15 km., Port\u00e9-Puymorens<span class=\"sya_bracket\">)<\/span><\/span><div style=\"padding-left:100px\" class=\"robots-nocontent\"><cite>Hemos ido o pasado varias veces por la Portella d&#8217;En Garc\u00eda o de Engracia, y el Lago de la Coma d&#8217;Or, pero nunca hab\u00edamos ido con raquetas, as\u00ed que esta vez nos decidimos a hacerla, a pesar de su considerable desnivel para ir con raquetas. (se pueden ver todas ellas si buscamos en esta web [&hellip;]<\/cite><\/div><\/div><\/li><li class=\"\"><div class=\"sya_postcontent\"><span class=\"sya_date\">  <span class=\"sya_sep\"> <\/span><\/span><a href=\"https:\/\/www.carlosyconchita.net\/rutas\/04-01-2020-porte-puymorens-raquetas\/\" class=\"sya_postlink post-13620\" rel=\"bookmark\">04-01-2020-Port\u00e9-Puymorens (raquetas)<\/a> <span class=\"sya_categories\"><span class=\"sya_bracket\">(<\/span>1-F\u00e1cil, 2 - De 5 a 10 km., 2-Moderada, Port\u00e9-Puymorens<span class=\"sya_bracket\">)<\/span><\/span><div style=\"padding-left:100px\" class=\"robots-nocontent\"><cite>Como que ayer no se nos di\u00f3 nada mal la caminata con raquetas despu\u00e9s de varias semanas sin caminar por la monta\u00f1a, hoy nos vamos a Port\u00e9-Puymorens, para hacer otra caminata aunque con algo m\u00e1s de dificultad por el mayor desnivel, tambi\u00e9n con Carme, Joan y Dani. Llegamos con el coche hasta el Coll de [&hellip;]<\/cite><\/div><\/div><\/li><li class=\"\"><div class=\"sya_postcontent\"><span class=\"sya_date\">  <span class=\"sya_sep\"> <\/span><\/span><a href=\"https:\/\/www.carlosyconchita.net\/rutas\/03-01-2020-roc-y-refugio-de-la-calme-raquetas\/\" class=\"sya_postlink post-13609\" rel=\"bookmark\">03-01-2020-Roc y Refugio de la Calme (raquetas)<\/a> <span class=\"sya_categories\"><span class=\"sya_bracket\">(<\/span>1-F\u00e1cil, 100 Cims Carlos y Conchita, 2 - De 5 a 10 km., 2-Moderada, Font Romeu<span class=\"sya_bracket\">)<\/span><\/span><div style=\"padding-left:100px\" class=\"robots-nocontent\"><cite>Estrenamos el a\u00f1o con raquetas, ya que hay bastante nieve, y que nos acompa\u00f1an nuestros amigos Carme , Joan y su hijo Dani, que tienen ganas de ver y pisar nieve. Como no queremos hacer una caminata muy dif\u00edcil, nos vamos a la zona de La Calme, en donde hay muchos caminos y posibilidades de [&hellip;]<\/cite><\/div><\/div><\/li><\/ul> <a id=\"year2019\"><\/a>2019 <span class=\"sya_yearcount\"><span class=\"sya_bracket\">(<\/span>80<span class=\"sya_bracket\">)<\/span><\/span> <ul><li class=\"\"><div class=\"sya_postcontent\"><span class=\"sya_date\">  <span class=\"sya_sep\"> <\/span><\/span><a href=\"https:\/\/www.carlosyconchita.net\/rutas\/08-12-2019-ondarribia-y-san-juan-de-luz-fotos\/\" class=\"sya_postlink post-13519\" rel=\"bookmark\">08-12-2019-Ondarrib\u00eda y San Juan de Luz (fotos)<\/a> <span class=\"sya_categories\"><span class=\"sya_bracket\">(<\/span>0-Fotos, Gipuzkoa<span class=\"sya_bracket\">)<\/span><\/span><div style=\"padding-left:100px\" class=\"robots-nocontent\"><cite>Album de fotos\u00a0 Ondarr\u00edbia &nbsp; Album de fotos San Juan de Luz &nbsp;<\/cite><\/div><\/div><\/li><li class=\"\"><div class=\"sya_postcontent\"><span class=\"sya_date\">  <span class=\"sya_sep\"> <\/span><\/span><a href=\"https:\/\/www.carlosyconchita.net\/rutas\/08-12-2019-san-sebastian\/\" class=\"sya_postlink post-13514\" rel=\"bookmark\">08-12-2019 &#8211; San Sebasti\u00e1n (Fotos)<\/a> <span class=\"sya_categories\"><span class=\"sya_bracket\">(<\/span>0-Fotos, 0-Muy f\u00e1cil, 2 - De 5 a 10 km., Gipuzkoa<span class=\"sya_bracket\">)<\/span><\/span><div style=\"padding-left:100px\" class=\"robots-nocontent\"><cite>Caminata por San Sebasti\u00e1n, en un d\u00eda lluvioso tal como dec\u00edan las previsiones, y que nosotros en base a ellas hab\u00edamos reservado por asi decir, para que la lluvia nos cogiera caminando por la ciudad y no por las monta\u00f1as, en donde por cierto, hemos tenido 3 d\u00edas fant\u00e1sticos, con sol y buena temperatura. Dejamos [&hellip;]<\/cite><\/div><\/div><\/li><li class=\"\"><div class=\"sya_postcontent\"><span class=\"sya_date\">  <span class=\"sya_sep\"> <\/span><\/span><a href=\"https:\/\/www.carlosyconchita.net\/rutas\/08-12-2019-isla-de-los-faisanes\/\" class=\"sya_postlink post-13502\" rel=\"bookmark\">08-12-2019-Isla de los Faisanes (Borna 0)<\/a> <span class=\"sya_categories\"><span class=\"sya_bracket\">(<\/span>0-Muy f\u00e1cil, 1 - Hasta 5 km., Gipuzkoa, Mojones \/ Bornas frontera ES-FR<span class=\"sya_bracket\">)<\/span><\/span><div style=\"padding-left:100px\" class=\"robots-nocontent\"><cite>Ya que estamos intentando seguir todas las bornas o mojones fronterizos entre Espa\u00f1a y Francia, no pod\u00edamos dejar de visitar y fotografiar tambi\u00e9n la Isla de los Faisanes, que casi podr\u00edamos definir como la borna o moj\u00f3n n\u00famero cero, situda en el r\u00edo Bidasoa, administrada por el Ayuntamiento de Ir\u00fan y el municipio franc\u00e9s de Hendaya, y en donde se  firm\u00f3 el Tratado de los Pirineos, origen por as\u00ed decir, del establecimiento de la frontera actual entre Espa\u00f1a y Francia.<\/cite><\/div><\/div><\/li><li class=\"\"><div class=\"sya_postcontent\"><span class=\"sya_date\">  <span class=\"sya_sep\"> <\/span><\/span><a href=\"https:\/\/www.carlosyconchita.net\/rutas\/07-12-2019-bornas-022-028-larrun\/\" class=\"sya_postlink post-13491\" rel=\"bookmark\">07-12-2019-Bornas 022-028 (Larr\u00fan)<\/a> <span class=\"sya_categories\"><span class=\"sya_bracket\">(<\/span>100 Cims Carlos y Conchita, 2-Moderada, 3 - De 10 a 15 km., Mojones \/ Bornas frontera ES-FR, Navarra<span class=\"sya_bracket\">)<\/span><\/span><div style=\"padding-left:100px\" class=\"robots-nocontent\"><cite>Subimos al Larr\u00fan y al Txiki Larr\u00fan o Peque\u00f1o Larr\u00fan, y localizamos las bornas 022 a 028.<\/cite><\/div><\/div><\/li><li class=\"\"><div class=\"sya_postcontent\"><span class=\"sya_date\">  <span class=\"sya_sep\"> <\/span><\/span><a href=\"https:\/\/www.carlosyconchita.net\/rutas\/07-12-2019-bornas-018-019-benta-zahar\/\" class=\"sya_postlink post-13480\" rel=\"bookmark\">07-12-2019-Bornas 018-019 (Benta Zahar)<\/a> <span class=\"sya_categories\"><span class=\"sya_bracket\">(<\/span>0-Muy f\u00e1cil, 1 - Hasta 5 km., Mojones \/ Bornas frontera ES-FR, Navarra<span class=\"sya_bracket\">)<\/span><\/span><div style=\"padding-left:100px\" class=\"robots-nocontent\"><cite>Peque\u00f1a caminata desde la Benta de Zahar para localizar las bornas 018 y 019, pero debido a que ya era muy tarde y hab\u00eda llovido bastante, no intentamos llegar  a la 020.<\/cite><\/div><\/div><\/li><li class=\"\"><div class=\"sya_postcontent\"><span class=\"sya_date\">  <span class=\"sya_sep\"> <\/span><\/span><a href=\"https:\/\/www.carlosyconchita.net\/rutas\/06-12-2019-bornas-002-007-ibardin\/\" class=\"sya_postlink post-13467\" rel=\"bookmark\">06-12-2019-Bornas 002-007 (Ibardin)<\/a> <span class=\"sya_categories\"><span class=\"sya_bracket\">(<\/span>1-F\u00e1cil, 2 - De 5 a 10 km., Gipuzkoa, Mojones \/ Bornas frontera ES-FR<span class=\"sya_bracket\">)<\/span><\/span><div style=\"padding-left:100px\" class=\"robots-nocontent\"><cite>De nuevo desde el Col de Ibardin, continuamos la b\u00fasqueda de bornas, en este caso desde el n\u00famero 002 al 006, aunque pasamos de nuevo por la 007<\/cite><\/div><\/div><\/li><li class=\"\"><div class=\"sya_postcontent\"><span class=\"sya_date\">  <span class=\"sya_sep\"> <\/span><\/span><a href=\"https:\/\/www.carlosyconchita.net\/rutas\/05-12-2019-borna-001-endarlaza\/\" class=\"sya_postlink post-13450\" rel=\"bookmark\">05-12-2019-Borna 001 (Endarlaza)<\/a> <span class=\"sya_categories\"><span class=\"sya_bracket\">(<\/span>0-Muy f\u00e1cil, Gipuzkoa, Mojones \/ Bornas frontera ES-FR<span class=\"sya_bracket\">)<\/span><\/span><div style=\"padding-left:100px\" class=\"robots-nocontent\"><cite>Junto a un puente en Endarlaza, fotografiamos la borna 001 desde el otro lado de la carretera, ya que el camino para llegar a ella est\u00e1 cortado por la Polic\u00eda Local.<\/cite><\/div><\/div><\/li><li class=\"\"><div class=\"sya_postcontent\"><span class=\"sya_date\">  <span class=\"sya_sep\"> <\/span><\/span><a href=\"https:\/\/www.carlosyconchita.net\/rutas\/05-12-2019-bornas-007-017-ibardin\/\" class=\"sya_postlink post-13457\" rel=\"bookmark\">05-12-2019-Bornas 007-017 (Ibardin)<\/a> <span class=\"sya_categories\"><span class=\"sya_bracket\">(<\/span>1-F\u00e1cil, 3 - De 10 a 15 km., Gipuzkoa, Mojones \/ Bornas frontera ES-FR<span class=\"sya_bracket\">)<\/span><\/span><div style=\"padding-left:100px\" class=\"robots-nocontent\"><cite>Desde el Col de Ibardin, hacemos una bonita excursi\u00f3n para fotografiar las bornas 007 a 017<\/cite><\/div><\/div><\/li><li class=\"\"><div class=\"sya_postcontent\"><span class=\"sya_date\">  <span class=\"sya_sep\"> <\/span><\/span><a href=\"https:\/\/www.carlosyconchita.net\/rutas\/30-11-2019-vuelta-al-matemale\/\" class=\"sya_postlink post-13578\" rel=\"bookmark\">30-11-2019-Vuelta al Matemale<\/a> <span class=\"sya_categories\"><span class=\"sya_bracket\">(<\/span>0-Muy f\u00e1cil, 3 - De 10 a 15 km., Les Angles<span class=\"sya_bracket\">)<\/span><\/span><div style=\"padding-left:100px\" class=\"robots-nocontent\"><cite>Hoy hacemos de nuevo el \u00abtour\u00bb del Matemale, que ya hemos hecho en varias ocasiones, ya que ayer hicimos una caminata algo m\u00e1s durilla, y as\u00ed hacemos algo de ejercicio en plan tranquilo. Dejamos el coche al lado de la presa , junto a la carretera D-118 y empezamos a caminar cruzando la presa, y [&hellip;]<\/cite><\/div><\/div><\/li><li class=\"\"><div class=\"sya_postcontent\"><span class=\"sya_date\">  <span class=\"sya_sep\"> <\/span><\/span><a href=\"https:\/\/www.carlosyconchita.net\/rutas\/29-11-2019-bornas-594-596-st-quirze-colera\/\" class=\"sya_postlink post-13558\" rel=\"bookmark\">29-11-2019-Bornas 594-596 (St.Quirze Colera)<\/a> <span class=\"sya_categories\"><span class=\"sya_bracket\">(<\/span>2-Moderada, 3 - De 10 a 15 km., Girona, Mojones \/ Bornas frontera ES-FR<span class=\"sya_bracket\">)<\/span><\/span><div style=\"padding-left:100px\" class=\"robots-nocontent\"><cite>Desde el monasterio de Sant Quirze de Colera, localizamos las bornas 594, 595 y 596.<\/cite><\/div><\/div><\/li><li class=\"\"><div class=\"sya_postcontent\"><span class=\"sya_date\">  <span class=\"sya_sep\"> <\/span><\/span><a href=\"https:\/\/www.carlosyconchita.net\/rutas\/17-11-2019-sanavastre-baltarga\/\" class=\"sya_postlink post-13548\" rel=\"bookmark\">17-11-2019-Sanavastre-Baltarga<\/a> <span class=\"sya_categories\"><span class=\"sya_bracket\">(<\/span>1-F\u00e1cil, 3 - De 10 a 15 km., Cerdanya Sur-Cad\u00ed-Moixer\u00f3<span class=\"sya_bracket\">)<\/span><\/span><div style=\"padding-left:100px\" class=\"robots-nocontent\"><cite>Hoy hacemos una f\u00e1cil y tranquila caminata de las que llamamos nosotros \u00abentre pueblos\u00bb para compensar un poco la de ayer al Moixer\u00f3, que al ser con raquetas resulta un poco m\u00e1s cansada que sin ellas. Nos dirigimos con el coche\u00a0 a Sanavastre y seguimos un f\u00e1cil y plano camino hasta un peque\u00f1o estanque o [&hellip;]<\/cite><\/div><\/div><\/li><li class=\"\"><div class=\"sya_postcontent\"><span class=\"sya_date\">  <span class=\"sya_sep\"> <\/span><\/span><a href=\"https:\/\/www.carlosyconchita.net\/rutas\/16-11-2019-pic-de-moixero-raquetas\/\" class=\"sya_postlink post-13540\" rel=\"bookmark\">16-11-2019-Pic de Moixer\u00f3 (raquetas)<\/a> <span class=\"sya_categories\"><span class=\"sya_bracket\">(<\/span>100 Cims Carlos y Conchita, 2 - De 5 a 10 km., 2-Moderada, Cerdanya Sur-Cad\u00ed-Moixer\u00f3<span class=\"sya_bracket\">)<\/span><\/span><div style=\"padding-left:100px\" class=\"robots-nocontent\"><cite>Hoy hemos podido repetir la excursi\u00f3n que hicimos el\u00a0 06-12-2016 \u2013 Pic del Moixer\u00f3 (raquetas),\u00a0 esta vez con Lluis y Asun, y decimos que hemos podido porque no siempre podemos tener la suerte de encontrar nieve suficiente para ir con raquetas , pero que no nos impida llegar con el coche\u00a0 al punto de partida. [&hellip;]<\/cite><\/div><\/div><\/li><li class=\"\"><div class=\"sya_postcontent\"><span class=\"sya_date\">  <span class=\"sya_sep\"> <\/span><\/span><a href=\"https:\/\/www.carlosyconchita.net\/rutas\/01-11-2019-borna-478f\/\" class=\"sya_postlink post-13530\" rel=\"bookmark\">01-11-2019-Borna 478F<\/a> <span class=\"sya_categories\"><span class=\"sya_bracket\">(<\/span>0-Muy f\u00e1cil, 1 - Hasta 5 km., Mojones \/ Bornas frontera ES-FR<span class=\"sya_bracket\">)<\/span><\/span><div style=\"padding-left:100px\" class=\"robots-nocontent\"><cite>Esta borna est\u00e1 situada en un terreno particular vallado, y anteriormente s\u00f3lo hab\u00edamos podido fotografiarla desde lejos y a trav\u00e9s de la valla.\r\nEsta vez pedimos permiso a los propietarios y nos dejan entrar y fotografiarla de cerca.<\/cite><\/div><\/div><\/li><li class=\"\"><div class=\"sya_postcontent\"><span class=\"sya_date\">  <span class=\"sya_sep\"> <\/span><\/span><a href=\"https:\/\/www.carlosyconchita.net\/rutas\/26-10-2019-bornas-590-593-puig-de-la-calma\/\" class=\"sya_postlink post-13428\" rel=\"bookmark\">26-10-2019-Bornas 590-593 (Puig de la Calma)<\/a> <span class=\"sya_categories\"><span class=\"sya_bracket\">(<\/span>100 Cims Carlos y Conchita, 2-Moderada, 3 - De 10 a 15 km., Mojones \/ Bornas frontera ES-FR<span class=\"sya_bracket\">)<\/span><\/span><div style=\"padding-left:100px\" class=\"robots-nocontent\"><cite>Desde el Coll de Banyuls , donde est\u00e1 la borna 591 y se puede llegar en coche, localizamos a un lado de la carretera la 590, y despues de bajar de nuevo al Coll de Banyuls, hacia el lado contrario encontramos las 592 y 593.<\/cite><\/div><\/div><\/li><li class=\"\"><div class=\"sya_postcontent\"><span class=\"sya_date\">  <span class=\"sya_sep\"> <\/span><\/span><a href=\"https:\/\/www.carlosyconchita.net\/rutas\/12-10-2019-bornas-llivia-16-21-bis\/\" class=\"sya_postlink post-13411\" rel=\"bookmark\">12-10-2019-Bornas Ll\u00edvia (16-21 bis)<\/a> <span class=\"sya_categories\"><span class=\"sya_bracket\">(<\/span>0-Muy f\u00e1cil, 1 - Hasta 5 km., Mojones \/ Bornas frontera Ll\u00edvia<span class=\"sya_bracket\">)<\/span><\/span><div style=\"padding-left:100px\" class=\"robots-nocontent\"><cite>Hace tiempo ya hab\u00edamos visto estas bornas o mojones de Ll\u00edvia, pero en su d\u00eda no nos dimos cuenta de que las que tienen los n\u00fameros 17 al 20 estaban \u00abduplicadas\u00bb, es decir que hay una en el lado espa\u00f1ol de la frontera y otra en el lado franc\u00e9s. Est\u00e1n situadas a los lados de [&hellip;]<\/cite><\/div><\/div><\/li><li class=\"\"><div class=\"sya_postcontent\"><span class=\"sya_date\">  <span class=\"sya_sep\"> <\/span><\/span><a href=\"https:\/\/www.carlosyconchita.net\/rutas\/06-10-19-bornas-584-589\/\" class=\"sya_postlink post-13399\" rel=\"bookmark\">06-10-2019-Bornas 584-589<\/a> <span class=\"sya_categories\"><span class=\"sya_bracket\">(<\/span>2-Moderada, 4 - De 15 a 20 km., Mojones \/ Bornas frontera ES-FR<span class=\"sya_bracket\">)<\/span><\/span><div style=\"padding-left:100px\" class=\"robots-nocontent\"><cite>Empezamos a caminar cerca del Puig Neul\u00f3s, y localizamos las bornas 584 hasta la 589, con bonitos paisajes, y llegando ya muy cerca del Mediterr\u00e1neo.<\/cite><\/div><\/div><\/li><li class=\"\"><div class=\"sya_postcontent\"><span class=\"sya_date\">  <span class=\"sya_sep\"> <\/span><\/span><a href=\"https:\/\/www.carlosyconchita.net\/rutas\/13290-2\/\" class=\"sya_postlink post-13290\" rel=\"bookmark\">28-09-2019-Puig Neul\u00f3s (100 Cims) y bornas 582-583<\/a> <span class=\"sya_categories\"><span class=\"sya_bracket\">(<\/span>100 Cims Carlos y Conchita, 100 Cims FEEC, 2-Moderada, 3 - De 10 a 15 km., Girona, Mojones \/ Bornas frontera ES-FR<span class=\"sya_bracket\">)<\/span><\/span><div style=\"padding-left:100px\" class=\"robots-nocontent\"><cite>Subida al Puig Neul\u00f3s (100 Cims)  y localizaci\u00f3n de las bornas 582 y 583.<\/cite><\/div><\/div><\/li><li class=\"\"><div class=\"sya_postcontent\"><span class=\"sya_date\">  <span class=\"sya_sep\"> <\/span><\/span><a href=\"https:\/\/www.carlosyconchita.net\/rutas\/22-09-2019-borna-436-guils\/\" class=\"sya_postlink post-13263\" rel=\"bookmark\">22-09-2019-Borna 436 (Guils)<\/a> <span class=\"sya_categories\"><span class=\"sya_bracket\">(<\/span>1-F\u00e1cil, 2 - De 5 a 10 km., Guils, Mojones \/ Bornas frontera ES-FR<span class=\"sya_bracket\">)<\/span><\/span><div style=\"padding-left:100px\" class=\"robots-nocontent\"><cite>Volvemos a la borna 436, para intentar ver el grabado con la cruz y el n\u00famero, que el pasado 11-11-2016 no pudimos ver, debido a que estaban pr\u00e1cticamente borrados por la erosi\u00f3n.<\/cite><\/div><\/div><\/li><li class=\"\"><div class=\"sya_postcontent\"><span class=\"sya_date\">  <span class=\"sya_sep\"> <\/span><\/span><a href=\"https:\/\/www.carlosyconchita.net\/rutas\/31-08-2019-frontera-borna-573\/\" class=\"sya_postlink post-13217\" rel=\"bookmark\">31-08-2019-Frontera : Borna 573 (Bellegarde)<\/a> <span class=\"sya_categories\"><span class=\"sya_bracket\">(<\/span>1 - Hasta 5 km., 1-F\u00e1cil, Mojones \/ Bornas frontera ES-FR<span class=\"sya_bracket\">)<\/span><\/span><div style=\"padding-left:100px\" class=\"robots-nocontent\"><cite>En compa\u00f1\u00eda de Eef Berns, nos dirigimos al Fort de Bellegarde, en Le Perthus, para localizar y fotografiar la \"dichosa\"\u00a0 borna o moj\u00f3n 573, que hab\u00edamos intentado localizar varias veces, y debido a la gran cantidad de maleza y fuerte pendiente, no hab\u00edamos podido llegar a verla.<\/cite><\/div><\/div><\/li><li class=\"\"><div class=\"sya_postcontent\"><span class=\"sya_date\">  <span class=\"sya_sep\"> <\/span><\/span><a href=\"https:\/\/www.carlosyconchita.net\/rutas\/30-08-2019-frontera-bornas-536-542\/\" class=\"sya_postlink post-13205\" rel=\"bookmark\">30-08-2019-Frontera : Bornas 536-542 (Can d&#8217;Amunt)<\/a> <span class=\"sya_categories\"><span class=\"sya_bracket\">(<\/span>2 - De 5 a 10 km., 3-Dif\u00edcil, Mojones \/ Bornas frontera ES-FR<span class=\"sya_bracket\">)<\/span><\/span><div style=\"padding-left:100px\" class=\"robots-nocontent\"><cite>Con la ayuda de Eef Berns, localizamos las bornas 536 a 542<\/cite><\/div><\/div><\/li><li class=\"\"><div class=\"sya_postcontent\"><span class=\"sya_date\">  <span class=\"sya_sep\"> <\/span><\/span><a href=\"https:\/\/www.carlosyconchita.net\/rutas\/25-08-2019-pics-de-ginevre-y-pla-bernat\/\" class=\"sya_postlink post-13234\" rel=\"bookmark\">25-08-2019-Pics de Ginevre y Pla Bernat<\/a> <span class=\"sya_categories\"><span class=\"sya_bracket\">(<\/span>100 Cims Carlos y Conchita, 2-Moderada, 3 - De 10 a 15 km., Formigueres \/ Puyvalador<span class=\"sya_bracket\">)<\/span><\/span><div style=\"padding-left:100px\" class=\"robots-nocontent\"><cite>Para empezar la caminata de hoy, nos dirigimos a la estaci\u00f3n de esqu\u00ed de Puyvalador, que est\u00e1 cerrada hace varios a\u00f1os. Anteriormente, el dia\u00a0 02-03-2019-Puyvalador (raquetas)\u00a0 hab\u00edamos estado all\u00ed, aunque desde luego no llegamos al Pic de Ginevre , y esta vez, sin raquetas no hemos tenido ningun problema en hacerlo, llegando adem\u00e1s a otro [&hellip;]<\/cite><\/div><\/div><\/li><li class=\"\"><div class=\"sya_postcontent\"><span class=\"sya_date\">  <span class=\"sya_sep\"> <\/span><\/span><a href=\"https:\/\/www.carlosyconchita.net\/rutas\/24-08-2019-la-quillane-la-llagone\/\" class=\"sya_postlink post-13198\" rel=\"bookmark\">24-08-2019-La Quillane &#8211; La Llagone<\/a> <span class=\"sya_categories\"><span class=\"sya_bracket\">(<\/span>0-Muy f\u00e1cil, 1 - Hasta 5 km., Les Angles<span class=\"sya_bracket\">)<\/span><\/span><div style=\"padding-left:100px\" class=\"robots-nocontent\"><cite>Peque\u00f1a caminata que empezamos en la zona de la Quillane, donde podemos dejar el coche en el parking que hay al lado mismo de la rotonda donde empieza la carretera que lleva a Les Angles. En esta zona , donde hemos hecho muchas caminatas tanto con raquetas como sin ellas, hay muchos caminos, por lo [&hellip;]<\/cite><\/div><\/div><\/li><li class=\"\"><div class=\"sya_postcontent\"><span class=\"sya_date\">  <span class=\"sya_sep\"> <\/span><\/span><a href=\"https:\/\/www.carlosyconchita.net\/rutas\/23-08-2019-parking-estanyols-rio-tet\/\" class=\"sya_postlink post-13191\" rel=\"bookmark\">23-08-2019-Parking Estanyols-Rio T\u00eat<\/a> <span class=\"sya_categories\"><span class=\"sya_bracket\">(<\/span>0-Muy f\u00e1cil, 2 - De 5 a 10 km., Font Romeu<span class=\"sya_bracket\">)<\/span><\/span><div style=\"padding-left:100px\" class=\"robots-nocontent\"><cite>Hoy no ten\u00edamos muchas ganas de caminar por lo que hemos hecho una f\u00e1cil caminata partiendo de nuestro conocido Parking dels Estagnols, en la zona de Bolqu\u00e9re-Pyren\u00e9es 2000, pero siguiendo un tramo del rio T\u00eat por el que no hab\u00edamos pasado nunca, a pesar de la cantidad de veces que hemos caminado por esta zona, [&hellip;]<\/cite><\/div><\/div><\/li><li class=\"\"><div class=\"sya_postcontent\"><span class=\"sya_date\">  <span class=\"sya_sep\"> <\/span><\/span><a href=\"https:\/\/www.carlosyconchita.net\/rutas\/22-08-2019-pic-tres-esteles-coll-de-mantet\/\" class=\"sya_postlink post-13178\" rel=\"bookmark\">22-08-2019-Pic Tres Esteles-100 Cims (Coll de Mantet)<\/a> <span class=\"sya_categories\"><span class=\"sya_bracket\">(<\/span>1-F\u00e1cil, 100 Cims Carlos y Conchita, 100 Cims FEEC, 2 - De 5 a 10 km., Catalunya Nord - sin clasificar<span class=\"sya_bracket\">)<\/span><\/span><div style=\"padding-left:100px\" class=\"robots-nocontent\"><cite>\u00a0Hoy subiremos al pico de las Tres Estelles desde el Coll de Mantet, y para llegar al punto de partida de la caminata, desde Saillagossa,\u00a0 iremos hasta Vilafranca de Conflent , y alli seguiremos las indicaciones hasta el Coll de Mantet, por una bonita y estrecha carretera. En el citado Coll encontraremos una gran zona [&hellip;]<\/cite><\/div><\/div><\/li><li class=\"\"><div class=\"sya_postcontent\"><span class=\"sya_date\">  <span class=\"sya_sep\"> <\/span><\/span><a href=\"https:\/\/www.carlosyconchita.net\/rutas\/18-08-2019-viaje-usa\/\" class=\"sya_postlink post-13276\" rel=\"bookmark\">18-08-2019-Viaje USA  (P\u00e1gina principal)<\/a> <span class=\"sya_categories\"><span class=\"sya_bracket\">(<\/span>USA - Continente<span class=\"sya_bracket\">)<\/span><\/span><div style=\"padding-left:100px\" class=\"robots-nocontent\"><cite>Resumen del viaje a los Parques Nacionales del Grand Tet\u00f3n, Yellowstone y Glacier. &nbsp; Al igual que el a\u00f1o pasado, lo primero que hemos hecho, aparte de recoger el coche para ir a nuestro aire, ha sido conseguir una nevera de porex, que este a\u00f1o nos ha costado 6.99 $\u00a0 (el a\u00f1o pasado nos cost\u00f3 [&hellip;]<\/cite><\/div><\/div><\/li><li class=\"\"><div class=\"sya_postcontent\"><span class=\"sya_date\">  <span class=\"sya_sep\"> <\/span><\/span><a href=\"https:\/\/www.carlosyconchita.net\/rutas\/16-08-2019-hidden-lake-usa\/\" class=\"sya_postlink post-13698\" rel=\"bookmark\">16-08-2019-Hidden Lake (USA)<\/a> <span class=\"sya_categories\"><span class=\"sya_bracket\">(<\/span>0-Muy f\u00e1cil, 1 - Hasta 5 km., Parque Nacional Glaciares<span class=\"sya_bracket\">)<\/span><\/span><div style=\"padding-left:100px\" class=\"robots-nocontent\"><cite>Otro punto muy visitado del Parque Nacional de los Glaciares (Glacier National Park) es el llamado Logan Pass, en donde hay un parking bastante grande , en comparaci\u00f3n con el resto de zonas en la carretera \u00abGoing to the Sun Road\u00bb, y en donde se pueden empezar numerosas caminatas. La carretera para llegar a este [&hellip;]<\/cite><\/div><\/div><\/li><li class=\"\"><div class=\"sya_postcontent\"><span class=\"sya_date\">  <span class=\"sya_sep\"> <\/span><\/span><a href=\"https:\/\/www.carlosyconchita.net\/rutas\/16-08-2019-st-mary-falls-y-virginia-falls\/\" class=\"sya_postlink post-13660\" rel=\"bookmark\">16-08-2019- St.Mary Falls y Virginia Falls<\/a> <span class=\"sya_categories\"><span class=\"sya_bracket\">(<\/span>0-Muy f\u00e1cil, 2 - De 5 a 10 km., Parque Nacional Glaciares, USA - Continente<span class=\"sya_bracket\">)<\/span><\/span><div style=\"padding-left:100px\" class=\"robots-nocontent\"><cite>Esta es una bonita y f\u00e1cil excursi\u00f3n para visitar las cascadas de St. Mary y de Virginia, en el Parque Nacional de los Glaciares (Glacier National Park-USA). Para llegar al punto de inicio, deberemos ir por la carretera \u00abGoing to the Sun Road\u00bb hasta llegar a la parada de autob\u00fas \u00abSt. Mary Falls\u00bb, pero como [&hellip;]<\/cite><\/div><\/div><\/li><li class=\"\"><div class=\"sya_postcontent\"><span class=\"sya_date\">  <span class=\"sya_sep\"> <\/span><\/span><a href=\"https:\/\/www.carlosyconchita.net\/rutas\/15-08-2019-glacier-grinnell-usa\/\" class=\"sya_postlink post-13684\" rel=\"bookmark\">15-08-2019-Glacier Grinnell (USA)<\/a> <span class=\"sya_categories\"><span class=\"sya_bracket\">(<\/span>2-Moderada, 4 - De 15 a 20 km., Parque Nacional Glaciares<span class=\"sya_bracket\">)<\/span><\/span><div style=\"padding-left:100px\" class=\"robots-nocontent\"><cite>Esta es una de las m\u00e1s bonitas excursiones que hemos hecho y que por tanto a\u00f1adimos a nuestra lista de las m\u00e1s bonitas,\u00a0 que podemos ver en esta web , tanto en la pagina inicial en \u00abNuestras rutas preferidas\u00bb como en el apartado de \u00abMinirecords\u00bb. Para llegar al punto de inicio deberemos coger la carretera [&hellip;]<\/cite><\/div><\/div><\/li><li class=\"\"><div class=\"sya_postcontent\"><span class=\"sya_date\">  <span class=\"sya_sep\"> <\/span><\/span><a href=\"https:\/\/www.carlosyconchita.net\/rutas\/13-08-2019-mammoth-springs-terraces-usa\/\" class=\"sya_postlink post-13675\" rel=\"bookmark\">13-08-2019-Mammoth Springs Terraces (USA)<\/a> <span class=\"sya_categories\"><span class=\"sya_bracket\">(<\/span>0-Muy f\u00e1cil, 1 - Hasta 5 km., Parque Nacional Yellowstone<span class=\"sya_bracket\">)<\/span><\/span><div style=\"padding-left:100px\" class=\"robots-nocontent\"><cite>Este es uno de los puntos m\u00e1s t\u00edpicos de visita en Yellowstone, y consiste en una especie de terrazas calc\u00e1reas formadas por el agua caliente, con geyseres, y con diversos y muchos colores distintos. Hay varios sitios para aparcar, siempre muy llenos, y nosotros conseguimos hacerlo en la parte alta, en la Upper Terrace Drive, [&hellip;]<\/cite><\/div><\/div><\/li><li class=\"\"><div class=\"sya_postcontent\"><span class=\"sya_date\">  <span class=\"sya_sep\"> <\/span><\/span><a href=\"https:\/\/www.carlosyconchita.net\/rutas\/12-08-2019-miradores-grand-canyon-yellowstone-usa\/\" class=\"sya_postlink post-13708\" rel=\"bookmark\">12-08-2019-Miradores Grand Canyon Yellowstone (USA)<\/a> <span class=\"sya_categories\"><span class=\"sya_bracket\">(<\/span>1 - Hasta 5 km., 1-F\u00e1cil, Parque Nacional Yellowstone<span class=\"sya_bracket\">)<\/span><\/span><div style=\"padding-left:100px\" class=\"robots-nocontent\"><cite>Esta ma\u00f1ana hemos hecho un bonito recorrido caminando por el South Rim Grand Canyon (ver\u00a0 12-08-2019-SOUTH RIM GRAND CANYON YELLOWSTONE (USA)\u00a0 )\u00a0 que como su nombre indica va por la orilla sur del Gran Ca\u00f1on de Yellowstone, y ahora por la tarde vamos a recorrer la orilla norte del mismo (North Rim Trail),\u00a0 pero esta [&hellip;]<\/cite><\/div><\/div><\/li><li class=\"\"><div class=\"sya_postcontent\"><span class=\"sya_date\">  <span class=\"sya_sep\"> <\/span><\/span><a href=\"https:\/\/www.carlosyconchita.net\/rutas\/12-08-2019-south-rim-grand-canyon-yellowstone-usa\/\" class=\"sya_postlink post-13390\" rel=\"bookmark\">12-08-2019-South Rim Grand Canyon Yellowstone (USA)<\/a> <span class=\"sya_categories\"><span class=\"sya_bracket\">(<\/span>1-F\u00e1cil, 3 - De 10 a 15 km., Parque Nacional Yellowstone<span class=\"sya_bracket\">)<\/span><\/span><div style=\"padding-left:100px\" class=\"robots-nocontent\"><cite>Hoy haremos una bonita caminata por el South Rim del Grand Canyon de Yellowstone, algo as\u00ed como el recorrido por el borde sur del mismo, al igual que hicimos el a\u00f1o pasado en el Grand Ca\u00f1on del Colorado. Dado que queremos hacer un recorrido circular,\u00a0 con lo cual no tiene ninguna variaci\u00f3n el empezar por [&hellip;]<\/cite><\/div><\/div><\/li><li class=\"\"><div class=\"sya_postcontent\"><span class=\"sya_date\">  <span class=\"sya_sep\"> <\/span><\/span><a href=\"https:\/\/www.carlosyconchita.net\/rutas\/11-08-2019-grand-prismatic-y-fairy-falls-usa\/\" class=\"sya_postlink post-13378\" rel=\"bookmark\">11-08-2019-Grand Prismatic y Fairy Falls (USA)<\/a> <span class=\"sya_categories\"><span class=\"sya_bracket\">(<\/span>1-F\u00e1cil, 2 - De 5 a 10 km., Parque Nacional Yellowstone<span class=\"sya_bracket\">)<\/span><\/span><div style=\"padding-left:100px\" class=\"robots-nocontent\"><cite>Ayer visitamos el Grand Prismatic y hoy aprovechando que iremos a ver las Fairy Falls, subiremos a un mirador desde el que podremos ver mucho mejor los colores de este geyser. La caminata no empieza en el parking del geyser Grand Prismatic, sino un poco m\u00e1s adelante en la misma carretera Grand Loop Road, en [&hellip;]<\/cite><\/div><\/div><\/li><li class=\"\"><div class=\"sya_postcontent\"><span class=\"sya_date\">  <span class=\"sya_sep\"> <\/span><\/span><a href=\"https:\/\/www.carlosyconchita.net\/rutas\/11-08-2019-ojo-caliente-yellowstone\/\" class=\"sya_postlink post-13721\" rel=\"bookmark\">11-08-2019-Ojo Caliente (Yellowstone)<\/a> <span class=\"sya_categories\"><span class=\"sya_bracket\">(<\/span>1-F\u00e1cil, 3 - De 10 a 15 km., Parque Nacional Yellowstone<span class=\"sya_bracket\">)<\/span><\/span><div style=\"padding-left:100px\" class=\"robots-nocontent\"><cite>Esta ma\u00f1ana hemos\u00a0 hecho una bonita y f\u00e1cil excursi\u00f3n para ver el geyser del Grand Prismatic desde un mirador, desde donde se aprecia mucho mejor el colorido del mismo , y despu\u00e9s continuamos para llegar a las Fairy Falls.\u00a0\u00a0 (ver\u00a0 11-08-2019-Grand Prismatic y Fairy Falls (USA) ) Despu\u00e9s hemos ido con el coche a ver [&hellip;]<\/cite><\/div><\/div><\/li><li class=\"\"><div class=\"sya_postcontent\"><span class=\"sya_date\">  <span class=\"sya_sep\"> <\/span><\/span><a href=\"https:\/\/www.carlosyconchita.net\/rutas\/10-08-2019-geyser-grand-prismatic-usa\/\" class=\"sya_postlink post-13371\" rel=\"bookmark\">10-08-2019- Geyser Grand Prismatic (USA)<\/a> <span class=\"sya_categories\"><span class=\"sya_bracket\">(<\/span>0-Muy f\u00e1cil, 1 - Hasta 5 km., Parque Nacional Yellowstone<span class=\"sya_bracket\">)<\/span><\/span><div style=\"padding-left:100px\" class=\"robots-nocontent\"><cite>Peque\u00f1a caminata para ver uno de los geyseres m\u00e1s conocidos de Yellowstone, por su colores, el Grand Prismatic. Debido\u00a0 a la gran cantidad de gente que hab\u00eda, hemos tenido que aparcar en la carretera, bastante alejado del parking, con lo que casi hemos caminado m\u00e1s para ir y llegar al coche que en el recorrido, [&hellip;]<\/cite><\/div><\/div><\/li><li class=\"\"><div class=\"sya_postcontent\"><span class=\"sya_date\">  <span class=\"sya_sep\"> <\/span><\/span><a href=\"https:\/\/www.carlosyconchita.net\/rutas\/09-08-2019-mystic-falls-yellowstone-usa\/\" class=\"sya_postlink post-13348\" rel=\"bookmark\">09-08-2019-Mystic Falls  (Yellowstone-USA)<\/a> <span class=\"sya_categories\"><span class=\"sya_bracket\">(<\/span>1 - Hasta 5 km., 1-F\u00e1cil, Parque Nacional Yellowstone<span class=\"sya_bracket\">)<\/span><\/span><div style=\"padding-left:100px\" class=\"robots-nocontent\"><cite>Caminata para llegar hasta las Mystic Falls, con un bonito recorrido que alterna el paso por bosques y por el lado del r\u00edo Little Firehole River. &nbsp; Album de fotos &nbsp; Track de la ruta [sgpx gpx=\u00bb\/wp-content\/uploads\/gpx\/MysticFalls.gpx\u00bb] &nbsp; &nbsp; Si te ha gustado, comp\u00e1rtelo en tu red favorita o env\u00edanos tu comentario. Muchas gracias ! [&hellip;]<\/cite><\/div><\/div><\/li><li class=\"\"><div class=\"sya_postcontent\"><span class=\"sya_date\">  <span class=\"sya_sep\"> <\/span><\/span><a href=\"https:\/\/www.carlosyconchita.net\/rutas\/09-08-2019-old-faithfull-y-geyseres-yellowstone-usa\/\" class=\"sya_postlink post-13342\" rel=\"bookmark\">09-08-2019-Old Faithfull y geyseres &#8211; Yellowstone (USA)<\/a> <span class=\"sya_categories\"><span class=\"sya_bracket\">(<\/span>1-F\u00e1cil, 2 - De 5 a 10 km., Parque Nacional Yellowstone<span class=\"sya_bracket\">)<\/span><\/span><div style=\"padding-left:100px\" class=\"robots-nocontent\"><cite>&nbsp; F\u00e1cil, pero larga caminata en Yellowstone, para recorrer todos los geyseres de la zona, empezando por el m\u00e1s famoso, el Old Faithfull, que veremos subiendo a un mirador situado en un mont\u00edculo cercano. Despu\u00e9s de ver algunas de sus \u00aberupciones\u00bb,\u00a0 bajaremos por el otro lado del mont\u00edculo y seguiremos las pasarelas y caminos para [&hellip;]<\/cite><\/div><\/div><\/li><li class=\"\"><div class=\"sya_postcontent\"><span class=\"sya_date\">  <span class=\"sya_sep\"> <\/span><\/span><a href=\"https:\/\/www.carlosyconchita.net\/rutas\/08-08-2019-jenny-lake-y-hidden-falls-grand-teton\/\" class=\"sya_postlink post-13329\" rel=\"bookmark\">08-08-2019-Jenny Lake y Hidden Falls (Grand Teton-USA)<\/a> <span class=\"sya_categories\"><span class=\"sya_bracket\">(<\/span>1-F\u00e1cil, 3 - De 10 a 15 km., Parque Nacional Grand Teton<span class=\"sya_bracket\">)<\/span><\/span><div style=\"padding-left:100px\" class=\"robots-nocontent\"><cite>Bonita pero corta excursi\u00f3n partiendo del Jenny Lake, siguiendo el camino que lleva a Cascade Canyon, pero que debido a la fuerte lluvia cuando llevabamos unos 4 kms., y a la tormenta que ve\u00edamos en lo alto de las monta\u00f1as, tuvimos que cancelar y volver. Por suerte, a la vuelta por lo visto corrimos m\u00e1s [&hellip;]<\/cite><\/div><\/div><\/li><li class=\"\"><div class=\"sya_postcontent\"><span class=\"sya_date\">  <span class=\"sya_sep\"> <\/span><\/span><a href=\"https:\/\/www.carlosyconchita.net\/rutas\/03-08-2019-picos-de-madres-y-roc-negre\/\" class=\"sya_postlink post-13172\" rel=\"bookmark\">03-08-2019-Picos de Madres (100 Cims) y Roc Negre<\/a> <span class=\"sya_categories\"><span class=\"sya_bracket\">(<\/span>100 Cims Carlos y Conchita, 100 Cims FEEC, 2-Moderada, 3 - De 10 a 15 km., 3-Dif\u00edcil, Sansa - Ayguatebia<span class=\"sya_bracket\">)<\/span><\/span><div style=\"padding-left:100px\" class=\"robots-nocontent\"><cite>Hace bastante tiempo que ten\u00edamos pendiente de hacer esta excursi\u00f3n, ya que a causa de un paso que sab\u00edamos que era dificil entre estos dos picos, no quer\u00edamos hacerla nosotros solos, al igual que Lluis y Asun, pero finalmente hemos conseguido ponernos de acuerdo todos y as\u00ed tambi\u00e9n han venido con nosotros Carme, Miquel y [&hellip;]<\/cite><\/div><\/div><\/li><li class=\"\"><div class=\"sya_postcontent\"><span class=\"sya_date\">  <span class=\"sya_sep\"> <\/span><\/span><a href=\"https:\/\/www.carlosyconchita.net\/rutas\/02-08-2019-borna-558-coll-de-manrella\/\" class=\"sya_postlink post-13127\" rel=\"bookmark\">02-08-2019-Borna 558 (Coll de Manrella)<\/a> <span class=\"sya_categories\"><span class=\"sya_bracket\">(<\/span>1 - Hasta 5 km., 2-Moderada, Mojones \/ Bornas frontera ES-FR<span class=\"sya_bracket\">)<\/span><\/span><div style=\"padding-left:100px\" class=\"robots-nocontent\"><cite>Finalmente, al cuarto intento conseguimos llegar a la borna 558 !<\/cite><\/div><\/div><\/li><li class=\"\"><div class=\"sya_postcontent\"><span class=\"sya_date\">  <span class=\"sya_sep\"> <\/span><\/span><a href=\"https:\/\/www.carlosyconchita.net\/rutas\/26-07-2019-bornas-554-557-coll-de-manrella\/\" class=\"sya_postlink post-13102\" rel=\"bookmark\">26-07-2019-Bornas 554-557, con intento 558 (Coll de Manrella)<\/a> <span class=\"sya_categories\"><span class=\"sya_bracket\">(<\/span>2 - De 5 a 10 km., 2-Moderada, Mojones \/ Bornas frontera ES-FR<span class=\"sya_bracket\">)<\/span><\/span><div style=\"padding-left:100px\" class=\"robots-nocontent\"><cite>Desde un poco antes del Coll de Manrella, siguiendo el camino al Santuario de Mare de Deu de Les Salines, llegamos al Coll de Lli, y localizamos las bornas 554 a 557.\r\nTambien hacemos 2 intentos para llegar a la 558 desde dos puntos distintos, sin conseguirlo.<\/cite><\/div><\/div><\/li><li class=\"\"><div class=\"sya_postcontent\"><span class=\"sya_date\">  <span class=\"sya_sep\"> <\/span><\/span><a href=\"https:\/\/www.carlosyconchita.net\/rutas\/21-07-2019-bornas-528-530-hostal-de-la-muga\/\" class=\"sya_postlink post-13085\" rel=\"bookmark\">21-07-2019-Bornas 528-530 (Hostal de la Muga)<\/a> <span class=\"sya_categories\"><span class=\"sya_bracket\">(<\/span>1 - Hasta 5 km., 1-F\u00e1cil, Mojones \/ Bornas frontera ES-FR<span class=\"sya_bracket\">)<\/span><\/span><div style=\"padding-left:100px\" class=\"robots-nocontent\"><cite>Por la zona del Hostal de la Muga, localizamos las bornas 528, 529 y 530 que nos quedaron pendientes el pasado dia 6 de julio.<\/cite><\/div><\/div><\/li><li class=\"\"><div class=\"sya_postcontent\"><span class=\"sya_date\">  <span class=\"sya_sep\"> <\/span><\/span><a href=\"https:\/\/www.carlosyconchita.net\/rutas\/13-07-2019-bornas-559-561-coll-de-manrella\/\" class=\"sya_postlink post-13051\" rel=\"bookmark\">13-07-2019-Bornas 559-561, con intento 558 (Coll de Manrella)<\/a> <span class=\"sya_categories\"><span class=\"sya_bracket\">(<\/span>1 - Hasta 5 km., 1-F\u00e1cil, Mojones \/ Bornas frontera ES-FR<span class=\"sya_bracket\">)<\/span><\/span><div style=\"padding-left:100px\" class=\"robots-nocontent\"><cite>Desde el Coll de Manrella localizamos las bornas 559,560 y 561, e intentamos llegar a la 558, pero debido a la espesa vegetaci\u00f3n y zarzas no podemos pasar por donde ten\u00edamos previsto.<\/cite><\/div><\/div><\/li><li class=\"\"><div class=\"sya_postcontent\"><span class=\"sya_date\">  <span class=\"sya_sep\"> <\/span><\/span><a href=\"https:\/\/www.carlosyconchita.net\/rutas\/13-07-2019-bornas-562-566-le-perthus\/\" class=\"sya_postlink post-13069\" rel=\"bookmark\">13-07-2019-Bornas 562-566 (Le Perthus)<\/a> <span class=\"sya_categories\"><span class=\"sya_bracket\">(<\/span>0-Muy f\u00e1cil, 2 - De 5 a 10 km., Mojones \/ Bornas frontera ES-FR<span class=\"sya_bracket\">)<\/span><\/span><div style=\"padding-left:100px\" class=\"robots-nocontent\"><cite>Recorrido en coche desde las ruinas romanas cerca del Fort de Bellegarde (Le Perthus), para localizar las bornas 562 a 566.\r\nY una caminata a pi\u00e9 desde la borna 569 que est\u00e1 al lado de un peque\u00f1o Cementerio, para intentar llegar a la 573, cosa que no conseguimos.<\/cite><\/div><\/div><\/li><li class=\"\"><div class=\"sya_postcontent\"><span class=\"sya_date\">  <span class=\"sya_sep\"> <\/span><\/span><a href=\"https:\/\/www.carlosyconchita.net\/rutas\/06-07-2019-bornas-531-535-hostal-de-la-muga\/\" class=\"sya_postlink post-13039\" rel=\"bookmark\">06-07-2019-Bornas 531-535 (Hostal de la Muga)<\/a> <span class=\"sya_categories\"><span class=\"sya_bracket\">(<\/span>2 - De 5 a 10 km., 2-Moderada, Mojones \/ Bornas frontera ES-FR<span class=\"sya_bracket\">)<\/span><\/span><div style=\"padding-left:100px\" class=\"robots-nocontent\"><cite>Por la zona del Hostal de la Muga, localizamos las bornas 535 a 531, pero no continuamos hasta la 528 que era nuestra intenci\u00f3n debido al fuerte calor.<\/cite><\/div><\/div><\/li><li class=\"\"><div class=\"sya_postcontent\"><span class=\"sya_date\">  <span class=\"sya_sep\"> <\/span><\/span><a href=\"https:\/\/www.carlosyconchita.net\/rutas\/22-06-2019-st-quirze-de-pedret-cal-rosal\/\" class=\"sya_postlink post-13029\" rel=\"bookmark\">22-06-2019-St. Quirze de Pedret-Cal Rosal<\/a> <span class=\"sya_categories\"><span class=\"sya_bracket\">(<\/span>0-Muy f\u00e1cil, 2 - De 5 a 10 km., Barcelona, Bergad\u00e1<span class=\"sya_bracket\">)<\/span><\/span><div style=\"padding-left:100px\" class=\"robots-nocontent\"><cite>Hoy nos dirigimos a Berga, para hacer una f\u00e1cil excursi\u00f3n por los alrededores, desde la Ermita de St. Quirze de Pedret hasta Cal Rosal, por la llamada V\u00eda Verda del Carrilet, antigua v\u00eda del tren, por lo que pasaremos por varios t\u00faneles, siguiendo el r\u00edo Llobregat, con un magn\u00edfico aspecto, para los que estamos acostumbrados [&hellip;]<\/cite><\/div><\/div><\/li><li class=\"\"><div class=\"sya_postcontent\"><span class=\"sya_date\">  <span class=\"sya_sep\"> <\/span><\/span><a href=\"https:\/\/www.carlosyconchita.net\/rutas\/17-06-2019-sierra-de-albarracin\/\" class=\"sya_postlink post-12977\" rel=\"bookmark\">17-06-2019-Sierra de Albarrac\u00edn (P\u00e1gina principal)<\/a> <span class=\"sya_categories\"><span class=\"sya_bracket\">(<\/span>Teruel<span class=\"sya_bracket\">)<\/span><\/span><div style=\"padding-left:100px\" class=\"robots-nocontent\"><cite>Sierra de Albarrac\u00edn 14-06-2019-Albarrac\u00edn\u00a0 \u00a0(Fotos) 14-06-2019-Varios Sierra Albarrac\u00edn\u00a0\u00a0\u00a0 \u00a0(Fotos) 14-06-2019-Campamento de los Maquis (Sierra Albarrac\u00edn) (Ruta y fotos) 15-06-2019-Estrechos rio Ebr\u00f3n y cascada Calicanto\u00a0 (Sierra Albarrac\u00edn)\u00a0 (Ruta y fotos) 16-06-2019-Cascada Batida (Sierra Albarrac\u00edn)\u00a0\u00a0 \u00a0(Fotos) 16-06-2019-Ojos del Rio Cabriel y Cascada San Pedro (Sierra Albarrac\u00edn)\u00a0\u00a0 (Ruta y fotos) 16-06-2019-Barranco de la Hoz (Sierra Albarrac\u00edn)\u00a0\u00a0\u00a0 (Ruta y [&hellip;]<\/cite><\/div><\/div><\/li><li class=\"\"><div class=\"sya_postcontent\"><span class=\"sya_date\">  <span class=\"sya_sep\"> <\/span><\/span><a href=\"https:\/\/www.carlosyconchita.net\/rutas\/16-06-2019-barranco-de-la-hoz-sierra-albarracin\/\" class=\"sya_postlink post-13020\" rel=\"bookmark\">16-06-2019-Barranco de la Hoz (Sierra Albarrac\u00edn)<\/a> <span class=\"sya_categories\"><span class=\"sya_bracket\">(<\/span>2 - De 5 a 10 km., 2-Moderada, Teruel<span class=\"sya_bracket\">)<\/span><\/span><div style=\"padding-left:100px\" class=\"robots-nocontent\"><cite>Despu\u00e9s de hacer por la ma\u00f1ana la ruta de los Ojos del Rio Cabriel, nos dirigimos a Calomarde, para hacer por la tarde la del Barranco de la Hoz, y aprovechar as\u00ed las \u00faltimas horas en la bonita zona de la Sierra de Albarrac\u00edn, ya que ma\u00f1ana volvemos a casa, aunque pasaremos por la ma\u00f1ana [&hellip;]<\/cite><\/div><\/div><\/li><li class=\"\"><div class=\"sya_postcontent\"><span class=\"sya_date\">  <span class=\"sya_sep\"> <\/span><\/span><a href=\"https:\/\/www.carlosyconchita.net\/rutas\/16-06-2019-ojos-del-rio-cabriel-y-cascada-san-pedro\/\" class=\"sya_postlink post-13009\" rel=\"bookmark\">16-06-2019-Ojos del Rio Cabriel y Cascada San Pedro<\/a> <span class=\"sya_categories\"><span class=\"sya_bracket\">(<\/span>1-F\u00e1cil, 2 - De 5 a 10 km., Teruel<span class=\"sya_bracket\">)<\/span><\/span><div style=\"padding-left:100px\" class=\"robots-nocontent\"><cite>Dejamos el coche en el pueblo de El Vallecillo y siguiendo un letrero que nos lo indica, empezamos a caminar en direccion a los Ojos del R\u00edo Cabriel, por un camino de tierra que durante unos metros va paralelo a la carretera, y poco despu\u00e9s llegamos a una explanada con varios carteles informativos, y donde [&hellip;]<\/cite><\/div><\/div><\/li><li class=\"\"><div class=\"sya_postcontent\"><span class=\"sya_date\">  <span class=\"sya_sep\"> <\/span><\/span><a href=\"https:\/\/www.carlosyconchita.net\/rutas\/15-06-2019-estrechos-rio-ebron-y-cascada-calicanto\/\" class=\"sya_postlink post-12997\" rel=\"bookmark\">15-06-2019-Estrechos rio Ebr\u00f3n y cascada Calicanto<\/a> <span class=\"sya_categories\"><span class=\"sya_bracket\">(<\/span>2 - De 5 a 10 km., 2-Moderada, Teruel<span class=\"sya_bracket\">)<\/span><\/span><div style=\"padding-left:100px\" class=\"robots-nocontent\"><cite>Hoy hemos hecho una muy bonita excursi\u00f3n por la zona de la Sierra de Albarrac\u00edn, para recorrer los estrechos del rio Ebr\u00f3n, empezando en el pueblo de El Cuervo y terminando muy cerca de Torm\u00f3n, concretamente en la bonita cascada de Calicanto. En realidad no hemos empezado en el mismo pueblo de El Cuervo, sino [&hellip;]<\/cite><\/div><\/div><\/li><li class=\"\"><div class=\"sya_postcontent\"><span class=\"sya_date\">  <span class=\"sya_sep\"> <\/span><\/span><a href=\"https:\/\/www.carlosyconchita.net\/rutas\/14-06-2019-campamento-de-los-maquis-sierra-de-albarracin\/\" class=\"sya_postlink post-12983\" rel=\"bookmark\">14-06-2019-Campamento de los maquis (Sierra de Albarrac\u00edn)<\/a> <span class=\"sya_categories\"><span class=\"sya_bracket\">(<\/span>2 - De 5 a 10 km., 2-Moderada, Teruel<span class=\"sya_bracket\">)<\/span><\/span><div style=\"padding-left:100px\" class=\"robots-nocontent\"><cite>Para llegar al punto de partida de la excursi\u00f3n al Campamento de los maquis, deberemos dirigirnos por una pista de tierra en muy buen estado a la Casa Forestal de Ligros , actualmente abandonada.\u00a0 Para localizar la ruta exacta para llegar a la Casa Forestal de Ligros, podemos buscarlo por Internet, ya que depender\u00e1 de [&hellip;]<\/cite><\/div><\/div><\/li><li class=\"\"><div class=\"sya_postcontent\"><span class=\"sya_date\">  <span class=\"sya_sep\"> <\/span><\/span><a href=\"https:\/\/www.carlosyconchita.net\/rutas\/09-06-2019-la-jonquera-bornas-574-581\/\" class=\"sya_postlink post-12957\" rel=\"bookmark\">09-06-2019-La Jonquera (bornas 574-581)<\/a> <span class=\"sya_categories\"><span class=\"sya_bracket\">(<\/span>1-F\u00e1cil, 3 - De 10 a 15 km., Mojones \/ Bornas frontera ES-FR<span class=\"sya_bracket\">)<\/span><\/span><div style=\"padding-left:100px\" class=\"robots-nocontent\"><cite>Excursi\u00f3n por la zona de la Jonquera, para localizar las bornas 574 a 581<\/cite><\/div><\/div><\/li><li class=\"\"><div class=\"sya_postcontent\"><span class=\"sya_date\">  <span class=\"sya_sep\"> <\/span><\/span><a href=\"https:\/\/www.carlosyconchita.net\/rutas\/02-06-2019-refugios-de-planes-y-de-la-matte\/\" class=\"sya_postlink post-12950\" rel=\"bookmark\">02-06-2019-Refugios de Plan\u00e9s y de la Matte<\/a> <span class=\"sya_categories\"><span class=\"sya_bracket\">(<\/span>1-F\u00e1cil, 2 - De 5 a 10 km., Saillagosa<span class=\"sya_bracket\">)<\/span><\/span><div style=\"padding-left:100px\" class=\"robots-nocontent\"><cite>Bonita excursi\u00f3n en la zona de la estaci\u00f3n de ski de Puigmal\u00a0 , zona por la que hemos caminado muchas veces, pero esta vez, en vez de subir, hemos bajado hasta el r\u00edo de la Ribera de Err\u00a0 ( ver\u00a0 31-05-2015 \u2013 LAS FUENTES DE LA RIBERA DE ERR\u00a0 ) ,\u00a0\u00a0 en donde\u00a0 encontraremos el [&hellip;]<\/cite><\/div><\/div><\/li><li class=\"\"><div class=\"sya_postcontent\"><span class=\"sya_date\">  <span class=\"sya_sep\"> <\/span><\/span><a href=\"https:\/\/www.carlosyconchita.net\/rutas\/01-06-2019-bellver-cueva-anes-orden\/\" class=\"sya_postlink post-12937\" rel=\"bookmark\">01-06-2019-Bellver-Cueva An\u00e9s-Ord\u00e9n<\/a> <span class=\"sya_categories\"><span class=\"sya_bracket\">(<\/span>2-Moderada, 3 - De 10 a 15 km., Cerdanya Sur-Cad\u00ed-Moixer\u00f3, Lleida<span class=\"sya_bracket\">)<\/span><\/span><div style=\"padding-left:100px\" class=\"robots-nocontent\"><cite>Hoy hacemos una excursi\u00f3n empezando en Bellver, que nos llevar\u00e1\u00a0 a la Cueva de An\u00e9s, a la Mas\u00eda de An\u00e9s y ermita de Sant Mamet, al pueblo de Ord\u00e9n, y desde all\u00ed,\u00a0 Bellver.\u00a0 A Ord\u00e9n hab\u00edamos ido ya anteriormente el d\u00eda :\u00a0\u00a008-12-2013 \u2013 CORT\u00c1S, ORD\u00c9N Llegando a Bellver desde Puigcerd\u00e1, casi al final del pueblo [&hellip;]<\/cite><\/div><\/div><\/li><li class=\"\"><div class=\"sya_postcontent\"><span class=\"sya_date\">  <span class=\"sya_sep\"> <\/span><\/span><a href=\"https:\/\/www.carlosyconchita.net\/rutas\/25-05-2019-rieras-de-grau-y-de-clara\/\" class=\"sya_postlink post-12929\" rel=\"bookmark\">25-05-2019-Rieras de Grau y de Clar\u00e1<\/a> <span class=\"sya_categories\"><span class=\"sya_bracket\">(<\/span>2-Moderada, 3 - De 10 a 15 km., Bergad\u00e1<span class=\"sya_bracket\">)<\/span><\/span><div style=\"padding-left:100px\" class=\"robots-nocontent\"><cite>Empezamos la caminata de hoy en Avi\u00e1, justo a la salida del pueblo por la C-26 (si se viene desde Barcelona), en la entrada del pol\u00edgono industrial de La Rovira, en donde podemos dejar el coche, aunque hoy, debido a una competici\u00f3n de motocross, nos han avisado que no lo dej\u00e1ramos muy alejado de la [&hellip;]<\/cite><\/div><\/div><\/li><li class=\"\"><div class=\"sya_postcontent\"><span class=\"sya_date\">  <span class=\"sya_sep\"> <\/span><\/span><a href=\"https:\/\/www.carlosyconchita.net\/rutas\/12-05-2019-castillo-llivia-fuentes-cascadas\/\" class=\"sya_postlink post-12879\" rel=\"bookmark\">12-05-2019-Castillo Ll\u00edvia-Fuentes-Cascadas<\/a> <span class=\"sya_categories\"><span class=\"sya_bracket\">(<\/span>1-F\u00e1cil, 2 - De 5 a 10 km., Saillagosa<span class=\"sya_bracket\">)<\/span><\/span><div style=\"padding-left:100px\" class=\"robots-nocontent\"><cite>Hace tiempo que ten\u00edamos pensado subir al castillo de Ll\u00edvia, o mejor a sus ruinas, porque a pesar de que lo tenemos a dos pasos nunca nos decid\u00edamos, pero finalmente lo hemos hecho. Como que realmente es una subida muy corta y f\u00e1cil , lo hemos alargado un poco para llegar a la Font del [&hellip;]<\/cite><\/div><\/div><\/li><li class=\"\"><div class=\"sya_postcontent\"><span class=\"sya_date\">  <span class=\"sya_sep\"> <\/span><\/span><a href=\"https:\/\/www.carlosyconchita.net\/rutas\/11-05-2019-pla-de-la-calme-refugios\/\" class=\"sya_postlink post-12864\" rel=\"bookmark\">11-05-2019-Pla de la Calme (refugios)<\/a> <span class=\"sya_categories\"><span class=\"sya_bracket\">(<\/span>1-F\u00e1cil, 2 - De 5 a 10 km., Font Romeu<span class=\"sya_bracket\">)<\/span><\/span><div style=\"padding-left:100px\" class=\"robots-nocontent\"><cite>Dado que hoy el d\u00eda est\u00e1 algo nublado, y para comprobar si se me hab\u00eda pasado el agotamiento de ayer que me impidi\u00f3 subir al Taga, hacemos una f\u00e1cil caminata por la zona de la Calma sin destino concreto, aunque al final nos dirigimos a los dos refugios que hay , el de Llobins y [&hellip;]<\/cite><\/div><\/div><\/li><li class=\"\"><div class=\"sya_postcontent\"><span class=\"sya_date\">  <span class=\"sya_sep\"> <\/span><\/span><a href=\"https:\/\/www.carlosyconchita.net\/rutas\/10-05-2019-picos-de-taga-y-sant-amand-copy\/\" class=\"sya_postlink post-15351\" rel=\"bookmark\">10-05-2019- Picos de Sant Amand y Taga (100 Cims)<\/a> <span class=\"sya_categories\"><span class=\"sya_bracket\">(<\/span>100 Cims Carlos y Conchita, 100 Cims FEEC, 2 - De 5 a 10 km., 2-Moderada, Ripoll\u00e9s<span class=\"sya_bracket\">)<\/span><\/span><div style=\"padding-left:100px\" class=\"robots-nocontent\"><cite>Desde Sant Joan de las Abadesas, nos dirigimos al Coll de Jou, que est\u00e1 justo enmedio de los dos picos a los que queremos subir hoy : el de Sant Amand y el Taga. All\u00ed dejamos el coche, subimos primero al Sant Amand, bajamos de nuevo al Coll de Jou, cruzamos la carretera y subimos [&hellip;]<\/cite><\/div><\/div><\/li><li class=\"\"><div class=\"sya_postcontent\"><span class=\"sya_date\">  <span class=\"sya_sep\"> <\/span><\/span><a href=\"https:\/\/www.carlosyconchita.net\/rutas\/20-04-2019-azores\/\" class=\"sya_postlink post-12728\" rel=\"bookmark\">20-04-2019-Azores (Indice)<\/a> <span class=\"sya_categories\"><span class=\"sya_bracket\">(<\/span>Azores<span class=\"sya_bracket\">)<\/span><\/span><div style=\"padding-left:100px\" class=\"robots-nocontent\"><cite>Resumen del viaje a las Azores\u00a0 (Islas Sao Miguel y Terceira) \u00a0 13-04-2018-Ponta Delgada &#8211; Fotos 14-04-2019-Sete Cidades \u00a0&#8211; Ruta 14-04-2019-Sete Cidades &#8211; Fotos 14-04-2019-Muro do Carvao &#8211; Fotos 14-04-2019-Lago do Canario \u00a0&#8211; Fotos 14-04-2019-Noroeste Isla Sao Miguel\u00a0&#8211; Fotos \u00a0 15-04-2019-Pico do Ferro &#8211; Ruta 15-04-2019-Pico do Ferro \u00a0&#8211; Fotos 15-04-2019-Lago de Furnas y fumarolas [&hellip;]<\/cite><\/div><\/div><\/li><li class=\"\"><div class=\"sya_postcontent\"><span class=\"sya_date\">  <span class=\"sya_sep\"> <\/span><\/span><a href=\"https:\/\/www.carlosyconchita.net\/rutas\/19-04-2019-fuertes-sao-sebastiao-azores\/\" class=\"sya_postlink post-12833\" rel=\"bookmark\">19-04-2019-Fuertes Sao Sebastiao (Azores)<\/a> <span class=\"sya_categories\"><span class=\"sya_bracket\">(<\/span>1-F\u00e1cil, 2 - De 5 a 10 km., Azores<span class=\"sya_bracket\">)<\/span><\/span><div style=\"padding-left:100px\" class=\"robots-nocontent\"><cite>Hoy haremos otra de las rutas t\u00edpicas de la isla de Terceira, (Fortes de Sao Sebastiao) que es un recorrido por la costa partiendo del Faro das Contendas y\u00a0 pasando por las ruinas de varias fortificaciones, aparte claro est\u00e1 de las bonitas vistas de la costa. (el recorrido \u00aboficial\u00bb se puede ver en el album [&hellip;]<\/cite><\/div><\/div><\/li><li class=\"\"><div class=\"sya_postcontent\"><span class=\"sya_date\">  <span class=\"sya_sep\"> <\/span><\/span><a href=\"https:\/\/www.carlosyconchita.net\/rutas\/18-04-2019-misterios-negros-pico-gaspar-azores\/\" class=\"sya_postlink post-12811\" rel=\"bookmark\">18-04-2019-Misterios Negros-Pico Gaspar (Azores)<\/a> <span class=\"sya_categories\"><span class=\"sya_bracket\">(<\/span>1-F\u00e1cil, 100 Cims Carlos y Conchita, 2 - De 5 a 10 km., Azores<span class=\"sya_bracket\">)<\/span><\/span><div style=\"padding-left:100px\" class=\"robots-nocontent\"><cite>El d\u00eda 18 visitamos 3\u00a0 puntos de inter\u00e9s de la isla de Terceira, que est\u00e1n muy cerca unos de otros, aparte de un recorrido con el coche por la costa noroeste, con el pueblo de Quatro Ribeiras y diversos acantilados. Los 3 puntos muy cercanos entre s\u00ed son las Furnas de Enxofre ( ver album [&hellip;]<\/cite><\/div><\/div><\/li><li class=\"\"><div class=\"sya_postcontent\"><span class=\"sya_date\">  <span class=\"sya_sep\"> <\/span><\/span><a href=\"https:\/\/www.carlosyconchita.net\/rutas\/16-04-2019-salto-do-cabrito-azores\/\" class=\"sya_postlink post-12790\" rel=\"bookmark\">16-04-2019-Salto do Cabrito (Azores)<\/a> <span class=\"sya_categories\"><span class=\"sya_bracket\">(<\/span>1-F\u00e1cil, 2 - De 5 a 10 km., Azores<span class=\"sya_bracket\">)<\/span><\/span><div style=\"padding-left:100px\" class=\"robots-nocontent\"><cite>Para llegar al Salto do Cabrito aparcamos en \u00a0Caldeiras de Ribeira Grande, donde hay una zona de aguas termales, \u00e1rea de recreo,\u00a0 y un restaurante\u00a0 y seguimos a\u00a0 a pi\u00e9 un corto tramo por la carretera asfaltada que lleva a la zona de una presa de la central hidroelectrica. Cuando se acaba la carretera asfaltada [&hellip;]<\/cite><\/div><\/div><\/li><li class=\"\"><div class=\"sya_postcontent\"><span class=\"sya_date\">  <span class=\"sya_sep\"> <\/span><\/span><a href=\"https:\/\/www.carlosyconchita.net\/rutas\/16-04-2019-lago-do-fogo-azores\/\" class=\"sya_postlink post-12781\" rel=\"bookmark\">16-04-2019-Lago do Fogo (Azores)<\/a> <span class=\"sya_categories\"><span class=\"sya_bracket\">(<\/span>1 - Hasta 5 km., 1-F\u00e1cil, Azores<span class=\"sya_bracket\">)<\/span><\/span><div style=\"padding-left:100px\" class=\"robots-nocontent\"><cite>Como casi cada d\u00eda, amanece con bastantes nubes y lloviznando a ratos, pero nos dirigimos a la zona del Lago do Fogo , que est\u00e1 en el cr\u00e1ter de un antiguo volc\u00e1n ( \u00c1gua de Pau), como casi todos los lagos de la isla, con un paisaje fant\u00e1stico por las vistas del lago y la [&hellip;]<\/cite><\/div><\/div><\/li><li class=\"\"><div class=\"sya_postcontent\"><span class=\"sya_date\">  <span class=\"sya_sep\"> <\/span><\/span><a href=\"https:\/\/www.carlosyconchita.net\/rutas\/15-04-2019-pico-do-ferro-azores\/\" class=\"sya_postlink post-12760\" rel=\"bookmark\">15-04-2019-Pico do Ferro (Azores)<\/a> <span class=\"sya_categories\"><span class=\"sya_bracket\">(<\/span>1 - Hasta 5 km., 1-F\u00e1cil, 100 Cims Carlos y Conchita, Azores<span class=\"sya_bracket\">)<\/span><\/span><div style=\"padding-left:100px\" class=\"robots-nocontent\"><cite>Desde el lago de Furnas, cerca del pueblo del mismo nombre, subimos al Pico do Ferro , desde donde hay unas bonitas vistas del lago y de toda la zona, siempre que la niebla nos lo permita. El coche se puede dejar en un parking al lado mismo del lago y de la zona de [&hellip;]<\/cite><\/div><\/div><\/li><li class=\"\"><div class=\"sya_postcontent\"><span class=\"sya_date\">  <span class=\"sya_sep\"> <\/span><\/span><a href=\"https:\/\/www.carlosyconchita.net\/rutas\/14-04-2019-sete-cidades-azores\/\" class=\"sya_postlink post-12744\" rel=\"bookmark\">14-04-2019-Sete Cidades (Azores)<\/a> <span class=\"sya_categories\"><span class=\"sya_bracket\">(<\/span>1-F\u00e1cil, 2 - De 5 a 10 km., Azores<span class=\"sya_bracket\">)<\/span><\/span><div style=\"padding-left:100px\" class=\"robots-nocontent\"><cite>La zona de Sete Cidades es una de las m\u00e1s visitadas en la isla de Sao Miguel (Azores), por la belleza del lugar, con muchos lagos y unas vistas magn\u00edficas, tanto si se va s\u00f3lo en coche como si se camina por alguno de los numerosos senderos de la zona, , con lagunas y valles [&hellip;]<\/cite><\/div><\/div><\/li><li class=\"\"><div class=\"sya_postcontent\"><span class=\"sya_date\">  <span class=\"sya_sep\"> <\/span><\/span><a href=\"https:\/\/www.carlosyconchita.net\/rutas\/30-03-2019-cul-de-la-portadora\/\" class=\"sya_postlink post-12696\" rel=\"bookmark\">30-03-2019-Cul de la Portadora<\/a> <span class=\"sya_categories\"><span class=\"sya_bracket\">(<\/span>1-F\u00e1cil, 100 Cims Carlos y Conchita, 2-Moderada, 3 - De 10 a 15 km., Baix Llobregat<span class=\"sya_bracket\">)<\/span><\/span><div style=\"padding-left:100px\" class=\"robots-nocontent\"><cite>Hoy hacemos una excursi\u00f3n a una peque\u00f1a cima, con un nombre un tanto extra\u00f1o (Cul de la Portadora), pero con unas bonitas vistas a Montserrat que podremos disfrutar durante casi todo el recorrido. El punto de inicio lo tenemos en la carretera C-58, en el km. 35.5, en donde hay un bar-restaurante (Restaurante Teresa), con [&hellip;]<\/cite><\/div><\/div><\/li><li class=\"\"><div class=\"sya_postcontent\"><span class=\"sya_date\">  <span class=\"sya_sep\"> <\/span><\/span><a href=\"https:\/\/www.carlosyconchita.net\/rutas\/23-03-2019-matagalls-sant-segimon\/\" class=\"sya_postlink post-12685\" rel=\"bookmark\">23-03-2019-Matagalls (100 Cims) -Sant Segim\u00f3n<\/a> <span class=\"sya_categories\"><span class=\"sya_bracket\">(<\/span>100 Cims Carlos y Conchita, 100 Cims FEEC, 2-Moderada, 3 - De 10 a 15 km., Montseny<span class=\"sya_bracket\">)<\/span><\/span><div style=\"padding-left:100px\" class=\"robots-nocontent\"><cite>Para empezar la excursi\u00f3n de hoy, nos dirigimos en coche al Coll Formic, en donde hay un restaurante, y una peque\u00f1a zona de parking que encontramos ya llena cuando llegamos nosotros, por lo que continuamos por la carretera unos 300 m. y antes de llegar\u00a0 a otro parking, a la izquierda hay un sitio donde [&hellip;]<\/cite><\/div><\/div><\/li><li class=\"\"><div class=\"sya_postcontent\"><span class=\"sya_date\">  <span class=\"sya_sep\"> <\/span><\/span><a href=\"https:\/\/www.carlosyconchita.net\/rutas\/16-03-2019-porte-puymorens\/\" class=\"sya_postlink post-12672\" rel=\"bookmark\">16-03-2019-Port\u00e9-Puymorens (raquetas)<\/a> <span class=\"sya_categories\"><span class=\"sya_bracket\">(<\/span>2 - De 5 a 10 km., 2-Moderada, Port\u00e9-Puymorens<span class=\"sya_bracket\">)<\/span><\/span><div style=\"padding-left:100px\" class=\"robots-nocontent\"><cite>Hoy hacemos una excursi\u00f3n con raquetas por la zona de Port\u00e9-Puymorens, empezando en el mismo Coll de Puymorens, donde podemos dejar el coche en el parking que hay, y caminando en direcci\u00f3n al fondo de la estaci\u00f3n de ski, hacia el Pic de la Mina, aunque no llegaremos a \u00e9l. El d\u00eda ha sido magn\u00edfico, [&hellip;]<\/cite><\/div><\/div><\/li><li class=\"\"><div class=\"sya_postcontent\"><span class=\"sya_date\">  <span class=\"sya_sep\"> <\/span><\/span><a href=\"https:\/\/www.carlosyconchita.net\/rutas\/09-03-2019-moncau-marquet-de-les-roques\/\" class=\"sya_postlink post-12655\" rel=\"bookmark\">09-03-2019-Moncau (100 Cims) -Marquet de les Roques<\/a> <span class=\"sya_categories\"><span class=\"sya_bracket\">(<\/span>100 Cims Carlos y Conchita, 100 Cims FEEC, 2 - De 5 a 10 km., 2-Moderada, Parc de Sant Lloren\u00e7 del Munt i Obiac<span class=\"sya_bracket\">)<\/span><\/span><div style=\"padding-left:100px\" class=\"robots-nocontent\"><cite>El pasado d\u00eda 24 de febrero, hicimos una excursi\u00f3n a la Mola, en donde est\u00e1 el monasterio de Sant Lloren\u00e7 de Munt (ver\u00a0 24-02-2019-LA MOLA (ST.LLOREN\u00c7 DEL MUNT) ) y desde la cima, uno de los picos que vimos y que nos hizo gracia por su forma, fu\u00e9 el del Moncau, as\u00ed que esta semana [&hellip;]<\/cite><\/div><\/div><\/li><li class=\"\"><div class=\"sya_postcontent\"><span class=\"sya_date\">  <span class=\"sya_sep\"> <\/span><\/span><a href=\"https:\/\/www.carlosyconchita.net\/rutas\/02-03-2019-puyvalador-raquetas\/\" class=\"sya_postlink post-12625\" rel=\"bookmark\">02-03-2019-Puyvalador (raquetas)<\/a> <span class=\"sya_categories\"><span class=\"sya_bracket\">(<\/span>2 - De 5 a 10 km., 2-Moderada, Formigueres \/ Puyvalador<span class=\"sya_bracket\">)<\/span><\/span><div style=\"padding-left:100px\" class=\"robots-nocontent\"><cite>Hoy hacemos una corta excursi\u00f3n con raquetas por la zona de la estaci\u00f3n de ski de Puyvalador, con nuestros amigos Lluis, Asun, Enric, M\u00aa Jos\u00e9, Joan y Carme, que ten\u00edan ganas de pisar la nieve. La clasificamos como moderada, ya que a pesar de su corto recorrido, tiene un considerable desnivel, ya que la caminata [&hellip;]<\/cite><\/div><\/div><\/li><li class=\"\"><div class=\"sya_postcontent\"><span class=\"sya_date\">  <span class=\"sya_sep\"> <\/span><\/span><a href=\"https:\/\/www.carlosyconchita.net\/rutas\/24-02-2019-la-mola-st-llorenc-del-munt\/\" class=\"sya_postlink post-12616\" rel=\"bookmark\">24-02-2019-La Mola (St.Lloren\u00e7 del Munt) &#8211; 100 Cims<\/a> <span class=\"sya_categories\"><span class=\"sya_bracket\">(<\/span>1-F\u00e1cil, 100 Cims Carlos y Conchita, 100 Cims FEEC, 2-Moderada, 3 - De 10 a 15 km., Parc de Sant Lloren\u00e7 del Munt i Obiac<span class=\"sya_bracket\">)<\/span><\/span><div style=\"padding-left:100px\" class=\"robots-nocontent\"><cite>Para subir a la Mola, donde est\u00e1 el Monasterio de Sant Lloren\u00e7 del Munt, nos dirigiremos a Matadepera, concretamente a la esquina entre la calle de la Carosa y la calle\u00a0 de Les Boixaderes , y all\u00ed muy cerca empieza un camino de tierra que\u00a0 nos llevar\u00e1 a la cima de la Mola. Como se [&hellip;]<\/cite><\/div><\/div><\/li><li class=\"\"><div class=\"sya_postcontent\"><span class=\"sya_date\">  <span class=\"sya_sep\"> <\/span><\/span><a href=\"https:\/\/www.carlosyconchita.net\/rutas\/17-02-2019-refugios-de-urus-y-cortal-den-vidal-raquetas\/\" class=\"sya_postlink post-12606\" rel=\"bookmark\">17-02-2019-Refugios de Ur\u00fas y Cortal d&#8217;En Vidal (raquetas)<\/a> <span class=\"sya_categories\"><span class=\"sya_bracket\">(<\/span>2 - De 5 a 10 km., 2-Moderada, Cerdanya Sur-Cad\u00ed-Moixer\u00f3<span class=\"sya_bracket\">)<\/span><\/span><div style=\"padding-left:100px\" class=\"robots-nocontent\"><cite>Hoy volvemos\u00a0 a la zona de Ur\u00fas con Lluis y Asun, para llegar hasta los refugios de Ur\u00fas (en alg\u00fan mapa est\u00e1 marcado como de la Pleta dels Ordiassos) y al refugio de Cortal d&#8217;en Vidal. Esta zona la hab\u00edamos visto cuando hicimos la ruta al Grau del Os ( ver\u00a0 05-01-2019-GRAU DEL OS\u00a0 )\u00a0 [&hellip;]<\/cite><\/div><\/div><\/li><li class=\"\"><div class=\"sya_postcontent\"><span class=\"sya_date\">  <span class=\"sya_sep\"> <\/span><\/span><a href=\"https:\/\/www.carlosyconchita.net\/rutas\/16-02-2019-lac-daude-raquetas\/\" class=\"sya_postlink post-12581\" rel=\"bookmark\">16-02-2019-Lac d&#8217;Aude (raquetas)<\/a> <span class=\"sya_categories\"><span class=\"sya_bracket\">(<\/span>2-Moderada, 3 - De 10 a 15 km., Les Angles<span class=\"sya_bracket\">)<\/span><\/span><div style=\"padding-left:100px\" class=\"robots-nocontent\"><cite>Hoy hemos hecho una excursi\u00f3n con raquetas, que nos quedaba pendiente por as\u00ed decir, en la zona de Les Angles, para llegar al lago del Aude, a donde hab\u00edamos ido tres veces por distintas rutas, pero sin raquetas : 19-07-2015 \u2013 LAGO D\u2019AUDE \u2013 LAGO BOULLOSAS 09-09-2012 \u2013 LAC D\u2019AUDE 05-06-2010 \u2013 TOUR DEL LAC [&hellip;]<\/cite><\/div><\/div><\/li><li class=\"\"><div class=\"sya_postcontent\"><span class=\"sya_date\">  <span class=\"sya_sep\"> <\/span><\/span><a href=\"https:\/\/www.carlosyconchita.net\/rutas\/10-02-2019-puig-cendros-sant-salvador-espases-copy\/\" class=\"sya_postlink post-15250\" rel=\"bookmark\">10-02-2019-Puig Cendr\u00f3s (y Sant Salvador Espases) (2 x 100 CIMS)<\/a> <span class=\"sya_categories\"><span class=\"sya_bracket\">(<\/span>1-F\u00e1cil, 100 Cims Carlos y Conchita, 100 Cims FEEC, 2 - De 5 a 10 km., Baix Llobregat<span class=\"sya_bracket\">)<\/span><\/span><div style=\"padding-left:100px\" class=\"robots-nocontent\"><cite>Nota : debido a que tanto el Puig Cendr\u00f3s\u00a0 como Sant Salvador de les Espases est\u00e1n en la lista de los 100 CIMS de la FEEC, publicamos 2 rutas iguales, para poder contar el n\u00famero de 100 CIMS que hemos hecho. &nbsp; Hoy hemos hecho una excursi\u00f3n\u00a0 con unas bonitas vistas de Montserrat, aparte claro [&hellip;]<\/cite><\/div><\/div><\/li><li class=\"\"><div class=\"sya_postcontent\"><span class=\"sya_date\">  <span class=\"sya_sep\"> <\/span><\/span><a href=\"https:\/\/www.carlosyconchita.net\/rutas\/10-02-2019-puig-cendros-sant-salvador-espases\/\" class=\"sya_postlink post-12573\" rel=\"bookmark\">10-02-2019-Sant Salvador Espases (y Puig Cendr\u00f3s ) (2 x 100 CIMS)<\/a> <span class=\"sya_categories\"><span class=\"sya_bracket\">(<\/span>1-F\u00e1cil, 100 Cims Carlos y Conchita, 100 Cims FEEC, 2 - De 5 a 10 km., Baix Llobregat<span class=\"sya_bracket\">)<\/span><\/span><div style=\"padding-left:100px\" class=\"robots-nocontent\"><cite>Nota : debido a que tanto el Puig Cendr\u00f3s\u00a0 como Sant Salvador de les Espases est\u00e1n en la lista de los 100 CIMS de la FEEC, publicamos 2 rutas iguales, para poder contar el n\u00famero de 100 CIMS que hemos hecho. Hoy hemos hecho una excursi\u00f3n\u00a0 con unas bonitas vistas de Montserrat, aparte claro est\u00e1 [&hellip;]<\/cite><\/div><\/div><\/li><li class=\"\"><div class=\"sya_postcontent\"><span class=\"sya_date\">  <span class=\"sya_sep\"> <\/span><\/span><a href=\"https:\/\/www.carlosyconchita.net\/rutas\/02-02-2019-lago-de-balcere-raquetas\/\" class=\"sya_postlink post-12491\" rel=\"bookmark\">02-02-2019-Lago de Balc\u00e9re (raquetas)<\/a> <span class=\"sya_categories\"><span class=\"sya_bracket\">(<\/span>1-F\u00e1cil, 2 - De 5 a 10 km., Les Angles<span class=\"sya_bracket\">)<\/span><\/span><div style=\"padding-left:100px\" class=\"robots-nocontent\"><cite>Hoy tenemos un d\u00eda todav\u00eda m\u00e1s complicado que ayer, ya que est\u00e1 nevando cuando salimos de casa en direcci\u00f3n a Les Angles, para intentar ir al lago de la Balmete, que es nuestra idea inicial. Pero cuando llegamos a la parte alta del pueblo, que es donde empieza el camino para ir a la Balmete [&hellip;]<\/cite><\/div><\/div><\/li><li class=\"\"><div class=\"sya_postcontent\"><span class=\"sya_date\">  <span class=\"sya_sep\"> <\/span><\/span><a href=\"https:\/\/www.carlosyconchita.net\/rutas\/01-02-2019-coll-de-pam\/\" class=\"sya_postlink post-12484\" rel=\"bookmark\">01-02-2019-Coll de Pam (raquetas)<\/a> <span class=\"sya_categories\"><span class=\"sya_bracket\">(<\/span>1-F\u00e1cil, 2 - De 5 a 10 km., Font Romeu<span class=\"sya_bracket\">)<\/span><\/span><div style=\"padding-left:100px\" class=\"robots-nocontent\"><cite>Hoy no tenemos muy buena previsi\u00f3n del tiempo, pero dado que ha nevado bastante por toda la zona, y esta noche\u00a0 tambi\u00e9n ha nevado en Saillagossa, no queremos desperdiciar la oportunidad de pisar la nieve, que este a\u00f1o est\u00e1 un poco escasa. La primera idea era ir a esquiar, ya que este a\u00f1o todav\u00eda no [&hellip;]<\/cite><\/div><\/div><\/li><li class=\"\"><div class=\"sya_postcontent\"><span class=\"sya_date\">  <span class=\"sya_sep\"> <\/span><\/span><a href=\"https:\/\/www.carlosyconchita.net\/rutas\/26-01-2019-ermita-de-sant-medi\/\" class=\"sya_postlink post-12459\" rel=\"bookmark\">26-01-2019-Ermita de Sant Med\u00ed<\/a> <span class=\"sya_categories\"><span class=\"sya_bracket\">(<\/span>2-Moderada, 4 - De 15 a 20 km., Collserola<span class=\"sya_bracket\">)<\/span><\/span><div style=\"padding-left:100px\" class=\"robots-nocontent\"><cite>Hoy hemos hecho una larga caminata para llegar a la ermita de Sant Med\u00ed o Sant Medir, situada en el t\u00e9rmino municipal de Sant Cugat del Vall\u00e9s, pero\u00a0 partiendo de Barcelona, en la zona de la Bonanova y con ella inauguramos por as\u00ed decir, una\u00a0 nueva categor\u00eda , a la que pondremos de nombre Collserola. [&hellip;]<\/cite><\/div><\/div><\/li><li class=\"\"><div class=\"sya_postcontent\"><span class=\"sya_date\">  <span class=\"sya_sep\"> <\/span><\/span><a href=\"https:\/\/www.carlosyconchita.net\/rutas\/05-01-2019-grau-del-os\/\" class=\"sya_postlink post-12442\" rel=\"bookmark\">05-01-2019-Grau del Os<\/a> <span class=\"sya_categories\"><span class=\"sya_bracket\">(<\/span>1-F\u00e1cil, 2 - De 5 a 10 km., Cerdanya Sur-Cad\u00ed-Moixer\u00f3<span class=\"sya_bracket\">)<\/span><\/span><div style=\"padding-left:100px\" class=\"robots-nocontent\"><cite>Hoy nos dirigimos al refugio del Serrat de las Esposes, cerca de Riu de Cerdanya , para seguir la ruta del Grau del Os, aunque no ten\u00edamos claro si podr\u00edamos pasar o no, porque el estrecho paso por la roca que tapa el recorrido del torrente es realmente muy estrecho, y tambien por la posibilidad [&hellip;]<\/cite><\/div><\/div><\/li><li class=\"\"><div class=\"sya_postcontent\"><span class=\"sya_date\">  <span class=\"sya_sep\"> <\/span><\/span><a href=\"https:\/\/www.carlosyconchita.net\/rutas\/04-01-2019-caudies-talau-ayguatebia\/\" class=\"sya_postlink post-12424\" rel=\"bookmark\">04-01-2019-Caudies-Talau-Ayguatebia<\/a> <span class=\"sya_categories\"><span class=\"sya_bracket\">(<\/span>2-Moderada, 4 - De 15 a 20 km., Sansa - Ayguatebia<span class=\"sya_bracket\">)<\/span><\/span><div style=\"padding-left:100px\" class=\"robots-nocontent\"><cite>Hemos hecho varias excursiones por los pueblos de esta zona, pero ahora hac\u00eda mucho tiempo que no hab\u00edamos ido, y aprovechando que est\u00e1bamos con Lluis y Asun volvemos a la zona y hacemos esta larga caminata pasando por estos peque\u00f1os pueblos. Dejamos el coche en la zona de parking reservada para los \u00absenderistas\u00bb, que hay [&hellip;]<\/cite><\/div><\/div><\/li><li class=\"\"><div class=\"sya_postcontent\"><span class=\"sya_date\">  <span class=\"sya_sep\"> <\/span><\/span><a href=\"https:\/\/www.carlosyconchita.net\/rutas\/03-01-2019-alp-das-urus-collet-jovell\/\" class=\"sya_postlink post-12414\" rel=\"bookmark\">03-01-2019-Alp-Das-Urus-Collet Jovell<\/a> <span class=\"sya_categories\"><span class=\"sya_bracket\">(<\/span>1-F\u00e1cil, 3 - De 10 a 15 km., Cerdanya Sur-Cad\u00ed-Moixer\u00f3<span class=\"sya_bracket\">)<\/span><\/span><div style=\"padding-left:100px\" class=\"robots-nocontent\"><cite>Hoy hacemos una caminata de las que nosotros llamamos \u00abentre pueblos\u00bb, para conocer el m\u00e1ximo n\u00famero de ellos, y pasaremos entre otros por Das, que a pesar de las innumerables veces que hemos pasado con el coche por la carretera, nunca nos hab\u00edamos detenido para verlo a pi\u00e9. Empezaremos a caminar en Alp, concretamente en [&hellip;]<\/cite><\/div><\/div><\/li><\/ul> <a id=\"year2018\"><\/a>2018 <span class=\"sya_yearcount\"><span class=\"sya_bracket\">(<\/span>70<span class=\"sya_bracket\">)<\/span><\/span> <ul><li class=\"\"><div class=\"sya_postcontent\"><span class=\"sya_date\">  <span class=\"sya_sep\"> <\/span><\/span><a href=\"https:\/\/www.carlosyconchita.net\/rutas\/23-12-2018-monte-abantos\/\" class=\"sya_postlink post-12356\" rel=\"bookmark\">23-12-2018-Monte Abantos<\/a> <span class=\"sya_categories\"><span class=\"sya_bracket\">(<\/span>1-F\u00e1cil, 100 Cims Carlos y Conchita, 2 - De 5 a 10 km., Madrid<span class=\"sya_bracket\">)<\/span><\/span><div style=\"padding-left:100px\" class=\"robots-nocontent\"><cite>Aprovechando nuestra estancia en Madrid, subimos al Monte Abantos, pero buscando un punto de inicio que no alargue mucho la caminata. Vamos con nuestro hijo David, con Mari, hermana de Conchita y su marido Teo.\u00a0 &nbsp; &nbsp; Album de fotos Dificultad\u00a0:\u00a0 \u00a0 F\u00e1cil Distancia total\u00a0:\u00a0 \u00a09.451\u00a0 m. Alturas m\u00ednima \/ m\u00e1xima\u00a0:\u00a0 \u00a0 \u00a01.198 m . [&hellip;]<\/cite><\/div><\/div><\/li><li class=\"\"><div class=\"sya_postcontent\"><span class=\"sya_date\">  <span class=\"sya_sep\"> <\/span><\/span><a href=\"https:\/\/www.carlosyconchita.net\/rutas\/09-12-2018-monte-lindux-bornas-152-155\/\" class=\"sya_postlink post-15397\" rel=\"bookmark\">09-12-2018-Monte Lindux-Bornas 152-155<\/a> <span class=\"sya_categories\"><span class=\"sya_bracket\">(<\/span>0-Muy f\u00e1cil, 1 - Hasta 5 km., 100 Cims Carlos y Conchita, Mojones \/ Bornas frontera ES-FR, Navarra<span class=\"sya_bracket\">)<\/span><\/span><div style=\"padding-left:100px\" class=\"robots-nocontent\"><cite>Antes de iniciar la vuelta a casa, localizamos estas bornas con el coche , y hacemos una peque\u00f1a caminata para subir al Monte Lindux<\/cite><\/div><\/div><\/li><li class=\"\"><div class=\"sya_postcontent\"><span class=\"sya_date\">  <span class=\"sya_sep\"> <\/span><\/span><a href=\"https:\/\/www.carlosyconchita.net\/rutas\/08-12-2018-embalse-irabia-bornas-225-226\/\" class=\"sya_postlink post-12345\" rel=\"bookmark\">08-12-2018-Embalse Irabia &#8211; Bornas 225-226<\/a> <span class=\"sya_categories\"><span class=\"sya_bracket\">(<\/span>1-F\u00e1cil, 3 - De 10 a 15 km., Mojones \/ Bornas frontera ES-FR, Navarra<span class=\"sya_bracket\">)<\/span><\/span><div style=\"padding-left:100px\" class=\"robots-nocontent\"><cite>Excursi\u00f3n para rodear el embalse de Irabia, y de paso localizamos estas dos bornas, aunque la 226 s\u00f3lo la podemos fotografiar desde lejos, ya que no podemos cruzar 2 r\u00edos que llevan mucha agua.<\/cite><\/div><\/div><\/li><li class=\"\"><div class=\"sya_postcontent\"><span class=\"sya_date\">  <span class=\"sya_sep\"> <\/span><\/span><a href=\"https:\/\/www.carlosyconchita.net\/rutas\/07-12-2018-bornas-193-196\/\" class=\"sya_postlink post-12334\" rel=\"bookmark\">07-12-2018-Bornas 193-196-Puerto de Iba\u00f1eta-Roncesvalles<\/a> <span class=\"sya_categories\"><span class=\"sya_bracket\">(<\/span>0-Muy f\u00e1cil, Mojones \/ Bornas frontera ES-FR, Navarra<span class=\"sya_bracket\">)<\/span><\/span><div style=\"padding-left:100px\" class=\"robots-nocontent\"><cite>Empezando en el peque\u00f1o pueblo de Ameguy, localizamos unas pocas bornas de esta zona<\/cite><\/div><\/div><\/li><li class=\"\"><div class=\"sya_postcontent\"><span class=\"sya_date\">  <span class=\"sya_sep\"> <\/span><\/span><a href=\"https:\/\/www.carlosyconchita.net\/rutas\/06-12-2018-bornas-256-a-262\/\" class=\"sya_postlink post-12325\" rel=\"bookmark\">06-12-2018-Bornas 256 a 262-Isaba-Roncal<\/a> <span class=\"sya_categories\"><span class=\"sya_bracket\">(<\/span>0-Muy f\u00e1cil, Mojones \/ Bornas frontera ES-FR, Navarra<span class=\"sya_bracket\">)<\/span><\/span><div style=\"padding-left:100px\" class=\"robots-nocontent\"><cite>Localizamos estas bornas , muy cerca de la carretera, en un tramo de de unos 4-5 km.<\/cite><\/div><\/div><\/li><li class=\"\"><div class=\"sya_postcontent\"><span class=\"sya_date\">  <span class=\"sya_sep\"> <\/span><\/span><a href=\"https:\/\/www.carlosyconchita.net\/rutas\/05-12-2018-jaca-canfranc-bornas-305-305-bis\/\" class=\"sya_postlink post-12322\" rel=\"bookmark\">05-12-2018-Jaca-Canfranc-Bornas 305-305 bis<\/a> <span class=\"sya_categories\"><span class=\"sya_bracket\">(<\/span>0-Muy f\u00e1cil, Huesca, Mojones \/ Bornas frontera ES-FR<span class=\"sya_bracket\">)<\/span><\/span><div style=\"padding-left:100px\" class=\"robots-nocontent\"><cite>Fotografiamos estas 2 bornas que est\u00e1n en la misma carretera, en la antigua aduana.<\/cite><\/div><\/div><\/li><li class=\"\"><div class=\"sya_postcontent\"><span class=\"sya_date\">  <span class=\"sya_sep\"> <\/span><\/span><a href=\"https:\/\/www.carlosyconchita.net\/rutas\/01-12-2018-coll-de-la-llosa-coll-de-torn\/\" class=\"sya_postlink post-12312\" rel=\"bookmark\">01-12-2018-Coll de la Llosa &#8211; Coll de Torn<\/a> <span class=\"sya_categories\"><span class=\"sya_bracket\">(<\/span>2-Moderada, 3 - De 10 a 15 km., Conflent<span class=\"sya_bracket\">)<\/span><\/span><div style=\"padding-left:100px\" class=\"robots-nocontent\"><cite>Hoy repetimos la segunda excursi\u00f3n que hicimos con raquetas, desde el Coll de la Llosa hasta el refugio del Coll de Torn ( ver\u00a0\u00a030-03-2013 \u2013 COLL DE LA LLOSA \u2013 COLL DE TORN (RAQUETAS)\u00a0) Empezaremos en el parking de la estaci\u00f3n de esqu\u00ed n\u00f3rdico del Coll de Llosas, y para llegar all\u00ed, partiendo de Saillagosa, [&hellip;]<\/cite><\/div><\/div><\/li><li class=\"\"><div class=\"sya_postcontent\"><span class=\"sya_date\">  <span class=\"sya_sep\"> <\/span><\/span><a href=\"https:\/\/www.carlosyconchita.net\/rutas\/03-11-2018-refugio-de-la-calme\/\" class=\"sya_postlink post-12057\" rel=\"bookmark\">03-11-2018-Refugio de la Calme<\/a> <span class=\"sya_categories\"><span class=\"sya_bracket\">(<\/span>1-F\u00e1cil, 2 - De 5 a 10 km., Font Romeu<span class=\"sya_bracket\">)<\/span><\/span><div style=\"padding-left:100px\" class=\"robots-nocontent\"><cite>Hoy hacemos tambi\u00e9n una caminata con raquetas, por la zona de La Calme, y al igual que ayer , a un refugio,\u00a0 y comprobamos que tambi\u00e9n aqu\u00ed hay una gran cantidad de nieve Empezamos a caminar sin una ruta prefijada, y vamos decidiendo sobre la marcha. Album de fotos Dificultad\u00a0:\u00a0 \u00a0 F\u00e1cil Distancia total\u00a0:\u00a0 \u00a0 [&hellip;]<\/cite><\/div><\/div><\/li><li class=\"\"><div class=\"sya_postcontent\"><span class=\"sya_date\">  <span class=\"sya_sep\"> <\/span><\/span><a href=\"https:\/\/www.carlosyconchita.net\/rutas\/02-11-2018-refugio-de-la-feixa\/\" class=\"sya_postlink post-12049\" rel=\"bookmark\">02-11-2018-Refugio de la Feixa<\/a> <span class=\"sya_categories\"><span class=\"sya_bracket\">(<\/span>1-F\u00e1cil, 2 - De 5 a 10 km., Guils<span class=\"sya_bracket\">)<\/span><\/span><div style=\"padding-left:100px\" class=\"robots-nocontent\"><cite>Estrenamos la temporada de raquetas con esta peque\u00f1a excursi\u00f3n en la zona de Guils, para llegar hasta el refugio de la Feixa, y comprobamos la gran cantidad de nieve que hay, como se puede ver en las fotos. La vuelta desde el refugio la hacemos por un tramo del GR-11. &nbsp; Album de fotos Dificultad\u00a0:\u00a0 [&hellip;]<\/cite><\/div><\/div><\/li><li class=\"\"><div class=\"sya_postcontent\"><span class=\"sya_date\">  <span class=\"sya_sep\"> <\/span><\/span><a href=\"https:\/\/www.carlosyconchita.net\/rutas\/13-10-2018-roca-moixa\/\" class=\"sya_postlink post-11959\" rel=\"bookmark\">13-10-2018-Roca Moixa<\/a> <span class=\"sya_categories\"><span class=\"sya_bracket\">(<\/span>1-F\u00e1cil, 100 Cims Carlos y Conchita, 2 - De 5 a 10 km., Cerdanya Sur-Cad\u00ed-Moixer\u00f3<span class=\"sya_bracket\">)<\/span><\/span><div style=\"padding-left:100px\" class=\"robots-nocontent\"><cite>El dia 7 de julio, hicimos esta excursi\u00f3n\u00a0 \u00a007-07-2018-REFUGIO SANT JORDI-LA BOIXASA (BAG\u00c1)\u00a0, y pasamos por debajo , por as\u00ed decir, de un pico, la Roca Moixa, y tambi\u00e9n vimos un letrero que indicaba el Coll de Pend\u00eds a poco menos de 1 km. As\u00ed que ahora hemos vuelto a la zona de parking que [&hellip;]<\/cite><\/div><\/div><\/li><li class=\"\"><div class=\"sya_postcontent\"><span class=\"sya_date\">  <span class=\"sya_sep\"> <\/span><\/span><a href=\"https:\/\/www.carlosyconchita.net\/rutas\/12-10-2018-pic-de-monturull\/\" class=\"sya_postlink post-11946\" rel=\"bookmark\">12-10-2018-Pic de Monturull<\/a> <span class=\"sya_categories\"><span class=\"sya_bracket\">(<\/span>2 - De 5 a 10 km., 2-Moderada, Lles<span class=\"sya_bracket\">)<\/span><\/span><div style=\"padding-left:100px\" class=\"robots-nocontent\"><cite>Varias veces hemos ido a la zona de Pollineres, tanto para ir\u00a0 a los Lagos de la Pera (con o sin raquetas), como\u00a0 para subir al Pic de Perafita, y esta vez para subir al pico que hay\u00a0 casi al lado , el Monturull. 24-08-2017-PIC DE PERAFITA 18-03-2017 \u2013 ESTANYS DE LA PERA DESDE CAP [&hellip;]<\/cite><\/div><\/div><\/li><li class=\"\"><div class=\"sya_postcontent\"><span class=\"sya_date\">  <span class=\"sya_sep\"> <\/span><\/span><a href=\"https:\/\/www.carlosyconchita.net\/rutas\/06-10-2018-gorgs-de-la-febro\/\" class=\"sya_postlink post-11936\" rel=\"bookmark\">06-10-2018-Gorgs de la Febr\u00f3<\/a> <span class=\"sya_categories\"><span class=\"sya_bracket\">(<\/span>1-F\u00e1cil, 2-Moderada, 3 - De 10 a 15 km., Tarragona<span class=\"sya_bracket\">)<\/span><\/span><div style=\"padding-left:100px\" class=\"robots-nocontent\"><cite>Hoy hemos hecho nuestra primera caminata por Tarragona, y hemos elegido una que podr\u00eda haber sido mucho m\u00e1s bonita si hubi\u00e9ramos encontrado m\u00e1s agua, ya que a pesar de las fuertes lluvias de este verano, en esta zona no hemos encontrado mucha. La excursi\u00f3n la empezamos en el pueblo de La Febr\u00f3, en donde encontraremos [&hellip;]<\/cite><\/div><\/div><\/li><li class=\"\"><div class=\"sya_postcontent\"><span class=\"sya_date\">  <span class=\"sya_sep\"> <\/span><\/span><a href=\"https:\/\/www.carlosyconchita.net\/rutas\/01-10-2018-wikiloc\/\" class=\"sya_postlink post-11893\" rel=\"bookmark\">01-10-2018-Wikiloc<\/a> <span class=\"sya_categories\"><span class=\"sya_bracket\">(<\/span>0-Sin clasificar<span class=\"sya_bracket\">)<\/span><\/span><div style=\"padding-left:100px\" class=\"robots-nocontent\"><cite>Nuevas rutas seleccionadas para destacarlas en Google Earth &nbsp; Hola Corby, Las siguientes rutas de tu perfil han sido seleccionadas para destacarlas en Google Earth. Gorges del Caran\u00e7a Pic del Canig\u00f3 Pic del Carlit Refugio Sant Jordi &#8211; La Boixasa (Bag\u00e1) Puigmal d&#8217; Err desde Fontalba Fonts del Campe\u00e1 Pic del Cubil Baix (Andorra) Pic [&hellip;]<\/cite><\/div><\/div><\/li><li class=\"\"><div class=\"sya_postcontent\"><span class=\"sya_date\">  <span class=\"sya_sep\"> <\/span><\/span><a href=\"https:\/\/www.carlosyconchita.net\/rutas\/22-09-2018-els-perichs\/\" class=\"sya_postlink post-11919\" rel=\"bookmark\">22-09-2018-Els Perics (100 Cims)<\/a> <span class=\"sya_categories\"><span class=\"sya_bracket\">(<\/span>100 Cims Carlos y Conchita, 100 Cims FEEC, 3-Dif\u00edcil, 4 - De 15 a 20 km., Boullosas<span class=\"sya_bracket\">)<\/span><\/span><div style=\"padding-left:100px\" class=\"robots-nocontent\"><cite>Por fin hemos podido hacer esta bonita subida a los dos Perics (El Peric y el Petit Peric), que ten\u00edamos pendientes desde hace a\u00f1os, y que son los picos m\u00e1s altos del Capcir, con Lluis, Asun, Carme, Miquel y Josep. Con \u00e9ste, completamos la serie de picos m\u00e1s importantes de esta zona de los Pirineos, [&hellip;]<\/cite><\/div><\/div><\/li><li class=\"\"><div class=\"sya_postcontent\"><span class=\"sya_date\">  <span class=\"sya_sep\"> <\/span><\/span><a href=\"https:\/\/www.carlosyconchita.net\/rutas\/18-09-2018-ensagents-refugio-y-lagos\/\" class=\"sya_postlink post-11898\" rel=\"bookmark\">18-09-2018-Ensagents  (refugio y lagos)<\/a> <span class=\"sya_categories\"><span class=\"sya_bracket\">(<\/span>2 - De 5 a 10 km., 2-Moderada, Andorra<span class=\"sya_bracket\">)<\/span><\/span><div style=\"padding-left:100px\" class=\"robots-nocontent\"><cite>Para llegar al punto de inicio de la excursi\u00f3n de hoy al Refugio y lagos de Ensagents, tenemos que ir a la Carretera dels Cortals de Encamp (igual que en la excursi\u00f3n del dia 04-08-2018-Fonts del Campe\u00e1 ) En Encamp, en la rotonda en donde est\u00e1 el inicio del \u201cfunicamp\u201d , localizaremos el indicador de [&hellip;]<\/cite><\/div><\/div><\/li><li class=\"\"><div class=\"sya_postcontent\"><span class=\"sya_date\">  <span class=\"sya_sep\"> <\/span><\/span><a href=\"https:\/\/www.carlosyconchita.net\/rutas\/08-09-2018-noucreus-fosa-del-gegant\/\" class=\"sya_postlink post-11876\" rel=\"bookmark\">08-09-2018-Noucreus-Fosa del Gegant (borna 510)<\/a> <span class=\"sya_categories\"><span class=\"sya_bracket\">(<\/span>100 Cims Carlos y Conchita, 2-Moderada, 3 - De 10 a 15 km., Mojones \/ Bornas frontera ES-FR, Nuria<span class=\"sya_bracket\">)<\/span><\/span><div style=\"padding-left:100px\" class=\"robots-nocontent\"><cite>Excursi\u00f3n por la zona de Nuria, en la que pasamos de nuevo por la borna 510<\/cite><\/div><\/div><\/li><li class=\"\"><div class=\"sya_postcontent\"><span class=\"sya_date\">  <span class=\"sya_sep\"> <\/span><\/span><a href=\"https:\/\/www.carlosyconchita.net\/rutas\/26-08-2018-ger-greixer-all\/\" class=\"sya_postlink post-11858\" rel=\"bookmark\">26-08-2018-Ger, Greixer, All<\/a> <span class=\"sya_categories\"><span class=\"sya_bracket\">(<\/span>1-F\u00e1cil, 3 - De 10 a 15 km., Cerdanya Sur-Cad\u00ed-Moixer\u00f3<span class=\"sya_bracket\">)<\/span><\/span><div style=\"padding-left:100px\" class=\"robots-nocontent\"><cite>Hoy hacemos una f\u00e1cil caminata de las que nosotros llamamos \u00abentre pueblos\u00bb, empezando en Ger, pasando por Greixer y All. Al salir de Ger pasaremos por una zona muy h\u00fameda al lado del rio, y despues saldremos ya a zona despejada. Album de fotos Dificultad\u00a0:\u00a0\u00a0\u00a0 F\u00e1cil Distancia total\u00a0:\u00a0 \u00a0 12.598\u00a0\u00a0 m.\u00a0 Alturas m\u00ednima \/ m\u00e1xima\u00a0:\u00a0 [&hellip;]<\/cite><\/div><\/div><\/li><li class=\"\"><div class=\"sya_postcontent\"><span class=\"sya_date\">  <span class=\"sya_sep\"> <\/span><\/span><a href=\"https:\/\/www.carlosyconchita.net\/rutas\/24-08-2018-tosses-la-creueta\/\" class=\"sya_postlink post-11854\" rel=\"bookmark\">24-08-2018-Tosses-La Creueta<\/a> <span class=\"sya_categories\"><span class=\"sya_bracket\">(<\/span>1-F\u00e1cil, 100 Cims Carlos y Conchita, 2 - De 5 a 10 km., La Molina-Masella<span class=\"sya_bracket\">)<\/span><\/span><div style=\"padding-left:100px\" class=\"robots-nocontent\"><cite>Hoy vamos con nuestros amigos Asun y Lluis, empezando a\u00a0 caminar cerca de Tosses, dejando el coche en el punto que vemos en la primera fotograf\u00eda, justo despu\u00e9s del puente sobre el Rigat, en la carretera desde La Molina a Tosses y empezamos a caminar unos metros m\u00e1s adelante, subiendo por el camino que vemos [&hellip;]<\/cite><\/div><\/div><\/li><li class=\"\"><div class=\"sya_postcontent\"><span class=\"sya_date\">  <span class=\"sya_sep\"> <\/span><\/span><a href=\"https:\/\/www.carlosyconchita.net\/rutas\/23-08-2018-estany-den-comte\/\" class=\"sya_postlink post-11847\" rel=\"bookmark\">23-08-2018-Estany d&#8217;en Comte<\/a> <span class=\"sya_categories\"><span class=\"sya_bracket\">(<\/span>1-F\u00e1cil, 2 - De 5 a 10 km., Port\u00e9-Puymorens<span class=\"sya_bracket\">)<\/span><\/span><div style=\"padding-left:100px\" class=\"robots-nocontent\"><cite>Hoy repetimos una bonita excursi\u00f3n que hicimos ya hace tiempo\u00a0 (ver\u00a0 02-11-2012 \u2013 Estany d\u2019en Comte\u00a0 ), aunque la hacemos un poco m\u00e1s larga que la otra vez, ya que hemos visto en el mapa que m\u00e1s arriba del Estany d&#8217;en Comte, hay una cascada, aunque realmente es muy peque\u00f1a. Para llegar\u00a0 en coche para [&hellip;]<\/cite><\/div><\/div><\/li><li class=\"\"><div class=\"sya_postcontent\"><span class=\"sya_date\">  <span class=\"sya_sep\"> <\/span><\/span><a href=\"https:\/\/www.carlosyconchita.net\/rutas\/usa-2018-pagina-principal\/\" class=\"sya_postlink post-12205\" rel=\"bookmark\">USA-2018 &#8211; P\u00e1gina principal<\/a> <span class=\"sya_categories\"><span class=\"sya_bracket\">(<\/span>USA - Continente<span class=\"sya_bracket\">)<\/span><\/span><div style=\"padding-left:100px\" class=\"robots-nocontent\"><cite>Resumen del viaje a USA-2018 &nbsp; 10-08-2018-Las Vegas y\u00a0 Presa Hoover (fotos) 11-08-2018-Hermits Rest (Grand Canyon-USA) 12-08-2018-Bright Angel Trail (Gran Ca\u00f1\u00f3n-USA) 13-08-2018-Ruta 66 &#8211; Hotel Valle de la Muerte (fotos) 14-08-2018-Valle de la Muerte (USA) 14-08-2018-Ubeheve Crater (USA) 14-08-2018-Badwater Basin (USA) 15-08-2018- Giant Forest (Parque Nacional de las Sequoias) 16-08-2018-Sequoia Mational Forest, Kings Canyon y [&hellip;]<\/cite><\/div><\/div><\/li><li class=\"\"><div class=\"sya_postcontent\"><span class=\"sya_date\">  <span class=\"sya_sep\"> <\/span><\/span><a href=\"https:\/\/www.carlosyconchita.net\/rutas\/17-08-2018-vernal-falls-y-nevada-falls-yosemite-usa\/\" class=\"sya_postlink post-12301\" rel=\"bookmark\">17-08-2018-Vernal Falls y Nevada Falls (Yosemite-USA)<\/a> <span class=\"sya_categories\"><span class=\"sya_bracket\">(<\/span>3 - De 10 a 15 km., 3-Dif\u00edcil, Parque Nacional Yosemite<span class=\"sya_bracket\">)<\/span><\/span><div style=\"padding-left:100px\" class=\"robots-nocontent\"><cite>Aunque inicialmente s\u00f3lo quer\u00edamos subir hasta la Vernal Falls, finalmente y debido al bonito paisaje , y al pensar que dificilmente volver\u00edamos a esta zona, nos hemos decidido a hacer la ruta completa hasta la Nevada Falls, y la bajada por un tramo del conocido John Muir Trail. Para llegar a la primera cascada, la [&hellip;]<\/cite><\/div><\/div><\/li><li class=\"\"><div class=\"sya_postcontent\"><span class=\"sya_date\">  <span class=\"sya_sep\"> <\/span><\/span><a href=\"https:\/\/www.carlosyconchita.net\/rutas\/15-08-2018-giant-forest-parque-nacional-de-las-sequoias\/\" class=\"sya_postlink post-17599\" rel=\"bookmark\">15-08-2018- Giant Forest (Parque Nacional de las Sequoias)<\/a> <span class=\"sya_categories\"><span class=\"sya_bracket\">(<\/span>Parque Nacional Sequoias<span class=\"sya_bracket\">)<\/span><\/span><div style=\"padding-left:100px\" class=\"robots-nocontent\"><cite>Caminata por el \u00abGiant Forest\u00bb, dentro del Parque Nacional de las Sequoias, admirando las enormes y alt\u00edsimas sequoias, entre la que destaca la llamada \u00abSherman Tree\u00bb, que tiene unos 2.500\/2.700 a\u00f1os de antig\u00fcedad y se considera el \u00e1rbol vivo m\u00e1s grande del mundo, aunque no el mayor \u00e1rbol conocido, que en teor\u00eda es el \u00abLindsey [&hellip;]<\/cite><\/div><\/div><\/li><li class=\"\"><div class=\"sya_postcontent\"><span class=\"sya_date\">  <span class=\"sya_sep\"> <\/span><\/span><a href=\"https:\/\/www.carlosyconchita.net\/rutas\/14-08-2018-badwater-basin-usa\/\" class=\"sya_postlink post-12172\" rel=\"bookmark\">14-08-2018-Badwater Basin (USA)<\/a> <span class=\"sya_categories\"><span class=\"sya_bracket\">(<\/span>0-Muy f\u00e1cil, 1 - Hasta 5 km., USA - Continente, Valle de la Muerte<span class=\"sya_bracket\">)<\/span><\/span><div style=\"padding-left:100px\" class=\"robots-nocontent\"><cite>Peque\u00f1a caminata por el Valle de la Muerte, en el Badwater Basin (Salinas de Badwater) , a una temperatura de casi\u00a0 50\u00baC.\u00a0 A pesar de su corto recorrido, necesitas beber algo de agua y no entretenerte demasiado bajo el fuerte sol, ya que el calor es muy sofocante y empiezas a sudar ya al salir [&hellip;]<\/cite><\/div><\/div><\/li><li class=\"\"><div class=\"sya_postcontent\"><span class=\"sya_date\">  <span class=\"sya_sep\"> <\/span><\/span><a href=\"https:\/\/www.carlosyconchita.net\/rutas\/14-08-2018-valle-de-la-muerte-usa\/\" class=\"sya_postlink post-12195\" rel=\"bookmark\">14-08-2018-Valle de la Muerte (USA)<\/a> <span class=\"sya_categories\"><span class=\"sya_bracket\">(<\/span>0-Muy f\u00e1cil, 1 - Hasta 5 km., Valle de la Muerte<span class=\"sya_bracket\">)<\/span><\/span><div style=\"padding-left:100px\" class=\"robots-nocontent\"><cite>Ruta de todo un d\u00eda por el Valle de la Muerte, visitando los puntos m\u00e1s interesantes y conocidos del mismo, como son el Dante&#8217;s View, Zabriski Point, Artist&#8217;s Palette, Artist&#8217;s Drive, y la Mesquite Flat Dunes. En albumes aparte hemos puesto las fotos del Badwater Basin o Salinas de Badwater, y\u00a0 el Crater Ubeheve. En [&hellip;]<\/cite><\/div><\/div><\/li><li class=\"\"><div class=\"sya_postcontent\"><span class=\"sya_date\">  <span class=\"sya_sep\"> <\/span><\/span><a href=\"https:\/\/www.carlosyconchita.net\/rutas\/14-08-2018-ubeheve-crater-usa\/\" class=\"sya_postlink post-12188\" rel=\"bookmark\">14-08-2018-Ubeheve Crater (USA)<\/a> <span class=\"sya_categories\"><span class=\"sya_bracket\">(<\/span>0-Muy f\u00e1cil, 1 - Hasta 5 km., Valle de la Muerte<span class=\"sya_bracket\">)<\/span><\/span><div style=\"padding-left:100px\" class=\"robots-nocontent\"><cite>Este cr\u00e1ter esta en el Valle de la Muerte, en la parte m\u00e1s alejada de la zona m\u00e1s visitada, y para llegar all\u00ed tuvimos que hacer casi 40 kms por una carretera por el desierto completamente solos&#8230; A la vuelta s\u00ed que nos cruzamos con alg\u00fan coche que aparentemente iba a este sitio. En el [&hellip;]<\/cite><\/div><\/div><\/li><li class=\"\"><div class=\"sya_postcontent\"><span class=\"sya_date\">  <span class=\"sya_sep\"> <\/span><\/span><a href=\"https:\/\/www.carlosyconchita.net\/rutas\/13-08-2018-ruta-66-hotel-valle-de-la-muerte\/\" class=\"sya_postlink post-17589\" rel=\"bookmark\">13-08-2018-Ruta 66 &#8211; Hotel Valle de la Muerte<\/a> <span class=\"sya_categories\"><span class=\"sya_bracket\">(<\/span>Valle de la Muerte<span class=\"sya_bracket\">)<\/span><\/span><div style=\"padding-left:100px\" class=\"robots-nocontent\"><cite>Album de fotos del d\u00eda 13-08-2018, en que hicimos el desplazamiento desde el Gran Ca\u00f1\u00f3n hasta el Valle de la Muerte, pasando por un tramo de la famosa Ruta 66. Afortunadamente llegamos bastante pronto al hotel, y pudimos darnos un buen ba\u00f1o fresquito en la piscina. &nbsp; &nbsp; &nbsp;<\/cite><\/div><\/div><\/li><li class=\"\"><div class=\"sya_postcontent\"><span class=\"sya_date\">  <span class=\"sya_sep\"> <\/span><\/span><a href=\"https:\/\/www.carlosyconchita.net\/rutas\/12-08-2018-bright-angel-trail-usa\/\" class=\"sya_postlink post-12212\" rel=\"bookmark\">12-08-2018-Bright Angel Trail (Gran Ca\u00f1\u00f3n-USA)<\/a> <span class=\"sya_categories\"><span class=\"sya_bracket\">(<\/span>2-Moderada, 3 - De 10 a 15 km., Grand Ca\u00f1on Colorado<span class=\"sya_bracket\">)<\/span><\/span><div style=\"padding-left:100px\" class=\"robots-nocontent\"><cite>Esta t\u00edpica ruta del Grand Canyon empieza en el borde del mismo, por as\u00ed decir, y desciende 1.360 m. de desnivel hasta el fondo. Los primeros metros es un camino asfaltado, pero despu\u00e9s ya es de tierra , y muy polvoriento por el fuerte calor de la zona. Nosotros hicimos parte de la misma, concretamente [&hellip;]<\/cite><\/div><\/div><\/li><li class=\"\"><div class=\"sya_postcontent\"><span class=\"sya_date\">  <span class=\"sya_sep\"> <\/span><\/span><a href=\"https:\/\/www.carlosyconchita.net\/rutas\/11-08-2018-hermits-rest-grand-canyon-usa\/\" class=\"sya_postlink post-12291\" rel=\"bookmark\">11-08-2018-Hermits Rest (Grand Canyon-USA)<\/a> <span class=\"sya_categories\"><span class=\"sya_bracket\">(<\/span>2-Moderada, 3 - De 10 a 15 km., Grand Ca\u00f1on Colorado<span class=\"sya_bracket\">)<\/span><\/span><div style=\"padding-left:100px\" class=\"robots-nocontent\"><cite>Magn\u00edfica caminata desde el Hermits Rest hasta el \u00abVillage\u00bb, por el borde, por asi decir, del Grand Canyon. En el Village , cogemos el autob\u00fas gratuito que nos llevar\u00e1 al final de la carretera, hasta el punto llamado Hermits Rest y desde all\u00ed volvemos andando por un camino que va siguiendo el borde del \u00abprecipicio\u00bb [&hellip;]<\/cite><\/div><\/div><\/li><li class=\"\"><div class=\"sya_postcontent\"><span class=\"sya_date\">  <span class=\"sya_sep\"> <\/span><\/span><a href=\"https:\/\/www.carlosyconchita.net\/rutas\/10-08-2018-las-vegas-presa-hoover\/\" class=\"sya_postlink post-17566\" rel=\"bookmark\">10-08-2018-Las Vegas-Presa Hoover<\/a> <span class=\"sya_categories\"><span class=\"sya_bracket\">(<\/span>0-Fotos, USA - Continente<span class=\"sya_bracket\">)<\/span><\/span><div style=\"padding-left:100px\" class=\"robots-nocontent\"><cite>Estaba prevista la llegada a Las Vegas por la tarde, pero debido a retrasos en los vuelos, llegamos pasada la\u00a0 media noche. Como que al d\u00eda siguiente ten\u00edamos un dia de carretera para llegar hasta el Gran Ca\u00f1\u00f3n y no pod\u00edamos quedarnos por la ma\u00f1ana en Las Vegas , salimos a caminar de noche por [&hellip;]<\/cite><\/div><\/div><\/li><li class=\"\"><div class=\"sya_postcontent\"><span class=\"sya_date\">  <span class=\"sya_sep\"> <\/span><\/span><a href=\"https:\/\/www.carlosyconchita.net\/rutas\/06-08-2018-pic-dels-moros\/\" class=\"sya_postlink post-11835\" rel=\"bookmark\">06-08-2018 &#8211; Pic dels Moros<\/a> <span class=\"sya_categories\"><span class=\"sya_bracket\">(<\/span>1-F\u00e1cil, 100 Cims Carlos y Conchita, 3 - De 10 a 15 km., Font Romeu<span class=\"sya_bracket\">)<\/span><\/span><div style=\"padding-left:100px\" class=\"robots-nocontent\"><cite>Como que estabamos un poco cansados de la subida de ayer al Pico del Cubil Baix, hoy nos vamos a la zona del parking de la Calme , para caminar un ratito sin un destino concreto por alguno de los muchos caminos que hay, y que seguramente ya hemos hecho alguna vez, aunque al final [&hellip;]<\/cite><\/div><\/div><\/li><li class=\"\"><div class=\"sya_postcontent\"><span class=\"sya_date\">  <span class=\"sya_sep\"> <\/span><\/span><a href=\"https:\/\/www.carlosyconchita.net\/rutas\/05-08-2018-pic-cubil-baix\/\" class=\"sya_postlink post-11824\" rel=\"bookmark\">05-08-2018-Pic del Cubil Baix<\/a> <span class=\"sya_categories\"><span class=\"sya_bracket\">(<\/span>100 Cims Carlos y Conchita, 2 - De 5 a 10 km., 2-Moderada, Andorra<span class=\"sya_bracket\">)<\/span><\/span><div style=\"padding-left:100px\" class=\"robots-nocontent\"><cite>Hoy volvemos a nuestra muy conocida zona de Grau Roig para subir a uno de los picos que vemos \u00abencima \u00abdel parking de la estaci\u00f3n, el Pic del Cubil Baix. Dejamos el coche en el \u00faltimo parking, y empezaremos a subir pasando precisamente por el inicio del telesilla del Cubil, y despu\u00e9s a ratos siguiendo [&hellip;]<\/cite><\/div><\/div><\/li><li class=\"\"><div class=\"sya_postcontent\"><span class=\"sya_date\">  <span class=\"sya_sep\"> <\/span><\/span><a href=\"https:\/\/www.carlosyconchita.net\/rutas\/04-08-2018-fonts-del-campea\/\" class=\"sya_postlink post-11811\" rel=\"bookmark\">04-08-2018-Fonts del Campe\u00e1<\/a> <span class=\"sya_categories\"><span class=\"sya_bracket\">(<\/span>1-F\u00e1cil, 2 - De 5 a 10 km., Andorra<span class=\"sya_bracket\">)<\/span><\/span><div style=\"padding-left:100px\" class=\"robots-nocontent\"><cite>Hoy hacemos una excursi\u00f3n cortita y f\u00e1cil en Andorra, para llegar hasta las Fonts del Campe\u00e1. En Encamp, en la rotonda en donde est\u00e1 el inicio del \u00abfunicamp\u00bb , localizaremos el indicador de la Carretera dels Cortals de Encamp, y seguiremos esa estrecha carretera, que sube de forma bastante pronunciada. Un poco antes del final [&hellip;]<\/cite><\/div><\/div><\/li><li class=\"\"><div class=\"sya_postcontent\"><span class=\"sya_date\">  <span class=\"sya_sep\"> <\/span><\/span><a href=\"https:\/\/www.carlosyconchita.net\/rutas\/01-08-2018-wikiloc\/\" class=\"sya_postlink post-11889\" rel=\"bookmark\">01-08-2018-Wikiloc<\/a> <span class=\"sya_categories\"><span class=\"sya_bracket\">(<\/span>0-Sin clasificar<span class=\"sya_bracket\">)<\/span><\/span><div style=\"padding-left:100px\" class=\"robots-nocontent\"><cite>Al igual que los \u00faltimos meses, Wikiloc nos comunica que han seleccionado varias de nuestras rutas para destacarlas en Google Earth. &nbsp; Hola Corby, Las siguientes rutas de tu perfil han sido seleccionadas para destacarlas en Google Earth. Pics de Comanegra y Bruixas y borna 522 Oratori , Coll de Malrem, Coll de Vernadell Laman\u00e8re [&hellip;]<\/cite><\/div><\/div><\/li><li class=\"\"><div class=\"sya_postcontent\"><span class=\"sya_date\">  <span class=\"sya_sep\"> <\/span><\/span><a href=\"https:\/\/www.carlosyconchita.net\/rutas\/16-08-2018-sequoia-national-forest-kings-canyon-y-ruta-hasta-pn-de-yosemite\/\" class=\"sya_postlink post-17665\" rel=\"bookmark\">16-08-2018-Sequoia National Forest, Kings Canyon y ruta hasta PN de Yosemite<\/a> <span class=\"sya_categories\"><span class=\"sya_bracket\">(<\/span>Parque Nacional Sequoias, Parque Nacional Yosemite<span class=\"sya_bracket\">)<\/span><\/span><div style=\"padding-left:100px\" class=\"robots-nocontent\"><cite>Album de fotos de la visita al Sequoia National Forest, al Kings Canyon, y la ruta en coche hasta el Parque Nacional de Yosemite. En el Sequoia National Forest podremos ver otro \u00e1rbol famoso, el General Grant Tree. La carretera de entrada al Parque Nacional de Yosemite ha estado cerrada varios d\u00edas, y de hecho [&hellip;]<\/cite><\/div><\/div><\/li><li class=\"\"><div class=\"sya_postcontent\"><span class=\"sya_date\">  <span class=\"sya_sep\"> <\/span><\/span><a href=\"https:\/\/www.carlosyconchita.net\/rutas\/28-07-2018-puigmal-desde-fontalba\/\" class=\"sya_postlink post-11796\" rel=\"bookmark\">28-07-2018-Puigmal desde Fontalba (100 Cims)<\/a> <span class=\"sya_categories\"><span class=\"sya_bracket\">(<\/span>100 Cims Carlos y Conchita, 100 Cims FEEC, 2 - De 5 a 10 km., 2-Moderada, Nuria<span class=\"sya_bracket\">)<\/span><\/span><div style=\"padding-left:100px\" class=\"robots-nocontent\"><cite>Por fin hemos subido al Puigmal, pico que ten\u00edamos pendiente y en nuestra lista desde hace tiempo, aunque de \u00abPuigmals\u00bb hay varios, y hoy solo hemos hecho uno de ellos, el de Err. Hemos elegido la subida desde Fontalba, ya que es la ruta que tiene menos desnivel acumulado y para llegar al punto de [&hellip;]<\/cite><\/div><\/div><\/li><li class=\"\"><div class=\"sya_postcontent\"><span class=\"sya_date\">  <span class=\"sya_sep\"> <\/span><\/span><a href=\"https:\/\/www.carlosyconchita.net\/rutas\/14-07-2018-pics-de-envalira-y-portella-blanca\/\" class=\"sya_postlink post-11908\" rel=\"bookmark\">14-07-2018-Pics de Envalira y Portella Blanca (borna 427)<\/a> <span class=\"sya_categories\"><span class=\"sya_bracket\">(<\/span>2 - De 5 a 10 km., 2-Moderada, Andorra, Mojones \/ Bornas frontera ES-FR<span class=\"sya_bracket\">)<\/span><\/span><div style=\"padding-left:100px\" class=\"robots-nocontent\"><cite>Volvemos de nuevo la Portella Blanca de Andorra, en donde est\u00e1 la borna 427, pasando antes por los picos de Envalira y el pico Negro de Envalira.<\/cite><\/div><\/div><\/li><li class=\"\"><div class=\"sya_postcontent\"><span class=\"sya_date\">  <span class=\"sya_sep\"> <\/span><\/span><a href=\"https:\/\/www.carlosyconchita.net\/rutas\/07-07-2018-refugio-sant-jordi-baga\/\" class=\"sya_postlink post-11787\" rel=\"bookmark\">07-07-2018-Refugio Sant Jordi-La Boixasa (Bag\u00e1)<\/a> <span class=\"sya_categories\"><span class=\"sya_bracket\">(<\/span>100 Cims Carlos y Conchita, 2-Moderada, 3 - De 10 a 15 km., Cerdanya Sur-Cad\u00ed-Moixer\u00f3<span class=\"sya_bracket\">)<\/span><\/span><div style=\"padding-left:100px\" class=\"robots-nocontent\"><cite>&nbsp; Bonita excursi\u00f3n para llegar al Refugio de Sant Jordi pasando por el Bullidor de la Llet y els Empedrats , unas zonas muy bonitas debido a la cantidad de agua que bajaba. La ruta empieza cerca de Bag\u00e1, en la zona conocida como La Salle, en donde llegamos en coche por un camino de [&hellip;]<\/cite><\/div><\/div><\/li><li class=\"\"><div class=\"sya_postcontent\"><span class=\"sya_date\">  <span class=\"sya_sep\"> <\/span><\/span><a href=\"https:\/\/www.carlosyconchita.net\/rutas\/06-07-2018-le-perthus-bornas-567-572\/\" class=\"sya_postlink post-11781\" rel=\"bookmark\">06-07-2018-Le Perthus : bornas 567-572<\/a> <span class=\"sya_categories\"><span class=\"sya_bracket\">(<\/span>0-Muy f\u00e1cil, 1 - Hasta 5 km., Girona, Mojones \/ Bornas frontera ES-FR<span class=\"sya_bracket\">)<\/span><\/span><div style=\"padding-left:100px\" class=\"robots-nocontent\"><cite>Excursi\u00f3n por los alrededores de Le Perthus, para visitar el fuerte de Bellegarde y localizar y fotografiar las bornas 567 a 572 que est\u00e1n en los alrededores.<\/cite><\/div><\/div><\/li><li class=\"\"><div class=\"sya_postcontent\"><span class=\"sya_date\">  <span class=\"sya_sep\"> <\/span><\/span><a href=\"https:\/\/www.carlosyconchita.net\/rutas\/01-07-2018-saneja-guils-latour-de-carol\/\" class=\"sya_postlink post-11768\" rel=\"bookmark\">01-07-2018 &#8211; Saneja, Guils, Latour de Carol<\/a> <span class=\"sya_categories\"><span class=\"sya_bracket\">(<\/span>1-F\u00e1cil, 2 - De 5 a 10 km., Guils<span class=\"sya_bracket\">)<\/span><\/span><div style=\"padding-left:100px\" class=\"robots-nocontent\"><cite>Aprovechando una tranquila caminata por estas poblaciones, vemos de nuevo varias bornas que ya ten\u00edamos localizadas y fotografiadas.<\/cite><\/div><\/div><\/li><li class=\"\"><div class=\"sya_postcontent\"><span class=\"sya_date\">  <span class=\"sya_sep\"> <\/span><\/span><a href=\"https:\/\/www.carlosyconchita.net\/rutas\/01-07-2018-google-earth\/\" class=\"sya_postlink post-11766\" rel=\"bookmark\">01-07-2018 &#8211;  Google Earth<\/a> <span class=\"sya_categories\"><span class=\"sya_bracket\">(<\/span>0-Google Earth, 0-Sin clasificar<span class=\"sya_bracket\">)<\/span><\/span><div style=\"padding-left:100px\" class=\"robots-nocontent\"><cite>Como cada mes, Google Earth nos ha seleccionado algunas de nuestras rutas para mostrarlas en ese programa : &nbsp; Hola Corby, Las siguientes rutas de tu perfil han sido seleccionadas para destacarlas en Google Earth. Pico Dormidou Lles &#8211; Aransa &#8211; Musser Coll de Pam &#8211; Roc de la Calme Padr\u00f3 de Tubaus Queralbs-Nuria por [&hellip;]<\/cite><\/div><\/div><\/li><li class=\"\"><div class=\"sya_postcontent\"><span class=\"sya_date\">  <span class=\"sya_sep\"> <\/span><\/span><a href=\"https:\/\/www.carlosyconchita.net\/rutas\/30-06-2018-guils-avioneta\/\" class=\"sya_postlink post-11754\" rel=\"bookmark\">30-06-2018-Guils (avioneta)<\/a> <span class=\"sya_categories\"><span class=\"sya_bracket\">(<\/span>1-F\u00e1cil, 3 - De 10 a 15 km., Guils<span class=\"sya_bracket\">)<\/span><\/span><div style=\"padding-left:100px\" class=\"robots-nocontent\"><cite>Hoy hacemos una peque\u00f1a excursi\u00f3n desde la estaci\u00f3n de ski de Guils-Fontanera, para llegar hasta la zona donde hay los restos de una avioneta que se estrell\u00f3 alli. No sabemos exactamente cuando fu\u00e9, pero nos lo hab\u00edan comentado hace ya tiempo , y como que es por una zona (debe ser la \u00fanica&#8230;)\u00a0 de Guils\u00a0 [&hellip;]<\/cite><\/div><\/div><\/li><li class=\"\"><div class=\"sya_postcontent\"><span class=\"sya_date\">  <span class=\"sya_sep\"> <\/span><\/span><a href=\"https:\/\/www.carlosyconchita.net\/rutas\/29-06-2018-coustouges-bornas-543-a-553\/\" class=\"sya_postlink post-11737\" rel=\"bookmark\">29-06-2018-Coustouges : bornas 543 a 553<\/a> <span class=\"sya_categories\"><span class=\"sya_bracket\">(<\/span>2-Moderada, 3 - De 10 a 15 km., Catalunya Nord - sin clasificar, Francia, Mojones \/ Bornas frontera ES-FR<span class=\"sya_bracket\">)<\/span><\/span><div style=\"padding-left:100px\" class=\"robots-nocontent\"><cite>Dos caminatas en el mismo d\u00eda, para localizar y fotografiar las bornas 543 a la 553, cerca de Coustouges.<\/cite><\/div><\/div><\/li><li class=\"\"><div class=\"sya_postcontent\"><span class=\"sya_date\">  <span class=\"sya_sep\"> <\/span><\/span><a href=\"https:\/\/www.carlosyconchita.net\/rutas\/17-06-2018-pla-de-la-muga-coll-de-mitjorn-borna-523\/\" class=\"sya_postlink post-11725\" rel=\"bookmark\">17-06-2018-Pla de la Muga -Coll de Mitjorn (borna 523)<\/a> <span class=\"sya_categories\"><span class=\"sya_bracket\">(<\/span>1-F\u00e1cil, 2 - De 5 a 10 km., Mojones \/ Bornas frontera ES-FR<span class=\"sya_bracket\">)<\/span><\/span><div style=\"padding-left:100px\" class=\"robots-nocontent\"><cite>F\u00e1cil caminata para llegar a la borna 523, en el Pla de la Muga, y despu\u00e9s hasta el Coll del Faig de Mitjorn<\/cite><\/div><\/div><\/li><li class=\"\"><div class=\"sya_postcontent\"><span class=\"sya_date\">  <span class=\"sya_sep\"> <\/span><\/span><a href=\"https:\/\/www.carlosyconchita.net\/rutas\/16-06-2018-bornas-524-a-527-golf-falgos\/\" class=\"sya_postlink post-11714\" rel=\"bookmark\">16-06-2018-Bornas 524 a 527 (Golf Falg\u00f3s)<\/a> <span class=\"sya_categories\"><span class=\"sya_bracket\">(<\/span>2-Moderada, Mojones \/ Bornas frontera ES-FR<span class=\"sya_bracket\">)<\/span><\/span><div style=\"padding-left:100px\" class=\"robots-nocontent\"><cite>Dif\u00edcil y complicada caminata para localizar las bornas 524 a la 527<\/cite><\/div><\/div><\/li><li class=\"\"><div class=\"sya_postcontent\"><span class=\"sya_date\">  <span class=\"sya_sep\"> <\/span><\/span><a href=\"https:\/\/www.carlosyconchita.net\/rutas\/15-06-2018-colls-de-malrem-y-de-vernadell-bornas-520-521\/\" class=\"sya_postlink post-11696\" rel=\"bookmark\">15-06-2018-Colls de Malrem y de Vernadell (bornas 520-521)<\/a> <span class=\"sya_categories\"><span class=\"sya_bracket\">(<\/span>1-F\u00e1cil, Girona, Mojones \/ Bornas frontera ES-FR<span class=\"sya_bracket\">)<\/span><\/span><div style=\"padding-left:100px\" class=\"robots-nocontent\"><cite>Excursi\u00f3n al Coll de Malrem (borna 521) y al Coll de Vernadell (borna 520)\r\nLa borna 520 ya la habiamos visto el dia 08-10-2017.\r\nY por la carretera, paramos un momento en el Coll de Ares, para fotografiar de nuevo la borna 519<\/cite><\/div><\/div><\/li><li class=\"\"><div class=\"sya_postcontent\"><span class=\"sya_date\">  <span class=\"sya_sep\"> <\/span><\/span><a href=\"https:\/\/www.carlosyconchita.net\/rutas\/02-06-2018-pics-de-comanegra-y-bruixas-borna-522-copy\/\" class=\"sya_postlink post-15357\" rel=\"bookmark\">02-06-2018-Pic de les Bruixas (y Comanegra) (borna 522) (2 x 100 CIMS)<\/a> <span class=\"sya_categories\"><span class=\"sya_bracket\">(<\/span>100 Cims Carlos y Conchita, 100 Cims FEEC, 2-Moderada, 3 - De 10 a 15 km., Girona, Mojones \/ Bornas frontera ES-FR<span class=\"sya_bracket\">)<\/span><\/span><div style=\"padding-left:100px\" class=\"robots-nocontent\"><cite>Nota : debido a que tanto el Comanegra\u00a0 como el de las Bruixas est\u00e1n en la lista de los 100 CIMS de la FEEC, publicamos 2 rutas iguales, para poder contar el n\u00famero de 100 CIMS que hemos hecho. &nbsp; La excursi\u00f3n de hoy empieza junto a la Bassa de Monars y nos llevar\u00e1 a [&hellip;]<\/cite><\/div><\/div><\/li><li class=\"\"><div class=\"sya_postcontent\"><span class=\"sya_date\">  <span class=\"sya_sep\"> <\/span><\/span><a href=\"https:\/\/www.carlosyconchita.net\/rutas\/02-06-2018-pics-de-comanegra-y-bruixas-borna-522\/\" class=\"sya_postlink post-11685\" rel=\"bookmark\">02-06-2018-Pic de Comanegra (y Bruixas) (borna 522) (2 x 100 CIMS)<\/a> <span class=\"sya_categories\"><span class=\"sya_bracket\">(<\/span>100 Cims Carlos y Conchita, 100 Cims FEEC, 2-Moderada, 3 - De 10 a 15 km., Girona, Mojones \/ Bornas frontera ES-FR<span class=\"sya_bracket\">)<\/span><\/span><div style=\"padding-left:100px\" class=\"robots-nocontent\"><cite>Excursi\u00f3n a los picos de Comanegra y de las Bruixas, con un peque\u00f1o desvio para ver la borna 522<\/cite><\/div><\/div><\/li><li class=\"\"><div class=\"sya_postcontent\"><span class=\"sya_date\">  <span class=\"sya_sep\"> <\/span><\/span><a href=\"https:\/\/www.carlosyconchita.net\/rutas\/01-06-2018-google-earth\/\" class=\"sya_postlink post-11594\" rel=\"bookmark\">01-06-2018-Google Earth<\/a> <span class=\"sya_categories\"><span class=\"sya_bracket\">(<\/span>0-Sin clasificar<span class=\"sya_bracket\">)<\/span><\/span><div style=\"padding-left:100px\" class=\"robots-nocontent\"><cite>Hola Corby, Las siguientes rutas de tu perfil han sido seleccionadas para destacarlas en Google Earth. La Molina &#8211; Urtx St. Pere dels Forcats &#8211; Eyne Sant Miquel de Sorerols Descubre c\u00f3mo destacar tus rutas en Google Earth. Recuerda que pueden pasar unos d\u00edas antes de que est\u00e9n visibles en Google Earth. Saludos, Equipo de [&hellip;]<\/cite><\/div><\/div><\/li><li class=\"\"><div class=\"sya_postcontent\"><span class=\"sya_date\">  <span class=\"sya_sep\"> <\/span><\/span><a href=\"https:\/\/www.carlosyconchita.net\/rutas\/19-05-2018-queralbs-nuria\/\" class=\"sya_postlink post-11634\" rel=\"bookmark\">19-05-2018 &#8211; Queralbs &#8211; Nuria<\/a> <span class=\"sya_categories\"><span class=\"sya_bracket\">(<\/span>2 - De 5 a 10 km., 2-Moderada, Nuria<span class=\"sya_bracket\">)<\/span><\/span><div style=\"padding-left:100px\" class=\"robots-nocontent\"><cite>Hoy finalmente hacemos una subida que hace tiempo ten\u00edamos pendiente, que es la subida a pi\u00e9 desde Queralbs a Nuria por el bonito camino que muchas veces hemos visto desde el cremallera. (El Cam\u00ed Vell) Llegamos con el coche hasta la estaci\u00f3n del cremallera de Queralbs, como hacemos habitualmente, pero en vez de coger el [&hellip;]<\/cite><\/div><\/div><\/li><li class=\"\"><div class=\"sya_postcontent\"><span class=\"sya_date\">  <span class=\"sya_sep\"> <\/span><\/span><a href=\"https:\/\/www.carlosyconchita.net\/rutas\/05-05-2018-padro-de-tubau\/\" class=\"sya_postlink post-11624\" rel=\"bookmark\">05-05-2018-Padr\u00f3 de Tubau (100 Cims)<\/a> <span class=\"sya_categories\"><span class=\"sya_bracket\">(<\/span>100 Cims Carlos y Conchita, 100 Cims FEEC, 2-Moderada, 3 - De 10 a 15 km., Bergad\u00e1<span class=\"sya_bracket\">)<\/span><\/span><div style=\"padding-left:100px\" class=\"robots-nocontent\"><cite>Hoy hacemos una bonita ruta propuesta por nuestro amigo Miquel al Padr\u00f3 de Tubau, pasando por varios puntos de inter\u00e9s como las ruinas de Can Soler, la Bassa de Corrub\u00ed, Ermita de Sant Lloren\u00e7 de Corrub\u00ed, la Ermita de Sant Esteve de Tubau, aparte de alguna fuente. Empezamos a caminar cerca de Sant Jaume de [&hellip;]<\/cite><\/div><\/div><\/li><li class=\"\"><div class=\"sya_postcontent\"><span class=\"sya_date\">  <span class=\"sya_sep\"> <\/span><\/span><a href=\"https:\/\/www.carlosyconchita.net\/rutas\/01-05-2018-google-earth\/\" class=\"sya_postlink post-11487\" rel=\"bookmark\">01-05-2018-Google Earth<\/a> <span class=\"sya_categories\"><span class=\"sya_bracket\">(<\/span>0-Google Earth<span class=\"sya_bracket\">)<\/span><\/span><div style=\"padding-left:100px\" class=\"robots-nocontent\"><cite>Hola Corby, Las siguientes rutas de tu perfil han sido seleccionadas para destacarlas en Google Earth. Lagos Balmete y Balcere Lago Calvet Saillagosa &#8211; Llo &#8211; Gorges del Segre Lago Passet LaMolina &#8211; Urtx &nbsp; Suscribete si quieres recibir un mail cuando publiquemos nuevas rutas : no enviamos publicidad y como m\u00e1ximo enviamos 2 mails [&hellip;]<\/cite><\/div><\/div><\/li><li class=\"\"><div class=\"sya_postcontent\"><span class=\"sya_date\">  <span class=\"sya_sep\"> <\/span><\/span><a href=\"https:\/\/www.carlosyconchita.net\/rutas\/30-04-2018-coll-de-pam-roc-de-la-calme\/\" class=\"sya_postlink post-11618\" rel=\"bookmark\">30-04-2018-Coll de Pam &#8211; Roc de la Calme<\/a> <span class=\"sya_categories\"><span class=\"sya_bracket\">(<\/span>1-F\u00e1cil, 100 Cims Carlos y Conchita, 2 - De 5 a 10 km., Font Romeu<span class=\"sya_bracket\">)<\/span><\/span><div style=\"padding-left:100px\" class=\"robots-nocontent\"><cite>Hoy haremos la que suponemos que va a ser la \u00faltima caminata de la temporada con raquetas, pero como el d\u00eda no esta muy fino, elegimos un sitio cercano y f\u00e1cil, como es la zona de La Calme. Conforme subimos al parking de la Calme, el d\u00eda parece que se complica m\u00e1s y cuando llegamos [&hellip;]<\/cite><\/div><\/div><\/li><li class=\"\"><div class=\"sya_postcontent\"><span class=\"sya_date\">  <span class=\"sya_sep\"> <\/span><\/span><a href=\"https:\/\/www.carlosyconchita.net\/rutas\/28-04-2018-lles-aransa-musser\/\" class=\"sya_postlink post-11608\" rel=\"bookmark\">28-04-2018-LLes, Aransa, Musser<\/a> <span class=\"sya_categories\"><span class=\"sya_bracket\">(<\/span>2-Moderada, 3 - De 10 a 15 km., Lles<span class=\"sya_bracket\">)<\/span><\/span><div style=\"padding-left:100px\" class=\"robots-nocontent\"><cite>Hoy hacemos una bonita y un poco larga caminata por la zona de Lles, que nos llevar\u00e1 a Aransa y Musser, con un recorrido amplio y circular, que nos permitir\u00e1 ver perfectamente toda esta zona. Llegamos con el coche hasta lo que podriamos llamar la plaza mayor, al lado de la iglesia, en donde dejamos [&hellip;]<\/cite><\/div><\/div><\/li><li class=\"\"><div class=\"sya_postcontent\"><span class=\"sya_date\">  <span class=\"sya_sep\"> <\/span><\/span><a href=\"https:\/\/www.carlosyconchita.net\/rutas\/27-04-2018-pic-de-dormidou\/\" class=\"sya_postlink post-11560\" rel=\"bookmark\">27-04-2018-Pic de Dormidou (o Dormidor) -100 Cims<\/a> <span class=\"sya_categories\"><span class=\"sya_bracket\">(<\/span>1-F\u00e1cil, 100 Cims Carlos y Conchita, 100 Cims FEEC, 2 - De 5 a 10 km., Conflent<span class=\"sya_bracket\">)<\/span><\/span><div style=\"padding-left:100px\" class=\"robots-nocontent\"><cite>Para inicar la excursi\u00f3n de hoy nos tenemos que dirigir al Col de Jau, cerca del pueblo de Mosset. El Col de Jau est\u00e1 situado justo en la \u00abfrontera\u00bb entre los departamentos de Aude y de los Pyr\u00e9n\u00e9es\u00a0 Orientales, tal como puede verse en al album de fotos. La caminata la iniciamos siguiendo una valla [&hellip;]<\/cite><\/div><\/div><\/li><li class=\"\"><div class=\"sya_postcontent\"><span class=\"sya_date\">  <span class=\"sya_sep\"> <\/span><\/span><a href=\"https:\/\/www.carlosyconchita.net\/rutas\/08-04-2018-sant-miquel-de-sorerols\/\" class=\"sya_postlink post-11457\" rel=\"bookmark\">08-04-2018-Sant Miquel de Sorerols<\/a> <span class=\"sya_categories\"><span class=\"sya_bracket\">(<\/span>0-Muy f\u00e1cil, 2 - De 5 a 10 km., Barcelona - sin clasificar<span class=\"sya_bracket\">)<\/span><\/span><div style=\"padding-left:100px\" class=\"robots-nocontent\"><cite>Hoy hacemos una peque\u00f1a y f\u00e1cil excursi\u00f3n, que casi es una \u00abexcusa\u00bb para ir a comer todos juntos, y que la lluvia nos ha fastidiado un poco. Para llegar en coche, debemos coger la carretera BV-5207 desde de Santa Maria del Corc\u00f3 a Tavertet, y en el km. 5 nos desviamos a la derecha por [&hellip;]<\/cite><\/div><\/div><\/li><li class=\"\"><div class=\"sya_postcontent\"><span class=\"sya_date\">  <span class=\"sya_sep\"> <\/span><\/span><a href=\"https:\/\/www.carlosyconchita.net\/rutas\/01-04-2018-st-pierre-dels-forcats-eyne-raquetas\/\" class=\"sya_postlink post-11441\" rel=\"bookmark\">01-04-2018-St. Pierre dels Forcats &#8211; Eyne (raquetas)<\/a> <span class=\"sya_categories\"><span class=\"sya_bracket\">(<\/span>0-Muy f\u00e1cil, 1 - Hasta 5 km., 1-F\u00e1cil, Saillagosa<span class=\"sya_bracket\">)<\/span><\/span><div style=\"padding-left:100px\" class=\"robots-nocontent\"><cite>Hoy hacemos esta cota ruta con Lluis y Asun,\u00a0 y empezamos a caminar en las pistas de ski de Sant Pere dels Forcats. Despu\u00e9s de pasar el pueblo, seguimos las indicaciones de las pistas de ski, y cuando lleguemos arriba, poco antes de llegar\u00a0 a las primeras casas de la zona de la estacion de [&hellip;]<\/cite><\/div><\/div><\/li><li class=\"\"><div class=\"sya_postcontent\"><span class=\"sya_date\">  <span class=\"sya_sep\"> <\/span><\/span><a href=\"https:\/\/www.carlosyconchita.net\/rutas\/01-04-2018-google-earth\/\" class=\"sya_postlink post-11485\" rel=\"bookmark\">01-04-2018-Google Earth<\/a> <span class=\"sya_categories\"><span class=\"sya_bracket\">(<\/span>0-Google Earth<span class=\"sya_bracket\">)<\/span><\/span><div style=\"padding-left:100px\" class=\"robots-nocontent\"><cite>Hola Corby, Las siguientes rutas de tu perfil han sido seleccionadas para destacarlas en Google Earth. Pla dels Avellans &#8211; Boullosas -Pradeilles Lago de Balcere &#8211; Ganyades Descubre c\u00f3mo destacar tus rutas en Google Earth. Recuerda que pueden pasar unos d\u00edas antes de que est\u00e9n visibles en Google Earth. Saludos, &nbsp; Suscribete si quieres recibir [&hellip;]<\/cite><\/div><\/div><\/li><li class=\"\"><div class=\"sya_postcontent\"><span class=\"sya_date\">  <span class=\"sya_sep\"> <\/span><\/span><a href=\"https:\/\/www.carlosyconchita.net\/rutas\/31-03-2018-la-molina-urtx\/\" class=\"sya_postlink post-11421\" rel=\"bookmark\">31-03-2018-La Molina &#8211; Urtx<\/a> <span class=\"sya_categories\"><span class=\"sya_bracket\">(<\/span>2 - De 5 a 10 km., 2-Moderada, La Molina-Masella<span class=\"sya_bracket\">)<\/span><\/span><div style=\"padding-left:100px\" class=\"robots-nocontent\"><cite>El punto de inicio lo tenemos en La Molina, concretamente delante mismo de la estaci\u00f3n del ferrocarril. Al otro lado de la carretera, detr\u00e1s de unos edificios de apartamentos, empieza una peque\u00f1a carretera que seguiremos unos metros, hasta coger un camino que sube por nuestra izquierda, continuando en direcci\u00f3n al llamado Porxo d&#8217;Ovella. Cruzaremos despu\u00e9s [&hellip;]<\/cite><\/div><\/div><\/li><li class=\"\"><div class=\"sya_postcontent\"><span class=\"sya_date\">  <span class=\"sya_sep\"> <\/span><\/span><a href=\"https:\/\/www.carlosyconchita.net\/rutas\/lago_passet_raquetas\/\" class=\"sya_postlink post-11413\" rel=\"bookmark\">30-03-2018-Lago Passet (raquetas)<\/a> <span class=\"sya_categories\"><span class=\"sya_bracket\">(<\/span>1-F\u00e1cil, 2 - De 5 a 10 km., Port\u00e9-Puymorens<span class=\"sya_bracket\">)<\/span><\/span><div style=\"padding-left:100px\" class=\"robots-nocontent\"><cite>Volvemos al lago Passet , \u00e9sta vez con Lluis y Asun que no hab\u00edan hecho nunca esta ruta con raquetas. Para llegar al punto de partida, debemos ir a Port\u00e9-Puymorens, y un poco antes de llegar al pueblo, justo despu\u00e9s de un puente sobre el r\u00edo Querol o Arav\u00f3, cogeremos el desv\u00edo a la derecha, [&hellip;]<\/cite><\/div><\/div><\/li><li class=\"\"><div class=\"sya_postcontent\"><span class=\"sya_date\">  <span class=\"sya_sep\"> <\/span><\/span><a href=\"https:\/\/www.carlosyconchita.net\/rutas\/29-03-2018-saillagouse-gorges-del-segre\/\" class=\"sya_postlink post-11393\" rel=\"bookmark\">29-03-2018-Saillagouse &#8211; Gorges del Segre<\/a> <span class=\"sya_categories\"><span class=\"sya_bracket\">(<\/span>1-F\u00e1cil, 3 - De 10 a 15 km., Saillagosa<span class=\"sya_bracket\">)<\/span><\/span><div style=\"padding-left:100px\" class=\"robots-nocontent\"><cite>Esta ha sido una caminata un tanto imprevista, ya que hoy por la ma\u00f1ana hemos tenido que hacer diversas gestiones y compras, y por lo tanto no hemos podido hacer nada, y por la tarde, para movernos un poco decidimos ir hasta el vecino pueblo de Llo, a 2 kms. de casa, pero finalmente al [&hellip;]<\/cite><\/div><\/div><\/li><li class=\"\"><div class=\"sya_postcontent\"><span class=\"sya_date\">  <span class=\"sya_sep\"> <\/span><\/span><a href=\"https:\/\/www.carlosyconchita.net\/rutas\/11-03-2018-lago-de-calvet-raquetas\/\" class=\"sya_postlink post-11385\" rel=\"bookmark\">11-03-2018-Lago de Calvet (raquetas)<\/a> <span class=\"sya_categories\"><span class=\"sya_bracket\">(<\/span>1-F\u00e1cil, 2 - De 5 a 10 km., Les Angles<span class=\"sya_bracket\">)<\/span><\/span><div style=\"padding-left:100px\" class=\"robots-nocontent\"><cite>Dado que ayer hicimos una excursi\u00f3n bastante larga , teniendo en cuenta que era con raquetas y que el d\u00eda de hoy no se presentaba demasiado bueno, hemos elegido una bastante sencilla y corta, por la zona del lago de Calvet, cerca de Les Angles. Por esa zona ya hemos hecho varias caminatas, as\u00ed que [&hellip;]<\/cite><\/div><\/div><\/li><li class=\"\"><div class=\"sya_postcontent\"><span class=\"sya_date\">  <span class=\"sya_sep\"> <\/span><\/span><a href=\"https:\/\/www.carlosyconchita.net\/rutas\/10-03-2018-lagos-balmete-y-balcere-raquetas\/\" class=\"sya_postlink post-11376\" rel=\"bookmark\">10-03-2018-Lagos Balmete y Balc\u00e9re (raquetas)<\/a> <span class=\"sya_categories\"><span class=\"sya_bracket\">(<\/span>2-Moderada, 3 - De 10 a 15 km., Les Angles<span class=\"sya_bracket\">)<\/span><\/span><div style=\"padding-left:100px\" class=\"robots-nocontent\"><cite>Hoy de nuevo hacemos raquetas con nuestros amigos \u00abnovatos\u00bb en \u00e9sto, ya que por lo visto les ha gustado bastante &#8230; Hemos elegido el lago de la Balmete , porque es una ruta bonita, y hab\u00edamos ido hace varios a\u00f1os, tanto sin nieve como con raquetas, pero \u00e9se fu\u00e9 un d\u00eda muy nublado y malo, [&hellip;]<\/cite><\/div><\/div><\/li><li class=\"\"><div class=\"sya_postcontent\"><span class=\"sya_date\">  <span class=\"sya_sep\"> <\/span><\/span><a href=\"https:\/\/www.carlosyconchita.net\/rutas\/01-03-2018-google-earth\/\" class=\"sya_postlink post-11482\" rel=\"bookmark\">01-03-2018-Google Earth<\/a> <span class=\"sya_categories\"><span class=\"sya_bracket\">(<\/span>0-Google Earth<span class=\"sya_bracket\">)<\/span><\/span><div style=\"padding-left:100px\" class=\"robots-nocontent\"><cite>Hola Corby, Las siguientes rutas de tu perfil han sido seleccionadas para destacarlas en Google Earth. Pla dels Avellans &#8211; Boullosas -Pradeilles Lago de Matemale -Lago de la Oliva Descubre c\u00f3mo destacar tus rutas en Google Earth. Recuerda que pueden pasar unos d\u00edas antes de que est\u00e9n visibles en Google Earth. Saludos, Alta de suscriptores<\/cite><\/div><\/div><\/li><li class=\"\"><div class=\"sya_postcontent\"><span class=\"sya_date\">  <span class=\"sya_sep\"> <\/span><\/span><a href=\"https:\/\/www.carlosyconchita.net\/rutas\/25-02-2018-lago-balcere-ganyades-raquetas\/\" class=\"sya_postlink post-11356\" rel=\"bookmark\">25-02-2018-Lago Balc\u00e8re-Ganyades (raquetas)<\/a> <span class=\"sya_categories\"><span class=\"sya_bracket\">(<\/span>1-F\u00e1cil, 3 - De 10 a 15 km., Les Angles<span class=\"sya_bracket\">)<\/span><\/span><div style=\"padding-left:100px\" class=\"robots-nocontent\"><cite>Para llegar al punto de inicio de la excursi\u00f3n\u00a0 de hoy , nos dirigimos a Les Angles y subimos a la parte m\u00e1s alta del pueblo, siguiendo las indicaciones del Lago de Balc\u00e8re, a donde ahora en invierno no se puede llegar en coche, ya que la carretera que lleva all\u00ed est\u00e1 cortada por la [&hellip;]<\/cite><\/div><\/div><\/li><li class=\"\"><div class=\"sya_postcontent\"><span class=\"sya_date\">  <span class=\"sya_sep\"> <\/span><\/span><a href=\"https:\/\/www.carlosyconchita.net\/rutas\/24-02-2018-pla-dels-avellans-boullossas-pradella-raquetas\/\" class=\"sya_postlink post-11347\" rel=\"bookmark\">24-02-2018-Pla dels Avellans-Boullossas-Pradella (raquetas)<\/a> <span class=\"sya_categories\"><span class=\"sya_bracket\">(<\/span>1-F\u00e1cil, 2-Moderada, 3 - De 10 a 15 km., Boullosas<span class=\"sya_bracket\">)<\/span><\/span><div style=\"padding-left:100px\" class=\"robots-nocontent\"><cite>Repetimos de nuevo esta bonita excursi\u00f3n, que hicimos el pasado mes de enero con Asun y Lluis, debido a que varios amigos nuestros querian hacerla, despues de ver las fotos y explicaciones que les dimos. Aunque hace poco m\u00e1s de un mes que la hab\u00edamos hecho, todos estuvimos de acuerdo en repetirla. (Ver\u00a0 06-01-2018-Pla dels [&hellip;]<\/cite><\/div><\/div><\/li><li class=\"\"><div class=\"sya_postcontent\"><span class=\"sya_date\">  <span class=\"sya_sep\"> <\/span><\/span><a href=\"https:\/\/www.carlosyconchita.net\/rutas\/03-02-2018-lago-matemale-lago-la-olive\/\" class=\"sya_postlink post-11272\" rel=\"bookmark\">03-02-2018-Lago de Matemale-Lago de la Olive (raquetas)<\/a> <span class=\"sya_categories\"><span class=\"sya_bracket\">(<\/span>2-Moderada, 3 - De 10 a 15 km., Formigueres \/ Puyvalador, Les Angles<span class=\"sya_bracket\">)<\/span><\/span><div style=\"padding-left:100px\" class=\"robots-nocontent\"><cite>Hoy tenemos un dia con mucho fr\u00edo, y con previsiones de fuerte viento, pero intentamos hacer la caminata con raquetas hasta el lago de Balc\u00e8re, empezando en la parte alta de Les Angles, pero cuando llegamos al inicio de la carretera (cortada ahora en invierno), en donde tenemos que empezar a caminar, el fuerte viento [&hellip;]<\/cite><\/div><\/div><\/li><li class=\"\"><div class=\"sya_postcontent\"><span class=\"sya_date\">  <span class=\"sya_sep\"> <\/span><\/span><a href=\"https:\/\/www.carlosyconchita.net\/rutas\/01-02-2018-google-earth\/\" class=\"sya_postlink post-11477\" rel=\"bookmark\">01-02-2018-Google Earth<\/a> <span class=\"sya_categories\"><span class=\"sya_bracket\">(<\/span>0-Google Earth<span class=\"sya_bracket\">)<\/span><\/span><div style=\"padding-left:100px\" class=\"robots-nocontent\"><cite>Hola Corby, Las siguientes rutas de tu perfil han sido seleccionadas para destacarlas en Google Earth. Estacion Puigmal, Pico Duraneu, Tossa dels Pass dels Lladres Pla dels Avellans &#8211; Boullosas -Pradeilla Descubre c\u00f3mo destacar tus rutas en Google Earth. Recuerda que pueden pasar unos d\u00edas antes de que est\u00e9n visibles en Google Earth. Saludos,<\/cite><\/div><\/div><\/li><li class=\"\"><div class=\"sya_postcontent\"><span class=\"sya_date\">  <span class=\"sya_sep\"> <\/span><\/span><a href=\"https:\/\/www.carlosyconchita.net\/rutas\/06-01-2018-pla-dels-avellans-boullossas-pradella-raquetas\/\" class=\"sya_postlink post-11257\" rel=\"bookmark\">06-01-2018-Pla dels Avellans-Boullossas-Pradella (raquetas)<\/a> <span class=\"sya_categories\"><span class=\"sya_bracket\">(<\/span>1-F\u00e1cil, 3 - De 10 a 15 km., Boullosas<span class=\"sya_bracket\">)<\/span><\/span><div style=\"padding-left:100px\" class=\"robots-nocontent\"><cite>Repetimos esta bonita excursi\u00f3n para acompa\u00f1ar a nuestros amigos Asun y Lluis, que no la hab\u00edan hecho, aunque esta vez no nos atrevimos a pasar por el medio del lago de la Pradella como el a\u00f1o pasado,\u00a0 debido a los colores del hielo que daban la impresi\u00f3n de que en alg\u00fan punto estaba muy delgado. [&hellip;]<\/cite><\/div><\/div><\/li><li class=\"\"><div class=\"sya_postcontent\"><span class=\"sya_date\">  <span class=\"sya_sep\"> <\/span><\/span><a href=\"https:\/\/www.carlosyconchita.net\/rutas\/05-01-2018-primera-esquiada\/\" class=\"sya_postlink post-11251\" rel=\"bookmark\">05-01-2018-Primera esquiada<\/a> <span class=\"sya_categories\"><span class=\"sya_bracket\">(<\/span>0-Esqu\u00ed, 0-Muy f\u00e1cil<span class=\"sya_bracket\">)<\/span><\/span><div style=\"padding-left:100px\" class=\"robots-nocontent\"><cite>Al igual que otros a\u00f1os por estas fechas, iniciamos la temporada de ski, en Les Angles. Hab\u00eda bastante nieve, en las pistas especialmente, pero no tanta fuera de ellas, lo que nos hace suponer que han hecho bastante nieve artificial. La nieve no estaba en perfecto estado, debido a que algunos dias ha habido temperaturas [&hellip;]<\/cite><\/div><\/div><\/li><li class=\"\"><div class=\"sya_postcontent\"><span class=\"sya_date\">  <span class=\"sya_sep\"> <\/span><\/span><a href=\"https:\/\/www.carlosyconchita.net\/rutas\/01-01-2018-google-earth\/\" class=\"sya_postlink post-11475\" rel=\"bookmark\">01-01-2018-Google Earth<\/a> <span class=\"sya_categories\"><span class=\"sya_bracket\">(<\/span>0-Google Earth<span class=\"sya_bracket\">)<\/span><\/span><div style=\"padding-left:100px\" class=\"robots-nocontent\"><cite>Hola Corby, Las siguientes rutas de tu perfil han sido seleccionadas para destacarlas en Google Earth. Estacion Puigmal, Pico Duraneu, Tossa dels Pass dels Lladres Coll de Pal &#8211; Puigllan\u00e7ada Pyrenees 2000 &#8211; Lago Ticou Hawaii : Lava Viewing area (Zona mirador lava) Pla de la Calme La Quillane Hawaii &#8211; Parque Nacional Volcanes Hawaii [&hellip;]<\/cite><\/div><\/div><\/li><\/ul> <a id=\"year2017\"><\/a>2017 <span class=\"sya_yearcount\"><span class=\"sya_bracket\">(<\/span>90<span class=\"sya_bracket\">)<\/span><\/span> <ul><li class=\"\"><div class=\"sya_postcontent\"><span class=\"sya_date\">  <span class=\"sya_sep\"> <\/span><\/span><a href=\"https:\/\/www.carlosyconchita.net\/rutas\/hawaii-pagina-principal\/\" class=\"sya_postlink post-10988\" rel=\"bookmark\">Hawaii &#8211; p\u00e1gina principal<\/a> <span class=\"sya_categories\"><span class=\"sya_bracket\">(<\/span>1-F\u00e1cil, USA - Hawaii<span class=\"sya_bracket\">)<\/span><\/span><div style=\"padding-left:100px\" class=\"robots-nocontent\"><cite>\u00a0 Debido a la gran cantidad de fotos y sitios visitados, hemos clasificado las fotos de las Islas Hawaii por islas, y dentro de cada una por zona o punto de inter\u00e9s. En cada una de las p\u00e1ginas, ponemos el enlace al album de fotos, y en su caso tambi\u00e9n, el track de la caminata. [&hellip;]<\/cite><\/div><\/div><\/li><li class=\"\"><div class=\"sya_postcontent\"><span class=\"sya_date\">  <span class=\"sya_sep\"> <\/span><\/span><a href=\"https:\/\/www.carlosyconchita.net\/rutas\/17-12-2017-la-quillane-raquetas\/\" class=\"sya_postlink post-10981\" rel=\"bookmark\">17-12-2017-La Quillane (raquetas)<\/a> <span class=\"sya_categories\"><span class=\"sya_bracket\">(<\/span>0-Muy f\u00e1cil, 2 - De 5 a 10 km., Les Angles<span class=\"sya_bracket\">)<\/span><\/span><div style=\"padding-left:100px\" class=\"robots-nocontent\"><cite>F\u00e1cil caminata con raquetas por la zona de la Quillane, siguiendo la ruta de raquetas indicada con el n\u00famero 16. Dejaremos el coche en el parking al lado del edificio de la Maison del Capcir, a donde llegaremos desde Saillagossa siguiendo las indicaciones para ir a Les Angles. Despu\u00e9s del pueblo de la Quillane, tenemos [&hellip;]<\/cite><\/div><\/div><\/li><li class=\"\"><div class=\"sya_postcontent\"><span class=\"sya_date\">  <span class=\"sya_sep\"> <\/span><\/span><a href=\"https:\/\/www.carlosyconchita.net\/rutas\/16-12-2017-llivia-ya-independiente\/\" class=\"sya_postlink post-10972\" rel=\"bookmark\">16-12-2017-Ll\u00edvia ya es independiente ?<\/a> <span class=\"sya_categories\"><span class=\"sya_bracket\">(<\/span>Mojones \/ Bornas frontera Ll\u00edvia<span class=\"sya_bracket\">)<\/span><\/span><div style=\"padding-left:100px\" class=\"robots-nocontent\"><cite>Curioso art\u00edculo publicado en El Mundo sobre Ll\u00edvia, enlace enviado por un seguidor de nuestra web, Francesc Soler. Gracias! Observaci\u00f3n a El Mundo : eso de que las 45 piedras o mojones fronterizos s\u00f3lo los puede encontrar un cart\u00f3grafo ????? Nosotros las tenemos todas aqu\u00ed :\u00a0\u00a0 https:\/\/www.carlosyconchita.net\/rutas\/fotos-bornas-llivia-1-22\/ https:\/\/www.carlosyconchita.net\/rutas\/fotos-bornas-llivia-23-45\/ &nbsp; &nbsp; Enlace al art\u00edculo publicado por [&hellip;]<\/cite><\/div><\/div><\/li><li class=\"\"><div class=\"sya_postcontent\"><span class=\"sya_date\">  <span class=\"sya_sep\"> <\/span><\/span><a href=\"https:\/\/www.carlosyconchita.net\/rutas\/16-12-2017-pla-la-calme-raquetas\/\" class=\"sya_postlink post-10965\" rel=\"bookmark\">16-12-2017-Pla de la Calme (raquetas)<\/a> <span class=\"sya_categories\"><span class=\"sya_bracket\">(<\/span>0-Muy f\u00e1cil, 1 - Hasta 5 km., Font Romeu<span class=\"sya_bracket\">)<\/span><\/span><div style=\"padding-left:100px\" class=\"robots-nocontent\"><cite>Hoy tenemos un d\u00eda muy nublado y fr\u00edo, y como la cosa no estaba nada clara, hemos decidido ir a una zona bonita y cercana por si despu\u00e9s de complica el tiempo, y en donde hemos caminado un mont\u00f3n de veces, pero siempre hay alguna nueva caminata para hacer, como es la zona del Pla [&hellip;]<\/cite><\/div><\/div><\/li><li class=\"\"><div class=\"sya_postcontent\"><span class=\"sya_date\">  <span class=\"sya_sep\"> <\/span><\/span><a href=\"https:\/\/www.carlosyconchita.net\/rutas\/03-12-2017-pyrenees-2000-lago-ticou\/\" class=\"sya_postlink post-10932\" rel=\"bookmark\">03-12-2017-Pyren\u00e9es 2000 &#8211; Lago de Ticou<\/a> <span class=\"sya_categories\"><span class=\"sya_bracket\">(<\/span>0-Muy f\u00e1cil, 1 - Hasta 5 km., Font Romeu<span class=\"sya_bracket\">)<\/span><\/span><div style=\"padding-left:100px\" class=\"robots-nocontent\"><cite>Hoy estrenamos la temporada de raquetas con esta peque\u00f1a caminata por la zona de Bolqu\u00e9re-Pyren\u00e9es 2000, en la que hay un mont\u00f3n de recorridos tanto en verano como en invierno. Para ello nos vamos al Parking de los Estagnols ( ver situaci\u00f3n )\u00a0 y desde all\u00ed seguimos un camino que nos llevar\u00e1 a la zona [&hellip;]<\/cite><\/div><\/div><\/li><li class=\"\"><div class=\"sya_postcontent\"><span class=\"sya_date\">  <span class=\"sya_sep\"> <\/span><\/span><a href=\"https:\/\/www.carlosyconchita.net\/rutas\/02-12-2017-nevada-la-cerdanya\/\" class=\"sya_postlink post-10941\" rel=\"bookmark\">02-12-2017-Nevada en la Cerdanya<\/a> <span class=\"sya_categories\"><span class=\"sya_bracket\">(<\/span>Saillagosa<span class=\"sya_bracket\">)<\/span><\/span><div style=\"padding-left:100px\" class=\"robots-nocontent\"><cite>Esta pasada noche ha estado nevando bastante y ahora por la ma\u00f1ana hace bastante viento, por lo que decidimos no hacer ninguna excursi\u00f3n ni caminata, ya que el viento es muy molesto y tenemos d\u00edas de sobra para caminar. Aprovechamos pues para hacer unas compras y darnos una vuelta por los \u00abalrededores\u00bb de Saillagossa, despu\u00e9s [&hellip;]<\/cite><\/div><\/div><\/li><li class=\"\"><div class=\"sya_postcontent\"><span class=\"sya_date\">  <span class=\"sya_sep\"> <\/span><\/span><a href=\"https:\/\/www.carlosyconchita.net\/rutas\/01-12-2017-google-earth\/\" class=\"sya_postlink post-11471\" rel=\"bookmark\">01-12-2017-Google Earth<\/a> <span class=\"sya_categories\"><span class=\"sya_bracket\">(<\/span>0-Google Earth, 0-Sin clasificar<span class=\"sya_bracket\">)<\/span><\/span><div style=\"padding-left:100px\" class=\"robots-nocontent\"><cite>Hola Corby, Las siguientes rutas de tu perfil han sido seleccionadas para destacarlas en Google Earth. Portella y lago de Orlu (Valle de Galba) Mirador dels Orris &#8211; Tossa de Alp Estacion Puigmal, Pico Duraneu, Tossa dels Pass dels Lladres Descubre c\u00f3mo destacar tus rutas en Google Earth. Recuerda que pueden pasar unos d\u00edas antes [&hellip;]<\/cite><\/div><\/div><\/li><li class=\"\"><div class=\"sya_postcontent\"><span class=\"sya_date\">  <span class=\"sya_sep\"> <\/span><\/span><a href=\"https:\/\/www.carlosyconchita.net\/rutas\/19-11-2017-coll-pal-puigllancada\/\" class=\"sya_postlink post-10916\" rel=\"bookmark\">19-11-2017-Coll de Pal -Puigllan\u00e7ada (100 Cims)<\/a> <span class=\"sya_categories\"><span class=\"sya_bracket\">(<\/span>1-F\u00e1cil, 100 Cims Carlos y Conchita, 100 Cims FEEC, 2 - De 5 a 10 km.<span class=\"sya_bracket\">)<\/span><\/span><div style=\"padding-left:100px\" class=\"robots-nocontent\"><cite>Volvemos de nuevo a Bag\u00e1 para subir al Coll de Pal y esta vez s\u00ed, subimos al Puigllan\u00e7ada. Es una excursi\u00f3n que no tiene nada de especial en su recorrido, pero con unas bonitas vistas una vez arriba, ya que podemos ver tanto las monta\u00f1as de Montserrat (muy a lo lejos&#8230;)\u00a0 , como el Pedraforca, [&hellip;]<\/cite><\/div><\/div><\/li><li class=\"\"><div class=\"sya_postcontent\"><span class=\"sya_date\">  <span class=\"sya_sep\"> <\/span><\/span><a href=\"https:\/\/www.carlosyconchita.net\/rutas\/18-11-2017-picos-duraneu-tossa-pas-dels-lladres\/\" class=\"sya_postlink post-10911\" rel=\"bookmark\">18-11-2017-Picos Duraneu y Tossa Pas dels Lladres<\/a> <span class=\"sya_categories\"><span class=\"sya_bracket\">(<\/span>100 Cims Carlos y Conchita, 2-Moderada, 3 - De 10 a 15 km., Saillagosa<span class=\"sya_bracket\">)<\/span><\/span><div style=\"padding-left:100px\" class=\"robots-nocontent\"><cite>Empezaremos a caminar en la casi abandonada estaci\u00f3n de ski de Puigmal, pero no delante del edificio principal de la estaci\u00f3n, sino que continuaremos con el coche por la carretera hasta llegar a una barrera que nos corta el paso, y donde dejaremos el coche. Al cabo de algo m\u00e1s de 500 m. llegaremos a [&hellip;]<\/cite><\/div><\/div><\/li><li class=\"\"><div class=\"sya_postcontent\"><span class=\"sya_date\">  <span class=\"sya_sep\"> <\/span><\/span><a href=\"https:\/\/www.carlosyconchita.net\/rutas\/mojones-bornas-es-fr-informacion-general\/\" class=\"sya_postlink post-12021\" rel=\"bookmark\">MOJONES (BORNAS) ES-FR<\/a> <span class=\"sya_categories\"><span class=\"sya_bracket\">(<\/span>Mojones \/ Bornas frontera ES-FR<span class=\"sya_bracket\">)<\/span><\/span><div style=\"padding-left:100px\" class=\"robots-nocontent\"><cite>1- Observaciones\u00a0 Nos referimos aqu\u00ed a las \u00abbornas\u00bb (palabra inventada por nosotros), \u00abbornes (en franc\u00e9s), \u00abfites\u00bb (en catal\u00e1n) o mojones o mugas (en castellano) que vamos localizando y que se\u00f1alan la frontera entre Espa\u00f1a-Francia. La frontera actual entre Espa\u00f1a y Francia se defini\u00f3 en el Tratado de los Pirineos de 1659\u00a0 en la Isla de [&hellip;]<\/cite><\/div><\/div><\/li><li class=\"\"><div class=\"sya_postcontent\"><span class=\"sya_date\">  <span class=\"sya_sep\"> <\/span><\/span><a href=\"https:\/\/www.carlosyconchita.net\/rutas\/29-10-2017-mirador-dels-orris-tossa-alp\/\" class=\"sya_postlink post-10866\" rel=\"bookmark\">29-10-2017-Mirador dels Orris -Tossa de Alp<\/a> <span class=\"sya_categories\"><span class=\"sya_bracket\">(<\/span>100 Cims Carlos y Conchita, 2-Moderada, 3 - De 10 a 15 km.<span class=\"sya_bracket\">)<\/span><\/span><div style=\"padding-left:100px\" class=\"robots-nocontent\"><cite>Hoy hemos hecho esta larga y \u00abdurilla\u00bb caminata casi por casualidad, ya que nuestra idea, despu\u00e9s de la excursi\u00f3n de ayer, era hacer algo m\u00e1s sencillo. Aprovechando el camino de vuelta desde Saillagossa a casa, una vez en Bag\u00e1, subimos al Coll de Pal por la carretera BV-4024 , con la intenci\u00f3n de subir desde [&hellip;]<\/cite><\/div><\/div><\/li><li class=\"\"><div class=\"sya_postcontent\"><span class=\"sya_date\">  <span class=\"sya_sep\"> <\/span><\/span><a href=\"https:\/\/www.carlosyconchita.net\/rutas\/28-10-2017-portella-lago-orlu\/\" class=\"sya_postlink post-10860\" rel=\"bookmark\">28-10-2017-Portella y lago de Orl\u00fa<\/a> <span class=\"sya_categories\"><span class=\"sya_bracket\">(<\/span>2-Moderada, 3 - De 10 a 15 km., Formigueres \/ Puyvalador<span class=\"sya_bracket\">)<\/span><\/span><div style=\"padding-left:100px\" class=\"robots-nocontent\"><cite>Hoy hemos hecho una bonita excursi\u00f3n a la Portella de Orl\u00fa y al lago del mismo nombre, recorriendo el Valle del Galba desde el peque\u00f1o pueblo franc\u00e9s de Espousouille, cerca de Formigueres. Aparte de peque\u00f1as caminatas por esta zona, que hemos hecho bastantes, hay una que tiene bastante relaci\u00f3n con \u00e9sta, la del Estany del [&hellip;]<\/cite><\/div><\/div><\/li><li class=\"\"><div class=\"sya_postcontent\"><span class=\"sya_date\">  <span class=\"sya_sep\"> <\/span><\/span><a href=\"https:\/\/www.carlosyconchita.net\/rutas\/14-10-2017-bassa-massella\/\" class=\"sya_postlink post-10851\" rel=\"bookmark\">14-10-2017-Bassa de Masella<\/a> <span class=\"sya_categories\"><span class=\"sya_bracket\">(<\/span>0-Muy f\u00e1cil, 1 - Hasta 5 km., La Molina-Masella<span class=\"sya_bracket\">)<\/span><\/span><div style=\"padding-left:100px\" class=\"robots-nocontent\"><cite>Peque\u00f1a y muy f\u00e1cil caminata por las pistas de Masella, alrededor de uno de los \u00abestanques\u00bb artificiales en donde se acumula agua, al igual que en otras estaciones de ski, para fabricar nieve artificial en invierno. (La Bassa de Dalt) Nuestra idea inicial era llegar desde La Molina al Coll de Pal en coche, pero [&hellip;]<\/cite><\/div><\/div><\/li><li class=\"\"><div class=\"sya_postcontent\"><span class=\"sya_date\">  <span class=\"sya_sep\"> <\/span><\/span><a href=\"https:\/\/www.carlosyconchita.net\/rutas\/12-10-2017-pics-noufonts-eyne-bornas-508-509\/\" class=\"sya_postlink post-10745\" rel=\"bookmark\">12-10-2017-Pic de Noufonts (100 Cims) y Pic de Eyne (bornas 508-509)<\/a> <span class=\"sya_categories\"><span class=\"sya_bracket\">(<\/span>100 Cims Carlos y Conchita, 100 Cims FEEC, 2 - De 5 a 10 km., 2-Moderada, Mojones \/ Bornas frontera ES-FR, Nuria<span class=\"sya_bracket\">)<\/span><\/span><div style=\"padding-left:100px\" class=\"robots-nocontent\"><cite>Desde Nuria subimos al pico de Noufonts y al Coll de Eyne para localizar la borna 508 y de nuevo la 509 (la hab\u00edamos visto el 31-07-2017)<\/cite><\/div><\/div><\/li><li class=\"\"><div class=\"sya_postcontent\"><span class=\"sya_date\">  <span class=\"sya_sep\"> <\/span><\/span><a href=\"https:\/\/www.carlosyconchita.net\/rutas\/08-10-2017-coll-ares-torre-mir-bornas-516-520\/\" class=\"sya_postlink post-10736\" rel=\"bookmark\">08-10-2017 &#8211; Coll de Ares &#8211; Torre de Mir (bornas 516-520)<\/a> <span class=\"sya_categories\"><span class=\"sya_bracket\">(<\/span>2-Moderada, 4 - De 15 a 20 km., Girona, Mojones \/ Bornas frontera ES-FR<span class=\"sya_bracket\">)<\/span><\/span><div style=\"padding-left:100px\" class=\"robots-nocontent\"><cite>Iniciamos la caminata en el Coll de Ares , en direcci\u00f3n a la Torre de Mir, para encontrar las bornas 516 a 519, y despu\u00e9s , en el Coll de Ares, pero al otro lado de la carretera, llegamos al Coll de Vernadell, en donde est\u00e1 la borna 520<\/cite><\/div><\/div><\/li><li class=\"\"><div class=\"sya_postcontent\"><span class=\"sya_date\">  <span class=\"sya_sep\"> <\/span><\/span><a href=\"https:\/\/www.carlosyconchita.net\/rutas\/07-10-2017-colls-pregon-siern-bornas-514-515\/\" class=\"sya_postlink post-10728\" rel=\"bookmark\">07-10-2017 &#8211; Colls de Pregon y Siern (bornas 514-515)<\/a> <span class=\"sya_categories\"><span class=\"sya_bracket\">(<\/span>1-F\u00e1cil, 3 - De 10 a 15 km., Girona, Mojones \/ Bornas frontera ES-FR<span class=\"sya_bracket\">)<\/span><\/span><div style=\"padding-left:100px\" class=\"robots-nocontent\"><cite>Desde Espinavell nos dirigimos al Coll de Preg\u00f3n y despu\u00e9s al de Siern, para localizar las bornas 514 y 515<\/cite><\/div><\/div><\/li><li class=\"\"><div class=\"sya_postcontent\"><span class=\"sya_date\">  <span class=\"sya_sep\"> <\/span><\/span><a href=\"https:\/\/www.carlosyconchita.net\/rutas\/16-09-2017-sant-pere-casserres\/\" class=\"sya_postlink post-10718\" rel=\"bookmark\">16-09-2017 &#8211; Sant Pere de Casserres<\/a> <span class=\"sya_categories\"><span class=\"sya_bracket\">(<\/span>0-Muy f\u00e1cil, 1 - Hasta 5 km., Barcelona - sin clasificar<span class=\"sya_bracket\">)<\/span><\/span><div style=\"padding-left:100px\" class=\"robots-nocontent\"><cite>Hoy hemos hecho una peque\u00f1a excursi\u00f3n, peque\u00f1a en cuanto al recorrido, pero interesante desde el punto de vista \u00abcultural\u00bb e \u00abhist\u00f3rico \u00bb\u00a0 al monasterio de Sant Pere de Casserres, en donde hemos hecho una visita guiada y comentada, y tambi\u00e9n interesante por las vistas del rio Ter con unos bonitos meandros. En el album de [&hellip;]<\/cite><\/div><\/div><\/li><li class=\"\"><div class=\"sya_postcontent\"><span class=\"sya_date\">  <span class=\"sya_sep\"> <\/span><\/span><a href=\"https:\/\/www.carlosyconchita.net\/rutas\/02-09-2017-pic-costa-cabirolera\/\" class=\"sya_postlink post-10661\" rel=\"bookmark\">02-09-2017-Pic de Costa Cabirolera<\/a> <span class=\"sya_categories\"><span class=\"sya_bracket\">(<\/span>100 Cims Carlos y Conchita, 2-Moderada, 3 - De 10 a 15 km., Cerdanya Sur-Cad\u00ed-Moixer\u00f3<span class=\"sya_bracket\">)<\/span><\/span><div style=\"padding-left:100px\" class=\"robots-nocontent\"><cite>Para llegar al Pic de Costa Cabirolera\u00a0(el m\u00e1s alto de la provincia de Barcelona),\u00a0 nos dirigimos a Saldes y desde all\u00ed seguimos la pista en direcci\u00f3n al Pedraforca, pasamos de largo la zona de parking usada para subir a esta cima, y continuamos unos kilometros m\u00e1s hasta llegar a la zona conocida como Les Bassotes, [&hellip;]<\/cite><\/div><\/div><\/li><li class=\"\"><div class=\"sya_postcontent\"><span class=\"sya_date\">  <span class=\"sya_sep\"> <\/span><\/span><a href=\"https:\/\/www.carlosyconchita.net\/rutas\/hawaii-kalalau-trail\/\" class=\"sya_postlink post-11082\" rel=\"bookmark\">Hawaii &#8211; Kalalau Trail<\/a> <span class=\"sya_categories\"><span class=\"sya_bracket\">(<\/span>USA - Hawaii<span class=\"sya_bracket\">)<\/span><\/span><div style=\"padding-left:100px\" class=\"robots-nocontent\"><cite>El Kalalau Trail es una de las caminatas recomendadas en Hawaii, pero debido a su dificultad y complicaciones solo est\u00e1 permitido hacer el primer tramo, hasta la playa de Hanahapi&#8217;ai. Como se puede ver en las fotos, hay un mont\u00f3n de avisos de peligro y de advertencias, y si quieres hacer el resto del camino [&hellip;]<\/cite><\/div><\/div><\/li><li class=\"\"><div class=\"sya_postcontent\"><span class=\"sya_date\">  <span class=\"sya_sep\"> <\/span><\/span><a href=\"https:\/\/www.carlosyconchita.net\/rutas\/hawaii-puesta-sol\/\" class=\"sya_postlink post-11079\" rel=\"bookmark\">Hawaii &#8211; Puesta sol<\/a> <span class=\"sya_categories\"><span class=\"sya_bracket\">(<\/span>USA - Hawaii<span class=\"sya_bracket\">)<\/span><\/span><div style=\"padding-left:100px\" class=\"robots-nocontent\"><cite>Nos hab\u00edan dicho que uno de los puntos interesantes de la isla de Kauai era una puesta de sol desde una de las playas del norte de la isla, asi que hicimos una peque\u00f1a caminata desde el hotel hasta la playa o mejor dicho, una especie de mirador desde donde pudimos ver todo el \u00abproceso\u00bb, [&hellip;]<\/cite><\/div><\/div><\/li><li class=\"\"><div class=\"sya_postcontent\"><span class=\"sya_date\">  <span class=\"sya_sep\"> <\/span><\/span><a href=\"https:\/\/www.carlosyconchita.net\/rutas\/hawaii-hotel-kauai\/\" class=\"sya_postlink post-11076\" rel=\"bookmark\">Hawaii &#8211; Hotel Kauai<\/a> <span class=\"sya_categories\"><span class=\"sya_bracket\">(<\/span>USA - Hawaii<span class=\"sya_bracket\">)<\/span><\/span><div style=\"padding-left:100px\" class=\"robots-nocontent\"><cite>El hotel donde estuvimos en\u00a0 la isla de Kauai estaba situado al norte de la isla, en la zona de Princeville, en una zona repleta de complejos turisticos y resorts, en el que el primer d\u00eda nos cost\u00f3 encontrar el \u00abpueblo\u00bb o zona comercial donde encontrar un super donde comprar lo que necesitabamos para comer, [&hellip;]<\/cite><\/div><\/div><\/li><li class=\"\"><div class=\"sya_postcontent\"><span class=\"sya_date\">  <span class=\"sya_sep\"> <\/span><\/span><a href=\"https:\/\/www.carlosyconchita.net\/rutas\/hawaii-kilauea-point\/\" class=\"sya_postlink post-11073\" rel=\"bookmark\">Hawaii &#8211; Kilauea Point<\/a> <span class=\"sya_categories\"><span class=\"sya_bracket\">(<\/span>USA - Hawaii<span class=\"sya_bracket\">)<\/span><\/span><div style=\"padding-left:100px\" class=\"robots-nocontent\"><cite>El Kilauea Point National Wildlife Refuge, que es en realidad el nombre completo de este punto de inter\u00e9s, es una zona protegida en donde habitan un gran n\u00famero de aves , especialmente albatros, situada al norte de la isla de Kauai. Hay un peque\u00f1o recorrido desde el parking hasta el faro que hay al otro [&hellip;]<\/cite><\/div><\/div><\/li><li class=\"\"><div class=\"sya_postcontent\"><span class=\"sya_date\">  <span class=\"sya_sep\"> <\/span><\/span><a href=\"https:\/\/www.carlosyconchita.net\/rutas\/hawaii-waimea-canyon\/\" class=\"sya_postlink post-11070\" rel=\"bookmark\">Hawaii &#8211; Waimea Canyon<\/a> <span class=\"sya_categories\"><span class=\"sya_bracket\">(<\/span>USA - Hawaii<span class=\"sya_bracket\">)<\/span><\/span><div style=\"padding-left:100px\" class=\"robots-nocontent\"><cite>La zona del Waimea Canyon es un parque natural, situado en la isla de Oahu, que se conoce tambi\u00e9n con el nombre de Gran Ca\u00f1on del Pac\u00edfico, aunque de tama\u00f1o mucho m\u00e1s peque\u00f1o, y con unos colores muy variados y vistosos en las rocas, vegetaci\u00f3n , etc, aunque dependiendo de la hora en que hagas [&hellip;]<\/cite><\/div><\/div><\/li><li class=\"\"><div class=\"sya_postcontent\"><span class=\"sya_date\">  <span class=\"sya_sep\"> <\/span><\/span><a href=\"https:\/\/www.carlosyconchita.net\/rutas\/hawaii-varios-kauai\/\" class=\"sya_postlink post-11067\" rel=\"bookmark\">Hawaii &#8211; varios Kauai<\/a> <span class=\"sya_categories\"><span class=\"sya_bracket\">(<\/span>USA - Hawaii<span class=\"sya_bracket\">)<\/span><\/span><div style=\"padding-left:100px\" class=\"robots-nocontent\"><cite>Album de fotos<\/cite><\/div><\/div><\/li><li class=\"\"><div class=\"sya_postcontent\"><span class=\"sya_date\">  <span class=\"sya_sep\"> <\/span><\/span><a href=\"https:\/\/www.carlosyconchita.net\/rutas\/hawaii-diamond-head\/\" class=\"sya_postlink post-11062\" rel=\"bookmark\">Hawaii &#8211; Diamond Head<\/a> <span class=\"sya_categories\"><span class=\"sya_bracket\">(<\/span>USA - Hawaii<span class=\"sya_bracket\">)<\/span><\/span><div style=\"padding-left:100px\" class=\"robots-nocontent\"><cite>El Diamond Head es un antiguo volc\u00e1n, situado en la misma ciudad de Honolul\u00fa, como se puede ver en la foto, al que se puede acceder al interior, por una carretera y un t\u00fanel que atraviesa la monta\u00f1a. En su interior hab\u00eda unas instalaciones militares, y ahora es uno de los puntos de visita obligados [&hellip;]<\/cite><\/div><\/div><\/li><li class=\"\"><div class=\"sya_postcontent\"><span class=\"sya_date\">  <span class=\"sya_sep\"> <\/span><\/span><a href=\"https:\/\/www.carlosyconchita.net\/rutas\/hawaii-manoa-falls\/\" class=\"sya_postlink post-11058\" rel=\"bookmark\">Hawaii &#8211; Manoa Falls<\/a> <span class=\"sya_categories\"><span class=\"sya_bracket\">(<\/span>USA - Hawaii<span class=\"sya_bracket\">)<\/span><\/span><div style=\"padding-left:100px\" class=\"robots-nocontent\"><cite>Caminata para llegar a la Cascada de Manoa (Manoa Falls) ,\u00a0 situada cerca de Honolul\u00fa, con un camino corto, sombr\u00edo,\u00a0 muy h\u00famedo y resbaladizo en algunos tramos. Por fotos que habiamos visto y como tambi\u00e9n nos comentaron all\u00ed, hab\u00eda bastante menos agua de la habitual. En el parking donde se deja el coche para empezar [&hellip;]<\/cite><\/div><\/div><\/li><li class=\"\"><div class=\"sya_postcontent\"><span class=\"sya_date\">  <span class=\"sya_sep\"> <\/span><\/span><a href=\"https:\/\/www.carlosyconchita.net\/rutas\/hawaii-pearl-harbour\/\" class=\"sya_postlink post-11054\" rel=\"bookmark\">Hawaii &#8211; Pearl Harbour<\/a> <span class=\"sya_categories\"><span class=\"sya_bracket\">(<\/span>USA - Hawaii<span class=\"sya_bracket\">)<\/span><\/span><div style=\"padding-left:100px\" class=\"robots-nocontent\"><cite>Visita a la famosa base naval de Pearl Harbour, convertida en un \u00abmemorial\u00bb de la 2\u00aa guerra mundial, o m\u00e1s concretamente del ataque de los japoneses. En el fondo de la bah\u00eda contin\u00faan hundidos varios de los buques que fueron atacados, en especial el Missouri, del que todav\u00eda salen peque\u00f1os hilos de aceite o combustible [&hellip;]<\/cite><\/div><\/div><\/li><li class=\"\"><div class=\"sya_postcontent\"><span class=\"sya_date\">  <span class=\"sya_sep\"> <\/span><\/span><a href=\"https:\/\/www.carlosyconchita.net\/rutas\/hawaii-valle-los-templos\/\" class=\"sya_postlink post-11050\" rel=\"bookmark\">Hawaii &#8211; Valle de los Templos<\/a> <span class=\"sya_categories\"><span class=\"sya_bracket\">(<\/span>USA - Hawaii<span class=\"sya_bracket\">)<\/span><\/span><div style=\"padding-left:100px\" class=\"robots-nocontent\"><cite>El Valle de los Templos es un enorme cementerio en forma de parque muy bien cuidado y bonito, al pi\u00e9 de unas enormes monta\u00f1as, en el que hay gente enterrada de varias religiones , como cat\u00f3licos, budistas, sintoistas, etc., as\u00ed como las correspondientes iglesias de estas religiones. El templo m\u00e1s famoso es una reproducci\u00f3n del [&hellip;]<\/cite><\/div><\/div><\/li><li class=\"\"><div class=\"sya_postcontent\"><span class=\"sya_date\">  <span class=\"sya_sep\"> <\/span><\/span><a href=\"https:\/\/www.carlosyconchita.net\/rutas\/hawaii-honolulu\/\" class=\"sya_postlink post-11046\" rel=\"bookmark\">Hawaii &#8211; Honolul\u00fa<\/a> <span class=\"sya_categories\"><span class=\"sya_bracket\">(<\/span>USA - Hawaii<span class=\"sya_bracket\">)<\/span><\/span><div style=\"padding-left:100px\" class=\"robots-nocontent\"><cite>Fotos varias de Honolul\u00fa y alrededores. Album de fotos<\/cite><\/div><\/div><\/li><li class=\"\"><div class=\"sya_postcontent\"><span class=\"sya_date\">  <span class=\"sya_sep\"> <\/span><\/span><a href=\"https:\/\/www.carlosyconchita.net\/rutas\/hawaii-varios-oahu\/\" class=\"sya_postlink post-11040\" rel=\"bookmark\">Hawaii &#8211; varios Oahu<\/a> <span class=\"sya_categories\"><span class=\"sya_bracket\">(<\/span>USA - Hawaii<span class=\"sya_bracket\">)<\/span><\/span><div style=\"padding-left:100px\" class=\"robots-nocontent\"><cite>Fotos varias del recorrido por la isla de Oahu (capital= Honolul\u00fa) Album de fotos<\/cite><\/div><\/div><\/li><li class=\"\"><div class=\"sya_postcontent\"><span class=\"sya_date\">  <span class=\"sya_sep\"> <\/span><\/span><a href=\"https:\/\/www.carlosyconchita.net\/rutas\/hawaii-hilo\/\" class=\"sya_postlink post-11030\" rel=\"bookmark\">Hawaii &#8211; Hilo<\/a> <span class=\"sya_categories\"><span class=\"sya_bracket\">(<\/span>USA - Hawaii<span class=\"sya_bracket\">)<\/span><\/span><div style=\"padding-left:100px\" class=\"robots-nocontent\"><cite>Fotos varias de la ciudad de Hilo, donde dormimos unos d\u00edas, y base para las excursiones de la zona de los volcanes. Album de fotos<\/cite><\/div><\/div><\/li><li class=\"\"><div class=\"sya_postcontent\"><span class=\"sya_date\">  <span class=\"sya_sep\"> <\/span><\/span><a href=\"https:\/\/www.carlosyconchita.net\/rutas\/hawaii-akaka-falls\/\" class=\"sya_postlink post-11026\" rel=\"bookmark\">Hawaii &#8211; Akaka Falls<\/a> <span class=\"sya_categories\"><span class=\"sya_bracket\">(<\/span>USA - Hawaii<span class=\"sya_bracket\">)<\/span><\/span><div style=\"padding-left:100px\" class=\"robots-nocontent\"><cite>Las Akaka Falls estan a unos pocos kilometros de la ciudad de Hilo, y como se puede ver en las fotos, tuvimos un d\u00eda algo mojado por la lluvia. Album de fotos<\/cite><\/div><\/div><\/li><li class=\"\"><div class=\"sya_postcontent\"><span class=\"sya_date\">  <span class=\"sya_sep\"> <\/span><\/span><a href=\"https:\/\/www.carlosyconchita.net\/rutas\/hawaii-rainbow-falls\/\" class=\"sya_postlink post-11023\" rel=\"bookmark\">Hawaii &#8211; Rainbow Falls<\/a> <span class=\"sya_categories\"><span class=\"sya_bracket\">(<\/span>USA - Hawaii<span class=\"sya_bracket\">)<\/span><\/span><div style=\"padding-left:100px\" class=\"robots-nocontent\"><cite>Peque\u00f1a cascada , muy cerca de la ciudad de Hilo. Dado que solo ten\u00edamos que caminar unos pocos metros, salimos del coche sin impermeable ni paraguas, y una vez habiamos subido unas escaleras para llegar a la parte superior de la cascada, empez\u00f3 a llover de tal forma que tuvimos que quedarnos debajo de los [&hellip;]<\/cite><\/div><\/div><\/li><li class=\"\"><div class=\"sya_postcontent\"><span class=\"sya_date\">  <span class=\"sya_sep\"> <\/span><\/span><a href=\"https:\/\/www.carlosyconchita.net\/rutas\/hawaii-parque-nacional-los-volcanes\/\" class=\"sya_postlink post-11020\" rel=\"bookmark\">Hawaii &#8211; Parque Nacional de los Volcanes<\/a> <span class=\"sya_categories\"><span class=\"sya_bracket\">(<\/span>USA - Hawaii<span class=\"sya_bracket\">)<\/span><\/span><div style=\"padding-left:100px\" class=\"robots-nocontent\"><cite>Album de fotos Ruta Como que llegamos muy pronto al Parque Nacional de los Volcanes, y el Centro de Informaci\u00f3n est\u00e1 cerrado, continuamos con el coche para hacernos una idea de lo que podemos ver, pero a muy pocos kms. del Centro, la carretera \u00abCrater Rim\u00bb\u00a0 est\u00e1 cortada por las emanaciones volc\u00e1nicas. Se puede recorrer [&hellip;]<\/cite><\/div><\/div><\/li><li class=\"\"><div class=\"sya_postcontent\"><span class=\"sya_date\">  <span class=\"sya_sep\"> <\/span><\/span><a href=\"https:\/\/www.carlosyconchita.net\/rutas\/hawaii-petroglifos-puu-loa-trail\/\" class=\"sya_postlink post-11015\" rel=\"bookmark\">Hawaii &#8211; Petroglifos (Pu&#8217;u Loa Trail)<\/a> <span class=\"sya_categories\"><span class=\"sya_bracket\">(<\/span>USA - Hawaii<span class=\"sya_bracket\">)<\/span><\/span><div style=\"padding-left:100px\" class=\"robots-nocontent\"><cite>Peque\u00f1a caminata dentro del Parque Nacional de los Volcanes, para llegar a una zona con numerosos petroglifos o simbolos grabados en piedra, de los antiguos habitantes de las islas. &nbsp; Album de fotos Track de la ruta [sgpx gpx=\u00bb\/wp-content\/uploads\/gpx\/Petroglifos.gpx\u00bb] Wikiloc<\/cite><\/div><\/div><\/li><li class=\"\"><div class=\"sya_postcontent\"><span class=\"sya_date\">  <span class=\"sya_sep\"> <\/span><\/span><a href=\"https:\/\/www.carlosyconchita.net\/rutas\/hawaii-thurston-lava-tube\/\" class=\"sya_postlink post-11012\" rel=\"bookmark\">Hawaii &#8211; Thurston Lava Tube<\/a> <span class=\"sya_categories\"><span class=\"sya_bracket\">(<\/span>USA - Hawaii<span class=\"sya_bracket\">)<\/span><\/span><div style=\"padding-left:100px\" class=\"robots-nocontent\"><cite>El Thurston Lava Tube, como su nombre indica, es una especie de tubo o t\u00fanel por el que hab\u00eda pasado la lava, pero que debido a las especiales condiciones de temperatura se vaci\u00f3 totalmente. Est\u00e1 dentro del Parque Nacional de los Volcanes. &nbsp; Album de fotos Track de la ruta [sgpx gpx=\u00bb\/wp-content\/uploads\/gpx\/Thurston Lava Tube.gpx\u00bb] Wikiloc<\/cite><\/div><\/div><\/li><li class=\"\"><div class=\"sya_postcontent\"><span class=\"sya_date\">  <span class=\"sya_sep\"> <\/span><\/span><a href=\"https:\/\/www.carlosyconchita.net\/rutas\/hawaii-lava-viewing-area\/\" class=\"sya_postlink post-11009\" rel=\"bookmark\">Hawaii &#8211; Lava Viewing Area<\/a> <span class=\"sya_categories\"><span class=\"sya_bracket\">(<\/span>USA - Hawaii<span class=\"sya_bracket\">)<\/span><\/span><div style=\"padding-left:100px\" class=\"robots-nocontent\"><cite>Caminata de unos 13 km desde el final de la carretera 130, hasta el punto autorizado m\u00e1s cercano a la caida de lava al mar, en la parte sur de la isla \u00abBig Island\u00bb. De hecho, como se puede ver en el mapa del track de la ruta (reducir el zoom para verlo), llegamos hasta [&hellip;]<\/cite><\/div><\/div><\/li><li class=\"\"><div class=\"sya_postcontent\"><span class=\"sya_date\">  <span class=\"sya_sep\"> <\/span><\/span><a href=\"https:\/\/www.carlosyconchita.net\/rutas\/hawaii-mauna-loa-observatorio\/\" class=\"sya_postlink post-11006\" rel=\"bookmark\">Hawaii &#8211; Mauna Loa y Observatorio<\/a> <span class=\"sya_categories\"><span class=\"sya_bracket\">(<\/span>USA - Hawaii<span class=\"sya_bracket\">)<\/span><\/span><div style=\"padding-left:100px\" class=\"robots-nocontent\"><cite>Ruta en coche desde la ciudad de hasta la de Hilo, en la que cruzamos toda la Big Island, pasando por el centro de la misma, donde est\u00e1 la monta\u00f1a m\u00e1s alta de la isla, un antiguo volc\u00e1n llamado Mauna Loa, y en donde hay un observatorio astron\u00f3mico. Este d\u00eda tuvimos un \u00abpeque\u00f1o\u00bb problema, ya [&hellip;]<\/cite><\/div><\/div><\/li><li class=\"\"><div class=\"sya_postcontent\"><span class=\"sya_date\">  <span class=\"sya_sep\"> <\/span><\/span><a href=\"https:\/\/www.carlosyconchita.net\/rutas\/hawaii-playa-samuel-spencer\/\" class=\"sya_postlink post-11003\" rel=\"bookmark\">Hawaii &#8211; Playa Samuel Spencer<\/a> <span class=\"sya_categories\"><span class=\"sya_bracket\">(<\/span>USA - Hawaii<span class=\"sya_bracket\">)<\/span><\/span><div style=\"padding-left:100px\" class=\"robots-nocontent\"><cite>Album de fotos<\/cite><\/div><\/div><\/li><li class=\"\"><div class=\"sya_postcontent\"><span class=\"sya_date\">  <span class=\"sya_sep\"> <\/span><\/span><a href=\"https:\/\/www.carlosyconchita.net\/rutas\/hawaii-waipio-valley\/\" class=\"sya_postlink post-11000\" rel=\"bookmark\">Hawaii &#8211; Waipio Valley<\/a> <span class=\"sya_categories\"><span class=\"sya_bracket\">(<\/span>USA - Hawaii<span class=\"sya_bracket\">)<\/span><\/span><div style=\"padding-left:100px\" class=\"robots-nocontent\"><cite>El Waipio Valley est\u00e1 situado al norte de la Big Island, a donde se puede llegar desde Hilo por la carretera 19. Es un valle un tanto especial, ya que es considerado como sagrado por sus habitantes originarios, a quienes no les gusta mucho las visitas de los turistas (ver fotos de los avisos en [&hellip;]<\/cite><\/div><\/div><\/li><li class=\"\"><div class=\"sya_postcontent\"><span class=\"sya_date\">  <span class=\"sya_sep\"> <\/span><\/span><a href=\"https:\/\/www.carlosyconchita.net\/rutas\/hawaii-pololu-valley\/\" class=\"sya_postlink post-10997\" rel=\"bookmark\">Hawaii &#8211; Pololu Valley<\/a> <span class=\"sya_categories\"><span class=\"sya_bracket\">(<\/span>USA - Hawaii<span class=\"sya_bracket\">)<\/span><\/span><div style=\"padding-left:100px\" class=\"robots-nocontent\"><cite>Bonito valle y playa situdos en el norte de la Big Island. Dejaremos el coche al final de la\u00a0 carretera y bajaremos hasta la\u00a0 playa en la que termina el Valle de Pololu. &nbsp; Album de fotos<\/cite><\/div><\/div><\/li><li class=\"\"><div class=\"sya_postcontent\"><span class=\"sya_date\">  <span class=\"sya_sep\"> <\/span><\/span><a href=\"https:\/\/www.carlosyconchita.net\/rutas\/hawaii-varios-big-island\/\" class=\"sya_postlink post-10991\" rel=\"bookmark\">Hawaii &#8211; varios Big Island<\/a> <span class=\"sya_categories\"><span class=\"sya_bracket\">(<\/span>USA - Hawaii<span class=\"sya_bracket\">)<\/span><\/span><div style=\"padding-left:100px\" class=\"robots-nocontent\"><cite>Fotos varias de la isla de Big Island Album de fotos<\/cite><\/div><\/div><\/li><li class=\"\"><div class=\"sya_postcontent\"><span class=\"sya_date\">  <span class=\"sya_sep\"> <\/span><\/span><a href=\"https:\/\/www.carlosyconchita.net\/rutas\/24-08-2017-pic-perafita\/\" class=\"sya_postlink post-10652\" rel=\"bookmark\">24-08-2017-Pic de Perafita<\/a> <span class=\"sya_categories\"><span class=\"sya_bracket\">(<\/span>100 Cims Carlos y Conchita, 2-Moderada, 3 - De 10 a 15 km., Lles<span class=\"sya_bracket\">)<\/span><\/span><div style=\"padding-left:100px\" class=\"robots-nocontent\"><cite>Hoy volvemos a la zona de Pollineres para subir al Pic de Perafita, que hemos visto varias veces \u00abdesde lejos\u00bb las anteriores ocasiones en que hemos ido a los Lagos de la Pera. Dejamos el coche en la zona de Pollineres, y desde all\u00ed empezamos a caminar para subir hacia los citados Lagos de la [&hellip;]<\/cite><\/div><\/div><\/li><li class=\"\"><div class=\"sya_postcontent\"><span class=\"sya_date\">  <span class=\"sya_sep\"> <\/span><\/span><a href=\"https:\/\/www.carlosyconchita.net\/rutas\/22-08-2017-costabona-roc-colom-bornas-512-513\/\" class=\"sya_postlink post-10641\" rel=\"bookmark\">22-08-2017-Costabona (100 Cims) y Roc Colom (bornas 512-513)<\/a> <span class=\"sya_categories\"><span class=\"sya_bracket\">(<\/span>100 Cims Carlos y Conchita, 100 Cims FEEC, 2-Moderada, 3 - De 10 a 15 km., Mojones \/ Bornas frontera ES-FR, Vallter<span class=\"sya_bracket\">)<\/span><\/span><div style=\"padding-left:100px\" class=\"robots-nocontent\"><cite>Subida al Costabona y localizaci\u00f3n de las bornas 512 y 513<\/cite><\/div><\/div><\/li><li class=\"\"><div class=\"sya_postcontent\"><span class=\"sya_date\">  <span class=\"sya_sep\"> <\/span><\/span><a href=\"https:\/\/www.carlosyconchita.net\/rutas\/05-08-2017-bornas-llivia\/\" class=\"sya_postlink post-10631\" rel=\"bookmark\">05-08-2017-Bornas Ll\u00edvia (27+30, 22-24)<\/a> <span class=\"sya_categories\"><span class=\"sya_bracket\">(<\/span>1-F\u00e1cil, 2 - De 5 a 10 km., Mojones \/ Bornas frontera Ll\u00edvia<span class=\"sya_bracket\">)<\/span><\/span><div style=\"padding-left:100px\" class=\"robots-nocontent\"><cite>Hoy hemos tenido la ocasi\u00f3n de vernos con el amigo Eef Beerns, el \u00abholand\u00e9s de las bornas\u00bb, (ver enlace ) que aprovechando un nuevo viaje por los Pirineos, nos ha visitado en Saillagossa. Hemos abusado un poco de \u00e9l, y as\u00ed nos ha ayudado a localizar las bornas de Ll\u00edvia 30 y 27 que no [&hellip;]<\/cite><\/div><\/div><\/li><li class=\"\"><div class=\"sya_postcontent\"><span class=\"sya_date\">  <span class=\"sya_sep\"> <\/span><\/span><a href=\"https:\/\/www.carlosyconchita.net\/rutas\/04-08-2017-pic-la-dona-borna-511\/\" class=\"sya_postlink post-10624\" rel=\"bookmark\">04-08-2017-Pic de la Dona (borna 511)<\/a> <span class=\"sya_categories\"><span class=\"sya_bracket\">(<\/span>100 Cims Carlos y Conchita, 2 - De 5 a 10 km., 2-Moderada, Mojones \/ Bornas frontera ES-FR, Vallter<span class=\"sya_bracket\">)<\/span><\/span><div style=\"padding-left:100px\" class=\"robots-nocontent\"><cite>Excursi\u00f3n a la Portella de Mantet , donde est\u00e1 la borna 511 y despu\u00e9s subida al Pic de la Dona.<\/cite><\/div><\/div><\/li><li class=\"\"><div class=\"sya_postcontent\"><span class=\"sya_date\">  <span class=\"sya_sep\"> <\/span><\/span><a href=\"https:\/\/www.carlosyconchita.net\/rutas\/03-08-2017-pic-blanc-envalira\/\" class=\"sya_postlink post-10613\" rel=\"bookmark\">03-08-2017 &#8211; Pic Blanc de Envalira<\/a> <span class=\"sya_categories\"><span class=\"sya_bracket\">(<\/span>1-F\u00e1cil, 100 Cims Carlos y Conchita, 2 - De 5 a 10 km., Andorra<span class=\"sya_bracket\">)<\/span><\/span><div style=\"padding-left:100px\" class=\"robots-nocontent\"><cite>Anteriormente hab\u00edamos subido al Pic Blan de Envalira, pero fu\u00e9 en invierno, con raquetas y un d\u00eda por la tarde con algo de neblina, por lo que al llegar arriba, la luz y las vistas no fueron las mejores. ( ver enlace ) As\u00ed que hoy repetimos la subida pero en condiciones totalmente distintas que [&hellip;]<\/cite><\/div><\/div><\/li><li class=\"\"><div class=\"sya_postcontent\"><span class=\"sya_date\">  <span class=\"sya_sep\"> <\/span><\/span><a href=\"https:\/\/www.carlosyconchita.net\/rutas\/31-07-2017-coll-pic-noucreus-coll-noufonts\/\" class=\"sya_postlink post-10579\" rel=\"bookmark\">31-07-2017-Coll y Pic Noucreus y Coll Noufonts (bornas 509-510)<\/a> <span class=\"sya_categories\"><span class=\"sya_bracket\">(<\/span>100 Cims Carlos y Conchita, 2-Moderada, 3 - De 10 a 15 km., Mojones \/ Bornas frontera ES-FR, Nuria<span class=\"sya_bracket\">)<\/span><\/span><div style=\"padding-left:100px\" class=\"robots-nocontent\"><cite>Desde Nuria subimos al Coll y Pic Noucreus y Coll Noufonts para localizar las bornas 509-510<\/cite><\/div><\/div><\/li><li class=\"\"><div class=\"sya_postcontent\"><span class=\"sya_date\">  <span class=\"sya_sep\"> <\/span><\/span><a href=\"https:\/\/www.carlosyconchita.net\/rutas\/30-07-2017-bornas-varias\/\" class=\"sya_postlink post-10573\" rel=\"bookmark\">30-07-2017-Bornas varias<\/a> <span class=\"sya_categories\"><span class=\"sya_bracket\">(<\/span>0-Muy f\u00e1cil, 1 - Hasta 5 km., Mojones \/ Bornas frontera ES-FR<span class=\"sya_bracket\">)<\/span><\/span><div style=\"padding-left:100px\" class=\"robots-nocontent\"><cite>Localizamos varias bornas por los alrededores de Bourgmadame y Puigcerd\u00e1.<\/cite><\/div><\/div><\/li><li class=\"\"><div class=\"sya_postcontent\"><span class=\"sya_date\">  <span class=\"sya_sep\"> <\/span><\/span><a href=\"https:\/\/www.carlosyconchita.net\/rutas\/29-07-2017-pic-montmalus\/\" class=\"sya_postlink post-10567\" rel=\"bookmark\">29-07-2017-Pic de Montmal\u00fas (100 Cims)<\/a> <span class=\"sya_categories\"><span class=\"sya_bracket\">(<\/span>100 Cims Carlos y Conchita, 100 Cims FEEC, 2 - De 5 a 10 km., 2-Moderada, Andorra<span class=\"sya_bracket\">)<\/span><\/span><div style=\"padding-left:100px\" class=\"robots-nocontent\"><cite>Desde la estaci\u00f3n de ski de Grau Roig iniciamos esta excursi\u00f3n al Pic de Montmal\u00fas, pasando primero por el lago Primer dels Pessons,\u00a0 despu\u00e9s por el lago de la Coma Estremera, la Collada\u00a0 Montmal\u00fas, y una vez all\u00ed, subimos ya al Montmal\u00fas. Cuando bajamos del Montmal\u00fas, y una vez de nuevo en la collada, subimos [&hellip;]<\/cite><\/div><\/div><\/li><li class=\"\"><div class=\"sya_postcontent\"><span class=\"sya_date\">  <span class=\"sya_sep\"> <\/span><\/span><a href=\"https:\/\/www.carlosyconchita.net\/rutas\/28-07-2017-portella-blanca-andorra-borna-427\/\" class=\"sya_postlink post-10546\" rel=\"bookmark\">28-07-2017-Portella Blanca Andorra &#8211; borna 427<\/a> <span class=\"sya_categories\"><span class=\"sya_bracket\">(<\/span>2 - De 5 a 10 km., 2-Moderada, Andorra, Mojones \/ Bornas frontera ES-FR<span class=\"sya_bracket\">)<\/span><\/span><div style=\"padding-left:100px\" class=\"robots-nocontent\"><cite>Bonita excursi\u00f3n para llegar a la Portella Blanca de Andorra, en donde se unen las fronteras de Espa\u00f1a, Francia y Andorra, en la borna 427<\/cite><\/div><\/div><\/li><li class=\"\"><div class=\"sya_postcontent\"><span class=\"sya_date\">  <span class=\"sya_sep\"> <\/span><\/span><a href=\"https:\/\/www.carlosyconchita.net\/rutas\/21-07-2017-estany-negre-les-passaderes\/\" class=\"sya_postlink post-10538\" rel=\"bookmark\">21-07-2017-Estany Negre o de Les Passaderes<\/a> <span class=\"sya_categories\"><span class=\"sya_bracket\">(<\/span>1-F\u00e1cil, 2 - De 5 a 10 km., Andorra<span class=\"sya_bracket\">)<\/span><\/span><div style=\"padding-left:100px\" class=\"robots-nocontent\"><cite>En realidad esta ha sido una excursi\u00f3n \u00abfrustada\u00bb, ya que nuestra idea era llegar hasta la Portella Blanca de Andorra para ver la borna 427, pero debido a una fuerte lluvia , hemos tenido que volver atr\u00e1s poco despu\u00e9s de pasar por el Estany Negre o de las Passaderes, llegando al coche completamente mojados, y [&hellip;]<\/cite><\/div><\/div><\/li><li class=\"\"><div class=\"sya_postcontent\"><span class=\"sya_date\">  <span class=\"sya_sep\"> <\/span><\/span><a href=\"https:\/\/www.carlosyconchita.net\/rutas\/15-07-2017-lagos-setut\/\" class=\"sya_postlink post-10439\" rel=\"bookmark\">15-07-2017-Lagos de Setut<\/a> <span class=\"sya_categories\"><span class=\"sya_bracket\">(<\/span>1-F\u00e1cil, 2 - De 5 a 10 km., Lles<span class=\"sya_bracket\">)<\/span><\/span><div style=\"padding-left:100px\" class=\"robots-nocontent\"><cite>Hoy volvemos a la zona del Cap de Rec para caminar hasta los lagos de Setut, que aunque no ten\u00edan mucha agua, en especial el primero, est\u00e1n situados en un bonito sitio. Llegamos con el coche al refugio del Cap de Rec, pero en verano est\u00e1 abierta la pista que lleva a Pollineres, por lo [&hellip;]<\/cite><\/div><\/div><\/li><li class=\"\"><div class=\"sya_postcontent\"><span class=\"sya_date\">  <span class=\"sya_sep\"> <\/span><\/span><a href=\"https:\/\/www.carlosyconchita.net\/rutas\/14-07-2017-puigpedros-portella-meranges-borna-428\/\" class=\"sya_postlink post-10429\" rel=\"bookmark\">14-07-2017 &#8211; Puigpedr\u00f3s (100 Cims) y Portella Meranges (borna 428)<\/a> <span class=\"sya_categories\"><span class=\"sya_bracket\">(<\/span>100 Cims Carlos y Conchita, 100 Cims FEEC, 3 - De 10 a 15 km., 3-Dif\u00edcil, Girona, Mojones \/ Bornas frontera ES-FR<span class=\"sya_bracket\">)<\/span><\/span><div style=\"padding-left:100px\" class=\"robots-nocontent\"><cite>Subida al Puigpedr\u00f3s y despu\u00e9s bajada a la Portella de Meranges, en donde est\u00e1 la borna 428<\/cite><\/div><\/div><\/li><li class=\"\"><div class=\"sya_postcontent\"><span class=\"sya_date\">  <span class=\"sya_sep\"> <\/span><\/span><a href=\"https:\/\/www.carlosyconchita.net\/rutas\/08-07-2017-collada-tossas-dorria\/\" class=\"sya_postlink post-10405\" rel=\"bookmark\">08-07-2017 &#8211; Collada de Tossas &#8211; Dorria<\/a> <span class=\"sya_categories\"><span class=\"sya_bracket\">(<\/span>1-F\u00e1cil, 2 - De 5 a 10 km., La Molina-Masella<span class=\"sya_bracket\">)<\/span><\/span><div style=\"padding-left:100px\" class=\"robots-nocontent\"><cite>Como que ayer hicimos una larga y durilla excursi\u00f3n, hoy nuestro amigo Lluis nos propone \u00e9sta, desde la Collada de Tossas (concretamente en la zona llamada Las Colladetes), hasta el pueblo de Dorria. De esta forma, hacemos una subida no muy larga, y un descenso m\u00e1s largo, y asi no nos cansaremos tanto, aunque tambi\u00e9n [&hellip;]<\/cite><\/div><\/div><\/li><li class=\"\"><div class=\"sya_postcontent\"><span class=\"sya_date\">  <span class=\"sya_sep\"> <\/span><\/span><a href=\"https:\/\/www.carlosyconchita.net\/rutas\/07-07-2017-guils-fontanera-linea-la-frontera-bornas-434-429\/\" class=\"sya_postlink post-10394\" rel=\"bookmark\">07-07-2017 &#8211; Guils Fontanera -Roca Colom, Puig Pedr\u00f3 de la Tossa,  Puig Farin\u00f3s y Font del Boved\u00f3 (bornas 434-429)<\/a> <span class=\"sya_categories\"><span class=\"sya_bracket\">(<\/span>100 Cims Carlos y Conchita, 3-Dif\u00edcil, 4 - De 15 a 20 km., Guils, Mojones \/ Bornas frontera ES-FR<span class=\"sya_bracket\">)<\/span><\/span><div style=\"padding-left:100px\" class=\"robots-nocontent\"><cite>Larga pero muy bonita excursi\u00f3n desde Guils-Fontanera para localizar las bornas 434 a la 429<\/cite><\/div><\/div><\/li><li class=\"\"><div class=\"sya_postcontent\"><span class=\"sya_date\">  <span class=\"sya_sep\"> <\/span><\/span><a href=\"https:\/\/www.carlosyconchita.net\/rutas\/12-06-2017-coll-de-triado-llessui\/\" class=\"sya_postlink post-13929\" rel=\"bookmark\">12-06-2017-Coll de Triad\u00f3 -Llessui<\/a> <span class=\"sya_categories\"><span class=\"sya_bracket\">(<\/span>0-Fotos, 0-Muy f\u00e1cil, 1 - Hasta 5 km., Aiguestortes-Sant Maurici<span class=\"sya_bracket\">)<\/span><\/span><div style=\"padding-left:100px\" class=\"robots-nocontent\"><cite>&nbsp; Despu\u00e9s de estar unos d\u00edas en el Parque Nacional de Aiguestortes-Sant Maurici, volvemos ya a casa, pero de camino subimos con el coche al Coll de Triad\u00f3, en donde hacemos una peque\u00f1a caminata a pi\u00e9, para admirar el bonito paisaje de la zona. Despu\u00e9s,\u00a0 pasamos con el coche por la abandonada estaci\u00f3n de ski [&hellip;]<\/cite><\/div><\/div><\/li><li class=\"\"><div class=\"sya_postcontent\"><span class=\"sya_date\">  <span class=\"sya_sep\"> <\/span><\/span><a href=\"https:\/\/www.carlosyconchita.net\/rutas\/11-06-2017-circ-colomers\/\" class=\"sya_postlink post-10328\" rel=\"bookmark\">11-06-2017 &#8211; Circ de Colomers<\/a> <span class=\"sya_categories\"><span class=\"sya_bracket\">(<\/span>1-F\u00e1cil, 2 - De 5 a 10 km., Aiguestortes-Sant Maurici<span class=\"sya_bracket\">)<\/span><\/span><div style=\"padding-left:100px\" class=\"robots-nocontent\"><cite>Para empezar la bonita ruta del Circo de Colomers, debemos ir a Salard\u00fa, y desde all\u00ed coger la carretera que lleva a los Banhs de Tred\u00f2s. Una vez all\u00ed, vemos una gran zona de parking y debemos seguir por el camino\u00a0 que lleva al Circ de Colomers, pero dependiendo de la \u00e9poca del a\u00f1o, deberemos [&hellip;]<\/cite><\/div><\/div><\/li><li class=\"\"><div class=\"sya_postcontent\"><span class=\"sya_date\">  <span class=\"sya_sep\"> <\/span><\/span><a href=\"https:\/\/www.carlosyconchita.net\/rutas\/10-06-2017-pic-del-pineto\/\" class=\"sya_postlink post-10321\" rel=\"bookmark\">10-06-2017 &#8211; Pic del Pinet\u00f3<\/a> <span class=\"sya_categories\"><span class=\"sya_bracket\">(<\/span>100 Cims Carlos y Conchita, 2 - De 5 a 10 km., 2-Moderada, Aiguestortes-Sant Maurici<span class=\"sya_bracket\">)<\/span><\/span><div style=\"padding-left:100px\" class=\"robots-nocontent\"><cite>Para llegar al punto de inicio de la excursi\u00f3n de hoy al Pic del Pinet\u00f3, desde Espot cogeremos la carretera que va a Jou y Son,\u00a0 y poco despu\u00e9s de Jou, veremos un camino de tierra\u00a0 a nuestra izquierda, que nos llevar\u00e1 a una peque\u00f1a zona de parking , muy cerca del refugio de la [&hellip;]<\/cite><\/div><\/div><\/li><li class=\"\"><div class=\"sya_postcontent\"><span class=\"sya_date\">  <span class=\"sya_sep\"> <\/span><\/span><a href=\"https:\/\/www.carlosyconchita.net\/rutas\/09-06-2017-sant-maurici-amitges\/\" class=\"sya_postlink post-10311\" rel=\"bookmark\">09-06-2017 &#8211; Sant Maurici &#8211; Amitges<\/a> <span class=\"sya_categories\"><span class=\"sya_bracket\">(<\/span>1-F\u00e1cil, 2-Moderada, 3 - De 10 a 15 km., Aiguestortes-Sant Maurici<span class=\"sya_bracket\">)<\/span><\/span><div style=\"padding-left:100px\" class=\"robots-nocontent\"><cite>Empezamos las mini-vacaciones que nos hemos \u00abcogido\u00bb en Espot para celebrar nuestro aniversario de boda y el cumplea\u00f1os de Conchita, con una caminata desde el Lago de Sant Maurici. La caminata la empezamos en este lago, a donde llegamos con uno de los \u00abtaxis-4&#215;4\u00bb que son los \u00fanicos que pueden llegar en coche hasta ese [&hellip;]<\/cite><\/div><\/div><\/li><li class=\"\"><div class=\"sya_postcontent\"><span class=\"sya_date\">  <span class=\"sya_sep\"> <\/span><\/span><a href=\"https:\/\/www.carlosyconchita.net\/rutas\/08-06-2017-congost-mont-rebei\/\" class=\"sya_postlink post-10283\" rel=\"bookmark\">08-06-2017-Congost de Mont Rebei<\/a> <span class=\"sya_categories\"><span class=\"sya_bracket\">(<\/span>2-Moderada, 3 - De 10 a 15 km., Lleida<span class=\"sya_bracket\">)<\/span><\/span><div style=\"padding-left:100px\" class=\"robots-nocontent\"><cite>Afortunadamente se nos ha ocurrido hacer esta bonita excursi\u00f3n ahora y no en pleno verano, porque el calor que hemos pasado ha sido terrible, por lo que nos imaginamos que en julio o agosto hubiera sido mucho peor. Nosotros hemos empezado en el parking conocido como La Masieta, cerca de Puente de Monta\u00f1ana, que en [&hellip;]<\/cite><\/div><\/div><\/li><li class=\"\"><div class=\"sya_postcontent\"><span class=\"sya_date\">  <span class=\"sya_sep\"> <\/span><\/span><a href=\"https:\/\/www.carlosyconchita.net\/rutas\/04-06-2017-valle-del-campcardos\/\" class=\"sya_postlink post-10266\" rel=\"bookmark\">04-06-2017-Valle del Campcard\u00f3s<\/a> <span class=\"sya_categories\"><span class=\"sya_bracket\">(<\/span>2-Moderada, 3 - De 10 a 15 km., Dificultad, La Tour de Carol<span class=\"sya_bracket\">)<\/span><\/span><div style=\"padding-left:100px\" class=\"robots-nocontent\"><cite>Dicen que a la tercera va la vencida, y en esta ocasi\u00f3n ha sido cierto, ya que por fin hemos podido ver los lagos del Campcad\u00f3s con agua, ya que las otras 2 veces que hab\u00edamos estado all\u00ed, estaban pr\u00e1cticamente secos. 10-10-2014 \u2013 Valle de Campcard\u00f3s 11-07-2015 \u2013 Valle de Campcard\u00f3s Album de fotos Al [&hellip;]<\/cite><\/div><\/div><\/li><li class=\"\"><div class=\"sya_postcontent\"><span class=\"sya_date\">  <span class=\"sya_sep\"> <\/span><\/span><a href=\"https:\/\/www.carlosyconchita.net\/rutas\/03-06-2017-pic-dels-tres-punts\/\" class=\"sya_postlink post-10255\" rel=\"bookmark\">03-06-2017-Pic dels Tres Punts<\/a> <span class=\"sya_categories\"><span class=\"sya_bracket\">(<\/span>100 Cims Carlos y Conchita, 2 - De 5 a 10 km., 2-Moderada, Port\u00e9-Puymorens<span class=\"sya_bracket\">)<\/span><\/span><div style=\"padding-left:100px\" class=\"robots-nocontent\"><cite>Volvemos de nuevo a la zona de Port\u00e9-Puymorens, esta vez para subir al Pic dels Tres Punts, que vimos de lejos la \u00faltima vez que estuvimos por la zona, cuando fuimos al Pic de la Coma d&#8217;Or ( ver enlace )\u00a0 y que como su nombre indica, est\u00e1 formado por 3 picos o puntas muy [&hellip;]<\/cite><\/div><\/div><\/li><li class=\"\"><div class=\"sya_postcontent\"><span class=\"sya_date\">  <span class=\"sya_sep\"> <\/span><\/span><a href=\"https:\/\/www.carlosyconchita.net\/rutas\/14-05-2017-bornas-llivia-42-39\/\" class=\"sya_postlink post-10236\" rel=\"bookmark\">14-05-2017-Bornas Ll\u00edvia (42 a 39)<\/a> <span class=\"sya_categories\"><span class=\"sya_bracket\">(<\/span>0-Muy f\u00e1cil, 1 - Hasta 5 km., Mojones \/ Bornas frontera Ll\u00edvia<span class=\"sya_bracket\">)<\/span><\/span><div style=\"padding-left:100px\" class=\"robots-nocontent\"><cite>Nos dirigimos a Villeneuve des Escaldes desde Ur y una vez all\u00ed, a la entrada del pueblo vemos un desv\u00edo que sale por nuestra derecha (ver track al final ),\u00a0 que pasa por una granja y despu\u00e9s contin\u00faa entre los campos. Album de fotos Aparcamos en un cruce, en donde seg\u00fan vemos en el mapa, [&hellip;]<\/cite><\/div><\/div><\/li><li class=\"\"><div class=\"sya_postcontent\"><span class=\"sya_date\">  <span class=\"sya_sep\"> <\/span><\/span><a href=\"https:\/\/www.carlosyconchita.net\/rutas\/14-05-2017-bornas-llivia-45-43\/\" class=\"sya_postlink post-10229\" rel=\"bookmark\">14-05-2017-Bornas de Ll\u00edvia (45 a 39)<\/a> <span class=\"sya_categories\"><span class=\"sya_bracket\">(<\/span>0-Muy f\u00e1cil, 1 - Hasta 5 km., Mojones \/ Bornas frontera Ll\u00edvia<span class=\"sya_bracket\">)<\/span><\/span><div style=\"padding-left:100px\" class=\"robots-nocontent\"><cite>Hoy buscaremos algunas de las pocas bornas de Ll\u00edvia que nos quedan para \u00abcerrar el c\u00edrculo\u00bb en el mapa, concretamente las que van desde el n\u00famero 39 al 45, que hemos dividido en 2 peque\u00f1as caminatas por culpa de la lluvia. Album de fotos Para ello nos dirigiremos desde Saillagossa a Puigcerd\u00e1 por la N-116, [&hellip;]<\/cite><\/div><\/div><\/li><li class=\"\"><div class=\"sya_postcontent\"><span class=\"sya_date\">  <span class=\"sya_sep\"> <\/span><\/span><a href=\"https:\/\/www.carlosyconchita.net\/rutas\/13-05-2017-tossal-mercader\/\" class=\"sya_postlink post-10207\" rel=\"bookmark\">13-05-2017-Tossal Mercader<\/a> <span class=\"sya_categories\"><span class=\"sya_bracket\">(<\/span>100 Cims Carlos y Conchita, 2-Moderada, 3 - De 10 a 15 km., Port\u00e9-Puymorens<span class=\"sya_bracket\">)<\/span><\/span><div style=\"padding-left:100px\" class=\"robots-nocontent\"><cite>Cada vez que volv\u00edamos de Andorra desde el Pas de la Casa en direcci\u00f3n a Port\u00e9-Puymorens , ve\u00edamos esta monta\u00f1a de la foto con ese camino en zig-zag que se puede ver en las fotos, y Conchita dec\u00eda que un d\u00eda ten\u00edamos que subir. Esta monta\u00f1a est\u00e1 justo a la entrada del valle que hemos [&hellip;]<\/cite><\/div><\/div><\/li><li class=\"\"><div class=\"sya_postcontent\"><span class=\"sya_date\">  <span class=\"sya_sep\"> <\/span><\/span><a href=\"https:\/\/www.carlosyconchita.net\/rutas\/12-05-2017-la-feixa-lagos-mal-malniu\/\" class=\"sya_postlink post-10198\" rel=\"bookmark\">12-05-2017-La Feixa y lagos Mal y Malniu<\/a> <span class=\"sya_categories\"><span class=\"sya_bracket\">(<\/span>1-F\u00e1cil, 2 - De 5 a 10 km., Guils<span class=\"sya_bracket\">)<\/span><\/span><div style=\"padding-left:100px\" class=\"robots-nocontent\"><cite>Volvemos de nuevo a la zona de Guils, para hacer una bonita excursi\u00f3n a los lagos de Mal y de Malniu, pero empezando a caminar en el refugio de La Feixa. Hab\u00edamos estado ya anteriormente en el Lago de Malniu, (ver\u00a0 03-12-2016 \u2013 Malniu a Refugio de la Feixa\u00a0 )\u00a0 pero en aquella ocasi\u00f3n no [&hellip;]<\/cite><\/div><\/div><\/li><li class=\"\"><div class=\"sya_postcontent\"><span class=\"sya_date\">  <span class=\"sya_sep\"> <\/span><\/span><a href=\"https:\/\/www.carlosyconchita.net\/rutas\/30-04-2017-refugi-la-feixa-gr11\/\" class=\"sya_postlink post-10183\" rel=\"bookmark\">30-04-2017-Refugi La Feixa &#8211; GR11<\/a> <span class=\"sya_categories\"><span class=\"sya_bracket\">(<\/span>1-F\u00e1cil, 2 - De 5 a 10 km., Guils<span class=\"sya_bracket\">)<\/span><\/span><div style=\"padding-left:100px\" class=\"robots-nocontent\"><cite>Hoy volvemos a la zona de Guils, para llegar hasta el refugio de La Feixa,\u00a0 donde hemos estado en varias ocasiones, pero haremos la vuelta por el GR11 que pasa por la gran explanada que hay delante del refugio. Hace algun tiempo que quer\u00edamos hacer este recorrido por este tramo del GR11, que realmente es [&hellip;]<\/cite><\/div><\/div><\/li><li class=\"\"><div class=\"sya_postcontent\"><span class=\"sya_date\">  <span class=\"sya_sep\"> <\/span><\/span><a href=\"https:\/\/www.carlosyconchita.net\/rutas\/29-04-2017-bornas-llivia-13-8\/\" class=\"sya_postlink post-10152\" rel=\"bookmark\">29-04-2017 &#8211; Bornas de Ll\u00edvia (13 a 8)<\/a> <span class=\"sya_categories\"><span class=\"sya_bracket\">(<\/span>0-Muy f\u00e1cil, 2 - De 5 a 10 km., Mojones \/ Bornas frontera Ll\u00edvia<span class=\"sya_bracket\">)<\/span><\/span><div style=\"padding-left:100px\" class=\"robots-nocontent\"><cite>Aprovechando que todav\u00eda no hay mucha vegetaci\u00f3n en los campos, empezamos nuestra temporada de \u00abbornas\u00bb, \u00abfitas\u00bb o mojones fronterizos para buscar en primer lugar la n\u00famero 13 de Ll\u00edvia , que el pasado a\u00f1o en verano no pudimos localizar, debido a la espesa vegetaci\u00f3n que hab\u00eda en la zona. Despu\u00e9s de \u00e9sta, iremos localizando las [&hellip;]<\/cite><\/div><\/div><\/li><li class=\"\"><div class=\"sya_postcontent\"><span class=\"sya_date\">  <span class=\"sya_sep\"> <\/span><\/span><a href=\"https:\/\/www.carlosyconchita.net\/rutas\/29-04-2017-bornas-llivia-7-2\/\" class=\"sya_postlink post-10161\" rel=\"bookmark\">29-04-2017- Bornas Ll\u00edvia (7 a 2)<\/a> <span class=\"sya_categories\"><span class=\"sya_bracket\">(<\/span>0-Muy f\u00e1cil, 2 - De 5 a 10 km., Mojones \/ Bornas frontera Ll\u00edvia<span class=\"sya_bracket\">)<\/span><\/span><div style=\"padding-left:100px\" class=\"robots-nocontent\"><cite>Como dec\u00edamos en la otra excursi\u00f3n\u00a0 de esta ma\u00f1ana\u00a0 ( ver\u00a0\u00a0 29-04-2017 \u2013 Bornas de Ll\u00edvia (13 a 8) ), para evitar que se nos haga muy tarde si se complica la b\u00fasqueda de bornas de Ll\u00edvia, y estemos demasiado lejos del coche para volver, hacemos la segunda parte de la b\u00fasqueda desde el peque\u00f1o [&hellip;]<\/cite><\/div><\/div><\/li><li class=\"\"><div class=\"sya_postcontent\"><span class=\"sya_date\">  <span class=\"sya_sep\"> <\/span><\/span><a href=\"https:\/\/www.carlosyconchita.net\/rutas\/28-04-2017-la-molina-alabaus-ginebrar\/\" class=\"sya_postlink post-10144\" rel=\"bookmark\">28-04-2017 &#8211; La Molina : Alabaus y Ginebrar<\/a> <span class=\"sya_categories\"><span class=\"sya_bracket\">(<\/span>1-F\u00e1cil, 2 - De 5 a 10 km., La Molina-Masella<span class=\"sya_bracket\">)<\/span><\/span><div style=\"padding-left:100px\" class=\"robots-nocontent\"><cite>Aprovechando las nuevas nevadas de estos ultimos dias, hacemos hoy una excursi\u00f3n por La Molina, concretamente en la zona del Alabaus,\u00a0 que posiblemente ser\u00e1 la \u00faltima de la temporada con raquetas, con nuestros amigos Asun y Luis. Dificultad :\u00a0\u00a0\u00a0 F\u00e1cil Distancia total :\u00a0\u00a0\u00a0\u00a0 7.224\u00a0 m Alturas m\u00ednima \/ m\u00e1xima :\u00a0\u00a0\u00a0\u00a0 1.709\u00a0 m. \u00a0 \/\u00a0\u00a0 1.977 [&hellip;]<\/cite><\/div><\/div><\/li><li class=\"\"><div class=\"sya_postcontent\"><span class=\"sya_date\">  <span class=\"sya_sep\"> <\/span><\/span><a href=\"https:\/\/www.carlosyconchita.net\/rutas\/16-04-2017-clots-guils\/\" class=\"sya_postlink post-10120\" rel=\"bookmark\">16-04-2017-Clots de Guils<\/a> <span class=\"sya_categories\"><span class=\"sya_bracket\">(<\/span>0-Muy f\u00e1cil, 2 - De 5 a 10 km., Guils<span class=\"sya_bracket\">)<\/span><\/span><div style=\"padding-left:100px\" class=\"robots-nocontent\"><cite>Volvemos a la zona de Guils-Fontanera, donde ya hemos hecho varias excursiones, para poder ver con agua\u00a0 los peque\u00f1os lagos o estanques conocidos como los Clots de Guils, porque hab\u00edamos pasado en pleno verano y estaban completamente secos, (23-07-2016 \u2013 Els Clots de Guils )\u00a0\u00a0 o en pleno invierno y con la nieve no sabiamos [&hellip;]<\/cite><\/div><\/div><\/li><li class=\"\"><div class=\"sya_postcontent\"><span class=\"sya_date\">  <span class=\"sya_sep\"> <\/span><\/span><a href=\"https:\/\/www.carlosyconchita.net\/rutas\/15-04-2017-capilla-la-roca-nyer\/\" class=\"sya_postlink post-10113\" rel=\"bookmark\">15-04-2017 &#8211; Capilla de la Roca (Nyer)<\/a> <span class=\"sya_categories\"><span class=\"sya_bracket\">(<\/span>0-Muy f\u00e1cil, 1 - Hasta 5 km., Catalunya Nord - sin clasificar<span class=\"sya_bracket\">)<\/span><\/span><div style=\"padding-left:100px\" class=\"robots-nocontent\"><cite>Desde el mismo punto donde dejamos el coche en nuestra ruta de las Gorges de Nyer (ver enlace\u00a0 : 15-04-2017-Gorges de Nyer\u00a0 ) , podemos ver la Capilla de la Roca, que est\u00e1 a unos\u00a0 200 m. Como hemos dicho en la ruta de las Gorges, la capilla se confunde con el fondo de la [&hellip;]<\/cite><\/div><\/div><\/li><li class=\"\"><div class=\"sya_postcontent\"><span class=\"sya_date\">  <span class=\"sya_sep\"> <\/span><\/span><a href=\"https:\/\/www.carlosyconchita.net\/rutas\/15-04-2017-gorges-nyer\/\" class=\"sya_postlink post-10103\" rel=\"bookmark\">15-04-2017-Gorges de Nyer<\/a> <span class=\"sya_categories\"><span class=\"sya_bracket\">(<\/span>0-Muy f\u00e1cil, 1 - Hasta 5 km., Catalunya Nord - sin clasificar<span class=\"sya_bracket\">)<\/span><\/span><div style=\"padding-left:100px\" class=\"robots-nocontent\"><cite>Hoy nos dirigimos al pueblo de Nyer , situado a 64 km, de Perpignan, donde caminaremos por las bonitas \u00abgorges\u00bb o garganta de Nyer, y podremos visitar tambi\u00e9n la Capilla de la Roca, situada a pocos metros del punto de inicio de las gorges. (ver la ruta\u00a0 15-04-2017 \u2013 Capilla de la Roca (Nyer)\u00a0 ) [&hellip;]<\/cite><\/div><\/div><\/li><li class=\"\"><div class=\"sya_postcontent\"><span class=\"sya_date\">  <span class=\"sya_sep\"> <\/span><\/span><a href=\"https:\/\/www.carlosyconchita.net\/rutas\/14-04-2017-sauto-al-rio-tet\/\" class=\"sya_postlink post-10091\" rel=\"bookmark\">14-04-2017 &#8211; De Sauto al rio T\u00eat<\/a> <span class=\"sya_categories\"><span class=\"sya_bracket\">(<\/span>2-Moderada, 3 - De 10 a 15 km., Catalunya Nord - sin clasificar<span class=\"sya_bracket\">)<\/span><\/span><div style=\"padding-left:100px\" class=\"robots-nocontent\"><cite>Hoy haremos una caminata desde Sauto hasta llegar al rio T\u00eat al fondo del valle, pasando por debajo del puente Giscard por el que pasa el tren \u00abjaune\u00bb. Sin embargo, no la hemos podido realizar tal como estaba prevista , ya que cuando deb\u00edamos cruzar de nuevo el T\u00e8t para volver a Sauto, no lo [&hellip;]<\/cite><\/div><\/div><\/li><li class=\"\"><div class=\"sya_postcontent\"><span class=\"sya_date\">  <span class=\"sya_sep\"> <\/span><\/span><a href=\"https:\/\/www.carlosyconchita.net\/rutas\/13-04-2017-castillo-queribus\/\" class=\"sya_postlink post-10074\" rel=\"bookmark\">13-04-2017-Castillo de Queribus<\/a> <span class=\"sya_categories\"><span class=\"sya_bracket\">(<\/span>0-Muy f\u00e1cil, 1 - Hasta 5 km., Catalunya Nord - sin clasificar<span class=\"sya_bracket\">)<\/span><\/span><div style=\"padding-left:100px\" class=\"robots-nocontent\"><cite>El castillo de Queribus est\u00e1 situado entre los pueblos de\u00a0\u00a0 Cucugnan\u00a0 y\u00a0\u00a0 Duilhac-sous-Peyrepetuse, (en la regi\u00f3n de Languedoc-Rosell\u00f3n y regi\u00f3n natural de las Corbi\u00e8res) , y est\u00e1 muy cerca del castillo de Peyrepertuse, que visitamos hace 2 a\u00f1os.\u00a0 ( Ver\u00a0 03-04-2015 \u2013 Castillo de Peyrepertuse\u00a0\u00a0 ) Aunque nosotros fuimos desde Saillagosa, est\u00e1 m\u00e1s cerca de [&hellip;]<\/cite><\/div><\/div><\/li><li class=\"\"><div class=\"sya_postcontent\"><span class=\"sya_date\">  <span class=\"sya_sep\"> <\/span><\/span><a href=\"https:\/\/www.carlosyconchita.net\/rutas\/13-04-2017-gorges-galamus\/\" class=\"sya_postlink post-10080\" rel=\"bookmark\">13-04-2017 &#8211; Gorges de Galamus<\/a> <span class=\"sya_categories\"><span class=\"sya_bracket\">(<\/span>0-Muy f\u00e1cil, 2 - De 5 a 10 km., Catalunya Nord - sin clasificar<span class=\"sya_bracket\">)<\/span><\/span><div style=\"padding-left:100px\" class=\"robots-nocontent\"><cite>Hoy visitaremos las Gorges o garganta de Galamus, recorridas por el rio Agly, y que dada su profundidad solo se pueden ver si se hace el corto y f\u00e1cil recorrido a pi\u00e9, para poder asomarse e intentar ver el agua, ya que en muchos tramos, debido a la vegetacion, curvas del rio y profundidad, cuesta [&hellip;]<\/cite><\/div><\/div><\/li><li class=\"\"><div class=\"sya_postcontent\"><span class=\"sya_date\">  <span class=\"sya_sep\"> <\/span><\/span><a href=\"https:\/\/www.carlosyconchita.net\/rutas\/02-04-2017-coll-pradeilles\/\" class=\"sya_postlink post-10058\" rel=\"bookmark\">02-04-2017-Coll de Pradeilles<\/a> <span class=\"sya_categories\"><span class=\"sya_bracket\">(<\/span>2-Moderada, 3 - De 10 a 15 km., Saillagosa<span class=\"sya_bracket\">)<\/span><\/span><div style=\"padding-left:100px\" class=\"robots-nocontent\"><cite>Desde Vallcebollere hoy subiremos al Coll de Pradeilles , desde donde tendremos unas bonitas vistas de la zona de La Molina y Masella por un lado, y de la zona del Puigmal por otro lado. Cuando llegamos all\u00ed, nos encontramos un banco, que parece puesto all\u00ed para poder admirar el paisaje, y que hemos aprovechado [&hellip;]<\/cite><\/div><\/div><\/li><li class=\"\"><div class=\"sya_postcontent\"><span class=\"sya_date\">  <span class=\"sya_sep\"> <\/span><\/span><a href=\"https:\/\/www.carlosyconchita.net\/rutas\/01-04-2017-estacion-ski-puigmal-raquetas\/\" class=\"sya_postlink post-10049\" rel=\"bookmark\">01-04-2017 &#8211; Estaci\u00f3n ski Puigmal : raquetas<\/a> <span class=\"sya_categories\"><span class=\"sya_bracket\">(<\/span>1-F\u00e1cil, 2 - De 5 a 10 km., Saillagosa<span class=\"sya_bracket\">)<\/span><\/span><div style=\"padding-left:100px\" class=\"robots-nocontent\"><cite>Hoy ten\u00edamos previsto hacer una excursi\u00f3n m\u00e1s larga y distraida, pero en vista del mal tiempo y las nubes que vemos por la ma\u00f1ana, decidimos cambiarla por esta \u00abcaminata de entrenamiento\u00bb , cerca de casa y que discurre por la carretera que lleva a la estaci\u00f3n de ski de Puigmal, cerrada desde hace varios a\u00f1os. [&hellip;]<\/cite><\/div><\/div><\/li><li class=\"\"><div class=\"sya_postcontent\"><span class=\"sya_date\">  <span class=\"sya_sep\"> <\/span><\/span><a href=\"https:\/\/www.carlosyconchita.net\/rutas\/18-03-2017-estanys-la-pera-desde-cap-del-rec\/\" class=\"sya_postlink post-10028\" rel=\"bookmark\">18-03-2017 &#8211; Estanys de la Pera desde Cap del Rec (raquetas)<\/a> <span class=\"sya_categories\"><span class=\"sya_bracket\">(<\/span>3-Dif\u00edcil, 5 - M\u00e1s de 20 km., Lles<span class=\"sya_bracket\">)<\/span><\/span><div style=\"padding-left:100px\" class=\"robots-nocontent\"><cite>Hoy hacemos una larga excursi\u00f3n con raquetas para llegar a los Estanys de la Pera , pero desde el Refugio del Cap de Rec, lo que supondr\u00e1 una caminata con raquetas de unos 20 kms. que se convertir\u00e1 en nuestro record particular con raquetas y tambi\u00e9n en la segunda m\u00e1s larga en nuestra clasificaci\u00f3n \u00abgeneral\u00bb [&hellip;]<\/cite><\/div><\/div><\/li><li class=\"\"><div class=\"sya_postcontent\"><span class=\"sya_date\">  <span class=\"sya_sep\"> <\/span><\/span><a href=\"https:\/\/www.carlosyconchita.net\/rutas\/17-03-2017-refugio-la-calme\/\" class=\"sya_postlink post-10020\" rel=\"bookmark\">17-03-2017-Refugio de La Calme<\/a> <span class=\"sya_categories\"><span class=\"sya_bracket\">(<\/span>0-Muy f\u00e1cil, 2 - De 5 a 10 km., Font Romeu<span class=\"sya_bracket\">)<\/span><\/span><div style=\"padding-left:100px\" class=\"robots-nocontent\"><cite>Como que ma\u00f1ana pensamos hacer una muy larga excursi\u00f3n\u00a0 con raquetas (alrededor de 20 km. con raquetas ! ), hoy solo haremos una peque\u00f1a caminata como entrenamiento y no estar parados, por lo que nos dirigimos a nuestra muy conocida zona de La Calme, en donde podemos caminar tranquilamente. Dificultad :\u00a0\u00a0\u00a0 Muy f\u00e1cil Distancia total [&hellip;]<\/cite><\/div><\/div><\/li><li class=\"\"><div class=\"sya_postcontent\"><span class=\"sya_date\">  <span class=\"sya_sep\"> <\/span><\/span><a href=\"https:\/\/www.carlosyconchita.net\/rutas\/26-02-2017-pla-la-calme-pic-dels-moros\/\" class=\"sya_postlink post-10012\" rel=\"bookmark\">26-02-2017-Pla de la Calme -Pic dels Moros<\/a> <span class=\"sya_categories\"><span class=\"sya_bracket\">(<\/span>1-F\u00e1cil, 2 - De 5 a 10 km., Font Romeu<span class=\"sya_bracket\">)<\/span><\/span><div style=\"padding-left:100px\" class=\"robots-nocontent\"><cite>Excursi\u00f3n con raquetas para llegar al Pic dels Moros desde el parking de La Calme (Font Romeu) , con bonitas vistas de la zona. Para llegar al parking de La Calme, partiendo de la poblaci\u00f3n francesa de Saillagossa, cogemos la carretera N-116, en direcci\u00f3n Mont Louis y Les Angles, pasando por el Coll de la [&hellip;]<\/cite><\/div><\/div><\/li><li class=\"\"><div class=\"sya_postcontent\"><span class=\"sya_date\">  <span class=\"sya_sep\"> <\/span><\/span><a href=\"https:\/\/www.carlosyconchita.net\/rutas\/25-02-2017-pla-dels-avellans-boullosas-raquetas\/\" class=\"sya_postlink post-9999\" rel=\"bookmark\">25-02-2017-Pla dels Avellans-Boullosas (raquetas)<\/a> <span class=\"sya_categories\"><span class=\"sya_bracket\">(<\/span>1-F\u00e1cil, 3 - De 10 a 15 km., Boullosas<span class=\"sya_bracket\">)<\/span><\/span><div style=\"padding-left:100px\" class=\"robots-nocontent\"><cite>Repetimos esta bonita ruta que hicimos el\u00a0 07-03-2015 \u2013 Pla dels Avellans \u2013 Boullosas (raquetas) , pero esta vez con nuestro hijo David y con Noelia ,\u00a0 que se estrenan en esto de las raquetas. Para llegar a las Boullosas en invierno cuando hay nieve ,\u00a0 la unica forma es \u00e9sta , ya que la [&hellip;]<\/cite><\/div><\/div><\/li><li class=\"\"><div class=\"sya_postcontent\"><span class=\"sya_date\">  <span class=\"sya_sep\"> <\/span><\/span><a href=\"https:\/\/www.carlosyconchita.net\/rutas\/29-01-2016-coll-creu-coll-torn-raquetas\/\" class=\"sya_postlink post-9987\" rel=\"bookmark\">29-01-2017 &#8211; Coll de Creu-Refugio del Coll de Torn (raquetas)<\/a> <span class=\"sya_categories\"><span class=\"sya_bracket\">(<\/span>1-F\u00e1cil, 2 - De 5 a 10 km., Les Angles<span class=\"sya_bracket\">)<\/span><\/span><div style=\"padding-left:100px\" class=\"robots-nocontent\"><cite>Hoy repetimos una excursi\u00f3n que hicimos el pasado dia\u00a0 14-10-2012 -Coll de Creu \u2013 Refugio y Coll de Torn,\u00a0 aunque hoy la hacemos con raquetas y con mucha nieve. &nbsp; Dificultad :\u00a0\u00a0\u00a0 F\u00e1cil Distancia total :\u00a0\u00a0 8.338\u00a0 m Alturas m\u00ednima \/ m\u00e1xima :\u00a0\u00a0\u00a0\u00a0 1.704 m.\u00a0 \/\u00a0\u00a0 1.865 m Desnivel acumulado (s\/Wikiloc)\u00a0 :\u00a0\u00a0\u00a0 232\u00a0 m.\u00a0 Tiempo [&hellip;]<\/cite><\/div><\/div><\/li><li class=\"\"><div class=\"sya_postcontent\"><span class=\"sya_date\">  <span class=\"sya_sep\"> <\/span><\/span><a href=\"https:\/\/www.carlosyconchita.net\/rutas\/28-01-2017-guils-raquetas\/\" class=\"sya_postlink post-9977\" rel=\"bookmark\">28-01-2017 &#8211; Guils-Circuit Llarg (raquetas)<\/a> <span class=\"sya_categories\"><span class=\"sya_bracket\">(<\/span>1 - Hasta 5 km., 1-F\u00e1cil, Guils<span class=\"sya_bracket\">)<\/span><\/span><div style=\"padding-left:100px\" class=\"robots-nocontent\"><cite>Hoy volvemos a la estaci\u00f3n de ski de fondo de Guils-Fontanera , en donde ya hemos ido varias veces a hacer raquetas, pero esta vez lo hacemos con la estaci\u00f3n de ski abierta, y haremos uno de los recorridos se\u00f1alizados, el llamado \u00abCircuit Llarg\u00bb. \u00a0 Album de fotos Dificultad :\u00a0\u00a0\u00a0 Muy f\u00e1cil Distancia total :\u00a0\u00a0 [&hellip;]<\/cite><\/div><\/div><\/li><li class=\"\"><div class=\"sya_postcontent\"><span class=\"sya_date\">  <span class=\"sya_sep\"> <\/span><\/span><a href=\"https:\/\/www.carlosyconchita.net\/rutas\/21-01-2017-casilla-salteguet\/\" class=\"sya_postlink post-9963\" rel=\"bookmark\">21-01-2017 &#8211; Casilla de Salteguet<\/a> <span class=\"sya_categories\"><span class=\"sya_bracket\">(<\/span>1-F\u00e1cil, 2 - De 5 a 10 km., La Molina-Masella<span class=\"sya_bracket\">)<\/span><\/span><div style=\"padding-left:100px\" class=\"robots-nocontent\"><cite>Hoy hacemos un excursi\u00f3n con raquetas desde el punto llamado Casilla de Salteguet (en la carretera N-260.)\u00a0 en donde hay una antigua casa de los \u00abpeones camineros\u00bb, que como se puede ver en las fotos est\u00e1 totalmente cubierta con pintadas y que suponemos abandonada. Nos acompa\u00f1an nuestros amigos Asun, Luis, Carmen y Juan. En el [&hellip;]<\/cite><\/div><\/div><\/li><li class=\"\"><div class=\"sya_postcontent\"><span class=\"sya_date\">  <span class=\"sya_sep\"> <\/span><\/span><a href=\"https:\/\/www.carlosyconchita.net\/rutas\/20-01-2017-primera-esquiada-2017\/\" class=\"sya_postlink post-9954\" rel=\"bookmark\">20-01-2017 &#8211; Primera esquiada 2017<\/a> <span class=\"sya_categories\"><span class=\"sya_bracket\">(<\/span>0-Esqu\u00ed, 0-Muy f\u00e1cil, Les Angles<span class=\"sya_bracket\">)<\/span><\/span><div style=\"padding-left:100px\" class=\"robots-nocontent\"><cite>Como cada a\u00f1o, presentamos algunas fotos de la primera esquiada de este a\u00f1o 2017, en la estaci\u00f3n de Les Angles, en un d\u00eda\u00a0 muy bueno, con sol y temperatura baja como debe ser, aunque a \u00faltima hora se nubl\u00f3 un poco. Album de fotos \u00a0 \u00a0 Esta es una vista de Sailagossa, desde nuestra casa, [&hellip;]<\/cite><\/div><\/div><\/li><li class=\"\"><div class=\"sya_postcontent\"><span class=\"sya_date\">  <span class=\"sya_sep\"> <\/span><\/span><a href=\"https:\/\/www.carlosyconchita.net\/rutas\/14-01-2017-fuentes-castanos-viladrau\/\" class=\"sya_postlink post-9946\" rel=\"bookmark\">14-01-2017 &#8211; Fuentes y Casta\u00f1os de Viladrau<\/a> <span class=\"sya_categories\"><span class=\"sya_bracket\">(<\/span>1-F\u00e1cil, 3 - De 10 a 15 km., Girona<span class=\"sya_bracket\">)<\/span><\/span><div style=\"padding-left:100px\" class=\"robots-nocontent\"><cite>Hoy hacemos una excursi\u00f3n por Viladrau para visitar algunas de las numerosas fuentes de la zona, asi como algunos de los casta\u00f1os de los bosques cercanos, en especial el de las \u00abNou Branques\u00bb Vamos con nuestros amigos Carme, Miquel, Asun y Lluis, &nbsp; Dificultad :\u00a0\u00a0\u00a0 F\u00e1cil Distancia total :\u00a0\u00a0 11.213\u00a0 m Alturas m\u00ednima \/ m\u00e1xima [&hellip;]<\/cite><\/div><\/div><\/li><li class=\"\"><div class=\"sya_postcontent\"><span class=\"sya_date\">  <span class=\"sya_sep\"> <\/span><\/span><a href=\"https:\/\/www.carlosyconchita.net\/rutas\/07-01-2017-lago-matemale\/\" class=\"sya_postlink post-9938\" rel=\"bookmark\">07-01-2017 &#8211; Lago Matemale<\/a> <span class=\"sya_categories\"><span class=\"sya_bracket\">(<\/span>0-Muy f\u00e1cil, 2 - De 5 a 10 km., Les Angles<span class=\"sya_bracket\">)<\/span><\/span><div style=\"padding-left:100px\" class=\"robots-nocontent\"><cite>Hoy repetiremos la vuelta al lago Matemale que hicimos el dia\u00a0\u00a0 29-04-2012 \u2013 Tour del lago de Matemale , pero muy distinta de la de aquel d\u00eda, ya que ahora tenemos el lago completamente congelado y adem\u00e1s con el nivel de agua baj\u00edsimo, en realidad el m\u00e1s bajo que recordamos en los muchos a\u00f1os que [&hellip;]<\/cite><\/div><\/div><\/li><li class=\"\"><div class=\"sya_postcontent\"><span class=\"sya_date\">  <span class=\"sya_sep\"> <\/span><\/span><a href=\"https:\/\/www.carlosyconchita.net\/rutas\/06-01-2017-raquetas-las-pistas-puigmal\/\" class=\"sya_postlink post-9929\" rel=\"bookmark\">06-01-2017 &#8211; Raquetas por las pistas de Puigmal<\/a> <span class=\"sya_categories\"><span class=\"sya_bracket\">(<\/span>2 - De 5 a 10 km., 2-Moderada, Saillagosa<span class=\"sya_bracket\">)<\/span><\/span><div style=\"padding-left:100px\" class=\"robots-nocontent\"><cite>Estos \u00faltimas semanas la cantidad de nieve ha disminuido bastante, por lo que no tenemos muchos sitios para poder hacer una caminata con raquetas, pero en las pistas de ski de la estaci\u00f3n de Puigmal (cerrada desde hace varios a\u00f1os), s\u00ed que hay bastante, por lo que nos dirigimos alli. &nbsp; Dificultad :\u00a0\u00a0\u00a0 Moderada\u00a0 Distancia [&hellip;]<\/cite><\/div><\/div><\/li><\/ul> <a id=\"year2016\"><\/a>2016 <span class=\"sya_yearcount\"><span class=\"sya_bracket\">(<\/span>89<span class=\"sya_bracket\">)<\/span><\/span> <ul><li class=\"\"><div class=\"sya_postcontent\"><span class=\"sya_date\">  <span class=\"sya_sep\"> <\/span><\/span><a href=\"https:\/\/www.carlosyconchita.net\/rutas\/26-12-2016-patones\/\" class=\"sya_postlink post-9914\" rel=\"bookmark\">26-12-2016 &#8211; Patones<\/a> <span class=\"sya_categories\"><span class=\"sya_bracket\">(<\/span>0-Muy f\u00e1cil, 1 - Hasta 5 km., Madrid<span class=\"sya_bracket\">)<\/span><\/span><div style=\"padding-left:100px\" class=\"robots-nocontent\"><cite>Aprovechando nuestra visita\u00a0 a la familia en Madrid, hemos hecho una escapada al pueblo de Patones, tan nombrado \u00faltimamente, bonito pero tal vez excesivamente\u00a0 masificado por la gran cantidad de restaurantes existentes. Aunque en realidad es m\u00e1s un sencillo paseo que una excursi\u00f3n o ruta, la publicamos aqu\u00ed ya que es un pueblo bonito y [&hellip;]<\/cite><\/div><\/div><\/li><li class=\"\"><div class=\"sya_postcontent\"><span class=\"sya_date\">  <span class=\"sya_sep\"> <\/span><\/span><a href=\"https:\/\/www.carlosyconchita.net\/rutas\/06-12-2016-pic-del-moixero-raquetas\/\" class=\"sya_postlink post-9807\" rel=\"bookmark\">06-12-2016 &#8211; Pic del Moixer\u00f3 (raquetas)<\/a> <span class=\"sya_categories\"><span class=\"sya_bracket\">(<\/span>100 Cims Carlos y Conchita, 2 - De 5 a 10 km., 2-Moderada, Cerdanya Sur-Cad\u00ed-Moixer\u00f3<span class=\"sya_bracket\">)<\/span><\/span><div style=\"padding-left:100px\" class=\"robots-nocontent\"><cite>Hab\u00edamos subido anteriormente al Pic de Moixer\u00f3 , pero fu\u00e9 en verano, ( ver ruta )\u00a0 , y estos \u00faltimos dias , cada vez que ve\u00edamos all\u00ed arriba este pico tan blanco , nos entraban ganas de ir, as\u00ed que finalmente nos hemos decidido a subir , pero en raquetas y as\u00ed ver\u00edamos el cambio [&hellip;]<\/cite><\/div><\/div><\/li><li class=\"\"><div class=\"sya_postcontent\"><span class=\"sya_date\">  <span class=\"sya_sep\"> <\/span><\/span><a href=\"https:\/\/www.carlosyconchita.net\/rutas\/05-12-2016-refugio-llobins\/\" class=\"sya_postlink post-9827\" rel=\"bookmark\">05-12-2016 &#8211; Refugio de Llobins<\/a> <span class=\"sya_categories\"><span class=\"sya_bracket\">(<\/span>0-Muy f\u00e1cil, 1 - Hasta 5 km., Font Romeu<span class=\"sya_bracket\">)<\/span><\/span><div style=\"padding-left:100px\" class=\"robots-nocontent\"><cite>Hoy nos hemos dirigido a Font Romeu, concretamente a la zona de La Calme, para hacer una de las pocas rutas sino la \u00fanica que nos queda por esa zona, el Refugio de Llobins. &nbsp; Dificultad :\u00a0\u00a0\u00a0 Muy f\u00e1cil Distancia total :\u00a0\u00a0 4.382 \u00a0 m. Alturas m\u00ednima \/ m\u00e1xima :\u00a0\u00a0\u00a0\u00a0 1.873 m.\u00a0 \/\u00a0\u00a0 2.030 m [&hellip;]<\/cite><\/div><\/div><\/li><li class=\"\"><div class=\"sya_postcontent\"><span class=\"sya_date\">  <span class=\"sya_sep\"> <\/span><\/span><a href=\"https:\/\/www.carlosyconchita.net\/rutas\/04-12-2016-bornas-llivia-25-29\/\" class=\"sya_postlink post-9816\" rel=\"bookmark\">04-12-2016 &#8211; Bornas Llivia (25-29)<\/a> <span class=\"sya_categories\"><span class=\"sya_bracket\">(<\/span>0-Muy f\u00e1cil, 1 - Hasta 5 km., Mojones \/ Bornas frontera Ll\u00edvia<span class=\"sya_bracket\">)<\/span><\/span><div style=\"padding-left:100px\" class=\"robots-nocontent\"><cite>Las previsiones para hoy son de mal tiempo y lluvia, as\u00ed que aprovechamos para hacer una excursi\u00f3n cerca, f\u00e1cil y sin subir a ninguna monta\u00f1a, para que en caso de lluvia podamos regresar m\u00e1s o menos f\u00e1cilmente. \u00a0 Dificultad :\u00a0\u00a0\u00a0 Muy f\u00e1cil Distancia total :\u00a0\u00a0 3.205 \u00a0 m. Alturas m\u00ednima \/ m\u00e1xima :\u00a0\u00a0\u00a0\u00a0 1.517 m.\u00a0 [&hellip;]<\/cite><\/div><\/div><\/li><li class=\"\"><div class=\"sya_postcontent\"><span class=\"sya_date\">  <span class=\"sya_sep\"> <\/span><\/span><a href=\"https:\/\/www.carlosyconchita.net\/rutas\/03-12-2016-malniu-refugio-la-feixa\/\" class=\"sya_postlink post-9799\" rel=\"bookmark\">03-12-2016 &#8211; Malniu a Refugio de la Feixa<\/a> <span class=\"sya_categories\"><span class=\"sya_bracket\">(<\/span>1-F\u00e1cil, 2 - De 5 a 10 km., Girona<span class=\"sya_bracket\">)<\/span><\/span><div style=\"padding-left:100px\" class=\"robots-nocontent\"><cite>Hoy hacemos la otra mitad, por as\u00ed decir, de la caminata de ayer , desde el refugio del Malniu hasta el refugio de La Feixa, y pasando tambi\u00e9n a la vuelta por el lago de Malniu. &nbsp; Dificultad :\u00a0\u00a0\u00a0 F\u00e1cil-Moderada\u00a0 (por ser con raquetas) Distancia total :\u00a0 7.914\u00a0 m. Alturas m\u00ednima \/ m\u00e1xima :\u00a0\u00a0\u00a0\u00a0 2.117 [&hellip;]<\/cite><\/div><\/div><\/li><li class=\"\"><div class=\"sya_postcontent\"><span class=\"sya_date\">  <span class=\"sya_sep\"> <\/span><\/span><a href=\"https:\/\/www.carlosyconchita.net\/rutas\/02-12-2016-guils-fontanera-refugio-la-feixa\/\" class=\"sya_postlink post-9793\" rel=\"bookmark\">02-12-2016 &#8211; Guils-Fontanera a refugio de la Feixa<\/a> <span class=\"sya_categories\"><span class=\"sya_bracket\">(<\/span>1-F\u00e1cil, 2 - De 5 a 10 km., Guils<span class=\"sya_bracket\">)<\/span><\/span><div style=\"padding-left:100px\" class=\"robots-nocontent\"><cite>Aprovechando que hoy todav\u00eda esta cerrada la estaci\u00f3n de ski de Guils-Fontanera (abren ma\u00f1ana), nos vamos a esta zona, porque en teor\u00eda, aparte de que debe pagarse por utilizar las pistas de raquetas, no se puede caminar con ellas por las pistas de ski de fondo. &nbsp; Dificultad :\u00a0\u00a0\u00a0 F\u00e1cil Distancia total :\u00a0 7.354 m. [&hellip;]<\/cite><\/div><\/div><\/li><li class=\"\"><div class=\"sya_postcontent\"><span class=\"sya_date\">  <span class=\"sya_sep\"> <\/span><\/span><a href=\"https:\/\/www.carlosyconchita.net\/rutas\/27-11-2016-font-romeu-raquetas\/\" class=\"sya_postlink post-9786\" rel=\"bookmark\">27-11-2016 &#8211; Font Romeu (raquetas)<\/a> <span class=\"sya_categories\"><span class=\"sya_bracket\">(<\/span>1-F\u00e1cil, 2 - De 5 a 10 km., Font Romeu<span class=\"sya_bracket\">)<\/span><\/span><div style=\"padding-left:100px\" class=\"robots-nocontent\"><cite>El d\u00eda hoy se presenta muy bueno, por lo que decidimos volver a Font-Romeu y continuar la excursi\u00f3n que quer\u00edamos hacer ayer, y que a causa de la niebla y mal tiempo, no terminamos. \u00a0 Dificultad :\u00a0\u00a0\u00a0 F\u00e1cil Distancia total :\u00a0\u00a0 6.515 m. Alturas m\u00ednima \/ m\u00e1xima :\u00a0\u00a0\u00a0\u00a0 2.042 m.\u00a0 \/\u00a0\u00a0 2.210 m Desnivel acumulado [&hellip;]<\/cite><\/div><\/div><\/li><li class=\"\"><div class=\"sya_postcontent\"><span class=\"sya_date\">  <span class=\"sya_sep\"> <\/span><\/span><a href=\"https:\/\/www.carlosyconchita.net\/rutas\/26-11-2016-font-romeu-raquetas\/\" class=\"sya_postlink post-9778\" rel=\"bookmark\">26-11-2016- Font Romeu (raquetas)<\/a> <span class=\"sya_categories\"><span class=\"sya_bracket\">(<\/span>1 - Hasta 5 km., 1-F\u00e1cil, Font Romeu<span class=\"sya_bracket\">)<\/span><\/span><div style=\"padding-left:100px\" class=\"robots-nocontent\"><cite>Estrenamos hoy la temporada de raquetas , con un feo d\u00eda, nevando a ratos, bastante frio y muy nublado, por lo que las fotos parecen que se hayan hecho en blanco y negro. Con estas condiciones, finalmente hemos elegido la zona de Font Romeu, concretamente en la zona del Roc de la Calme, ya que [&hellip;]<\/cite><\/div><\/div><\/li><li class=\"\"><div class=\"sya_postcontent\"><span class=\"sya_date\">  <span class=\"sya_sep\"> <\/span><\/span><a href=\"https:\/\/www.carlosyconchita.net\/rutas\/19-11-2016-torrent-del-puig-grau-dolot\/\" class=\"sya_postlink post-9765\" rel=\"bookmark\">19-11-2016 &#8211; Torrent del Puig y Grau d&#8217;Olot<\/a> <span class=\"sya_categories\"><span class=\"sya_bracket\">(<\/span>1-F\u00e1cil, 2 - De 5 a 10 km., Girona<span class=\"sya_bracket\">)<\/span><\/span><div style=\"padding-left:100px\" class=\"robots-nocontent\"><cite>Esta vez nos dirigimos a la\u00a0 Vall d&#8217;en Bas, concretamente al pueblo de Hostalets d&#8217;en Bas, y desde all\u00ed nos dirigiremos hacia la casa rural del Esquirol, por lo que cogeremos la carretera C-153, y luego un camino de tierra. Poco antes de llegar a la citada casa rural, llegamos a un punto en que [&hellip;]<\/cite><\/div><\/div><\/li><li class=\"\"><div class=\"sya_postcontent\"><span class=\"sya_date\">  <span class=\"sya_sep\"> <\/span><\/span><a href=\"https:\/\/www.carlosyconchita.net\/rutas\/12-11-2016-cap-rec-estany-del-orri-refugio-pradell\/\" class=\"sya_postlink post-9725\" rel=\"bookmark\">12-11-2016 &#8211; Cap de Rec, Estany del Orri, Refugi Pradell<\/a> <span class=\"sya_categories\"><span class=\"sya_bracket\">(<\/span>1-F\u00e1cil, 2 - De 5 a 10 km., Lles<span class=\"sya_bracket\">)<\/span><\/span><div style=\"padding-left:100px\" class=\"robots-nocontent\"><cite>Volvemos a la zona del Cap de Rec, cerca de Ll\u00e9s, en donde ya hab\u00edamos estado cuando subimos a la Tossa Plana de Lles ( ver ruta ) , porque en aquella ocasi\u00f3n, dejamos la visita al Estany del Orri para la bajada, y cuando llegamos all\u00ed, empez\u00f3 a llover bastante y tuvimos que volver [&hellip;]<\/cite><\/div><\/div><\/li><li class=\"\"><div class=\"sya_postcontent\"><span class=\"sya_date\">  <span class=\"sya_sep\"> <\/span><\/span><a href=\"https:\/\/www.carlosyconchita.net\/rutas\/11-11-2016-guils-bornas-frontera-443-434\/\" class=\"sya_postlink post-9712\" rel=\"bookmark\">11-11-2016 &#8211; Guils : bornas frontera 443-434<\/a> <span class=\"sya_categories\"><span class=\"sya_bracket\">(<\/span>2-Moderada, 3 - De 10 a 15 km., Guils, Mojones \/ Bornas frontera ES-FR<span class=\"sya_bracket\">)<\/span><\/span><div style=\"padding-left:100px\" class=\"robots-nocontent\"><cite>Caminata cerca de la estaci\u00f3n de ski de Guils , para localizar las bornas 443 a la 434, con mucho viento y nieve cuando llegamos arriba a la 434, por lo que no continuamos y volvemos.<\/cite><\/div><\/div><\/li><li class=\"\"><div class=\"sya_postcontent\"><span class=\"sya_date\">  <span class=\"sya_sep\"> <\/span><\/span><a href=\"https:\/\/www.carlosyconchita.net\/rutas\/30-10-2016-la-grevolosa-serra-dels-llancers\/\" class=\"sya_postlink post-9631\" rel=\"bookmark\">30-10-2016 &#8211; La Grevolosa y Serra dels Llancers<\/a> <span class=\"sya_categories\"><span class=\"sya_bracket\">(<\/span>1-F\u00e1cil, 2 - De 5 a 10 km., Barcelona - sin clasificar<span class=\"sya_bracket\">)<\/span><\/span><div style=\"padding-left:100px\" class=\"robots-nocontent\"><cite>Hoy hacemos esta excursi\u00f3n con nuestros amigos Carme, Miquel, Pep, Marina, Eva y Silvia. Para llegar al punto de inicio de la excursi\u00f3n de hoy,\u00a0 nos dirigiremos a la C-37 entre Torell\u00f3 y Joanetes y antes del t\u00fanel de Bracons cogemos la salida a Sant Andreu de la Vola y despu\u00e9s seguiremos una pista de [&hellip;]<\/cite><\/div><\/div><\/li><li class=\"\"><div class=\"sya_postcontent\"><span class=\"sya_date\">  <span class=\"sya_sep\"> <\/span><\/span><a href=\"https:\/\/www.carlosyconchita.net\/rutas\/frontera-bornas-496-501\/\" class=\"sya_postlink post-9549\" rel=\"bookmark\">23-10-2016 &#8211; Frontera : Bornas 496-501<\/a> <span class=\"sya_categories\"><span class=\"sya_bracket\">(<\/span>1-F\u00e1cil, 2 - De 5 a 10 km., Mojones \/ Bornas frontera ES-FR, Saillagosa<span class=\"sya_bracket\">)<\/span><\/span><div style=\"padding-left:100px\" class=\"robots-nocontent\"><cite>Desde el camino forestal que va de Osseja a la Coma Morera, localizamos las bornas 496 a 501<\/cite><\/div><\/div><\/li><li class=\"\"><div class=\"sya_postcontent\"><span class=\"sya_date\">  <span class=\"sya_sep\"> <\/span><\/span><a href=\"https:\/\/www.carlosyconchita.net\/rutas\/22-10-2016-frontera-bornas-481f-495\/\" class=\"sya_postlink post-9535\" rel=\"bookmark\">22-10-2016 &#8211; Frontera : bornas 481F-495<\/a> <span class=\"sya_categories\"><span class=\"sya_bracket\">(<\/span>0-Muy f\u00e1cil, 2 - De 5 a 10 km., Mojones \/ Bornas frontera ES-FR<span class=\"sya_bracket\">)<\/span><\/span><div style=\"padding-left:100px\" class=\"robots-nocontent\"><cite>Caminata por los campos entre Puigcerd\u00e1, Bourmadame y Palau de Cerdanya, para localizar estas bornas.<\/cite><\/div><\/div><\/li><li class=\"\"><div class=\"sya_postcontent\"><span class=\"sya_date\">  <span class=\"sya_sep\"> <\/span><\/span><a href=\"https:\/\/www.carlosyconchita.net\/rutas\/21-10-2016-pic-la-mina\/\" class=\"sya_postlink post-9523\" rel=\"bookmark\">21-10-2016 &#8211; Pic de la Mina<\/a> <span class=\"sya_categories\"><span class=\"sya_bracket\">(<\/span>100 Cims Carlos y Conchita, 2-Moderada, 3 - De 10 a 15 km., Port\u00e9-Puymorens<span class=\"sya_bracket\">)<\/span><\/span><div style=\"padding-left:100px\" class=\"robots-nocontent\"><cite>Dado que las previsiones de este fin de semana anunciaban como el \u00fanico d\u00eda bueno el de hoy, hemos elegido la excursi\u00f3n \u00ablarga\u00bb y dejamos para los otros d\u00edas las m\u00e1s sencillas y sin tanta altura. &nbsp; Dificultad :\u00a0\u00a0\u00a0 Moderada Distancia total :\u00a0\u00a0\u00a0\u00a012.336 m Alturas m\u00ednima \/ m\u00e1xima :\u00a0\u00a0\u00a0\u00a0\u00a0 1.910 m. \/\u00a0\u00a0 2.678 m. Desnivel [&hellip;]<\/cite><\/div><\/div><\/li><li class=\"\"><div class=\"sya_postcontent\"><span class=\"sya_date\">  <span class=\"sya_sep\"> <\/span><\/span><a href=\"https:\/\/www.carlosyconchita.net\/rutas\/15-10-2016-pic-finestrelles-borna-507\/\" class=\"sya_postlink post-9491\" rel=\"bookmark\">15-10-2016 &#8211; Pic de Finestrelles (y borna 507)<\/a> <span class=\"sya_categories\"><span class=\"sya_bracket\">(<\/span>100 Cims Carlos y Conchita, 2-Moderada, 3 - De 10 a 15 km., 3-Dif\u00edcil, Mojones \/ Bornas frontera ES-FR, Nuria<span class=\"sya_bracket\">)<\/span><\/span><div style=\"padding-left:100px\" class=\"robots-nocontent\"><cite>Desde Nuria subimos al Coll de Finestrelles, donde vemos la borna 507, y despu\u00e9s continuamos hasta el Pic de Finestrelles.<\/cite><\/div><\/div><\/li><li class=\"\"><div class=\"sya_postcontent\"><span class=\"sya_date\">  <span class=\"sya_sep\"> <\/span><\/span><a href=\"https:\/\/www.carlosyconchita.net\/rutas\/08-10-2016-cap-del-vert\/\" class=\"sya_postlink post-9337\" rel=\"bookmark\">08-10-2016 &#8211; Cap del Vert (100 Cims)<\/a> <span class=\"sya_categories\"><span class=\"sya_bracket\">(<\/span>100 Cims Carlos y Conchita, 100 Cims FEEC, 2-Moderada, 3-Dif\u00edcil, 4 - De 15 a 20 km., Lleida<span class=\"sya_bracket\">)<\/span><\/span><div style=\"padding-left:100px\" class=\"robots-nocontent\"><cite>Desde Gosol subimos al Cap del Vert, pasando por el Coll de Mola, el Portell del Os, y el Pla de la Font, con unas fant\u00e1sticas vistas del Pedraforca durante todo el recorrido. Ruta realizada con Carme, Miquel, Marina, Pep y Rafel. \u00a0 Dificultad :\u00a0\u00a0\u00a0 Moderada Distancia total :\u00a0\u00a0\u00a0 15.326 m Alturas m\u00ednima \/ m\u00e1xima [&hellip;]<\/cite><\/div><\/div><\/li><li class=\"\"><div class=\"sya_postcontent\"><span class=\"sya_date\">  <span class=\"sya_sep\"> <\/span><\/span><a href=\"https:\/\/www.carlosyconchita.net\/rutas\/25-09-2016-bornas-lllivia-30-38\/\" class=\"sya_postlink post-9048\" rel=\"bookmark\">25-09-2016 &#8211; Bornas Lllivia 30-38<\/a> <span class=\"sya_categories\"><span class=\"sya_bracket\">(<\/span>1-F\u00e1cil, 2 - De 5 a 10 km., Mojones \/ Bornas frontera Ll\u00edvia<span class=\"sya_bracket\">)<\/span><\/span><div style=\"padding-left:100px\" class=\"robots-nocontent\"><cite>Dificultad :\u00a0\u00a0\u00a0 F\u00e1cil Distancia total :\u00a0\u00a0\u00a0 6.735 m Alturas m\u00ednima \/ m\u00e1xima :\u00a0\u00a0\u00a0\u00a0\u00a0 1.344 m. \/\u00a0\u00a0 1.532 m. Desnivel acumulado (s\/Wikiloc)\u00a0 :\u00a0\u00a0 203 m. Tiempo total \/ en movimiento :\u00a0\u00a0\u00a0\u00a0\u00a0\u00a0\u00a0 \u2013 Velocidad media total \/ velocidad media movimiento :\u00a0\u00a0 \u2013 \u00a0 En esta ocasi\u00f3n nos dirigimos desde Saillagosa a Angoustrine, y poco despu\u00e9s de salir [&hellip;]<\/cite><\/div><\/div><\/li><li class=\"\"><div class=\"sya_postcontent\"><span class=\"sya_date\">  <span class=\"sya_sep\"> <\/span><\/span><a href=\"https:\/\/www.carlosyconchita.net\/rutas\/24-09-2016-frontera-bornas-458-459\/\" class=\"sya_postlink post-9068\" rel=\"bookmark\">24-09-2016 &#8211; Frontera : Bornas 458-459<\/a> <span class=\"sya_categories\"><span class=\"sya_bracket\">(<\/span>0-Muy f\u00e1cil, 1 - Hasta 5 km., Mojones \/ Bornas frontera ES-FR<span class=\"sya_bracket\">)<\/span><\/span><div style=\"padding-left:100px\" class=\"robots-nocontent\"><cite>Desde la borna 459 a donde se puede llegar en coche, buscamos y fotografiamos la 458, que nos hab\u00edamos \"saltado\" por despiste el pasado d\u00eda 11-09-2016<\/cite><\/div><\/div><\/li><li class=\"\"><div class=\"sya_postcontent\"><span class=\"sya_date\">  <span class=\"sya_sep\"> <\/span><\/span><a href=\"https:\/\/www.carlosyconchita.net\/rutas\/24-09-2016-bornas-llivia-113-21\/\" class=\"sya_postlink post-9035\" rel=\"bookmark\">24-09-2016 &#8211; Bornas Llivia 1+13-21<\/a> <span class=\"sya_categories\"><span class=\"sya_bracket\">(<\/span>0-Muy f\u00e1cil, 2 - De 5 a 10 km., Mojones \/ Bornas frontera Ll\u00edvia<span class=\"sya_bracket\">)<\/span><\/span><div style=\"padding-left:100px\" class=\"robots-nocontent\"><cite>F\u00e1cil caminata para localizar las bornas o mojones que delimitan la zona de Llivia, en este caso los n\u00fameros 13 al 21, m\u00e1s el n\u00famero 1 que al volver a casa vimos por casualidad en la misma carretera. \u00a0 Dificultad :\u00a0\u00a0\u00a0 Muy f\u00e1cil Distancia total :\u00a0\u00a0\u00a0 6.341 m Alturas m\u00ednima \/ m\u00e1xima :\u00a0\u00a0\u00a0\u00a0\u00a0 1.203 m. [&hellip;]<\/cite><\/div><\/div><\/li><li class=\"\"><div class=\"sya_postcontent\"><span class=\"sya_date\">  <span class=\"sya_sep\"> <\/span><\/span><a href=\"https:\/\/www.carlosyconchita.net\/rutas\/23-09-2016-frontera-bornas-470-477\/\" class=\"sya_postlink post-9020\" rel=\"bookmark\">23-09-2016 &#8211; Frontera : Bornas 470-477<\/a> <span class=\"sya_categories\"><span class=\"sya_bracket\">(<\/span>1-F\u00e1cil, 2 - De 5 a 10 km., Mojones \/ Bornas frontera ES-FR<span class=\"sya_bracket\">)<\/span><\/span><div style=\"padding-left:100px\" class=\"robots-nocontent\"><cite>Segunda caminata de hoy , en la que repetimos y completamos la b\u00fasqueda y fotograf\u00edas de las bornas 470 a la 477, esta vez con informaci\u00f3n m\u00e1s concreta para localizarlas.<\/cite><\/div><\/div><\/li><li class=\"\"><div class=\"sya_postcontent\"><span class=\"sya_date\">  <span class=\"sya_sep\"> <\/span><\/span><a href=\"https:\/\/www.carlosyconchita.net\/rutas\/23-09-2016-frontera-bornas-466-469\/\" class=\"sya_postlink post-9013\" rel=\"bookmark\">23-09-2016 &#8211; Frontera : Bornas 466-469<\/a> <span class=\"sya_categories\"><span class=\"sya_bracket\">(<\/span>0-Muy f\u00e1cil, 1 - Hasta 5 km., Catalunya Nord - sin clasificar, Mojones \/ Bornas frontera ES-FR<span class=\"sya_bracket\">)<\/span><\/span><div style=\"padding-left:100px\" class=\"robots-nocontent\"><cite>Primera caminata del d\u00eda de hoy para la b\u00fasqueda y fotograf\u00edas de las bornas 466 a la 469<\/cite><\/div><\/div><\/li><li class=\"\"><div class=\"sya_postcontent\"><span class=\"sya_date\">  <span class=\"sya_sep\"> <\/span><\/span><a href=\"https:\/\/www.carlosyconchita.net\/rutas\/17-09-2016-picos-torreneules-coma-del-clot-fontnegra\/\" class=\"sya_postlink post-8987\" rel=\"bookmark\">17-09-2016-Picos Torreneules (100 CIMS), Coma del Clot y Fontnegra<\/a> <span class=\"sya_categories\"><span class=\"sya_bracket\">(<\/span>100 Cims Carlos y Conchita, 100 Cims FEEC, 2-Moderada, 3 - De 10 a 15 km., 3-Dif\u00edcil, Nuria<span class=\"sya_bracket\">)<\/span><\/span><div style=\"padding-left:100px\" class=\"robots-nocontent\"><cite>Nueva excursi\u00f3n desde la zona de Nuria, para subir a los Picos de Torreneules, Coma del Clot y Fontnegra, con bonitos paisajes en todo el recorrido, y con bastante fr\u00edo en algun tramo, m\u00e1s por el viento que por la temperatura. En esta ocasi\u00f3n vamos con\u00a0 nuestros amigos\u00a0 Carme, Miquel, Nuria, Rafel, Asun, Luis, Marina [&hellip;]<\/cite><\/div><\/div><\/li><li class=\"\"><div class=\"sya_postcontent\"><span class=\"sya_date\">  <span class=\"sya_sep\"> <\/span><\/span><a href=\"https:\/\/www.carlosyconchita.net\/rutas\/11-09-2016-frontera-bornas-455-465\/\" class=\"sya_postlink post-8951\" rel=\"bookmark\">11-09-2016 &#8211; Frontera : bornas 455-465<\/a> <span class=\"sya_categories\"><span class=\"sya_bracket\">(<\/span>2 - De 5 a 10 km., 2-Moderada, Cerdanya Sur-Cad\u00ed-Moixer\u00f3, Mojones \/ Bornas frontera ES-FR<span class=\"sya_bracket\">)<\/span><\/span><div style=\"padding-left:100px\" class=\"robots-nocontent\"><cite>Cerca de Saneja y Guils, buscamos y fotograf\u00edamos las bornas 455 a la 465, pero por despiste nos saltamos la 458.<\/cite><\/div><\/div><\/li><li class=\"\"><div class=\"sya_postcontent\"><span class=\"sya_date\">  <span class=\"sya_sep\"> <\/span><\/span><a href=\"https:\/\/www.carlosyconchita.net\/rutas\/10-09-2016-frontera-bornas-444-454\/\" class=\"sya_postlink post-8931\" rel=\"bookmark\">10-09-2016 &#8211; Frontera : bornas 444-454<\/a> <span class=\"sya_categories\"><span class=\"sya_bracket\">(<\/span>1-F\u00e1cil, 2 - De 5 a 10 km., Cerdanya Sur-Cad\u00ed-Moixer\u00f3, Mojones \/ Bornas frontera ES-FR<span class=\"sya_bracket\">)<\/span><\/span><div style=\"padding-left:100px\" class=\"robots-nocontent\"><cite>B\u00fasqueda y fotograf\u00edas de las bornas 444 a la 454, cerca de Guils.<\/cite><\/div><\/div><\/li><li class=\"\"><div class=\"sya_postcontent\"><span class=\"sya_date\">  <span class=\"sya_sep\"> <\/span><\/span><a href=\"https:\/\/www.carlosyconchita.net\/rutas\/27-08-2016-camino-segramorta\/\" class=\"sya_postlink post-8848\" rel=\"bookmark\">27-08-2016 &#8211; Camino de Segramorta<\/a> <span class=\"sya_categories\"><span class=\"sya_bracket\">(<\/span>1-F\u00e1cil, 2 - De 5 a 10 km., La Molina-Masella<span class=\"sya_bracket\">)<\/span><\/span><div style=\"padding-left:100px\" class=\"robots-nocontent\"><cite>Despu\u00e9s de la subida de ayer, hoy hacemos un sencillo paseo en La Molina, por el camino llamado de Segramorta, que empieza un poco m\u00e1s arriba de la estacion de tren. &nbsp; Dificultad :\u00a0\u00a0\u00a0 F\u00e1cil Distancia total :\u00a0\u00a0\u00a0\u00a0 8.909\u00a0 m Alturas m\u00ednima \/ m\u00e1xima :\u00a0\u00a0\u00a0\u00a0\u00a0 1.410 m. \/\u00a0\u00a0 1.628 m. Desnivel acumulado (s\/Wikiloc)\u00a0 :\u00a0 \u00a0 [&hellip;]<\/cite><\/div><\/div><\/li><li class=\"\"><div class=\"sya_postcontent\"><span class=\"sya_date\">  <span class=\"sya_sep\"> <\/span><\/span><a href=\"https:\/\/www.carlosyconchita.net\/rutas\/26-08-2016-tossa-dalp-refugio-niu-del-aliga\/\" class=\"sya_postlink post-8831\" rel=\"bookmark\">26-08-2016 &#8211; Tossa d&#8217;Alp y refugio Niu del Aliga<\/a> <span class=\"sya_categories\"><span class=\"sya_bracket\">(<\/span>100 Cims Carlos y Conchita, 2 - De 5 a 10 km., 2-Moderada, La Molina-Masella<span class=\"sya_bracket\">)<\/span><\/span><div style=\"padding-left:100px\" class=\"robots-nocontent\"><cite>En esta ocasi\u00f3n hemos subido a la Tossa de Alp y al refugio del Niu del Aliga, empezando a caminar en el parking de la estaci\u00f3n de ski de la Masella conocido como la Coma Oriola. &nbsp; Dificultad :\u00a0\u00a0\u00a0 Moderada Distancia total :\u00a0\u00a0\u00a0\u00a0 9.380\u00a0 m Alturas m\u00ednima \/ m\u00e1xima :\u00a0\u00a0\u00a0\u00a0\u00a0 1.940 m. \/\u00a0\u00a0 2.534 m. [&hellip;]<\/cite><\/div><\/div><\/li><li class=\"\"><div class=\"sya_postcontent\"><span class=\"sya_date\">  <span class=\"sya_sep\"> <\/span><\/span><a href=\"https:\/\/www.carlosyconchita.net\/rutas\/24-08-2016-lago-osseja\/\" class=\"sya_postlink post-8845\" rel=\"bookmark\">24-08-2016 &#8211; Lago de Osseja<\/a> <span class=\"sya_categories\"><span class=\"sya_bracket\">(<\/span>0-Muy f\u00e1cil, 1 - Hasta 5 km., Saillagosa<span class=\"sya_bracket\">)<\/span><\/span><div style=\"padding-left:100px\" class=\"robots-nocontent\"><cite>Para completar nuestro \u00abtranquilo\u00bb d\u00eda y tambi\u00e9n nuestra colecci\u00f3n de lagos, hoy paramos en el lago de Osseja, por el que hemos pasado un mont\u00f3n de veces sin detenernos, para dar la vuelta al mismo. Es un peque\u00f1o lago con un restaurante al lado, asi como una zona de picnic con barbacoas, bastante concurrida ahora [&hellip;]<\/cite><\/div><\/div><\/li><li class=\"\"><div class=\"sya_postcontent\"><span class=\"sya_date\">  <span class=\"sya_sep\"> <\/span><\/span><a href=\"https:\/\/www.carlosyconchita.net\/rutas\/24-08-2016-paseo-rio-vanera\/\" class=\"sya_postlink post-8839\" rel=\"bookmark\">24-08-2016 &#8211; Paseo por el rio Vanera<\/a> <span class=\"sya_categories\"><span class=\"sya_bracket\">(<\/span>0-Muy f\u00e1cil, 1 - Hasta 5 km., Saillagosa<span class=\"sya_bracket\">)<\/span><\/span><div style=\"padding-left:100px\" class=\"robots-nocontent\"><cite>Dado que estos \u00faltimos d\u00edas estamos haciendo bastantes caminatas y algunas de ellas bastante \u00abdurillas\u00bb, y a que tengo una rodilla algo hinchada, para descansar un poco hoy hacemos este sencillo paseo recorriendo un tramo del rio Vanera. &nbsp; Dificultad :\u00a0\u00a0\u00a0 Muy f\u00e1cil Distancia total :\u00a0\u00a0\u00a0\u00a0 4.623\u00a0 m Alturas m\u00ednima \/ m\u00e1xima :\u00a0\u00a0\u00a0\u00a0\u00a0 1.226 m. [&hellip;]<\/cite><\/div><\/div><\/li><li class=\"\"><div class=\"sya_postcontent\"><span class=\"sya_date\">  <span class=\"sya_sep\"> <\/span><\/span><a href=\"https:\/\/www.carlosyconchita.net\/rutas\/23-08-2016-pic-comabona\/\" class=\"sya_postlink post-8815\" rel=\"bookmark\">23-08-2016 &#8211; Pic de Comabona (100 Cims)<\/a> <span class=\"sya_categories\"><span class=\"sya_bracket\">(<\/span>100 Cims Carlos y Conchita, 100 Cims FEEC, 2-Moderada, 3 - De 10 a 15 km., Cerdanya Sur-Cad\u00ed-Moixer\u00f3<span class=\"sya_bracket\">)<\/span><\/span><div style=\"padding-left:100px\" class=\"robots-nocontent\"><cite>Bonita pero algo durilla subida al Pic de Comabona, en buena parte por el fuerte calor del d\u00eda, aunque a cambio hemos tenido unas bonitas vistas durante todo el recorrido. El punto de partida es el refugio de Prat de Aguil\u00f3, o mejor dicho un poco antes, ya que en el camino de subida nos [&hellip;]<\/cite><\/div><\/div><\/li><li class=\"\"><div class=\"sya_postcontent\"><span class=\"sya_date\">  <span class=\"sya_sep\"> <\/span><\/span><a href=\"https:\/\/www.carlosyconchita.net\/rutas\/21-08-2016-pic-del-infern\/\" class=\"sya_postlink post-8793\" rel=\"bookmark\">21-08-2016 &#8211; Pic del Infern (100 Cims)<\/a> <span class=\"sya_categories\"><span class=\"sya_bracket\">(<\/span>100 Cims Carlos y Conchita, 100 Cims FEEC, 2-Moderada, 3 - De 10 a 15 km., 3-Dif\u00edcil, Girona, Vallter<span class=\"sya_bracket\">)<\/span><\/span><div style=\"padding-left:100px\" class=\"robots-nocontent\"><cite>De nuevo nuestros amigos Carme y Miquel nos han \u00abliado\u00bb para convencernos y hacer esta ruta algo \u00abdificililla\u00bb pero con unas magn\u00edficas vistas y paisajes, por la zona de Vallter 2000. A fecha de hoy, se pone en el terecer puesto de nuestra lista de rutas m\u00e1s altas y en el cuarto puesto de la [&hellip;]<\/cite><\/div><\/div><\/li><li class=\"\"><div class=\"sya_postcontent\"><span class=\"sya_date\">  <span class=\"sya_sep\"> <\/span><\/span><a href=\"https:\/\/www.carlosyconchita.net\/rutas\/19-08-2016-pic-la-coma-dor\/\" class=\"sya_postlink post-8775\" rel=\"bookmark\">19-08-2016 &#8211; Pic de la Coma d&#8217;Or<\/a> <span class=\"sya_categories\"><span class=\"sya_bracket\">(<\/span>100 Cims Carlos y Conchita, 2 - De 5 a 10 km., 2-Moderada, Port\u00e9-Puymorens<span class=\"sya_bracket\">)<\/span><\/span><div style=\"padding-left:100px\" class=\"robots-nocontent\"><cite>Subida al Pic de la Coma d&#8217;Or, con nuestros amigos Asun y Luis. En el Coll de Puymorens dejamos la carretera y cogemos un camino de tierra a nuestra derecha (subiendo desde el pueblo de Port\u00e9-Puymorens) y dejamos el coche unos 2.5 km. m\u00e1s arriba, al lado de una peque\u00f1a presa. Desde all\u00ed empezamos a [&hellip;]<\/cite><\/div><\/div><\/li><li class=\"\"><div class=\"sya_postcontent\"><span class=\"sya_date\">  <span class=\"sya_sep\"> <\/span><\/span><a href=\"https:\/\/www.carlosyconchita.net\/rutas\/15-08-2016-indice-canada\/\" class=\"sya_postlink post-8863\" rel=\"bookmark\">15-08-2016 &#8211; Indice Canad\u00e1<\/a> <span class=\"sya_categories\"><span class=\"sya_bracket\">(<\/span>Canad\u00e1<span class=\"sya_bracket\">)<\/span><\/span><div style=\"padding-left:100px\" class=\"robots-nocontent\"><cite>En nuestro viaje a las Monta\u00f1as Rocosas en Canad\u00e1, en concreto a los parques nacionales de Jasper y de Banff, hemos visto numerosos lagos, monta\u00f1as y glaciares, tanto a lo largo de unas buenas caminatas, como casi \u00abdesde el coche\u00bb, ya que por ejplo en la carretera 93 hay tramos en los que cada pocos [&hellip;]<\/cite><\/div><\/div><\/li><li class=\"\"><div class=\"sya_postcontent\"><span class=\"sya_date\">  <span class=\"sya_sep\"> <\/span><\/span><a href=\"https:\/\/www.carlosyconchita.net\/rutas\/13-08-2016-lago-agnes-big-beehive-canada\/\" class=\"sya_postlink post-9877\" rel=\"bookmark\">13-08-2016-Lago Agnes y Big Beehive (Canad\u00e1)<\/a> <span class=\"sya_categories\"><span class=\"sya_bracket\">(<\/span>2-Moderada, 3 - De 10 a 15 km., Canad\u00e1<span class=\"sya_bracket\">)<\/span><\/span><div style=\"padding-left:100px\" class=\"robots-nocontent\"><cite>Esta ruta empieza en el lago Louise, en donde podremos dejar el coche en alguno de los parkings que hay , siempre que no vayamos muy tarde, porque al menos los d\u00edas que nosotros estuvimos all\u00ed, la\u00a0 afluencia de visitantes era enorme, aunque afortunadamente , una vez empiezas a caminar por cualquiera de los caminos [&hellip;]<\/cite><\/div><\/div><\/li><li class=\"\"><div class=\"sya_postcontent\"><span class=\"sya_date\">  <span class=\"sya_sep\"> <\/span><\/span><a href=\"https:\/\/www.carlosyconchita.net\/rutas\/12-08-2016-cascadas-glaciar-bow-canada\/\" class=\"sya_postlink post-9872\" rel=\"bookmark\">12-08-2016 &#8211; Cascadas glaciar Bow (Canad\u00e1)<\/a> <span class=\"sya_categories\"><span class=\"sya_bracket\">(<\/span>1-F\u00e1cil, 3 - De 10 a 15 km., Canad\u00e1<span class=\"sya_bracket\">)<\/span><\/span><div style=\"padding-left:100px\" class=\"robots-nocontent\"><cite>Para hacer esta bonita excursi\u00f3n, debemos llegar al\u00a0 conocido \u00ablodge\u00bb Num-Ti-Jah, situado en la carretera 93,\u00a0 a unos 195 kms. al sur de Jasper y a unos 94 kms al norte de Banff. \u00a0 Dificultad :\u00a0\u00a0\u00a0 F\u00e1cil Distancia total :\u00a0\u00a0\u00a0 10.517 \u00a0 m. Alturas m\u00ednima \/ m\u00e1xima :\u00a0\u00a0\u00a0\u00a0 1.899\u00a0 m.\u00a0 \/\u00a0\u00a0 2.057\u00a0 m Desnivel acumulado [&hellip;]<\/cite><\/div><\/div><\/li><li class=\"\"><div class=\"sya_postcontent\"><span class=\"sya_date\">  <span class=\"sya_sep\"> <\/span><\/span><a href=\"https:\/\/www.carlosyconchita.net\/rutas\/10-08-2016-plain-of-six-glaciers-canada\/\" class=\"sya_postlink post-9836\" rel=\"bookmark\">10-08-2016 &#8211; Plain of Six Glaciers (Canad\u00e1)<\/a> <span class=\"sya_categories\"><span class=\"sya_bracket\">(<\/span>2-Moderada, 3 - De 10 a 15 km., Canad\u00e1<span class=\"sya_bracket\">)<\/span><\/span><div style=\"padding-left:100px\" class=\"robots-nocontent\"><cite>Esta bonita ruta empieza en el conocido Lago Louise, situado a unos 233 km al sur de Jasper y a unos 58 kms. al norte de Banff, en la carretera 93 \u00a0 Dificultad :\u00a0\u00a0\u00a0 Moderada\u00a0 Distancia total :\u00a0\u00a0 16.392 \u00a0 m. Alturas m\u00ednima \/ m\u00e1xima :\u00a0\u00a0\u00a0\u00a0 1.696 m.\u00a0 \/\u00a0\u00a0 2.199\u00a0 m Desnivel acumulado (s\/Wikiloc)\u00a0 :\u00a0\u00a0 [&hellip;]<\/cite><\/div><\/div><\/li><li class=\"\"><div class=\"sya_postcontent\"><span class=\"sya_date\">  <span class=\"sya_sep\"> <\/span><\/span><a href=\"https:\/\/www.carlosyconchita.net\/rutas\/11-08-2016-lago-consolation-canada\/\" class=\"sya_postlink post-9864\" rel=\"bookmark\">11-08-2016 &#8211; Lago Consolation (Canad\u00e1)<\/a> <span class=\"sya_categories\"><span class=\"sya_bracket\">(<\/span>1-F\u00e1cil, 2 - De 5 a 10 km., Canad\u00e1<span class=\"sya_bracket\">)<\/span><\/span><div style=\"padding-left:100px\" class=\"robots-nocontent\"><cite>Esta es la cuarta y \u00faltima excursi\u00f3n del dia de hoy,\u00a0 que empieza en el parking del lago Morraine, y que debido a la hora en que empezamos, ya algo tarde, tuvimos que hacer a toda prisa y sin poder llegar hasta el segundo de los lagos Consolation, aunque realmente lo m\u00e1s bonito es el [&hellip;]<\/cite><\/div><\/div><\/li><li class=\"\"><div class=\"sya_postcontent\"><span class=\"sya_date\">  <span class=\"sya_sep\"> <\/span><\/span><a href=\"https:\/\/www.carlosyconchita.net\/rutas\/11-08-2016-lago-morraine-canada\/\" class=\"sya_postlink post-9858\" rel=\"bookmark\">11-08-2016 &#8211; Lago Morraine y Ten Peaks (Canad\u00e1)<\/a> <span class=\"sya_categories\"><span class=\"sya_bracket\">(<\/span>0-Muy f\u00e1cil, 1 - Hasta 5 km., Canad\u00e1<span class=\"sya_bracket\">)<\/span><\/span><div style=\"padding-left:100px\" class=\"robots-nocontent\"><cite>Hoy tenemos \u00absesi\u00f3n completa\u00bb de caminatas, ya que hay que aprovechar que estamos en esta zona, y por supuesto no podemos dejarnos el lago Morraine y los enormes y majestuosos \u00abTen Peaks \u00bb que tenemos al lado. As\u00ed que hacemos una f\u00e1cil caminata por un camino que va bordeando el lago, desde donde podemos ver [&hellip;]<\/cite><\/div><\/div><\/li><li class=\"\"><div class=\"sya_postcontent\"><span class=\"sya_date\">  <span class=\"sya_sep\"> <\/span><\/span><a href=\"https:\/\/www.carlosyconchita.net\/rutas\/11-08-2016-bow-summit\/\" class=\"sya_postlink post-9851\" rel=\"bookmark\">11-08-2016-Bow Summit (Canad\u00e1)<\/a> <span class=\"sya_categories\"><span class=\"sya_bracket\">(<\/span>1-F\u00e1cil, 2 - De 5 a 10 km., Canad\u00e1<span class=\"sya_bracket\">)<\/span><\/span><div style=\"padding-left:100px\" class=\"robots-nocontent\"><cite>Como hemos dicho en la publicaci\u00f3n del\u00a0\u00a0 11-08-2016 \u2013 Lago y glaciar Peyto,\u00a0 estas 2 excursiones pueden hacerse de un tir\u00f3n, ya que empiezan en el mismo parking y la del Bow Summit tiene su inicio en la parte m\u00e1s alta del mirador del Lago Peyto, en donde nos encontraremos un letrero que nos indica [&hellip;]<\/cite><\/div><\/div><\/li><li class=\"\"><div class=\"sya_postcontent\"><span class=\"sya_date\">  <span class=\"sya_sep\"> <\/span><\/span><a href=\"https:\/\/www.carlosyconchita.net\/rutas\/11-08-2016-lago-glaciar-peyto\/\" class=\"sya_postlink post-9843\" rel=\"bookmark\">11-08-2016 &#8211; Lago y glaciar Peyto (Canad\u00e1)<\/a> <span class=\"sya_categories\"><span class=\"sya_bracket\">(<\/span>0-Muy f\u00e1cil, 1 - Hasta 5 km., Canad\u00e1<span class=\"sya_bracket\">)<\/span><\/span><div style=\"padding-left:100px\" class=\"robots-nocontent\"><cite>Peque\u00f1a caminata para subir unos pocos metros desde el parking hasta un mirador, desde donde podremos tener unas bonitas vistas del lago Peyto y tambi\u00e9n del Glaciar del mismo nombre. Subimos por unos caminos asfaltados en parte y se\u00f1alados, y en la parte superior del recorrido, cuando ya volviamos al coche, veremos una indicador que [&hellip;]<\/cite><\/div><\/div><\/li><li class=\"\"><div class=\"sya_postcontent\"><span class=\"sya_date\">  <span class=\"sya_sep\"> <\/span><\/span><a href=\"https:\/\/www.carlosyconchita.net\/rutas\/09-08-2016-fotos-ruta-canada\/\" class=\"sya_postlink post-9695\" rel=\"bookmark\">09-08-2016 &#8211; Fotos en ruta (Canad\u00e1)<\/a> <span class=\"sya_categories\"><span class=\"sya_bracket\">(<\/span>0-Muy f\u00e1cil, Canad\u00e1<span class=\"sya_bracket\">)<\/span><\/span><div style=\"padding-left:100px\" class=\"robots-nocontent\"><cite>Album de fotos del dia 09-08-2016, en el que nos desplazamos desde Hinton (zona de Jasper)\u00a0 hasta Canmore (Zona de Banff), para cambiar de hotel, y en el que tambi\u00e9n visitamos bastantes cosas, como se puede ver en la p\u00e1gina principla o indice de Canad\u00e1. Tambi\u00e9n nos encontramos con varios animales por la carretera. \u00a0 [&hellip;]<\/cite><\/div><\/div><\/li><li class=\"\"><div class=\"sya_postcontent\"><span class=\"sya_date\">  <span class=\"sya_sep\"> <\/span><\/span><a href=\"https:\/\/www.carlosyconchita.net\/rutas\/09-08-2016-glaciar-athabasca-canada\/\" class=\"sya_postlink post-9689\" rel=\"bookmark\">09-08-2016 &#8211; Glaciar Athabasca (Canad\u00e1)<\/a> <span class=\"sya_categories\"><span class=\"sya_bracket\">(<\/span>0-Muy f\u00e1cil, Canad\u00e1<span class=\"sya_bracket\">)<\/span><\/span><div style=\"padding-left:100px\" class=\"robots-nocontent\"><cite>F\u00e1cil caminata para llegar hasta el inicio de la lengua del glaciar Athabasca, desde la misma carretera 93. Hay un enorme parking situado en la misma carretera, pero al otro lado del glaciar, en donde hay tambi\u00e9n un gran restaurante, centro de informaci\u00f3n etc. , muy lleno de gente y coches a todas horas. Pero [&hellip;]<\/cite><\/div><\/div><\/li><li class=\"\"><div class=\"sya_postcontent\"><span class=\"sya_date\">  <span class=\"sya_sep\"> <\/span><\/span><a href=\"https:\/\/www.carlosyconchita.net\/rutas\/09-08-2016-cataratas-sunwapta\/\" class=\"sya_postlink post-9681\" rel=\"bookmark\">09-08-2016 &#8211; Cataratas Sunwapta (Canad\u00e1)<\/a> <span class=\"sya_categories\"><span class=\"sya_bracket\">(<\/span>0-Muy f\u00e1cil, Canad\u00e1<span class=\"sya_bracket\">)<\/span><\/span><div style=\"padding-left:100px\" class=\"robots-nocontent\"><cite>Excursi\u00f3n para visitar las magn\u00edficas cataratas Sunwapta, recorriendo un camino que sigue el recorrido del r\u00edo. En la carretera 93, a unos 234 kms de Banff y a unos 55 de Jasper, encontraremos el desv\u00edo para ir a ellas, que est\u00e1 a unos 2 kms. de la carretera citada. &nbsp; Track de la ruta [sgpx [&hellip;]<\/cite><\/div><\/div><\/li><li class=\"\"><div class=\"sya_postcontent\"><span class=\"sya_date\">  <span class=\"sya_sep\"> <\/span><\/span><a href=\"https:\/\/www.carlosyconchita.net\/rutas\/09-08-2016-tangle-creek-canada\/\" class=\"sya_postlink post-9678\" rel=\"bookmark\">09-08-2016 &#8211; Tangle Creek (Canad\u00e1)<\/a> <span class=\"sya_categories\"><span class=\"sya_bracket\">(<\/span>0-Muy f\u00e1cil, Canad\u00e1<span class=\"sya_bracket\">)<\/span><\/span><div style=\"padding-left:100px\" class=\"robots-nocontent\"><cite>&nbsp; Peque\u00f1a cascada en la misma carretera 93, del Tangle Creek (torrente o arroyo Tangle) &nbsp; Enlace album de fotos<\/cite><\/div><\/div><\/li><li class=\"\"><div class=\"sya_postcontent\"><span class=\"sya_date\">  <span class=\"sya_sep\"> <\/span><\/span><a href=\"https:\/\/www.carlosyconchita.net\/rutas\/09-08-2016-mistaya-canyon-canada\/\" class=\"sya_postlink post-9675\" rel=\"bookmark\">09-08-2016 &#8211; Mistaya Canyon (Canad\u00e1)<\/a> <span class=\"sya_categories\"><span class=\"sya_bracket\">(<\/span>0-Muy f\u00e1cil, Canad\u00e1<span class=\"sya_bracket\">)<\/span><\/span><div style=\"padding-left:100px\" class=\"robots-nocontent\"><cite>Album de fotos de la peque\u00f1a caminata para ver el Ca\u00f1on Mistaya, situado en la carretera 93, a unos 130 km. al norte de Banff, y a unos 158 al sur de Jasper. Dado que es una peque\u00f1a caminata desde la carretera, no hemos grabado ning\u00fan track de la misma. &nbsp; Enlace album de fotos [&hellip;]<\/cite><\/div><\/div><\/li><li class=\"\"><div class=\"sya_postcontent\"><span class=\"sya_date\">  <span class=\"sya_sep\"> <\/span><\/span><a href=\"https:\/\/www.carlosyconchita.net\/rutas\/08-08-2016-bald-hills-lago-maligne-canada\/\" class=\"sya_postlink post-9201\" rel=\"bookmark\">08-08-2016-Bald Hills (Lago Maligne-Canad\u00e1)<\/a> <span class=\"sya_categories\"><span class=\"sya_bracket\">(<\/span>2-Moderada, 3 - De 10 a 15 km., Canad\u00e1<span class=\"sya_bracket\">)<\/span><\/span><div style=\"padding-left:100px\" class=\"robots-nocontent\"><cite>Situaci\u00f3n Lago Maligne :\u00a0 48 km. al sur de Jasper Hoy haremos una de las excursiones recomendadas o t\u00edpicas de la zona del Lago Maligne, la llamada \u00abBald Hills\u00bb\u00a0 o \u00abColinas Bald\u00bb, que realmente no nos ha convencido mucho, ya que la subida al mirador, es muy larga y algo aburrida y pesada, aunque realmente [&hellip;]<\/cite><\/div><\/div><\/li><li class=\"\"><div class=\"sya_postcontent\"><span class=\"sya_date\">  <span class=\"sya_sep\"> <\/span><\/span><a href=\"https:\/\/www.carlosyconchita.net\/rutas\/07-08-2016-monte-whistler-canada\/\" class=\"sya_postlink post-9106\" rel=\"bookmark\">07-08-2016 &#8211; Monte Whistler (Canad\u00e1)<\/a> <span class=\"sya_categories\"><span class=\"sya_bracket\">(<\/span>1 - Hasta 5 km., 1-F\u00e1cil, Canad\u00e1<span class=\"sya_bracket\">)<\/span><\/span><div style=\"padding-left:100px\" class=\"robots-nocontent\"><cite>A la vuelta de la excursi\u00f3n de esta ma\u00f1ana al Monte Edith Cavell, y despu\u00e9s de comer, hemos vuelto a Jasper para subir al Monte Whistler, en el t\u00edpico funicular. (Jasper Sky Tram) Hab\u00eda bastante gente, pero no ha habido ning\u00fan problema en la subida, ya que al comprar el billete, que por cierto es [&hellip;]<\/cite><\/div><\/div><\/li><li class=\"\"><div class=\"sya_postcontent\"><span class=\"sya_date\">  <span class=\"sya_sep\"> <\/span><\/span><a href=\"https:\/\/www.carlosyconchita.net\/rutas\/07-08-2016-edith-cavell-canada\/\" class=\"sya_postlink post-9002\" rel=\"bookmark\">07-08-2016-Edith Cavell (Canad\u00e1)<\/a> <span class=\"sya_categories\"><span class=\"sya_bracket\">(<\/span>2 - De 5 a 10 km., 2-Moderada, Canad\u00e1<span class=\"sya_bracket\">)<\/span><\/span><div style=\"padding-left:100px\" class=\"robots-nocontent\"><cite>Esta es una magnifica ruta , t\u00edpica de la zona de Jasper, en la que nos acercaremos al monte y glaciar Cavell y tambi\u00e9n al glaciar Angel. El punto de salida de la excursi\u00f3n est\u00e1 a unos 45 kms. de Jasper, y para llegar all\u00ed nos bastar\u00e1 seguir las indicaciones hacia el Monte Edith Cavell, [&hellip;]<\/cite><\/div><\/div><\/li><li class=\"\"><div class=\"sya_postcontent\"><span class=\"sya_date\">  <span class=\"sya_sep\"> <\/span><\/span><a href=\"https:\/\/www.carlosyconchita.net\/rutas\/06-08-2016-ruta-canada-fotos\/\" class=\"sya_postlink post-8914\" rel=\"bookmark\">06-08-2016 &#8211; Ruta Canad\u00e1 &#8211; FOTOS<\/a> <span class=\"sya_categories\"><span class=\"sya_bracket\">(<\/span>0-Fotos, 0-Muy f\u00e1cil, Canad\u00e1<span class=\"sya_bracket\">)<\/span><\/span><div style=\"padding-left:100px\" class=\"robots-nocontent\"><cite>Presentamos aqu\u00ed las fotos realizadas en el d\u00eda de hoy en el que hemos podido ver los lagos Medicine, Patricia, Pyramid y su Isla Pyramid, y en el que adem\u00e1s hemos visto el primer oso y el primer carib\u00fa del viaje&#8230; no est\u00e1 mal, estamos s\u00f3lo en el segundo d\u00eda&#8230; \u00a0 \u00a0 \u00a0 \u00a0 Mini [&hellip;]<\/cite><\/div><\/div><\/li><li class=\"\"><div class=\"sya_postcontent\"><span class=\"sya_date\">  <span class=\"sya_sep\"> <\/span><\/span><a href=\"https:\/\/www.carlosyconchita.net\/rutas\/06-08-2016-maligne-canyon\/\" class=\"sya_postlink post-8900\" rel=\"bookmark\">06-08-2016 &#8211; Maligne Canyon (Canada)<\/a> <span class=\"sya_categories\"><span class=\"sya_bracket\">(<\/span>1-F\u00e1cil, 2 - De 5 a 10 km., Canad\u00e1<span class=\"sya_bracket\">)<\/span><\/span><div style=\"padding-left:100px\" class=\"robots-nocontent\"><cite>Situaci\u00f3n :\u00a0\u00a0 11 km. de Jasper Desde Jasper salimos por la \u00abautopista\u00bb \/carretera 16 (Hwy 16) en direcci\u00f3n a Hinton, y a los pocos kms. encontraremos un desv\u00edo a la derecha que indica \u00abMaligne Road\u00bb. Seguiremos esta carretera hasta que al poco veamos el indicador del puente num. 6, o hasta que lleguemos a la [&hellip;]<\/cite><\/div><\/div><\/li><li class=\"\"><div class=\"sya_postcontent\"><span class=\"sya_date\">  <span class=\"sya_sep\"> <\/span><\/span><a href=\"https:\/\/www.carlosyconchita.net\/rutas\/05-08-2016-ruta-fotos\/\" class=\"sya_postlink post-8892\" rel=\"bookmark\">05-08-2016 &#8211; Ruta Canad\u00e1 &#8211; FOTOS<\/a> <span class=\"sya_categories\"><span class=\"sya_bracket\">(<\/span>0-Muy f\u00e1cil, Canad\u00e1<span class=\"sya_bracket\">)<\/span><\/span><div style=\"padding-left:100px\" class=\"robots-nocontent\"><cite>Fotos realizadas el dia 5 de agosto, en la ruta realizada desde Calgary hasta nuestro primer hotel, en Hinton. Una buena\u00a0 parte de la ruta discurre por la carretera 93, en donde cada pocos metros o en cada curva nos aparecer\u00e1 una enorme monta\u00f1a , un glaciar o un lago. &nbsp; Enlace album de fotos [&hellip;]<\/cite><\/div><\/div><\/li><li class=\"\"><div class=\"sya_postcontent\"><span class=\"sya_date\">  <span class=\"sya_sep\"> <\/span><\/span><a href=\"https:\/\/www.carlosyconchita.net\/rutas\/05-08-2016-lago-bow-fotos\/\" class=\"sya_postlink post-8882\" rel=\"bookmark\">05-08-2016 &#8211; Lago Bow (Canad\u00e1) &#8211; FOTOS<\/a> <span class=\"sya_categories\"><span class=\"sya_bracket\">(<\/span>0-Muy f\u00e1cil, Canad\u00e1<span class=\"sya_bracket\">)<\/span><\/span><div style=\"padding-left:100px\" class=\"robots-nocontent\"><cite>Situaci\u00f3n :\u00a0\u00a0 195 kms al sur de Jasper &#8211;\u00a0\u00a0\u00a0 94 kms. al norte de Banff Bonito lago que podemos ver desde la misma carretera, desde donde podemos ver tambi\u00e9n al glaciar y cascadas del mismo nombre muy al fondo, que visitaremos otro d\u00eda ( ver indice Canad\u00e1 ) Est\u00e1 en la famosa carretera 93, rodeado [&hellip;]<\/cite><\/div><\/div><\/li><li class=\"\"><div class=\"sya_postcontent\"><span class=\"sya_date\">  <span class=\"sya_sep\"> <\/span><\/span><a href=\"https:\/\/www.carlosyconchita.net\/rutas\/05-08-2016-cascadas-athabasca\/\" class=\"sya_postlink post-8876\" rel=\"bookmark\">05-08-2016 &#8211; Cascadas Athabasca (Canad\u00e1) &#8211; FOTOS<\/a> <span class=\"sya_categories\"><span class=\"sya_bracket\">(<\/span>0-Muy f\u00e1cil, Canad\u00e1<span class=\"sya_bracket\">)<\/span><\/span><div style=\"padding-left:100px\" class=\"robots-nocontent\"><cite>Situaci\u00f3n :\u00a0\u00a0 33 kms. al sur de Jasper &#8211;\u00a0\u00a0 257 kms. \u00a0 al norte de Banff Peque\u00f1a caminata para visitar las cascadas de Athabasca. &nbsp; Enlace album de fotos &nbsp; \u00a0 Pagina principal viaje Canad\u00e1 :\u00a0\u00a0\u00a0\u00a0 15-08-2016 \u2013 Canad\u00e1<\/cite><\/div><\/div><\/li><li class=\"\"><div class=\"sya_postcontent\"><span class=\"sya_date\">  <span class=\"sya_sep\"> <\/span><\/span><a href=\"https:\/\/www.carlosyconchita.net\/rutas\/05-08-2016-campos-hielo-columbia\/\" class=\"sya_postlink post-8865\" rel=\"bookmark\">05-08-2016 &#8211; Campos hielo Columbia (Canad\u00e1) &#8211; FOTOS<\/a> <span class=\"sya_categories\"><span class=\"sya_bracket\">(<\/span>0-Muy f\u00e1cil, Canad\u00e1<span class=\"sya_bracket\">)<\/span><\/span><div style=\"padding-left:100px\" class=\"robots-nocontent\"><cite>Situaci\u00f3n :\u00a0 a 232 kms. al norte de Banff &#8211; 55 kms. al sur de Jasper Album de fotos de la zona de los campos de hielo de Columbia, realizadas el dia\u00a0 5 de agosto, \u00aben plan r\u00e1pido\u00bb y desde la carretera, ya que ese d\u00eda teniamos un largo desplazamiento en coche desde Calgary hasta [&hellip;]<\/cite><\/div><\/div><\/li><li class=\"\"><div class=\"sya_postcontent\"><span class=\"sya_date\">  <span class=\"sya_sep\"> <\/span><\/span><a href=\"https:\/\/www.carlosyconchita.net\/rutas\/30-07-2016-tossa-plana-lles\/\" class=\"sya_postlink post-8769\" rel=\"bookmark\">31-07-2016 &#8211; Tossa Plana de Lles (100 Cims)<\/a> <span class=\"sya_categories\"><span class=\"sya_bracket\">(<\/span>100 Cims Carlos y Conchita, 100 Cims FEEC, 2-Moderada, 3 - De 10 a 15 km., Lles<span class=\"sya_bracket\">)<\/span><\/span><div style=\"padding-left:100px\" class=\"robots-nocontent\"><cite>&nbsp; &nbsp; Dificultad :\u00a0\u00a0\u00a0 Moderada Distancia total :\u00a0\u00a0\u00a0\u00a0 10.415\u00a0 m Alturas m\u00ednima \/ m\u00e1xima :\u00a0\u00a0\u00a0\u00a0\u00a0 2.077 m. \u00a0 \/\u00a0\u00a0 2.902 m. Desnivel acumulado (s\/Wikiloc)\u00a0 :\u00a0 \u00a0 845\u00a0 m. Tiempo total \/ en movimiento :\u00a0\u00a0\u00a0\u00a0\u00a0\u00a0\u00a0 3\u201918 h. \u2013\u00a0 6\u201941\u00a0 h. Velocidad media total \/ velocidad media movimiento :\u00a0\u00a0 1\u201951 km\/h \u2013\u00a0 3\u201907\u00a0 km\/h \u00a0 Ruta realizada\u00a0 [&hellip;]<\/cite><\/div><\/div><\/li><li class=\"\"><div class=\"sya_postcontent\"><span class=\"sya_date\">  <span class=\"sya_sep\"> <\/span><\/span><a href=\"https:\/\/www.carlosyconchita.net\/rutas\/30-07-2016-ur-puigcerda-bornas-471473474\/\" class=\"sya_postlink post-14155\" rel=\"bookmark\">30-07-2016- Ur -Puigcerd\u00e1 (bornas 471-477)<\/a> <span class=\"sya_categories\"><span class=\"sya_bracket\">(<\/span>0-Muy f\u00e1cil, Mojones \/ Bornas frontera ES-FR<span class=\"sya_bracket\">)<\/span><\/span><div style=\"padding-left:100px\" class=\"robots-nocontent\"><cite>Intentamos localizar estas bornas, pero al no llevar demasiada informaci\u00f3n, solo vemos la 471 (no est\u00e1bamos seguros de que lo fuera), la 473, 474, 476 y 477.<\/cite><\/div><\/div><\/li><li class=\"\"><div class=\"sya_postcontent\"><span class=\"sya_date\">  <span class=\"sya_sep\"> <\/span><\/span><a href=\"https:\/\/www.carlosyconchita.net\/rutas\/29-07-2016-penyas-altas-moixero\/\" class=\"sya_postlink post-8762\" rel=\"bookmark\">29-07-2016 &#8211; Penyas Altas de Moixer\u00f3 (100 Cims)<\/a> <span class=\"sya_categories\"><span class=\"sya_bracket\">(<\/span>100 Cims Carlos y Conchita, 100 Cims FEEC, 2-Moderada, 3 - De 10 a 15 km., Cerdanya Sur-Cad\u00ed-Moixer\u00f3<span class=\"sya_bracket\">)<\/span><\/span><div style=\"padding-left:100px\" class=\"robots-nocontent\"><cite>Hemos vuelto a esta zona, para subir a esta vez a las Penyas Altas de Moixer\u00f3, desde donde podemos disfrutar de unas impresionantes vistas y tambi\u00e9n del cambio de color, ahora mucho m\u00e1s verde ya que cuando subimos al Pic de Moixer\u00f3 era enero, por lo que los prados no estaban verdes como ahora.\u00a0 (ver\u00a0\u00a0 [&hellip;]<\/cite><\/div><\/div><\/li><li class=\"\"><div class=\"sya_postcontent\"><span class=\"sya_date\">  <span class=\"sya_sep\"> <\/span><\/span><a href=\"https:\/\/www.carlosyconchita.net\/rutas\/24-07-2016-pic-maia-vall-dincles\/\" class=\"sya_postlink post-8752\" rel=\"bookmark\">24-07-2016 &#8211; Pic de Mai\u00e1 a Vall d&#8217;Incles<\/a> <span class=\"sya_categories\"><span class=\"sya_bracket\">(<\/span>1-F\u00e1cil, 3 - De 10 a 15 km., Andorra<span class=\"sya_bracket\">)<\/span><\/span><div style=\"padding-left:100px\" class=\"robots-nocontent\"><cite>Hemos vuelto al Pic de Mai\u00e1, pero esta vez sin nieve y para llegar bastante m\u00e1s lejos que la otra vez con raquetas ( ver\u00a0\u00a0 07-12-2015 \u2013 Pic de Maia\u00a0\u00a0 )\u00a0 , para llegar hasta el final del Valle de Incles, donde hemos estado muchas veces, pero para verlo desde \u00abarriba\u00bb y poder admirar los [&hellip;]<\/cite><\/div><\/div><\/li><li class=\"\"><div class=\"sya_postcontent\"><span class=\"sya_date\">  <span class=\"sya_sep\"> <\/span><\/span><a href=\"https:\/\/www.carlosyconchita.net\/rutas\/23-07-2016-els-clots-guils\/\" class=\"sya_postlink post-8742\" rel=\"bookmark\">23-07-2016 &#8211; Els Clots de Guils<\/a> <span class=\"sya_categories\"><span class=\"sya_bracket\">(<\/span>0-Muy f\u00e1cil, 2 - De 5 a 10 km., Guils<span class=\"sya_bracket\">)<\/span><\/span><div style=\"padding-left:100px\" class=\"robots-nocontent\"><cite>Al igual que ayer, el d\u00eda no ha amanecido muy bueno, pero intentaremos de nuevo hacer esta f\u00e1cil caminata por la zona de la estaci\u00f3n de ski de Guils-Fontanera, cerca de Puigcerd\u00e1, ya que ayer, empez\u00f3 a llover cuando llegamos a la zona de parking y no pudimos hacerla. Dificultad :\u00a0\u00a0\u00a0 Muy f\u00e1cil Distancia total [&hellip;]<\/cite><\/div><\/div><\/li><li class=\"\"><div class=\"sya_postcontent\"><span class=\"sya_date\">  <span class=\"sya_sep\"> <\/span><\/span><a href=\"https:\/\/www.carlosyconchita.net\/rutas\/17-07-2016-turo-del-home-les-agudes\/\" class=\"sya_postlink post-8733\" rel=\"bookmark\">17-07-2016 &#8211; Tur\u00f3 del Home y Les Agudes  (100 Cims)<\/a> <span class=\"sya_categories\"><span class=\"sya_bracket\">(<\/span>100 Cims Carlos y Conchita, 100 Cims FEEC, 2-Moderada, 3 - De 10 a 15 km., Montseny<span class=\"sya_bracket\">)<\/span><\/span><div style=\"padding-left:100px\" class=\"robots-nocontent\"><cite>Para hacer esta caminata por la zona del Montseny, nos dirigimos a Santa F\u00e9 del Montseny, y seguimos las indicaciones del Parque Natural, pasamos de largo\u00a0 la zona de aparcamiento y restaurante,\u00a0 y paramos un poco m\u00e1s arriba, concretamente en la Font de Passavents. Resumen de la ruta Dificultad :\u00a0\u00a0\u00a0 Moderada Distancia total :\u00a0\u00a0\u00a0\u00a0\u00a0 10.274\u00a0 [&hellip;]<\/cite><\/div><\/div><\/li><li class=\"\"><div class=\"sya_postcontent\"><span class=\"sya_date\">  <span class=\"sya_sep\"> <\/span><\/span><a href=\"https:\/\/www.carlosyconchita.net\/rutas\/09-07-2016-picos-pessons-aliga-montmalus\/\" class=\"sya_postlink post-8696\" rel=\"bookmark\">09-07-2016-Picos de Pessons, Aliga y Montmal\u00fas<\/a> <span class=\"sya_categories\"><span class=\"sya_bracket\">(<\/span>100 Cims Carlos y Conchita, 3 - De 10 a 15 km., 3-Dif\u00edcil, Andorra<span class=\"sya_bracket\">)<\/span><\/span><div style=\"padding-left:100px\" class=\"robots-nocontent\"><cite>El a\u00f1o pasado fuimos en noviembre a esta zona para ver los lagos de Pessons, y aunque no ten\u00edamos la idea de subir al Pic dels Pessons, tampoco pudimos subir ya que debido a la nieve, el camino de subida desde el \u00faltimo lago a la Collada de Pessons, estaba con mucha nieve.\u00a0 (ver 06-11-2015 [&hellip;]<\/cite><\/div><\/div><\/li><li class=\"\"><div class=\"sya_postcontent\"><span class=\"sya_date\">  <span class=\"sya_sep\"> <\/span><\/span><a href=\"https:\/\/www.carlosyconchita.net\/rutas\/03-07-2016-sant-jeroni-montserrat\/\" class=\"sya_postlink post-8686\" rel=\"bookmark\">03-07-2016 &#8211; Sant Jeroni (Montserrat) (100 Cims)<\/a> <span class=\"sya_categories\"><span class=\"sya_bracket\">(<\/span>1-F\u00e1cil, 100 Cims Carlos y Conchita, 100 Cims FEEC, 2 - De 5 a 10 km., Montserrat<span class=\"sya_bracket\">)<\/span><\/span><div style=\"padding-left:100px\" class=\"robots-nocontent\"><cite>Esta semana que no hemos ido a la Cerdanya , nos decidimos a hacer una caminata por aqui cerca, por lo que elegimos esta ruta por Montserrat. Al ser domingo, y por temor que a la hora de la bajada hubiera mucha gente en el telef\u00e9rico , finalmente nos hemos ido en coche hasta el [&hellip;]<\/cite><\/div><\/div><\/li><li class=\"\"><div class=\"sya_postcontent\"><span class=\"sya_date\">  <span class=\"sya_sep\"> <\/span><\/span><a href=\"https:\/\/www.carlosyconchita.net\/rutas\/25-06-2016-nuria-eyne\/\" class=\"sya_postlink post-8675\" rel=\"bookmark\">25-06-2016 &#8211; Nuria &#8211; Eyne<\/a> <span class=\"sya_categories\"><span class=\"sya_bracket\">(<\/span>3-Dif\u00edcil, 4 - De 15 a 20 km., Nuria, Saillagosa<span class=\"sya_bracket\">)<\/span><\/span><div style=\"padding-left:100px\" class=\"robots-nocontent\"><cite>Desde hace tiempo quer\u00edamos hacer esta ruta, pero por la dificultad y desnivel no nos hab\u00edamos atrevido a hacerla solos, ya que adem\u00e1s, se necesita dejar otro coche en el punto de destino, para poder volver a casa o a recoger el otro coche. Esta ruta empieza en Nuria, y en solo 4.5\/5 km. sube [&hellip;]<\/cite><\/div><\/div><\/li><li class=\"\"><div class=\"sya_postcontent\"><span class=\"sya_date\">  <span class=\"sya_sep\"> <\/span><\/span><a href=\"https:\/\/www.carlosyconchita.net\/rutas\/12-06-2016-coll-la-llosa\/\" class=\"sya_postlink post-8668\" rel=\"bookmark\">12-06-2016 &#8211; Coll de la Llosa (y mirador)<\/a> <span class=\"sya_categories\"><span class=\"sya_bracket\">(<\/span>0-Muy f\u00e1cil, 2 - De 5 a 10 km., Conflent<span class=\"sya_bracket\">)<\/span><\/span><div style=\"padding-left:100px\" class=\"robots-nocontent\"><cite>Hoy hemos hecho una f\u00e1cil caminata por la zona del Coll de la Llosa, para llegar a una especie de mirador que vimos en invierno, cuando hicimos m\u00e1s o menos esta misma ruta pero con raquetas. Decimos m\u00e1s o menos, porque realmente hemos ido un poco \u00aba ojo\u00bb, sin seguir el track de la otra [&hellip;]<\/cite><\/div><\/div><\/li><li class=\"\"><div class=\"sya_postcontent\"><span class=\"sya_date\">  <span class=\"sya_sep\"> <\/span><\/span><a href=\"https:\/\/www.carlosyconchita.net\/rutas\/11-06-2016-brangoli-ermita-sta-maria-belloc\/\" class=\"sya_postlink post-8655\" rel=\"bookmark\">11-06-2016 &#8211; Brangol\u00ed &#8211; Ermita de Sta. Mar\u00eda de Belloc<\/a> <span class=\"sya_categories\"><span class=\"sya_bracket\">(<\/span>1-F\u00e1cil, 2 - De 5 a 10 km., La Tour de Carol<span class=\"sya_bracket\">)<\/span><\/span><div style=\"padding-left:100px\" class=\"robots-nocontent\"><cite>Anteriormente ya hab\u00edamos subido a la ermita de Santa Mar\u00eda de Belloc, pero con un poco de nieve y desde el cercano pueblo de Dorres,\u00a0 ( ver 30-04-2012 \u2013 Ermita de Santa Maria de Belloc (Dorres) \u00a0\u00a0 pero esta vez lo haremos desde Brangol\u00ed, que no sabemos realmente como definirlo, porque desde luego no es [&hellip;]<\/cite><\/div><\/div><\/li><li class=\"\"><div class=\"sya_postcontent\"><span class=\"sya_date\">  <span class=\"sya_sep\"> <\/span><\/span><a href=\"https:\/\/www.carlosyconchita.net\/rutas\/10-06-2016-puig-dorria-borna-506\/\" class=\"sya_postlink post-8646\" rel=\"bookmark\">10-06-2016 &#8211; Puig de Dorria (y Borna 506)<\/a> <span class=\"sya_categories\"><span class=\"sya_bracket\">(<\/span>1-F\u00e1cil, 100 Cims Carlos y Conchita, 3 - De 10 a 15 km., Mojones \/ Bornas frontera ES-FR, Saillagosa<span class=\"sya_bracket\">)<\/span><\/span><div style=\"padding-left:100px\" class=\"robots-nocontent\"><cite>Repetimos la ruta del dia 24-04-2016, esta vez sin nieve, y conseguimos llegar sin problemas hasta la 506, aunque con bastante niebla.<\/cite><\/div><\/div><\/li><li class=\"\"><div class=\"sya_postcontent\"><span class=\"sya_date\">  <span class=\"sya_sep\"> <\/span><\/span><a href=\"https:\/\/www.carlosyconchita.net\/rutas\/29-05-2016-osseja-valcebollere\/\" class=\"sya_postlink post-8631\" rel=\"bookmark\">29-05-2016 &#8211; Osseja-Valcebollere<\/a> <span class=\"sya_categories\"><span class=\"sya_bracket\">(<\/span>1-F\u00e1cil, 2 - De 5 a 10 km., Saillagosa<span class=\"sya_bracket\">)<\/span><\/span><div style=\"padding-left:100px\" class=\"robots-nocontent\"><cite>Hoy quer\u00edamos llegar al Puig de Dorria desde la borna 504, en la Coma Morera, aunque el d\u00eda no estaba muy bueno, ya que ten\u00edamos a la vista bastantes nubes y muy negras&#8230; Nos dirigimos pues a Osseja, y empezamos a subir hacia la Coma Morera ( ver 24-04-2016-Frontera : bornas 504 y 505 ) [&hellip;]<\/cite><\/div><\/div><\/li><li class=\"\"><div class=\"sya_postcontent\"><span class=\"sya_date\">  <span class=\"sya_sep\"> <\/span><\/span><a href=\"https:\/\/www.carlosyconchita.net\/rutas\/28-05-2016-lago-noubals-artigues-mijanes\/\" class=\"sya_postlink post-8621\" rel=\"bookmark\">28-05-2016 &#8211; Lago de Noubals (Artigues &#8211; Mijan\u00e9s)<\/a> <span class=\"sya_categories\"><span class=\"sya_bracket\">(<\/span>1-F\u00e1cil, 2 - De 5 a 10 km., Ari\u00e8ge<span class=\"sya_bracket\">)<\/span><\/span><div style=\"padding-left:100px\" class=\"robots-nocontent\"><cite>Hace ya tiempo que quer\u00edamos ver este lago, que hab\u00edamos visto en planos y mapas,\u00a0 aunque nunca lo hab\u00edamos visto anunciado por la carretera. Mirando en el mapa, vimos que estaba entre Mijan\u00e9s y Artigues, pueblos por los que hemos pasado bastantes veces, especialmente por Mijan\u00e9s, ya que all\u00ed cerca est\u00e1 el Parking de la [&hellip;]<\/cite><\/div><\/div><\/li><li class=\"\"><div class=\"sya_postcontent\"><span class=\"sya_date\">  <span class=\"sya_sep\"> <\/span><\/span><a href=\"https:\/\/www.carlosyconchita.net\/rutas\/15-05-2016-roc-castellet\/\" class=\"sya_postlink post-8600\" rel=\"bookmark\">15-05-2016 &#8211; Roc de Castellet<\/a> <span class=\"sya_categories\"><span class=\"sya_bracket\">(<\/span>100 Cims Carlos y Conchita, 2 - De 5 a 10 km., 2-Moderada, Saillagosa<span class=\"sya_bracket\">)<\/span><\/span><div style=\"padding-left:100px\" class=\"robots-nocontent\"><cite>Bonita subida al Roc de Castellet, cerca de la poblaci\u00f3n francesa de Dorres, desde donde tendremos unas fant\u00e1sticas vistas de todas las poblaciones de la Cerdanya, desde Eyne hasta Puigcerd\u00e1. Resumen de la ruta Dificultad :\u00a0\u00a0 Moderada Distancia total :\u00a0\u00a0\u00a0\u00a0\u00a0 9.864 m. Alturas m\u00ednima \/ m\u00e1xima :\u00a0\u00a0\u00a0\u00a0 1.478 m.\u00a0 \/\u00a0 2.063 m. Desnivel acumulado (s\/Wikiloc)\u00a0 [&hellip;]<\/cite><\/div><\/div><\/li><li class=\"\"><div class=\"sya_postcontent\"><span class=\"sya_date\">  <span class=\"sya_sep\"> <\/span><\/span><a href=\"https:\/\/www.carlosyconchita.net\/rutas\/14-05-2016-frontera-bornas-504-500\/\" class=\"sya_postlink post-8587\" rel=\"bookmark\">14-05-2016 &#8211; Frontera : bornas 504 a 500<\/a> <span class=\"sya_categories\"><span class=\"sya_bracket\">(<\/span>2 - De 5 a 10 km., 2-Moderada, Mojones \/ Bornas frontera ES-FR, Saillagosa<span class=\"sya_bracket\">)<\/span><\/span><div style=\"padding-left:100px\" class=\"robots-nocontent\"><cite>Desde la borna 504 localizamos y fotografiamos las bornas 504 hasta la 500.<\/cite><\/div><\/div><\/li><li class=\"\"><div class=\"sya_postcontent\"><span class=\"sya_date\">  <span class=\"sya_sep\"> <\/span><\/span><a href=\"https:\/\/www.carlosyconchita.net\/rutas\/impresion-las-rutas\/\" class=\"sya_postlink post-8575\" rel=\"bookmark\">Nueva opci\u00f3n :  Imprimir las rutas<\/a> <span class=\"sya_categories\"><span class=\"sya_bracket\">(<\/span>0-Sin clasificar<span class=\"sya_bracket\">)<\/span><\/span><div style=\"padding-left:100px\" class=\"robots-nocontent\"><cite>Hemos incorporado una nueva opci\u00f3n al final de cada ruta, para poder imprimirla o descargarla en varios formatos , como PDF, Word, o texto. Para facilitar la impresi\u00f3n, las im\u00e1genes se reducen bastante de tama\u00f1o, pero si se quiere imprimir la ruta sin ninguna imagen, la forma m\u00e1s sencilla es descargarla en formato\u00a0 \u00ab.doc\u00bb , [&hellip;]<\/cite><\/div><\/div><\/li><li class=\"\"><div class=\"sya_postcontent\"><span class=\"sya_date\">  <span class=\"sya_sep\"> <\/span><\/span><a href=\"https:\/\/www.carlosyconchita.net\/rutas\/08-05-2016-molins-rei-31-caminada\/\" class=\"sya_postlink post-8557\" rel=\"bookmark\">08-05-2016 &#8211; Molins de Rei &#8211; 31\u00aa  caminada<\/a> <span class=\"sya_categories\"><span class=\"sya_bracket\">(<\/span>2-Moderada, 4 - De 15 a 20 km., Barcelona<span class=\"sya_bracket\">)<\/span><\/span><div style=\"padding-left:100px\" class=\"robots-nocontent\"><cite>A pesar de las previsiones y del \u00abchirimiri\u00bb que ten\u00edamos ya\u00a0 a la salida, hemos hecho esta caminata organizada por el CEM de Molins de Rei, con nuestro amigo Rafel. A pesar de que es una de las consideradas f\u00e1ciles, al final han salido m\u00e1s de 700 m. de desnivel&#8230; Siguiendo nuestro sistema de valoraci\u00f3n [&hellip;]<\/cite><\/div><\/div><\/li><li class=\"\"><div class=\"sya_postcontent\"><span class=\"sya_date\">  <span class=\"sya_sep\"> <\/span><\/span><a href=\"https:\/\/www.carlosyconchita.net\/rutas\/24-04-2016-frontera-bornas-504-505\/\" class=\"sya_postlink post-8509\" rel=\"bookmark\">24-04-2016-Frontera : bornas 504 y 505<\/a> <span class=\"sya_categories\"><span class=\"sya_bracket\">(<\/span>1-F\u00e1cil, 2 - De 5 a 10 km., Dificultad, Mojones \/ Bornas frontera ES-FR, Saillagosa<span class=\"sya_bracket\">)<\/span><\/span><div style=\"padding-left:100px\" class=\"robots-nocontent\"><cite>Hacemos esta ruta empezando en la borna 504, a la que se puede llegar en coche, con la idea de llegar a la 505 de nuevo, y continuar hasta el Puig de Dorria y la 506, pero el fuerte viento y previsi\u00f3n de mal tiempo, hace que lleguemos solo hasta la 505.<\/cite><\/div><\/div><\/li><li class=\"\"><div class=\"sya_postcontent\"><span class=\"sya_date\">  <span class=\"sya_sep\"> <\/span><\/span><a href=\"https:\/\/www.carlosyconchita.net\/rutas\/24-04-2016-borna-504-acceso-coche\/\" class=\"sya_postlink post-8521\" rel=\"bookmark\">24-04-2016-Borna 504 (Coma Morera) &#8211; Acceso coche<\/a> <span class=\"sya_categories\"><span class=\"sya_bracket\">(<\/span>0-Accesos coche, 0-Muy f\u00e1cil, 4 - De 15 a 20 km., Mojones \/ Bornas frontera ES-FR<span class=\"sya_bracket\">)<\/span><\/span><div style=\"padding-left:100px\" class=\"robots-nocontent\"><cite>Para llegar a la borna 504 (Coma Morera)\u00a0 en coche, debemos coger un camino que empieza en Osseja. Dentro del pueblo no est\u00e1 demasiado indicado, por lo que ponemos aqu\u00ed el track del mismo, empezando en la entrada del pueblo, viniendo desde Saillagosa , por la carretera D30. De todas formas, por si se viene [&hellip;]<\/cite><\/div><\/div><\/li><li class=\"\"><div class=\"sya_postcontent\"><span class=\"sya_date\">  <span class=\"sya_sep\"> <\/span><\/span><a href=\"https:\/\/www.carlosyconchita.net\/rutas\/23-04-2016-refugio-nahuja\/\" class=\"sya_postlink post-8495\" rel=\"bookmark\">23-04-2016 &#8211; Refugio de Nahuja<\/a> <span class=\"sya_categories\"><span class=\"sya_bracket\">(<\/span>2 - De 5 a 10 km., 2-Moderada, Saillagosa<span class=\"sya_bracket\">)<\/span><\/span><div style=\"padding-left:100px\" class=\"robots-nocontent\"><cite>Como que las previsiones del tiempo no eran muy buenas hoy, hacemos esta excursi\u00f3n cortita, que empieza en el peque\u00f1o pueblo franc\u00e9s de Santa Leocadia, y sube hasta el refugio de Nahuja. Resumen de la ruta Dificultad :\u00a0\u00a0 Moderada Distancia total :\u00a0\u00a0\u00a0\u00a0\u00a0 7.948 m. Alturas m\u00ednima \/ m\u00e1xima :\u00a0\u00a0\u00a0\u00a0 1.377 m. \u2013\u00a0 1.683 m. Desnivel [&hellip;]<\/cite><\/div><\/div><\/li><li class=\"\"><div class=\"sya_postcontent\"><span class=\"sya_date\">  <span class=\"sya_sep\"> <\/span><\/span><a href=\"https:\/\/www.carlosyconchita.net\/rutas\/22-04-2016-lago-refugio-pessons\/\" class=\"sya_postlink post-8476\" rel=\"bookmark\">22-04-2016 &#8211; Lago y refugio de Pessons<\/a> <span class=\"sya_categories\"><span class=\"sya_bracket\">(<\/span>1 - Hasta 5 km., 2-Moderada, Andorra<span class=\"sya_bracket\">)<\/span><\/span><div style=\"padding-left:100px\" class=\"robots-nocontent\"><cite>Hace ya algunas semanas quer\u00edamos ir a Andorra, a dar una vuelta y comprar algunas cosas, por lo que no ten\u00edamos mucho tiempo para hacer una excursi\u00f3n muy larga, as\u00ed que hemos hecho esta corta aunque \u00abdurilla\u00bb\u00a0 subida, no por la longitud, sino por la considerable pendiente en tan corto recorrido. Hab\u00edamos ido ya por [&hellip;]<\/cite><\/div><\/div><\/li><li class=\"\"><div class=\"sya_postcontent\"><span class=\"sya_date\">  <span class=\"sya_sep\"> <\/span><\/span><a href=\"https:\/\/www.carlosyconchita.net\/rutas\/17-04-2016-vi-travessada-molins-rei-vilafranca\/\" class=\"sya_postlink post-8464\" rel=\"bookmark\">17-04-2016- VI Travessada Molins de Rei-Vilafranca<\/a> <span class=\"sya_categories\"><span class=\"sya_bracket\">(<\/span>3-Dif\u00edcil, 5 - M\u00e1s de 20 km., Ordal<span class=\"sya_bracket\">)<\/span><\/span><div style=\"padding-left:100px\" class=\"robots-nocontent\"><cite>Hoy hemos hecho esta larga caminata organizada por el Centre Excursionista de Molins de Rei, aunque en realidad ha sido la versi\u00f3n \u00abcorta\u00bb que empezaba en el Ordal, concretamente en la zona del Lladoner y terminaba la estaci\u00f3n de tren de Vilafranca, y que ten\u00eda una longitud de 24 kms. La versi\u00f3n \u00ablarga\u00bb, empezaba en [&hellip;]<\/cite><\/div><\/div><\/li><li class=\"\"><div class=\"sya_postcontent\"><span class=\"sya_date\">  <span class=\"sya_sep\"> <\/span><\/span><a href=\"https:\/\/www.carlosyconchita.net\/rutas\/10-04-2016-lago-del-estagnol-raquetas\/\" class=\"sya_postlink post-8454\" rel=\"bookmark\">10-04-2016-Lago del Estagnol (raquetas)<\/a> <span class=\"sya_categories\"><span class=\"sya_bracket\">(<\/span>1 - Hasta 5 km., 2-Moderada, Port\u00e9-Puymorens<span class=\"sya_bracket\">)<\/span><\/span><div style=\"padding-left:100px\" class=\"robots-nocontent\"><cite>Esta excursi\u00f3n la hab\u00edamos hecho el 12-09-2014 pero sin nieve , y la clasificamos entonces como muy f\u00e1cil, mientras que esta vez, con raquetas y con mucha nieve ya un poco blanda, la clasificamos como moderada, ya que la caminata es bastante corta, pero con bastante pendiente. Las previsiones para hoy no eran muy buenas, [&hellip;]<\/cite><\/div><\/div><\/li><li class=\"\"><div class=\"sya_postcontent\"><span class=\"sya_date\">  <span class=\"sya_sep\"> <\/span><\/span><a href=\"https:\/\/www.carlosyconchita.net\/rutas\/09-04-2016-pueblo-abandonado-comes\/\" class=\"sya_postlink post-8443\" rel=\"bookmark\">09-04-2016-Pueblo abandonado de Comes<\/a> <span class=\"sya_categories\"><span class=\"sya_bracket\">(<\/span>1-F\u00e1cil, 2 - De 5 a 10 km., Conflent<span class=\"sya_bracket\">)<\/span><\/span><div style=\"padding-left:100px\" class=\"robots-nocontent\"><cite>El pueblo abandonado de Comes, est\u00e1 cerca del pueblecito franc\u00e9s de Eus, y para llegar all\u00ed, debemos coger la carretera N-116 , desde Mont-Louis como hemos hecho nosotros, o desde Perpignan, si se viene desde la frontera espa\u00f1ola. Tanto si partimos de un punto como de otro, debemos dirigirnos hacia Prades, que aproximadamente est\u00e1 a [&hellip;]<\/cite><\/div><\/div><\/li><li class=\"\"><div class=\"sya_postcontent\"><span class=\"sya_date\">  <span class=\"sya_sep\"> <\/span><\/span><a href=\"https:\/\/www.carlosyconchita.net\/rutas\/puigmal-pistas-de-ski\/\" class=\"sya_postlink post-8406\" rel=\"bookmark\">12-03-2016 &#8211; Puigmal : pistas de ski<\/a> <span class=\"sya_categories\"><span class=\"sya_bracket\">(<\/span>2 - De 5 a 10 km., 2-Moderada, Saillagosa<span class=\"sya_bracket\">)<\/span><\/span><div style=\"padding-left:100px\" class=\"robots-nocontent\"><cite>Hoy hemos vuelto a la estaci\u00f3n de ski de Puigmal, actualmente cerrada, para hacer una caminata con raquetas por las pistas, ya que las previsiones anunciaban bastante viento, y hemos preferido quedarnos en una zona no muy alta por si acaso se complicaba el tiempo. La hemos clasificado como \u00abModerada\u00bb por la considerable pendiente, que [&hellip;]<\/cite><\/div><\/div><\/li><li class=\"\"><div class=\"sya_postcontent\"><span class=\"sya_date\">  <span class=\"sya_sep\"> <\/span><\/span><a href=\"https:\/\/www.carlosyconchita.net\/rutas\/fotos-jordania-2006\/\" class=\"sya_postlink post-8272\" rel=\"bookmark\">Fotos Jordania 2006<\/a> <span class=\"sya_categories\"><span class=\"sya_bracket\">(<\/span>0-Fotos<span class=\"sya_bracket\">)<\/span><\/span><div style=\"padding-left:100px\" class=\"robots-nocontent\"><cite>\u00a0 \u00a0 Incluye la visita a Petra, el ba\u00f1o en el Mar Muerto y la \u00abescapada\u00bb de un d\u00eda a Damasco (Siria). Las fotos est\u00e1n capturadas de la c\u00e1mara de video, por lo que su calidad no es muy buena. \u00a0 Enlace album fotos &nbsp;<\/cite><\/div><\/div><\/li><li class=\"\"><div class=\"sya_postcontent\"><span class=\"sya_date\">  <span class=\"sya_sep\"> <\/span><\/span><a href=\"https:\/\/www.carlosyconchita.net\/rutas\/21-02-2016-targassonne-pic-dels-moros\/\" class=\"sya_postlink post-7897\" rel=\"bookmark\">21-02-2016 &#8211; Targassonne &#8211; Pic dels Moros<\/a> <span class=\"sya_categories\"><span class=\"sya_bracket\">(<\/span>2 - De 5 a 10 km., 2-Moderada, Font Romeu<span class=\"sya_bracket\">)<\/span><\/span><div style=\"padding-left:100px\" class=\"robots-nocontent\"><cite>Anteriormente, en el 2013 ya hab\u00edamos estado en el Pic dels Moros, pero hab\u00edamos empezado en la zona del Pla de la Calme, en la estaci\u00f3n de ski de Font-Romeu.\u00a0 (ver enlace ) Esta vez llegaremos al mismo sitio, pero por el otro lado, por asi decir, empezando en Targassonne. Dificultad :\u00a0 Moderada Recorrido :\u00a0 [&hellip;]<\/cite><\/div><\/div><\/li><li class=\"\"><div class=\"sya_postcontent\"><span class=\"sya_date\">  <span class=\"sya_sep\"> <\/span><\/span><a href=\"https:\/\/www.carlosyconchita.net\/rutas\/20-02-2016-primera-esquiada-2016\/\" class=\"sya_postlink post-7872\" rel=\"bookmark\">20-02-2016 &#8211; Primera esquiada 2016 (Les Angles)<\/a> <span class=\"sya_categories\"><span class=\"sya_bracket\">(<\/span>0-Esqu\u00ed, 0-Muy f\u00e1cil, Les Angles<span class=\"sya_bracket\">)<\/span><\/span><div style=\"padding-left:100px\" class=\"robots-nocontent\"><cite>Finalmente hemos podido estrenar la temporada de ski, que normalmente empezamos los dias de Reyes. Este a\u00f1o, debido a la falta de nieve, no nos hab\u00edamos decidido a esquiar, ya que por las im\u00e1genes que veiamos de las c\u00e1maras en directo de la web de Les Angles, hab\u00eda muchos \u00abparches\u00bb en las pistas sin nieve [&hellip;]<\/cite><\/div><\/div><\/li><li class=\"\"><div class=\"sya_postcontent\"><span class=\"sya_date\">  <span class=\"sya_sep\"> <\/span><\/span><a href=\"https:\/\/www.carlosyconchita.net\/rutas\/31-01-2016-pic-de-moixero\/\" class=\"sya_postlink post-7674\" rel=\"bookmark\">31-01-2016 &#8211;  Pic de Moixer\u00f3<\/a> <span class=\"sya_categories\"><span class=\"sya_bracket\">(<\/span>1-F\u00e1cil, 100 Cims Carlos y Conchita, 2 - De 5 a 10 km., Cerdanya Sur-Cad\u00ed-Moixer\u00f3<span class=\"sya_bracket\">)<\/span><\/span><div style=\"padding-left:100px\" class=\"robots-nocontent\"><cite>\u00a0 Anteriormente hab\u00edamos ido a esta zona (ver\u00a0 03-11-2013 &#8211; Pic del Roc Cremat ) , para llegar al Pic de Moixer\u00f3, pero a causa de la niebla y a que no llev\u00e1bamos ningun\u00a0 track para seguir, fuimos a parar al Pic de Roc Cremat, que est\u00e1 al lado, y que luego podremos ver en [&hellip;]<\/cite><\/div><\/div><\/li><li class=\"\"><div class=\"sya_postcontent\"><span class=\"sya_date\">  <span class=\"sya_sep\"> <\/span><\/span><a href=\"https:\/\/www.carlosyconchita.net\/rutas\/30-01-2016-de-mijanes-a-la-restanque\/\" class=\"sya_postlink post-7649\" rel=\"bookmark\">30-01-2016 &#8211; De Mijanes a la Restanque<\/a> <span class=\"sya_categories\"><span class=\"sya_bracket\">(<\/span>2-Moderada, 3 - De 10 a 15 km.<span class=\"sya_bracket\">)<\/span><\/span><div style=\"padding-left:100px\" class=\"robots-nocontent\"><cite>En bastantes ocasiones hemos ido a la zona de la Restanque\u00a0 (ver Parking de la Restanque ) \u00a0 para empezar all\u00ed una ruta, pero en esta ocasi\u00f3n no empezaremos all\u00ed, sino que ser\u00e1 el destino final de la caminata de hoy. Dificultad :\u00a0 Moderada Recorrido :\u00a0 10&#8217;503 km. Desnivel acum.\u00a0 :\u00a0\u00a0 442 m. \u00a0 \u00a0 [&hellip;]<\/cite><\/div><\/div><\/li><li class=\"\"><div class=\"sya_postcontent\"><span class=\"sya_date\">  <span class=\"sya_sep\"> <\/span><\/span><a href=\"https:\/\/www.carlosyconchita.net\/rutas\/04-01-2016-puigmal\/\" class=\"sya_postlink post-7624\" rel=\"bookmark\">04-01-2016 &#8211; Estaci\u00f3n de ski de Puigmal<\/a> <span class=\"sya_categories\"><span class=\"sya_bracket\">(<\/span>0-Muy f\u00e1cil, 2 - De 5 a 10 km., Saillagosa<span class=\"sya_bracket\">)<\/span><\/span><div style=\"padding-left:100px\" class=\"robots-nocontent\"><cite>Hoy nos vamos a la zona de la estacion de ski del Puigmal, que lleva cerrada un par de a\u00f1os, para hacer una f\u00e1cil caminata por la carretera , que est\u00e1 cerrada al paso de coches por la nieve, y llegar hasta el edificio de\u00a0 la compa\u00f1\u00eda de aguas\u00a0 que habiamos visto en la ruta [&hellip;]<\/cite><\/div><\/div><\/li><li class=\"\"><div class=\"sya_postcontent\"><span class=\"sya_date\">  <span class=\"sya_sep\"> <\/span><\/span><a href=\"https:\/\/www.carlosyconchita.net\/rutas\/03-01-2016-jassa-de-catlla-coll-de-la-llosa\/\" class=\"sya_postlink post-7605\" rel=\"bookmark\">03-01-2016 &#8211; Jassa de Catll\u00e1 (Coll de la Llosa)<\/a> <span class=\"sya_categories\"><span class=\"sya_bracket\">(<\/span>0-Muy f\u00e1cil, 2 - De 5 a 10 km., Conflent<span class=\"sya_bracket\">)<\/span><\/span><div style=\"padding-left:100px\" class=\"robots-nocontent\"><cite>El pasado mes de noviembre intentamos hacer esta ruta con raquetas , ya que habia bastante nieve en el Coll de La Llosa, pero el parking estaba a tope, habia muchisima gente en la zona de inicio de pistas, y dado que el recorrido corresponde a una pista de ski de fondo de \u00abpago\u00bb, se\u00f1alada [&hellip;]<\/cite><\/div><\/div><\/li><li class=\"\"><div class=\"sya_postcontent\"><span class=\"sya_date\">  <span class=\"sya_sep\"> <\/span><\/span><a href=\"https:\/\/www.carlosyconchita.net\/rutas\/fotos-2016\/\" class=\"sya_postlink post-8471\" rel=\"bookmark\">Fotos 2016<\/a> <span class=\"sya_categories\"><span class=\"sya_bracket\">(<\/span>0-Fotos<span class=\"sya_bracket\">)<\/span><\/span><div style=\"padding-left:100px\" class=\"robots-nocontent\"><cite>Nota : no es nuestra intenci\u00f3n hacer un resumen hist\u00f3rico de los pueblos o ciudades que visitamos, sino simplemente un resumen fotogr\u00e1fico de los puntos mas caracter\u00edsticos o que nos han gustado m\u00e1s. Creemos que se pueden buscar datos hist\u00f3ricos en Internet en un mont\u00f3n de webs, que lo har\u00e1n mejor que nosotros, o en [&hellip;]<\/cite><\/div><\/div><\/li><li class=\"\"><div class=\"sya_postcontent\"><span class=\"sya_date\">  <span class=\"sya_sep\"> <\/span><\/span><a href=\"https:\/\/www.carlosyconchita.net\/rutas\/mojones-bornas-llivia\/\" class=\"sya_postlink post-9088\" rel=\"bookmark\">Mojones (Bornas) de Ll\u00edvia<\/a> <span class=\"sya_categories\"><span class=\"sya_bracket\">(<\/span>Mojones \/ Bornas frontera Ll\u00edvia<span class=\"sya_bracket\">)<\/span><\/span><div style=\"padding-left:100px\" class=\"robots-nocontent\"><cite>1- Observaciones\u00a0 Nos referimos aqu\u00ed a las \u00abbornas\u00bb (palabra inventada por nosotros), \u00abbornes (en franc\u00e9s), \u00abfites\u00bb (en catal\u00e1n) o mojones (en espa\u00f1ol) que vamos localizando y que se\u00f1alan la frontera entre Espa\u00f1a-Francia. La frontera actual entre Espa\u00f1a y Francia se defini\u00f3 en el Tratado de los Pirineos de 1659\u00a0 en la Isla de los Faisanes, [&hellip;]<\/cite><\/div><\/div><\/li><\/ul> <a id=\"year2015\"><\/a>2015 <span class=\"sya_yearcount\"><span class=\"sya_bracket\">(<\/span>66<span class=\"sya_bracket\">)<\/span><\/span> <ul><li class=\"\"><div class=\"sya_postcontent\"><span class=\"sya_date\">  <span class=\"sya_sep\"> <\/span><\/span><a href=\"https:\/\/www.carlosyconchita.net\/rutas\/fotos-2015\/\" class=\"sya_postlink post-6435\" rel=\"bookmark\">Fotos 2015<\/a> <span class=\"sya_categories\"><span class=\"sya_bracket\">(<\/span>0-Fotos<span class=\"sya_bracket\">)<\/span><\/span><div style=\"padding-left:100px\" class=\"robots-nocontent\"><cite>Nota : no es nuestra intenci\u00f3n hacer un resumen hist\u00f3rico de los pueblos o ciudades que visitamos, sino simplemente un resumen fotogr\u00e1fico de los puntos mas caracter\u00edsticos o que nos han gustado m\u00e1s. Creemos que se pueden buscar datos hist\u00f3ricos en Internet en un mont\u00f3n de webs, que lo har\u00e1n mejor que nosotros, o en [&hellip;]<\/cite><\/div><\/div><\/li><li class=\"\"><div class=\"sya_postcontent\"><span class=\"sya_date\">  <span class=\"sya_sep\"> <\/span><\/span><a href=\"https:\/\/www.carlosyconchita.net\/rutas\/resumen-del-ano-2015\/\" class=\"sya_postlink post-7578\" rel=\"bookmark\">Resumen del a\u00f1o 2015<\/a> <span class=\"sya_categories\"><span class=\"sya_bracket\">(<\/span>0-Sin clasificar<span class=\"sya_bracket\">)<\/span><\/span><div style=\"padding-left:100px\" class=\"robots-nocontent\"><cite>En estas fechas en que todo el mundo hace resumenes del a\u00f1o, nosotros tambi\u00e9n lo hacemos y aqu\u00ed presentamos los datos m\u00e1s significativos de este a\u00f1o 2015 : Seg\u00fan los datos que aparecen en nuestra cuenta en Wikiloc, en el 2015 hemos hecho 52 rutas contra 77 del pasado 2014, pero hay que tener en [&hellip;]<\/cite><\/div><\/div><\/li><li class=\"\"><div class=\"sya_postcontent\"><span class=\"sya_date\">  <span class=\"sya_sep\"> <\/span><\/span><a href=\"https:\/\/www.carlosyconchita.net\/rutas\/feliz-navidad-2014\/\" class=\"sya_postlink post-6404\" rel=\"bookmark\">Feliz Navidad 2015<\/a> <span class=\"sya_categories\"><span class=\"sya_bracket\">(<\/span>0-Sin clasificar<span class=\"sya_bracket\">)<\/span><\/span><div style=\"padding-left:100px\" class=\"robots-nocontent\"><cite>Os deseamos a todos unas felices fiestas de Navidad y un mejor a\u00f1o 2016 &nbsp; &nbsp;<\/cite><\/div><\/div><\/li><li class=\"\"><div class=\"sya_postcontent\"><span class=\"sya_date\">  <span class=\"sya_sep\"> <\/span><\/span><a href=\"https:\/\/www.carlosyconchita.net\/rutas\/07-12-2015-pic-de-maia\/\" class=\"sya_postlink post-7546\" rel=\"bookmark\">07-12-2015 &#8211; Pic de Maia<\/a> <span class=\"sya_categories\"><span class=\"sya_bracket\">(<\/span>1-F\u00e1cil, 100 Cims Carlos y Conchita, 2 - De 5 a 10 km., Andorra<span class=\"sya_bracket\">)<\/span><\/span><div style=\"padding-left:100px\" class=\"robots-nocontent\"><cite>Hoy hemos vuelto a la zona del Port de Envalira, para subir al peque\u00f1o Pic de Maia, aunque alargamos la caminata un poco m\u00e1s, llegando a otros 2\u00a0 peque\u00f1os picos de los que no hemos conseguido saber el nombre. Dificultad :\u00a0 F\u00e1cil Recorrido :\u00a0 8&#8217;482 km. Desnivel acum.\u00a0 :\u00a0\u00a0 392 m. \u00a0 \u00a0 \u00a0 Alturas [&hellip;]<\/cite><\/div><\/div><\/li><li class=\"\"><div class=\"sya_postcontent\"><span class=\"sya_date\">  <span class=\"sya_sep\"> <\/span><\/span><a href=\"https:\/\/www.carlosyconchita.net\/rutas\/06-12-2015-refugio-de-la-jaceta-valle-del-galba\/\" class=\"sya_postlink post-7561\" rel=\"bookmark\">06-12-2015 &#8211; Refugio de la Jaceta (Valle del Galba)<\/a> <span class=\"sya_categories\"><span class=\"sya_bracket\">(<\/span>0-Muy f\u00e1cil, 2 - De 5 a 10 km., Formigueres \/ Puyvalador<span class=\"sya_bracket\">)<\/span><\/span><div style=\"padding-left:100px\" class=\"robots-nocontent\"><cite>La excursi\u00f3n de hoy al Refugio de la Jaceta en el Valle del Galba, empieza en el peque\u00f1o pueblo de Esposouille,\u00a0 cerca de Formigueres. Dificultad :\u00a0 Muy f\u00e1cil Recorrido :\u00a0 9&#8217;530 km. Desnivel acum.\u00a0 :\u00a0\u00a0 330\u00a0 m. \u00a0 \u00a0 \u00a0 Alturas m\u00edn.\/m\u00e1x. \u00a0 :\u00a0\u00a0 1.507 \/ 1.648 m. Tiempo total :\u00a0 3 h. 35 m. [&hellip;]<\/cite><\/div><\/div><\/li><li class=\"\"><div class=\"sya_postcontent\"><span class=\"sya_date\">  <span class=\"sya_sep\"> <\/span><\/span><a href=\"https:\/\/www.carlosyconchita.net\/rutas\/05-12-2015-formigueres-pistas-a-formigueres-pueblo\/\" class=\"sya_postlink post-7522\" rel=\"bookmark\">05-12-2015 &#8211; Pistas ski Formigueres hasta pueblo<\/a> <span class=\"sya_categories\"><span class=\"sya_bracket\">(<\/span>1-F\u00e1cil, 2 - De 5 a 10 km., Formigueres \/ Puyvalador<span class=\"sya_bracket\">)<\/span><\/span><div style=\"padding-left:100px\" class=\"robots-nocontent\"><cite>En estas fechas en que todav\u00eda no estamos en pleno invierno, al menos en cuanto a la nieve se refiere, es dificil elegir una excursi\u00f3n con raquetas , ya que a menos que nos vayamos a una pista de ski o a una monta\u00f1a alta, no sabemos si encontraremos suficiente nieve o no para caminar [&hellip;]<\/cite><\/div><\/div><\/li><li class=\"\"><div class=\"sya_postcontent\"><span class=\"sya_date\">  <span class=\"sya_sep\"> <\/span><\/span><a href=\"https:\/\/www.carlosyconchita.net\/rutas\/04-12-2015-pic-blanc-de-envalira\/\" class=\"sya_postlink post-7505\" rel=\"bookmark\">04-12-2015 &#8211; Pic Blanc de Envalira<\/a> <span class=\"sya_categories\"><span class=\"sya_bracket\">(<\/span>2 - De 5 a 10 km., 2-Moderada, Andorra<span class=\"sya_bracket\">)<\/span><\/span><div style=\"padding-left:100px\" class=\"robots-nocontent\"><cite>Dado que hace unos meses ( 12-08-2015 \u2013 Pico de Envalira)\u00a0 habiamos subido al Pic de Envalira y al Pic Negre de Envalira, nos hemos decidido a subir al Pic Blanc de Envalira, para tener la \u00abcolecci\u00f3n\u00bb completa. Dificultad :\u00a0 Moderada Recorrido :\u00a0 5&#8217;932 km. Desnivel acum.\u00a0 :\u00a0\u00a0 330 m. \u00a0 \u00a0 \u00a0 Alturas m\u00edn.\/m\u00e1x. [&hellip;]<\/cite><\/div><\/div><\/li><li class=\"\"><div class=\"sya_postcontent\"><span class=\"sya_date\">  <span class=\"sya_sep\"> <\/span><\/span><a href=\"https:\/\/www.carlosyconchita.net\/rutas\/07-11-2015-prats-lago-de-engolasters\/\" class=\"sya_postlink post-7480\" rel=\"bookmark\">07-11-2015 &#8211; Lago de Engolasters desde Prats<\/a> <span class=\"sya_categories\"><span class=\"sya_bracket\">(<\/span>2-Moderada, 4 - De 15 a 20 km., Andorra<span class=\"sya_bracket\">)<\/span><\/span><div style=\"padding-left:100px\" class=\"robots-nocontent\"><cite>Para empezar nuestra excursi\u00f3n de hoy al Lago de Engolaster desde Prats , en Andorra, nos dirigiremos a la poblaci\u00f3n de Canillo y desde alli nos dirigimos al peque\u00f1o pueblecito de Prats , a 1 km. de distancia. Dificultad :\u00a0 Moderada Recorrido :\u00a0 15&#8217;802 km. Desnivel acum.\u00a0 :\u00a0\u00a0 &#8212; m. \u00a0 \u00a0 \u00a0 Alturas m\u00edn.\/m\u00e1x. [&hellip;]<\/cite><\/div><\/div><\/li><li class=\"\"><div class=\"sya_postcontent\"><span class=\"sya_date\">  <span class=\"sya_sep\"> <\/span><\/span><a href=\"https:\/\/www.carlosyconchita.net\/rutas\/06-11-2015-lagos-de-pessons\/\" class=\"sya_postlink post-7454\" rel=\"bookmark\">06-11-2015 &#8211; Lagos de Pessons<\/a> <span class=\"sya_categories\"><span class=\"sya_bracket\">(<\/span>2-Moderada, 3 - De 10 a 15 km., Andorra<span class=\"sya_bracket\">)<\/span><\/span><div style=\"padding-left:100px\" class=\"robots-nocontent\"><cite>Despu\u00e9s de casi un mes sin poder realizar ninguna ruta, por distintas cuestiones de trabajo, familiares y de todo tipo, finalmente este fin de semana hemos podido escaparnos, y adem\u00e1s lo hemos podido hacer como nos gusta m\u00e1s, es decir, salir el jueves por la noche, caminar el viernes y sabado y volver a casa [&hellip;]<\/cite><\/div><\/div><\/li><li class=\"\"><div class=\"sya_postcontent\"><span class=\"sya_date\">  <span class=\"sya_sep\"> <\/span><\/span><a href=\"https:\/\/www.carlosyconchita.net\/rutas\/11-10-2015-fiestas-de-la-vendimia-en-banyuls-sur-mer\/\" class=\"sya_postlink post-7425\" rel=\"bookmark\">11-10-2015 &#8211; Fiestas de la Vendimia en Banyuls-sur-Mer<\/a> <span class=\"sya_categories\"><span class=\"sya_bracket\">(<\/span>0-Muy f\u00e1cil, Catalunya Nord - sin clasificar<span class=\"sya_bracket\">)<\/span><\/span><div style=\"padding-left:100px\" class=\"robots-nocontent\"><cite>Los pasados dias 10 y 11 de este mes de octubre, nuestros amigos Alain y Arlette nos invitaron a las Fiestas de la Vendimia en el bonito pueblo de Banyuls-sur-Mer. Son unas fiestas que este a\u00f1o celebran su 20\u00ba aniversario, y que consisten en numerosas actividades relacionadas con el vino y la vendimia, como son [&hellip;]<\/cite><\/div><\/div><\/li><li class=\"\"><div class=\"sya_postcontent\"><span class=\"sya_date\">  <span class=\"sya_sep\"> <\/span><\/span><a href=\"https:\/\/www.carlosyconchita.net\/rutas\/20-09-2015-coll-de-la-llosa-y-rovellons\/\" class=\"sya_postlink post-7436\" rel=\"bookmark\">20-09-2015 &#8211; Coll de la Llosa y rovellons<\/a> <span class=\"sya_categories\"><span class=\"sya_bracket\">(<\/span>0-Muy f\u00e1cil, 2 - De 5 a 10 km., Conflent<span class=\"sya_bracket\">)<\/span><\/span><div style=\"padding-left:100px\" class=\"robots-nocontent\"><cite>Despu\u00e9s de dos d\u00edas seguidos de desplazarnos a Andorra para hacer las bonitas excursiones de ayer y anteayer, hoy elegimos una caminata sencilla, f\u00e1cil y cerca de Saillagosa, para descansar un poco. Dificultad :\u00a0 F\u00e1cil Recorrido :\u00a0 8&#8217;422 km. Desnivel acum.\u00a0 :\u00a0\u00a0 384 m. \u00a0 \u00a0 \u00a0 Alturas m\u00edn.\/m\u00e1x. \u00a0 :\u00a0\u00a0 1.776 \/ 1.917 m. [&hellip;]<\/cite><\/div><\/div><\/li><li class=\"\"><div class=\"sya_postcontent\"><span class=\"sya_date\">  <span class=\"sya_sep\"> <\/span><\/span><a href=\"https:\/\/www.carlosyconchita.net\/rutas\/19-09-2015-lagos-de-siscaro-y-canals-rojas\/\" class=\"sya_postlink post-7408\" rel=\"bookmark\">19-09-2015 &#8211; Lagos de Siscar\u00f3 y Canals Rojas<\/a> <span class=\"sya_categories\"><span class=\"sya_bracket\">(<\/span>2 - De 5 a 10 km., 2-Moderada, Andorra<span class=\"sya_bracket\">)<\/span><\/span><div style=\"padding-left:100px\" class=\"robots-nocontent\"><cite>Continuando con nuestra \u00absesi\u00f3n continua\u00bb de lagos por Andorra, hoy hacemos esta ruta, que en realidad es la \u00faltima que nos queda por la zona del valle de Incles, y veremos los lagos de Siscar\u00f3 y Canals Rojas, asi como tambi\u00e9n el refugio de Siscar\u00f3. Dificultad :\u00a0\u00a0 Moderada Recorrido :\u00a0 9&#8217;239 km. Desnivel acum.\u00a0 :\u00a0\u00a0 [&hellip;]<\/cite><\/div><\/div><\/li><li class=\"\"><div class=\"sya_postcontent\"><span class=\"sya_date\">  <span class=\"sya_sep\"> <\/span><\/span><a href=\"https:\/\/www.carlosyconchita.net\/rutas\/18-09-2015-lagos-de-isla-anrodat-cabana-sordaquerol-y-salamandra\/\" class=\"sya_postlink post-7384\" rel=\"bookmark\">18-09-2015 &#8211; Lagos de Isla, Anrodat, Cabana Sorda,Querol y Salamandra<\/a> <span class=\"sya_categories\"><span class=\"sya_bracket\">(<\/span>2-Moderada, 3 - De 10 a 15 km., Andorra<span class=\"sya_bracket\">)<\/span><\/span><div style=\"padding-left:100px\" class=\"robots-nocontent\"><cite>Aprovechando los \u00faltimos fines de semana en los que se supone que podemos tener buen tiempo, y antes de que los d\u00edas se acorten demasiado, hemos vuelto de nuevo al bonito Valle de Incles, en Andorra, para hacer una magn\u00edfica excursi\u00f3n en la que veremos un mont\u00f3n de bonitos lagos : \u00a0Lagos de Isla, Anrodat, [&hellip;]<\/cite><\/div><\/div><\/li><li class=\"\"><div class=\"sya_postcontent\"><span class=\"sya_date\">  <span class=\"sya_sep\"> <\/span><\/span><a href=\"https:\/\/www.carlosyconchita.net\/rutas\/31-08-2015-managua\/\" class=\"sya_postlink post-8376\" rel=\"bookmark\">31-08-2015 &#8211; Managua (Nicaragua)<\/a> <span class=\"sya_categories\"><span class=\"sya_bracket\">(<\/span>Nicaragua<span class=\"sya_bracket\">)<\/span><\/span><div style=\"padding-left:100px\" class=\"robots-nocontent\"><cite>Realmente en Managua solo estuvimos unas horas (la noche de la llegada y la tarde del \u00faltimo d\u00eda) por lo que no tuvimos mucho tiempo para visitar muchas cosas, pero al menos vimos la zona m\u00e1s interesante y tur\u00edstica de la ciudad , que afortunadamente estaba cerca de nuestro hotel y pudimos ir andando. La [&hellip;]<\/cite><\/div><\/div><\/li><li class=\"\"><div class=\"sya_postcontent\"><span class=\"sya_date\">  <span class=\"sya_sep\"> <\/span><\/span><a href=\"https:\/\/www.carlosyconchita.net\/rutas\/nicaragua-resumen-viaje\/\" class=\"sya_postlink post-8426\" rel=\"bookmark\">Nicaragua : resumen viaje<\/a> <span class=\"sya_categories\"><span class=\"sya_bracket\">(<\/span>Nicaragua<span class=\"sya_bracket\">)<\/span><\/span><div style=\"padding-left:100px\" class=\"robots-nocontent\"><cite>&nbsp; &nbsp; Detalle del viaje a Nicaragua : 19-08-2015 &#8211; Vuelo 20-08-2015 &#8211; Le\u00f3n 21-08-2015 &#8211; Volc\u00e1n Cerro Negro 23-08-2015 &#8211; Isletas 24-08-2015 &#8211; Volc\u00e1n Masaya 24-08-2015 &#8211; Granada 25-08-2015 &#8211; Volc\u00e1n Mombacho 26-08-2015 &#8211; Isla de Ometepe 26-08-2015 &#8211; Cascada de San Ram\u00f3n 28-08-2015 &#8211; San Juan del Sur 31-08-2015 &#8211; Managua Album de [&hellip;]<\/cite><\/div><\/div><\/li><li class=\"\"><div class=\"sya_postcontent\"><span class=\"sya_date\">  <span class=\"sya_sep\"> <\/span><\/span><a href=\"https:\/\/www.carlosyconchita.net\/rutas\/fotos-nicaragua-2015\/\" class=\"sya_postlink post-8236\" rel=\"bookmark\">Fotos Nicaragua 2015<\/a> <span class=\"sya_categories\"><span class=\"sya_bracket\">(<\/span>0-Fotos, Nicaragua<span class=\"sya_bracket\">)<\/span><\/span><div style=\"padding-left:100px\" class=\"robots-nocontent\"><cite>&nbsp; Albumes de fotos Nicaragua &#8211; 2015 19-08-2015-Vuelo BCN-Managua 20-08-2015-Le\u00f3n 21-08-2015-Volc\u00e1n Cerro Negro 23-08-2015-Isletas (Nicaragua) 24-08-2015-Volc\u00e1n Masaya 24-08-2015 &#8211; Granada 25-08-2015 &#8211; Volc\u00e1n Mombacho 26-08-2015 &#8211; Isla de Ometepe 26-08-2015-Cascada S.Ram\u00f3n 28-08-2015-San Juan del Sur 31-08-2015 &#8211; Managua 31-08-2015 &#8211; Curiosidades<\/cite><\/div><\/div><\/li><li class=\"\"><div class=\"sya_postcontent\"><span class=\"sya_date\">  <span class=\"sya_sep\"> <\/span><\/span><a href=\"https:\/\/www.carlosyconchita.net\/rutas\/28-08-2015-san-juan-del-sur\/\" class=\"sya_postlink post-7785\" rel=\"bookmark\">28-08-2015 &#8211; San Juan del Sur (Nicaragua)<\/a> <span class=\"sya_categories\"><span class=\"sya_bracket\">(<\/span>0-Fotos, 0-Muy f\u00e1cil, Nicaragua<span class=\"sya_bracket\">)<\/span><\/span><div style=\"padding-left:100px\" class=\"robots-nocontent\"><cite>Como final de nuestras vacaciones en Nicaragua, estuvimos 2 dias de tranquilidad y relax en la zona de San Juan del Sur, en una bonita playa, que nos permiti\u00f3 refrescarnos un poco de las altas temperaturas y humedad. Enlace al album de fotos &nbsp; \u00a0<\/cite><\/div><\/div><\/li><li class=\"\"><div class=\"sya_postcontent\"><span class=\"sya_date\">  <span class=\"sya_sep\"> <\/span><\/span><a href=\"https:\/\/www.carlosyconchita.net\/rutas\/26-08-2015-isla-ometepe\/\" class=\"sya_postlink post-8374\" rel=\"bookmark\">26-08-2015 &#8211; Isla de Ometepe (Nicaragua)<\/a> <span class=\"sya_categories\"><span class=\"sya_bracket\">(<\/span>Nicaragua<span class=\"sya_bracket\">)<\/span><\/span><div style=\"padding-left:100px\" class=\"robots-nocontent\"><cite>La isla de Ometepe est\u00e1 situada en el lago de Nicaragua (o lago de Cocibolca), y en ella hay 2 volcanes : el Concepci\u00f3n y el Maderas. En esta isla se pueden recorrer\u00a0 diversos senderos para subir a los volcanes, recorrer las playas y bosques , observar animales etc. Para llegar a la isla hay [&hellip;]<\/cite><\/div><\/div><\/li><li class=\"\"><div class=\"sya_postcontent\"><span class=\"sya_date\">  <span class=\"sya_sep\"> <\/span><\/span><a href=\"https:\/\/www.carlosyconchita.net\/rutas\/26-08-2015-cascada-de-san-ramon-nicaragua\/\" class=\"sya_postlink post-7765\" rel=\"bookmark\">26-08-2015 &#8211; Cascada de San Ram\u00f3n (Nicaragua)<\/a> <span class=\"sya_categories\"><span class=\"sya_bracket\">(<\/span>1-F\u00e1cil, 2 - De 5 a 10 km., Nicaragua<span class=\"sya_bracket\">)<\/span><\/span><div style=\"padding-left:100px\" class=\"robots-nocontent\"><cite>La cascada de San Ram\u00f3n est\u00e1 en la Isla de Ometepe (Nicaragua) y es una excursi\u00f3n relativamente f\u00e1cil , aunque es toda de subida, y a tramos siguiendo un riachuelo que va bajando desde la cascada, y que en alg\u00fan punto en concreto puede ser algo m\u00e1s complicadillo. No llevabamos GPS, pero por informaci\u00f3n conseguida [&hellip;]<\/cite><\/div><\/div><\/li><li class=\"\"><div class=\"sya_postcontent\"><span class=\"sya_date\">  <span class=\"sya_sep\"> <\/span><\/span><a href=\"https:\/\/www.carlosyconchita.net\/rutas\/25-08-2015-volcan-mombacho\/\" class=\"sya_postlink post-8367\" rel=\"bookmark\">25-08-2015 &#8211; Volc\u00e1n Mombacho (Nicaragua)<\/a> <span class=\"sya_categories\"><span class=\"sya_bracket\">(<\/span>0-Muy f\u00e1cil, Nicaragua<span class=\"sya_bracket\">)<\/span><\/span><div style=\"padding-left:100px\" class=\"robots-nocontent\"><cite>La subida al Volcan Mombacho (Nicaragua) se hace en un vehiculo 4&#215;4 por una carretera asfaltada y bien cuidada, aunque muy estrecha, y que est\u00e1 cerrada al paso de veh\u00edculos particulares. &nbsp; La carretera de subida se acaba en una zona amplia de parking , con un bar, una oficina informativa, y desde donde empiezan [&hellip;]<\/cite><\/div><\/div><\/li><li class=\"\"><div class=\"sya_postcontent\"><span class=\"sya_date\">  <span class=\"sya_sep\"> <\/span><\/span><a href=\"https:\/\/www.carlosyconchita.net\/rutas\/24-08-2015-volcan-masaya-nicaragua\/\" class=\"sya_postlink post-7718\" rel=\"bookmark\">24-08-2015 &#8211; Volc\u00e1n Masaya (Nicaragua)<\/a> <span class=\"sya_categories\"><span class=\"sya_bracket\">(<\/span>0-Muy f\u00e1cil, 1 - Hasta 5 km., Nicaragua<span class=\"sya_bracket\">)<\/span><\/span><div style=\"padding-left:100px\" class=\"robots-nocontent\"><cite>El volc\u00e1n Masaya est\u00e1 situado cerca de la poblaci\u00f3n del mismo nombre , y no muy lejos de la capital, Managua. En realidad, el volc\u00e1n esta dentro de un Parque Nacional, con entrada controlada y de pago, en donde hay una especie de museo\/exposici\u00f3n. Desde la entrada hasta el volc\u00e1n hay unos 5 km. de [&hellip;]<\/cite><\/div><\/div><\/li><li class=\"\"><div class=\"sya_postcontent\"><span class=\"sya_date\">  <span class=\"sya_sep\"> <\/span><\/span><a href=\"https:\/\/www.carlosyconchita.net\/rutas\/24-08-2015-granada-nicaragua\/\" class=\"sya_postlink post-8344\" rel=\"bookmark\">24-08-2015 &#8211; Granada (Nicaragua)<\/a> <span class=\"sya_categories\"><span class=\"sya_bracket\">(<\/span>0-Muy f\u00e1cil, Nicaragua<span class=\"sya_bracket\">)<\/span><\/span><div style=\"padding-left:100px\" class=\"robots-nocontent\"><cite>Granada es la ciudad m\u00e1s tur\u00edstica de Nicaragua, especialmente por sus bonitos edificios de la \u00e9poca colonial que estan muy bien conservados. Est\u00e1 a orillas del lago de Nicaragua (o Cocibolca), que no debemos confundir con el lago de Managua, a orillas del que est\u00e1 evidentemente la capital, Managua. Aparte de la propia ciudad, en [&hellip;]<\/cite><\/div><\/div><\/li><li class=\"\"><div class=\"sya_postcontent\"><span class=\"sya_date\">  <span class=\"sya_sep\"> <\/span><\/span><a href=\"https:\/\/www.carlosyconchita.net\/rutas\/23-08-2015-isletas\/\" class=\"sya_postlink post-8372\" rel=\"bookmark\">23-08-2015 &#8211; Isletas (Nicaragua)<\/a> <span class=\"sya_categories\"><span class=\"sya_bracket\">(<\/span>Nicaragua<span class=\"sya_bracket\">)<\/span><\/span><div style=\"padding-left:100px\" class=\"robots-nocontent\"><cite>La zona de las Isletas es un archipi\u00e9lago de m\u00e1s de 300 islas situadas en el lago de Nicaragua (o lago de Cocibolca)\u00a0 frente a la ciudad de Granada. En muchas de ellas se han construido viviendas, unas de lujo y otras no tanto, y entre su abundante vegetaci\u00f3n podemos encontrar una gran variedad de [&hellip;]<\/cite><\/div><\/div><\/li><li class=\"\"><div class=\"sya_postcontent\"><span class=\"sya_date\">  <span class=\"sya_sep\"> <\/span><\/span><a href=\"https:\/\/www.carlosyconchita.net\/rutas\/21-08-2015-volcan-cerro-negro-nicaragua\/\" class=\"sya_postlink post-7711\" rel=\"bookmark\">21-08-2015 &#8211; Volcan Cerro Negro (Nicaragua)<\/a> <span class=\"sya_categories\"><span class=\"sya_bracket\">(<\/span>1-F\u00e1cil, 2 - De 5 a 10 km., Nicaragua<span class=\"sya_bracket\">)<\/span><\/span><div style=\"padding-left:100px\" class=\"robots-nocontent\"><cite>El volc\u00e1n del Cerro Negro est\u00e1 cerca de la ciudad de Le\u00f3n (Nicaragua) y tanto la ciudad como el volc\u00e1n son una de las zonas m\u00e1s visitadas de Nicaragua. Llegamos al pi\u00e9 del mismo despu\u00e9s de un recorrido por caminos de tierra con un vehiculo 4&#215;4, que nos deja en un edificio donde se pueden [&hellip;]<\/cite><\/div><\/div><\/li><li class=\"\"><div class=\"sya_postcontent\"><span class=\"sya_date\">  <span class=\"sya_sep\"> <\/span><\/span><a href=\"https:\/\/www.carlosyconchita.net\/rutas\/20-08-2015-leon-nicaragua\/\" class=\"sya_postlink post-8303\" rel=\"bookmark\">20-08-2015 &#8211; Le\u00f3n (Nicaragua)<\/a> <span class=\"sya_categories\"><span class=\"sya_bracket\">(<\/span>0-Muy f\u00e1cil, Nicaragua<span class=\"sya_bracket\">)<\/span><\/span><div style=\"padding-left:100px\" class=\"robots-nocontent\"><cite>Le\u00f3n es una de las ciudades m\u00e1s importantes de Nicaragua, al menos en el sentido tur\u00edstico, y el departamento del mismo nombre est\u00e1 en una zona volc\u00e1nica, (volcanes del Cerro Negro, Momotombo, Momotombito, El Hoyo, etc),\u00a0 con el lago de Managua o Xolotl\u00e1n en la parte norte del mismo, playas en el Pac\u00edfico, y por [&hellip;]<\/cite><\/div><\/div><\/li><li class=\"\"><div class=\"sya_postcontent\"><span class=\"sya_date\">  <span class=\"sya_sep\"> <\/span><\/span><a href=\"https:\/\/www.carlosyconchita.net\/rutas\/19-08-2015-vuelo-a-managua\/\" class=\"sya_postlink post-7787\" rel=\"bookmark\">19-08-2015 &#8211; Vuelo a Managua (Nicaragua)<\/a> <span class=\"sya_categories\"><span class=\"sya_bracket\">(<\/span>0-Fotos, Nicaragua<span class=\"sya_bracket\">)<\/span><\/span><div style=\"padding-left:100px\" class=\"robots-nocontent\"><cite>El vuelo a Managua hizo una escala en Miami, ciudad que nosotros \u00abtem\u00edamos\u00bb un poco por la mala experiencia de un sobrino nuestro hace a\u00f1os, que fu\u00e9 retenido all\u00ed varias horas, le separaron del amigo con el que hac\u00eda el viaje, etc. Nosotros no tuvimos ning\u00fan problema, m\u00e1s que los habituales de los controles aduaneros [&hellip;]<\/cite><\/div><\/div><\/li><li class=\"\"><div class=\"sya_postcontent\"><span class=\"sya_date\">  <span class=\"sya_sep\"> <\/span><\/span><a href=\"https:\/\/www.carlosyconchita.net\/rutas\/15-08-2015-la-cabanasse-planes-y-st-pierre-dels-forcats\/\" class=\"sya_postlink post-7329\" rel=\"bookmark\">15-08-2015 &#8211; La Cabanasse, Plan\u00e9s y St. Pierre dels Forcats<\/a> <span class=\"sya_categories\"><span class=\"sya_bracket\">(<\/span>1-F\u00e1cil, 3 - De 10 a 15 km., Dificultad, Saillagosa<span class=\"sya_bracket\">)<\/span><\/span><div style=\"padding-left:100px\" class=\"robots-nocontent\"><cite>La ruta de hoy que pasa por La Cabanasse, Plan\u00e9s y St.Pierre dels Forcats empieza en la estacion del ferrocarril de La Cabanasse , que no debemos confundir con la que hay en La Cabanasse-Coll de la Perche. Dificultad :\u00a0\u00a0 Moderada Recorrido :\u00a0 11&#8217;750 km. Desnivel acum.\u00a0 :\u00a0\u00a0 539 m. \u00a0 \u00a0 \u00a0 Alturas m\u00edn.\/m\u00e1x. [&hellip;]<\/cite><\/div><\/div><\/li><li class=\"\"><div class=\"sya_postcontent\"><span class=\"sya_date\">  <span class=\"sya_sep\"> <\/span><\/span><a href=\"https:\/\/www.carlosyconchita.net\/rutas\/14-08-2015-foret-de-la-matte\/\" class=\"sya_postlink post-7311\" rel=\"bookmark\">14-08-2015 \u2013 Foret de la Matte<\/a> <span class=\"sya_categories\"><span class=\"sya_bracket\">(<\/span>1-F\u00e1cil, 2 - De 5 a 10 km., Formigueres \/ Puyvalador<span class=\"sya_bracket\">)<\/span><\/span><div style=\"padding-left:100px\" class=\"robots-nocontent\"><cite>Nuestra intenci\u00f3n hoy era ir al pico y lagos de Montmal\u00fas en Andorra, a pesar de que las previsiones de tiempo para hoy no eran muy buenas. A pesar de ello, y dado que en los dias anteriores, el tiempo se habia mantenido aceptable, nos dirigimos a Andorra, pero cuando llegamos al Pas de la [&hellip;]<\/cite><\/div><\/div><\/li><li class=\"\"><div class=\"sya_postcontent\"><span class=\"sya_date\">  <span class=\"sya_sep\"> <\/span><\/span><a href=\"https:\/\/www.carlosyconchita.net\/rutas\/13-08-2015-bolquere-al-lago-de-ticou\/\" class=\"sya_postlink post-7295\" rel=\"bookmark\">13-08-2015 &#8211; Bolqu\u00e9re &#8211; Lago de Ticou<\/a> <span class=\"sya_categories\"><span class=\"sya_bracket\">(<\/span>0-Muy f\u00e1cil, 2 - De 5 a 10 km., Font Romeu<span class=\"sya_bracket\">)<\/span><\/span><div style=\"padding-left:100px\" class=\"robots-nocontent\"><cite>Despu\u00e9s de la ruta de ayer al Pico de Envalira, que fue algo durilla, y dado que las previsiones para hoy anunciaban lluvia y tormentas, elegimos la zona de Bolquere para hacer una caminata por los bosques desde Bolqu\u00e9re al Lago de Ticou aunque sin ruta prefijada de antemano. Dificultad :\u00a0 Muy f\u00e1cil Recorrido : [&hellip;]<\/cite><\/div><\/div><\/li><li class=\"\"><div class=\"sya_postcontent\"><span class=\"sya_date\">  <span class=\"sya_sep\"> <\/span><\/span><a href=\"https:\/\/www.carlosyconchita.net\/rutas\/12-08-2015-pico-de-envalira\/\" class=\"sya_postlink post-7272\" rel=\"bookmark\">12-08-2015 &#8211; Picos de Envalira y Negre de Envalira (100 Cims)<\/a> <span class=\"sya_categories\"><span class=\"sya_bracket\">(<\/span>100 Cims Carlos y Conchita, 100 Cims FEEC, 2 - De 5 a 10 km., 2-Moderada, Andorra, Dificultad<span class=\"sya_bracket\">)<\/span><\/span><div style=\"padding-left:100px\" class=\"robots-nocontent\"><cite>La ruta de hoy al Pico de Envalira, empieza en el Pas de la Casa (Andorra), concretamente en la zona de parking de esta estacion de esqui, llamada Costa Rodona. Dificultad :\u00a0\u00a0 Moderada Recorrido :\u00a0 7&#8217;943 km. Desnivel acum.\u00a0 :\u00a0 \u00a0 648 m. \u00a0 \u00a0 \u00a0 Alturas m\u00edn.\/m\u00e1x. \u00a0 :\u00a0\u00a0 2.219 \/ 2.819 m. Tiempo [&hellip;]<\/cite><\/div><\/div><\/li><li class=\"\"><div class=\"sya_postcontent\"><span class=\"sya_date\">  <span class=\"sya_sep\"> <\/span><\/span><a href=\"https:\/\/www.carlosyconchita.net\/rutas\/10-08-2015-lagos-de-tristaina-y-creusans\/\" class=\"sya_postlink post-7252\" rel=\"bookmark\">10-08-2015 &#8211; Lagos de Tristaina y Creusans<\/a> <span class=\"sya_categories\"><span class=\"sya_bracket\">(<\/span>1-F\u00e1cil, 2 - De 5 a 10 km., Andorra<span class=\"sya_bracket\">)<\/span><\/span><div style=\"padding-left:100px\" class=\"robots-nocontent\"><cite>Bonita excursi\u00f3n a los lagos de Tristaina y Creusans , en Andorra, concretamente en la zona de Ordino Alcal\u00eds. Dificultad :\u00a0 F\u00e1cil Recorrido :\u00a0 5&#8217;857 km. Desnivel acum.\u00a0 :\u00a0\u00a0 357 m. \u00a0 \u00a0 \u00a0 Alturas m\u00edn.\/m\u00e1x. \u00a0 :\u00a0\u00a0 2.226 \/ 2.511 m. Tiempo total : 3 h. 41 m. Velocidad media :\u00a0 1&#8217;55 km.\/hora Tiempo [&hellip;]<\/cite><\/div><\/div><\/li><li class=\"\"><div class=\"sya_postcontent\"><span class=\"sya_date\">  <span class=\"sya_sep\"> <\/span><\/span><a href=\"https:\/\/www.carlosyconchita.net\/rutas\/09-08-2015-cascadas-del-cady\/\" class=\"sya_postlink post-7233\" rel=\"bookmark\">09-08-2015 &#8211; Cascadas del Cady<\/a> <span class=\"sya_categories\"><span class=\"sya_bracket\">(<\/span>0-Muy f\u00e1cil, 2 - De 5 a 10 km., Conflent<span class=\"sya_bracket\">)<\/span><\/span><div style=\"padding-left:100px\" class=\"robots-nocontent\"><cite>El pasado verano, visitamos la Abad\u00eda de Sant Mart\u00ed de Canig\u00f3\u00a0 ( ver Abad\u00eda de Sant Mart\u00ed de Canig\u00f3 ) y en el camino de bajada, ya cerca del pueblo, vimos un letrero que nos indicaba las Cascadas del Cady, y como solemos hacer, la anotamos en nuestra lista de rutas pendientes. Dificultad :\u00a0 F\u00e1cil [&hellip;]<\/cite><\/div><\/div><\/li><li class=\"\"><div class=\"sya_postcontent\"><span class=\"sya_date\">  <span class=\"sya_sep\"> <\/span><\/span><a href=\"https:\/\/www.carlosyconchita.net\/rutas\/09-08-2015-castelnou-pueblo-medieval\/\" class=\"sya_postlink post-7164\" rel=\"bookmark\">09-08-2015 &#8211; Castelnou (pueblo medieval)<\/a> <span class=\"sya_categories\"><span class=\"sya_bracket\">(<\/span>0-Fotos, 0-Muy f\u00e1cil, 1 - Hasta 5 km.<span class=\"sya_bracket\">)<\/span><\/span><div style=\"padding-left:100px\" class=\"robots-nocontent\"><cite>El pueblo de Castelnou en franc\u00e9s y oficialmente, Castellnou dels Aspres en catal\u00e1n, es una peque\u00f1a localidad y comuna francesa, situada en el departamento de Pirineos Orientales, regi\u00f3n de Languedoc-Rosell\u00f3n y comarca hist\u00f3rica del Rosell\u00f3n. (Wikipedia) Se trata de un pueblo \u00abmedieval\u00bb situado en una peque\u00f1a montana, y que conserva la forma original, aunque en [&hellip;]<\/cite><\/div><\/div><\/li><li class=\"\"><div class=\"sya_postcontent\"><span class=\"sya_date\">  <span class=\"sya_sep\"> <\/span><\/span><a href=\"https:\/\/www.carlosyconchita.net\/rutas\/09-08-2014-priorato-de-serrabone\/\" class=\"sya_postlink post-7146\" rel=\"bookmark\">09-08-2014 &#8211; Priorato de Serrabone<\/a> <span class=\"sya_categories\"><span class=\"sya_bracket\">(<\/span>0-Fotos, 0-Muy f\u00e1cil, 1 - Hasta 5 km.<span class=\"sya_bracket\">)<\/span><\/span><div style=\"padding-left:100px\" class=\"robots-nocontent\"><cite>Estas son las fotos del Priorato de Serrabone (Francia),\u00a0 situado cerca de la poblaci\u00f3n de de Boule d&#8217;Amont, a unos 40 Km. de Perpignan. &nbsp; &nbsp; &nbsp; &nbsp; Informaci\u00f3n : 2 enlaces con informaci\u00f3n sobre el lugar : http:\/\/www.france-voyage.com\/francia-guia-turismo\/priorato-serrabone-2042.htm http:\/\/www.monestirs.cat\/monst\/annex\/fran\/lleng\/cserrab.htm Enlace album de fotos Si te ha gustado, comp\u00e1rtelo en tu red favorita,\u00a0 haz +1, [&hellip;]<\/cite><\/div><\/div><\/li><li class=\"\"><div class=\"sya_postcontent\"><span class=\"sya_date\">  <span class=\"sya_sep\"> <\/span><\/span><a href=\"https:\/\/www.carlosyconchita.net\/rutas\/02-08-2015-pic-del-carlit\/\" class=\"sya_postlink post-7037\" rel=\"bookmark\">02-08-2015 &#8211; Pic del Carlit (100 Cims)<\/a> <span class=\"sya_categories\"><span class=\"sya_bracket\">(<\/span>100 Cims Carlos y Conchita, 100 Cims FEEC, 3-Dif\u00edcil, 4 - De 15 a 20 km., Boullosas<span class=\"sya_bracket\">)<\/span><\/span><div style=\"padding-left:100px\" class=\"robots-nocontent\"><cite>Aunque inicialmente le ten\u00edamos un poco de miedo a esta tipica ruta de la zona de las Boullosas, finalmente y ante la insistencia de nuestros amigos Carme , Miquel y Josep, que nos aseguraban que s\u00ed que lo podriamos hacer, nos decidimos a acompa\u00f1arles. Para nosotros ha representado batir de nuevo nuestro mini-record de altura [&hellip;]<\/cite><\/div><\/div><\/li><li class=\"\"><div class=\"sya_postcontent\"><span class=\"sya_date\">  <span class=\"sya_sep\"> <\/span><\/span><a href=\"https:\/\/www.carlosyconchita.net\/rutas\/01-08-2015-sauto-fetges-la-llagone\/\" class=\"sya_postlink post-7211\" rel=\"bookmark\">01-08-2015 &#8211; Sauto &#8211; Fetges &#8211; La Llagone<\/a> <span class=\"sya_categories\"><span class=\"sya_bracket\">(<\/span>1-F\u00e1cil, 2 - De 5 a 10 km., Catalunya Nord - sin clasificar<span class=\"sya_bracket\">)<\/span><\/span><div style=\"padding-left:100px\" class=\"robots-nocontent\"><cite>Como que las previsiones para hoy no eran de buen tiempo, la subida pervista al Pic del Carlit se aplaza para ma\u00f1ana, excursi\u00f3n que preveemos dif\u00edcil y dura, asi que hoy tenemos que hacer alguna caminata relativamente sencilla, que nos permita mantenernos en forma pero si cansarnos demasiado, por si acaso&#8230; Dificultad :\u00a0 F\u00e1cil Recorrido [&hellip;]<\/cite><\/div><\/div><\/li><li class=\"\"><div class=\"sya_postcontent\"><span class=\"sya_date\">  <span class=\"sya_sep\"> <\/span><\/span><a href=\"https:\/\/www.carlosyconchita.net\/rutas\/19-07-2015-lago-daude-lago-boullosas\/\" class=\"sya_postlink post-7187\" rel=\"bookmark\">19-07-2015 &#8211; Lago d&#8217;Aude &#8211; Lago Boullosas<\/a> <span class=\"sya_categories\"><span class=\"sya_bracket\">(<\/span>2-Moderada, 3 - De 10 a 15 km., Les Angles<span class=\"sya_bracket\">)<\/span><\/span><div style=\"padding-left:100px\" class=\"robots-nocontent\"><cite>Despu\u00e9s de la larga excursi\u00f3n de ayer, hoy elegimos \u00e9sta, que aunque relativamente larga, no es muy dificil. En la pagina de Wikiloc, nos indica un desnivel acumulado de 663 m. que nos parecen muchos&#8230; Aunque esta ruta ya la habiamos hecho hace unos 3 a\u00f1os (ver 09-09-2012 \u2013 Lac d\u2019Aude) hemos decidido repetirla , [&hellip;]<\/cite><\/div><\/div><\/li><li class=\"\"><div class=\"sya_postcontent\"><span class=\"sya_date\">  <span class=\"sya_sep\"> <\/span><\/span><a href=\"https:\/\/www.carlosyconchita.net\/rutas\/18-07-2015-pico-tarbesou-lago-rabassoles-parking-de-la-restanque\/\" class=\"sya_postlink post-6989\" rel=\"bookmark\">18-07-2015 &#8211; Pico Tarbesou &#8211; Lago Rabassoles -Parking de la Restanque<\/a> <span class=\"sya_categories\"><span class=\"sya_bracket\">(<\/span>100 Cims Carlos y Conchita, 2-Moderada, 3 - De 10 a 15 km., Ari\u00e8ge<span class=\"sya_bracket\">)<\/span><\/span><div style=\"padding-left:100px\" class=\"robots-nocontent\"><cite>\u00a0Finalmente hemos podido realizar esta ruta que llev\u00e1bamos tiempo esperando, y que nos ha permitido unir varias de las que ya habiamos hecho por esta bonita zona de\u00a0 los lagos de Rabassoles, Bleu, Noir y el del Roc de Bragues, pero en vez de visitarlos desde el Parking de la Restanque, la hemos hecho descendiendo [&hellip;]<\/cite><\/div><\/div><\/li><li class=\"\"><div class=\"sya_postcontent\"><span class=\"sya_date\">  <span class=\"sya_sep\"> <\/span><\/span><a href=\"https:\/\/www.carlosyconchita.net\/rutas\/12-07-2015-ruta-des-lupins-bolquere\/\" class=\"sya_postlink post-6961\" rel=\"bookmark\">12-07-2015 &#8211; Ruta des Lupins (Bolqu\u00e9re)<\/a> <span class=\"sya_categories\"><span class=\"sya_bracket\">(<\/span>1-F\u00e1cil, 2 - De 5 a 10 km., Font Romeu<span class=\"sya_bracket\">)<\/span><\/span><div style=\"padding-left:100px\" class=\"robots-nocontent\"><cite>Despu\u00e9s de la caminata de ayer y del fuerte calor, hoy hacemos una excursi\u00f3n f\u00e1cil y tranquila por la zona de Bolqu\u00e9re, empezando como otras muchas veces, por el conocido Parking dels Estagnols ,\u00a0 eligiendo la llamada Ruta des Lupins\u00a0(Bolqu\u00e9re) , que en espa\u00f1ol siginifica altramuces, y\u00a0 que est\u00e1 indicada con el n\u00famero 56. Una [&hellip;]<\/cite><\/div><\/div><\/li><li class=\"\"><div class=\"sya_postcontent\"><span class=\"sya_date\">  <span class=\"sya_sep\"> <\/span><\/span><a href=\"https:\/\/www.carlosyconchita.net\/rutas\/11-07-2015-valle-de-campcardos\/\" class=\"sya_postlink post-6944\" rel=\"bookmark\">11-07-2015 &#8211; Valle de Campcard\u00f3s<\/a> <span class=\"sya_categories\"><span class=\"sya_bracket\">(<\/span>2-Moderada, 4 - De 15 a 20 km., La Tour de Carol<span class=\"sya_bracket\">)<\/span><\/span><div style=\"padding-left:100px\" class=\"robots-nocontent\"><cite>Hab\u00edamos recorrido este valle anteriormente en octubre de 2014, pero como deciamos en su d\u00eda, los lagos estaban practicamente secos. (ver 10-10-2014 \u2013 Valle de Campcard\u00f3s) Hace unos d\u00edas, nuestros amigos Juan y Carmen lo visitaron y nos enviaron unas magnificas fotos con los lagos llenos de agua, por lo que decidimos repetir la excursi\u00f3n. [&hellip;]<\/cite><\/div><\/div><\/li><li class=\"\"><div class=\"sya_postcontent\"><span class=\"sya_date\">  <span class=\"sya_sep\"> <\/span><\/span><a href=\"https:\/\/www.carlosyconchita.net\/rutas\/28-06-2015-valle-de-eyne-pla-beguda\/\" class=\"sya_postlink post-6923\" rel=\"bookmark\">28-06-2015 &#8211; Valle de Eyne (Pla de la Beguda)<\/a> <span class=\"sya_categories\"><span class=\"sya_bracket\">(<\/span>2-Moderada, 4 - De 15 a 20 km., Saillagosa<span class=\"sya_bracket\">)<\/span><\/span><div style=\"padding-left:100px\" class=\"robots-nocontent\"><cite>Hemos repetido esta ruta al Valle de Eyne (Pla de la Beguda) que ya hicimos hace un a\u00f1o, ya que nuestros amigos Rafel, Nuria, Miquel y Carme no conocian esta zona y la quer\u00edan visitar, aunque esta vez subiremos algo m\u00e1s que la vez anterior, concretamente hasta el punto llamado Pla de la Begude. Dificultad [&hellip;]<\/cite><\/div><\/div><\/li><li class=\"\"><div class=\"sya_postcontent\"><span class=\"sya_date\">  <span class=\"sya_sep\"> <\/span><\/span><a href=\"https:\/\/www.carlosyconchita.net\/rutas\/27-06-2015-pic-del-canigo\/\" class=\"sya_postlink post-6901\" rel=\"bookmark\">27-06-2015 &#8211; Pic del Canig\u00f3 (100 Cims)<\/a> <span class=\"sya_categories\"><span class=\"sya_bracket\">(<\/span>100 Cims Carlos y Conchita, 100 Cims FEEC, 2 - De 5 a 10 km., 2-Moderada, Conflent<span class=\"sya_bracket\">)<\/span><\/span><div style=\"padding-left:100px\" class=\"robots-nocontent\"><cite>\u00a0Finalmente nos hemos \u00abatrevido\u00bb a hacer esta excursi\u00f3n para subir al Pic del Canig\u00f3, ya que esta vez no \u00edbamos solos, sino con nuestros amigos Rafel , Nuria, Miquel y Carme, con quienes ya habiamos hecho esta otra ruta :\u00a0\u00a0 Gorges del Caran\u00e7\u00e1 . Nos daba mucho miedo esta ruta, aunque realmente no habiamos mirado [&hellip;]<\/cite><\/div><\/div><\/li><li class=\"\"><div class=\"sya_postcontent\"><span class=\"sya_date\">  <span class=\"sya_sep\"> <\/span><\/span><a href=\"https:\/\/www.carlosyconchita.net\/rutas\/fotos-thailandia-2007\/\" class=\"sya_postlink post-6895\" rel=\"bookmark\">Fotos Thailandia 2007<\/a> <span class=\"sya_categories\"><span class=\"sya_bracket\">(<\/span>0-Sin clasificar<span class=\"sya_bracket\">)<\/span><\/span><div style=\"padding-left:100px\" class=\"robots-nocontent\"><cite>&nbsp; Album de fotos 2007 &#8211; Thailandia<\/cite><\/div><\/div><\/li><li class=\"\"><div class=\"sya_postcontent\"><span class=\"sya_date\">  <span class=\"sya_sep\"> <\/span><\/span><a href=\"https:\/\/www.carlosyconchita.net\/rutas\/01-06-2015-coll-de-sansa-a-la-sierra-de-madres\/\" class=\"sya_postlink post-6864\" rel=\"bookmark\">01-06-2015 &#8211; Coll de Sansa a la Sierra Madres<\/a> <span class=\"sya_categories\"><span class=\"sya_bracket\">(<\/span>2 - De 5 a 10 km., 2-Moderada, Sansa - Ayguatebia<span class=\"sya_bracket\">)<\/span><\/span><div style=\"padding-left:100px\" class=\"robots-nocontent\"><cite>La excursi\u00f3n de hoy desde el Coll de Sansa a la Sierra de Madres la hemos hecho siguiendo un track que hemos descargado de Wikiloc, y que empieza en el conocido Coll de Sansa, punto de partida de varias de nuestras excursiones. &nbsp; Dificultad :\u00a0 Moderada Recorrido :\u00a0 9&#8217;423 km. Desnivel acum.\u00a0 :\u00a0\u00a0 639 m. [&hellip;]<\/cite><\/div><\/div><\/li><li class=\"\"><div class=\"sya_postcontent\"><span class=\"sya_date\">  <span class=\"sya_sep\"> <\/span><\/span><a href=\"https:\/\/www.carlosyconchita.net\/rutas\/31-05-2015-las-fuentes-de-la-ribera-de-err\/\" class=\"sya_postlink post-6842\" rel=\"bookmark\">31-05-2015 &#8211; Las fuentes de la Ribera de Err<\/a> <span class=\"sya_categories\"><span class=\"sya_bracket\">(<\/span>1-F\u00e1cil, Saillagosa<span class=\"sya_bracket\">)<\/span><\/span><div style=\"padding-left:100px\" class=\"robots-nocontent\"><cite>Hoy quer\u00edamos hacer una excursi\u00f3n m\u00e1s cortita y f\u00e1cil que la de ayer, y para ello nos dirigimos inicialmente a nuestro querido y vecino pueblo de Err (estuvimos en un camping de ese pueblo bastantes inviernos en una caravana cuando subiamos a esquiar) . Dado que este fin de semana tenemos en casa a nuestro [&hellip;]<\/cite><\/div><\/div><\/li><li class=\"\"><div class=\"sya_postcontent\"><span class=\"sya_date\">  <span class=\"sya_sep\"> <\/span><\/span><a href=\"https:\/\/www.carlosyconchita.net\/rutas\/30-05-2015-camino-de-la-retirada-vallcebollere\/\" class=\"sya_postlink post-6829\" rel=\"bookmark\">30-05-2015 &#8211; Camino de la Retirada (Vallceboll\u00e9re) (borna 505)<\/a> <span class=\"sya_categories\"><span class=\"sya_bracket\">(<\/span>2-Moderada, 3 - De 10 a 15 km., Mojones \/ Bornas frontera ES-FR, Saillagosa<span class=\"sya_bracket\">)<\/span><\/span><div style=\"padding-left:100px\" class=\"robots-nocontent\"><cite>En esa fecha hicimos esta ruta, sin saber que al llegar arriba a la frontera ver\u00edamos la borna 505, ya que ni nos hab\u00edamos planteado buscarlas.\r\nPor lo tanto es la primera de nuestras rutas en b\u00fasqueda de bornas o mojones.<\/cite><\/div><\/div><\/li><li class=\"\"><div class=\"sya_postcontent\"><span class=\"sya_date\">  <span class=\"sya_sep\"> <\/span><\/span><a href=\"https:\/\/www.carlosyconchita.net\/rutas\/03-05-2015-capilla-de-sant-bernabe-vallcebollere\/\" class=\"sya_postlink post-6782\" rel=\"bookmark\">03-05-2015 &#8211; Capilla de Sant Bernab\u00e9 (Vallcebollere)<\/a> <span class=\"sya_categories\"><span class=\"sya_bracket\">(<\/span>1-F\u00e1cil, 2 - De 5 a 10 km., Saillagosa<span class=\"sya_bracket\">)<\/span><\/span><div style=\"padding-left:100px\" class=\"robots-nocontent\"><cite>Hoy hemos elegido una excursi\u00f3n m\u00e1s sencilla que las 2 \u00faltimas realizadas y para ello , nos dirigimos al cercano pueblo de Vallcebollere, cerca de Bourgmadame y de Oseja,para ir hasta la Capilla de Sant Bernab\u00e9. Por el camino, podemos ver como empieza ya a cambiar el paisaje y aparecen los bonitos colores de la [&hellip;]<\/cite><\/div><\/div><\/li><li class=\"\"><div class=\"sya_postcontent\"><span class=\"sya_date\">  <span class=\"sya_sep\"> <\/span><\/span><a href=\"https:\/\/www.carlosyconchita.net\/rutas\/02-05-2015-porte-puymorens-raquetas\/\" class=\"sya_postlink post-6766\" rel=\"bookmark\">02-05-2015 &#8211; Port\u00e9-Puymorens (raquetas)<\/a> <span class=\"sya_categories\"><span class=\"sya_bracket\">(<\/span>2 - De 5 a 10 km., 2-Moderada, Port\u00e9-Puymorens<span class=\"sya_bracket\">)<\/span><\/span><div style=\"padding-left:100px\" class=\"robots-nocontent\"><cite>Hoy nos hemos dirigido al Col de Port\u00e9-Puymorens, para hacer una peque\u00f1a ruta que se nos ocurri\u00f3 cuando hicimos \u00e9sta otra (12-09-2014-Lago del Estagnol Porte-Puymorens ) y en la que llegamos a un camino que terminaba contra una zona con una gran tartera de piedras relativamente peque\u00f1as e inestables y por donde no pudimos pasar. [&hellip;]<\/cite><\/div><\/div><\/li><li class=\"\"><div class=\"sya_postcontent\"><span class=\"sya_date\">  <span class=\"sya_sep\"> <\/span><\/span><a href=\"https:\/\/www.carlosyconchita.net\/rutas\/01-05-2015-refugio-de-la-culassa-llo\/\" class=\"sya_postlink post-6752\" rel=\"bookmark\">01-05-2015 &#8211; Refugio de la Culassa (Llo)<\/a> <span class=\"sya_categories\"><span class=\"sya_bracket\">(<\/span>2-Moderada, Saillagosa<span class=\"sya_bracket\">)<\/span><\/span><div style=\"padding-left:100px\" class=\"robots-nocontent\"><cite>Despu\u00e9s de un mont\u00f3n de excursiones con raquetas realizadas este invierno, la excursi\u00f3n de hoy al refugio de la Culassa, es la primera de este a\u00f1o sin ellas, cosa que hemos notado bastante, al poder caminar m\u00e1s r\u00e1pido y mas c\u00f3modos. Nota : debido a que en el camino de vuelta hab\u00eda muchos rebotes de [&hellip;]<\/cite><\/div><\/div><\/li><li class=\"\"><div class=\"sya_postcontent\"><span class=\"sya_date\">  <span class=\"sya_sep\"> <\/span><\/span><a href=\"https:\/\/www.carlosyconchita.net\/rutas\/18-04-2015-caminata-por-la-restanque\/\" class=\"sya_postlink post-6695\" rel=\"bookmark\">18-04-2015 &#8211; Caminata por la Restanque (raquetas)<\/a> <span class=\"sya_categories\"><span class=\"sya_bracket\">(<\/span>1 - Hasta 5 km., 2-Moderada, Ari\u00e8ge<span class=\"sya_bracket\">)<\/span><\/span><div style=\"padding-left:100px\" class=\"robots-nocontent\"><cite>Hoy nos hemos decidido a volver a esta zona, en la que ya hemos hecho varias excursiones, para hacer una caminata empezando en el parking de la Restanque en direcci\u00f3n al lago de Rabassoles. Nuestra primera idea era ir al Pico de Tarbesou, o al menos intentarlo, ya que no sabiamos la cantidad de nieve [&hellip;]<\/cite><\/div><\/div><\/li><li class=\"\"><div class=\"sya_postcontent\"><span class=\"sya_date\">  <span class=\"sya_sep\"> <\/span><\/span><a href=\"https:\/\/www.carlosyconchita.net\/rutas\/05-04-2015-coll-de-la-llosa-raquetas\/\" class=\"sya_postlink post-6676\" rel=\"bookmark\">05-04-2015 &#8211; Coll de la Llosa : Clavera (raquetas)<\/a> <span class=\"sya_categories\"><span class=\"sya_bracket\">(<\/span>2-Moderada, 3 - De 10 a 15 km., Conflent<span class=\"sya_bracket\">)<\/span><\/span><div style=\"padding-left:100px\" class=\"robots-nocontent\"><cite>Como dec\u00edamos en nuestra ruta del pasado dia 2, no pudimos hacer la excursi\u00f3n prevista debido a que hab\u00eda pr\u00e1cticas de tiro en una zona pr\u00f3xima. Como podemos ver en la foto, hoy no hay tiro, por lo que podremos hacer la excursi\u00f3n prevista al Coll de la Llosa. Dificultad :\u00a0 Moderada Recorrido :\u00a0 13&#8217;119 [&hellip;]<\/cite><\/div><\/div><\/li><li class=\"\"><div class=\"sya_postcontent\"><span class=\"sya_date\">  <span class=\"sya_sep\"> <\/span><\/span><a href=\"https:\/\/www.carlosyconchita.net\/rutas\/04-04-2015-gorges-de-la-fou\/\" class=\"sya_postlink post-6803\" rel=\"bookmark\">04-04-2015 &#8211; Gorges de la Fou<\/a> <span class=\"sya_categories\"><span class=\"sya_bracket\">(<\/span>0-Muy f\u00e1cil, 0-Sin clasificar, 1 - Hasta 5 km., Catalunya Nord - sin clasificar<span class=\"sya_bracket\">)<\/span><\/span><div style=\"padding-left:100px\" class=\"robots-nocontent\"><cite>Las Gorges de la Fou est\u00e1n cerca de la poblaci\u00f3n francesa de Arles-sur-Tech, en la carretera D-115 que va a Prats de Moll\u00f3. Nosotros hemos llegado alli desde Perpignan por la carretera D-115, porque esos dias est\u00e1bamos por esa zona, aunque evidentemente si se va desde Barcelona, la ruta seria pasando por La Junquera. Dificultad [&hellip;]<\/cite><\/div><\/div><\/li><li class=\"\"><div class=\"sya_postcontent\"><span class=\"sya_date\">  <span class=\"sya_sep\"> <\/span><\/span><a href=\"https:\/\/www.carlosyconchita.net\/rutas\/03-04-2015-les-orgues-ille-sur-tet\/\" class=\"sya_postlink post-6715\" rel=\"bookmark\">03-04-2015 &#8211; Les Orgues Ille sur Tet<\/a> <span class=\"sya_categories\"><span class=\"sya_bracket\">(<\/span>0-Muy f\u00e1cil, 1 - Hasta 5 km., Catalunya Nord - sin clasificar<span class=\"sya_bracket\">)<\/span><\/span><div style=\"padding-left:100px\" class=\"robots-nocontent\"><cite>Aprovechando los dias de fiesta de la pasada Semana Santa, hicimos un peque\u00f1o viaje de 2 dias, para poder visitar varios puntos interesantes. Uno de ellos es el de Les Orgues, situadas en la poblaci\u00f3n francesa de Ille sur Tet,\u00a0 que est\u00e1 situada en la misma carretera N-116. Para llegar desde Saillagosa, seguimos la carretera [&hellip;]<\/cite><\/div><\/div><\/li><li class=\"\"><div class=\"sya_postcontent\"><span class=\"sya_date\">  <span class=\"sya_sep\"> <\/span><\/span><a href=\"https:\/\/www.carlosyconchita.net\/rutas\/03-04-2015-castillo-de-peyrepertuse\/\" class=\"sya_postlink post-6740\" rel=\"bookmark\">03-04-2015 &#8211; Castillo de Peyrepertuse<\/a> <span class=\"sya_categories\"><span class=\"sya_bracket\">(<\/span>0-Muy f\u00e1cil, 1 - Hasta 5 km., Catalunya Nord - sin clasificar<span class=\"sya_bracket\">)<\/span><\/span><div style=\"padding-left:100px\" class=\"robots-nocontent\"><cite>Aunque esta no sea una de nuestras tipicas rutas o caminatas a pi\u00e9 que solemos hacer, incluimos esta visita en nuestra web, por ser un sitio de inter\u00e9s y bastante espectacular por la situaci\u00f3n del mismo en lo alto de una escarpada\u00a0 monta\u00f1a de dificil acceso en su \u00e9poca. Para llegar al peque\u00f1o pueblo de [&hellip;]<\/cite><\/div><\/div><\/li><li class=\"\"><div class=\"sya_postcontent\"><span class=\"sya_date\">  <span class=\"sya_sep\"> <\/span><\/span><a href=\"https:\/\/www.carlosyconchita.net\/rutas\/02-04-2015-refugio-de-la-calme-raquetas\/\" class=\"sya_postlink post-6665\" rel=\"bookmark\">02-04-2015 &#8211; Refugio de la Calme (raquetas)<\/a> <span class=\"sya_categories\"><span class=\"sya_bracket\">(<\/span>0-Muy f\u00e1cil, 2 - De 5 a 10 km., Font Romeu<span class=\"sya_bracket\">)<\/span><\/span><div style=\"padding-left:100px\" class=\"robots-nocontent\"><cite>Nuestra primera idea en el dia de hoy era hacer una caminata con raquetas por la zona del Coll de la Llosa, pero debido a que pasa al lado de una zona donde hay un campo de tiro, esta pista estaba hoy cerrada, por lo que hemos debido cambiar el plan y nos hemos dirigido [&hellip;]<\/cite><\/div><\/div><\/li><li class=\"\"><div class=\"sya_postcontent\"><span class=\"sya_date\">  <span class=\"sya_sep\"> <\/span><\/span><a href=\"https:\/\/www.carlosyconchita.net\/rutas\/08-03-2015-formigueres-rouquet\/\" class=\"sya_postlink post-6643\" rel=\"bookmark\">08-03-2015 \u2013 Formigueres \u2013 Rouquet<\/a> <span class=\"sya_categories\"><span class=\"sya_bracket\">(<\/span>0-Muy f\u00e1cil, 1 - Hasta 5 km., Formigueres \/ Puyvalador<span class=\"sya_bracket\">)<\/span><\/span><div style=\"padding-left:100px\" class=\"robots-nocontent\"><cite>Hoy hemos elegido una caminata cortita y f\u00e1cil por la zona de Formigueres, debido que yo tenia una peque\u00f1a herida en el pi\u00e9, y Conchita estaba algo resfrirada. Dificultad :\u00a0 Muy f\u00e1cil Recorrido :\u00a0 4&#8217;207 km. Desnivel acum.\u00a0 :\u00a0\u00a0 133 m. \u00a0 \u00a0 \u00a0 Alturas m\u00edn.\/m\u00e1x. \u00a0 :\u00a0\u00a0 1.730 \/ 1.805 m. Tiempo total :\u00a0 [&hellip;]<\/cite><\/div><\/div><\/li><li class=\"\"><div class=\"sya_postcontent\"><span class=\"sya_date\">  <span class=\"sya_sep\"> <\/span><\/span><a href=\"https:\/\/www.carlosyconchita.net\/rutas\/07-03-2015-pla-dels-avellans-boullosas\/\" class=\"sya_postlink post-6619\" rel=\"bookmark\">07-03-2015 &#8211; Pla dels Avellans &#8211; Boullosas (raquetas)<\/a> <span class=\"sya_categories\"><span class=\"sya_bracket\">(<\/span>2-Moderada, 3 - De 10 a 15 km., Boullosas<span class=\"sya_bracket\">)<\/span><\/span><div style=\"padding-left:100px\" class=\"robots-nocontent\"><cite>Desde que empezamos hace unos pocos a\u00f1os con \u00abesto\u00bb de las excursiones, teniamos ganas de hacer la ruta del Pla dels Avellans &#8211; Boullosas en invierno con raquetas, que es la unica forma de llegar cuando hay nieve, ya que la carretera que sube alli, queda cerrada en el kilometro 7 (el pla dels Avellans) [&hellip;]<\/cite><\/div><\/div><\/li><li class=\"\"><div class=\"sya_postcontent\"><span class=\"sya_date\">  <span class=\"sya_sep\"> <\/span><\/span><a href=\"https:\/\/www.carlosyconchita.net\/rutas\/28-02-2015-lago-de-passet-raquetas\/\" class=\"sya_postlink post-6599\" rel=\"bookmark\">28-02-2015 &#8211; Lago de Passet (raquetas)<\/a> <span class=\"sya_categories\"><span class=\"sya_bracket\">(<\/span>2 - De 5 a 10 km., 2-Moderada, Port\u00e9-Puymorens<span class=\"sya_bracket\">)<\/span><\/span><div style=\"padding-left:100px\" class=\"robots-nocontent\"><cite>Depu\u00e9s del mal tiempo del dia de ayer, hoy hemos tenido un magn\u00edfico d\u00eda con sol, aunque evidentemente la temperatura era bastante baja, por lo que hoy s\u00ed que hemos podido hacer la excursi\u00f3n al lago de Passet , pero con raquetas, ya que anteriormente lo habiamos visitado en verano. (Ver 03-05-2014 \u2013 Lago de [&hellip;]<\/cite><\/div><\/div><\/li><li class=\"\"><div class=\"sya_postcontent\"><span class=\"sya_date\">  <span class=\"sya_sep\"> <\/span><\/span><a href=\"https:\/\/www.carlosyconchita.net\/rutas\/27-02-2015-nieve-y-viento-en-la-cerdanya-norte\/\" class=\"sya_postlink post-6588\" rel=\"bookmark\">27-02-2015 &#8211; Nieve y viento en La Cerdanya Norte<\/a> <span class=\"sya_categories\"><span class=\"sya_bracket\">(<\/span>0-Muy f\u00e1cil, Catalunya Nord - sin clasificar<span class=\"sya_bracket\">)<\/span><\/span><div style=\"padding-left:100px\" class=\"robots-nocontent\"><cite>Debido al fuerte viento y niebla, no hemos podido hacer la ruta prevista hoy, por lo que hemos decidido darnos una vuelta por varios puntos interesantes de la zona. Nuestra idea hoy era hacer una excursi\u00f3n al lago de Passet, al que ya habiamos ido en verano, pero esta vez con raquetas. (Ver 03-05-2014 &#8211; [&hellip;]<\/cite><\/div><\/div><\/li><li class=\"\"><div class=\"sya_postcontent\"><span class=\"sya_date\">  <span class=\"sya_sep\"> <\/span><\/span><a href=\"https:\/\/www.carlosyconchita.net\/rutas\/07-02-2015-valle-del-galba-raquetas\/\" class=\"sya_postlink post-6564\" rel=\"bookmark\">07-02-2015 &#8211; Valle del Galba (raquetas)<\/a> <span class=\"sya_categories\"><span class=\"sya_bracket\">(<\/span>2 - De 5 a 10 km., 2-Moderada, Formigueres \/ Puyvalador<span class=\"sya_bracket\">)<\/span><\/span><div style=\"padding-left:100px\" class=\"robots-nocontent\"><cite>Hoy hemos hecho una bonita excursi\u00f3n con raquetas por la zona del valle del Galba, por la que habiamos pasado ya en un par de ocasiones anteriores, pero no con raquetas. Ver enlaces\u00a0 :\u00a0\u00a0 03-04-2010 \u2013 Valle del Galba 22-06-2014 \u2013 Estany del Diable Esta ruta de hoy empieza en el peque\u00f1o pueblo de Espousouille, [&hellip;]<\/cite><\/div><\/div><\/li><li class=\"\"><div class=\"sya_postcontent\"><span class=\"sya_date\">  <span class=\"sya_sep\"> <\/span><\/span><a href=\"https:\/\/www.carlosyconchita.net\/rutas\/06-02-2015-coll-de-la-llosa-raquetas\/\" class=\"sya_postlink post-6541\" rel=\"bookmark\">06-02-2015 &#8211; Coll de la Llosa (raquetas)<\/a> <span class=\"sya_categories\"><span class=\"sya_bracket\">(<\/span>2 - De 5 a 10 km., 2-Moderada, Conflent<span class=\"sya_bracket\">)<\/span><\/span><div style=\"padding-left:100px\" class=\"robots-nocontent\"><cite>Dada la gran cantidad de nieve caida recientemente, decidimos hacer una escapada al conocido Coll de la Llosa, donde ya hemos empezado alguna excursi\u00f3n. \u00a0Ver nuestra anterior excursi\u00f3n\u00a0 30-03-2013 \u2013 Coll de la Llosa \u2013 Coll de Torn (raquetas) &nbsp; Dificultad :\u00a0 Moderada Recorrido :\u00a0 8&#8217;857 km. Desnivel acum.\u00a0 :\u00a0\u00a0 285 m. \u00a0 \u00a0 \u00a0 [&hellip;]<\/cite><\/div><\/div><\/li><li class=\"\"><div class=\"sya_postcontent\"><span class=\"sya_date\">  <span class=\"sya_sep\"> <\/span><\/span><a href=\"https:\/\/www.carlosyconchita.net\/rutas\/24-01-2015-lago-de-balcere-raquetas\/\" class=\"sya_postlink post-6513\" rel=\"bookmark\">24-01-2015 &#8211; Lago de Balc\u00e8re (raquetas)<\/a> <span class=\"sya_categories\"><span class=\"sya_bracket\">(<\/span>1-F\u00e1cil, 2 - De 5 a 10 km., Les Angles<span class=\"sya_bracket\">)<\/span><\/span><div style=\"padding-left:100px\" class=\"robots-nocontent\"><cite>Hoy hemos hecho esta peque\u00f1a excursi\u00f3n al lago de Balc\u00e8re, cerca de Les Angles, que en estas fechas est\u00e1 completamente congelado, como pudimos ver desde lejos en la ruta del pasado\u00a0 04-01-2015 \u2013 Lago de Balmete (raquetas) En verano hab\u00edamos visitado ya este lago, y desde ese punto, empezamos varias rutas 23-08-2012 \u2013 Les Iglesiettes [&hellip;]<\/cite><\/div><\/div><\/li><li class=\"\"><div class=\"sya_postcontent\"><span class=\"sya_date\">  <span class=\"sya_sep\"> <\/span><\/span><a href=\"https:\/\/www.carlosyconchita.net\/rutas\/23-01-2015-ski-en-les-angles\/\" class=\"sya_postlink post-6498\" rel=\"bookmark\">23-01-2015 &#8211; Ski en Les Angles<\/a> <span class=\"sya_categories\"><span class=\"sya_bracket\">(<\/span>0-Esqu\u00ed<span class=\"sya_bracket\">)<\/span><\/span><div style=\"padding-left:100px\" class=\"robots-nocontent\"><cite>Estos d\u00edas tenemos bastante trabajo de impuestos y programaci\u00f3n, pero como era para realizar en casa, hemos hecho un fin de semana a \u00abnuestra medida\u00bb, haciendo fiesta el viernes y trabajando el domingo. Asi que decidimos subir a La Cerdanya el jueves por la noche, esquiar el viernes porque al ser dia laborable no habria [&hellip;]<\/cite><\/div><\/div><\/li><li class=\"\"><div class=\"sya_postcontent\"><span class=\"sya_date\">  <span class=\"sya_sep\"> <\/span><\/span><a href=\"https:\/\/www.carlosyconchita.net\/rutas\/05-01-2015-primera-esquiada-2015\/\" class=\"sya_postlink post-6483\" rel=\"bookmark\">05-01-2015  &#8211; Primera esquiada 2015<\/a> <span class=\"sya_categories\"><span class=\"sya_bracket\">(<\/span>0-Esqu\u00ed, Font Romeu<span class=\"sya_bracket\">)<\/span><\/span><div style=\"padding-left:100px\" class=\"robots-nocontent\"><cite>Como casi todos los a\u00f1os por estas fechas, inauguramos por asi decirlo la temporada de esqui en Les Angles, aunque este a\u00f1o, al menos de momento, parece que no se presenta muy bien. La nieve estaba muy dura y realmente hab\u00eda muy poca, y con muy poco grueso, suponemos que debido tambi\u00e9n al fuerte viento [&hellip;]<\/cite><\/div><\/div><\/li><li class=\"\"><div class=\"sya_postcontent\"><span class=\"sya_date\">  <span class=\"sya_sep\"> <\/span><\/span><a href=\"https:\/\/www.carlosyconchita.net\/rutas\/04-01-2015-lago-de-balmete-raquetas\/\" class=\"sya_postlink post-6460\" rel=\"bookmark\">04-01-2015 &#8211; Lago de Balmete (raquetas)<\/a> <span class=\"sya_categories\"><span class=\"sya_bracket\">(<\/span>2 - De 5 a 10 km., 2-Moderada, Formigueres \/ Puyvalador<span class=\"sya_bracket\">)<\/span><\/span><div style=\"padding-left:100px\" class=\"robots-nocontent\"><cite>Bonita excursi\u00f3n con raquetas a trav\u00e9s de la nieve, que nos llevar\u00e1 desde Les Angles al lago de Balmete. Inicialmente teniamos previsto llegar solamente hasta la zona de la Font Grosse, pero una vez all\u00ed decidimos continuar hasta el lago de Balmete. Dificultad :\u00a0 Moderada Recorrido :\u00a0 10&#8217;904 km. Desnivel acum.\u00a0 :\u00a0\u00a0 406\u00a0 m. \u00a0 [&hellip;]<\/cite><\/div><\/div><\/li><li class=\"\"><div class=\"sya_postcontent\"><span class=\"sya_date\">  <span class=\"sya_sep\"> <\/span><\/span><a href=\"https:\/\/www.carlosyconchita.net\/rutas\/03-01-2015-caminata-desde-la-lladure-hasta-matemale\/\" class=\"sya_postlink post-6443\" rel=\"bookmark\">03-01-2015 &#8211; Caminata desde La Lladure hasta Matemale (raquetas)<\/a> <span class=\"sya_categories\"><span class=\"sya_bracket\">(<\/span>0-Muy f\u00e1cil, 2 - De 5 a 10 km., Formigueres \/ Puyvalador<span class=\"sya_bracket\">)<\/span><\/span><div style=\"padding-left:100px\" class=\"robots-nocontent\"><cite>Hoy hemos hecho una tranquila caminata de entrenamiento por los bosques cercanos a Formigueres, para llegar desde la zona conocida como La Lladure hasta Matemale. Dificultad :\u00a0 Muy f\u00e1cil Recorrido :\u00a0 6&#8217;042 km. Desnivel acum.\u00a0 :\u00a0\u00a0 264 m. \u00a0 \u00a0 \u00a0 Alturas m\u00edn.\/m\u00e1x. \u00a0 :\u00a0\u00a0 1.490 \/ 1.565 m. Tiempo total :\u00a0 2 h. 41 [&hellip;]<\/cite><\/div><\/div><\/li><\/ul> <a id=\"year2014\"><\/a>2014 <span class=\"sya_yearcount\"><span class=\"sya_bracket\">(<\/span>78<span class=\"sya_bracket\">)<\/span><\/span> <ul><li class=\"\"><div class=\"sya_postcontent\"><span class=\"sya_date\">  <span class=\"sya_sep\"> <\/span><\/span><a href=\"https:\/\/www.carlosyconchita.net\/rutas\/07-12-2014-bosques-de-formigueres\/\" class=\"sya_postlink post-6380\" rel=\"bookmark\">07-12-2014 &#8211; Bosques de Formigueres<\/a> <span class=\"sya_categories\"><span class=\"sya_bracket\">(<\/span>0-Muy f\u00e1cil, 2 - De 5 a 10 km., Formigueres \/ Puyvalador<span class=\"sya_bracket\">)<\/span><\/span><div style=\"padding-left:100px\" class=\"robots-nocontent\"><cite>Despues de la considerable nevada de esta pasada noche, no podemos hacer la excursi\u00f3n que habiamos previsto hoy , por lo que decidimos estrenar la temporada de raquetas y nos vamos a la zona de bosques de Formigueres, en la zona conocida como La Lladure, en donde tenemos una zona de parking y donde empiezan [&hellip;]<\/cite><\/div><\/div><\/li><li class=\"\"><div class=\"sya_postcontent\"><span class=\"sya_date\">  <span class=\"sya_sep\"> <\/span><\/span><a href=\"https:\/\/www.carlosyconchita.net\/rutas\/06-12-2014-de-visita-en-sallagossa\/\" class=\"sya_postlink post-6310\" rel=\"bookmark\">06-12-2014 &#8211; De visita en Sallagossa<\/a> <span class=\"sya_categories\"><span class=\"sya_bracket\">(<\/span>0-Muy f\u00e1cil, Saillagosa<span class=\"sya_bracket\">)<\/span><\/span><div style=\"padding-left:100px\" class=\"robots-nocontent\"><cite>Normalmente publicamos aqu\u00ed las explicaciones de nuestras excursiones y rutas por la monta\u00f1a, pero debido a que esta ma\u00f1ana ha amanecido muy nublado y nevando un poco, creemos que ya es hora de que os ense\u00f1emos un poco \u00abnuestro\u00bb pueblo, Sallagosa o Saillagouse, capital de la Cerdanya Francesa. \u00a0No vamos a poner datos hist\u00f3ricos ni [&hellip;]<\/cite><\/div><\/div><\/li><li class=\"\"><div class=\"sya_postcontent\"><span class=\"sya_date\">  <span class=\"sya_sep\"> <\/span><\/span><a href=\"https:\/\/www.carlosyconchita.net\/rutas\/05-12-2014-vall-de-la-llosa-y-cabana-dels-esparvers\/\" class=\"sya_postlink post-6351\" rel=\"bookmark\">05-12-2014 &#8211; Vall de la Llosa y Caba\u00f1a dels Esparvers<\/a> <span class=\"sya_categories\"><span class=\"sya_bracket\">(<\/span>2-Moderada, 4 - De 15 a 20 km., Cerdanya Sur-Cad\u00ed-Moixer\u00f3<span class=\"sya_bracket\">)<\/span><\/span><div style=\"padding-left:100px\" class=\"robots-nocontent\"><cite>La excursi\u00f3n de hoy al Vall de la Llosa y Caba\u00f1a dels Esparvers empieza en Cal Jan de la Llosa, y nos premitir\u00e1 recorrer este valle y acercarnos a la Portella Blanca de Andorra. Dificultad :\u00a0 Moderada Recorrido :\u00a0 15&#8217;181 km. Desnivel acum.\u00a0 :\u00a0\u00a0 697 m. \u00a0 \u00a0 \u00a0 Alturas m\u00edn.\/m\u00e1x. \u00a0 :\u00a0\u00a0 1.592 \/ [&hellip;]<\/cite><\/div><\/div><\/li><li class=\"\"><div class=\"sya_postcontent\"><span class=\"sya_date\">  <span class=\"sya_sep\"> <\/span><\/span><a href=\"https:\/\/www.carlosyconchita.net\/rutas\/23-11-2014-calvet-la-serre\/\" class=\"sya_postlink post-6338\" rel=\"bookmark\">23-11-2014 &#8211; Calvet &#8211; La Serre<\/a> <span class=\"sya_categories\"><span class=\"sya_bracket\">(<\/span>0-Muy f\u00e1cil, 2 - De 5 a 10 km., Les Angles<span class=\"sya_bracket\">)<\/span><\/span><div style=\"padding-left:100px\" class=\"robots-nocontent\"><cite>La excursion de hoy empieza en la zona de las estacion de ski de la Llagone y el nombre de Calvet &#8211; La Serre es el indicado en las guias de la zona para esta ruta , que en realidad es una pista de ski de fondo. Dificultad :\u00a0 F\u00e1cil Recorrido :\u00a0 9&#8217;290 km. Desnivel [&hellip;]<\/cite><\/div><\/div><\/li><li class=\"\"><div class=\"sya_postcontent\"><span class=\"sya_date\">  <span class=\"sya_sep\"> <\/span><\/span><a href=\"https:\/\/www.carlosyconchita.net\/rutas\/22-11-2014-lagos-de-fontargenta\/\" class=\"sya_postlink post-6283\" rel=\"bookmark\">22-11-2014 &#8211; Lagos de Fontargenta<\/a> <span class=\"sya_categories\"><span class=\"sya_bracket\">(<\/span>2 - De 5 a 10 km., 2-Moderada, Andorra<span class=\"sya_bracket\">)<\/span><\/span><div style=\"padding-left:100px\" class=\"robots-nocontent\"><cite>La excursi\u00f3n a los Lagos de Fontargenta empieza en la poblaci\u00f3n andorrana de Soldeu, en el Valle d\u2019Incles, lugar de origen de varias de nuestras excursiones a lagos de la zona. Para llegar alli y ver donde dejamos el coche,\u00a0 podemos seguir estas indicaciones : Valle de Incles &#8211; Parking de la Baladosa Esta vez [&hellip;]<\/cite><\/div><\/div><\/li><li class=\"\"><div class=\"sya_postcontent\"><span class=\"sya_date\">  <span class=\"sya_sep\"> <\/span><\/span><a href=\"https:\/\/www.carlosyconchita.net\/rutas\/19-11-2014-reportajes-sobre-la-ciudad-de-barcelona\/\" class=\"sya_postlink post-6255\" rel=\"bookmark\">19-11-2014 &#8211; Reportajes sobre la ciudad de Barcelona<\/a> <span class=\"sya_categories\"><span class=\"sya_bracket\">(<\/span>Barcelona, Espa\u00f1a<span class=\"sya_bracket\">)<\/span><\/span><div style=\"padding-left:100px\" class=\"robots-nocontent\"><cite>Aunque en esta web publicamos solamente nuestras rutas y excursiones por la monta\u00f1a, en esta ocasi\u00f3n hacemos una excepci\u00f3n con esta serie de 3 publicaciones de los amigos de Codeser (\u00a0 www.codeser.com\u00a0 )\u00a0\u00a0 sobre la ciudad de Barcelona. &nbsp; Aqui teneis los enlaces a los 3 interesantes reportajes : Primera parte\u00a0\u00a0 :\u00a0\u00a0\u00a0\u00a0 http:\/\/codeser.com\/blog\/barcelona-parte-i Segunda parte\u00a0 [&hellip;]<\/cite><\/div><\/div><\/li><li class=\"\"><div class=\"sya_postcontent\"><span class=\"sya_date\">  <span class=\"sya_sep\"> <\/span><\/span><a href=\"https:\/\/www.carlosyconchita.net\/rutas\/02-11-2014-refugio-de-la-calme\/\" class=\"sya_postlink post-6220\" rel=\"bookmark\">02-11-2014  &#8211; Refugio de La Calme<\/a> <span class=\"sya_categories\"><span class=\"sya_bracket\">(<\/span>0-Muy f\u00e1cil, 2 - De 5 a 10 km., Font Romeu<span class=\"sya_bracket\">)<\/span><\/span><div style=\"padding-left:100px\" class=\"robots-nocontent\"><cite>Despues de la \u201cpaliza\u201d de ayer en la excursi\u00f3n al Lago de Naguille , hoy hemos elegido una ruta facil y tranquila por la bonita zona de las pistas de Font-Romeu \/ Pyrenees 2000, para ir hasta el Refugio de la Calme, ya que por esta zona hemos hecho varias rutas, pero casi todas con [&hellip;]<\/cite><\/div><\/div><\/li><li class=\"\"><div class=\"sya_postcontent\"><span class=\"sya_date\">  <span class=\"sya_sep\"> <\/span><\/span><a href=\"https:\/\/www.carlosyconchita.net\/rutas\/lago-de-naguille\/\" class=\"sya_postlink post-6198\" rel=\"bookmark\">01-11-2014 &#8211; Lago de Naguille<\/a> <span class=\"sya_categories\"><span class=\"sya_bracket\">(<\/span>3 - De 10 a 15 km., 3-Dif\u00edcil, Catalunya Nord - sin clasificar, Francia<span class=\"sya_bracket\">)<\/span><\/span><div style=\"padding-left:100px\" class=\"robots-nocontent\"><cite>\u00a0La ruta de hoy al Lago de Naguille, empieza en el pueblo de Orl\u00fa, cerca de Ax-Les Thermes, y nos llevar\u00e1 hasta este lago, actualmente una presa de una central electrica, pasando por bosques de la Reserva Nacional de Fauna de Orl\u00fa. La ruta no es excesivamente larga, pero s\u00ed con un gran desnivel, que [&hellip;]<\/cite><\/div><\/div><\/li><li class=\"\"><div class=\"sya_postcontent\"><span class=\"sya_date\">  <span class=\"sya_sep\"> <\/span><\/span><a href=\"https:\/\/www.carlosyconchita.net\/rutas\/enlace-interesante-rutas-con-historia\/\" class=\"sya_postlink post-6184\" rel=\"bookmark\">Enlace interesante a Rutas con Historia<\/a> <span class=\"sya_categories\"><span class=\"sya_bracket\">(<\/span>0-Sin clasificar<span class=\"sya_bracket\">)<\/span><\/span><div style=\"padding-left:100px\" class=\"robots-nocontent\"><cite>Imagen (c) Rutas con Historia Hemos a\u00f1adido en nuestra lista de enlaces interesantes, la web \u00abRutas con Historia\u00bb , (www.rutasconhistoria.es)\u00a0 en la que podemos encontrar numerosos datos hist\u00f3ricos sobre sitios de inter\u00e9s en toda Espa\u00f1a. Por este motivo hemos actualizado estas rutas que se\u00f1alamos seguidamente, con un enlace al final a la p\u00e1gina correspondiente de [&hellip;]<\/cite><\/div><\/div><\/li><li class=\"\"><div class=\"sya_postcontent\"><span class=\"sya_date\">  <span class=\"sya_sep\"> <\/span><\/span><a href=\"https:\/\/www.carlosyconchita.net\/rutas\/11-10-2014-pica-de-bastard\/\" class=\"sya_postlink post-6139\" rel=\"bookmark\">11-10-2014 &#8211; Pica de Bastard<\/a> <span class=\"sya_categories\"><span class=\"sya_bracket\">(<\/span>100 Cims Carlos y Conchita, 2-Moderada, 3 - De 10 a 15 km., Conflent<span class=\"sya_bracket\">)<\/span><\/span><div style=\"padding-left:100px\" class=\"robots-nocontent\"><cite>\u00a0La ruta para llegar a la Pica de Bastard empieza en la poblaci\u00f3n francesa de Caudies de Conflent, punto en el que hemos empezado varias de nuestras excursiones. Dificultad :\u00a0\u00a0 Moderada Recorrido :\u00a0\u00a0 12&#8217;375 km. Desnivel acum.\u00a0 :\u00a0\u00a0 572 m. \u00a0 \u00a0 \u00a0 Alturas m\u00edn.\/m\u00e1x. \u00a0 :\u00a0\u00a0 1.632 \/ 2.091 m. Tiempo total :\u00a0 5 [&hellip;]<\/cite><\/div><\/div><\/li><li class=\"\"><div class=\"sya_postcontent\"><span class=\"sya_date\">  <span class=\"sya_sep\"> <\/span><\/span><a href=\"https:\/\/www.carlosyconchita.net\/rutas\/10-10-2014-valle-de-campcardos\/\" class=\"sya_postlink post-6116\" rel=\"bookmark\">10-10-2014 &#8211; Valle de Campcard\u00f3s<\/a> <span class=\"sya_categories\"><span class=\"sya_bracket\">(<\/span>2-Moderada, 3 - De 10 a 15 km., La Tour de Carol<span class=\"sya_bracket\">)<\/span><\/span><div style=\"padding-left:100px\" class=\"robots-nocontent\"><cite>\u00a0 En la ruta de hoy al Valle de Campcard\u00f3s, podremos ver este bonito valle con los primeros colores del oto\u00f1o, y tambien 2 lagos, que dada la epoca en la que estamos, estaban pr\u00e1cticamente secos, asi que intentaremos hacer de nuevo esta ruta en primavera o en pleno invierno con nieve y raquetas. Dificultad [&hellip;]<\/cite><\/div><\/div><\/li><li class=\"\"><div class=\"sya_postcontent\"><span class=\"sya_date\">  <span class=\"sya_sep\"> <\/span><\/span><a href=\"https:\/\/www.carlosyconchita.net\/rutas\/13-09-2014-lago-de-besines\/\" class=\"sya_postlink post-6080\" rel=\"bookmark\">13-09-2014 &#8211; Lago de Besines<\/a> <span class=\"sya_categories\"><span class=\"sya_bracket\">(<\/span>2-Moderada, 3 - De 10 a 15 km., Port\u00e9-Puymorens<span class=\"sya_bracket\">)<\/span><\/span><div style=\"padding-left:100px\" class=\"robots-nocontent\"><cite>La excursi\u00f3n al Lago de Besines que hemos hecho hoy, empieza en una curva de la carretera N22, cerca de Hospitalet d\u2019Andorra (Francia) Dificultad :\u00a0\u00a0 Moderada Recorrido :\u00a0 12&#8217;248 km. Desnivel acum.\u00a0 :\u00a0\u00a0 601 m. \u00a0 \u00a0 \u00a0 Alturas m\u00edn.\/m\u00e1x. \u00a0 :\u00a0\u00a0 1.524 \/ 1.985 m. Tiempo total :\u00a0 6 h. 06 m. Velocidad media [&hellip;]<\/cite><\/div><\/div><\/li><li class=\"\"><div class=\"sya_postcontent\"><span class=\"sya_date\">  <span class=\"sya_sep\"> <\/span><\/span><a href=\"https:\/\/www.carlosyconchita.net\/rutas\/12-09-2014-lago-del-estagnol-porte-puymorens\/\" class=\"sya_postlink post-6061\" rel=\"bookmark\">12-09-2014 &#8211; Lago del Estagnol (Port\u00e9-Puymorens)<\/a> <span class=\"sya_categories\"><span class=\"sya_bracket\">(<\/span>0-Muy f\u00e1cil, 2 - De 5 a 10 km., Port\u00e9-Puymorens<span class=\"sya_bracket\">)<\/span><\/span><div style=\"padding-left:100px\" class=\"robots-nocontent\"><cite>Hoy hemos elegido esta sencilla excursi\u00f3n al peque\u00f1o Lago del Estagnol (Port\u00e9-Puymorens) , para descansar un poco de la caminata de ayer. Es un lago muy peque\u00f1o que no est\u00e1 en ninguna guia de rutas y que est\u00e1 dentro de la estacion de ski, y que nosotros lo habiamos visto en el plano de pistas [&hellip;]<\/cite><\/div><\/div><\/li><li class=\"\"><div class=\"sya_postcontent\"><span class=\"sya_date\">  <span class=\"sya_sep\"> <\/span><\/span><a href=\"https:\/\/www.carlosyconchita.net\/rutas\/11-09-2014-lago-coma-dor-y-portella-de-lanos\/\" class=\"sya_postlink post-6023\" rel=\"bookmark\">11-09-2014 &#8211; Lago Coma d&#8217;Or y Portella de Lan\u00f3s<\/a> <span class=\"sya_categories\"><span class=\"sya_bracket\">(<\/span>2-Moderada, 4 - De 15 a 20 km., Port\u00e9-Puymorens<span class=\"sya_bracket\">)<\/span><\/span><div style=\"padding-left:100px\" class=\"robots-nocontent\"><cite>La bonita ruta de hoy empieza en nuestro conocido parking del Col de Puymorens (ver enlace ) en donde dejaremos el coche, llegaremos a la Portella d\u2019en Garcia, despu\u00e9s al Lago Coma d\u2019Or y despu\u00e9s a la Portella de Lan\u00f3s, desde donde tendremos una magnifica vista del Lago de Lan\u00f3s desde arriba. Dificultad :\u00a0 Moderada [&hellip;]<\/cite><\/div><\/div><\/li><li class=\"\"><div class=\"sya_postcontent\"><span class=\"sya_date\">  <span class=\"sya_sep\"> <\/span><\/span><a href=\"https:\/\/www.carlosyconchita.net\/rutas\/23-08-2014-lago-de-fontviva\/\" class=\"sya_postlink post-5978\" rel=\"bookmark\">23-08-2014 &#8211; Lago de Fontviva<\/a> <span class=\"sya_categories\"><span class=\"sya_bracket\">(<\/span>1 - Hasta 5 km., 1-F\u00e1cil, Port\u00e9-Puymorens<span class=\"sya_bracket\">)<\/span><\/span><div style=\"padding-left:100px\" class=\"robots-nocontent\"><cite>Hemos decidido hacer esta excursi\u00f3n al bonito Lago de Fontviva, ya que cuando fuimos al 24-09-2011 &#8211; Lagos de Lan\u00f3s, Passet y Font-Viva , lo pasamos casi de largo ya que debiamos llegar al Lan\u00f3s que estaba mucho m\u00e1s lejos, y hoy aparte del lago, podremos ver una bonita zona de saltos de agua y [&hellip;]<\/cite><\/div><\/div><\/li><li class=\"\"><div class=\"sya_postcontent\"><span class=\"sya_date\">  <span class=\"sya_sep\"> <\/span><\/span><a href=\"https:\/\/www.carlosyconchita.net\/rutas\/21-08-2014-pico-de-la-soucarade\/\" class=\"sya_postlink post-5957\" rel=\"bookmark\">21-08-2014 &#8211; Pico de la Soucarade<\/a> <span class=\"sya_categories\"><span class=\"sya_bracket\">(<\/span>100 Cims Carlos y Conchita, 2 - De 5 a 10 km., 2-Moderada, Conflent<span class=\"sya_bracket\">)<\/span><\/span><div style=\"padding-left:100px\" class=\"robots-nocontent\"><cite>La ruta para llegar al Pico de la Soucarade empieza en la poblaci\u00f3n francesa de Caudies de Conflent, punto en el que hemos empezado varias de nuestras excursiones. Dificultad :\u00a0 Moderada Recorrido :\u00a0 6&#8217;696 km. Desnivel acum.\u00a0 :\u00a0\u00a0 434 m. \u00a0 \u00a0 \u00a0 Alturas m\u00edn.\/m\u00e1x. \u00a0 :\u00a0\u00a0 1.635 \/ 2.000 m. Tiempo total :\u00a0 5 [&hellip;]<\/cite><\/div><\/div><\/li><li class=\"\"><div class=\"sya_postcontent\"><span class=\"sya_date\">  <span class=\"sya_sep\"> <\/span><\/span><a href=\"https:\/\/www.carlosyconchita.net\/rutas\/19-08-2014-estanys-de-juclar\/\" class=\"sya_postlink post-5928\" rel=\"bookmark\">19-08-2014 \u2013 Estanys de Juclar<\/a> <span class=\"sya_categories\"><span class=\"sya_bracket\">(<\/span>3-Dif\u00edcil, 4 - De 15 a 20 km., Andorra<span class=\"sya_bracket\">)<\/span><\/span><div style=\"padding-left:100px\" class=\"robots-nocontent\"><cite>La excursi\u00f3n als Estanys de Juclar, empieza en la poblaci\u00f3n andorrana de Soldeu, en el mismo sitio que nuestra anterior excursi\u00f3n al lago de la Cabana Sorda . Dificultad :\u00a0 Dificil Recorrido :\u00a0 15&#8217;690 km. Desnivel acum.\u00a0 :\u00a0\u00a0 643 m. \u00a0 \u00a0 \u00a0 Alturas m\u00edn.\/m\u00e1x. \u00a0 :\u00a0\u00a0 1.768 \/ 2.322 m. Tiempo total :\u00a0 6 [&hellip;]<\/cite><\/div><\/div><\/li><li class=\"\"><div class=\"sya_postcontent\"><span class=\"sya_date\">  <span class=\"sya_sep\"> <\/span><\/span><a href=\"https:\/\/www.carlosyconchita.net\/rutas\/17-08-2014-islas-feroe\/\" class=\"sya_postlink post-5503\" rel=\"bookmark\">17-08-2014 &#8211; Islas Feroe : resumen<\/a> <span class=\"sya_categories\"><span class=\"sya_bracket\">(<\/span>Islas Feroe<span class=\"sya_bracket\">)<\/span><\/span><div style=\"padding-left:100px\" class=\"robots-nocontent\"><cite>Hemos estado unos dias visitando las bonitas Islas Feroe, y para no perder la costumbre tambi\u00e9n caminando por all\u00ed, enmedio de las verdes monta\u00f1as que parecen alfombradas con moqueta verde, y las numeros\u00edsimas cascadas y caidas de agua que hay por todos lados. Dado que entre las rutas o excursiones a pi\u00e9 y las visitas [&hellip;]<\/cite><\/div><\/div><\/li><li class=\"\"><div class=\"sya_postcontent\"><span class=\"sya_date\">  <span class=\"sya_sep\"> <\/span><\/span><a href=\"https:\/\/www.carlosyconchita.net\/rutas\/2014-islas-feroe\/\" class=\"sya_postlink post-5689\" rel=\"bookmark\">Fotos Islas Feroe 2014<\/a> <span class=\"sya_categories\"><span class=\"sya_bracket\">(<\/span>0-Fotos, Islas Feroe<span class=\"sya_bracket\">)<\/span><\/span><div style=\"padding-left:100px\" class=\"robots-nocontent\"><cite>\u00a0 Hemos puesto aqu\u00ed las fotos de las Islas Feroe correspondientes a visitas y recorridos por las Islas \u00a0realizados en coche. Las fotos realizadas en las excursiones a pi\u00e9, \u00a0las publicaremos de la forma habitual, con las explicaciones, track, etc. &nbsp; Islas Feroe-presentacion 10-08-2014 &#8211; Torshavn 10-08-2014 &#8211; Feroe &#8211; llegada 11-08-2014 &#8211; Cascada de [&hellip;]<\/cite><\/div><\/div><\/li><li class=\"\"><div class=\"sya_postcontent\"><span class=\"sya_date\">  <span class=\"sya_sep\"> <\/span><\/span><a href=\"https:\/\/www.carlosyconchita.net\/rutas\/16-08-2014-tjornuvik-saksun-kirkjubour-feroe\/\" class=\"sya_postlink post-5877\" rel=\"bookmark\">16-08-2014 &#8211; Tjornuvik-Saksun-Kirkjubour (Islas Feroe)<\/a> <span class=\"sya_categories\"><span class=\"sya_bracket\">(<\/span>0-Fotos, Islas Feroe<span class=\"sya_bracket\">)<\/span><\/span><div style=\"padding-left:100px\" class=\"robots-nocontent\"><cite>Como que hoy hacia un buen d\u00eda y con sol, cosa no muy habitual estos ultimos dias, y dadas las cortas distancias en estas islas, hemos repetido por asi decir, las visitas a varios sitios que nos hab\u00edna gustado y que por culpa de la niebla no pudimos apreciar en su totalidad, por las poblaciones [&hellip;]<\/cite><\/div><\/div><\/li><li class=\"\"><div class=\"sya_postcontent\"><span class=\"sya_date\">  <span class=\"sya_sep\"> <\/span><\/span><a href=\"https:\/\/www.carlosyconchita.net\/rutas\/15-08-2014-excursion-en-saksun-feroe\/\" class=\"sya_postlink post-5863\" rel=\"bookmark\">15-08-2014 &#8211; Excursi\u00f3n en Saksun (Islas Feroe)<\/a> <span class=\"sya_categories\"><span class=\"sya_bracket\">(<\/span>0-Muy f\u00e1cil, 1 - Hasta 5 km., Islas Feroe<span class=\"sya_bracket\">)<\/span><\/span><div style=\"padding-left:100px\" class=\"robots-nocontent\"><cite>La excursi\u00f3n en Saksun, empieza en este peque\u00f1o pueblecito situado en la isla de Stremoy, en donde desemboca el rio de Saksunardalur, en una especie de peque\u00f1o fiordo, y que segun la marea, cambia totalmente. Para llegar a este pueblo, hay que coger una carretera en un desvio\u00a0 que no tiene ninguna se\u00f1al indicadora, pero [&hellip;]<\/cite><\/div><\/div><\/li><li class=\"\"><div class=\"sya_postcontent\"><span class=\"sya_date\">  <span class=\"sya_sep\"> <\/span><\/span><a href=\"https:\/\/www.carlosyconchita.net\/rutas\/15-08-2014-isla-de-nolsoy-feroe\/\" class=\"sya_postlink post-5836\" rel=\"bookmark\">15-08-2014 &#8211; Isla de Nolsoy (Islas Feroe)<\/a> <span class=\"sya_categories\"><span class=\"sya_bracket\">(<\/span>0-Muy f\u00e1cil, 2 - De 5 a 10 km., Islas Feroe<span class=\"sya_bracket\">)<\/span><\/span><div style=\"padding-left:100px\" class=\"robots-nocontent\"><cite>La isla de Nolsoy es una peque\u00f1a isla situada enfrente de la capital de las islas Feroe,\u00a0 Torshavn. Para llegar a ella, se debe coger un ferry que sale de la capital varias veces cada dia, y que en unos 20 minutos nos llevar\u00e1 a esta isla. Una vez alli, hicimos una peque\u00f1a caminata hasta [&hellip;]<\/cite><\/div><\/div><\/li><li class=\"\"><div class=\"sya_postcontent\"><span class=\"sya_date\">  <span class=\"sya_sep\"> <\/span><\/span><a href=\"https:\/\/www.carlosyconchita.net\/rutas\/14-08-2014-excursion-en-klaksvik-feroe\/\" class=\"sya_postlink post-5801\" rel=\"bookmark\">14-08-2014 &#8211; Excursi\u00f3n en Klaksvik (Islas Feroe)<\/a> <span class=\"sya_categories\"><span class=\"sya_bracket\">(<\/span>1-F\u00e1cil, 2 - De 5 a 10 km., Islas Feroe<span class=\"sya_bracket\">)<\/span><\/span><div style=\"padding-left:100px\" class=\"robots-nocontent\"><cite>En esta excursi\u00f3n en Klaksvik (isla de Bordoy) , subiremos al pico de Klakkur, desde donde veremos las islas de Kunoy, Kalsoy, Eysturoy y por supuesto la de Bordoy que es donde estamos. (ver mapa) Dificultad :\u00a0 F\u00e1cil Recorrido :\u00a0 6&#8217;391 km. Desnivel acum.\u00a0 :\u00a0\u00a0 334 m. \u00a0 \u00a0 \u00a0 Alturas m\u00edn.\/m\u00e1x. \u00a0 :\u00a0\u00a0 99\u00a0 [&hellip;]<\/cite><\/div><\/div><\/li><li class=\"\"><div class=\"sya_postcontent\"><span class=\"sya_date\">  <span class=\"sya_sep\"> <\/span><\/span><a href=\"https:\/\/www.carlosyconchita.net\/rutas\/14-08-2014-islas-de-bordoy-y-vidoy-feroe\/\" class=\"sya_postlink post-5824\" rel=\"bookmark\">14-08-2014 &#8211; Islas de Bordoy y Vidoy (Islas Feroe)<\/a> <span class=\"sya_categories\"><span class=\"sya_bracket\">(<\/span>0-Fotos, Islas Feroe<span class=\"sya_bracket\">)<\/span><\/span><div style=\"padding-left:100px\" class=\"robots-nocontent\"><cite>A pesar de que las islas de Bordoy y Vidoy no son las mas grandes de las Feroe, la ciudad de Klaksvik (Bordoy) es la segunda de las islas, detras de la capital ,\u00a0T\u00f3rshavn. Recogemos aqu\u00ed las fotos y un peque\u00f1o video realizados mientras las recorriamos con el coche y comentamos nuestro paso por unos [&hellip;]<\/cite><\/div><\/div><\/li><li class=\"\"><div class=\"sya_postcontent\"><span class=\"sya_date\">  <span class=\"sya_sep\"> <\/span><\/span><a href=\"https:\/\/www.carlosyconchita.net\/rutas\/130-08-2014-acantilado-de-gjogv-feroe\/\" class=\"sya_postlink post-5788\" rel=\"bookmark\">13-08-2014 &#8211; Acantilado de Gjogv (Islas Feroe)<\/a> <span class=\"sya_categories\"><span class=\"sya_bracket\">(<\/span>1 - Hasta 5 km., 1-F\u00e1cil, Islas Feroe<span class=\"sya_bracket\">)<\/span><\/span><div style=\"padding-left:100px\" class=\"robots-nocontent\"><cite>Fantastica excursi\u00f3n por el acantilado de Gjogv, (en la isla de Eysturoy), cortado en vertical sobre el mar. El camino discurre por una verde, inclinada y resbaladiza colina, desde la que podemos ver tanto el pueblo de Gjogv como el mar. Dificultad :\u00a0 F\u00e1cil Recorrido :\u00a0 3&#8217;324 km. Desnivel acum.\u00a0 :\u00a0\u00a0 233 m. \u00a0 \u00a0 [&hellip;]<\/cite><\/div><\/div><\/li><li class=\"\"><div class=\"sya_postcontent\"><span class=\"sya_date\">  <span class=\"sya_sep\"> <\/span><\/span><a href=\"https:\/\/www.carlosyconchita.net\/rutas\/13-08-2014-acantilados-de-eidi\/\" class=\"sya_postlink post-5763\" rel=\"bookmark\">13-08-2014 &#8211; Acantilados de Eidi (Islas Feroe)<\/a> <span class=\"sya_categories\"><span class=\"sya_bracket\">(<\/span>0-Muy f\u00e1cil, 1 - Hasta 5 km., Islas Feroe<span class=\"sya_bracket\">)<\/span><\/span><div style=\"padding-left:100px\" class=\"robots-nocontent\"><cite>Peque\u00f1a excursi\u00f3n a los acantilados del peque\u00f1o pueblo de Eidi, en la isla de Eysturoy. &nbsp; Dificultad :\u00a0 Muy f\u00e1cil Recorrido :\u00a0 1&#8217;791 km. Desnivel acum.\u00a0 :\u00a0\u00a0 64 m. \u00a0 \u00a0 \u00a0 Alturas m\u00edn.\/m\u00e1x. \u00a0 :\u00a0 38\u00a0 \/ 97 m. &nbsp; El peque\u00f1o pueblo de Eidi se encuentra al norte de la isla de Eysturoy [&hellip;]<\/cite><\/div><\/div><\/li><li class=\"\"><div class=\"sya_postcontent\"><span class=\"sya_date\">  <span class=\"sya_sep\"> <\/span><\/span><a href=\"https:\/\/www.carlosyconchita.net\/rutas\/13-08-2014-isla-de-eysturoy-feroe\/\" class=\"sya_postlink post-5832\" rel=\"bookmark\">13-08-2014 &#8211; Isla de Eysturoy (Islas Feroe)<\/a> <span class=\"sya_categories\"><span class=\"sya_bracket\">(<\/span>0-Fotos, Islas Feroe<span class=\"sya_bracket\">)<\/span><\/span><div style=\"padding-left:100px\" class=\"robots-nocontent\"><cite>Recogemos aqu\u00ed las fotos y video del recorrido por las Isla de Eysturoy (Feroe) en coche. &nbsp; Enlace album de fotos [shashin type=\u00bbalbum\u00bb id=\u00bb157&#8243; size=\u00bbsmall\u00bb crop=\u00bbn\u00bb columns=\u00bbmax\u00bb caption=\u00bby\u00bb order=\u00bbdate\u00bb position=\u00bbcenter\u00bb] Enlace\u00a0 video &nbsp; Si te ha gustado, comp\u00e1rtelo en tu red favorita,\u00a0 haz +1, o env\u00edanos tu comentario. Muchas gracias ! &nbsp;<\/cite><\/div><\/div><\/li><li class=\"\"><div class=\"sya_postcontent\"><span class=\"sya_date\">  <span class=\"sya_sep\"> <\/span><\/span><a href=\"https:\/\/www.carlosyconchita.net\/rutas\/12-08-2014-excursion-en-barco-en-vestamanna-feroe\/\" class=\"sya_postlink post-5774\" rel=\"bookmark\">12-08-2014 &#8211; Excursion en barco en Vestmanna (Islas Feroe)<\/a> <span class=\"sya_categories\"><span class=\"sya_bracket\">(<\/span>0-Fotos, Islas Feroe<span class=\"sya_bracket\">)<\/span><\/span><div style=\"padding-left:100px\" class=\"robots-nocontent\"><cite>Una de las excursiones recomendadas en las Islas Feroe, es \u00e9sta, que consiste en un viajes en barco por los alrededores de Vestmanna, que est\u00e1 en la isla de Stremoy. Dependiendo del tiempo y del viento nos pueden llevar a un sitio u otro, pero en cualquier caso veremos unos espectaculares acantilados, cuevas, islas etc. [&hellip;]<\/cite><\/div><\/div><\/li><li class=\"\"><div class=\"sya_postcontent\"><span class=\"sya_date\">  <span class=\"sya_sep\"> <\/span><\/span><a href=\"https:\/\/www.carlosyconchita.net\/rutas\/12-08-2014-isla-stremoy-feroe\/\" class=\"sya_postlink post-5819\" rel=\"bookmark\">12-08-2014 &#8211; Isla Stremoy (Islas Feroe)<\/a> <span class=\"sya_categories\"><span class=\"sya_bracket\">(<\/span>0-Fotos, Islas Feroe<span class=\"sya_bracket\">)<\/span><\/span><div style=\"padding-left:100px\" class=\"robots-nocontent\"><cite>La isla de Stremoy es una de las islas grandes de las Feroe, y recogemos aqu\u00ed las fotos y un peque\u00f1o video realizados mientras la recorriamos con el coche. &nbsp; Enlace album de fotos [shashin type=\u00bbalbum\u00bb id=\u00bb156&#8243; size=\u00bbsmall\u00bb crop=\u00bbn\u00bb columns=\u00bbmax\u00bb caption=\u00bby\u00bb order=\u00bbdate\u00bb position=\u00bbcenter\u00bb] Enlace\u00a0 Wikiloc &nbsp; Si te ha gustado, comp\u00e1rtelo en tu red favorita,\u00a0 [&hellip;]<\/cite><\/div><\/div><\/li><li class=\"\"><div class=\"sya_postcontent\"><span class=\"sya_date\">  <span class=\"sya_sep\"> <\/span><\/span><a href=\"https:\/\/www.carlosyconchita.net\/rutas\/11-07-2014-excursion-por-gasaladur-islas-feroe\/\" class=\"sya_postlink post-5701\" rel=\"bookmark\">11-08-2014 &#8211; Excursi\u00f3n por G\u00e1saladur (Islas Feroe)<\/a> <span class=\"sya_categories\"><span class=\"sya_bracket\">(<\/span>0-Muy f\u00e1cil, 1 - Hasta 5 km., Islas Feroe<span class=\"sya_bracket\">)<\/span><\/span><div style=\"padding-left:100px\" class=\"robots-nocontent\"><cite>Con esta peque\u00f1a Excursi\u00f3n por G\u00e1saladur (Islas Feroe), iniciamos la publicaci\u00f3n de varias excusiones y caminatas que hemos hecho este verano por las Islas Feroe. Aparte de \u00e9stas que como decimos son excursiones caminando, hemos publicado ya los albumes de fotos de varias rutas realizadas en coche, y que podemos ver aqui\u00a0 ( Ver albumes [&hellip;]<\/cite><\/div><\/div><\/li><li class=\"\"><div class=\"sya_postcontent\"><span class=\"sya_date\">  <span class=\"sya_sep\"> <\/span><\/span><a href=\"https:\/\/www.carlosyconchita.net\/rutas\/11-08-2014-catarata-de-bosdalafossur-feroe\/\" class=\"sya_postlink post-5735\" rel=\"bookmark\">11-08-2014 &#8211; Catarata de Bosdalafossur (Islas Feroe)<\/a> <span class=\"sya_categories\"><span class=\"sya_bracket\">(<\/span>0-Muy f\u00e1cil, 2 - De 5 a 10 km., Islas Feroe<span class=\"sya_bracket\">)<\/span><\/span><div style=\"padding-left:100px\" class=\"robots-nocontent\"><cite>En esta excursion veremos la Catarata de Bosdalafossur , que cae directamente sobre el mar, sirviendo como desague del lago de\u00a0 S\u00f8rv\u00e1gsvatn ( o Leitsvatn) en la isla de Vagar, Habitualmente lo que hemos visto es que los rios o torrentes desembocan en un lago o en\u00a0 el mar en forma de cascada, pero no [&hellip;]<\/cite><\/div><\/div><\/li><li class=\"\"><div class=\"sya_postcontent\"><span class=\"sya_date\">  <span class=\"sya_sep\"> <\/span><\/span><a href=\"https:\/\/www.carlosyconchita.net\/rutas\/11-08-2014-isla-mikynes\/\" class=\"sya_postlink post-5720\" rel=\"bookmark\">11-08-2014 &#8211; Isla Mikynes (Islas Feroe)<\/a> <span class=\"sya_categories\"><span class=\"sya_bracket\">(<\/span>0-Muy f\u00e1cil, 1 - Hasta 5 km., Islas Feroe<span class=\"sya_bracket\">)<\/span><\/span><div style=\"padding-left:100px\" class=\"robots-nocontent\"><cite>Bonita excursi\u00f3n por la isla Mikynes, para ver los acantilados donde vivel multitud de aves, especialmente los \u00abpuffins\u00bb. Para llegar a esta isla, hay que coger un ferry desde la poblacion de Vorsagur, que sale por la ma\u00f1ana sobre las 10 h. , te deja en la isla y luego por la tarde, te recoge [&hellip;]<\/cite><\/div><\/div><\/li><li class=\"\"><div class=\"sya_postcontent\"><span class=\"sya_date\">  <span class=\"sya_sep\"> <\/span><\/span><a href=\"https:\/\/www.carlosyconchita.net\/rutas\/10-08-2014-thorsavn-feroe\/\" class=\"sya_postlink post-5890\" rel=\"bookmark\">10-08-2014 &#8211;  Thorsavn (Islas Feroe)<\/a> <span class=\"sya_categories\"><span class=\"sya_bracket\">(<\/span>0-Fotos, Islas Feroe<span class=\"sya_bracket\">)<\/span><\/span><div style=\"padding-left:100px\" class=\"robots-nocontent\"><cite>Thorsavn es la capital de las islas Feroe, y est\u00e1 situada en la isla de Stremoy. Es la ciudad mas grande de las islas, y alli viven aproximadamente 20.000 personas, la mitad del total de las islas. Este fu\u00e9 el avi\u00f3n con el que viajamos desde Barcelona, ya que en verano, la compa\u00f1ia Altantic Airways [&hellip;]<\/cite><\/div><\/div><\/li><li class=\"\"><div class=\"sya_postcontent\"><span class=\"sya_date\">  <span class=\"sya_sep\"> <\/span><\/span><a href=\"https:\/\/www.carlosyconchita.net\/rutas\/08-08-2014-bolquere-via-odeillo\/\" class=\"sya_postlink post-5666\" rel=\"bookmark\">08-08-2014 &#8211; Caminata de Bolquere a Odeillo<\/a> <span class=\"sya_categories\"><span class=\"sya_bracket\">(<\/span>1-F\u00e1cil, 3 - De 10 a 15 km., Font Romeu<span class=\"sya_bracket\">)<\/span><\/span><div style=\"padding-left:100px\" class=\"robots-nocontent\"><cite>Dado que hoy teniamos quee volver a Barcelona por la tarde, elegimos esta sencilla (en teor\u00eda&#8230;)\u00a0 caminata de Bolquere a Odeillo, cerca de Font-Romeu, con paisajes ya muy conocidos por nosotros ya que hemos hecho este recorrido en coche muchas veces, pero que nos serviria para ir logrando uno de nuestros objetivos con esas caminatas [&hellip;]<\/cite><\/div><\/div><\/li><li class=\"\"><div class=\"sya_postcontent\"><span class=\"sya_date\">  <span class=\"sya_sep\"> <\/span><\/span><a href=\"https:\/\/www.carlosyconchita.net\/rutas\/28-07-2014-nuevas-rutas-en-preparacion\/\" class=\"sya_postlink post-5424\" rel=\"bookmark\">08-08-2014 &#8211; Nuevas rutas en preparaci\u00f3n<\/a> <span class=\"sya_categories\"><span class=\"sya_bracket\">(<\/span>0-Sin clasificar<span class=\"sya_bracket\">)<\/span><\/span><div style=\"padding-left:100px\" class=\"robots-nocontent\"><cite>Aprovechando estos dias de vacaciones, hemos hecho varias excursiones y rutas, que iremos publicando proximamente : &nbsp; 04-08-2014 &#8211;\u00a0 Estany de la Cabana Sorda (Andorra) 05-08-2014 &#8211; Abadia de Sant Mart\u00ed de Canigou y Abadia de Sant Miquel de Cuix\u00e1 06-08-2014 &#8211; Pico de Tarbesou (magnificas vistas de los lagos Rabassoles, Bleu y Noir desde [&hellip;]<\/cite><\/div><\/div><\/li><li class=\"\"><div class=\"sya_postcontent\"><span class=\"sya_date\">  <span class=\"sya_sep\"> <\/span><\/span><a href=\"https:\/\/www.carlosyconchita.net\/rutas\/07-08-2014-castillo-de-usson\/\" class=\"sya_postlink post-5622\" rel=\"bookmark\">07-08-2014 &#8211; Castillo de Uss\u00f3n<\/a> <span class=\"sya_categories\"><span class=\"sya_bracket\">(<\/span>0-Muy f\u00e1cil, 2 - De 5 a 10 km., Ari\u00e8ge<span class=\"sya_bracket\">)<\/span><\/span><div style=\"padding-left:100px\" class=\"robots-nocontent\"><cite>Para llegar al castillo de Usson, cercano a la poblaci\u00f3n francesa de Rouz\u00e9 desde Saillagouse, seguiremos inicialmente las indicaciones escritas en la ruta Parking de la Restanque , hasta un poco antes de Querigut, en donde ya veremos las indicaciones del \u201cChateau d\u2019Usson\u201d, que veremos ya entre los bosques un poco antes de llegar . [&hellip;]<\/cite><\/div><\/div><\/li><li class=\"\"><div class=\"sya_postcontent\"><span class=\"sya_date\">  <span class=\"sya_sep\"> <\/span><\/span><a href=\"https:\/\/www.carlosyconchita.net\/rutas\/06-08-2014-pico-de-tarbesou\/\" class=\"sya_postlink post-5594\" rel=\"bookmark\">06-08-2014 &#8211; Pico de Tarbesou<\/a> <span class=\"sya_categories\"><span class=\"sya_bracket\">(<\/span>1-F\u00e1cil, 100 Cims Carlos y Conchita, 2 - De 5 a 10 km., Ari\u00e8ge<span class=\"sya_bracket\">)<\/span><\/span><div style=\"padding-left:100px\" class=\"robots-nocontent\"><cite>Para llegar al punto de inicio de la ruta de hoy, al Pico de Tarbesou, nos dirigiremos a la poblaci\u00f3n de Mijanes, a donde podemos llegar siguiendo las indicaciones escritas en la ruta del Parking de la Restanque. Dificultad :\u00a0 F\u00e1cil Recorrido :\u00a0 7&#8217;037 km. Desnivel acum.\u00a0 :\u00a0\u00a0 437 m. \u00a0 \u00a0 \u00a0 Alturas m\u00edn.\/m\u00e1x. [&hellip;]<\/cite><\/div><\/div><\/li><li class=\"\"><div class=\"sya_postcontent\"><span class=\"sya_date\">  <span class=\"sya_sep\"> <\/span><\/span><a href=\"https:\/\/www.carlosyconchita.net\/rutas\/05-08-2014-sant-miquel-de-cuxa\/\" class=\"sya_postlink post-5574\" rel=\"bookmark\">05-08-2014 &#8211; Abad\u00eda de Sant Miquel de Cux\u00e1<\/a> <span class=\"sya_categories\"><span class=\"sya_bracket\">(<\/span>0-Muy f\u00e1cil, 1 - Hasta 5 km., Conflent<span class=\"sya_bracket\">)<\/span><\/span><div style=\"padding-left:100px\" class=\"robots-nocontent\"><cite>Aprovechando que esta ma\u00f1ana hemos visitado la Abad\u00eda de Sant Mart\u00ed del Canig\u00f3, esta tarde decidimos visitar la cercana Abad\u00eda de Sant Miquel de Cux\u00e1. Para llegar a esta abadia desde Sant Martin del Canig\u00f3, volvemos\u00a0 a Vilefranche du Conflent, y desde alli nos dirigiremos a Prades. Una vez en Prades , seguiremos las se\u00f1ales [&hellip;]<\/cite><\/div><\/div><\/li><li class=\"\"><div class=\"sya_postcontent\"><span class=\"sya_date\">  <span class=\"sya_sep\"> <\/span><\/span><a href=\"https:\/\/www.carlosyconchita.net\/rutas\/05-08-2014-sant-marti-de-canigo\/\" class=\"sya_postlink post-5552\" rel=\"bookmark\">05-08-2014 &#8211; Abadia de Sant Mart\u00ed de Canig\u00f3<\/a> <span class=\"sya_categories\"><span class=\"sya_bracket\">(<\/span>1-F\u00e1cil, 2 - De 5 a 10 km., Conflent<span class=\"sya_bracket\">)<\/span><\/span><div style=\"padding-left:100px\" class=\"robots-nocontent\"><cite>La subida a la Abad\u00eda de Sant Mart\u00ed del Canig\u00f3, empieza en la poblaci\u00f3n francesa de Casteil o Castell, cerca de Vilefranche du Conflent, y decimos subida, porque una vez dejado el coche en alguna de las zonas de parking del pueblo, tenemos que subir la peque\u00f1a carretera que nos llevar\u00e1 a esta Abad\u00eda de [&hellip;]<\/cite><\/div><\/div><\/li><li class=\"\"><div class=\"sya_postcontent\"><span class=\"sya_date\">  <span class=\"sya_sep\"> <\/span><\/span><a href=\"https:\/\/www.carlosyconchita.net\/rutas\/valle-de-incles-andorra\/\" class=\"sya_postlink post-7349\" rel=\"bookmark\">Valle de Incles &#8211; Parking de la Baladosa<\/a> <span class=\"sya_categories\"><span class=\"sya_bracket\">(<\/span>0-Accesos coche, Andorra<span class=\"sya_bracket\">)<\/span><\/span><div style=\"padding-left:100px\" class=\"robots-nocontent\"><cite>El bonito valle de Incles en Andorra es punto de origen de bastantes excursiones , y su punto de acceso est\u00e1 en Soldeu. Para llegar alli desde Bourgmadame, cogemos la carretera en direccion Aix Les Termes, que nos llevar\u00e0 a Enveigt, Ur , La Tour de Carol, Port\u00e9-Puymorens, subiendo seguidamente al Coll de Puymorens. Bajaremos [&hellip;]<\/cite><\/div><\/div><\/li><li class=\"\"><div class=\"sya_postcontent\"><span class=\"sya_date\">  <span class=\"sya_sep\"> <\/span><\/span><a href=\"https:\/\/www.carlosyconchita.net\/rutas\/04-08-2014-cabana-sorda\/\" class=\"sya_postlink post-5520\" rel=\"bookmark\">04-08-2014 &#8211; Estany de La Cabana Sorda<\/a> <span class=\"sya_categories\"><span class=\"sya_bracket\">(<\/span>2-Moderada, Andorra<span class=\"sya_bracket\">)<\/span><\/span><div style=\"padding-left:100px\" class=\"robots-nocontent\"><cite>La excursi\u00f3n al Estany de la Cabana Sorda, empieza en la poblaci\u00f3n andorrana de Soldeu, en el Valle d&#8217;Incles, lugar de origen de varias excursiones a lagos de la zona. Dificultad :\u00a0 Moderada Recorrido :\u00a0 9&#8217;978 km. Desnivel acum.\u00a0 : 632 m. \u00a0 \u00a0 \u00a0 Alturas m\u00edn.\/m\u00e1x. \u00a0 :\u00a0\u00a0 1.742 \/ 2.382 m. Tiempo total [&hellip;]<\/cite><\/div><\/div><\/li><li class=\"\"><div class=\"sya_postcontent\"><span class=\"sya_date\">  <span class=\"sya_sep\"> <\/span><\/span><a href=\"https:\/\/www.carlosyconchita.net\/rutas\/27-07-2014-la-tour-cerdane\/\" class=\"sya_postlink post-5458\" rel=\"bookmark\">27-07-2014 &#8211; La Torre de la Cerdanya (La Tour Cerdane)<\/a> <span class=\"sya_categories\"><span class=\"sya_bracket\">(<\/span>0-Muy f\u00e1cil, Port\u00e9-Puymorens<span class=\"sya_bracket\">)<\/span><\/span><div style=\"padding-left:100px\" class=\"robots-nocontent\"><cite>Esta peque\u00f1a excursi\u00f3n a\u00a0La Torre de la Cerdanya (La Tour Cerdane) que ten\u00edamos desde hace tiempo en la lista de cosas pendientes , se nos iba quedando olvidada al ser tan cortita, por lo que finalmente nos hemos decidido a hacer en el mismo dia \u00e9sta y la de la Baseta de Mercader, por estar [&hellip;]<\/cite><\/div><\/div><\/li><li class=\"\"><div class=\"sya_postcontent\"><span class=\"sya_date\">  <span class=\"sya_sep\"> <\/span><\/span><a href=\"https:\/\/www.carlosyconchita.net\/rutas\/27-07-2014-baseta-de-mercader\/\" class=\"sya_postlink post-5432\" rel=\"bookmark\">27-07-2014 &#8211;  Baseta de Mercader<\/a> <span class=\"sya_categories\"><span class=\"sya_bracket\">(<\/span>0-Muy f\u00e1cil, 1 - Hasta 5 km., Port\u00e9-Puymorens<span class=\"sya_bracket\">)<\/span><\/span><div style=\"padding-left:100px\" class=\"robots-nocontent\"><cite>&nbsp; La excursi\u00f3n de hoy a la Baseta de Mercader es muy cortita y f\u00e1cil, y nos llevar\u00e1 a un peque\u00f1o estanque (La Baseta de Mercader), y que el dia que fuimos a la Coma d&#8217;Or\u00a0 (01-11-2012 \u2013 Estany de Coma D\u2019Or ) , solo pudimos ver desde arriba y a lo lejos, ya que [&hellip;]<\/cite><\/div><\/div><\/li><li class=\"\"><div class=\"sya_postcontent\"><span class=\"sya_date\">  <span class=\"sya_sep\"> <\/span><\/span><a href=\"https:\/\/www.carlosyconchita.net\/rutas\/06-07-2014-valle-de-eyne\/\" class=\"sya_postlink post-5272\" rel=\"bookmark\">06-07-2014 &#8211;  Valle de Eyne<\/a> <span class=\"sya_categories\"><span class=\"sya_bracket\">(<\/span>1-F\u00e1cil, 2 - De 5 a 10 km., Saillagosa<span class=\"sya_bracket\">)<\/span><\/span><div style=\"padding-left:100px\" class=\"robots-nocontent\"><cite>Esta excursi\u00f3n al Valle de Eyne nos permitir\u00e1 descubir este bonito valle, conocido como el valle de las flores, considerado como Reserva Natural, y que ha sido visitado , seg\u00fan los paneles informativos y folletos, por millones de personas A pesar de tenerlo tan cerca, hasta ahora no nos hab\u00edamos decidido a visitarlo y realmente [&hellip;]<\/cite><\/div><\/div><\/li><li class=\"\"><div class=\"sya_postcontent\"><span class=\"sya_date\">  <span class=\"sya_sep\"> <\/span><\/span><a href=\"https:\/\/www.carlosyconchita.net\/rutas\/05-07-2014-lagos-rabassoles-bleu-y-roc-de-brague\/\" class=\"sya_postlink post-5281\" rel=\"bookmark\">05-07-2014 &#8211; Lagos Rabassoles, Bleu y Roc de Brague<\/a> <span class=\"sya_categories\"><span class=\"sya_bracket\">(<\/span>2 - De 5 a 10 km., 2-Moderada, Ari\u00e8ge<span class=\"sya_bracket\">)<\/span><\/span><div style=\"padding-left:100px\" class=\"robots-nocontent\"><cite>La bonita excursi\u00f3n a los Lagos Rabassoles, Bleu y Roc de Brague empieza en nuestro bien conocido parking de la Restanque, al que podemos llegar seg\u00fan las indicaciones publicadas en\u00a0\u00a0\u00a0\u00a0\u00a0\u00a0 Parking de la Restanque \u2013 Acceso en coche Por la carretera , nos encontramos con unos tranquilos \u00abhabitantes\u00bb, que no se inmutan lo m\u00e1s m\u00ednimo [&hellip;]<\/cite><\/div><\/div><\/li><li class=\"\"><div class=\"sya_postcontent\"><span class=\"sya_date\">  <span class=\"sya_sep\"> <\/span><\/span><a href=\"https:\/\/www.carlosyconchita.net\/rutas\/22-06-2014-estany-del-diable\/\" class=\"sya_postlink post-5202\" rel=\"bookmark\">22-06-2014 &#8211; Estany del Diable<\/a> <span class=\"sya_categories\"><span class=\"sya_bracket\">(<\/span>2-Moderada, 3 - De 10 a 15 km., Formigueres \/ Puyvalador<span class=\"sya_bracket\">)<\/span><\/span><div style=\"padding-left:100px\" class=\"robots-nocontent\"><cite>La excursi\u00f3n de hoy al Estany del Diable empieza en el peque\u00f1o pueblo de Esposouille, y recorreremos todo el bonito valle del rio Galba siguiendo este rio, hasta llegar al Estany del Diable, situado en lo que parece un volcan. Este lago no tiene ningun rio de entrada ni de salida, y permanece congelado buena [&hellip;]<\/cite><\/div><\/div><\/li><li class=\"\"><div class=\"sya_postcontent\"><span class=\"sya_date\">  <span class=\"sya_sep\"> <\/span><\/span><a href=\"https:\/\/www.carlosyconchita.net\/rutas\/21-06-2014-gorges-de-caranca\/\" class=\"sya_postlink post-5142\" rel=\"bookmark\">21-06-2014 &#8211; Gorges de Caran\u00e7a<\/a> <span class=\"sya_categories\"><span class=\"sya_bracket\">(<\/span>2-Moderada, 3 - De 10 a 15 km., Conflent<span class=\"sya_bracket\">)<\/span><\/span><div style=\"padding-left:100px\" class=\"robots-nocontent\"><cite>&nbsp; Esta excursi\u00f3n de las Gorges de Caran\u00e7a, ya la habiamos hecho hace un par de a\u00f1os, pero la hemos repetido ahora con unos amigos que no la conocian. (ver\u00a0 26-05-2012 &#8211; Gorges de Caran\u00e7\u00e1\u00a0 ) De paso nos ha servido para aclararnos un poco con los letreros e indicaciones que nos encontramos, y que [&hellip;]<\/cite><\/div><\/div><\/li><li class=\"\"><div class=\"sya_postcontent\"><span class=\"sya_date\">  <span class=\"sya_sep\"> <\/span><\/span><a href=\"https:\/\/www.carlosyconchita.net\/rutas\/09-06-2014-moletes-darany-beseit\/\" class=\"sya_postlink post-5080\" rel=\"bookmark\">08-06-2014 &#8211; Moletes d&#8217;Arany (Beseit)<\/a> <span class=\"sya_categories\"><span class=\"sya_bracket\">(<\/span>2 - De 5 a 10 km., 2-Moderada, Teruel<span class=\"sya_bracket\">)<\/span><\/span><div style=\"padding-left:100px\" class=\"robots-nocontent\"><cite>La ruta de las Moletes d&#8217;Arany (Beseit), empieza en el mismo parking dels Parrisals, y para llegar al punto de inicio seguimos de momento el mismo camino ancho y plano que recorrimos en la ruta de Los Parrisals. &nbsp; Dificultad :\u00a0 Moderada Recorrido : 6&#8217;920 km. (7&#8217;920 km.:ver nota) Desnivel acum.\u00a0 : 542 m. \u00a0 [&hellip;]<\/cite><\/div><\/div><\/li><li class=\"\"><div class=\"sya_postcontent\"><span class=\"sya_date\">  <span class=\"sya_sep\"> <\/span><\/span><a href=\"https:\/\/www.carlosyconchita.net\/rutas\/07-06-2014-embalse-de-pena-tour-casi-circular\/\" class=\"sya_postlink post-5060\" rel=\"bookmark\">07-06-2014 &#8211; Embalse de Pena (tour casi circular)<\/a> <span class=\"sya_categories\"><span class=\"sya_bracket\">(<\/span>2-Moderada, 3 - De 10 a 15 km., Teruel<span class=\"sya_bracket\">)<\/span><\/span><div style=\"padding-left:100px\" class=\"robots-nocontent\"><cite>Siguiendo con nuestra costumbre de dar la vuelta circular a los embalses o lagos con los que tropezamos, y dado que la excursi\u00f3n de esta ma\u00f1ana als Parrisals la habiamos terminado a la hora de comer, esta tarde se nos ha ocurrido hacer esta ruta al Embalse de Pena , que en principio no deb\u00eda [&hellip;]<\/cite><\/div><\/div><\/li><li class=\"\"><div class=\"sya_postcontent\"><span class=\"sya_date\">  <span class=\"sya_sep\"> <\/span><\/span><a href=\"https:\/\/www.carlosyconchita.net\/rutas\/07-06-2014-els-parrisals-beseit\/\" class=\"sya_postlink post-5029\" rel=\"bookmark\">07-06-2014 &#8211; Els Parrisals (Beseit)<\/a> <span class=\"sya_categories\"><span class=\"sya_bracket\">(<\/span>1-F\u00e1cil, 3 - De 10 a 15 km., Teruel<span class=\"sya_bracket\">)<\/span><\/span><div style=\"padding-left:100px\" class=\"robots-nocontent\"><cite>La excursi\u00f3n de \u00abEls Parrisals\u00bb que hemos hecho hoy es una t\u00edpica de la zona de Beseit, por no decir la m\u00e1s famosa, y consiste en seguir el recorrido del rio Matarranyas desde el citado pueblo, hasta la zona conocida como los Estrechos o Estrets, en donde el cauce se estrecha entre las paredes de [&hellip;]<\/cite><\/div><\/div><\/li><li class=\"\"><div class=\"sya_postcontent\"><span class=\"sya_date\">  <span class=\"sya_sep\"> <\/span><\/span><a href=\"https:\/\/www.carlosyconchita.net\/rutas\/06-06-2014-la-pesquera\/\" class=\"sya_postlink post-4990\" rel=\"bookmark\">06-06-2014 &#8211; La Pesquera (Beseit)<\/a> <span class=\"sya_categories\"><span class=\"sya_bracket\">(<\/span>0-Muy f\u00e1cil, 2 - De 5 a 10 km., Teruel<span class=\"sya_bracket\">)<\/span><\/span><div style=\"padding-left:100px\" class=\"robots-nocontent\"><cite>&nbsp; La zona\u00a0 de La Pesquera (Beseit), es una zona a lo largo del valle por donde pasa el rio Ulldem\u00f3, con 16 peque\u00f1as zonas de parking, que en realidad son peque\u00f1os espacios al lado del camino de tierra en que consiste el recorrido. Es una zona en la que en verano se puede ba\u00f1ar [&hellip;]<\/cite><\/div><\/div><\/li><li class=\"\"><div class=\"sya_postcontent\"><span class=\"sya_date\">  <span class=\"sya_sep\"> <\/span><\/span><a href=\"https:\/\/www.carlosyconchita.net\/rutas\/06-06-2014-el-salt-de-la-portellada\/\" class=\"sya_postlink post-4955\" rel=\"bookmark\">06-06-2014 &#8211; El Salt de la Portellada<\/a> <span class=\"sya_categories\"><span class=\"sya_bracket\">(<\/span>0-Muy f\u00e1cil, Teruel<span class=\"sya_bracket\">)<\/span><\/span><div style=\"padding-left:100px\" class=\"robots-nocontent\"><cite>Aunque la ruta del Salt de la Portellada no es una ruta tal como la entendemos nosotros, es decir que no ha sido una excursi\u00f3n caminando un monton de kms. , la ponemos aqui porque el paraje vale la pena. El track que ponemos al final de la ruta es el recorrido en coche desde [&hellip;]<\/cite><\/div><\/div><\/li><li class=\"\"><div class=\"sya_postcontent\"><span class=\"sya_date\">  <span class=\"sya_sep\"> <\/span><\/span><a href=\"https:\/\/www.carlosyconchita.net\/rutas\/09-06-2014-calaceite-fotos\/\" class=\"sya_postlink post-4952\" rel=\"bookmark\">09-06-2014 &#8211; Calaceite : fotos<\/a> <span class=\"sya_categories\"><span class=\"sya_bracket\">(<\/span>0-Fotos, Teruel<span class=\"sya_bracket\">)<\/span><\/span><div style=\"padding-left:100px\" class=\"robots-nocontent\"><cite>Nota : no es nuestra intenci\u00f3n hacer un resumen hist\u00f3rico de los pueblos o ciudades que visitamos, sino simplemente un resumen fotogr\u00e1fico de los puntos mas caracter\u00edsticos o que nos han gustado m\u00e1s. Creemos que se pueden buscar datos hist\u00f3ricos en Internet en un mont\u00f3n de webs, o en Wikipedia, y lo que no vamos [&hellip;]<\/cite><\/div><\/div><\/li><li class=\"\"><div class=\"sya_postcontent\"><span class=\"sya_date\">  <span class=\"sya_sep\"> <\/span><\/span><a href=\"https:\/\/www.carlosyconchita.net\/rutas\/09-06-2014-cretas-fotos\/\" class=\"sya_postlink post-4950\" rel=\"bookmark\">09-06-2014 &#8211; Cretas : fotos<\/a> <span class=\"sya_categories\"><span class=\"sya_bracket\">(<\/span>0-Fotos, Teruel<span class=\"sya_bracket\">)<\/span><\/span><div style=\"padding-left:100px\" class=\"robots-nocontent\"><cite>Nota : no es nuestra intenci\u00f3n hacer un resumen hist\u00f3rico de los pueblos o ciudades que visitamos, sino simplemente un resumen fotogr\u00e1fico de los puntos mas caracter\u00edsticos o que nos han gustado m\u00e1s. Creemos que se pueden buscar datos hist\u00f3ricos en Internet en un mont\u00f3n de webs, o en Wikipedia, y lo que no vamos [&hellip;]<\/cite><\/div><\/div><\/li><li class=\"\"><div class=\"sya_postcontent\"><span class=\"sya_date\">  <span class=\"sya_sep\"> <\/span><\/span><a href=\"https:\/\/www.carlosyconchita.net\/rutas\/09-06-2014-mini-vacaciones-en-beceit\/\" class=\"sya_postlink post-4910\" rel=\"bookmark\">09-06-2014 &#8211; Mini-vacaciones en Beseit (resumen)<\/a> <span class=\"sya_categories\"><span class=\"sya_bracket\">(<\/span>Teruel<span class=\"sya_bracket\">)<\/span><\/span><div style=\"padding-left:100px\" class=\"robots-nocontent\"><cite>Aprovechando que el dia 9 era fiesta en muchas poblaciones de Catalunya, y que adem\u00e1s es nuestro aniversario de boda y cumplea\u00f1os de Conchita, hemos podido organizarnos para hacer fiesta desde el jueves dia 5 por la tarde, y cogernos 4 dias y medio de mini-vacaciones. Asi que nos dirigimos a Beseit (Teruel), para patearnos [&hellip;]<\/cite><\/div><\/div><\/li><li class=\"\"><div class=\"sya_postcontent\"><span class=\"sya_date\">  <span class=\"sya_sep\"> <\/span><\/span><a href=\"https:\/\/www.carlosyconchita.net\/rutas\/08-06-2014-penarroya-de-tastavins-fotos\/\" class=\"sya_postlink post-4948\" rel=\"bookmark\">08-06-2014 &#8211; Pe\u00f1arroya de Tastavins: fotos<\/a> <span class=\"sya_categories\"><span class=\"sya_bracket\">(<\/span>0-Fotos, Teruel<span class=\"sya_bracket\">)<\/span><\/span><div style=\"padding-left:100px\" class=\"robots-nocontent\"><cite>Nota : no es nuestra intenci\u00f3n hacer un resumen hist\u00f3rico de los pueblos o ciudades que visitamos, sino simplemente un resumen fotogr\u00e1fico de los puntos mas caracter\u00edsticos o que nos han gustado m\u00e1s. Creemos que se pueden buscar datos hist\u00f3ricos en Internet en un mont\u00f3n de webs, o en Wikipedia, y lo que no vamos [&hellip;]<\/cite><\/div><\/div><\/li><li class=\"\"><div class=\"sya_postcontent\"><span class=\"sya_date\">  <span class=\"sya_sep\"> <\/span><\/span><a href=\"https:\/\/www.carlosyconchita.net\/rutas\/06-06-2014-valderrobres-fotos\/\" class=\"sya_postlink post-4945\" rel=\"bookmark\">06-06-2014 &#8211;  Valderrobres : fotos<\/a> <span class=\"sya_categories\"><span class=\"sya_bracket\">(<\/span>0-Fotos, Teruel<span class=\"sya_bracket\">)<\/span><\/span><div style=\"padding-left:100px\" class=\"robots-nocontent\"><cite>&nbsp; Nota : no es nuestra intenci\u00f3n hacer un resumen hist\u00f3rico de los pueblos o ciudades que visitamos, sino simplemente un resumen fotogr\u00e1fico de los puntos mas caracter\u00edsticos o que nos han gustado m\u00e1s. Creemos que se pueden buscar datos hist\u00f3ricos en Internet en un mont\u00f3n de webs, o en Wikipedia, y lo que no [&hellip;]<\/cite><\/div><\/div><\/li><li class=\"\"><div class=\"sya_postcontent\"><span class=\"sya_date\">  <span class=\"sya_sep\"> <\/span><\/span><a href=\"https:\/\/www.carlosyconchita.net\/rutas\/05-06-2014-beseit-fotos\/\" class=\"sya_postlink post-4937\" rel=\"bookmark\">05-06-2014 &#8211; Beseit : fotos<\/a> <span class=\"sya_categories\"><span class=\"sya_bracket\">(<\/span>0-Fotos, Teruel<span class=\"sya_bracket\">)<\/span><\/span><div style=\"padding-left:100px\" class=\"robots-nocontent\"><cite>Nota : no es nuestra intenci\u00f3n hacer un resumen hist\u00f3rico de los pueblos o ciudades que visitamos, sino simplemente un resumen fotogr\u00e1fico de los puntos mas caracter\u00edsticos o que nos han gustado m\u00e1s. Creemos que se pueden buscar datos hist\u00f3ricos en Internet en un mont\u00f3n de webs, o en Wikipedia, y lo que no vamos [&hellip;]<\/cite><\/div><\/div><\/li><li class=\"\"><div class=\"sya_postcontent\"><span class=\"sya_date\">  <span class=\"sya_sep\"> <\/span><\/span><a href=\"https:\/\/www.carlosyconchita.net\/rutas\/01-06-2014-ordal-moncau-forellat-puig-dagulles-copy\/\" class=\"sya_postlink post-15385\" rel=\"bookmark\">01-06-2014 &#8211; Ordal, Moncau,  Puig d&#8217;Agulles (100 Cims)<\/a> <span class=\"sya_categories\"><span class=\"sya_bracket\">(<\/span>100 Cims Carlos y Conchita, 100 Cims FEEC, 2-Moderada, 3 - De 10 a 15 km., Ordal<span class=\"sya_bracket\">)<\/span><\/span><div style=\"padding-left:100px\" class=\"robots-nocontent\"><cite>Excursi\u00f3n por la zona del Ordal, que empieza en el pueblo de este mismo nombre, pasando por el Moncau, el Roc Forellac, Puig d&#8217;Agulles, canteras y Creu d&#8217;Ordal, para volver despu\u00e9s al punto de inicio. Resumen de la ruta &nbsp; Dificultad :\u00a0 Moderado Recorrido : 13&#8217;518 km. Desnivel :\u00a0 616\u00a0 m. \u00a0 \u00a0 \u00a0 Alturas\u00a0 [&hellip;]<\/cite><\/div><\/div><\/li><li class=\"\"><div class=\"sya_postcontent\"><span class=\"sya_date\">  <span class=\"sya_sep\"> <\/span><\/span><a href=\"https:\/\/www.carlosyconchita.net\/rutas\/18-05-2014-roc-de-la-calme\/\" class=\"sya_postlink post-4510\" rel=\"bookmark\">18-05-2014 &#8211; Roc de la Calme, Bolqu\u00e9re-Pyren\u00e9es 2000<\/a> <span class=\"sya_categories\"><span class=\"sya_bracket\">(<\/span>0-Muy f\u00e1cil, 100 Cims Carlos y Conchita, 2 - De 5 a 10 km., Font Romeu<span class=\"sya_bracket\">)<\/span><\/span><div style=\"padding-left:100px\" class=\"robots-nocontent\"><cite>Hoy hemos elegido esta sencilla excursi\u00f3n al Roc de la Calme, zona Bolqu\u00e9re-Pyren\u00e9es 2000,\u00a0 que en parte se superpone con la que hicimos con raquetas por la misma zona ( ver\u00a0 14-04-2013 \u2013 Pla de la Calme \u2013 Pic dels Moros (raquetas) ) &nbsp; Dificultad :\u00a0 Muy f\u00e1cil \u00a0\u00a0\u00a0\u00a0\u00a0\u00a0\u00a0\u00a0\u00a0\u00a0\u00a0\u00a0\u00a0\u00a0\u00a0 \u00a0 \u00a0 \u00a0 \u00a0 \u00a0 \u00a0 [&hellip;]<\/cite><\/div><\/div><\/li><li class=\"\"><div class=\"sya_postcontent\"><span class=\"sya_date\">  <span class=\"sya_sep\"> <\/span><\/span><a href=\"https:\/\/www.carlosyconchita.net\/rutas\/17-05-2014-estana-prat-de-cadi-canal-de-cristall\/\" class=\"sya_postlink post-4452\" rel=\"bookmark\">17-05-2014 &#8211; Estana, Prat de Cad\u00ed, Canal de Cristall<\/a> <span class=\"sya_categories\"><span class=\"sya_bracket\">(<\/span>2-Moderada, 3 - De 10 a 15 km., 3-Dif\u00edcil, Cerdanya Sur-Cad\u00ed-Moixer\u00f3<span class=\"sya_bracket\">)<\/span><\/span><div style=\"padding-left:100px\" class=\"robots-nocontent\"><cite>Despu\u00e9s de nuestra ruta de hace 15 dias por esta zona, y vistos los bonitos paisajes de la sierra del Cad\u00ed-Moixer\u00f3, hemos elegido el recorrido Estana, Prat de Cad\u00ed, Canal de Cristall. Dificultad :\u00a0 Moderada-Dificil\u00a0\u00a0\u00a0\u00a0\u00a0\u00a0\u00a0\u00a0\u00a0\u00a0\u00a0\u00a0\u00a0\u00a0\u00a0\u00a0\u00a0\u00a0\u00a0\u00a0\u00a0 \u00a0 \u00a0 \u00a0 \u00a0 \u00a0 \u00a0\u00a0 Recorrido :\u00a0 11&#8217;010 km. \u00a0Desnivel :\u00a0 717 m. \u00a0 \u00a0 \u00a0 \u00a0 \u00a0 \u00a0 [&hellip;]<\/cite><\/div><\/div><\/li><li class=\"\"><div class=\"sya_postcontent\"><span class=\"sya_date\">  <span class=\"sya_sep\"> <\/span><\/span><a href=\"https:\/\/www.carlosyconchita.net\/rutas\/04-05-2014-lago-de-rabassoles-intento-fallido\/\" class=\"sya_postlink post-4414\" rel=\"bookmark\">04-05-2014 &#8211; Paseo por la Restanque : intento fallido Lago de Rabassoles<\/a> <span class=\"sya_categories\"><span class=\"sya_bracket\">(<\/span>0-Muy f\u00e1cil, 2 - De 5 a 10 km., Ari\u00e8ge<span class=\"sya_bracket\">)<\/span><\/span><div style=\"padding-left:100px\" class=\"robots-nocontent\"><cite>Nuestra idea hoy era ir de nuevo al lago de Rabassoles (ya habiamos ido el dia :\u00a0 25-08-2012 \u2013 Lac de Rabassoles, Lac Bleu y Lac Noir ) , para \u00abunir\u00bb dos de nuestras rutas anteriores. &nbsp; Dificultad :\u00a0 Muy f\u00e1cil \u00a0 \u00a0\u00a0\u00a0\u00a0\u00a0\u00a0\u00a0\u00a0\u00a0\u00a0\u00a0\u00a0\u00a0\u00a0\u00a0\u00a0\u00a0\u00a0\u00a0\u00a0\u00a0\u00a0\u00a0\u00a0\u00a0\u00a0\u00a0\u00a0\u00a0\u00a0\u00a0\u00a0\u00a0\u00a0\u00a0\u00a0\u00a0\u00a0 \u00a0 \u00a0 \u00a0 \u00a0 \u00a0 \u00a0\u00a0 Recorrido :\u00a0 5\u2019326 km. \u00a0Desnivel :\u00a0 [&hellip;]<\/cite><\/div><\/div><\/li><li class=\"\"><div class=\"sya_postcontent\"><span class=\"sya_date\">  <span class=\"sya_sep\"> <\/span><\/span><a href=\"https:\/\/www.carlosyconchita.net\/rutas\/03-05-2014-lago-de-passet\/\" class=\"sya_postlink post-4392\" rel=\"bookmark\">03-05-2014 &#8211; Lago de Passet<\/a> <span class=\"sya_categories\"><span class=\"sya_bracket\">(<\/span>1-F\u00e1cil, 2 - De 5 a 10 km., Port\u00e9-Puymorens<span class=\"sya_bracket\">)<\/span><\/span><div style=\"padding-left:100px\" class=\"robots-nocontent\"><cite>Dificultad :\u00a0 F\u00e1cil \u00a0 \u00a0\u00a0\u00a0\u00a0\u00a0\u00a0\u00a0\u00a0\u00a0\u00a0\u00a0\u00a0\u00a0\u00a0\u00a0\u00a0\u00a0\u00a0\u00a0\u00a0\u00a0\u00a0\u00a0\u00a0\u00a0\u00a0\u00a0\u00a0\u00a0\u00a0\u00a0\u00a0\u00a0\u00a0\u00a0\u00a0\u00a0\u00a0 \u00a0 \u00a0 \u00a0 \u00a0 \u00a0 \u00a0\u00a0 Recorrido :\u00a0 10\u2019179 km. \u00a0Desnivel :\u00a0 463 m. \u00a0 \u00a0 \u00a0 \u00a0 \u00a0 \u00a0 \u00a0 \u00a0 \u00a0 \u00a0 \u00a0 \u00a0 \u00a0 \u00a0 \u00a0 \u00a0 \u00a0 \u00a0 \u00a0 \u00a0 \u00a0 \u00a0 \u00a0 \u00a0 \u00a0\u00a0 Alturas :\u00a0 1.586 \/ 1.776 Tiempo total :\u00a0 3 h. 35 [&hellip;]<\/cite><\/div><\/div><\/li><li class=\"\"><div class=\"sya_postcontent\"><span class=\"sya_date\">  <span class=\"sya_sep\"> <\/span><\/span><a href=\"https:\/\/www.carlosyconchita.net\/rutas\/02-05-2014-la-cabanasse-mont-louis\/\" class=\"sya_postlink post-4373\" rel=\"bookmark\">02-05-2014 &#8211; La Cabanasse &#8211; Murallas de Mont Louis<\/a> <span class=\"sya_categories\"><span class=\"sya_bracket\">(<\/span>0-Muy f\u00e1cil, 2 - De 5 a 10 km., Saillagosa<span class=\"sya_bracket\">)<\/span><\/span><div style=\"padding-left:100px\" class=\"robots-nocontent\"><cite>&nbsp; Dificultad :\u00a0 Muy f\u00e1cil \u00a0 \u00a0\u00a0\u00a0\u00a0\u00a0\u00a0\u00a0\u00a0\u00a0\u00a0\u00a0\u00a0\u00a0\u00a0\u00a0\u00a0\u00a0\u00a0\u00a0\u00a0\u00a0\u00a0\u00a0\u00a0\u00a0\u00a0\u00a0\u00a0\u00a0\u00a0\u00a0\u00a0\u00a0\u00a0\u00a0\u00a0\u00a0\u00a0\u00a0\u00a0 Recorrido :\u00a0 6\u2019170 km. \u00a0Desnivel :\u00a0 305 m. \u00a0 \u00a0 \u00a0 \u00a0 \u00a0 \u00a0 \u00a0 \u00a0 \u00a0 \u00a0 \u00a0 \u00a0 \u00a0 \u00a0 \u00a0 \u00a0 \u00a0 \u00a0 \u00a0 \u00a0 \u00a0 \u00a0 \u00a0 \u00a0 \u00a0\u00a0 Alturas :\u00a0 1.426 \/ 1.637 Tiempo total :\u00a0 2 h. 28 m.\u00a0\u00a0\u00a0\u00a0\u00a0\u00a0\u00a0\u00a0\u00a0\u00a0\u00a0\u00a0\u00a0\u00a0\u00a0\u00a0\u00a0\u00a0\u00a0\u00a0\u00a0\u00a0\u00a0\u00a0\u00a0\u00a0\u00a0\u00a0\u00a0\u00a0\u00a0\u00a0\u00a0\u00a0\u00a0\u00a0\u00a0\u00a0\u00a0\u00a0\u00a0 Velocidad media :\u00a0 [&hellip;]<\/cite><\/div><\/div><\/li><li class=\"\"><div class=\"sya_postcontent\"><span class=\"sya_date\">  <span class=\"sya_sep\"> <\/span><\/span><a href=\"https:\/\/www.carlosyconchita.net\/rutas\/02-05-2014-nevada-en-porte-puymorens\/\" class=\"sya_postlink post-4368\" rel=\"bookmark\">02-05-2014 &#8211; Nevada en Port\u00e9-Puymorens<\/a> <span class=\"sya_categories\"><span class=\"sya_bracket\">(<\/span>0-Accesos coche<span class=\"sya_bracket\">)<\/span><\/span><div style=\"padding-left:100px\" class=\"robots-nocontent\"><cite>&nbsp; Hoy hemos hecho un intento de excursi\u00f3n en la zona de Port\u00e9-Puymorens, ya que el dia habia empezado con mucha niebla y mal pronostico, por lo que a primera hora no salimos hacia el Parking de la Restanque, que es donde teniamos previsto empezar una ruta algo larga. Despu\u00e9s pareci\u00f3 que el dia se [&hellip;]<\/cite><\/div><\/div><\/li><li class=\"\"><div class=\"sya_postcontent\"><span class=\"sya_date\">  <span class=\"sya_sep\"> <\/span><\/span><a href=\"https:\/\/www.carlosyconchita.net\/rutas\/01-05-2014-querforadat-beixec-estana\/\" class=\"sya_postlink post-4343\" rel=\"bookmark\">01-05-2014 &#8211; Querforadat , B\u00e9ixec, Estana<\/a> <span class=\"sya_categories\"><span class=\"sya_bracket\">(<\/span>2-Moderada, 3 - De 10 a 15 km., Cerdanya Sur-Cad\u00ed-Moixer\u00f3<span class=\"sya_bracket\">)<\/span><\/span><div style=\"padding-left:100px\" class=\"robots-nocontent\"><cite>&nbsp; Dificultad :\u00a0 Moderada \u00a0\u00a0 \u00a0\u00a0\u00a0\u00a0\u00a0\u00a0\u00a0\u00a0\u00a0\u00a0\u00a0\u00a0\u00a0\u00a0\u00a0\u00a0\u00a0\u00a0\u00a0\u00a0\u00a0\u00a0\u00a0\u00a0\u00a0\u00a0\u00a0\u00a0\u00a0\u00a0\u00a0\u00a0\u00a0\u00a0\u00a0\u00a0\u00a0\u00a0\u00a0\u00a0 Recorrido : 15\u2019030 km. &nbsp; \u00a0Desnivel :\u00a0 693 m. \u00a0 \u00a0 \u00a0 \u00a0 \u00a0 \u00a0 \u00a0 \u00a0 \u00a0 \u00a0 \u00a0 \u00a0 \u00a0 \u00a0 \u00a0 \u00a0 \u00a0 \u00a0 \u00a0 \u00a0 \u00a0 \u00a0 \u00a0 \u00a0 \u00a0\u00a0 Alturas :\u00a0 1.164 \/ 1.506 &nbsp; Tiempo total :\u00a0 5 h. 58 m.\u00a0\u00a0\u00a0\u00a0\u00a0\u00a0\u00a0\u00a0\u00a0\u00a0\u00a0\u00a0\u00a0\u00a0\u00a0\u00a0\u00a0\u00a0\u00a0\u00a0\u00a0\u00a0\u00a0\u00a0\u00a0\u00a0\u00a0\u00a0\u00a0\u00a0\u00a0\u00a0\u00a0\u00a0\u00a0\u00a0\u00a0\u00a0\u00a0\u00a0\u00a0 Velocidad media [&hellip;]<\/cite><\/div><\/div><\/li><li class=\"\"><div class=\"sya_postcontent\"><span class=\"sya_date\">  <span class=\"sya_sep\"> <\/span><\/span><a href=\"https:\/\/www.carlosyconchita.net\/rutas\/20-04-2014-saillagosa-verdignans-llo\/\" class=\"sya_postlink post-4276\" rel=\"bookmark\">20-04-2014 &#8211; Saillagosa &#8211; Verdignans &#8211; Llo<\/a> <span class=\"sya_categories\"><span class=\"sya_bracket\">(<\/span>0-Muy f\u00e1cil, 2 - De 5 a 10 km., Saillagosa<span class=\"sya_bracket\">)<\/span><\/span><div style=\"padding-left:100px\" class=\"robots-nocontent\"><cite>Dificultad :\u00a0 Muy f\u00e1cil\u00a0 \u00a0\u00a0\u00a0\u00a0\u00a0\u00a0\u00a0\u00a0\u00a0\u00a0\u00a0\u00a0\u00a0\u00a0\u00a0\u00a0\u00a0\u00a0\u00a0\u00a0\u00a0\u00a0\u00a0\u00a0\u00a0\u00a0\u00a0\u00a0\u00a0\u00a0\u00a0\u00a0\u00a0\u00a0\u00a0\u00a0\u00a0\u00a0\u00a0\u00a0\u00a0\u00a0 Recorrido : 5\u2019821 km. \u00a0Desnivel :\u00a0 268 m. \u00a0 \u00a0 \u00a0 \u00a0 \u00a0 \u00a0 \u00a0 \u00a0 \u00a0 \u00a0 \u00a0 \u00a0 \u00a0 \u00a0 \u00a0 \u00a0 \u00a0 \u00a0 \u00a0 \u00a0 \u00a0 \u00a0 \u00a0 \u00a0 \u00a0\u00a0 Alturas :\u00a0 1.265 \/ 1.397 Tiempo total :\u00a0 1 h. 37 m.\u00a0\u00a0\u00a0\u00a0\u00a0\u00a0\u00a0\u00a0\u00a0\u00a0\u00a0\u00a0\u00a0\u00a0\u00a0\u00a0\u00a0\u00a0\u00a0\u00a0\u00a0\u00a0\u00a0\u00a0\u00a0\u00a0\u00a0\u00a0\u00a0\u00a0\u00a0\u00a0\u00a0\u00a0\u00a0\u00a0\u00a0\u00a0\u00a0\u00a0\u00a0 Velocidad media :\u00a0 3&#8217;4 km.\/hora [&hellip;]<\/cite><\/div><\/div><\/li><li class=\"\"><div class=\"sya_postcontent\"><span class=\"sya_date\">  <span class=\"sya_sep\"> <\/span><\/span><a href=\"https:\/\/www.carlosyconchita.net\/rutas\/19-04-2014-st-pere-dels-forcats-pla-de-cambra-dase-eyne\/\" class=\"sya_postlink post-4264\" rel=\"bookmark\">19-04-2014 &#8211; Sant Pere dels Forcats-Pla de Cambra d&#8217;Ase &#8211; Eyne<\/a> <span class=\"sya_categories\"><span class=\"sya_bracket\">(<\/span>2 - De 5 a 10 km., 2-Moderada, Saillagosa<span class=\"sya_bracket\">)<\/span><\/span><div style=\"padding-left:100px\" class=\"robots-nocontent\"><cite>&nbsp; Dificultad :\u00a0 Moderada \u00a0\u00a0\u00a0\u00a0\u00a0\u00a0\u00a0\u00a0\u00a0\u00a0\u00a0\u00a0\u00a0\u00a0\u00a0\u00a0\u00a0\u00a0\u00a0\u00a0\u00a0\u00a0\u00a0\u00a0\u00a0\u00a0\u00a0\u00a0\u00a0\u00a0\u00a0\u00a0\u00a0\u00a0\u00a0\u00a0\u00a0\u00a0\u00a0\u00a0\u00a0\u00a0\u00a0 Recorrido : 7&#8217;620 km. \u00a0Desnivel :\u00a0 465 m. \u00a0 \u00a0 \u00a0 \u00a0 \u00a0 \u00a0 \u00a0 \u00a0 \u00a0 \u00a0 \u00a0 \u00a0 \u00a0 \u00a0 \u00a0 \u00a0 \u00a0 \u00a0 \u00a0 \u00a0 \u00a0 \u00a0 \u00a0 \u00a0 \u00a0\u00a0 Alturas :\u00a0 1.612 \/ 1.942 Tiempo total :\u00a0 3 h. 34 m.\u00a0\u00a0\u00a0\u00a0\u00a0\u00a0\u00a0\u00a0\u00a0\u00a0\u00a0\u00a0\u00a0\u00a0\u00a0\u00a0\u00a0\u00a0\u00a0\u00a0\u00a0\u00a0\u00a0\u00a0\u00a0\u00a0\u00a0\u00a0\u00a0\u00a0\u00a0\u00a0\u00a0\u00a0\u00a0\u00a0\u00a0\u00a0\u00a0\u00a0\u00a0 Velocidad media :\u00a0 2&#8217;0 km.\/hora [&hellip;]<\/cite><\/div><\/div><\/li><li class=\"\"><div class=\"sya_postcontent\"><span class=\"sya_date\">  <span class=\"sya_sep\"> <\/span><\/span><a href=\"https:\/\/www.carlosyconchita.net\/rutas\/18-04-2014-saillagosa-vedrignans-err\/\" class=\"sya_postlink post-4249\" rel=\"bookmark\">18-04-2014 &#8211; Saillagosa &#8211; Vedrignans &#8211; Err<\/a> <span class=\"sya_categories\"><span class=\"sya_bracket\">(<\/span>2-Moderada, 3 - De 10 a 15 km., Saillagosa<span class=\"sya_bracket\">)<\/span><\/span><div style=\"padding-left:100px\" class=\"robots-nocontent\"><cite>Dificultad :\u00a0 Moderada\u00a0 \u00a0\u00a0\u00a0\u00a0\u00a0\u00a0\u00a0\u00a0\u00a0\u00a0\u00a0\u00a0\u00a0\u00a0\u00a0\u00a0\u00a0\u00a0\u00a0\u00a0\u00a0\u00a0\u00a0\u00a0\u00a0\u00a0\u00a0\u00a0\u00a0\u00a0\u00a0\u00a0\u00a0\u00a0\u00a0\u00a0\u00a0\u00a0\u00a0 Recorrido : 14\u2019500 km. \u00a0Desnivel :\u00a0 713 m. \u00a0 \u00a0 \u00a0 \u00a0 \u00a0 \u00a0 \u00a0 \u00a0 \u00a0 \u00a0 \u00a0 \u00a0 \u00a0 \u00a0 \u00a0 \u00a0 \u00a0 \u00a0 \u00a0 \u00a0 \u00a0 \u00a0 \u00a0\u00a0 Alturas :\u00a0 1.287 \/ 1.857 m. Tiempo total :\u00a0 5h. 38 m.\u00a0\u00a0\u00a0\u00a0\u00a0\u00a0\u00a0\u00a0\u00a0\u00a0\u00a0\u00a0\u00a0\u00a0\u00a0\u00a0\u00a0\u00a0\u00a0\u00a0\u00a0\u00a0\u00a0\u00a0\u00a0\u00a0\u00a0\u00a0\u00a0\u00a0\u00a0\u00a0\u00a0\u00a0\u00a0\u00a0\u00a0 Velocidad media :\u00a0 2\u201959 km.\/hora Tiempo movimiento :\u00a0 [&hellip;]<\/cite><\/div><\/div><\/li><li class=\"\"><div class=\"sya_postcontent\"><span class=\"sya_date\">  <span class=\"sya_sep\"> <\/span><\/span><a href=\"https:\/\/www.carlosyconchita.net\/rutas\/17-04-2014-cabanasse-coll-de-la-perche-santt-pere-dels-forcats\/\" class=\"sya_postlink post-4235\" rel=\"bookmark\">17-04-2014 &#8211; Cabanasse &#8211; Coll de la Perche &#8211; Sant Pere dels Forcats<\/a> <span class=\"sya_categories\"><span class=\"sya_bracket\">(<\/span>1-F\u00e1cil, 2 - De 5 a 10 km., Saillagosa<span class=\"sya_bracket\">)<\/span><\/span><div style=\"padding-left:100px\" class=\"robots-nocontent\"><cite>&nbsp; Dificultad :\u00a0 F\u00e1cil\u00a0\u00a0\u00a0\u00a0\u00a0\u00a0\u00a0\u00a0\u00a0\u00a0\u00a0\u00a0\u00a0\u00a0\u00a0\u00a0\u00a0\u00a0\u00a0\u00a0\u00a0\u00a0\u00a0\u00a0\u00a0\u00a0\u00a0\u00a0\u00a0\u00a0\u00a0\u00a0\u00a0\u00a0\u00a0\u00a0\u00a0\u00a0\u00a0\u00a0\u00a0\u00a0\u00a0\u00a0\u00a0\u00a0\u00a0\u00a0\u00a0 Recorrido : 9&#8217;140 km. \u00a0Desnivel :\u00a0 260 m. \u00a0 \u00a0 \u00a0 \u00a0 \u00a0 \u00a0 \u00a0 \u00a0 \u00a0 \u00a0 \u00a0 \u00a0 \u00a0 \u00a0 \u00a0 \u00a0 \u00a0 \u00a0 \u00a0 \u00a0 \u00a0 \u00a0 \u00a0\u00a0 Alturas :\u00a0 1.455 \/ 1.603 m. Tiempo total :\u00a0 3h. 1m.\u00a0\u00a0\u00a0\u00a0\u00a0\u00a0\u00a0\u00a0\u00a0\u00a0\u00a0\u00a0\u00a0\u00a0\u00a0\u00a0\u00a0\u00a0\u00a0\u00a0\u00a0\u00a0\u00a0\u00a0\u00a0\u00a0\u00a0\u00a0\u00a0\u00a0\u00a0\u00a0\u00a0\u00a0\u00a0\u00a0\u00a0 Velocidad media :\u00a0 2&#8217;9 km.\/hora Tiempo movimiento :\u00a0 2h. [&hellip;]<\/cite><\/div><\/div><\/li><li class=\"\"><div class=\"sya_postcontent\"><span class=\"sya_date\">  <span class=\"sya_sep\"> <\/span><\/span><a href=\"https:\/\/www.carlosyconchita.net\/rutas\/2008-turquia\/\" class=\"sya_postlink post-4216\" rel=\"bookmark\">Fotos Turqu\u00eda 2008<\/a> <span class=\"sya_categories\"><span class=\"sya_bracket\">(<\/span>0-Fotos, 0-Muy f\u00e1cil<span class=\"sya_bracket\">)<\/span><\/span><div style=\"padding-left:100px\" class=\"robots-nocontent\"><cite>Pulsar sobre el album para ver las fotos en miniatura. Pulsar sobre la primera foto para verla en tama\u00f1o grande y poner en marcha la\u00a0\u00a0\u00a0\u00a0\u00a0 reproducci\u00f3n autom\u00e1tica. Podemos parar la reproducci\u00f3n en cualquier momento, o ver la foto que deseemos desde las miniaturas. \u00a0 [shashin type=\u00bbalbum\u00bb id=\u00bb141&#8243; size=\u00bbsmall\u00bb crop=\u00bbn\u00bb columns=\u00bbmax\u00bb caption=\u00bby\u00bb order=\u00bbdate\u00bb position=\u00bbcenter\u00bb] \u00a0 \u00a0 [&hellip;]<\/cite><\/div><\/div><\/li><li class=\"\"><div class=\"sya_postcontent\"><span class=\"sya_date\">  <span class=\"sya_sep\"> <\/span><\/span><a href=\"https:\/\/www.carlosyconchita.net\/rutas\/2008-argentina\/\" class=\"sya_postlink post-4206\" rel=\"bookmark\">Fotos Argentina 2008<\/a> <span class=\"sya_categories\"><span class=\"sya_bracket\">(<\/span>0-Fotos<span class=\"sya_bracket\">)<\/span><\/span><div style=\"padding-left:100px\" class=\"robots-nocontent\"><cite>&nbsp; 2008 Argentina &#8211; Buenos Aires 2008 Argentina &#8211; Cataratas de Iguaz\u00fa (Argentina-Brasil) 2008 Argentina &#8211; Usuahia &#8211; Tierra del Fuego 2008 Argentina &#8211; Perito Moreno y crucero &nbsp;<\/cite><\/div><\/div><\/li><li class=\"\"><div class=\"sya_postcontent\"><span class=\"sya_date\">  <span class=\"sya_sep\"> <\/span><\/span><a href=\"https:\/\/www.carlosyconchita.net\/rutas\/23-03-2014-la-cabanasse-siguiendo-el-tren-jaune\/\" class=\"sya_postlink post-4185\" rel=\"bookmark\">23-03-2014 &#8211; La Cabanasse: siguiendo el Tren Jaune<\/a> <span class=\"sya_categories\"><span class=\"sya_bracket\">(<\/span>1-F\u00e1cil, 2 - De 5 a 10 km., Saillagosa<span class=\"sya_bracket\">)<\/span><\/span><div style=\"padding-left:100px\" class=\"robots-nocontent\"><cite>Dificultad :\u00a0 F\u00e1cil\u00a0\u00a0\u00a0\u00a0\u00a0\u00a0\u00a0\u00a0\u00a0\u00a0\u00a0\u00a0\u00a0\u00a0\u00a0\u00a0\u00a0\u00a0\u00a0\u00a0\u00a0\u00a0\u00a0\u00a0\u00a0\u00a0\u00a0\u00a0\u00a0\u00a0\u00a0\u00a0\u00a0\u00a0\u00a0\u00a0\u00a0\u00a0\u00a0\u00a0\u00a0\u00a0\u00a0\u00a0\u00a0\u00a0\u00a0\u00a0\u00a0 Recorrido : 8&#8217;180 km. \u00a0Desnivel :\u00a0 475 m. \u00a0 \u00a0 \u00a0 \u00a0 \u00a0 \u00a0 \u00a0 \u00a0 \u00a0 \u00a0 \u00a0 \u00a0 \u00a0 \u00a0 \u00a0 \u00a0 \u00a0 \u00a0 \u00a0 \u00a0 \u00a0 \u00a0 \u00a0\u00a0 Alturas :\u00a0 1.308 \/ 1.523 m. Tiempo total :\u00a0 3h . 49m.\u00a0\u00a0\u00a0\u00a0\u00a0\u00a0\u00a0\u00a0\u00a0\u00a0\u00a0\u00a0\u00a0\u00a0\u00a0\u00a0\u00a0\u00a0\u00a0\u00a0\u00a0\u00a0\u00a0\u00a0\u00a0\u00a0\u00a0\u00a0\u00a0\u00a0\u00a0\u00a0\u00a0\u00a0\u00a0\u00a0\u00a0 Velocidad media :\u00a0 1&#8217;6 km.\/hora Tiempo movimiento :\u00a0 1h. [&hellip;]<\/cite><\/div><\/div><\/li><li class=\"\"><div class=\"sya_postcontent\"><span class=\"sya_date\">  <span class=\"sya_sep\"> <\/span><\/span><a href=\"https:\/\/www.carlosyconchita.net\/rutas\/fotos-2014\/\" class=\"sya_postlink post-4143\" rel=\"bookmark\">Fotos 2014<\/a> <span class=\"sya_categories\"><span class=\"sya_bracket\">(<\/span>0-Fotos<span class=\"sya_bracket\">)<\/span><\/span><div style=\"padding-left:100px\" class=\"robots-nocontent\"><cite>Nota : no es nuestra intenci\u00f3n hacer un resumen hist\u00f3rico de los pueblos o ciudades que visitamos, sino simplemente un resumen fotogr\u00e1fico de los puntos mas caracter\u00edsticos o que nos han gustado m\u00e1s. Creemos que se pueden buscar datos hist\u00f3ricos en Internet en un mont\u00f3n de webs, que lo har\u00e1n mejor que nosotros, o en [&hellip;]<\/cite><\/div><\/div><\/li><li class=\"\"><div class=\"sya_postcontent\"><span class=\"sya_date\">  <span class=\"sya_sep\"> <\/span><\/span><a href=\"https:\/\/www.carlosyconchita.net\/rutas\/22-02-2014-coll-de-creu-refugi-dels-estagnols\/\" class=\"sya_postlink post-4149\" rel=\"bookmark\">23-02-2014 &#8211; Coll de Creu &#8211; Refugi dels Estagnols (raquetas)<\/a> <span class=\"sya_categories\"><span class=\"sya_bracket\">(<\/span>2-Moderada, 3 - De 10 a 15 km., Sansa - Ayguatebia<span class=\"sya_bracket\">)<\/span><\/span><div style=\"padding-left:100px\" class=\"robots-nocontent\"><cite>Dificultad :\u00a0 Moderado \u00a0\u00a0\u00a0\u00a0\u00a0\u00a0\u00a0\u00a0\u00a0\u00a0\u00a0\u00a0\u00a0\u00a0\u00a0\u00a0\u00a0\u00a0\u00a0\u00a0\u00a0\u00a0\u00a0\u00a0\u00a0\u00a0\u00a0\u00a0\u00a0\u00a0\u00a0\u00a0\u00a0\u00a0\u00a0\u00a0\u00a0\u00a0\u00a0\u00a0\u00a0\u00a0\u00a0\u00a0 Recorrido :\u00a0 11&#8217;310 km. \u00a0 \u00a0Desnivel : 485 m. \u00a0 \u00a0 \u00a0 \u00a0 \u00a0 \u00a0 \u00a0 \u00a0 \u00a0 \u00a0 \u00a0 \u00a0 \u00a0 \u00a0 \u00a0 \u00a0 \u00a0 \u00a0 \u00a0 \u00a0 \u00a0 \u00a0 \u00a0 \u00a0\u00a0 \u00a0\u00a0 Alturas :\u00a0 1.707 \/ 1.890 \u00a0 Tiempo total :\u00a0 4 h. 48 m. \u00a0 \u00a0 \u00a0 \u00a0 [&hellip;]<\/cite><\/div><\/div><\/li><li class=\"\"><div class=\"sya_postcontent\"><span class=\"sya_date\">  <span class=\"sya_sep\"> <\/span><\/span><a href=\"https:\/\/www.carlosyconchita.net\/rutas\/05-01-2014-les-angles-2013-2014\/\" class=\"sya_postlink post-4133\" rel=\"bookmark\">05-01-2014 &#8211; Les Angles 2013-2014<\/a> <span class=\"sya_categories\"><span class=\"sya_bracket\">(<\/span>0-Esqu\u00ed, 0-Muy f\u00e1cil, Les Angles<span class=\"sya_bracket\">)<\/span><\/span><div style=\"padding-left:100px\" class=\"robots-nocontent\"><cite>Aqui podemos ver unas fotos comparando la misma zona de Les Angles, con \u00a01 a\u00f1o de diferencia : hoy , dia 05-01-2014 y hace 1 a\u00f1o, \u00a0el dia\u00a0\u00a006-01-2013 [shashin type=\u00bbphoto\u00bb id=\u00bb5544,5546,5541,5542,5540,5545,5543&#8243; size=\u00bblarge\u00bb columns=\u00bbmax\u00bb order=\u00bbuser\u00bb caption=\u00bby\u00bb position=\u00bbcenter\u00bb] &nbsp;<\/cite><\/div><\/div><\/li><li class=\"\"><div class=\"sya_postcontent\"><span class=\"sya_date\">  <span class=\"sya_sep\"> <\/span><\/span><a href=\"https:\/\/www.carlosyconchita.net\/rutas\/05-01-2014-primera-esquiada-2014\/\" class=\"sya_postlink post-4122\" rel=\"bookmark\">05-01-2014 &#8211; Primera esquiada 2014<\/a> <span class=\"sya_categories\"><span class=\"sya_bracket\">(<\/span>0-Esqu\u00ed, 0-Muy f\u00e1cil, Les Angles<span class=\"sya_bracket\">)<\/span><\/span><div style=\"padding-left:100px\" class=\"robots-nocontent\"><cite>Al igual que en a\u00f1os anteriores, iniciamos la temporada de ski ,y \u00a0tambi\u00e9n al igual que los otros a\u00f1os, en esas fechas, la estaci\u00f3n de Les Angles est\u00e1 practicamente vac\u00eda. A \u00faltima hora se nubl\u00f3 bastante, y empez\u00f3 a correr algo de viento, lo que hizo que la temperatura apreciable fuera muy baja. Hab\u00eda mucha [&hellip;]<\/cite><\/div><\/div><\/li><li class=\"\"><div class=\"sya_postcontent\"><span class=\"sya_date\">  <span class=\"sya_sep\"> <\/span><\/span><a href=\"https:\/\/www.carlosyconchita.net\/rutas\/03-01-2014-st-pere-dels-forcats-eyne-raquetas\/\" class=\"sya_postlink post-4107\" rel=\"bookmark\">03-01-2014 &#8211; St. Pere dels Forcats &#8211; Eyne (raquetas)<\/a> <span class=\"sya_categories\"><span class=\"sya_bracket\">(<\/span>0-Muy f\u00e1cil, 1 - Hasta 5 km., Saillagosa<span class=\"sya_bracket\">)<\/span><\/span><div style=\"padding-left:100px\" class=\"robots-nocontent\"><cite>Dificultad :\u00a0 Muy f\u00e1cil\u00a0\u00a0\u00a0\u00a0\u00a0\u00a0\u00a0\u00a0\u00a0\u00a0\u00a0\u00a0\u00a0\u00a0\u00a0\u00a0\u00a0\u00a0\u00a0\u00a0\u00a0\u00a0\u00a0\u00a0\u00a0\u00a0\u00a0\u00a0\u00a0\u00a0\u00a0\u00a0\u00a0\u00a0\u00a0\u00a0\u00a0\u00a0\u00a0\u00a0\u00a0\u00a0\u00a0\u00a0\u00a0\u00a0\u00a0Recorrido : \u00a04&#8217;710 km. &nbsp; \u00a0Desnivel : 197 m. \u00a0 \u00a0 \u00a0 \u00a0 \u00a0 \u00a0 \u00a0 \u00a0 \u00a0 \u00a0 \u00a0 \u00a0 \u00a0 \u00a0 \u00a0 \u00a0 \u00a0 \u00a0 \u00a0 \u00a0 \u00a0 \u00a0 \u00a0 \u00a0 \u00a0\u00a0\u00a0Alturas :\u00a0 1.623\/ 1.733 &nbsp; Tiempo total : \u00a02 h.34 m. \u00a0 \u00a0 \u00a0 \u00a0 \u00a0 \u00a0 \u00a0 \u00a0 [&hellip;]<\/cite><\/div><\/div><\/li><\/ul> <a id=\"year2013\"><\/a>2013 <span class=\"sya_yearcount\"><span class=\"sya_bracket\">(<\/span>43<span class=\"sya_bracket\">)<\/span><\/span> <ul><li class=\"\"><div class=\"sya_postcontent\"><span class=\"sya_date\">  <span class=\"sya_sep\"> <\/span><\/span><a href=\"https:\/\/www.carlosyconchita.net\/rutas\/20-12-2013-la-barranca-la-bola-del-mundo\/\" class=\"sya_postlink post-4063\" rel=\"bookmark\">20-12-2013 &#8211; La Barranca &#8211; La Bola del Mundo<\/a> <span class=\"sya_categories\"><span class=\"sya_bracket\">(<\/span>100 Cims Carlos y Conchita, 3 - De 10 a 15 km., 3-Dif\u00edcil, Madrid<span class=\"sya_bracket\">)<\/span><\/span><div style=\"padding-left:100px\" class=\"robots-nocontent\"><cite>Dificultad :\u00a0 Moderado\/Dificil \u00a0\u00a0\u00a0\u00a0\u00a0\u00a0\u00a0\u00a0\u00a0\u00a0\u00a0\u00a0\u00a0\u00a0\u00a0\u00a0\u00a0\u00a0\u00a0\u00a0\u00a0\u00a0\u00a0\u00a0\u00a0\u00a0\u00a0\u00a0\u00a0\u00a0\u00a0\u00a0\u00a0 Recorrido : 12&#8217;500 km. \u00a0Desnivel : 902 m. \u00a0 \u00a0 \u00a0 \u00a0 \u00a0 \u00a0 \u00a0 \u00a0 \u00a0 \u00a0 \u00a0 \u00a0 \u00a0 \u00a0 \u00a0 \u00a0 \u00a0 \u00a0 \u00a0 \u00a0 \u00a0 \u00a0 \u00a0 \u00a0 \u00a0\u00a0 Alturas :\u00a0 1.367 \/ 2.252 Tiempo total :\u00a0 7 h. 41 m.\u00a0\u00a0\u00a0\u00a0\u00a0\u00a0\u00a0\u00a0\u00a0\u00a0\u00a0\u00a0\u00a0\u00a0\u00a0\u00a0\u00a0\u00a0\u00a0\u00a0\u00a0\u00a0\u00a0\u00a0\u00a0\u00a0\u00a0\u00a0\u00a0\u00a0\u00a0\u00a0\u00a0\u00a0\u00a0\u00a0\u00a0\u00a0\u00a0\u00a0 Velocidad media :\u00a0 1&#8217;5 km.\/hora Tiempo [&hellip;]<\/cite><\/div><\/div><\/li><li class=\"\"><div class=\"sya_postcontent\"><span class=\"sya_date\">  <span class=\"sya_sep\"> <\/span><\/span><a href=\"https:\/\/www.carlosyconchita.net\/rutas\/20-12-2013-la-barranca-aproximacion-en-coche\/\" class=\"sya_postlink post-4065\" rel=\"bookmark\">20-12-2013 &#8211; La Barranca &#8211; aproximaci\u00f3n en coche<\/a> <span class=\"sya_categories\"><span class=\"sya_bracket\">(<\/span>0-Muy f\u00e1cil, 4 - De 15 a 20 km., Madrid<span class=\"sya_bracket\">)<\/span><\/span><div style=\"padding-left:100px\" class=\"robots-nocontent\"><cite>Esta es la ruta en coche para llegar a la zona de la Barranca, origen de nuestra excursi\u00f3n a la Bola del Mundo. Al final de la carretera y despues de pasar por un antiguo sanatorio de tuberculosos y despues hospital psiquiatrico abandonado, encontraremos 3 zonas de parking, y donde empezaremos a caminar. En nuestro [&hellip;]<\/cite><\/div><\/div><\/li><li class=\"\"><div class=\"sya_postcontent\"><span class=\"sya_date\">  <span class=\"sya_sep\"> <\/span><\/span><a href=\"https:\/\/www.carlosyconchita.net\/rutas\/08-12-2013-cortas-orden-cortas\/\" class=\"sya_postlink post-4028\" rel=\"bookmark\">08-12-2013 &#8211; Cort\u00e1s, Ord\u00e9n<\/a> <span class=\"sya_categories\"><span class=\"sya_bracket\">(<\/span>2 - De 5 a 10 km., 2-Moderada, Cerdanya Sur-Cad\u00ed-Moixer\u00f3<span class=\"sya_bracket\">)<\/span><\/span><div style=\"padding-left:100px\" class=\"robots-nocontent\"><cite>&nbsp; Dificultad :\u00a0 Moderada\u00a0\u00a0\u00a0\u00a0\u00a0\u00a0\u00a0\u00a0\u00a0\u00a0\u00a0\u00a0\u00a0\u00a0\u00a0\u00a0\u00a0\u00a0\u00a0\u00a0\u00a0\u00a0\u00a0\u00a0\u00a0\u00a0\u00a0\u00a0\u00a0\u00a0\u00a0\u00a0\u00a0\u00a0\u00a0\u00a0\u00a0 \u00a0 \u00a0\u00a0 Recorrido :\u00a0 8&#8217;200 km. \u00a0Desnivel : 446 m. \u00a0 \u00a0 \u00a0 \u00a0 \u00a0 \u00a0 \u00a0 \u00a0 \u00a0 \u00a0 \u00a0 \u00a0 \u00a0 \u00a0 \u00a0 \u00a0 \u00a0 \u00a0 \u00a0 \u00a0 \u00a0 \u00a0 \u00a0 \u00a0\u00a0 Alturas :\u00a0 1.262 \/ 1.554 Tiempo total :\u00a0 4 h. 11 m. \u00a0\u00a0\u00a0\u00a0\u00a0\u00a0\u00a0\u00a0\u00a0\u00a0\u00a0\u00a0\u00a0\u00a0\u00a0\u00a0\u00a0\u00a0\u00a0\u00a0\u00a0\u00a0\u00a0\u00a0\u00a0\u00a0\u00a0\u00a0\u00a0\u00a0\u00a0\u00a0\u00a0\u00a0\u00a0\u00a0\u00a0 Velocidad media :\u00a0 2&#8217;0 [&hellip;]<\/cite><\/div><\/div><\/li><li class=\"\"><div class=\"sya_postcontent\"><span class=\"sya_date\">  <span class=\"sya_sep\"> <\/span><\/span><a href=\"https:\/\/www.carlosyconchita.net\/rutas\/07-12-2013-sauto-fetges-raquetas\/\" class=\"sya_postlink post-4014\" rel=\"bookmark\">07-12-2013 &#8211; Sauto &#8211; Fetges (raquetas)<\/a> <span class=\"sya_categories\"><span class=\"sya_bracket\">(<\/span>1-F\u00e1cil, 2 - De 5 a 10 km., Catalunya Nord - sin clasificar<span class=\"sya_bracket\">)<\/span><\/span><div style=\"padding-left:100px\" class=\"robots-nocontent\"><cite>&nbsp; Dificultad :\u00a0 F\u00e1cil\u00a0\u00a0\u00a0\u00a0\u00a0\u00a0\u00a0\u00a0\u00a0\u00a0\u00a0\u00a0\u00a0\u00a0\u00a0\u00a0\u00a0\u00a0\u00a0\u00a0\u00a0\u00a0\u00a0\u00a0\u00a0 \u00a0 \u00a0 \u00a0\u00a0 \u00a0\u00a0\u00a0\u00a0\u00a0\u00a0\u00a0\u00a0\u00a0\u00a0\u00a0\u00a0\u00a0\u00a0\u00a0\u00a0 \u00a0 \u00a0 Recorrido :\u00a0 6&#8217;220 km. \u00a0Desnivel : 206 m. \u00a0 \u00a0 \u00a0 \u00a0 \u00a0 \u00a0 \u00a0 \u00a0 \u00a0 \u00a0 \u00a0 \u00a0 \u00a0 \u00a0 \u00a0 \u00a0 \u00a0 \u00a0 \u00a0 \u00a0 \u00a0 \u00a0 \u00a0 \u00a0\u00a0 \u00a0\u00a0 Alturas :\u00a0 1.550 \/ 1.661 Tiempo total :\u00a0 3 h. 42m\u00a0\u00a0\u00a0\u00a0\u00a0\u00a0\u00a0\u00a0\u00a0\u00a0\u00a0\u00a0\u00a0\u00a0\u00a0\u00a0\u00a0\u00a0\u00a0\u00a0\u00a0\u00a0\u00a0\u00a0\u00a0\u00a0\u00a0\u00a0\u00a0\u00a0\u00a0\u00a0\u00a0\u00a0\u00a0\u00a0\u00a0\u00a0\u00a0\u00a0\u00a0\u00a0\u00a0 Velocidad [&hellip;]<\/cite><\/div><\/div><\/li><li class=\"\"><div class=\"sya_postcontent\"><span class=\"sya_date\">  <span class=\"sya_sep\"> <\/span><\/span><a href=\"https:\/\/www.carlosyconchita.net\/rutas\/06-12-2013-la-llagone-raquetas\/\" class=\"sya_postlink post-4001\" rel=\"bookmark\">06-12-2013 &#8211; La Llagone (raquetas)<\/a> <span class=\"sya_categories\"><span class=\"sya_bracket\">(<\/span>0-Muy f\u00e1cil, 2 - De 5 a 10 km., Les Angles<span class=\"sya_bracket\">)<\/span><\/span><div style=\"padding-left:100px\" class=\"robots-nocontent\"><cite>&nbsp; Dificultad :\u00a0 Muy facil\u00a0 \u00a0\u00a0\u00a0\u00a0\u00a0\u00a0\u00a0\u00a0\u00a0\u00a0\u00a0\u00a0\u00a0\u00a0\u00a0\u00a0\u00a0\u00a0\u00a0\u00a0\u00a0\u00a0\u00a0\u00a0\u00a0\u00a0\u00a0\u00a0\u00a0\u00a0\u00a0\u00a0\u00a0\u00a0\u00a0\u00a0\u00a0\u00a0\u00a0\u00a0\u00a0\u00a0\u00a0 Recorrido :\u00a0 5\u2019720 km. \u00a0Desnivel :\u00a0 177 m. \u00a0 \u00a0 \u00a0 \u00a0 \u00a0 \u00a0 \u00a0 \u00a0 \u00a0 \u00a0 \u00a0 \u00a0 \u00a0 \u00a0 \u00a0 \u00a0 \u00a0 \u00a0 \u00a0 \u00a0 \u00a0 \u00a0 \u00a0 \u00a0 \u00a0\u00a0 Alturas :\u00a0 1.701 \/ 1.775 Tiempo total :\u00a0 2\u201959 horas\u00a0\u00a0\u00a0\u00a0\u00a0\u00a0\u00a0\u00a0\u00a0\u00a0\u00a0\u00a0\u00a0\u00a0\u00a0\u00a0\u00a0\u00a0\u00a0\u00a0\u00a0\u00a0\u00a0\u00a0\u00a0\u00a0\u00a0\u00a0\u00a0\u00a0\u00a0\u00a0\u00a0\u00a0\u00a0\u00a0\u00a0\u00a0 Velocidad media :\u00a0 1&#8217;9 km.\/hora Tiempo [&hellip;]<\/cite><\/div><\/div><\/li><li class=\"\"><div class=\"sya_postcontent\"><span class=\"sya_date\">  <span class=\"sya_sep\"> <\/span><\/span><a href=\"https:\/\/www.carlosyconchita.net\/rutas\/2009-fotos-costa-rica\/\" class=\"sya_postlink post-3988\" rel=\"bookmark\">Fotos Costa Rica 2009<\/a> <span class=\"sya_categories\"><span class=\"sya_bracket\">(<\/span>0-Fotos<span class=\"sya_bracket\">)<\/span><\/span><div style=\"padding-left:100px\" class=\"robots-nocontent\"><cite>\u00a0 Debido a la dificultad de conseguir hacer una fotos a alg\u00fan animal en movimiento en el momento preciso, algunas de las que publicamos aqu\u00ed han sido sacadas de la filmaci\u00f3n en video, por lo que la calidad de las mismas no es muy buena. \u00a0 &nbsp; Enlace album de fotos Costa Rica<\/cite><\/div><\/div><\/li><li class=\"\"><div class=\"sya_postcontent\"><span class=\"sya_date\">  <span class=\"sya_sep\"> <\/span><\/span><a href=\"https:\/\/www.carlosyconchita.net\/rutas\/2011-rusia\/\" class=\"sya_postlink post-3791\" rel=\"bookmark\">Fotos Mosc\u00fa &#8211; St. Petersburgo 2011<\/a> <span class=\"sya_categories\"><span class=\"sya_bracket\">(<\/span>0-Fotos<span class=\"sya_bracket\">)<\/span><\/span><div style=\"padding-left:100px\" class=\"robots-nocontent\"><cite>&nbsp; Enlace album de fotos de San Petersburgo &nbsp; Enlace album de fotos de Mosc\u00fa<\/cite><\/div><\/div><\/li><li class=\"\"><div class=\"sya_postcontent\"><span class=\"sya_date\">  <span class=\"sya_sep\"> <\/span><\/span><a href=\"https:\/\/www.carlosyconchita.net\/rutas\/03-11-2013-pic-del-roc-cremat\/\" class=\"sya_postlink post-3718\" rel=\"bookmark\">03-11-2013 &#8211; Pic del Roc Cremat (Riu de Cerdanya)<\/a> <span class=\"sya_categories\"><span class=\"sya_bracket\">(<\/span>0-Muy f\u00e1cil, 100 Cims Carlos y Conchita, 2 - De 5 a 10 km., Cerdanya Sur-Cad\u00ed-Moixer\u00f3<span class=\"sya_bracket\">)<\/span><\/span><div style=\"padding-left:100px\" class=\"robots-nocontent\"><cite>&nbsp; Dificultad :\u00a0 Muy facil\u00a0 \u00a0\u00a0\u00a0\u00a0\u00a0\u00a0\u00a0\u00a0\u00a0\u00a0\u00a0\u00a0\u00a0\u00a0\u00a0\u00a0\u00a0\u00a0\u00a0\u00a0\u00a0\u00a0\u00a0\u00a0\u00a0\u00a0\u00a0\u00a0\u00a0\u00a0\u00a0\u00a0\u00a0\u00a0\u00a0\u00a0\u00a0\u00a0\u00a0\u00a0\u00a0\u00a0\u00a0 Recorrido :\u00a0 6&#8217;430 km. \u00a0Desnivel : 352 m. \u00a0 \u00a0 \u00a0 \u00a0 \u00a0 \u00a0 \u00a0 \u00a0 \u00a0 \u00a0 \u00a0 \u00a0 \u00a0 \u00a0 \u00a0 \u00a0 \u00a0 \u00a0 \u00a0 \u00a0 \u00a0 \u00a0 \u00a0 \u00a0 \u00a0\u00a0 Alturas :\u00a0 1.766 \/ 2.006 Tiempo total :\u00a0 2&#8217;20 horas\u00a0\u00a0\u00a0\u00a0\u00a0\u00a0\u00a0\u00a0\u00a0\u00a0\u00a0\u00a0\u00a0\u00a0\u00a0\u00a0\u00a0\u00a0\u00a0\u00a0\u00a0\u00a0\u00a0\u00a0\u00a0\u00a0\u00a0\u00a0\u00a0\u00a0\u00a0\u00a0\u00a0\u00a0\u00a0\u00a0\u00a0\u00a0 Velocidad media :\u00a0 2&#8217;6 km.\/hora Tiempo [&hellip;]<\/cite><\/div><\/div><\/li><li class=\"\"><div class=\"sya_postcontent\"><span class=\"sya_date\">  <span class=\"sya_sep\"> <\/span><\/span><a href=\"https:\/\/www.carlosyconchita.net\/rutas\/02-11-2013-lago-y-orri-de-planes\/\" class=\"sya_postlink post-3695\" rel=\"bookmark\">02-11-2013  &#8211; Plan\u00e9s : lago y orri<\/a> <span class=\"sya_categories\"><span class=\"sya_bracket\">(<\/span>2-Moderada, 3 - De 10 a 15 km., Saillagosa<span class=\"sya_bracket\">)<\/span><\/span><div style=\"padding-left:100px\" class=\"robots-nocontent\"><cite>Dificultad :\u00a0 Moderada \u00a0\u00a0\u00a0\u00a0\u00a0\u00a0\u00a0\u00a0\u00a0\u00a0\u00a0\u00a0\u00a0\u00a0\u00a0\u00a0\u00a0\u00a0\u00a0\u00a0\u00a0\u00a0\u00a0\u00a0\u00a0\u00a0\u00a0\u00a0\u00a0\u00a0\u00a0\u00a0\u00a0\u00a0\u00a0\u00a0\u00a0\u00a0\u00a0\u00a0\u00a0\u00a0\u00a0 Recorrido :\u00a0 11&#8217;060 km. \u00a0Desnivel : 758 m. \u00a0 \u00a0 \u00a0 \u00a0 \u00a0 \u00a0 \u00a0 \u00a0 \u00a0 \u00a0 \u00a0 \u00a0 \u00a0 \u00a0 \u00a0 \u00a0 \u00a0 \u00a0 \u00a0 \u00a0 \u00a0 \u00a0 \u00a0 \u00a0 \u00a0\u00a0 Alturas :\u00a0 1.489 \/ 2.207 Tiempo total :\u00a0 5&#8217;19 horas\u00a0\u00a0\u00a0\u00a0\u00a0\u00a0\u00a0\u00a0\u00a0\u00a0\u00a0\u00a0\u00a0\u00a0\u00a0\u00a0\u00a0\u00a0\u00a0\u00a0\u00a0\u00a0\u00a0\u00a0\u00a0\u00a0\u00a0\u00a0\u00a0\u00a0\u00a0\u00a0\u00a0\u00a0\u00a0\u00a0\u00a0\u00a0 Velocidad media :\u00a0 2&#8217;2 km.\/hora Tiempo movimiento :\u00a0 [&hellip;]<\/cite><\/div><\/div><\/li><li class=\"\"><div class=\"sya_postcontent\"><span class=\"sya_date\">  <span class=\"sya_sep\"> <\/span><\/span><a href=\"https:\/\/www.carlosyconchita.net\/rutas\/01-11-2013-estanys-de-la-pera\/\" class=\"sya_postlink post-3659\" rel=\"bookmark\">01-11-2013 &#8211; Estanys de la Pera (Aranser)<\/a> <span class=\"sya_categories\"><span class=\"sya_bracket\">(<\/span>0-Muy f\u00e1cil, 2 - De 5 a 10 km., Lles<span class=\"sya_bracket\">)<\/span><\/span><div style=\"padding-left:100px\" class=\"robots-nocontent\"><cite>&nbsp; Dificultad :\u00a0 Muy f\u00e1cil\u00a0\u00a0\u00a0\u00a0\u00a0\u00a0\u00a0\u00a0\u00a0\u00a0\u00a0\u00a0\u00a0\u00a0\u00a0\u00a0\u00a0\u00a0\u00a0\u00a0\u00a0\u00a0\u00a0\u00a0\u00a0\u00a0\u00a0\u00a0\u00a0\u00a0\u00a0\u00a0\u00a0\u00a0\u00a0\u00a0\u00a0\u00a0\u00a0\u00a0\u00a0\u00a0\u00a0\u00a0\u00a0\u00a0 Recorrido :\u00a0 4&#8217;920 km. \u00a0Desnivel : 246 m. \u00a0 \u00a0 \u00a0 \u00a0 \u00a0 \u00a0 \u00a0 \u00a0 \u00a0 \u00a0 \u00a0 \u00a0 \u00a0 \u00a0 \u00a0 \u00a0 \u00a0 \u00a0 \u00a0 \u00a0 \u00a0 \u00a0 \u00a0 \u00a0 \u00a0\u00a0 Alturas :\u00a0 2.135 \/ 2.362 Tiempo total :\u00a0 2&#8217;29 horas\u00a0\u00a0\u00a0\u00a0\u00a0\u00a0\u00a0\u00a0\u00a0\u00a0\u00a0\u00a0\u00a0\u00a0\u00a0\u00a0\u00a0\u00a0\u00a0\u00a0\u00a0\u00a0\u00a0\u00a0\u00a0\u00a0\u00a0\u00a0\u00a0\u00a0\u00a0\u00a0\u00a0\u00a0\u00a0\u00a0\u00a0\u00a0 Velocidad media :\u00a0 2&#8217;2 km.\/hora Tiempo movimiento [&hellip;]<\/cite><\/div><\/div><\/li><li class=\"\"><div class=\"sya_postcontent\"><span class=\"sya_date\">  <span class=\"sya_sep\"> <\/span><\/span><a href=\"https:\/\/www.carlosyconchita.net\/rutas\/29-09-2013-la-basseta\/\" class=\"sya_postlink post-3182\" rel=\"bookmark\">29-09-2013 &#8211; La Basseta (Formigueres)<\/a> <span class=\"sya_categories\"><span class=\"sya_bracket\">(<\/span>0-Muy f\u00e1cil, 2 - De 5 a 10 km., Formigueres \/ Puyvalador<span class=\"sya_bracket\">)<\/span><\/span><div style=\"padding-left:100px\" class=\"robots-nocontent\"><cite>&nbsp; Dificultad :\u00a0 Muy f\u00e1cil\u00a0\u00a0\u00a0\u00a0\u00a0\u00a0\u00a0\u00a0\u00a0\u00a0\u00a0\u00a0\u00a0\u00a0\u00a0\u00a0\u00a0\u00a0\u00a0\u00a0\u00a0\u00a0\u00a0\u00a0\u00a0\u00a0\u00a0\u00a0\u00a0\u00a0\u00a0\u00a0\u00a0\u00a0\u00a0\u00a0\u00a0\u00a0\u00a0\u00a0\u00a0\u00a0\u00a0\u00a0\u00a0\u00a0 Recorrido :\u00a0 7&#8217;620 km. \u00a0Desnivel : 333 m. \u00a0 \u00a0 \u00a0 \u00a0 \u00a0 \u00a0 \u00a0 \u00a0 \u00a0 \u00a0 \u00a0 \u00a0 \u00a0 \u00a0 \u00a0 \u00a0 \u00a0 \u00a0 \u00a0 \u00a0 \u00a0 \u00a0 \u00a0 \u00a0 \u00a0\u00a0 Alturas :\u00a0 1.773 \/ 1.930 Bonita y f\u00e1cil excursion para ir al Lago de La Basseta, cerca [&hellip;]<\/cite><\/div><\/div><\/li><li class=\"\"><div class=\"sya_postcontent\"><span class=\"sya_date\">  <span class=\"sya_sep\"> <\/span><\/span><a href=\"https:\/\/www.carlosyconchita.net\/rutas\/29-09-2013-aproximacion-en-coche-a-la-creu-de-la-jaceta\/\" class=\"sya_postlink post-3168\" rel=\"bookmark\">29-09-2013 &#8211; Aproximaci\u00f3n en coche a la Creu de la Jaceta<\/a> <span class=\"sya_categories\"><span class=\"sya_bracket\">(<\/span>0-Accesos coche, 0-Muy f\u00e1cil, 1 - Hasta 5 km.<span class=\"sya_bracket\">)<\/span><\/span><div style=\"padding-left:100px\" class=\"robots-nocontent\"><cite>Publicamos aqu\u00ed de forma separada a las excursiones, esta ruta con coche para llegar hasta la Creu de la Jaceta, ya que desde all\u00ed se pueden iniciar varias excursiones. En concreto nosotros hemos hecho hoy la excursion desde este punto hasta la Basseta, peque\u00f1o lago situado a algo menos de 4 km.desde aqu\u00ed. Si en [&hellip;]<\/cite><\/div><\/div><\/li><li class=\"\"><div class=\"sya_postcontent\"><span class=\"sya_date\">  <span class=\"sya_sep\"> <\/span><\/span><a href=\"https:\/\/www.carlosyconchita.net\/rutas\/28-09-2013-lago-de-esparver-boullosas\/\" class=\"sya_postlink post-3139\" rel=\"bookmark\">28-09-2013 &#8211; Lago de Esparver (Boullosas)<\/a> <span class=\"sya_categories\"><span class=\"sya_bracket\">(<\/span>1-F\u00e1cil, 3 - De 10 a 15 km., Boullosas<span class=\"sya_bracket\">)<\/span><\/span><div style=\"padding-left:100px\" class=\"robots-nocontent\"><cite>\u00a0Finalmente hemos podido realizar esta excursi\u00f3n al Lago de Esparver (Boullosas), que habiamos intentado realizar a principios de a\u00f1o, ya\u00a0 que \u00e9ste era pr\u00e1cticamente el \u00faltimo lago de la zona de Las Boullosas que nos quedaba por ver, al menos de los m\u00e1s conocidos y localizados, y dado que todos los otros los hab\u00edamos visitado [&hellip;]<\/cite><\/div><\/div><\/li><li class=\"\"><div class=\"sya_postcontent\"><span class=\"sya_date\">  <span class=\"sya_sep\"> <\/span><\/span><a href=\"https:\/\/www.carlosyconchita.net\/rutas\/2013-republicas-balticas\/\" class=\"sya_postlink post-3629\" rel=\"bookmark\">Fotos Rep\u00fablicas B\u00e1lticas 2013<\/a> <span class=\"sya_categories\"><span class=\"sya_bracket\">(<\/span>0-Fotos<span class=\"sya_bracket\">)<\/span><\/span><div style=\"padding-left:100px\" class=\"robots-nocontent\"><cite>Agosto 2013 -Tallin + Helsinki Agosto &#8211; 2013 &#8211; Riga (LET) Agosto 2013 &#8211; Vilnius + Colina de las Cruces (LIT) Agosto-2013 &#8211; Kaunas + Trakai + Rundale Agosto 2013-Nida (LIT) Agosto 2013 &#8211; Liepaja (LET) Agosto 2013 &#8211; Sabile &#8211; Kuldiga (LET) Agosto 2013 &#8211; Cesis-Sigulda (LET) Agosto 2013 &#8211; Tartu + Rakvere (EST) [&hellip;]<\/cite><\/div><\/div><\/li><li class=\"\"><div class=\"sya_postcontent\"><span class=\"sya_date\">  <span class=\"sya_sep\"> <\/span><\/span><a href=\"https:\/\/www.carlosyconchita.net\/rutas\/16-08-2013-frontera-lituania-letonia\/\" class=\"sya_postlink post-19340\" rel=\"bookmark\">21-08-2013-Frontera Lituania-Letonia<\/a> <span class=\"sya_categories\"><span class=\"sya_bracket\">(<\/span>Mojones \/ Bornas otros pa\u00edses<span class=\"sya_bracket\">)<\/span><\/span><div style=\"padding-left:100px\" class=\"robots-nocontent\"><cite>&nbsp; En el verano de 2013 hicimos un viaje en coche a las Rep\u00fablicas B\u00e1lticas y como se puede suponer, pasamos por varias fronteras entre esos pa\u00edses. Pero en esas fechas, no ten\u00edamos ni idea de lo que eran los mojones o bornas fronterizas, as\u00ed que evidentemente no los busc\u00e1bamos. Pero mirando fotos antiguas, hemos [&hellip;]<\/cite><\/div><\/div><\/li><li class=\"\"><div class=\"sya_postcontent\"><span class=\"sya_date\">  <span class=\"sya_sep\"> <\/span><\/span><a href=\"https:\/\/www.carlosyconchita.net\/rutas\/10-08-2013-bellver-de-cerdanya-pi-olia-santa-eugenia\/\" class=\"sya_postlink post-3092\" rel=\"bookmark\">10-08-2013 &#8211; Bellver de Cerdanya, P\u00ed, Oli\u00e1, Santa Eugenia<\/a> <span class=\"sya_categories\"><span class=\"sya_bracket\">(<\/span>1-F\u00e1cil, 3 - De 10 a 15 km., Cerdanya Sur-Cad\u00ed-Moixer\u00f3<span class=\"sya_bracket\">)<\/span><\/span><div style=\"padding-left:100px\" class=\"robots-nocontent\"><cite>Dificultad :\u00a0 F\u00e1cil\u00a0\u00a0\u00a0\u00a0\u00a0\u00a0\u00a0\u00a0\u00a0\u00a0\u00a0\u00a0\u00a0\u00a0\u00a0\u00a0\u00a0\u00a0\u00a0\u00a0\u00a0\u00a0\u00a0\u00a0\u00a0\u00a0\u00a0\u00a0\u00a0\u00a0\u00a0\u00a0\u00a0\u00a0\u00a0\u00a0\u00a0\u00a0\u00a0\u00a0\u00a0\u00a0\u00a0\u00a0\u00a0\u00a0 Recorrido : 12&#8217;390 km. &nbsp; \u00a0Desnivel :\u00a0 326 m. \u00a0 \u00a0 \u00a0 \u00a0 \u00a0 \u00a0 \u00a0 \u00a0 \u00a0 \u00a0 \u00a0 \u00a0 \u00a0 \u00a0 \u00a0 \u00a0 \u00a0 \u00a0 \u00a0 \u00a0 \u00a0 \u00a0 Alturas :\u00a0\u00a0 988 \/ 1.116 m. &nbsp; Partiendo de Bellver de Cerdanya, pasaremos por los peque\u00f1os y bonitos pueblos de P\u00ed, [&hellip;]<\/cite><\/div><\/div><\/li><li class=\"\"><div class=\"sya_postcontent\"><span class=\"sya_date\">  <span class=\"sya_sep\"> <\/span><\/span><a href=\"https:\/\/www.carlosyconchita.net\/rutas\/09-08-2013-cami-de-la-pinata-puyvalador\/\" class=\"sya_postlink post-3076\" rel=\"bookmark\">09-08-2013 &#8211;  Puyvalador &#8211; Cam\u00ed de la Pinata<\/a> <span class=\"sya_categories\"><span class=\"sya_bracket\">(<\/span>0-Muy f\u00e1cil<span class=\"sya_bracket\">)<\/span><\/span><div style=\"padding-left:100px\" class=\"robots-nocontent\"><cite>Dificultad :\u00a0 Muy f\u00e1cil\u00a0\u00a0\u00a0\u00a0\u00a0\u00a0\u00a0\u00a0\u00a0\u00a0\u00a0\u00a0\u00a0\u00a0\u00a0\u00a0\u00a0\u00a0\u00a0\u00a0\u00a0\u00a0\u00a0\u00a0\u00a0\u00a0\u00a0\u00a0\u00a0\u00a0\u00a0\u00a0\u00a0\u00a0\u00a0\u00a0\u00a0\u00a0\u00a0\u00a0\u00a0\u00a0\u00a0\u00a0\u00a0\u00a0 Recorrido :\u00a0\u00a0 5&#8217;840 km. \u00a0Desnivel :\u00a0\u00a0 213 m. \u00a0 \u00a0 \u00a0 \u00a0 \u00a0 \u00a0 \u00a0 \u00a0 \u00a0 \u00a0 \u00a0 \u00a0 \u00a0 \u00a0 \u00a0 \u00a0 \u00a0 \u00a0 \u00a0 \u00a0 \u00a0 \u00a0 \u00a0 \u00a0 \u00a0\u00a0 Alturas :\u00a0 1.415 \/ 1.534 m. F\u00e1cil caminata por los alrededores del lago de Puyvalador, se\u00f1alada en la [&hellip;]<\/cite><\/div><\/div><\/li><li class=\"\"><div class=\"sya_postcontent\"><span class=\"sya_date\">  <span class=\"sya_sep\"> <\/span><\/span><a href=\"https:\/\/www.carlosyconchita.net\/rutas\/08-08-2013-estany-de-malniu\/\" class=\"sya_postlink post-3053\" rel=\"bookmark\">08-08-2013 &#8211; Estany de Malniu<\/a> <span class=\"sya_categories\"><span class=\"sya_bracket\">(<\/span>0-Muy f\u00e1cil, 1 - Hasta 5 km., Cerdanya Sur-Cad\u00ed-Moixer\u00f3<span class=\"sya_bracket\">)<\/span><\/span><div style=\"padding-left:100px\" class=\"robots-nocontent\"><cite>Dificultad :\u00a0 Muy f\u00e1cil\u00a0\u00a0\u00a0\u00a0\u00a0\u00a0\u00a0\u00a0\u00a0\u00a0\u00a0\u00a0\u00a0\u00a0\u00a0\u00a0\u00a0\u00a0\u00a0\u00a0\u00a0\u00a0\u00a0\u00a0\u00a0\u00a0\u00a0\u00a0\u00a0\u00a0\u00a0\u00a0\u00a0\u00a0\u00a0\u00a0\u00a0\u00a0\u00a0\u00a0\u00a0\u00a0\u00a0\u00a0\u00a0\u00a0 Recorrido :\u00a0 4&#8217;940 km. \u00a0Desnivel : 211 m. \u00a0 \u00a0 \u00a0 \u00a0 \u00a0 \u00a0 \u00a0 \u00a0 \u00a0 \u00a0 \u00a0 \u00a0 \u00a0 \u00a0 \u00a0 \u00a0 \u00a0 \u00a0 \u00a0 \u00a0 \u00a0 \u00a0 \u00a0 \u00a0 \u00a0\u00a0 Alturas :\u00a0 2.108 \/ 2.304 Esta excursi\u00f3n empieza en el refugio de Malniu, al que podemos llegar desde [&hellip;]<\/cite><\/div><\/div><\/li><li class=\"\"><div class=\"sya_postcontent\"><span class=\"sya_date\">  <span class=\"sya_sep\"> <\/span><\/span><a href=\"https:\/\/www.carlosyconchita.net\/rutas\/07-08-2013-puigcerda-cami-de-sant-marc\/\" class=\"sya_postlink post-3026\" rel=\"bookmark\">07-08-2013 &#8211; Puigcerd\u00e1 &#8211; Cam\u00ed de Sant Marc<\/a> <span class=\"sya_categories\"><span class=\"sya_bracket\">(<\/span>0-Muy f\u00e1cil, 2 - De 5 a 10 km., Cerdanya Sur-Cad\u00ed-Moixer\u00f3<span class=\"sya_bracket\">)<\/span><\/span><div style=\"padding-left:100px\" class=\"robots-nocontent\"><cite>&nbsp; Dificultad :\u00a0 Muy f\u00e1cil\u00a0\u00a0\u00a0\u00a0\u00a0\u00a0\u00a0\u00a0\u00a0\u00a0\u00a0\u00a0\u00a0\u00a0\u00a0\u00a0\u00a0\u00a0\u00a0\u00a0\u00a0\u00a0\u00a0\u00a0\u00a0\u00a0\u00a0\u00a0\u00a0\u00a0\u00a0\u00a0\u00a0\u00a0\u00a0\u00a0\u00a0\u00a0\u00a0\u00a0\u00a0\u00a0\u00a0\u00a0\u00a0\u00a0 Recorrido :\u00a0 6&#8217;550 km. \u00a0Desnivel :\u00a0 55 m. \u00a0 \u00a0 \u00a0 \u00a0 \u00a0 \u00a0 \u00a0 \u00a0 \u00a0 \u00a0 \u00a0 \u00a0 \u00a0 \u00a0 \u00a0 \u00a0 \u00a0 \u00a0 \u00a0 \u00a0 \u00a0 \u00a0 \u00a0 \u00a0 \u00a0\u00a0 Alturas :\u00a0 1.102 \/ 1.140 m Esta caminata por los alrededores de Puigcerd\u00e1, completamente plana, nos llevar\u00e1 [&hellip;]<\/cite><\/div><\/div><\/li><li class=\"\"><div class=\"sya_postcontent\"><span class=\"sya_date\">  <span class=\"sya_sep\"> <\/span><\/span><a href=\"https:\/\/www.carlosyconchita.net\/rutas\/06-08-2013-lago-de-caudies\/\" class=\"sya_postlink post-3000\" rel=\"bookmark\">06-08-2013 &#8211; Lago de Caudi\u00e9s de Conflent<\/a> <span class=\"sya_categories\"><span class=\"sya_bracket\">(<\/span>0-Muy f\u00e1cil, 1 - Hasta 5 km., Sansa - Ayguatebia<span class=\"sya_bracket\">)<\/span><\/span><div style=\"padding-left:100px\" class=\"robots-nocontent\"><cite>&nbsp; Dificultad :\u00a0 Muy f\u00e1cil\u00a0\u00a0\u00a0\u00a0\u00a0\u00a0\u00a0\u00a0\u00a0\u00a0\u00a0\u00a0\u00a0\u00a0\u00a0\u00a0\u00a0\u00a0\u00a0\u00a0\u00a0\u00a0\u00a0\u00a0\u00a0\u00a0\u00a0\u00a0\u00a0\u00a0\u00a0\u00a0\u00a0\u00a0\u00a0\u00a0\u00a0\u00a0\u00a0\u00a0\u00a0\u00a0\u00a0\u00a0\u00a0\u00a0 Recorrido : 3&#8217;360 km. \u00a0 Desnivel :\u00a0\u00a0\u00a0 104 m \u00a0 \u00a0 \u00a0 \u00a0 \u00a0 \u00a0 \u00a0 \u00a0 \u00a0 \u00a0 \u00a0 \u00a0 \u00a0 \u00a0 \u00a0 \u00a0 \u00a0 \u00a0 \u00a0 \u00a0 \u00a0 \u00a0 \u00a0 \u00a0 \u00a0\u00a0 Alturas :\u00a0 1.628 \/ 1.712 m. \u00a0 En esta ocasi\u00f3n elegimos esta peque\u00f1a caminata, que empieza [&hellip;]<\/cite><\/div><\/div><\/li><li class=\"\"><div class=\"sya_postcontent\"><span class=\"sya_date\">  <span class=\"sya_sep\"> <\/span><\/span><a href=\"https:\/\/www.carlosyconchita.net\/rutas\/14-06-2013-coll-de-sansa-a-refugio-de-nohedes-gorg-negre\/\" class=\"sya_postlink post-2955\" rel=\"bookmark\">14-07-2013 &#8211; Coll de Sansa a refugio de Nohedes (Gorg Negre)<\/a> <span class=\"sya_categories\"><span class=\"sya_bracket\">(<\/span>2-Moderada, 3 - De 10 a 15 km., Sansa - Ayguatebia<span class=\"sya_bracket\">)<\/span><\/span><div style=\"padding-left:100px\" class=\"robots-nocontent\"><cite>&nbsp; Dificultad : Moderada Recorrido :\u00a0 15\u2019000 km. Desnivel : 630 m. Alturas : 1.762 m. \/ 2.316 m. Por este punto del Coll de Sansa, habiamos pasado caminando en nuestra excursion del 12-10-2012 \u2013 Coll de Sansa a Coll de Creu. , pero en esta ocasion, llegaremos en coche para iniciar aqui nuestra excursi\u00f3n [&hellip;]<\/cite><\/div><\/div><\/li><li class=\"\"><div class=\"sya_postcontent\"><span class=\"sya_date\">  <span class=\"sya_sep\"> <\/span><\/span><a href=\"https:\/\/www.carlosyconchita.net\/rutas\/13-06-2013-coll-de-sansa-acceso-en-coche\/\" class=\"sya_postlink post-2933\" rel=\"bookmark\">13-07-2013 &#8211; Coll de Sansa -Acceso en coche<\/a> <span class=\"sya_categories\"><span class=\"sya_bracket\">(<\/span>0-Accesos coche, 1 - Hasta 5 km., 1-F\u00e1cil<span class=\"sya_bracket\">)<\/span><\/span><div style=\"padding-left:100px\" class=\"robots-nocontent\"><cite>&nbsp; Acceso en coche desde Formigueres al Coll de Sansa por una pista forestal, lugar donde podemos dejar el coche y empezar varias excursiones, ya que es un gran cruce de varios caminos y pistas forestales. Nosotros habiamos pasado caminando por este punto, en nuestra excursi\u00f3n de Coll de Sansa a Coll de Creu del [&hellip;]<\/cite><\/div><\/div><\/li><li class=\"\"><div class=\"sya_postcontent\"><span class=\"sya_date\">  <span class=\"sya_sep\"> <\/span><\/span><a href=\"https:\/\/www.carlosyconchita.net\/rutas\/16-06-2013-angoustrine-la-pradella\/\" class=\"sya_postlink post-2881\" rel=\"bookmark\">16-06-2013 &#8211; Angoustrine &#8211; La Pradella (Boullosas)<\/a> <span class=\"sya_categories\"><span class=\"sya_bracket\">(<\/span>2-Moderada, 3 - De 10 a 15 km., Boullosas<span class=\"sya_bracket\">)<\/span><\/span><div style=\"padding-left:100px\" class=\"robots-nocontent\"><cite>&nbsp; Dificultad :\u00a0 Moderada \u00a0\u00a0\u00a0\u00a0\u00a0\u00a0\u00a0\u00a0\u00a0\u00a0\u00a0\u00a0\u00a0\u00a0\u00a0\u00a0\u00a0\u00a0\u00a0\u00a0\u00a0\u00a0\u00a0\u00a0\u00a0\u00a0\u00a0\u00a0\u00a0\u00a0\u00a0\u00a0\u00a0\u00a0\u00a0\u00a0\u00a0\u00a0\u00a0 Recorrido : 13&#8217;300 km. \u00a0Desnivel : \u00a0 427 m. \u00a0 \u00a0 \u00a0 \u00a0 \u00a0 \u00a0 \u00a0 \u00a0 \u00a0 \u00a0 \u00a0 \u00a0 \u00a0 \u00a0 \u00a0 \u00a0 \u00a0 \u00a0 \u00a0 \u00a0 \u00a0 \u00a0 \u00a0 Alturas :\u00a0 1.575 \/ 1.961 m. Tiempo total :\u00a0 6 h. 21 m. \u00a0\u00a0\u00a0\u00a0\u00a0\u00a0\u00a0\u00a0\u00a0\u00a0\u00a0\u00a0\u00a0\u00a0\u00a0\u00a0\u00a0\u00a0\u00a0\u00a0\u00a0\u00a0\u00a0\u00a0\u00a0\u00a0\u00a0\u00a0\u00a0 \u00a0 \u00a0 \u00a0 Velocidad [&hellip;]<\/cite><\/div><\/div><\/li><li class=\"\"><div class=\"sya_postcontent\"><span class=\"sya_date\">  <span class=\"sya_sep\"> <\/span><\/span><a href=\"https:\/\/www.carlosyconchita.net\/rutas\/15-06-2013-porte-puymorens-a-latour-de-carol\/\" class=\"sya_postlink post-2851\" rel=\"bookmark\">15-06-2013 &#8211; Port\u00e9 Puymorens a Latour de Carol<\/a> <span class=\"sya_categories\"><span class=\"sya_bracket\">(<\/span>2-Moderada, 4 - De 15 a 20 km., La Tour de Carol<span class=\"sya_bracket\">)<\/span><\/span><div style=\"padding-left:100px\" class=\"robots-nocontent\"><cite>&nbsp; Dificultad :\u00a0 Moderada \u00a0\u00a0\u00a0\u00a0\u00a0\u00a0\u00a0\u00a0\u00a0\u00a0\u00a0\u00a0\u00a0\u00a0\u00a0\u00a0\u00a0\u00a0\u00a0\u00a0\u00a0\u00a0\u00a0\u00a0\u00a0\u00a0\u00a0\u00a0\u00a0\u00a0\u00a0\u00a0\u00a0\u00a0\u00a0\u00a0\u00a0\u00a0\u00a0\u00a0\u00a0\u00a0\u00a0\u00a0\u00a0 Recorrido : 16&#8217;660 km. \u00a0Desnivel :\u00a0 526 m. (asc) \/ 879 m. (desc)\u00a0 \u00a0 \u00a0 \u00a0 \u00a0 \u00a0 \u00a0 \u00a0 \u00a0\u00a0 Alturas :\u00a0 1.236 \/ 1.721 Tiempo total :\u00a0 6 h. 32 m.\u00a0 \u00a0\u00a0\u00a0\u00a0\u00a0\u00a0\u00a0\u00a0\u00a0\u00a0\u00a0\u00a0\u00a0\u00a0\u00a0\u00a0\u00a0\u00a0\u00a0\u00a0\u00a0\u00a0\u00a0\u00a0\u00a0\u00a0\u00a0\u00a0\u00a0\u00a0\u00a0\u00a0\u00a0\u00a0\u00a0\u00a0\u00a0\u00a0\u00a0\u00a0\u00a0 Velocidad media :\u00a0 2&#8217;3 km.\/hora Tiempo movimiento :\u00a0 3 h. 22 m. \u00a0\u00a0\u00a0\u00a0\u00a0\u00a0\u00a0\u00a0\u00a0\u00a0\u00a0\u00a0\u00a0\u00a0\u00a0\u00a0\u00a0\u00a0\u00a0\u00a0\u00a0\u00a0\u00a0\u00a0\u00a0\u00a0\u00a0\u00a0 Velocidad media\u00a0 :\u00a0 [&hellip;]<\/cite><\/div><\/div><\/li><li class=\"\"><div class=\"sya_postcontent\"><span class=\"sya_date\">  <span class=\"sya_sep\"> <\/span><\/span><a href=\"https:\/\/www.carlosyconchita.net\/rutas\/02-06-2013-las-boullosas-visita-de-inspeccion\/\" class=\"sya_postlink post-2824\" rel=\"bookmark\">02-06-2013 &#8211; Las Boullosas : visita de \u00abinspecci\u00f3n\u00bb<\/a> <span class=\"sya_categories\"><span class=\"sya_bracket\">(<\/span>Boullosas<span class=\"sya_bracket\">)<\/span><\/span><div style=\"padding-left:100px\" class=\"robots-nocontent\"><cite>Hace varias semanas que quer\u00edamos subir a las Boullosas, para hacer una excursi\u00f3n al lago del Esparver, que pr\u00e1cticamente es el \u00fanico que nos queda por ver en la zona, al menos en la zona m\u00e1s o menos pr\u00f3xima a la presa, y hoy por fin hemos encontrado abierta la carretera que sube all\u00ed. Debido [&hellip;]<\/cite><\/div><\/div><\/li><li class=\"\"><div class=\"sya_postcontent\"><span class=\"sya_date\">  <span class=\"sya_sep\"> <\/span><\/span><a href=\"https:\/\/www.carlosyconchita.net\/rutas\/02-06-2013-sentier-des-airelles\/\" class=\"sya_postlink post-2765\" rel=\"bookmark\">02-06-2013 &#8211; Sentier des Airelles (Font-Romeu)<\/a> <span class=\"sya_categories\"><span class=\"sya_bracket\">(<\/span>0-Muy f\u00e1cil, 2 - De 5 a 10 km., Font Romeu<span class=\"sya_bracket\">)<\/span><\/span><div style=\"padding-left:100px\" class=\"robots-nocontent\"><cite>&nbsp; Dificultad :\u00a0 Muy f\u00e1cil Recorrido :\u00a0 6&#8217;290 km. \u00a0Desnivel : 207 m. \u00a0\u00a0\u00a0 Alturas :\u00a0 1.888 \/ 2.035 m. Dado que no dispon\u00edamos de todo el d\u00eda, el tiempo estaba muy inestable, y que despu\u00e9s de la ruta de ayer est\u00e1bamos algo m\u00e1s cansados de lo normal, ya que hac\u00eda varias semanas que no [&hellip;]<\/cite><\/div><\/div><\/li><li class=\"\"><div class=\"sya_postcontent\"><span class=\"sya_date\">  <span class=\"sya_sep\"> <\/span><\/span><a href=\"https:\/\/www.carlosyconchita.net\/rutas\/01-06-2013-railleu-sendero-de-los-viejso-caminos\/\" class=\"sya_postlink post-2730\" rel=\"bookmark\">01-06-2013 &#8211; Railleu : Sendero de los viejos caminos<\/a> <span class=\"sya_categories\"><span class=\"sya_bracket\">(<\/span>2-Moderada, 3 - De 10 a 15 km., Sansa - Ayguatebia<span class=\"sya_bracket\">)<\/span><\/span><div style=\"padding-left:100px\" class=\"robots-nocontent\"><cite>&nbsp; Dificultad :\u00a0 Moderada Recorrido : 13&#8217;370 km. \u00a0Desnivel :\u00a0 777 m. \u00a0Alturas :\u00a0 1.306 \/ 1.759 m. Bonita ruta por las poblaciones francesas de Railleu, Aiguatebia y Caudi\u00e9s de Conflent a traves de antiguos caminos por la monta\u00f1a, y que junto a las otras excursiones que hemos hecho por esta zona, nos permiten haber [&hellip;]<\/cite><\/div><\/div><\/li><li class=\"\"><div class=\"sya_postcontent\"><span class=\"sya_date\">  <span class=\"sya_sep\"> <\/span><\/span><a href=\"https:\/\/www.carlosyconchita.net\/rutas\/01-05-2013-sant-miquel-del-fai-desde-riells-del-fai\/\" class=\"sya_postlink post-2693\" rel=\"bookmark\">01-05-2013 &#8211; Sant Miquel del Fai desde Riells del Fai<\/a> <span class=\"sya_categories\"><span class=\"sya_bracket\">(<\/span>2-Moderada, 3 - De 10 a 15 km., Barcelona - sin clasificar<span class=\"sya_bracket\">)<\/span><\/span><div style=\"padding-left:100px\" class=\"robots-nocontent\"><cite>&nbsp; Dificultad :\u00a0 F\u00e1cil \/ Moderada Recorrido : 11&#8217;340 km. \u00a0Desnivel :\u00a0\u00a0 543\u00a0 m. \u00a0Alturas :\u00a0 296 \/ 655 m. \u00a0Nota : el tiempo y recorrido del track incluye todas las paradas y las visitas a la zona de Sant Miquel del Fai Aprovechando las lluvias de las \u00faltimos dias, hemos hecho esta excursi\u00f3n,ya que [&hellip;]<\/cite><\/div><\/div><\/li><li class=\"\"><div class=\"sya_postcontent\"><span class=\"sya_date\">  <span class=\"sya_sep\"> <\/span><\/span><a href=\"https:\/\/www.carlosyconchita.net\/rutas\/15-04-2013-pla-de-la-calme-ruta-de-los-telesillas\/\" class=\"sya_postlink post-2550\" rel=\"bookmark\">15-04-2013 &#8211; Pla de la Calme &#8211; Ruta de los telesillas (raquetas)<\/a> <span class=\"sya_categories\"><span class=\"sya_bracket\">(<\/span>1-F\u00e1cil, 100 Cims Carlos y Conchita, 2 - De 5 a 10 km., Font Romeu<span class=\"sya_bracket\">)<\/span><\/span><div style=\"padding-left:100px\" class=\"robots-nocontent\"><cite>Dificultad :\u00a0\u00a0 F\u00e1cil Recorrido :\u00a0\u00a0 6&#8217;960 km. \u00a0Desnivel : \u00a0 274 m. \u00a0Alturas :\u00a0 2.023 \/ 2.213 Ruta f\u00e1cil y divertida, (a excepci\u00f3n del tramo de subida al Roc de la Calme) en la que partiendo del parking de La Calme, recorreremos durante un tramo el camino se\u00f1alado como La Calme y Panoramique, y despu\u00e9s, [&hellip;]<\/cite><\/div><\/div><\/li><li class=\"\"><div class=\"sya_postcontent\"><span class=\"sya_date\">  <span class=\"sya_sep\"> <\/span><\/span><a href=\"https:\/\/www.carlosyconchita.net\/rutas\/14-04-2013-pic-dels-moros-pla-de-la-calme\/\" class=\"sya_postlink post-2534\" rel=\"bookmark\">14-04-2013 &#8211;  Pla de la Calme &#8211; Pic dels Moros  (100 Cims) (raquetas)<\/a> <span class=\"sya_categories\"><span class=\"sya_bracket\">(<\/span>1-F\u00e1cil, 100 Cims Carlos y Conchita, 100 Cims FEEC, 2 - De 5 a 10 km., Font Romeu<span class=\"sya_bracket\">)<\/span><\/span><div style=\"padding-left:100px\" class=\"robots-nocontent\"><cite>Dificultad : \u00a0 F\u00e1cil Recorrido : 9&#8217;910\u00a0 km. \u00a0Desnivel :\u00a0\u00a0 320 m. \u00a0\u00a0\u00a0 Alturas :\u00a0 1.988 \/ 2.135 Excursi\u00f3n con raquetas para llegar al Pic dels Moros desde el parking de La Calme (Font Romeu) , con bonitas vistas de la zona. Atenci\u00f3n : debido a que ibamos con raquetas, y habia tanta nieve en [&hellip;]<\/cite><\/div><\/div><\/li><li class=\"\"><div class=\"sya_postcontent\"><span class=\"sya_date\">  <span class=\"sya_sep\"> <\/span><\/span><a href=\"https:\/\/www.carlosyconchita.net\/rutas\/31-03-2013-santa-leocadia-nahuja\/\" class=\"sya_postlink post-2501\" rel=\"bookmark\">31-03-2013 &#8211; Santa Leocadia &#8211; Nahuja<\/a> <span class=\"sya_categories\"><span class=\"sya_bracket\">(<\/span>0-Muy f\u00e1cil, 2 - De 5 a 10 km., Saillagosa<span class=\"sya_bracket\">)<\/span><\/span><div style=\"padding-left:100px\" class=\"robots-nocontent\"><cite>Dificultad :\u00a0 Muy f\u00e1cil Recorrido :\u00a0\u00a0 6&#8217;160 km. \u00a0Desnivel :\u00a0 236 m. \u00a0\u00a0\u00a0 Alturas :\u00a0 1.276 \/ 1384 m. Despu\u00e9s de 3 d\u00edas seguidos de caminatas, hoy hemos escogido un tranquilo paseo entre pueblos de la Cerdanya, para descansar un poco, siguiendo la ruta marcada como \u201cLa Cerdagne se raconte\u201d Empezamos en la poblaci\u00f3n de [&hellip;]<\/cite><\/div><\/div><\/li><li class=\"\"><div class=\"sya_postcontent\"><span class=\"sya_date\">  <span class=\"sya_sep\"> <\/span><\/span><a href=\"https:\/\/www.carlosyconchita.net\/rutas\/30-03-2013-coll-de-la-llosa-coll-de-torn-raquetas\/\" class=\"sya_postlink post-2464\" rel=\"bookmark\">30-03-2013 &#8211; Coll de la Llosa &#8211; Coll de Torn (raquetas)<\/a> <span class=\"sya_categories\"><span class=\"sya_bracket\">(<\/span>2-Moderada, 3 - De 10 a 15 km., Sansa - Ayguatebia<span class=\"sya_bracket\">)<\/span><\/span><div style=\"padding-left:100px\" class=\"robots-nocontent\"><cite>Dificultad :\u00a0 Moderada Recorrido : 12&#8217;300 km. \u00a0Desnivel :\u00a0\u00a0 396 m. \u00a0\u00a0\u00a0 Alturas :\u00a0 1.843\/ 1.954 Esta ha sido nuestra segunda excursi\u00f3n con raquetas, y en esta ocasi\u00f3n hemos llegado a nuestro ya conocido Refugio del Coll de Torn, a donde fuimos el d\u00eda 14-10-2012 -Coll de Creu \u2013 Refugio y Coll de Torn , [&hellip;]<\/cite><\/div><\/div><\/li><li class=\"\"><div class=\"sya_postcontent\"><span class=\"sya_date\">  <span class=\"sya_sep\"> <\/span><\/span><a href=\"https:\/\/www.carlosyconchita.net\/rutas\/29-03-2013-valle-de-angoustrine\/\" class=\"sya_postlink post-2424\" rel=\"bookmark\">29-03-2013 &#8211; Valle de Angoustrine<\/a> <span class=\"sya_categories\"><span class=\"sya_bracket\">(<\/span>1-F\u00e1cil, 3 - De 10 a 15 km.<span class=\"sya_bracket\">)<\/span><\/span><div style=\"padding-left:100px\" class=\"robots-nocontent\"><cite>Dificultad :\u00a0\u00a0 F\u00e1cil Recorrido :\u00a0\u00a0\u00a0 11\u2019700 km. \u00a0Desnivel :\u00a0 438 m. \u00a0\u00a0\u00a0 Alturas :\u00a0 1.331 \/ 1.652 La excursi\u00f3n de hoy empieza en la poblaci\u00f3n francesa de Angoustrine, y est\u00e1 se\u00f1alada como \u201cChemin des estives\u201d\u00a0 (Ruta de la transhumancia), ya que sigue en parte el recorrido que hacian los pastores espa\u00f1oles de Llivia, que en [&hellip;]<\/cite><\/div><\/div><\/li><li class=\"\"><div class=\"sya_postcontent\"><span class=\"sya_date\">  <span class=\"sya_sep\"> <\/span><\/span><a href=\"https:\/\/www.carlosyconchita.net\/rutas\/28-03-2013-ayguatebia-talau\/\" class=\"sya_postlink post-2402\" rel=\"bookmark\">28-03-2013 &#8211; Ayguatebia &#8211; Talau<\/a> <span class=\"sya_categories\"><span class=\"sya_bracket\">(<\/span>1-F\u00e1cil, 2 - De 5 a 10 km., Sansa - Ayguatebia<span class=\"sya_bracket\">)<\/span><\/span><div style=\"padding-left:100px\" class=\"robots-nocontent\"><cite>Dificultad :\u00a0 F\u00e1cil Recorrido :\u00a0\u00a0\u00a0 7&#8217;790 km. \u00a0Desnivel :\u00a0 427 m. \u00a0\u00a0\u00a0 Alturas :\u00a0 1.035 \/ 1.336 La ruta que hacemos hoy empieza en la poblaci\u00f3n francesa de Ayguatebia, a 27 km, de Saillagosa , y para llegar all\u00ed, seguiremos la carretera N116 en direcci\u00f3n a Les Angles. Poco despu\u00e9s de pasar La Llagone, veremos [&hellip;]<\/cite><\/div><\/div><\/li><li class=\"\"><div class=\"sya_postcontent\"><span class=\"sya_date\">  <span class=\"sya_sep\"> <\/span><\/span><a href=\"https:\/\/www.carlosyconchita.net\/rutas\/24-03-2013-olerdola-castillo-fuentes-y-horno-de-cal\/\" class=\"sya_postlink post-2343\" rel=\"bookmark\">24-03-2013 &#8211; Ol\u00e9rdola, castillo, fuentes y horno de cal<\/a> <span class=\"sya_categories\"><span class=\"sya_bracket\">(<\/span>1-F\u00e1cil, 3 - De 10 a 15 km., Parc de Ol\u00e9rdola<span class=\"sya_bracket\">)<\/span><\/span><div style=\"padding-left:100px\" class=\"robots-nocontent\"><cite>&nbsp; Dificultad :\u00a0\u00a0 F\u00e1cil Recorrido : 10&#8217;140 km. \u00a0Desnivel :\u00a0\u00a0 311\u00a0 m. \u00a0\u00a0\u00a0 Alturas :\u00a0 148 \/\u00a0 338 Esta excursi\u00f3n empieza en la poblaci\u00f3n de Sant Miquel de Ol\u00e9rdola, cerca de Vilafranca del Pened\u00e9s. Una vez en esta poblaci\u00f3n, buscaremos la calle Font de Fontanilles, y al final de la calle podremos aparcar. Empezaremos a [&hellip;]<\/cite><\/div><\/div><\/li><li class=\"\"><div class=\"sya_postcontent\"><span class=\"sya_date\">  <span class=\"sya_sep\"> <\/span><\/span><a href=\"https:\/\/www.carlosyconchita.net\/rutas\/167-03-2013-lac-de-ticou-y-ruta-de-las-fortificaciones\/\" class=\"sya_postlink post-2313\" rel=\"bookmark\">16-03-2013 &#8211; Lac de Ticou y Ruta de las Fortificaciones.<\/a> <span class=\"sya_categories\"><span class=\"sya_bracket\">(<\/span>2-Moderada, 3 - De 10 a 15 km., Font Romeu<span class=\"sya_bracket\">)<\/span><\/span><div style=\"padding-left:100px\" class=\"robots-nocontent\"><cite>&nbsp; Dificultad :\u00a0\u00a0 Moderada Recorrido : 12&#8217;100 km. \u00a0Desnivel : 340\u00a0 m. \u00a0\u00a0\u00a0 Alturas :\u00a0 1.596 \/ 1.735 Finalmente nos hemos decidido a hacer nuestra primera caminata con raquetas, para lo que hemos elegido la zona de Bolqu\u00e9re-Pyren\u00e9es 2000,\u00a0 y nuestro conocido Parking des Estagnols (ver indicaciones para llegar con el coche) , desde donde [&hellip;]<\/cite><\/div><\/div><\/li><li class=\"\"><div class=\"sya_postcontent\"><span class=\"sya_date\">  <span class=\"sya_sep\"> <\/span><\/span><a href=\"https:\/\/www.carlosyconchita.net\/rutas\/24-02-2013-delta-del-llobregat\/\" class=\"sya_postlink post-2291\" rel=\"bookmark\">24-02-2013 &#8211; Delta del LLobregat<\/a> <span class=\"sya_categories\"><span class=\"sya_bracket\">(<\/span>0-Muy f\u00e1cil, 3 - De 10 a 15 km., Baix Llobregat<span class=\"sya_bracket\">)<\/span><\/span><div style=\"padding-left:100px\" class=\"robots-nocontent\"><cite>&nbsp; Dificultad :\u00a0 Muy f\u00e1cil Recorrido : 11&#8217;750 km. \u00a0Desnivel :\u00a0 77 m. \u00a0\u00a0\u00a0 Alturas :\u00a0\u00a0\u00a0 -17 m. \/ + 17 m. Interesante e instructiva excursi\u00f3n por el Parc Natural del Delta del Llobregat, que re\u00fane en una sola, las 3 rutas se\u00f1aladas en el citado parque. Debido a que estas rutas est\u00e1n perfectamente se\u00f1alizadas [&hellip;]<\/cite><\/div><\/div><\/li><li class=\"\"><div class=\"sya_postcontent\"><span class=\"sya_date\">  <span class=\"sya_sep\"> <\/span><\/span><a href=\"https:\/\/www.carlosyconchita.net\/rutas\/16-02-2013-les-angles-esqui\/\" class=\"sya_postlink post-2278\" rel=\"bookmark\">16-02-2013 &#8211; Les Angles (esqu\u00ed)<\/a> <span class=\"sya_categories\"><span class=\"sya_bracket\">(<\/span>0-Esqu\u00ed, 0-Muy f\u00e1cil, Les Angles<span class=\"sya_bracket\">)<\/span><\/span><div style=\"padding-left:100px\" class=\"robots-nocontent\"><cite>Despu\u00e9s de casi un mes y medio sin poder esquiar, por temas de trabajo y tambi\u00e9n por las fuertes ventoleras de las \u00faltimas semanas, esta vez s\u00ed que hemos podido hacer la segunda esquiada del a\u00f1o&#8230; Muchos coches en las carreteras, y en el parking de la estaci\u00f3n, pero en las pistas, realmente hab\u00eda muy [&hellip;]<\/cite><\/div><\/div><\/li><li class=\"\"><div class=\"sya_postcontent\"><span class=\"sya_date\">  <span class=\"sya_sep\"> <\/span><\/span><a href=\"https:\/\/www.carlosyconchita.net\/rutas\/10-02-2013-begues-eramprunya-puig-dagulles\/\" class=\"sya_postlink post-2239\" rel=\"bookmark\">10-02-2013 &#8211; Begues, Erampruny\u00e1, Puig d&#8217;Agulles<\/a> <span class=\"sya_categories\"><span class=\"sya_bracket\">(<\/span>1-F\u00e1cil, 2-Moderada, 3 - De 10 a 15 km., Parc del Garraf<span class=\"sya_bracket\">)<\/span><\/span><div style=\"padding-left:100px\" class=\"robots-nocontent\"><cite>Dificultad :\u00a0 F\u00e1cil &#8211; Moderada\u00a0 Recorrido : 12&#8217;050 km. \u00a0Desnivel :\u00a0\u00a0 435 m. \u00a0Alturas :\u00a0 318 \/ 550 Esta ha sido nuestra primera excursi\u00f3n en la zona del Parque Natural del Garraf, y partiendo de Begues, hemos pasado por la torre de vigilancia \u00abS\u00bb de esta zona, posteriormente hemos ido a las ruinas del Castillo [&hellip;]<\/cite><\/div><\/div><\/li><li class=\"\"><div class=\"sya_postcontent\"><span class=\"sya_date\">  <span class=\"sya_sep\"> <\/span><\/span><a href=\"https:\/\/www.carlosyconchita.net\/rutas\/27-01-2013-1a-caminata-comentada-st-vicenc-dels-horts\/\" class=\"sya_postlink post-2197\" rel=\"bookmark\">27-01-2013 &#8211; 1\u00aa Caminata comentada &#8211; St.Vicen\u00e7 dels Horts<\/a> <span class=\"sya_categories\"><span class=\"sya_bracket\">(<\/span>2-Moderada, 3 - De 10 a 15 km., Baix Llobregat<span class=\"sya_bracket\">)<\/span><\/span><div style=\"padding-left:100px\" class=\"robots-nocontent\"><cite>&nbsp; Dificultad :\u00a0 Moderada Recorrido : 13&#8217;370 km. \u00a0Desnivel :\u00a0 753 m. \u00a0Alturas :\u00a0\u00a0\u00a0 &#8211; 2 \/ 349 m Esta ha sido la primera excursi\u00f3n que hemos hecho con nuestros nuevos compa\u00f1eros del Club Excursionista Sant Vicen\u00e7 (\u00a0www.cesvdelshorts.com ), y ha coincidido adem\u00e1s en ser la primera que han organizado conjuntamente el citado Club y [&hellip;]<\/cite><\/div><\/div><\/li><li class=\"\"><div class=\"sya_postcontent\"><span class=\"sya_date\">  <span class=\"sya_sep\"> <\/span><\/span><a href=\"https:\/\/www.carlosyconchita.net\/rutas\/20-01-2013-cervello-puig-vicenc-penya-del-moro\/\" class=\"sya_postlink post-2135\" rel=\"bookmark\">20-01-2013 &#8211; Cervell\u00f3-Puig Vicen\u00e7-Penya del Moro<\/a> <span class=\"sya_categories\"><span class=\"sya_bracket\">(<\/span>100 Cims Carlos y Conchita, 2-Moderada, 3 - De 10 a 15 km., Baix Llobregat<span class=\"sya_bracket\">)<\/span><\/span><div style=\"padding-left:100px\" class=\"robots-nocontent\"><cite>Dificultad :\u00a0 Moderada Recorrido : 13&#8217;290 km. \u00a0Desnivel :\u00a0\u00a0\u00a0 681 m. \u00a0\u00a0\u00a0 Alturas :\u00a0 130 \/ 460 Partiendo de Cervell\u00f3 por caminos entre bosques y masias, iremos al Puig Vicen\u00e7 y seguidamente a la Penya del Moro, desde donde tendremos una impresionante panor\u00e1mica de varias poblaciones del Baix llobregat, Barcelona, Sant Boi, Gav\u00e1, etc. y [&hellip;]<\/cite><\/div><\/div><\/li><li class=\"\"><div class=\"sya_postcontent\"><span class=\"sya_date\">  <span class=\"sya_sep\"> <\/span><\/span><a href=\"https:\/\/www.carlosyconchita.net\/rutas\/13-01-2013-cervello-torrelles-cervello\/\" class=\"sya_postlink post-2011\" rel=\"bookmark\">13-01-2013 &#8211; Cervell\u00f3 &#8211; Torrelles &#8211; Cervell\u00f3<\/a> <span class=\"sya_categories\"><span class=\"sya_bracket\">(<\/span>1-F\u00e1cil, 5 - M\u00e1s de 20 km., Baix Llobregat<span class=\"sya_bracket\">)<\/span><\/span><div style=\"padding-left:100px\" class=\"robots-nocontent\"><cite>Dificultad :\u00a0\u00a0 F\u00e1cil Recorrido :\u00a0 20&#8217;040 km. \u00a0Desnivel :\u00a0\u00a0 985\u00a0 m.(?) Alturas :\u00a0\u00a0 45 \/ 261 NOTA :\u00a0 No nos cuadran mucho los 985 m. de desnivel acumulado que nos d\u00e1 la p\u00e1gina de Wikiloc, porque la ruta es muy plana y f\u00e1cil, pero ese es el dato que aparece&#8230; De todas formas, hay que [&hellip;]<\/cite><\/div><\/div><\/li><li class=\"\"><div class=\"sya_postcontent\"><span class=\"sya_date\">  <span class=\"sya_sep\"> <\/span><\/span><a href=\"https:\/\/www.carlosyconchita.net\/rutas\/06-01-2013-les-angles-primera-esquiada-del-ano\/\" class=\"sya_postlink post-1967\" rel=\"bookmark\">06-01-2013 &#8211; Les Angles : primera esquiada del a\u00f1o<\/a> <span class=\"sya_categories\"><span class=\"sya_bracket\">(<\/span>0-Esqu\u00ed, 0-Muy f\u00e1cil, Les Angles<span class=\"sya_bracket\">)<\/span><\/span><div style=\"padding-left:100px\" class=\"robots-nocontent\"><cite>Como todos los a\u00f1os, hemos empezado la \u00abtemporada\u00bb de ski en el dia de Reyes, y tambi\u00e9n como todos los a\u00f1os, la afluencia de p\u00fablico a las pistas ha sido baj\u00edsima, debido a los compromisos familiares de esos dias, lo que nos ha permitido esquiar libremente y sin ningun problema de colas. En las fotos [&hellip;]<\/cite><\/div><\/div><\/li><\/ul> <a id=\"year2012\"><\/a>2012 <span class=\"sya_yearcount\"><span class=\"sya_bracket\">(<\/span>47<span class=\"sya_bracket\">)<\/span><\/span> <ul><li class=\"\"><div class=\"sya_postcontent\"><span class=\"sya_date\">  <span class=\"sya_sep\"> <\/span><\/span><a href=\"https:\/\/www.carlosyconchita.net\/rutas\/16-12-2012-cervello-castillo-e-iglesia-sta-maria\/\" class=\"sya_postlink post-1923\" rel=\"bookmark\">16-12-2012 &#8211; Cervell\u00f3, castillo, ermita de Sta. Mar\u00eda<\/a> <span class=\"sya_categories\"><span class=\"sya_bracket\">(<\/span>0-Muy f\u00e1cil, 2 - De 5 a 10 km., Baix Llobregat<span class=\"sya_bracket\">)<\/span><\/span><div style=\"padding-left:100px\" class=\"robots-nocontent\"><cite>&nbsp; Dificultad :\u00a0 Muy f\u00e1cil Recorrido :\u00a0 6&#8217;670 km. \u00a0Desnivel :\u00a0\u00a0 327m. \u00a0\u00a0\u00a0 Alturas :\u00a0\u00a0\u00a0 71 \/ 251 Peque\u00f1a excursi\u00f3n que nos permitir\u00e1 ver las ruinas del castillo de Cervell\u00f3, la ermita de Sta Mar\u00eda y varias mas\u00edas de las zona. Tendremos unas buenas vistas de Cervell\u00f3, Molins de Rei etc. desde arriba y a [&hellip;]<\/cite><\/div><\/div><\/li><li class=\"\"><div class=\"sya_postcontent\"><span class=\"sya_date\">  <span class=\"sya_sep\"> <\/span><\/span><a href=\"https:\/\/www.carlosyconchita.net\/rutas\/08-12-2012-ruinas-de-st-pere-de-cedret-la-tour-de-carol\/\" class=\"sya_postlink post-1849\" rel=\"bookmark\">08-12-2012 &#8211; La Tour de Carol &#8211; Ruinas de St. Pere de Cedret<\/a> <span class=\"sya_categories\"><span class=\"sya_bracket\">(<\/span>0-Muy f\u00e1cil, 2 - De 5 a 10 km., La Tour de Carol<span class=\"sya_bracket\">)<\/span><\/span><div style=\"padding-left:100px\" class=\"robots-nocontent\"><cite>Dificultad :\u00a0 Muy f\u00e1cil Recorrido :\u00a0\u00a0 5&#8217;250 km. \u00a0Desnivel :\u00a0\u00a0 198\u00a0 m. \u00a0\u00a0\u00a0 Alturas :\u00a0 1.216 \/ 1.351 Esta peque\u00f1a excursi\u00f3n, nos llevar\u00e1 a las ruinas de Sant Pere de Cedret, un peque\u00f1o grupo de varias casas, y siguiendo el camino tendremos unas grandes vistas sobre las poblaciones de Puigcerd\u00e1, San\u00e9ja, Estavar, Llivia, etc. y [&hellip;]<\/cite><\/div><\/div><\/li><li class=\"\"><div class=\"sya_postcontent\"><span class=\"sya_date\">  <span class=\"sya_sep\"> <\/span><\/span><a href=\"https:\/\/www.carlosyconchita.net\/rutas\/06-12-2012-la-tour-de-carol-panoramica-sobre-el-valle\/\" class=\"sya_postlink post-1808\" rel=\"bookmark\">06-12-2012 &#8211; La Tour de Carol &#8211; panor\u00e1mica sobre el valle<\/a> <span class=\"sya_categories\"><span class=\"sya_bracket\">(<\/span>0-Muy f\u00e1cil, 2 - De 5 a 10 km., La Tour de Carol<span class=\"sya_bracket\">)<\/span><\/span><div style=\"padding-left:100px\" class=\"robots-nocontent\"><cite>&nbsp; Dificultad :\u00a0 Muy f\u00e1cil Recorrido :\u00a0 6&#8217;530 km. \u00a0Desnivel :\u00a0 305\u00a0 m. \u00a0\u00a0\u00a0 Alturas :\u00a0 1.240 \/ 1.518 En esta excursi\u00f3n , partiendo de La Tour de Carol, podremos ver unas magn\u00edficas vistas sobre el valle del rio Carol, y las poblaciones de La Tour, Enveitg, Riut\u00e9es, y seguir un tramo del Canal de [&hellip;]<\/cite><\/div><\/div><\/li><li class=\"\"><div class=\"sya_postcontent\"><span class=\"sya_date\">  <span class=\"sya_sep\"> <\/span><\/span><a href=\"https:\/\/www.carlosyconchita.net\/rutas\/2012-madeira\/\" class=\"sya_postlink post-3688\" rel=\"bookmark\">Fotos Madeira 2012<\/a> <span class=\"sya_categories\"><span class=\"sya_bracket\">(<\/span>0-Fotos<span class=\"sya_bracket\">)<\/span><\/span><div style=\"padding-left:100px\" class=\"robots-nocontent\"><cite>&nbsp; 17-08-2012 &#8211; Mercado Dos Lavradores (Madeira) 16-08-2012 &#8211; Pico Ruivo (Madeira) 15-08-2012 &#8211; Funchal (Madeira) 15-08-2012 &#8211; Monte (fiesta de la Virgen) (Madeira) 14-08-2012 &#8211; Peninsula de San Lorenzo (Madeira) 13-08-2012 &#8211; Punta Sao Jorge (Madeira) 13-08-2012-Caldero Verde (Madeira) 12-08-2012 &#8211; Levada das 25 Fontes (Madeira) 12-08-2012 &#8211; Porto Moniz (Madeira) 11-08-2012 &#8211; Levada [&hellip;]<\/cite><\/div><\/div><\/li><li class=\"\"><div class=\"sya_postcontent\"><span class=\"sya_date\">  <span class=\"sya_sep\"> <\/span><\/span><a href=\"https:\/\/www.carlosyconchita.net\/rutas\/03-11-2012-ermitage-font-romeu-datos-historicos\/\" class=\"sya_postlink post-1231\" rel=\"bookmark\">03-11-2012 &#8211; Ermitage-Font-Romeu &#8211; datos hist\u00f3ricos<\/a> <span class=\"sya_categories\"><span class=\"sya_bracket\">(<\/span>0-Muy f\u00e1cil, 2 - De 5 a 10 km., Font Romeu<span class=\"sya_bracket\">)<\/span><\/span><div style=\"padding-left:100px\" class=\"robots-nocontent\"><cite>&nbsp; Indicamos aqui algunos datos hist\u00f3ricos sobre el\u00a0 Ermitage-Font-Romeu &nbsp; &nbsp; &nbsp; &nbsp; &nbsp; &nbsp; &nbsp; &nbsp; &nbsp; &nbsp; &nbsp; &nbsp; &nbsp; &nbsp; &nbsp; &nbsp; &nbsp; &nbsp;<\/cite><\/div><\/div><\/li><li class=\"\"><div class=\"sya_postcontent\"><span class=\"sya_date\">  <span class=\"sya_sep\"> <\/span><\/span><a href=\"https:\/\/www.carlosyconchita.net\/rutas\/03-11-2012-ermitage-coll-de-pam\/\" class=\"sya_postlink post-1210\" rel=\"bookmark\">03-11-2012 &#8211; Ermitage &#8211; Coll de Pam<\/a> <span class=\"sya_categories\"><span class=\"sya_bracket\">(<\/span>0-Muy f\u00e1cil, 2 - De 5 a 10 km., Font Romeu<span class=\"sya_bracket\">)<\/span><\/span><div style=\"padding-left:100px\" class=\"robots-nocontent\"><cite>Dificultad :\u00a0 Muy f\u00e1cil Recorrido :\u00a0 7&#8217;520 km. \u00a0Desnivel : 329 m. \u00a0\u00a0\u00a0 Alturas :\u00a0 1.812\/ 2.016 Excursi\u00f3n desde Ermitage al Coll de Pam , que iniciamos en zona del Ermitage de Font Romeu. Para llegar alli, partimos como siempre desde la poblaci\u00f3n francesa de Saillagossa, en la misma N-116 , situada a 8 km. [&hellip;]<\/cite><\/div><\/div><\/li><li class=\"\"><div class=\"sya_postcontent\"><span class=\"sya_date\">  <span class=\"sya_sep\"> <\/span><\/span><a href=\"https:\/\/www.carlosyconchita.net\/rutas\/02-11-2012-estany-den-comte\/\" class=\"sya_postlink post-1181\" rel=\"bookmark\">02-11-2012 &#8211; Estany d&#8217;en Comte<\/a> <span class=\"sya_categories\"><span class=\"sya_bracket\">(<\/span>1-F\u00e1cil, 2 - De 5 a 10 km., Port\u00e9-Puymorens<span class=\"sya_bracket\">)<\/span><\/span><div style=\"padding-left:100px\" class=\"robots-nocontent\"><cite>Dificultad :\u00a0 F\u00e1cil Recorrido :\u00a0 7&#8217;220 km. \u00a0Desnivel : 452 m. \u00a0\u00a0\u00a0 Alturas :\u00a0 1.427 \/ 1.731 Bonita excursi\u00f3n que siguiendo el curso del torrente de Mourguillou, nos llevar\u00e1 hasta un peque\u00f1o estanque, y despu\u00e9s el Estany d\u2019en Comte, por un camino entre monta\u00f1as, con\u00a0 unos magn\u00edficas vistas. Para llegar al punto de inicio de [&hellip;]<\/cite><\/div><\/div><\/li><li class=\"\"><div class=\"sya_postcontent\"><span class=\"sya_date\">  <span class=\"sya_sep\"> <\/span><\/span><a href=\"https:\/\/www.carlosyconchita.net\/rutas\/parking-del-col-de-puymorens\/\" class=\"sya_postlink post-6094\" rel=\"bookmark\">Parking del Col de Puymorens<\/a> <span class=\"sya_categories\"><span class=\"sya_bracket\">(<\/span>0-Accesos coche<span class=\"sya_bracket\">)<\/span><\/span><div style=\"padding-left:100px\" class=\"robots-nocontent\"><cite>Para llegar al Parking del Col de Puymorens desde Bourgmadame, cogeremos la carretera en direccion Aix les Thermes \u2013 Port\u00e9 Puymorens. Pasaremos por Ur, Enveitg, La Tour de Carol, y Porta, y a la salida de esta ultima, cuando veamos las se\u00f1ales del t\u00fanel de peaje de Port\u00e9 (siguiendo recto), nosotros nos desviaremos a la [&hellip;]<\/cite><\/div><\/div><\/li><li class=\"\"><div class=\"sya_postcontent\"><span class=\"sya_date\">  <span class=\"sya_sep\"> <\/span><\/span><a href=\"https:\/\/www.carlosyconchita.net\/rutas\/01-11-2012-estany-de-coma-dor\/\" class=\"sya_postlink post-1151\" rel=\"bookmark\">01-11-2012 &#8211; Estany de Coma D&#8217;Or<\/a> <span class=\"sya_categories\"><span class=\"sya_bracket\">(<\/span>2-Moderada, 3 - De 10 a 15 km., Port\u00e9-Puymorens<span class=\"sya_bracket\">)<\/span><\/span><div style=\"padding-left:100px\" class=\"robots-nocontent\"><cite>Dificultad :\u00a0 Moderada\/Dificil Recorrido : 11&#8217;530 km. \u00a0Desnivel : 660 m. \u00a0\u00a0\u00a0 Alturas :\u00a0 1.908 \/ 2.534 Ruta a la Coma d&#8217;Or desde Port\u00e9-Puymorens, NOTA : en condiciones normales, esta excursi\u00f3n la clasificariamos como \u00abmoderada\u00bb, pero debido a la nieve y al no llevar raquetas, la clasificamos como \u00abdificil\u00bb El punto de inicio de esta [&hellip;]<\/cite><\/div><\/div><\/li><li class=\"\"><div class=\"sya_postcontent\"><span class=\"sya_date\">  <span class=\"sya_sep\"> <\/span><\/span><a href=\"https:\/\/www.carlosyconchita.net\/rutas\/coll-de-creu-coll-de-torn\/\" class=\"sya_postlink post-938\" rel=\"bookmark\">14-10-2012  -Coll de Creu &#8211; Refugio y Coll de Torn<\/a> <span class=\"sya_categories\"><span class=\"sya_bracket\">(<\/span>1-F\u00e1cil, 2 - De 5 a 10 km., Sansa - Ayguatebia<span class=\"sya_bracket\">)<\/span><\/span><div style=\"padding-left:100px\" class=\"robots-nocontent\"><cite>Dificultad :\u00a0 F\u00e1cil Recorrido :\u00a0 9&#8217;240 Km. \u00a0Desnivel :\u00a0 364 m. \u00a0\u00a0\u00a0 Alturas :\u00a0 1.685\/ 1.984 Dado que esta excursi\u00f3n no es muy larga ni complicada, la hemos combinado con un viaje de ida en coche al punto de partida por una ruta (32 km. desde Saillagosa) , y la vuelta por otra ruta distinta [&hellip;]<\/cite><\/div><\/div><\/li><li class=\"\"><div class=\"sya_postcontent\"><span class=\"sya_date\">  <span class=\"sya_sep\"> <\/span><\/span><a href=\"https:\/\/www.carlosyconchita.net\/rutas\/13-10-2012-recorrido-por-el-rio-tet\/\" class=\"sya_postlink post-893\" rel=\"bookmark\">13-10-2012 &#8211; Recorrido por el rio T\u00eat desde Pyren\u00e9es 2000<\/a> <span class=\"sya_categories\"><span class=\"sya_bracket\">(<\/span>1-F\u00e1cil, 3 - De 10 a 15 km., Font Romeu<span class=\"sya_bracket\">)<\/span><\/span><div style=\"padding-left:100px\" class=\"robots-nocontent\"><cite>Dificultad : \u00a0 F\u00e1cil Recorrido : 11&#8217;740 km. \u00a0Desnivel :\u00a0\u00a0 702 m. (??) \u00a0Alturas :\u00a0 1.496 \/ 1.743 m. NOTA :\u00a0 En Wikiloc nos sale un desnivel acumualdo de 702 m. que creemos que no es correcto, ya que es una ruta f\u00e1cil, practicamente plana, y que nos ha permitido descansar despu\u00e9s de la larga [&hellip;]<\/cite><\/div><\/div><\/li><li class=\"\"><div class=\"sya_postcontent\"><span class=\"sya_date\">  <span class=\"sya_sep\"> <\/span><\/span><a href=\"https:\/\/www.carlosyconchita.net\/rutas\/coll-de-sansa-a-coll-de-creu\/\" class=\"sya_postlink post-838\" rel=\"bookmark\">12-10-2012 &#8211; Sansa &#8211; Coll de Sansa &#8211; Coll de Creu<\/a> <span class=\"sya_categories\"><span class=\"sya_bracket\">(<\/span>3 - De 10 a 15 km., 3-Dif\u00edcil, Sansa - Ayguatebia<span class=\"sya_bracket\">)<\/span><\/span><div style=\"padding-left:100px\" class=\"robots-nocontent\"><cite>Dificultad : Dificil Recorrido :\u00a0 16&#8217;670 km. Desnivel : 699 m. Alturas : 1.420 m. \/ 1.877 m. &nbsp; &nbsp; &nbsp; Esta excursi\u00f3n empieza en la poblaci\u00f3n francesa de Sansa, situada a 34 km. de Saillagosa, y nos llevar\u00e1 al Coll de Sansa, y despu\u00e9s a los Colls de Agrellons, de Creu y de Drag\u00f3n, [&hellip;]<\/cite><\/div><\/div><\/li><li class=\"\"><div class=\"sya_postcontent\"><span class=\"sya_date\">  <span class=\"sya_sep\"> <\/span><\/span><a href=\"https:\/\/www.carlosyconchita.net\/rutas\/23-09-2012-sentier-des-glaciers\/\" class=\"sya_postlink post-489\" rel=\"bookmark\">23-09-2012 &#8211; Sentier des Glaciers<\/a> <span class=\"sya_categories\"><span class=\"sya_bracket\">(<\/span>0-Muy f\u00e1cil, 2 - De 5 a 10 km., Font Romeu<span class=\"sya_bracket\">)<\/span><\/span><div style=\"padding-left:100px\" class=\"robots-nocontent\"><cite>&nbsp; Dificultad :\u00a0 Muy f\u00e1cil\u00a0\u00a0\u00a0\u00a0\u00a0\u00a0\u00a0\u00a0\u00a0\u00a0\u00a0\u00a0\u00a0\u00a0\u00a0\u00a0\u00a0\u00a0\u00a0\u00a0\u00a0\u00a0\u00a0\u00a0\u00a0\u00a0\u00a0\u00a0\u00a0\u00a0 Total : 8\u2019000 km. \u00a0\u00a0\u00a0\u00a0\u00a0\u00a0\u00a0 \u00a0Desnivel : 281 m. \u00a0\u00a0\u00a0\u00a0\u00a0\u00a0\u00a0\u00a0\u00a0\u00a0\u00a0\u00a0\u00a0\u00a0\u00a0\u00a0\u00a0\u00a0\u00a0\u00a0\u00a0\u00a0\u00a0\u00a0\u00a0\u00a0\u00a0\u00a0\u00a0\u00a0\u00a0\u00a0\u00a0 \u00a0 \u00a0 Alturas :\u00a0 1.623\/ 1.733 &nbsp; Para llegar en coche al punto de partida, ver la ruta\u00a0 :\u00a0 \u201cParking des Estanyols-Acceso\u201d Bonita y tranquila caminata que partiendo del Parking des Estanyols de la estaci\u00f3n de ski de Pyren\u00e9es 2000,\u00a0 [&hellip;]<\/cite><\/div><\/div><\/li><li class=\"\"><div class=\"sya_postcontent\"><span class=\"sya_date\">  <span class=\"sya_sep\"> <\/span><\/span><a href=\"https:\/\/www.carlosyconchita.net\/rutas\/22-09-2012-lagos-de-ballbone-y-lestagnet\/\" class=\"sya_postlink post-417\" rel=\"bookmark\">22-09-2012 &#8211; Lagos de Ballbone y L&#8217;Estagnet<\/a> <span class=\"sya_categories\"><span class=\"sya_bracket\">(<\/span>3 - De 10 a 15 km., 3-Dif\u00edcil, Ari\u00e8ge<span class=\"sya_bracket\">)<\/span><\/span><div style=\"padding-left:100px\" class=\"robots-nocontent\"><cite>Dificultad :\u00a0 Dificil\u00a0\u00a0\u00a0\u00a0\u00a0\u00a0\u00a0\u00a0\u00a0\u00a0\u00a0\u00a0\u00a0\u00a0\u00a0\u00a0\u00a0\u00a0\u00a0\u00a0\u00a0\u00a0\u00a0\u00a0\u00a0\u00a0\u00a0 Total : 11&#8217;840 km. \u00a0\u00a0\u00a0\u00a0\u00a0\u00a0\u00a0 \u00a0Desnivel : 805 m. \u00a0\u00a0\u00a0\u00a0\u00a0\u00a0\u00a0\u00a0\u00a0\u00a0\u00a0\u00a0\u00a0\u00a0\u00a0\u00a0\u00a0\u00a0\u00a0\u00a0\u00a0\u00a0\u00a0\u00a0\u00a0\u00a0\u00a0\u00a0 Alturas :\u00a0 1.594\/ 2.166 Para llegar con el coche al punto de partida, ver la ruta \u00abParking de la Restanque-Acceso coche\u00bb Fantastica ruta que partiendo del parking de La Restanque , nos llevar\u00e1 primero al lago de la Ballbone y despu\u00e9s, subiendo [&hellip;]<\/cite><\/div><\/div><\/li><li class=\"\"><div class=\"sya_postcontent\"><span class=\"sya_date\">  <span class=\"sya_sep\"> <\/span><\/span><a href=\"https:\/\/www.carlosyconchita.net\/rutas\/parking-dels-estagnols-acceso-coche\/\" class=\"sya_postlink post-462\" rel=\"bookmark\">-Parking dels Estagnols &#8211; Acceso coche<\/a> <span class=\"sya_categories\"><span class=\"sya_bracket\">(<\/span>0-Accesos coche<span class=\"sya_bracket\">)<\/span><\/span><div style=\"padding-left:100px\" class=\"robots-nocontent\"><cite>Detallamos aqu\u00ed de forma detallada el acceso a este parking , ya que es el punto de origen de varias de nuestras rutas ,\u00a0 y asi poder simplificar sus correspondientes tracks. Desde aqu\u00ed podemos empezar estas excursiones, entre otras : &#8211; 23-09-2012 &#8211; Sendero de los Glaciares &#8211; 13-10-2012 &#8211; Recorrido por el r\u00edo T\u00eat [&hellip;]<\/cite><\/div><\/div><\/li><li class=\"\"><div class=\"sya_postcontent\"><span class=\"sya_date\">  <span class=\"sya_sep\"> <\/span><\/span><a href=\"https:\/\/www.carlosyconchita.net\/rutas\/parking-de-la-restanque-acceso-en-coche\/\" class=\"sya_postlink post-450\" rel=\"bookmark\">Parking de la Restanque &#8211; Acceso en coche<\/a> <span class=\"sya_categories\"><span class=\"sya_bracket\">(<\/span>0-Accesos coche<span class=\"sya_bracket\">)<\/span><\/span><div style=\"padding-left:100px\" class=\"robots-nocontent\"><cite>&nbsp; Detallamos aqu\u00ed de forma detallada el acceso a este parking , ya que es el punto de origen de varias de nuestras rutas ,\u00a0 y asi poder simplificar sus correspondientes tracks. Desde este parking, podremos iniciar las siguientes rutas : &nbsp; 25-08-2012 \u2013 Lac de Rabassoles 22-09-2012 \u2013 Lac de Ballbona y Lac Estagnet [&hellip;]<\/cite><\/div><\/div><\/li><li class=\"\"><div class=\"sya_postcontent\"><span class=\"sya_date\">  <span class=\"sya_sep\"> <\/span><\/span><a href=\"https:\/\/www.carlosyconchita.net\/rutas\/gorg-negre\/\" class=\"sya_postlink post-52\" rel=\"bookmark\">10-09-2012 &#8211; Gorg Negre<\/a> <span class=\"sya_categories\"><span class=\"sya_bracket\">(<\/span>0-Sin clasificar, 1-F\u00e1cil, 2 - De 5 a 10 km.<span class=\"sya_bracket\">)<\/span><\/span><div style=\"padding-left:100px\" class=\"robots-nocontent\"><cite>\u00a0 Dificultad :\u00a0 F\u00e1cil\u00a0\u00a0\u00a0\u00a0\u00a0\u00a0\u00a0\u00a0\u00a0\u00a0\u00a0\u00a0\u00a0 Total : 6\u2019370 km. \u00a0 (m\u00e1s 10 km. en coche) Desnivel : 485 m. \u00a0\u00a0\u00a0\u00a0\u00a0\u00a0\u00a0\u00a0\u00a0\u00a0\u00a0\u00a0\u00a0 Altura m\u00e1x :\u00a0 2.086 m. Desde el pueblo de Evol, sale una pista con la se\u00f1al de Circulaci\u00f3n prohibida , por su mal estado, y realmente pasarla con un coche que no sea todo terreno es [&hellip;]<\/cite><\/div><\/div><\/li><li class=\"\"><div class=\"sya_postcontent\"><span class=\"sya_date\">  <span class=\"sya_sep\"> <\/span><\/span><a href=\"https:\/\/www.carlosyconchita.net\/rutas\/09-09-2012-lac-daude\/\" class=\"sya_postlink post-75\" rel=\"bookmark\">09-09-2012 &#8211; Lac d&#8217;Aude<\/a> <span class=\"sya_categories\"><span class=\"sya_bracket\">(<\/span>2-Moderada, 3 - De 10 a 15 km., Les Angles<span class=\"sya_bracket\">)<\/span><\/span><div style=\"padding-left:100px\" class=\"robots-nocontent\"><cite>Dificultad :\u00a0 Moderada\u00a0\u00a0\u00a0\u00a0\u00a0\u00a0\u00a0\u00a0\u00a0\u00a0\u00a0\u00a0\u00a0\u00a0 Total : 11\u2019200\u00a0 km. \u00a0\u00a0 Desnivel : 416 m. \u00a0\u00a0\u00a0\u00a0\u00a0\u00a0\u00a0\u00a0\u00a0\u00a0\u00a0\u00a0\u00a0\u00a0\u00a0 Altura m\u00e1x :\u00a0 1.792\/2.146 m. Partiendo del parking del Pla del Mir (Les Angles), esta ruta nos lleva al Lac d&#8217;Aude, cerca del lago de las Boullossas. La ruta empieza en la poblaci\u00f3n de Les Angles (Francia).\u00a0 Antes de entrar en la [&hellip;]<\/cite><\/div><\/div><\/li><li class=\"\"><div class=\"sya_postcontent\"><span class=\"sya_date\">  <span class=\"sya_sep\"> <\/span><\/span><a href=\"https:\/\/www.carlosyconchita.net\/rutas\/lac-de-balmete-pistas-ski\/\" class=\"sya_postlink post-179\" rel=\"bookmark\">08-09-2012 &#8211; Lac de Balmete<\/a> <span class=\"sya_categories\"><span class=\"sya_bracket\">(<\/span>3 - De 10 a 15 km., 3-Dif\u00edcil, Les Angles<span class=\"sya_bracket\">)<\/span><\/span><div style=\"padding-left:100px\" class=\"robots-nocontent\"><cite>Dificultad : Dificil \u00a0\u00a0\u00a0\u00a0\u00a0\u00a0\u00a0\u00a0\u00a0\u00a0\u00a0\u00a0\u00a0\u00a0\u00a0 Total : 12\u2019740\u00a0 km. \u00a0\u00a0 Desnivel : 746 m. \u00a0\u00a0\u00a0\u00a0\u00a0\u00a0\u00a0\u00a0\u00a0\u00a0\u00a0\u00a0\u00a0\u00a0\u00a0\u00a0\u00a0\u00a0\u00a0\u00a0\u00a0\u00a0\u00a0\u00a0 Alturas\u00a0 : \u00a0 1.782\/2.354 m. Esta ruta nos llevar\u00e1 al Lac de Balmete (o Balmeta), luego al refugio del mismo nombre, pasaremos muy cerca del lago de las Boullossas, y finalmente iremos al monte Llaret, donde terminan varios arrastres de la [&hellip;]<\/cite><\/div><\/div><\/li><li class=\"\"><div class=\"sya_postcontent\"><span class=\"sya_date\">  <span class=\"sya_sep\"> <\/span><\/span><a href=\"https:\/\/www.carlosyconchita.net\/rutas\/26-08-2012-formigueres-espousouille-fontrabiouse\/\" class=\"sya_postlink post-302\" rel=\"bookmark\">26-08-2012 &#8211; Formigueres-Espousouille-Fontrabiouse<\/a> <span class=\"sya_categories\"><span class=\"sya_bracket\">(<\/span>2-Moderada, 3 - De 10 a 15 km., Formigueres \/ Puyvalador<span class=\"sya_bracket\">)<\/span><\/span><div style=\"padding-left:100px\" class=\"robots-nocontent\"><cite>Dificultad :\u00a0 Moderada\u00a0\u00a0\u00a0\u00a0\u00a0\u00a0\u00a0\u00a0\u00a0\u00a0\u00a0\u00a0 \u00a0 \u00a0 \u00a0 \u00a0 \u00a0 Total : 12\u2019630 km.\u00a0 Desnivel : 695 m. \u00a0\u00a0\u00a0\u00a0\u00a0\u00a0\u00a0\u00a0\u00a0\u00a0\u00a0\u00a0\u00a0\u00a0\u00a0\u00a0\u00a0\u00a0\u00a0\u00a0 Alturas :\u00a0 1.473\/1.641 m. Excursion relativamente tranquila para ir desde Formigueres a Fontrabiouse, pasando por Espousouille y subiendo y bajando las 2 monta\u00f1as que separan estos 3 pueblos, tal como vemos en el track y en el perfil [&hellip;]<\/cite><\/div><\/div><\/li><li class=\"\"><div class=\"sya_postcontent\"><span class=\"sya_date\">  <span class=\"sya_sep\"> <\/span><\/span><a href=\"https:\/\/www.carlosyconchita.net\/rutas\/25-08-2012-lagos-de-rabassoles-bleu-y-noir\/\" class=\"sya_postlink post-231\" rel=\"bookmark\">25-08-2012 &#8211; Lac de Rabassoles, Lac Bleu y Lac Noir<\/a> <span class=\"sya_categories\"><span class=\"sya_bracket\">(<\/span>1-F\u00e1cil, 2 - De 5 a 10 km., Ari\u00e8ge<span class=\"sya_bracket\">)<\/span><\/span><div style=\"padding-left:100px\" class=\"robots-nocontent\"><cite>Dificultad : F\u00e1cil\u00a0\u00a0\u00a0\u00a0\u00a0\u00a0\u00a0\u00a0\u00a0\u00a0\u00a0\u00a0\u00a0\u00a0\u00a0\u00a0 Total : 7\u2019400\u00a0 km. \u00a0\u00a0 Desnivel : 434 m. \u00a0\u00a0\u00a0\u00a0\u00a0\u00a0\u00a0\u00a0\u00a0\u00a0\u00a0\u00a0\u00a0\u00a0\u00a0 Altura m\u00e1x :\u00a0 1.615\/1.997 m. Esta excursi\u00f3n nos llevara a los Lagos de Rabassoles, Lac Bleu y Lac Noir, a partir del aparcamiento de la Restanque, en la zona de Qu\u00e9rigut. Para llegar con el coche al punto de partida, ver la [&hellip;]<\/cite><\/div><\/div><\/li><li class=\"\"><div class=\"sya_postcontent\"><span class=\"sya_date\">  <span class=\"sya_sep\"> <\/span><\/span><a href=\"https:\/\/www.carlosyconchita.net\/rutas\/24-08-2012-la-llagone-bosques-y-lago-de-calvet\/\" class=\"sya_postlink post-354\" rel=\"bookmark\">24-08-2012 &#8211; La Llagone &#8211; Bosques y lago de Calvet<\/a> <span class=\"sya_categories\"><span class=\"sya_bracket\">(<\/span>2-Moderada, 3 - De 10 a 15 km., Saillagosa<span class=\"sya_bracket\">)<\/span><\/span><div style=\"padding-left:100px\" class=\"robots-nocontent\"><cite>Dificultad :\u00a0 Moderada \u00a0\u00a0\u00a0\u00a0\u00a0\u00a0\u00a0\u00a0\u00a0\u00a0\u00a0 \u00a0 \u00a0 \u00a0 Total : 11\u2019350\u00a0 km. \u00a0\u00a0 Desnivel : 521\u00a0 m. \u00a0\u00a0\u00a0\u00a0\u00a0\u00a0\u00a0\u00a0\u00a0\u00a0\u00a0\u00a0\u00a0 \u00a0 \u00a0 \u00a0 \u00a0 \u00a0 \u00a0 Altura m\u00e1x :\u00a0 1.653\/1.768 m. Excursi\u00f3n muy f\u00e1cil, ya que aparte del inicio de la ruta al salir de la poblaci\u00f3n de La Llagone, que hay un tramo de subida entre piedras [&hellip;]<\/cite><\/div><\/div><\/li><li class=\"\"><div class=\"sya_postcontent\"><span class=\"sya_date\">  <span class=\"sya_sep\"> <\/span><\/span><a href=\"https:\/\/www.carlosyconchita.net\/rutas\/23-08-2012-les-iglesiettes\/\" class=\"sya_postlink post-386\" rel=\"bookmark\">23-08-2012 &#8211; Les Iglesiettes<\/a> <span class=\"sya_categories\"><span class=\"sya_bracket\">(<\/span>0-Muy f\u00e1cil, 2 - De 5 a 10 km., Les Angles<span class=\"sya_bracket\">)<\/span><\/span><div style=\"padding-left:100px\" class=\"robots-nocontent\"><cite>&nbsp; Dificultad :\u00a0 Muy f\u00e1cil\u00a0\u00a0\u00a0\u00a0\u00a0\u00a0\u00a0\u00a0\u00a0 \u00a0 \u00a0 \u00a0\u00a0 \u00a0\u00a0\u00a0 Total :\u00a0 9\u2019510\u00a0 km. \u00a0\u00a0 Desnivel :\u00a0 319\u00a0 m. \u00a0\u00a0\u00a0\u00a0\u00a0\u00a0\u00a0\u00a0\u00a0\u00a0\u00a0\u00a0\u00a0\u00a0\u00a0\u00a0\u00a0\u00a0\u00a0\u00a0\u00a0\u00a0\u00a0\u00a0\u00a0\u00a0\u00a0 Altura m\u00e1x :\u00a0 1.637\/1.782 m. &nbsp; Ruta tranquila que nos llevar\u00e1 desde el parking del Lago Balcere (o Vallsera), en las proximidades de Les Angles, hasta las ruinas de las Iglesiettes. Esta excursi\u00f3n es una combinaci\u00f3n [&hellip;]<\/cite><\/div><\/div><\/li><li class=\"\"><div class=\"sya_postcontent\"><span class=\"sya_date\">  <span class=\"sya_sep\"> <\/span><\/span><a href=\"https:\/\/www.carlosyconchita.net\/rutas\/01-08-2012-las-levadas-de-madeira\/\" class=\"sya_postlink post-1290\" rel=\"bookmark\">17-08-2012 &#8211; Las Levadas : qu\u00e9 son ?<\/a> <span class=\"sya_categories\"><span class=\"sya_bracket\">(<\/span>0-Muy f\u00e1cil, 1 - Hasta 5 km., Madeira<span class=\"sya_bracket\">)<\/span><\/span><div style=\"padding-left:100px\" class=\"robots-nocontent\"><cite>Una levada es una acequia o canal, que lleva el\u00a0 agua desde las zonas mas h\u00famedas de Madeira , normalmente la zona central con muchas monta\u00f1as y vegetaci\u00f3n, hasta las zonas mas secas de la costa . Para impedir que las abundantes lluvias de las monta\u00f1as se pierdan en el mar, la gran red de [&hellip;]<\/cite><\/div><\/div><\/li><li class=\"\"><div class=\"sya_postcontent\"><span class=\"sya_date\">  <span class=\"sya_sep\"> <\/span><\/span><a href=\"https:\/\/www.carlosyconchita.net\/rutas\/17-08-2012-mercado-dos-lavradores-madeira\/\" class=\"sya_postlink post-1599\" rel=\"bookmark\">17-08-2012 &#8211; Mercado dos Lavradores (Madeira)<\/a> <span class=\"sya_categories\"><span class=\"sya_bracket\">(<\/span>0-Muy f\u00e1cil, 1 - Hasta 5 km., Madeira<span class=\"sya_bracket\">)<\/span><\/span><div style=\"padding-left:100px\" class=\"robots-nocontent\"><cite>Este es el mercado central de Funchal, y es un edificio cuadrado de planta baja y\u00a0 un piso, que rodea a un patio interior, donde estan los puestos de frutas y verduras. Lo primero que asombra al visitante es el gran colorido del mercado, especialmente los puestos de frutas y verduras. Una zona muy visitada [&hellip;]<\/cite><\/div><\/div><\/li><li class=\"\"><div class=\"sya_postcontent\"><span class=\"sya_date\">  <span class=\"sya_sep\"> <\/span><\/span><a href=\"https:\/\/www.carlosyconchita.net\/rutas\/16-08-2012-balcon-de-ribeiro-frio\/\" class=\"sya_postlink post-1392\" rel=\"bookmark\">16-08-2012 &#8211; Balc\u00f3n de Ribeiro Frio<\/a> <span class=\"sya_categories\"><span class=\"sya_bracket\">(<\/span>0-Muy f\u00e1cil, 1 - Hasta 5 km., Madeira<span class=\"sya_bracket\">)<\/span><\/span><div style=\"padding-left:100px\" class=\"robots-nocontent\"><cite>Dificultad :\u00a0 Muy f\u00e1cil Recorrido :\u00a0 2&#8217;920 km. \u00a0Desnivel :\u00a0 163 m. \u00a0\u00a0\u00a0 Alturas :\u00a0\u00a0 835 \/ 926 Excursi\u00f3n, muy corta, pero que merece la pena ya que nos lleva a uno de los miradores m\u00e1s conocidos de la isla de Madeira y es que desde este mirador podemos contemplar unas buenas vistas sobre los [&hellip;]<\/cite><\/div><\/div><\/li><li class=\"\"><div class=\"sya_postcontent\"><span class=\"sya_date\">  <span class=\"sya_sep\"> <\/span><\/span><a href=\"https:\/\/www.carlosyconchita.net\/rutas\/16-08-2012-pico-ruivo\/\" class=\"sya_postlink post-1377\" rel=\"bookmark\">16-08-2012 &#8211; Pico Ruivo<\/a> <span class=\"sya_categories\"><span class=\"sya_bracket\">(<\/span>1-F\u00e1cil, 2 - De 5 a 10 km., Madeira<span class=\"sya_bracket\">)<\/span><\/span><div style=\"padding-left:100px\" class=\"robots-nocontent\"><cite>Dificultad :\u00a0 F\u00e1cil Recorrido :\u00a0 5&#8217;880 km. \u00a0Desnivel :\u00a0\u00a0 368 m. \u00a0\u00a0\u00a0 Alturas :\u00a0 1.578\/ 1.872 El pico m\u00e1s alto de Madeira, el Pico Ruivo, es una ascenso relativamente facil con un\u00a0 desnivel de unos 300 metros, aunque en el tramo final se hace bastante pesado, debido a que es un tramo tipo \u201cescaleras\u201d con [&hellip;]<\/cite><\/div><\/div><\/li><li class=\"\"><div class=\"sya_postcontent\"><span class=\"sya_date\">  <span class=\"sya_sep\"> <\/span><\/span><a href=\"https:\/\/www.carlosyconchita.net\/rutas\/15-08-2012-monte-la-fiesta-de-la-patrona-madeira\/\" class=\"sya_postlink post-1557\" rel=\"bookmark\">15-08-2012 &#8211; Monte : la fiesta de la Patrona (Madeira)<\/a> <span class=\"sya_categories\"><span class=\"sya_bracket\">(<\/span>0-Muy f\u00e1cil, 1 - Hasta 5 km., Madeira<span class=\"sya_bracket\">)<\/span><\/span><div style=\"padding-left:100px\" class=\"robots-nocontent\"><cite>Monte es un barrio de Funchal, situado en una de las colinas o monta\u00f1as que la rodean. Puede llegarse all\u00ed por carretera, pero lo m\u00e1s interesante es subir con el telef\u00e9rico y bajar con los \u00abCarros do cestos\u00bb de mimbre, una especie de trineos sin ruedas, que se deslizan sobre las inclinadas y adoquinadas calles [&hellip;]<\/cite><\/div><\/div><\/li><li class=\"\"><div class=\"sya_postcontent\"><span class=\"sya_date\">  <span class=\"sya_sep\"> <\/span><\/span><a href=\"https:\/\/www.carlosyconchita.net\/rutas\/15-08-2012-funchal-madeira\/\" class=\"sya_postlink post-1541\" rel=\"bookmark\">15-08-2012 &#8211; Funchal (Madeira)<\/a> <span class=\"sya_categories\"><span class=\"sya_bracket\">(<\/span>0-Muy f\u00e1cil, 1 - Hasta 5 km., Madeira<span class=\"sya_bracket\">)<\/span><\/span><div style=\"padding-left:100px\" class=\"robots-nocontent\"><cite>Funchal es la capital de Madeira, y es una bonita y complicada ciudad, situada sobre una especie de anfiteatro mirando al mar. Sus calles son muy empinadas, estrechas y que cada una va por su lado, por lo cual,en caso de que te equivoques cuesta bastante volver hacia atr\u00e1s. Afortunadamente, gracias a la autopista que [&hellip;]<\/cite><\/div><\/div><\/li><li class=\"\"><div class=\"sya_postcontent\"><span class=\"sya_date\">  <span class=\"sya_sep\"> <\/span><\/span><a href=\"https:\/\/www.carlosyconchita.net\/rutas\/15-08-2012-curral-das-freiras-madeira\/\" class=\"sya_postlink post-1583\" rel=\"bookmark\">15-08-2012 &#8211; Curral das Freiras (Madeira)<\/a> <span class=\"sya_categories\"><span class=\"sya_bracket\">(<\/span>0-Muy f\u00e1cil, 1 - Hasta 5 km., Madeira<span class=\"sya_bracket\">)<\/span><\/span><div style=\"padding-left:100px\" class=\"robots-nocontent\"><cite>Curral das Freiras significa literalmente \u00abrefugio de las monjas\u00bb, y su nombre viene de que en 1566, a este escondido lugar se dirigieron las monjas de Funchal, para huir de los piratas. A pesar de que despu\u00e9s volvieron a Funchal, el pueblo que habian fundado continu\u00f3 creciendo. Hasta 1959, la \u00fanica forma de llegar a [&hellip;]<\/cite><\/div><\/div><\/li><li class=\"\"><div class=\"sya_postcontent\"><span class=\"sya_date\">  <span class=\"sya_sep\"> <\/span><\/span><a href=\"https:\/\/www.carlosyconchita.net\/rutas\/14-08-2012-peninsula-de-san-lorenzo\/\" class=\"sya_postlink post-1365\" rel=\"bookmark\">14-08-2012 &#8211; Pen\u00ednsula de San Lorenzo<\/a> <span class=\"sya_categories\"><span class=\"sya_bracket\">(<\/span>1-F\u00e1cil, 2 - De 5 a 10 km., Madeira<span class=\"sya_bracket\">)<\/span><\/span><div style=\"padding-left:100px\" class=\"robots-nocontent\"><cite>Dificultad :\u00a0\u00a0 F\u00e1cil Recorrido :\u00a0 6&#8217;870 km. \u00a0Desnivel :\u00a0 289 m. \u00a0\u00a0\u00a0 Alturas :\u00a0\u00a0\u00a0 45 \/ 129 Esta ruta transcurre en el extremo oriental de la isla, y podremos disfrutar de espectaculares vistas sobre la costa, que con las distintas tonalidades de los acantilados y el azul del mar la convierten en una ruta muy [&hellip;]<\/cite><\/div><\/div><\/li><li class=\"\"><div class=\"sya_postcontent\"><span class=\"sya_date\">  <span class=\"sya_sep\"> <\/span><\/span><a href=\"https:\/\/www.carlosyconchita.net\/rutas\/13-08-2012-punta-de-sao-jorge\/\" class=\"sya_postlink post-1406\" rel=\"bookmark\">13-08-2012 &#8211; Punta de Sao Jorge<\/a> <span class=\"sya_categories\"><span class=\"sya_bracket\">(<\/span>0-Muy f\u00e1cil, 1 - Hasta 5 km., Madeira<span class=\"sya_bracket\">)<\/span><\/span><div style=\"padding-left:100px\" class=\"robots-nocontent\"><cite>Dificultad :\u00a0 Muy f\u00e1cil Recorrido :\u00a0 2&#8217;670 km. \u00a0Desnivel : 149\u00a0 m. \u00a0\u00a0\u00a0 Alturas :\u00a0\u00a0 0 \/ 81 Este antiguo camino, de apenas 3 km. esta excavado en las rocas del acantilado, y era el camino para ir desde Sao Jorge a la poblaci\u00f3n vecina de Santana. Para llegar alli, cogeremos la carretera ER-101 en [&hellip;]<\/cite><\/div><\/div><\/li><li class=\"\"><div class=\"sya_postcontent\"><span class=\"sya_date\">  <span class=\"sya_sep\"> <\/span><\/span><a href=\"https:\/\/www.carlosyconchita.net\/rutas\/13-08-2012-caldeirao-verde\/\" class=\"sya_postlink post-1349\" rel=\"bookmark\">13-08-2012 &#8211; Caldeirao Verde<\/a> <span class=\"sya_categories\"><span class=\"sya_bracket\">(<\/span>2 - De 5 a 10 km., 2-Moderada, Madeira<span class=\"sya_bracket\">)<\/span><\/span><div style=\"padding-left:100px\" class=\"robots-nocontent\"><cite>Dificultad :\u00a0 Moderada Recorrido : 13&#8217;810 km. \u00a0Desnivel :\u00a0 507 m. \u00a0\u00a0\u00a0 Alturas :\u00a0\u00a0 819 \/ 953 La excursi\u00f3n por la Levada del Caldeirao Verde (Caldero verde), empieza en las Queimadas, cerca de Santana. Alli veremos 2 tipicas casa con el techo de paja, y unos letreros que nos indicar\u00e1n el ancho camino que iremos [&hellip;]<\/cite><\/div><\/div><\/li><li class=\"\"><div class=\"sya_postcontent\"><span class=\"sya_date\">  <span class=\"sya_sep\"> <\/span><\/span><a href=\"https:\/\/www.carlosyconchita.net\/rutas\/12-08-2012-porto-moniz-madeira\/\" class=\"sya_postlink post-1526\" rel=\"bookmark\">12-08-2012 &#8211; Porto Moniz (Madeira)<\/a> <span class=\"sya_categories\"><span class=\"sya_bracket\">(<\/span>0-Muy f\u00e1cil, 1 - Hasta 5 km., Madeira<span class=\"sya_bracket\">)<\/span><\/span><div style=\"padding-left:100px\" class=\"robots-nocontent\"><cite>Porto Moniz es un peque\u00f1o pueblo costero, situado en la costa noroeste de la isla de Madeira. Est\u00e1 rodeado de unas monta\u00f1as casi perpendiculares, con una carretera que por lo tanto baja de forma muy pronunciada, en un tramo muy corto. Tiene unas famosas piscinas marinas, con el agua del Atlantico muy fr\u00eda, pero que [&hellip;]<\/cite><\/div><\/div><\/li><li class=\"\"><div class=\"sya_postcontent\"><span class=\"sya_date\">  <span class=\"sya_sep\"> <\/span><\/span><a href=\"https:\/\/www.carlosyconchita.net\/rutas\/12-08-2012-levada-das-25-fontes\/\" class=\"sya_postlink post-1333\" rel=\"bookmark\">12-08-2012 &#8211; Levada das 25 Fontes<\/a> <span class=\"sya_categories\"><span class=\"sya_bracket\">(<\/span>2 - De 5 a 10 km., 2-Moderada, Madeira<span class=\"sya_bracket\">)<\/span><\/span><div style=\"padding-left:100px\" class=\"robots-nocontent\"><cite>Dificultad :\u00a0 Moderada Recorrido : 10&#8217;190 km. \u00a0Desnivel :\u00a0 588 m. \u00a0\u00a0\u00a0 Alturas :\u00a0\u00a0 949 \/ 1.296 La excursi\u00f3n empieza en el parking del Puesto Forestal de Raba\u00e7al que se encuentra en la carretera ER 110, entre Paul de Serra y Porto Moniz. Desde este parking, situado a 1285 metros de altitud, descendemos durante 2 [&hellip;]<\/cite><\/div><\/div><\/li><li class=\"\"><div class=\"sya_postcontent\"><span class=\"sya_date\">  <span class=\"sya_sep\"> <\/span><\/span><a href=\"https:\/\/www.carlosyconchita.net\/rutas\/11-08-2012-camara-de-lobos-madeira\/\" class=\"sya_postlink post-1495\" rel=\"bookmark\">11-08-2012 &#8211; Camara de Lobos (Madeira)<\/a> <span class=\"sya_categories\"><span class=\"sya_bracket\">(<\/span>0-Muy f\u00e1cil, Madeira<span class=\"sya_bracket\">)<\/span><\/span><div style=\"padding-left:100px\" class=\"robots-nocontent\"><cite>Camara de Lobos es un peque\u00f1o y t\u00edpico pueblo de pescadores, situado a unos 9 km. al oeste de Funchal. En la playa podemos ver de d\u00eda, las barcas de los pescadores, que por la noche salen a pescar, y junto a la playa podremos pasear por las tipicas calles de un pueblo de pescadores. [&hellip;]<\/cite><\/div><\/div><\/li><li class=\"\"><div class=\"sya_postcontent\"><span class=\"sya_date\">  <span class=\"sya_sep\"> <\/span><\/span><a href=\"https:\/\/www.carlosyconchita.net\/rutas\/11-08-2012-levada-nova\/\" class=\"sya_postlink post-1304\" rel=\"bookmark\">11-08-2012 &#8211; Levada Nova<\/a> <span class=\"sya_categories\"><span class=\"sya_bracket\">(<\/span>1-F\u00e1cil, 2 - De 5 a 10 km., Madeira<span class=\"sya_bracket\">)<\/span><\/span><div style=\"padding-left:100px\" class=\"robots-nocontent\"><cite>Dificultad :\u00a0\u00a0 F\u00e1cil Recorrido :\u00a0 9&#8217;06 km. \u00a0Desnivel : 496\u00a0 m. \u00a0\u00a0\u00a0 Alturas :\u00a0\u00a0 392 \/ 689 Esta levada la seguiremos desde el mar hasta el interior. Es una Levada con tramos muy altos y despejados, que presenta unas vistas hacia el valle en el que est\u00e1 situado Ponta do Sol. El sendero pasa por [&hellip;]<\/cite><\/div><\/div><\/li><li class=\"\"><div class=\"sya_postcontent\"><span class=\"sya_date\">  <span class=\"sya_sep\"> <\/span><\/span><a href=\"https:\/\/www.carlosyconchita.net\/rutas\/27-05-2012-boucle-del-leon-llo\/\" class=\"sya_postlink post-551\" rel=\"bookmark\">27-05-2012 &#8211; Boucle del Leon (Llo)<\/a> <span class=\"sya_categories\"><span class=\"sya_bracket\">(<\/span>2-Moderada, 3 - De 10 a 15 km., Saillagosa<span class=\"sya_bracket\">)<\/span><\/span><div style=\"padding-left:100px\" class=\"robots-nocontent\"><cite>Dificultad :\u00a0 Moderada \u00a0\u00a0\u00a0\u00a0\u00a0\u00a0\u00a0\u00a0\u00a0\u00a0\u00a0\u00a0\u00a0\u00a0\u00a0\u00a0\u00a0\u00a0\u00a0\u00a0\u00a0\u00a0\u00a0\u00a0\u00a0\u00a0\u00a0\u00a0\u00a0 Total :\u00a0 10\u2019500 km. \u00a0\u00a0\u00a0\u00a0\u00a0\u00a0\u00a0 \u00a0Desnivel :\u00a0\u00a0 548\u00a0 m. \u00a0\u00a0\u00a0\u00a0\u00a0\u00a0\u00a0\u00a0\u00a0\u00a0\u00a0\u00a0\u00a0\u00a0\u00a0\u00a0\u00a0\u00a0\u00a0\u00a0\u00a0\u00a0\u00a0\u00a0\u00a0\u00a0\u00a0\u00a0\u00a0\u00a0\u00a0\u00a0\u00a0\u00a0 Alturas :\u00a0 1.376\/ 1.831 &nbsp; Esta ruta es una modificacion de la que est\u00e1 publicada con este nombre, en un cartel del parking de los ba\u00f1os de Llo, en el que se detallan varias por esa zona, pero en vez de [&hellip;]<\/cite><\/div><\/div><\/li><li class=\"\"><div class=\"sya_postcontent\"><span class=\"sya_date\">  <span class=\"sya_sep\"> <\/span><\/span><a href=\"https:\/\/www.carlosyconchita.net\/rutas\/gorges-du-carranca-thues-entre-valls\/\" class=\"sya_postlink post-576\" rel=\"bookmark\">26-05-2012 &#8211; Gorges de Caran\u00e7\u00e1<\/a> <span class=\"sya_categories\"><span class=\"sya_bracket\">(<\/span>2-Moderada, 3 - De 10 a 15 km., Conflent<span class=\"sya_bracket\">)<\/span><\/span><div style=\"padding-left:100px\" class=\"robots-nocontent\"><cite>Dificultad :\u00a0 Moderada \u00a0\u00a0\u00a0\u00a0\u00a0\u00a0\u00a0\u00a0\u00a0\u00a0\u00a0\u00a0\u00a0\u00a0\u00a0\u00a0\u00a0\u00a0\u00a0\u00a0\u00a0\u00a0\u00a0\u00a0\u00a0\u00a0\u00a0\u00a0 Total :\u00a0 13\u2019400 km. Desnivel :\u00a0\u00a0 350-400\u00a0 m. \u00a0\u00a0\u00a0\u00a0\u00a0\u00a0 \u00a0 \u00a0 \u00a0 \u00a0 \u00a0 \u00a0 \u00a0 \u00a0 \u00a0 \u00a0 \u00a0 \u00a0 \u00a0\u00a0\u00a0\u00a0\u00a0\u00a0 Alturas :\u00a0 824\/ 1.288 &nbsp; Nota a\u00f1adida el 21-06-2014 Hemos repetido esta excursi\u00f3n y hemos aprovechado para aclarar un poco las confusas se\u00f1ales que encontramos en el recorrido. Ver [&hellip;]<\/cite><\/div><\/div><\/li><li class=\"\"><div class=\"sya_postcontent\"><span class=\"sya_date\">  <span class=\"sya_sep\"> <\/span><\/span><a href=\"https:\/\/www.carlosyconchita.net\/rutas\/30-04-2012-ermita-de-belloc-dorres\/\" class=\"sya_postlink post-602\" rel=\"bookmark\">30-04-2012 &#8211; Ermita de Santa Maria de Belloc (Dorres)  (100 Cims)<\/a> <span class=\"sya_categories\"><span class=\"sya_bracket\">(<\/span>1 - Hasta 5 km., 1-F\u00e1cil, 100 Cims Carlos y Conchita, 100 Cims FEEC, La Tour de Carol<span class=\"sya_bracket\">)<\/span><\/span><div style=\"padding-left:100px\" class=\"robots-nocontent\"><cite>Dificultad :\u00a0 Muy f\u00e1cil\u00a0\u00a0\u00a0\u00a0\u00a0\u00a0\u00a0\u00a0\u00a0\u00a0\u00a0\u00a0\u00a0\u00a0\u00a0\u00a0\u00a0\u00a0\u00a0\u00a0\u00a0\u00a0\u00a0\u00a0\u00a0\u00a0\u00a0 Total : 5\u2019300 km. \u00a0\u00a0\u00a0\u00a0\u00a0\u00a0\u00a0 \u00a0Desnivel : 287 m. \u00a0\u00a0\u00a0\u00a0\u00a0\u00a0\u00a0\u00a0\u00a0\u00a0\u00a0\u00a0\u00a0\u00a0\u00a0\u00a0\u00a0\u00a0\u00a0\u00a0\u00a0\u00a0\u00a0\u00a0\u00a0\u00a0\u00a0\u00a0\u00a0\u00a0\u00a0\u00a0\u00a0\u00a0 Alturas :\u00a0 1.442\/ 1.699 Para llegar a Dorres, desde Puigcerda, pasamos a Bourgmadame, direcci\u00f3n Ur, y seguir las se\u00f1ales hasta Dorres. La ermita de Belloc esta a una altura de 1.688 m. y a unos pocos km. del pueblo\u00a0 de Dorres [&hellip;]<\/cite><\/div><\/div><\/li><li class=\"\"><div class=\"sya_postcontent\"><span class=\"sya_date\">  <span class=\"sya_sep\"> <\/span><\/span><a href=\"https:\/\/www.carlosyconchita.net\/rutas\/29-04-2012-tour-del-lago-de-matemale\/\" class=\"sya_postlink post-680\" rel=\"bookmark\">29-04-2012 &#8211; Tour del lago de Matemale<\/a> <span class=\"sya_categories\"><span class=\"sya_bracket\">(<\/span>0-Muy f\u00e1cil, 2 - De 5 a 10 km., Les Angles<span class=\"sya_bracket\">)<\/span><\/span><div style=\"padding-left:100px\" class=\"robots-nocontent\"><cite>Dificultad :\u00a0 Muy f\u00e1cil\u00a0\u00a0\u00a0\u00a0\u00a0\u00a0\u00a0\u00a0\u00a0\u00a0\u00a0\u00a0\u00a0\u00a0\u00a0\u00a0\u00a0\u00a0\u00a0\u00a0\u00a0\u00a0\u00a0\u00a0\u00a0\u00a0\u00a0 Total :\u00a0 9\u2019440 km. \u00a0\u00a0\u00a0\u00a0\u00a0\u00a0\u00a0 \u00a0Desnivel :\u00a0 129 m. \u00a0\u00a0\u00a0\u00a0\u00a0\u00a0\u00a0\u00a0\u00a0\u00a0\u00a0\u00a0\u00a0\u00a0\u00a0\u00a0\u00a0\u00a0\u00a0\u00a0\u00a0\u00a0\u00a0\u00a0\u00a0\u00a0\u00a0\u00a0\u00a0\u00a0\u00a0\u00a0\u00a0\u00a0 Alturas :\u00a0 1.512\/ 1.576 Excursion f\u00e1cil para pasar la ma\u00f1ana o la tarde, dando la vuelta completa al Lago de Matemala, cerca de la poblaci\u00f3n francesa de Les Angles. Bordearemos el algo, cruzando varios riachuelos que desaguan alli, veremos a lo [&hellip;]<\/cite><\/div><\/div><\/li><li class=\"\"><div class=\"sya_postcontent\"><span class=\"sya_date\">  <span class=\"sya_sep\"> <\/span><\/span><a href=\"https:\/\/www.carlosyconchita.net\/rutas\/28-04-2012-estavar-llivia-estavar\/\" class=\"sya_postlink post-1880\" rel=\"bookmark\">28-04-2012 &#8211; Saillagossa-Estavar-Llivia<\/a> <span class=\"sya_categories\"><span class=\"sya_bracket\">(<\/span>1-F\u00e1cil, 3 - De 10 a 15 km., Saillagosa<span class=\"sya_bracket\">)<\/span><\/span><div style=\"padding-left:100px\" class=\"robots-nocontent\"><cite>Dificultad :\u00a0 F\u00e1cil Recorrido :\u00a0\u00a0 11&#8217;990 km. \u00a0Desnivel :\u00a0\u00a0 189 m. \u00a0\u00a0\u00a0 Alturas :\u00a0 1.193 \/ 1.316 Esta sencilla caminata nos lleva desde la poblaci\u00f3n francesa de Saillagosa a Estavar y Llivia, rodeando la monta\u00f1a que hay entre estas 2\u00a0 poblaciones. Para llegar a Saillagossa, situada a 8 km. de Puigcerd\u00e1, cogemos la N116 y [&hellip;]<\/cite><\/div><\/div><\/li><li class=\"\"><div class=\"sya_postcontent\"><span class=\"sya_date\">  <span class=\"sya_sep\"> <\/span><\/span><a href=\"https:\/\/www.carlosyconchita.net\/rutas\/08-04-2012-boucle-des-maquisards\/\" class=\"sya_postlink post-781\" rel=\"bookmark\">08-04-2012 &#8211; Boucle des Maquisards (Llo)<\/a> <span class=\"sya_categories\"><span class=\"sya_bracket\">(<\/span>1-F\u00e1cil, 2 - De 5 a 10 km., Saillagosa<span class=\"sya_bracket\">)<\/span><\/span><div style=\"padding-left:100px\" class=\"robots-nocontent\"><cite>\u00a0Dificultad :\u00a0 F\u00e1cil\u00a0\u00a0\u00a0\u00a0\u00a0\u00a0\u00a0\u00a0\u00a0\u00a0\u00a0\u00a0\u00a0\u00a0\u00a0\u00a0\u00a0\u00a0\u00a0\u00a0\u00a0\u00a0\u00a0\u00a0\u00a0\u00a0\u00a0 Total : 6\u2019900 km. \u00a0\u00a0\u00a0\u00a0\u00a0\u00a0\u00a0 \u00a0Desnivel : 629 m. \u00a0\u00a0\u00a0\u00a0\u00a0\u00a0\u00a0\u00a0\u00a0\u00a0\u00a0\u00a0\u00a0\u00a0\u00a0\u00a0\u00a0\u00a0\u00a0\u00a0\u00a0\u00a0\u00a0\u00a0\u00a0\u00a0\u00a0\u00a0\u00a0\u00a0\u00a0\u00a0\u00a0\u00a0 Alturas :\u00a0 1.332\/ 1.849 &nbsp; Esta ruta es una de las que est\u00e1n publicada en un cartel del parking de los ba\u00f1os de Llo, en el que se detallan varias por esa zona. &nbsp; Partiendo del parking de los ba\u00f1os de Llo [&hellip;]<\/cite><\/div><\/div><\/li><li class=\"\"><div class=\"sya_postcontent\"><span class=\"sya_date\">  <span class=\"sya_sep\"> <\/span><\/span><a href=\"https:\/\/www.carlosyconchita.net\/rutas\/07-04-2012-saillagossa-llo-gorges-du-segre\/\" class=\"sya_postlink post-647\" rel=\"bookmark\">07-04-2012 &#8211; Saillagossa &#8211; Llo &#8211; Gorges du Segre<\/a> <span class=\"sya_categories\"><span class=\"sya_bracket\">(<\/span>2-Moderada, 3 - De 10 a 15 km., Saillagosa<span class=\"sya_bracket\">)<\/span><\/span><div style=\"padding-left:100px\" class=\"robots-nocontent\"><cite>Dificultad :\u00a0 Moderada \u00a0\u00a0\u00a0\u00a0\u00a0\u00a0\u00a0\u00a0\u00a0\u00a0\u00a0\u00a0\u00a0\u00a0\u00a0\u00a0\u00a0\u00a0\u00a0\u00a0\u00a0\u00a0\u00a0\u00a0\u00a0\u00a0 Total :\u00a0 11\u2019300 km. \u00a0\u00a0\u00a0\u00a0\u00a0\u00a0\u00a0 \u00a0Desnivel : 578 m. \u00a0\u00a0\u00a0\u00a0\u00a0\u00a0\u00a0\u00a0\u00a0\u00a0\u00a0\u00a0\u00a0\u00a0\u00a0\u00a0\u00a0\u00a0\u00a0\u00a0\u00a0\u00a0\u00a0\u00a0\u00a0\u00a0\u00a0\u00a0\u00a0\u00a0\u00a0\u00a0\u00a0\u00a0 Alturas :\u00a0 1.274\/ 1.1649 &nbsp; Esta ruta est\u00e1 se\u00f1alizada e indicada en el Parking de los Ba\u00f1os de Llo, con el nombre de \u00abLes Gorges du Segre\u00bb, pero nosotros la empezamos y terminamos desde la vecina poblacion de Saillagossa, por lo [&hellip;]<\/cite><\/div><\/div><\/li><li class=\"\"><div class=\"sya_postcontent\"><span class=\"sya_date\">  <span class=\"sya_sep\"> <\/span><\/span><a href=\"https:\/\/www.carlosyconchita.net\/rutas\/06-04-2012-saillagossa-gorguja-err\/\" class=\"sya_postlink post-1892\" rel=\"bookmark\">06-04-2012 &#8211; Saillagossa-Gorguja-Err-Verdignans<\/a> <span class=\"sya_categories\"><span class=\"sya_bracket\">(<\/span>2-Moderada, 3 - De 10 a 15 km., Saillagosa<span class=\"sya_bracket\">)<\/span><\/span><div style=\"padding-left:100px\" class=\"robots-nocontent\"><cite>Dificultad :\u00a0 Moderada Recorrido :\u00a0\u00a0 12&#8217;140 km. \u00a0Desnivel :\u00a0\u00a0 446 m. \u00a0\u00a0\u00a0 Alturas :\u00a0 1.220\u00a0 \/ 1.401 En esta excursi\u00f3n pasaremos por varias poblaciones de la Cerdanya francesa : Saillagossa, Gorguja, Err, Verdignans y pasaremos por el Mas Rondole y el Mas Sant Josep. Para llegar a Saillagossa, partiendo de Puigcerd\u00e1, cogeremos la N116 y [&hellip;]<\/cite><\/div><\/div><\/li><li class=\"\"><div class=\"sya_postcontent\"><span class=\"sya_date\">  <span class=\"sya_sep\"> <\/span><\/span><a href=\"https:\/\/www.carlosyconchita.net\/rutas\/07-01-2012-hix-caldegas-hix\/\" class=\"sya_postlink post-1021\" rel=\"bookmark\">07-01-2012 &#8211; El cam\u00ed de Caldegas (Hix)<\/a> <span class=\"sya_categories\"><span class=\"sya_bracket\">(<\/span>0-Muy f\u00e1cil, 1 - Hasta 5 km., Saillagosa<span class=\"sya_bracket\">)<\/span><\/span><div style=\"padding-left:100px\" class=\"robots-nocontent\"><cite>Dificultad :\u00a0 Muy f\u00e1cil Recorrido :\u00a0 4&#8217;93 km. Desnivel :\u00a0 103\u00a0 m. \u00a0Alturas :\u00a0 1.139 \/ 1.211 Suave excursi\u00f3n entre estos 2 peque\u00f1os y t\u00edpicos pueblos de la Cerdanya Francesa, que nos permitira conocerlos con m\u00e1s detalle que cuando pasamos con el coche, y admirar el paisaje de las monta\u00f1as que nos rodean. No se [&hellip;]<\/cite><\/div><\/div><\/li><li class=\"\"><div class=\"sya_postcontent\"><span class=\"sya_date\">  <span class=\"sya_sep\"> <\/span><\/span><a href=\"https:\/\/www.carlosyconchita.net\/rutas\/06-01-2012-enveitg-la-tour-de-carol-enveitg\/\" class=\"sya_postlink post-1073\" rel=\"bookmark\">06-01-2012 &#8211; Enveitg &#8211; La Tour de Carol &#8211; Enveitg<\/a> <span class=\"sya_categories\"><span class=\"sya_bracket\">(<\/span>2-Moderada, 3 - De 10 a 15 km., La Tour de Carol<span class=\"sya_bracket\">)<\/span><\/span><div style=\"padding-left:100px\" class=\"robots-nocontent\"><cite>Dificultad :\u00a0 Moderada Recorrido\u00a0 :\u00a0 14&#8217;650 km. \u00a0Desnivel : 651 m. \u00a0\u00a0\u00a0 Alturas :\u00a0 1.224 \/ 1706 Para llegar a Enveitg, partiendo de Bourgmadame, cogeremos la carretera N20 en direccion a Ur, y despu\u00e9s en direcci\u00f3n a Enveitg. Justo a la entrada, a\u00a0 nuestra derecha,\u00a0 y detr\u00e1s de los campos de tenis, subiremos por la [&hellip;]<\/cite><\/div><\/div><\/li><\/ul> <a id=\"year2011\"><\/a>2011 <span class=\"sya_yearcount\"><span class=\"sya_bracket\">(<\/span>12<span class=\"sya_bracket\">)<\/span><\/span> <ul><li class=\"\"><div class=\"sya_postcontent\"><span class=\"sya_date\">  <span class=\"sya_sep\"> <\/span><\/span><a href=\"https:\/\/www.carlosyconchita.net\/rutas\/fotos-2011\/\" class=\"sya_postlink post-3613\" rel=\"bookmark\">Fotos 2011<\/a> <span class=\"sya_categories\"><span class=\"sya_bracket\">(<\/span>0-Fotos<span class=\"sya_bracket\">)<\/span><\/span><div style=\"padding-left:100px\" class=\"robots-nocontent\"><cite>\u00a0Nota : no es nuestra intenci\u00f3n hacer un resumen hist\u00f3rico de los pueblos o ciudades que visitamos, sino simplemente un resumen fotogr\u00e1fico de los puntos mas caracter\u00edsticos o que nos han gustado m\u00e1s. Creemos que se pueden buscar datos hist\u00f3ricos en Internet en un mont\u00f3n de webs, que lo har\u00e1n mejor que nosotros, o en [&hellip;]<\/cite><\/div><\/div><\/li><li class=\"\"><div class=\"sya_postcontent\"><span class=\"sya_date\">  <span class=\"sya_sep\"> <\/span><\/span><a href=\"https:\/\/www.carlosyconchita.net\/rutas\/11-10-2011-matemala-torre-de-creu\/\" class=\"sya_postlink post-1097\" rel=\"bookmark\">11-10-2011 &#8211;  Matemala-Torre de Creu<\/a> <span class=\"sya_categories\"><span class=\"sya_bracket\">(<\/span>1-F\u00e1cil, 3 - De 10 a 15 km., Les Angles<span class=\"sya_bracket\">)<\/span><\/span><div style=\"padding-left:100px\" class=\"robots-nocontent\"><cite>Dificultad :\u00a0 F\u00e1cil \u00a0\u00a0\u00a0 Recorrido : 12&#8217;810 km. \u00a0Desnivel : 345 m. \u00a0\u00a0\u00a0 Alturas :\u00a0 1.442\/ 1.566 Partiremos del pueblo de Matemala, concretamente de la Oficina de Turismo, en cuya calle podremos aparcar sin problema. Desde alli, bajaremos por esa misma calle y cogeremos la primera calle a la izquierda, siguiendo las se\u00f1ales rojas y [&hellip;]<\/cite><\/div><\/div><\/li><li class=\"\"><div class=\"sya_postcontent\"><span class=\"sya_date\">  <span class=\"sya_sep\"> <\/span><\/span><a href=\"https:\/\/www.carlosyconchita.net\/rutas\/10-10-2011-les-ganyades\/\" class=\"sya_postlink post-1704\" rel=\"bookmark\">10-10-2011 &#8211; Les Ganyades<\/a> <span class=\"sya_categories\"><span class=\"sya_bracket\">(<\/span>0-Muy f\u00e1cil, 1 - Hasta 5 km., Les Angles<span class=\"sya_bracket\">)<\/span><\/span><div style=\"padding-left:100px\" class=\"robots-nocontent\"><cite>&nbsp; Dificultad :\u00a0 Muy f\u00e1cil Recorrido :\u00a0\u00a0 6&#8217;020 km. \u00a0Desnivel :\u00a0 235 m. \u00a0\u00a0\u00a0 Alturas :\u00a0 1.761 \/ 1.901 Para llegar al punto de inicio, debemos entrar en Les Angles desde la carretera D-32, y al final del pueblo subir en direccion al Lac de Balcere (o Vallserra). \u00a0Alli encontraremos una zona de parking y [&hellip;]<\/cite><\/div><\/div><\/li><li class=\"\"><div class=\"sya_postcontent\"><span class=\"sya_date\">  <span class=\"sya_sep\"> <\/span><\/span><a href=\"https:\/\/www.carlosyconchita.net\/rutas\/09-10-2011-sansa-buscando-cervidos\/\" class=\"sya_postlink post-1643\" rel=\"bookmark\">09-10-2011 &#8211; Sansa : buscando ciervos<\/a> <span class=\"sya_categories\"><span class=\"sya_bracket\">(<\/span>2-Moderada, 3 - De 10 a 15 km., Sansa - Ayguatebia<span class=\"sya_bracket\">)<\/span><\/span><div style=\"padding-left:100px\" class=\"robots-nocontent\"><cite>Dificultad :\u00a0 Moderado Recorrido : 14&#8217;420 km. \u00a0Desnivel :\u00a0 708 m. \u00a0\u00a0\u00a0 Alturas :\u00a0 1.302 \/ 1.648 Esta ruta nos lleva, partiendo de Sansa, a seguir un recorrido por las monta\u00f1as cercanas, pobladas de ciervos, que en oto\u00f1o es posible que podamos oir o ver , aunque nosotros los hemos oido, pero solo hemos visto [&hellip;]<\/cite><\/div><\/div><\/li><li class=\"\"><div class=\"sya_postcontent\"><span class=\"sya_date\">  <span class=\"sya_sep\"> <\/span><\/span><a href=\"https:\/\/www.carlosyconchita.net\/rutas\/25-09-2012-ur-llivia-ur\/\" class=\"sya_postlink post-1673\" rel=\"bookmark\">25-09-2011 &#8211; Ur &#8211; Llivia &#8211; Ur<\/a> <span class=\"sya_categories\"><span class=\"sya_bracket\">(<\/span>0-Muy f\u00e1cil, 2 - De 5 a 10 km., Saillagosa<span class=\"sya_bracket\">)<\/span><\/span><div style=\"padding-left:100px\" class=\"robots-nocontent\"><cite>&nbsp; Dificultad :\u00a0 Muy f\u00e1cil Recorrido :\u00a0\u00a0 8&#8217;710 km. \u00a0Desnivel :\u00a0\u00a0 229 m. \u00a0\u00a0\u00a0 Alturas :\u00a0\u00a0 1.173 \/ 1.223 Este sencillo paseo nos lleva desde la poblaci\u00f3n francesa de Ur hasta el enclave espa\u00f1ol de Llivia, por un camino plano y practicamente\u00a0 recto, apto para todos los p\u00fablicos. Para llegar a Ur, saliendo de Puigcerd\u00e1, [&hellip;]<\/cite><\/div><\/div><\/li><li class=\"\"><div class=\"sya_postcontent\"><span class=\"sya_date\">  <span class=\"sya_sep\"> <\/span><\/span><a href=\"https:\/\/www.carlosyconchita.net\/rutas\/24-09-2012-lago-de-lanos-o-lanoux\/\" class=\"sya_postlink post-1776\" rel=\"bookmark\">24-09-2011 &#8211; Lagos de Lan\u00f3s, Passet y Font-Viva<\/a> <span class=\"sya_categories\"><span class=\"sya_bracket\">(<\/span>3-Dif\u00edcil, 4 - De 15 a 20 km., Port\u00e9-Puymorens<span class=\"sya_bracket\">)<\/span><\/span><div style=\"padding-left:100px\" class=\"robots-nocontent\"><cite>&nbsp; Dificultad :\u00a0 Dificil Recorrido :\u00a0\u00a0 17\u2019250 km. \u00a0Desnivel :\u00a0 711 m. \u00a0\u00a0\u00a0 Alturas :\u00a0 1.684 \/ 2.216 En esta bonita excursi\u00f3n, llegaremos hasta la presa del lago de Lan\u00f3s, pasando por el de Passet y Font-Viva. El lago de Lan\u00f3s, tal como lo podemos ver hoy, es en realidad un lago artificial, ya que [&hellip;]<\/cite><\/div><\/div><\/li><li class=\"\"><div class=\"sya_postcontent\"><span class=\"sya_date\">  <span class=\"sya_sep\"> <\/span><\/span><a href=\"https:\/\/www.carlosyconchita.net\/rutas\/12-06-2011-boullosas-tour-de-5-lagos\/\" class=\"sya_postlink post-2095\" rel=\"bookmark\">12-06-2011 &#8211; Boullosas : tour de 5 lagos<\/a> <span class=\"sya_categories\"><span class=\"sya_bracket\">(<\/span>1-F\u00e1cil, 2 - De 5 a 10 km., Boullosas<span class=\"sya_bracket\">)<\/span><\/span><div style=\"padding-left:100px\" class=\"robots-nocontent\"><cite>Dificultad :\u00a0 Muy f\u00e1cil Recorrido : 6&#8217;960\u00a0 km. \u00a0Desnivel :\u00a0 194\u00a0 m. \u00a0\u00a0\u00a0 Alturas :\u00a0 1.934 \/ 2.025 Esta excurs\u00f3n que hemos realizado con nuestros buenos amigos Jos\u00e9 Manuel y Sandra,\u00a0 nos permitir\u00e1 ver 5 de los numerosos lagos de la zona de Las Boullosas. El punto de partida es la presa del citado lago, [&hellip;]<\/cite><\/div><\/div><\/li><li class=\"\"><div class=\"sya_postcontent\"><span class=\"sya_date\">  <span class=\"sya_sep\"> <\/span><\/span><a href=\"https:\/\/www.carlosyconchita.net\/rutas\/11-06-2011-estavar-caos-targasonne-estavar\/\" class=\"sya_postlink post-1986\" rel=\"bookmark\">11-06-2011 &#8211; Estavar &#8211; Caos Targasonne &#8211; Estavar<\/a> <span class=\"sya_categories\"><span class=\"sya_bracket\">(<\/span>2-Moderada, 4 - De 15 a 20 km., Saillagosa<span class=\"sya_bracket\">)<\/span><\/span><div style=\"padding-left:100px\" class=\"robots-nocontent\"><cite>&nbsp; Dificultad :\u00a0 Moderada Recorrido : 15&#8217;600 km. \u00a0Desnivel :\u00a0 685 m. \u00a0\u00a0\u00a0 Alturas :\u00a0 1.214 \/ 1.656 Esta excursi\u00f3n nos llevar\u00e1 desde Estavar a Targasonne, en donde veremos una extra\u00f1a\u00a0 zona rocosa llamada los \u00abCaos de Targasonne\u00bb (extra\u00f1a porque son un grupo de enormes rocas , que parecen caidas del cielo en medio del [&hellip;]<\/cite><\/div><\/div><\/li><li class=\"\"><div class=\"sya_postcontent\"><span class=\"sya_date\">  <span class=\"sya_sep\"> <\/span><\/span><a href=\"https:\/\/www.carlosyconchita.net\/rutas\/29-05-2011-rieutort-puyvalador-rododendros\/\" class=\"sya_postlink post-2117\" rel=\"bookmark\">29-05-2011 &#8211;  Rieutort &#8211; PuyValador (Rododendros)<\/a> <span class=\"sya_categories\"><span class=\"sya_bracket\">(<\/span>1-F\u00e1cil, 2 - De 5 a 10 km., Formigueres \/ Puyvalador<span class=\"sya_bracket\">)<\/span><\/span><div style=\"padding-left:100px\" class=\"robots-nocontent\"><cite>Dificultad :\u00a0\u00a0 F\u00e1cil Recorrido :\u00a0 7&#8217;340 km.\u00a0 ( 9 km. ver notas) \u00a0Desnivel :\u00a0 429\u00a0 m. \u00a0\u00a0\u00a0 Alturas :\u00a0 1.499 \/ 1.885 Para llegar a Rieutort, punto de partida de la excursi\u00f3n, partiendo de Saillagosa nos dirigiremos en direcci\u00f3n a Mont-Louis-Les Angles. Pasaremos de largo el desvio que nos lleva a esta estac\u00edon de ski [&hellip;]<\/cite><\/div><\/div><\/li><li class=\"\"><div class=\"sya_postcontent\"><span class=\"sya_date\">  <span class=\"sya_sep\"> <\/span><\/span><a href=\"https:\/\/www.carlosyconchita.net\/rutas\/11-05-2011-boullosas-tour-de-los-12-lagos\/\" class=\"sya_postlink post-2662\" rel=\"bookmark\">11-05-2011 &#8211; Boullosas : tour de los 12 lagos<\/a> <span class=\"sya_categories\"><span class=\"sya_bracket\">(<\/span>1-F\u00e1cil, 3 - De 10 a 15 km., Boullosas<span class=\"sya_bracket\">)<\/span><\/span><div style=\"padding-left:100px\" class=\"robots-nocontent\"><cite>&nbsp; Dificultad :\u00a0\u00a0\u00a0 F\u00e1cil Recorrido :\u00a0\u00a0 12&#8217;540 km. \u00a0Desnivel :\u00a0\u00a0 485\u00a0 m. \u00a0\u00a0\u00a0 Alturas :\u00a0 1.996 \/ 2.345 El punto de partida es la presa del citado lago, en donde podremos dejar el coche en la zona de parking existente all\u00ed. Partiendo de Saillagosa, cogeremos la carretera en direcci\u00f3n a Mont-Luis, y antes de llegar [&hellip;]<\/cite><\/div><\/div><\/li><li class=\"\"><div class=\"sya_postcontent\"><span class=\"sya_date\">  <span class=\"sya_sep\"> <\/span><\/span><a href=\"https:\/\/www.carlosyconchita.net\/rutas\/23-04-2011-tour-megalitico-eyne\/\" class=\"sya_postlink post-2679\" rel=\"bookmark\">23-04-2011 &#8211; Tour Megal\u00edtico &#8211; Eyne<\/a> <span class=\"sya_categories\"><span class=\"sya_bracket\">(<\/span>0-Muy f\u00e1cil, 2 - De 5 a 10 km., Saillagosa<span class=\"sya_bracket\">)<\/span><\/span><div style=\"padding-left:100px\" class=\"robots-nocontent\"><cite>&nbsp; Dificultad :\u00a0 Muy f\u00e1cil Recorrido :\u00a0\u00a0 5&#8217;700 km. \u00a0Desnivel :\u00a0\u00a0 120 m. \u00a0Alturas :\u00a0 1.489 \/ 1.618 Debido a que ese d\u00eda estuvo lloviendo bastante, y por la tarde aclar\u00f3 un poco, elegimos esta excursi\u00f3n f\u00e1cil y corta. La empezamos en la poblaci\u00f3n francesa de Eyne, al lado de la Maison de la Vall\u00e9e, [&hellip;]<\/cite><\/div><\/div><\/li><li class=\"\"><div class=\"sya_postcontent\"><span class=\"sya_date\">  <span class=\"sya_sep\"> <\/span><\/span><a href=\"https:\/\/www.carlosyconchita.net\/rutas\/11-01-2011-tour-del-lago-puyvalador-2\/\" class=\"sya_postlink post-2798\" rel=\"bookmark\">08-01-2011 &#8211; Tour del lago Puyvalador<\/a> <span class=\"sya_categories\"><span class=\"sya_bracket\">(<\/span>0-Muy f\u00e1cil, 2 - De 5 a 10 km., Formigueres \/ Puyvalador<span class=\"sya_bracket\">)<\/span><\/span><div style=\"padding-left:100px\" class=\"robots-nocontent\"><cite>Dificultad :\u00a0 Muy f\u00e1cil Recorrido :\u00a0 6\u2019860 km. \u00a0Desnivel :\u00a0\u00a0\u00a0 57 m. \u00a0\u00a0\u00a0 Alturas :\u00a0 1.426 \/ 1.462 m. Facil caminata alrededor del lago de Puyvalador, pasando por el pueblo de Real, la presa del lago, y el pueblo de Puyvalador. El punto de partida es el parking delante de la Mairie del pueblo de [&hellip;]<\/cite><\/div><\/div><\/li><\/ul> <a id=\"year2010\"><\/a>2010 <span class=\"sya_yearcount\"><span class=\"sya_bracket\">(<\/span>7<span class=\"sya_bracket\">)<\/span><\/span> <ul><li class=\"\"><div class=\"sya_postcontent\"><span class=\"sya_date\">  <span class=\"sya_sep\"> <\/span><\/span><a href=\"https:\/\/www.carlosyconchita.net\/rutas\/14-11-2010-lago-de-querigut\/\" class=\"sya_postlink post-3292\" rel=\"bookmark\">14-11-2010 \u2013 Lago de Querigut<\/a> <span class=\"sya_categories\"><span class=\"sya_bracket\">(<\/span>0-Muy f\u00e1cil, 1 - Hasta 5 km., Ari\u00e8ge<span class=\"sya_bracket\">)<\/span><\/span><div style=\"padding-left:100px\" class=\"robots-nocontent\"><cite>Dificultad :\u00a0 Muy f\u00e1cil \u00a0\u00a0\u00a0 Recorrido : 2\u2019000 km. \u00a0Desnivel :\u00a0 144 m. \u00a0\u00a0\u00a0 Alturas :\u00a0 1.745 \/ 1.884 Para llegar al punto de partida, partiendo de Saillagouse, cogemos la carretera en direccion\u00a0 a Les Angles. Poco despu\u00e9s del Coll de la Quillane, encontraremos una rotonda con la indicaci\u00f3n de Les Angles a la izquierda, [&hellip;]<\/cite><\/div><\/div><\/li><li class=\"\"><div class=\"sya_postcontent\"><span class=\"sya_date\">  <span class=\"sya_sep\"> <\/span><\/span><a href=\"https:\/\/www.carlosyconchita.net\/rutas\/13-11-2010-lago-de-laurenti-2\/\" class=\"sya_postlink post-3310\" rel=\"bookmark\">13-11-2010 \u2013 Lago de Laurent\u00ed<\/a> <span class=\"sya_categories\"><span class=\"sya_bracket\">(<\/span>1-F\u00e1cil, 2 - De 5 a 10 km., Ari\u00e8ge<span class=\"sya_bracket\">)<\/span><\/span><div style=\"padding-left:100px\" class=\"robots-nocontent\"><cite>Dificultad :\u00a0 F\u00e1cil \u00a0\u00a0\u00a0 Recorrido : 7\u2019400 km. Desnivel :\u00a0 310 m. \u00a0\u00a0\u00a0 Alturas :\u00a0 1.650 \/ 1.960 Bonita excursi\u00f3n al Lago de Laurent\u00ed, que nos permitir\u00e1 ver un bonito lago, combinado con unas magn\u00edficas vistas de las monta\u00f1as que lo rodean, ya con un poco de nieve. Para llegar al punto de partida, podemos [&hellip;]<\/cite><\/div><\/div><\/li><li class=\"\"><div class=\"sya_postcontent\"><span class=\"sya_date\">  <span class=\"sya_sep\"> <\/span><\/span><a href=\"https:\/\/www.carlosyconchita.net\/rutas\/10-10-2010-lago-de-laurenti-intento-fallido-2\/\" class=\"sya_postlink post-3364\" rel=\"bookmark\">10-10-2010 \u2013 Lago de Laurenti (intento fallido)<\/a> <span class=\"sya_categories\"><span class=\"sya_bracket\">(<\/span>0-Muy f\u00e1cil, 1 - Hasta 5 km., Ari\u00e8ge<span class=\"sya_bracket\">)<\/span><\/span><div style=\"padding-left:100px\" class=\"robots-nocontent\"><cite>En el dia de hoy hemos intentado hacer esta ruta, pero debido a la lluvia nos ha sido imposible. Debido a que esta ruta la publicamos en nuestro blog realmente en 2013, no ponemos aqui el acceso en coche para llegar al punto de partida, sino que lo hemos puesto en el dia que realmente [&hellip;]<\/cite><\/div><\/div><\/li><li class=\"\"><div class=\"sya_postcontent\"><span class=\"sya_date\">  <span class=\"sya_sep\"> <\/span><\/span><a href=\"https:\/\/www.carlosyconchita.net\/rutas\/09-10-2010-lagos-de-camporells-2\/\" class=\"sya_postlink post-3387\" rel=\"bookmark\">09-10-2010 &#8211; Lagos de Camporells<\/a> <span class=\"sya_categories\"><span class=\"sya_bracket\">(<\/span>2 - De 5 a 10 km., 2-Moderada, Formigueres \/ Puyvalador<span class=\"sya_bracket\">)<\/span><\/span><div style=\"padding-left:100px\" class=\"robots-nocontent\"><cite>Dificultad :\u00a0 Moderada Recorrido : 11&#8217;000 km. \u00a0Desnivel :\u00a0 750 m. \u00a0\u00a0\u00a0 Alturas :\u00a0 2.000 \/ 2.408 m. Nota : el recorrido indicado de esta ruta a los Lagos de Camporells es aproximado, ya que en la fecha que realizamos la excursi\u00f3n, no teniamos GPS, y adem\u00e1s, depender\u00e1 mucho de las vueltas que demos por [&hellip;]<\/cite><\/div><\/div><\/li><li class=\"\"><div class=\"sya_postcontent\"><span class=\"sya_date\">  <span class=\"sya_sep\"> <\/span><\/span><a href=\"https:\/\/www.carlosyconchita.net\/rutas\/05-06-2013-tour-del-lac-daude-boullosas\/\" class=\"sya_postlink post-3420\" rel=\"bookmark\">05-06-2010 &#8211; Tour del Lac d&#8217;Aude (Boullosas)<\/a> <span class=\"sya_categories\"><span class=\"sya_bracket\">(<\/span>2-Moderada, 3 - De 10 a 15 km., Boullosas<span class=\"sya_bracket\">)<\/span><\/span><div style=\"padding-left:100px\" class=\"robots-nocontent\"><cite>&nbsp; Dificultad :\u00a0 Moderada \u00a0\u00a0\u00a0\u00a0\u00a0\u00a0\u00a0\u00a0\u00a0\u00a0\u00a0\u00a0\u00a0\u00a0\u00a0\u00a0\u00a0\u00a0\u00a0\u00a0\u00a0\u00a0\u00a0\u00a0\u00a0\u00a0\u00a0\u00a0\u00a0\u00a0\u00a0\u00a0\u00a0\u00a0\u00a0\u00a0\u00a0\u00a0\u00a0\u00a0\u00a0\u00a0\u00a0\u00a0 Recorrido :\u00a0 11&#8217;140 km. Desnivel : 395 m. \u00a0 \u00a0 \u00a0 \u00a0 \u00a0 \u00a0 \u00a0 \u00a0 \u00a0 \u00a0 \u00a0 \u00a0 \u00a0 \u00a0 \u00a0 \u00a0 \u00a0 \u00a0 \u00a0 \u00a0 \u00a0 \u00a0 \u00a0 \u00a0 \u00a0\u00a0 Alturas :\u00a0 1.934 \/ 2.223 &nbsp; En esta excursi\u00f3n, rodearemos el lago de las Boullosas siguiendo la [&hellip;]<\/cite><\/div><\/div><\/li><li class=\"\"><div class=\"sya_postcontent\"><span class=\"sya_date\">  <span class=\"sya_sep\"> <\/span><\/span><a href=\"https:\/\/www.carlosyconchita.net\/rutas\/03-04-2010-valle-del-galba\/\" class=\"sya_postlink post-3445\" rel=\"bookmark\">03-04-2010 &#8211;  Valle del Galba<\/a> <span class=\"sya_categories\"><span class=\"sya_bracket\">(<\/span>0-Muy f\u00e1cil, 2 - De 5 a 10 km., Formigueres \/ Puyvalador<span class=\"sya_bracket\">)<\/span><\/span><div style=\"padding-left:100px\" class=\"robots-nocontent\"><cite>&nbsp; Dificultad :\u00a0 Muy f\u00e1cil Recorrido :\u00a0\u00a0 8&#8217;160 km. \u00a0Desnivel : \u00a0 189 m. \u00a0Alturas :\u00a0 1.523\/ 1.629 Esta peque\u00f1a excursi\u00f3n para recorrer el Valle del Galba, empieza en el pueblecito de Esposouille, al que llegaremos desde Saillagosa, siguiendo las indicaciones de Les Angles, y despu\u00e9s , en cuanto las veamos, las de Formigueres. Cruzaremos [&hellip;]<\/cite><\/div><\/div><\/li><li class=\"\"><div class=\"sya_postcontent\"><span class=\"sya_date\">  <span class=\"sya_sep\"> <\/span><\/span><a href=\"https:\/\/www.carlosyconchita.net\/rutas\/02-04-2010-lac-de-la-pradella\/\" class=\"sya_postlink post-3474\" rel=\"bookmark\">02-04-2010 &#8211; Lac de la Pradella (Boullosas)<\/a> <span class=\"sya_categories\"><span class=\"sya_bracket\">(<\/span>0-Muy f\u00e1cil, 1 - Hasta 5 km., Boullosas<span class=\"sya_bracket\">)<\/span><\/span><div style=\"padding-left:100px\" class=\"robots-nocontent\"><cite>Esta es una f\u00e1cil excursi\u00f3n en la zona de las Boullosas, y que tiene el m\u00e9rio de ser la primera por orden de fechas de todas las que tenemos en nuestra web, y de ser la \u00faltima publicada, ya que esta web la iniciamos en 2012, y hemos ido recuperando y publicando las excursiones anteriores, [&hellip;]<\/cite><\/div><\/div><\/li><\/ul><\/div>\n","protected":false},"excerpt":{"rendered":"<p>Aqu\u00ed se pueden ver todas nuestras publicaciones, por orden de fecha, y con posibilidad de buscar por zonas, dificultad, fecha, etc. Las primeras caminatas o excursiones que hicimos por la Cerdanya, fueron a los numerosos lagos de la zona, de los que hemos vistos much\u00edsimos (casi todos&#8230;! )\u00a0 , y tambi\u00e9n sencillas caminatas entre pueblos [&hellip;]<\/p>\n","protected":false},"author":50,"featured_media":0,"parent":0,"menu_order":0,"comment_status":"closed","ping_status":"closed","template":"","meta":{"footnotes":""},"class_list":["post-14992","page","type-page","status-publish","hentry","post"],"yoast_head":"<!-- This site is optimized with the Yoast SEO plugin v27.4 - https:\/\/yoast.com\/product\/yoast-seo-wordpress\/ -->\n<title>Indice por a\u00f1os - Las rutas de Carlos y Conchita<\/title>\n<meta name=\"robots\" content=\"index, follow, max-snippet:-1, max-image-preview:large, max-video-preview:-1\" \/>\n<link rel=\"canonical\" href=\"https:\/\/www.carlosyconchita.net\/rutas\/indice-por-anos\/\" \/>\n<meta property=\"og:locale\" content=\"es_ES\" \/>\n<meta property=\"og:type\" content=\"article\" \/>\n<meta property=\"og:title\" content=\"Indice por a\u00f1os - Las rutas de Carlos y Conchita\" \/>\n<meta property=\"og:description\" content=\"Aqu\u00ed se pueden ver todas nuestras publicaciones, por orden de fecha, y con posibilidad de buscar por zonas, dificultad, fecha, etc. Las primeras caminatas o excursiones que hicimos por la Cerdanya, fueron a los numerosos lagos de la zona, de los que hemos vistos much\u00edsimos (casi todos&#8230;! )\u00a0 , y tambi\u00e9n sencillas caminatas entre pueblos [&hellip;]\" \/>\n<meta property=\"og:url\" content=\"https:\/\/www.carlosyconchita.net\/rutas\/indice-por-anos\/\" \/>\n<meta property=\"og:site_name\" content=\"Las rutas de Carlos y Conchita\" \/>\n<meta property=\"article:modified_time\" content=\"2025-01-29T17:26:27+00:00\" \/>\n<meta name=\"twitter:label1\" content=\"Tiempo de lectura\" \/>\n\t<meta name=\"twitter:data1\" content=\"1 minuto\" \/>\n<script type=\"application\/ld+json\" class=\"yoast-schema-graph\">{\"@context\":\"https:\\\/\\\/schema.org\",\"@graph\":[{\"@type\":\"WebPage\",\"@id\":\"https:\\\/\\\/www.carlosyconchita.net\\\/rutas\\\/indice-por-anos\\\/\",\"url\":\"https:\\\/\\\/www.carlosyconchita.net\\\/rutas\\\/indice-por-anos\\\/\",\"name\":\"Indice por a\u00f1os - Las rutas de Carlos y Conchita\",\"isPartOf\":{\"@id\":\"https:\\\/\\\/www.carlosyconchita.net\\\/rutas\\\/#website\"},\"datePublished\":\"2021-01-15T17:51:25+00:00\",\"dateModified\":\"2025-01-29T17:26:27+00:00\",\"breadcrumb\":{\"@id\":\"https:\\\/\\\/www.carlosyconchita.net\\\/rutas\\\/indice-por-anos\\\/#breadcrumb\"},\"inLanguage\":\"es\",\"potentialAction\":[{\"@type\":\"ReadAction\",\"target\":[\"https:\\\/\\\/www.carlosyconchita.net\\\/rutas\\\/indice-por-anos\\\/\"]}]},{\"@type\":\"BreadcrumbList\",\"@id\":\"https:\\\/\\\/www.carlosyconchita.net\\\/rutas\\\/indice-por-anos\\\/#breadcrumb\",\"itemListElement\":[{\"@type\":\"ListItem\",\"position\":1,\"name\":\"Portada\",\"item\":\"https:\\\/\\\/www.carlosyconchita.net\\\/rutas\\\/\"},{\"@type\":\"ListItem\",\"position\":2,\"name\":\"Indice por a\u00f1os\"}]},{\"@type\":\"WebSite\",\"@id\":\"https:\\\/\\\/www.carlosyconchita.net\\\/rutas\\\/#website\",\"url\":\"https:\\\/\\\/www.carlosyconchita.net\\\/rutas\\\/\",\"name\":\"Las rutas de Carlos y Conchita\",\"description\":\"\",\"potentialAction\":[{\"@type\":\"SearchAction\",\"target\":{\"@type\":\"EntryPoint\",\"urlTemplate\":\"https:\\\/\\\/www.carlosyconchita.net\\\/rutas\\\/?s={search_term_string}\"},\"query-input\":{\"@type\":\"PropertyValueSpecification\",\"valueRequired\":true,\"valueName\":\"search_term_string\"}}],\"inLanguage\":\"es\"}]}<\/script>\n<!-- \/ Yoast SEO plugin. -->","yoast_head_json":{"title":"Indice por a\u00f1os - Las rutas de Carlos y Conchita","robots":{"index":"index","follow":"follow","max-snippet":"max-snippet:-1","max-image-preview":"max-image-preview:large","max-video-preview":"max-video-preview:-1"},"canonical":"https:\/\/www.carlosyconchita.net\/rutas\/indice-por-anos\/","og_locale":"es_ES","og_type":"article","og_title":"Indice por a\u00f1os - Las rutas de Carlos y Conchita","og_description":"Aqu\u00ed se pueden ver todas nuestras publicaciones, por orden de fecha, y con posibilidad de buscar por zonas, dificultad, fecha, etc. Las primeras caminatas o excursiones que hicimos por la Cerdanya, fueron a los numerosos lagos de la zona, de los que hemos vistos much\u00edsimos (casi todos&#8230;! )\u00a0 , y tambi\u00e9n sencillas caminatas entre pueblos [&hellip;]","og_url":"https:\/\/www.carlosyconchita.net\/rutas\/indice-por-anos\/","og_site_name":"Las rutas de Carlos y Conchita","article_modified_time":"2025-01-29T17:26:27+00:00","twitter_misc":{"Tiempo de lectura":"1 minuto"},"schema":{"@context":"https:\/\/schema.org","@graph":[{"@type":"WebPage","@id":"https:\/\/www.carlosyconchita.net\/rutas\/indice-por-anos\/","url":"https:\/\/www.carlosyconchita.net\/rutas\/indice-por-anos\/","name":"Indice por a\u00f1os - Las rutas de Carlos y Conchita","isPartOf":{"@id":"https:\/\/www.carlosyconchita.net\/rutas\/#website"},"datePublished":"2021-01-15T17:51:25+00:00","dateModified":"2025-01-29T17:26:27+00:00","breadcrumb":{"@id":"https:\/\/www.carlosyconchita.net\/rutas\/indice-por-anos\/#breadcrumb"},"inLanguage":"es","potentialAction":[{"@type":"ReadAction","target":["https:\/\/www.carlosyconchita.net\/rutas\/indice-por-anos\/"]}]},{"@type":"BreadcrumbList","@id":"https:\/\/www.carlosyconchita.net\/rutas\/indice-por-anos\/#breadcrumb","itemListElement":[{"@type":"ListItem","position":1,"name":"Portada","item":"https:\/\/www.carlosyconchita.net\/rutas\/"},{"@type":"ListItem","position":2,"name":"Indice por a\u00f1os"}]},{"@type":"WebSite","@id":"https:\/\/www.carlosyconchita.net\/rutas\/#website","url":"https:\/\/www.carlosyconchita.net\/rutas\/","name":"Las rutas de Carlos y Conchita","description":"","potentialAction":[{"@type":"SearchAction","target":{"@type":"EntryPoint","urlTemplate":"https:\/\/www.carlosyconchita.net\/rutas\/?s={search_term_string}"},"query-input":{"@type":"PropertyValueSpecification","valueRequired":true,"valueName":"search_term_string"}}],"inLanguage":"es"}]}},"_links":{"self":[{"href":"https:\/\/www.carlosyconchita.net\/rutas\/wp-json\/wp\/v2\/pages\/14992","targetHints":{"allow":["GET"]}}],"collection":[{"href":"https:\/\/www.carlosyconchita.net\/rutas\/wp-json\/wp\/v2\/pages"}],"about":[{"href":"https:\/\/www.carlosyconchita.net\/rutas\/wp-json\/wp\/v2\/types\/page"}],"author":[{"embeddable":true,"href":"https:\/\/www.carlosyconchita.net\/rutas\/wp-json\/wp\/v2\/users\/50"}],"replies":[{"embeddable":true,"href":"https:\/\/www.carlosyconchita.net\/rutas\/wp-json\/wp\/v2\/comments?post=14992"}],"version-history":[{"count":3,"href":"https:\/\/www.carlosyconchita.net\/rutas\/wp-json\/wp\/v2\/pages\/14992\/revisions"}],"predecessor-version":[{"id":20684,"href":"https:\/\/www.carlosyconchita.net\/rutas\/wp-json\/wp\/v2\/pages\/14992\/revisions\/20684"}],"wp:attachment":[{"href":"https:\/\/www.carlosyconchita.net\/rutas\/wp-json\/wp\/v2\/media?parent=14992"}],"curies":[{"name":"wp","href":"https:\/\/api.w.org\/{rel}","templated":true}]}}