{"id":15541,"date":"2021-03-17T19:22:23","date_gmt":"2021-03-17T18:22:23","guid":{"rendered":"https:\/\/www.carlosyconchita.net\/rutas\/?page_id=15541"},"modified":"2025-01-29T18:23:17","modified_gmt":"2025-01-29T17:23:17","slug":"100-cims-feec","status":"publish","type":"page","link":"https:\/\/www.carlosyconchita.net\/rutas\/100-cims-feec\/","title":{"rendered":"100 Cims FEEC"},"content":{"rendered":"<p><strong><span style=\"font-size: 14pt;\">Relaci\u00f3n de las rutas que hemos hecho que incluyan alguno de los picos de las lista de los \u00ab100 CIMS\u00bb de la FEEC, y que han sido debidamente homologados.<\/span><\/strong><\/p>\n<p>&nbsp;<\/p>\n<hr \/>\n<p>&nbsp;<\/p>\n<div class=\"sya_container\" id=\"sya_container\"><p class=\"sya_yearslist\" id=\"sya_yearslist\"><a href=\"#year2023\">2023<\/a> &bull; <a href=\"#year2021\">2021<\/a> &bull; <a href=\"#year2020\">2020<\/a> &bull; <a href=\"#year2019\">2019<\/a> &bull; <a href=\"#year2018\">2018<\/a> &bull; <a href=\"#year2017\">2017<\/a> &bull; <a href=\"#year2016\">2016<\/a> &bull; <a href=\"#year2015\">2015<\/a> &bull; <a href=\"#year2014\">2014<\/a> &bull; <a href=\"#year2013\">2013<\/a> &bull; <a href=\"#year2012\">2012<\/a><\/p> <a id=\"year2023\"><\/a>2023 <span class=\"sya_yearcount\"><span class=\"sya_bracket\">(<\/span>1<span class=\"sya_bracket\">)<\/span><\/span> <ul><li class=\"\"><div class=\"sya_postcontent\"><span class=\"sya_date\">  <span class=\"sya_sep\"> <\/span><\/span><a href=\"https:\/\/www.carlosyconchita.net\/rutas\/16-03-2023-sant-jeroni-montserrat-100-cims\/\" class=\"sya_postlink post-18328\" rel=\"bookmark\">16-03-2023-Sant Jeroni (Montserrat) (100 Cims)<\/a> <span class=\"sya_categories\"><span class=\"sya_bracket\">(<\/span>100 Cims Carlos y Conchita, 100 Cims FEEC, 2-Moderada, 3 - De 10 a 15 km., Montserrat<span class=\"sya_bracket\">)<\/span><\/span><div style=\"padding-left:100px\" class=\"robots-nocontent\"><cite>En estos d\u00edas en que nos ha visitado nuestro amigo Eef, aprovechamos para hacer alguna caminata por sitios que \u00e9l no conoce, as\u00ed que nos hemos dirigido a Montserrat, para subir a Sant Jeroni,\u00a0 como hab\u00edamos hecho nosotros anteriormente el\u00a0 03-07-2016 \u2013 Sant Jeroni (Montserrat) (100 Cims) As\u00ed que en nuestra lista de los 100 [&hellip;]<\/cite><\/div><\/div><\/li><\/ul> <a id=\"year2021\"><\/a>2021 <span class=\"sya_yearcount\"><span class=\"sya_bracket\">(<\/span>6<span class=\"sya_bracket\">)<\/span><\/span> <ul><li class=\"\"><div class=\"sya_postcontent\"><span class=\"sya_date\">  <span class=\"sya_sep\"> <\/span><\/span><a href=\"https:\/\/www.carlosyconchita.net\/rutas\/31-10-2021-torrent-de-masica-y-castell-de-milany\/\" class=\"sya_postlink post-17076\" rel=\"bookmark\">31-10-2021-Torrent de Masica y Castell de Milany (100 Cims)<\/a> <span class=\"sya_categories\"><span class=\"sya_bracket\">(<\/span>100 Cims Carlos y Conchita, 100 Cims FEEC, 2-Moderada, 3 - De 10 a 15 km., Girona, Ripoll\u00e9s<span class=\"sya_bracket\">)<\/span><\/span><div style=\"padding-left:100px\" class=\"robots-nocontent\"><cite>Hoy nos dirigimos al pueblo de Valfogona de Ripoll\u00e9s, para hacer una excursi\u00f3n por el Torrente de Masica, y despu\u00e9s subir a las ruinas del Castillo de Milany, a donde hemos llegado con el tiempo justo de poder ver algo, porque a los pocos minutos de llegar, la niebla nos ha impedido ver el paisaje desde arriba.\r\nEl recorrido siguiendo el torrente , es por una zona muy h\u00fameda, y podremos ver varias peque\u00f1as cascadas y alguna bauma, con los colores t\u00edpicos del oto\u00f1o, y un mont\u00f3n de hojas ca\u00eddas en el suelo que pr\u00e1cticamente tapaban el camino.<\/cite><\/div><\/div><\/li><li class=\"\"><div class=\"sya_postcontent\"><span class=\"sya_date\">  <span class=\"sya_sep\"> <\/span><\/span><a href=\"https:\/\/www.carlosyconchita.net\/rutas\/19-06-2021-turo-de-la-escletxa-100-cims\/\" class=\"sya_postlink post-15960\" rel=\"bookmark\">19-06-2021-Tur\u00f3 de la Escletxa (100 Cims)<\/a> <span class=\"sya_categories\"><span class=\"sya_bracket\">(<\/span>100 Cims Carlos y Conchita, 100 Cims FEEC, 2-Moderada, 3 - De 10 a 15 km., Vall\u00e9s Occidental<span class=\"sya_bracket\">)<\/span><\/span><div style=\"padding-left:100px\" class=\"robots-nocontent\"><cite>Hoy quer\u00edamos hacer una excursi\u00f3n algo tranquila, porque despu\u00e9s de la dura subida de la semana pasada para localizar las bornas 407 y 408, no ten\u00edamos ganas de complicarnos mucho la vida. Hemos dejado el coche en una calle secundaria de la parte alta de Rellinars, pero\u00a0 se puede dejar en cualquier otro sitio cerca [&hellip;]<\/cite><\/div><\/div><\/li><li class=\"\"><div class=\"sya_postcontent\"><span class=\"sya_date\">  <span class=\"sya_sep\"> <\/span><\/span><a href=\"https:\/\/www.carlosyconchita.net\/rutas\/05-06-2021-taga-100-cims-puig-coma-dolla-y-puig-estela-100-cims\/\" class=\"sya_postlink post-15915\" rel=\"bookmark\">05-06-2021-Taga (100 Cims), Puig Coma d&#8217;Olla y Puig Estela<\/a> <span class=\"sya_categories\"><span class=\"sya_bracket\">(<\/span>100 Cims Carlos y Conchita, 100 Cims FEEC, 2-Moderada, 3 - De 10 a 15 km., Ripoll\u00e9s<span class=\"sya_bracket\">)<\/span><\/span><div style=\"padding-left:100px\" class=\"robots-nocontent\"><cite>Hoy repetimos por as\u00ed decir la subida al Taga, porque ya hab\u00edamos ido el 10-05-2019- Picos de Sant Amand y Taga (100 Cims), aunque en aquella ocasi\u00f3n yo no pude llegar a la cima, ya que a unos 500 m. tuve que pararme,\u00a0 aunque Conchita y nuestro amigo Lluis s\u00ed que llegaron arriba. Como que [&hellip;]<\/cite><\/div><\/div><\/li><li class=\"\"><div class=\"sya_postcontent\"><span class=\"sya_date\">  <span class=\"sya_sep\"> <\/span><\/span><a href=\"https:\/\/www.carlosyconchita.net\/rutas\/15-05-2021-argimon-100-cims-y-st-pere-cercada\/\" class=\"sya_postlink post-15820\" rel=\"bookmark\">15-05-2021&#8211;Argim\u00f3n (100 Cims) y St.Pere Cercada<\/a> <span class=\"sya_categories\"><span class=\"sya_bracket\">(<\/span>1-F\u00e1cil, 100 Cims Carlos y Conchita, 100 Cims FEEC, 2-Moderada, 3 - De 10 a 15 km., Girona<span class=\"sya_bracket\">)<\/span><\/span><div style=\"padding-left:100px\" class=\"robots-nocontent\"><cite>Hoy hacemos una bonita excursi\u00f3n para subir al Cim d&#8217;Argim\u00f3n (100 Cims FEEC) , en donde est\u00e1 la ermita del mismo nombre, y despu\u00e9s al monasterio de Sant Pere Cercada. Vamos con Miquel, Carme, Rafel, Nuria, Josep, Lluis y Asun. Para llegar al punto de inicio, nos dirigimos a Riudarenes,\u00a0 all\u00ed cogeremos la carretera GIV-5514 [&hellip;]<\/cite><\/div><\/div><\/li><li class=\"\"><div class=\"sya_postcontent\"><span class=\"sya_date\">  <span class=\"sya_sep\"> <\/span><\/span><a href=\"https:\/\/www.carlosyconchita.net\/rutas\/13-03-2021-ermitas-de-sant-antoni-y-sant-ramon-100-cims\/\" class=\"sya_postlink post-15501\" rel=\"bookmark\">13-03-2021-Ermitas de Sant Antoni y Sant Ram\u00f3n (100 Cims)<\/a> <span class=\"sya_categories\"><span class=\"sya_bracket\">(<\/span>1-F\u00e1cil, 100 Cims Carlos y Conchita, 100 Cims FEEC, 2-Moderada, 3 - De 10 a 15 km., Baix Llobregat<span class=\"sya_bracket\">)<\/span><\/span><div style=\"padding-left:100px\" class=\"robots-nocontent\"><cite>Quer\u00edamos hacer desde hace tiempo la subida a la ermita de Sant Ram\u00f3n (Montbaig -100 Cims),\u00a0 que lo tenemos \u00abaqu\u00ed muy cerca\u00bb, pero como era muy corta si la hac\u00edamos desde los puntos m\u00e1s habituales de Sant Boi o Sant Climent de Llobregat, hemos dibujado una ruta que empieza en Torrelles, concretamente en el Restaurante [&hellip;]<\/cite><\/div><\/div><\/li><li class=\"\"><div class=\"sya_postcontent\"><span class=\"sya_date\">  <span class=\"sya_sep\"> <\/span><\/span><a href=\"https:\/\/www.carlosyconchita.net\/rutas\/06-03-2021-creu-olorda-100-cims-y-salto-agua-resclosa\/\" class=\"sya_postlink post-15435\" rel=\"bookmark\">06-03-2021-Creu Olorda (100 Cims) y salto agua Resclosa<\/a> <span class=\"sya_categories\"><span class=\"sya_bracket\">(<\/span>100 Cims Carlos y Conchita, 100 Cims FEEC, 2-Moderada, 3 - De 10 a 15 km., Collserola<span class=\"sya_bracket\">)<\/span><\/span><div style=\"padding-left:100px\" class=\"robots-nocontent\"><cite>Hoy hacemos una excursi\u00f3n para subir a la Creu de Olorda (100 Cims, que hace el n\u00famero 40 en nuestra lista) , pero para no hacer \u00fanicamente la subida al mismo, damos una vuelta algo m\u00e1s larga y pasamos por el salto de agua de las Resclosa. Empezamos en Sant Bartomeu de la Quadra, cerca [&hellip;]<\/cite><\/div><\/div><\/li><\/ul> <a id=\"year2020\"><\/a>2020 <span class=\"sya_yearcount\"><span class=\"sya_bracket\">(<\/span>3<span class=\"sya_bracket\">)<\/span><\/span> <ul><li class=\"\"><div class=\"sya_postcontent\"><span class=\"sya_date\">  <span class=\"sya_sep\"> <\/span><\/span><a href=\"https:\/\/www.carlosyconchita.net\/rutas\/11-07-2020-pic-de-monturull-coll-de-claror\/\" class=\"sya_postlink post-14666\" rel=\"bookmark\">11-07-2020-Pic de Monturull (100 Cims) &#8211; Coll de Claror<\/a> <span class=\"sya_categories\"><span class=\"sya_bracket\">(<\/span>100 Cims Carlos y Conchita, 100 Cims FEEC, 2 - De 5 a 10 km., 2-Moderada, Lles<span class=\"sya_bracket\">)<\/span><\/span><div style=\"padding-left:100px\" class=\"robots-nocontent\"><cite>Nosotros ya hab\u00edamos subido anteriormente al Monturull\u00a0 ( ver\u00a0 12-10-2018-Pic de Monturull\u00a0 ),\u00a0 pero hab\u00edmos subido y bajado por el mismo camino,\u00a0 y esta vez, con nuestros amigos Miquel, Carme, Lluis, Asun, Rafel y Nuria, que no hab\u00edan estado all\u00ed, lo repetimos con la idea de intentar subir tambi\u00e9n al vecino Pic de Perafita, ( [&hellip;]<\/cite><\/div><\/div><\/li><li class=\"\"><div class=\"sya_postcontent\"><span class=\"sya_date\">  <span class=\"sya_sep\"> <\/span><\/span><a href=\"https:\/\/www.carlosyconchita.net\/rutas\/04-07-2020-bornas-597-601-bis\/\" class=\"sya_postlink post-14630\" rel=\"bookmark\">04-07-2020-Bornas 597-601 bis (y Puig de Querroig-100 Cims)    )<\/a> <span class=\"sya_categories\"><span class=\"sya_bracket\">(<\/span>100 Cims Carlos y Conchita, 100 Cims FEEC, 2-Moderada, 3 - De 10 a 15 km., Mojones \/ Bornas frontera ES-FR<span class=\"sya_bracket\">)<\/span><\/span><div style=\"padding-left:100px\" class=\"robots-nocontent\"><cite>Hoy hemos hecho por fin, la \u00faltima caminata que nos quedaba para poder completar todas las bornas o mojones fronterizos desde la 427 (Portella Blanca de Andorra) hasta el Mediterr\u00e1neo donde est\u00e1 la 601, qued\u00e1ndonos pendiente la 602 que est\u00e1 en una cueva accesible s\u00f3lo desde el mar.<\/cite><\/div><\/div><\/li><li class=\"\"><div class=\"sya_postcontent\"><span class=\"sya_date\">  <span class=\"sya_sep\"> <\/span><\/span><a href=\"https:\/\/www.carlosyconchita.net\/rutas\/08-03-2020-sant-sadurni-gallifa-y-castillo\/\" class=\"sya_postlink post-13649\" rel=\"bookmark\">08-03-2020-Sant Sadurn\u00ed Gallifa (100 Cims) y Castillo<\/a> <span class=\"sya_categories\"><span class=\"sya_bracket\">(<\/span>100 Cims Carlos y Conchita, 100 Cims FEEC, 2-Moderada, 3 - De 10 a 15 km., Vall\u00e9s Occidental<span class=\"sya_bracket\">)<\/span><\/span><div style=\"padding-left:100px\" class=\"robots-nocontent\"><cite>Hoy visitamos la ermita de Sant Sadurn\u00ed de Gallifa (100 Cims)\u00a0 y el castillo de Gallifa, juntamente con nuestros amigos Lluis, Miquel, Carme, Nuria y Rafel, en una excursi\u00f3n un tanto \u00abcomplicada\u00bb desde el punto de vista \u00ablog\u00edstico\u00bb, para evitar que la vuelta desde el castillo de Gallifa se alargara considerablemente si hac\u00edamos la excursi\u00f3n [&hellip;]<\/cite><\/div><\/div><\/li><\/ul> <a id=\"year2019\"><\/a>2019 <span class=\"sya_yearcount\"><span class=\"sya_bracket\">(<\/span>9<span class=\"sya_bracket\">)<\/span><\/span> <ul><li class=\"\"><div class=\"sya_postcontent\"><span class=\"sya_date\">  <span class=\"sya_sep\"> <\/span><\/span><a href=\"https:\/\/www.carlosyconchita.net\/rutas\/13290-2\/\" class=\"sya_postlink post-13290\" rel=\"bookmark\">28-09-2019-Puig Neul\u00f3s (100 Cims) y bornas 582-583<\/a> <span class=\"sya_categories\"><span class=\"sya_bracket\">(<\/span>100 Cims Carlos y Conchita, 100 Cims FEEC, 2-Moderada, 3 - De 10 a 15 km., Girona, Mojones \/ Bornas frontera ES-FR<span class=\"sya_bracket\">)<\/span><\/span><div style=\"padding-left:100px\" class=\"robots-nocontent\"><cite>Subida al Puig Neul\u00f3s (100 Cims)  y localizaci\u00f3n de las bornas 582 y 583.<\/cite><\/div><\/div><\/li><li class=\"\"><div class=\"sya_postcontent\"><span class=\"sya_date\">  <span class=\"sya_sep\"> <\/span><\/span><a href=\"https:\/\/www.carlosyconchita.net\/rutas\/22-08-2019-pic-tres-esteles-coll-de-mantet\/\" class=\"sya_postlink post-13178\" rel=\"bookmark\">22-08-2019-Pic Tres Esteles-100 Cims (Coll de Mantet)<\/a> <span class=\"sya_categories\"><span class=\"sya_bracket\">(<\/span>1-F\u00e1cil, 100 Cims Carlos y Conchita, 100 Cims FEEC, 2 - De 5 a 10 km., Catalunya Nord - sin clasificar<span class=\"sya_bracket\">)<\/span><\/span><div style=\"padding-left:100px\" class=\"robots-nocontent\"><cite>\u00a0Hoy subiremos al pico de las Tres Estelles desde el Coll de Mantet, y para llegar al punto de partida de la caminata, desde Saillagossa,\u00a0 iremos hasta Vilafranca de Conflent , y alli seguiremos las indicaciones hasta el Coll de Mantet, por una bonita y estrecha carretera. En el citado Coll encontraremos una gran zona [&hellip;]<\/cite><\/div><\/div><\/li><li class=\"\"><div class=\"sya_postcontent\"><span class=\"sya_date\">  <span class=\"sya_sep\"> <\/span><\/span><a href=\"https:\/\/www.carlosyconchita.net\/rutas\/03-08-2019-picos-de-madres-y-roc-negre\/\" class=\"sya_postlink post-13172\" rel=\"bookmark\">03-08-2019-Picos de Madres (100 Cims) y Roc Negre<\/a> <span class=\"sya_categories\"><span class=\"sya_bracket\">(<\/span>100 Cims Carlos y Conchita, 100 Cims FEEC, 2-Moderada, 3 - De 10 a 15 km., 3-Dif\u00edcil, Sansa - Ayguatebia<span class=\"sya_bracket\">)<\/span><\/span><div style=\"padding-left:100px\" class=\"robots-nocontent\"><cite>Hace bastante tiempo que ten\u00edamos pendiente de hacer esta excursi\u00f3n, ya que a causa de un paso que sab\u00edamos que era dificil entre estos dos picos, no quer\u00edamos hacerla nosotros solos, al igual que Lluis y Asun, pero finalmente hemos conseguido ponernos de acuerdo todos y as\u00ed tambi\u00e9n han venido con nosotros Carme, Miquel y [&hellip;]<\/cite><\/div><\/div><\/li><li class=\"\"><div class=\"sya_postcontent\"><span class=\"sya_date\">  <span class=\"sya_sep\"> <\/span><\/span><a href=\"https:\/\/www.carlosyconchita.net\/rutas\/10-05-2019-picos-de-taga-y-sant-amand-copy\/\" class=\"sya_postlink post-15351\" rel=\"bookmark\">10-05-2019- Picos de Sant Amand y Taga (100 Cims)<\/a> <span class=\"sya_categories\"><span class=\"sya_bracket\">(<\/span>100 Cims Carlos y Conchita, 100 Cims FEEC, 2 - De 5 a 10 km., 2-Moderada, Ripoll\u00e9s<span class=\"sya_bracket\">)<\/span><\/span><div style=\"padding-left:100px\" class=\"robots-nocontent\"><cite>Desde Sant Joan de las Abadesas, nos dirigimos al Coll de Jou, que est\u00e1 justo enmedio de los dos picos a los que queremos subir hoy : el de Sant Amand y el Taga. All\u00ed dejamos el coche, subimos primero al Sant Amand, bajamos de nuevo al Coll de Jou, cruzamos la carretera y subimos [&hellip;]<\/cite><\/div><\/div><\/li><li class=\"\"><div class=\"sya_postcontent\"><span class=\"sya_date\">  <span class=\"sya_sep\"> <\/span><\/span><a href=\"https:\/\/www.carlosyconchita.net\/rutas\/23-03-2019-matagalls-sant-segimon\/\" class=\"sya_postlink post-12685\" rel=\"bookmark\">23-03-2019-Matagalls (100 Cims) -Sant Segim\u00f3n<\/a> <span class=\"sya_categories\"><span class=\"sya_bracket\">(<\/span>100 Cims Carlos y Conchita, 100 Cims FEEC, 2-Moderada, 3 - De 10 a 15 km., Montseny<span class=\"sya_bracket\">)<\/span><\/span><div style=\"padding-left:100px\" class=\"robots-nocontent\"><cite>Para empezar la excursi\u00f3n de hoy, nos dirigimos en coche al Coll Formic, en donde hay un restaurante, y una peque\u00f1a zona de parking que encontramos ya llena cuando llegamos nosotros, por lo que continuamos por la carretera unos 300 m. y antes de llegar\u00a0 a otro parking, a la izquierda hay un sitio donde [&hellip;]<\/cite><\/div><\/div><\/li><li class=\"\"><div class=\"sya_postcontent\"><span class=\"sya_date\">  <span class=\"sya_sep\"> <\/span><\/span><a href=\"https:\/\/www.carlosyconchita.net\/rutas\/09-03-2019-moncau-marquet-de-les-roques\/\" class=\"sya_postlink post-12655\" rel=\"bookmark\">09-03-2019-Moncau (100 Cims) -Marquet de les Roques<\/a> <span class=\"sya_categories\"><span class=\"sya_bracket\">(<\/span>100 Cims Carlos y Conchita, 100 Cims FEEC, 2 - De 5 a 10 km., 2-Moderada, Parc de Sant Lloren\u00e7 del Munt i Obiac<span class=\"sya_bracket\">)<\/span><\/span><div style=\"padding-left:100px\" class=\"robots-nocontent\"><cite>El pasado d\u00eda 24 de febrero, hicimos una excursi\u00f3n a la Mola, en donde est\u00e1 el monasterio de Sant Lloren\u00e7 de Munt (ver\u00a0 24-02-2019-LA MOLA (ST.LLOREN\u00c7 DEL MUNT) ) y desde la cima, uno de los picos que vimos y que nos hizo gracia por su forma, fu\u00e9 el del Moncau, as\u00ed que esta semana [&hellip;]<\/cite><\/div><\/div><\/li><li class=\"\"><div class=\"sya_postcontent\"><span class=\"sya_date\">  <span class=\"sya_sep\"> <\/span><\/span><a href=\"https:\/\/www.carlosyconchita.net\/rutas\/24-02-2019-la-mola-st-llorenc-del-munt\/\" class=\"sya_postlink post-12616\" rel=\"bookmark\">24-02-2019-La Mola (St.Lloren\u00e7 del Munt) &#8211; 100 Cims<\/a> <span class=\"sya_categories\"><span class=\"sya_bracket\">(<\/span>1-F\u00e1cil, 100 Cims Carlos y Conchita, 100 Cims FEEC, 2-Moderada, 3 - De 10 a 15 km., Parc de Sant Lloren\u00e7 del Munt i Obiac<span class=\"sya_bracket\">)<\/span><\/span><div style=\"padding-left:100px\" class=\"robots-nocontent\"><cite>Para subir a la Mola, donde est\u00e1 el Monasterio de Sant Lloren\u00e7 del Munt, nos dirigiremos a Matadepera, concretamente a la esquina entre la calle de la Carosa y la calle\u00a0 de Les Boixaderes , y all\u00ed muy cerca empieza un camino de tierra que\u00a0 nos llevar\u00e1 a la cima de la Mola. Como se [&hellip;]<\/cite><\/div><\/div><\/li><li class=\"\"><div class=\"sya_postcontent\"><span class=\"sya_date\">  <span class=\"sya_sep\"> <\/span><\/span><a href=\"https:\/\/www.carlosyconchita.net\/rutas\/10-02-2019-puig-cendros-sant-salvador-espases-copy\/\" class=\"sya_postlink post-15250\" rel=\"bookmark\">10-02-2019-Puig Cendr\u00f3s (y Sant Salvador Espases) (2 x 100 CIMS)<\/a> <span class=\"sya_categories\"><span class=\"sya_bracket\">(<\/span>1-F\u00e1cil, 100 Cims Carlos y Conchita, 100 Cims FEEC, 2 - De 5 a 10 km., Baix Llobregat<span class=\"sya_bracket\">)<\/span><\/span><div style=\"padding-left:100px\" class=\"robots-nocontent\"><cite>Nota : debido a que tanto el Puig Cendr\u00f3s\u00a0 como Sant Salvador de les Espases est\u00e1n en la lista de los 100 CIMS de la FEEC, publicamos 2 rutas iguales, para poder contar el n\u00famero de 100 CIMS que hemos hecho. &nbsp; Hoy hemos hecho una excursi\u00f3n\u00a0 con unas bonitas vistas de Montserrat, aparte claro [&hellip;]<\/cite><\/div><\/div><\/li><li class=\"\"><div class=\"sya_postcontent\"><span class=\"sya_date\">  <span class=\"sya_sep\"> <\/span><\/span><a href=\"https:\/\/www.carlosyconchita.net\/rutas\/10-02-2019-puig-cendros-sant-salvador-espases\/\" class=\"sya_postlink post-12573\" rel=\"bookmark\">10-02-2019-Sant Salvador Espases (y Puig Cendr\u00f3s ) (2 x 100 CIMS)<\/a> <span class=\"sya_categories\"><span class=\"sya_bracket\">(<\/span>1-F\u00e1cil, 100 Cims Carlos y Conchita, 100 Cims FEEC, 2 - De 5 a 10 km., Baix Llobregat<span class=\"sya_bracket\">)<\/span><\/span><div style=\"padding-left:100px\" class=\"robots-nocontent\"><cite>Nota : debido a que tanto el Puig Cendr\u00f3s\u00a0 como Sant Salvador de les Espases est\u00e1n en la lista de los 100 CIMS de la FEEC, publicamos 2 rutas iguales, para poder contar el n\u00famero de 100 CIMS que hemos hecho. Hoy hemos hecho una excursi\u00f3n\u00a0 con unas bonitas vistas de Montserrat, aparte claro est\u00e1 [&hellip;]<\/cite><\/div><\/div><\/li><\/ul> <a id=\"year2018\"><\/a>2018 <span class=\"sya_yearcount\"><span class=\"sya_bracket\">(<\/span>6<span class=\"sya_bracket\">)<\/span><\/span> <ul><li class=\"\"><div class=\"sya_postcontent\"><span class=\"sya_date\">  <span class=\"sya_sep\"> <\/span><\/span><a href=\"https:\/\/www.carlosyconchita.net\/rutas\/22-09-2018-els-perichs\/\" class=\"sya_postlink post-11919\" rel=\"bookmark\">22-09-2018-Els Perics (100 Cims)<\/a> <span class=\"sya_categories\"><span class=\"sya_bracket\">(<\/span>100 Cims Carlos y Conchita, 100 Cims FEEC, 3-Dif\u00edcil, 4 - De 15 a 20 km., Boullosas<span class=\"sya_bracket\">)<\/span><\/span><div style=\"padding-left:100px\" class=\"robots-nocontent\"><cite>Por fin hemos podido hacer esta bonita subida a los dos Perics (El Peric y el Petit Peric), que ten\u00edamos pendientes desde hace a\u00f1os, y que son los picos m\u00e1s altos del Capcir, con Lluis, Asun, Carme, Miquel y Josep. Con \u00e9ste, completamos la serie de picos m\u00e1s importantes de esta zona de los Pirineos, [&hellip;]<\/cite><\/div><\/div><\/li><li class=\"\"><div class=\"sya_postcontent\"><span class=\"sya_date\">  <span class=\"sya_sep\"> <\/span><\/span><a href=\"https:\/\/www.carlosyconchita.net\/rutas\/28-07-2018-puigmal-desde-fontalba\/\" class=\"sya_postlink post-11796\" rel=\"bookmark\">28-07-2018-Puigmal desde Fontalba (100 Cims)<\/a> <span class=\"sya_categories\"><span class=\"sya_bracket\">(<\/span>100 Cims Carlos y Conchita, 100 Cims FEEC, 2 - De 5 a 10 km., 2-Moderada, Nuria<span class=\"sya_bracket\">)<\/span><\/span><div style=\"padding-left:100px\" class=\"robots-nocontent\"><cite>Por fin hemos subido al Puigmal, pico que ten\u00edamos pendiente y en nuestra lista desde hace tiempo, aunque de \u00abPuigmals\u00bb hay varios, y hoy solo hemos hecho uno de ellos, el de Err. Hemos elegido la subida desde Fontalba, ya que es la ruta que tiene menos desnivel acumulado y para llegar al punto de [&hellip;]<\/cite><\/div><\/div><\/li><li class=\"\"><div class=\"sya_postcontent\"><span class=\"sya_date\">  <span class=\"sya_sep\"> <\/span><\/span><a href=\"https:\/\/www.carlosyconchita.net\/rutas\/02-06-2018-pics-de-comanegra-y-bruixas-borna-522-copy\/\" class=\"sya_postlink post-15357\" rel=\"bookmark\">02-06-2018-Pic de les Bruixas (y Comanegra) (borna 522) (2 x 100 CIMS)<\/a> <span class=\"sya_categories\"><span class=\"sya_bracket\">(<\/span>100 Cims Carlos y Conchita, 100 Cims FEEC, 2-Moderada, 3 - De 10 a 15 km., Girona, Mojones \/ Bornas frontera ES-FR<span class=\"sya_bracket\">)<\/span><\/span><div style=\"padding-left:100px\" class=\"robots-nocontent\"><cite>Nota : debido a que tanto el Comanegra\u00a0 como el de las Bruixas est\u00e1n en la lista de los 100 CIMS de la FEEC, publicamos 2 rutas iguales, para poder contar el n\u00famero de 100 CIMS que hemos hecho. &nbsp; La excursi\u00f3n de hoy empieza junto a la Bassa de Monars y nos llevar\u00e1 a [&hellip;]<\/cite><\/div><\/div><\/li><li class=\"\"><div class=\"sya_postcontent\"><span class=\"sya_date\">  <span class=\"sya_sep\"> <\/span><\/span><a href=\"https:\/\/www.carlosyconchita.net\/rutas\/02-06-2018-pics-de-comanegra-y-bruixas-borna-522\/\" class=\"sya_postlink post-11685\" rel=\"bookmark\">02-06-2018-Pic de Comanegra (y Bruixas) (borna 522) (2 x 100 CIMS)<\/a> <span class=\"sya_categories\"><span class=\"sya_bracket\">(<\/span>100 Cims Carlos y Conchita, 100 Cims FEEC, 2-Moderada, 3 - De 10 a 15 km., Girona, Mojones \/ Bornas frontera ES-FR<span class=\"sya_bracket\">)<\/span><\/span><div style=\"padding-left:100px\" class=\"robots-nocontent\"><cite>Excursi\u00f3n a los picos de Comanegra y de las Bruixas, con un peque\u00f1o desvio para ver la borna 522<\/cite><\/div><\/div><\/li><li class=\"\"><div class=\"sya_postcontent\"><span class=\"sya_date\">  <span class=\"sya_sep\"> <\/span><\/span><a href=\"https:\/\/www.carlosyconchita.net\/rutas\/05-05-2018-padro-de-tubau\/\" class=\"sya_postlink post-11624\" rel=\"bookmark\">05-05-2018-Padr\u00f3 de Tubau (100 Cims)<\/a> <span class=\"sya_categories\"><span class=\"sya_bracket\">(<\/span>100 Cims Carlos y Conchita, 100 Cims FEEC, 2-Moderada, 3 - De 10 a 15 km., Bergad\u00e1<span class=\"sya_bracket\">)<\/span><\/span><div style=\"padding-left:100px\" class=\"robots-nocontent\"><cite>Hoy hacemos una bonita ruta propuesta por nuestro amigo Miquel al Padr\u00f3 de Tubau, pasando por varios puntos de inter\u00e9s como las ruinas de Can Soler, la Bassa de Corrub\u00ed, Ermita de Sant Lloren\u00e7 de Corrub\u00ed, la Ermita de Sant Esteve de Tubau, aparte de alguna fuente. Empezamos a caminar cerca de Sant Jaume de [&hellip;]<\/cite><\/div><\/div><\/li><li class=\"\"><div class=\"sya_postcontent\"><span class=\"sya_date\">  <span class=\"sya_sep\"> <\/span><\/span><a href=\"https:\/\/www.carlosyconchita.net\/rutas\/27-04-2018-pic-de-dormidou\/\" class=\"sya_postlink post-11560\" rel=\"bookmark\">27-04-2018-Pic de Dormidou (o Dormidor) -100 Cims<\/a> <span class=\"sya_categories\"><span class=\"sya_bracket\">(<\/span>1-F\u00e1cil, 100 Cims Carlos y Conchita, 100 Cims FEEC, 2 - De 5 a 10 km., Conflent<span class=\"sya_bracket\">)<\/span><\/span><div style=\"padding-left:100px\" class=\"robots-nocontent\"><cite>Para inicar la excursi\u00f3n de hoy nos tenemos que dirigir al Col de Jau, cerca del pueblo de Mosset. El Col de Jau est\u00e1 situado justo en la \u00abfrontera\u00bb entre los departamentos de Aude y de los Pyr\u00e9n\u00e9es\u00a0 Orientales, tal como puede verse en al album de fotos. La caminata la iniciamos siguiendo una valla [&hellip;]<\/cite><\/div><\/div><\/li><\/ul> <a id=\"year2017\"><\/a>2017 <span class=\"sya_yearcount\"><span class=\"sya_bracket\">(<\/span>5<span class=\"sya_bracket\">)<\/span><\/span> <ul><li class=\"\"><div class=\"sya_postcontent\"><span class=\"sya_date\">  <span class=\"sya_sep\"> <\/span><\/span><a href=\"https:\/\/www.carlosyconchita.net\/rutas\/19-11-2017-coll-pal-puigllancada\/\" class=\"sya_postlink post-10916\" rel=\"bookmark\">19-11-2017-Coll de Pal -Puigllan\u00e7ada (100 Cims)<\/a> <span class=\"sya_categories\"><span class=\"sya_bracket\">(<\/span>1-F\u00e1cil, 100 Cims Carlos y Conchita, 100 Cims FEEC, 2 - De 5 a 10 km.<span class=\"sya_bracket\">)<\/span><\/span><div style=\"padding-left:100px\" class=\"robots-nocontent\"><cite>Volvemos de nuevo a Bag\u00e1 para subir al Coll de Pal y esta vez s\u00ed, subimos al Puigllan\u00e7ada. Es una excursi\u00f3n que no tiene nada de especial en su recorrido, pero con unas bonitas vistas una vez arriba, ya que podemos ver tanto las monta\u00f1as de Montserrat (muy a lo lejos&#8230;)\u00a0 , como el Pedraforca, [&hellip;]<\/cite><\/div><\/div><\/li><li class=\"\"><div class=\"sya_postcontent\"><span class=\"sya_date\">  <span class=\"sya_sep\"> <\/span><\/span><a href=\"https:\/\/www.carlosyconchita.net\/rutas\/12-10-2017-pics-noufonts-eyne-bornas-508-509\/\" class=\"sya_postlink post-10745\" rel=\"bookmark\">12-10-2017-Pic de Noufonts (100 Cims) y Pic de Eyne (bornas 508-509)<\/a> <span class=\"sya_categories\"><span class=\"sya_bracket\">(<\/span>100 Cims Carlos y Conchita, 100 Cims FEEC, 2 - De 5 a 10 km., 2-Moderada, Mojones \/ Bornas frontera ES-FR, Nuria<span class=\"sya_bracket\">)<\/span><\/span><div style=\"padding-left:100px\" class=\"robots-nocontent\"><cite>Desde Nuria subimos al pico de Noufonts y al Coll de Eyne para localizar la borna 508 y de nuevo la 509 (la hab\u00edamos visto el 31-07-2017)<\/cite><\/div><\/div><\/li><li class=\"\"><div class=\"sya_postcontent\"><span class=\"sya_date\">  <span class=\"sya_sep\"> <\/span><\/span><a href=\"https:\/\/www.carlosyconchita.net\/rutas\/22-08-2017-costabona-roc-colom-bornas-512-513\/\" class=\"sya_postlink post-10641\" rel=\"bookmark\">22-08-2017-Costabona (100 Cims) y Roc Colom (bornas 512-513)<\/a> <span class=\"sya_categories\"><span class=\"sya_bracket\">(<\/span>100 Cims Carlos y Conchita, 100 Cims FEEC, 2-Moderada, 3 - De 10 a 15 km., Mojones \/ Bornas frontera ES-FR, Vallter<span class=\"sya_bracket\">)<\/span><\/span><div style=\"padding-left:100px\" class=\"robots-nocontent\"><cite>Subida al Costabona y localizaci\u00f3n de las bornas 512 y 513<\/cite><\/div><\/div><\/li><li class=\"\"><div class=\"sya_postcontent\"><span class=\"sya_date\">  <span class=\"sya_sep\"> <\/span><\/span><a href=\"https:\/\/www.carlosyconchita.net\/rutas\/29-07-2017-pic-montmalus\/\" class=\"sya_postlink post-10567\" rel=\"bookmark\">29-07-2017-Pic de Montmal\u00fas (100 Cims)<\/a> <span class=\"sya_categories\"><span class=\"sya_bracket\">(<\/span>100 Cims Carlos y Conchita, 100 Cims FEEC, 2 - De 5 a 10 km., 2-Moderada, Andorra<span class=\"sya_bracket\">)<\/span><\/span><div style=\"padding-left:100px\" class=\"robots-nocontent\"><cite>Desde la estaci\u00f3n de ski de Grau Roig iniciamos esta excursi\u00f3n al Pic de Montmal\u00fas, pasando primero por el lago Primer dels Pessons,\u00a0 despu\u00e9s por el lago de la Coma Estremera, la Collada\u00a0 Montmal\u00fas, y una vez all\u00ed, subimos ya al Montmal\u00fas. Cuando bajamos del Montmal\u00fas, y una vez de nuevo en la collada, subimos [&hellip;]<\/cite><\/div><\/div><\/li><li class=\"\"><div class=\"sya_postcontent\"><span class=\"sya_date\">  <span class=\"sya_sep\"> <\/span><\/span><a href=\"https:\/\/www.carlosyconchita.net\/rutas\/14-07-2017-puigpedros-portella-meranges-borna-428\/\" class=\"sya_postlink post-10429\" rel=\"bookmark\">14-07-2017 &#8211; Puigpedr\u00f3s (100 Cims) y Portella Meranges (borna 428)<\/a> <span class=\"sya_categories\"><span class=\"sya_bracket\">(<\/span>100 Cims Carlos y Conchita, 100 Cims FEEC, 3 - De 10 a 15 km., 3-Dif\u00edcil, Girona, Mojones \/ Bornas frontera ES-FR<span class=\"sya_bracket\">)<\/span><\/span><div style=\"padding-left:100px\" class=\"robots-nocontent\"><cite>Subida al Puigpedr\u00f3s y despu\u00e9s bajada a la Portella de Meranges, en donde est\u00e1 la borna 428<\/cite><\/div><\/div><\/li><\/ul> <a id=\"year2016\"><\/a>2016 <span class=\"sya_yearcount\"><span class=\"sya_bracket\">(<\/span>8<span class=\"sya_bracket\">)<\/span><\/span> <ul><li class=\"\"><div class=\"sya_postcontent\"><span class=\"sya_date\">  <span class=\"sya_sep\"> <\/span><\/span><a href=\"https:\/\/www.carlosyconchita.net\/rutas\/08-10-2016-cap-del-vert\/\" class=\"sya_postlink post-9337\" rel=\"bookmark\">08-10-2016 &#8211; Cap del Vert (100 Cims)<\/a> <span class=\"sya_categories\"><span class=\"sya_bracket\">(<\/span>100 Cims Carlos y Conchita, 100 Cims FEEC, 2-Moderada, 3-Dif\u00edcil, 4 - De 15 a 20 km., Lleida<span class=\"sya_bracket\">)<\/span><\/span><div style=\"padding-left:100px\" class=\"robots-nocontent\"><cite>Desde Gosol subimos al Cap del Vert, pasando por el Coll de Mola, el Portell del Os, y el Pla de la Font, con unas fant\u00e1sticas vistas del Pedraforca durante todo el recorrido. Ruta realizada con Carme, Miquel, Marina, Pep y Rafel. \u00a0 Dificultad :\u00a0\u00a0\u00a0 Moderada Distancia total :\u00a0\u00a0\u00a0 15.326 m Alturas m\u00ednima \/ m\u00e1xima [&hellip;]<\/cite><\/div><\/div><\/li><li class=\"\"><div class=\"sya_postcontent\"><span class=\"sya_date\">  <span class=\"sya_sep\"> <\/span><\/span><a href=\"https:\/\/www.carlosyconchita.net\/rutas\/17-09-2016-picos-torreneules-coma-del-clot-fontnegra\/\" class=\"sya_postlink post-8987\" rel=\"bookmark\">17-09-2016-Picos Torreneules (100 CIMS), Coma del Clot y Fontnegra<\/a> <span class=\"sya_categories\"><span class=\"sya_bracket\">(<\/span>100 Cims Carlos y Conchita, 100 Cims FEEC, 2-Moderada, 3 - De 10 a 15 km., 3-Dif\u00edcil, Nuria<span class=\"sya_bracket\">)<\/span><\/span><div style=\"padding-left:100px\" class=\"robots-nocontent\"><cite>Nueva excursi\u00f3n desde la zona de Nuria, para subir a los Picos de Torreneules, Coma del Clot y Fontnegra, con bonitos paisajes en todo el recorrido, y con bastante fr\u00edo en algun tramo, m\u00e1s por el viento que por la temperatura. En esta ocasi\u00f3n vamos con\u00a0 nuestros amigos\u00a0 Carme, Miquel, Nuria, Rafel, Asun, Luis, Marina [&hellip;]<\/cite><\/div><\/div><\/li><li class=\"\"><div class=\"sya_postcontent\"><span class=\"sya_date\">  <span class=\"sya_sep\"> <\/span><\/span><a href=\"https:\/\/www.carlosyconchita.net\/rutas\/23-08-2016-pic-comabona\/\" class=\"sya_postlink post-8815\" rel=\"bookmark\">23-08-2016 &#8211; Pic de Comabona (100 Cims)<\/a> <span class=\"sya_categories\"><span class=\"sya_bracket\">(<\/span>100 Cims Carlos y Conchita, 100 Cims FEEC, 2-Moderada, 3 - De 10 a 15 km., Cerdanya Sur-Cad\u00ed-Moixer\u00f3<span class=\"sya_bracket\">)<\/span><\/span><div style=\"padding-left:100px\" class=\"robots-nocontent\"><cite>Bonita pero algo durilla subida al Pic de Comabona, en buena parte por el fuerte calor del d\u00eda, aunque a cambio hemos tenido unas bonitas vistas durante todo el recorrido. El punto de partida es el refugio de Prat de Aguil\u00f3, o mejor dicho un poco antes, ya que en el camino de subida nos [&hellip;]<\/cite><\/div><\/div><\/li><li class=\"\"><div class=\"sya_postcontent\"><span class=\"sya_date\">  <span class=\"sya_sep\"> <\/span><\/span><a href=\"https:\/\/www.carlosyconchita.net\/rutas\/21-08-2016-pic-del-infern\/\" class=\"sya_postlink post-8793\" rel=\"bookmark\">21-08-2016 &#8211; Pic del Infern (100 Cims)<\/a> <span class=\"sya_categories\"><span class=\"sya_bracket\">(<\/span>100 Cims Carlos y Conchita, 100 Cims FEEC, 2-Moderada, 3 - De 10 a 15 km., 3-Dif\u00edcil, Girona, Vallter<span class=\"sya_bracket\">)<\/span><\/span><div style=\"padding-left:100px\" class=\"robots-nocontent\"><cite>De nuevo nuestros amigos Carme y Miquel nos han \u00abliado\u00bb para convencernos y hacer esta ruta algo \u00abdificililla\u00bb pero con unas magn\u00edficas vistas y paisajes, por la zona de Vallter 2000. A fecha de hoy, se pone en el terecer puesto de nuestra lista de rutas m\u00e1s altas y en el cuarto puesto de la [&hellip;]<\/cite><\/div><\/div><\/li><li class=\"\"><div class=\"sya_postcontent\"><span class=\"sya_date\">  <span class=\"sya_sep\"> <\/span><\/span><a href=\"https:\/\/www.carlosyconchita.net\/rutas\/30-07-2016-tossa-plana-lles\/\" class=\"sya_postlink post-8769\" rel=\"bookmark\">31-07-2016 &#8211; Tossa Plana de Lles (100 Cims)<\/a> <span class=\"sya_categories\"><span class=\"sya_bracket\">(<\/span>100 Cims Carlos y Conchita, 100 Cims FEEC, 2-Moderada, 3 - De 10 a 15 km., Lles<span class=\"sya_bracket\">)<\/span><\/span><div style=\"padding-left:100px\" class=\"robots-nocontent\"><cite>&nbsp; &nbsp; Dificultad :\u00a0\u00a0\u00a0 Moderada Distancia total :\u00a0\u00a0\u00a0\u00a0 10.415\u00a0 m Alturas m\u00ednima \/ m\u00e1xima :\u00a0\u00a0\u00a0\u00a0\u00a0 2.077 m. \u00a0 \/\u00a0\u00a0 2.902 m. Desnivel acumulado (s\/Wikiloc)\u00a0 :\u00a0 \u00a0 845\u00a0 m. Tiempo total \/ en movimiento :\u00a0\u00a0\u00a0\u00a0\u00a0\u00a0\u00a0 3\u201918 h. \u2013\u00a0 6\u201941\u00a0 h. Velocidad media total \/ velocidad media movimiento :\u00a0\u00a0 1\u201951 km\/h \u2013\u00a0 3\u201907\u00a0 km\/h \u00a0 Ruta realizada\u00a0 [&hellip;]<\/cite><\/div><\/div><\/li><li class=\"\"><div class=\"sya_postcontent\"><span class=\"sya_date\">  <span class=\"sya_sep\"> <\/span><\/span><a href=\"https:\/\/www.carlosyconchita.net\/rutas\/29-07-2016-penyas-altas-moixero\/\" class=\"sya_postlink post-8762\" rel=\"bookmark\">29-07-2016 &#8211; Penyas Altas de Moixer\u00f3 (100 Cims)<\/a> <span class=\"sya_categories\"><span class=\"sya_bracket\">(<\/span>100 Cims Carlos y Conchita, 100 Cims FEEC, 2-Moderada, 3 - De 10 a 15 km., Cerdanya Sur-Cad\u00ed-Moixer\u00f3<span class=\"sya_bracket\">)<\/span><\/span><div style=\"padding-left:100px\" class=\"robots-nocontent\"><cite>Hemos vuelto a esta zona, para subir a esta vez a las Penyas Altas de Moixer\u00f3, desde donde podemos disfrutar de unas impresionantes vistas y tambi\u00e9n del cambio de color, ahora mucho m\u00e1s verde ya que cuando subimos al Pic de Moixer\u00f3 era enero, por lo que los prados no estaban verdes como ahora.\u00a0 (ver\u00a0\u00a0 [&hellip;]<\/cite><\/div><\/div><\/li><li class=\"\"><div class=\"sya_postcontent\"><span class=\"sya_date\">  <span class=\"sya_sep\"> <\/span><\/span><a href=\"https:\/\/www.carlosyconchita.net\/rutas\/17-07-2016-turo-del-home-les-agudes\/\" class=\"sya_postlink post-8733\" rel=\"bookmark\">17-07-2016 &#8211; Tur\u00f3 del Home y Les Agudes  (100 Cims)<\/a> <span class=\"sya_categories\"><span class=\"sya_bracket\">(<\/span>100 Cims Carlos y Conchita, 100 Cims FEEC, 2-Moderada, 3 - De 10 a 15 km., Montseny<span class=\"sya_bracket\">)<\/span><\/span><div style=\"padding-left:100px\" class=\"robots-nocontent\"><cite>Para hacer esta caminata por la zona del Montseny, nos dirigimos a Santa F\u00e9 del Montseny, y seguimos las indicaciones del Parque Natural, pasamos de largo\u00a0 la zona de aparcamiento y restaurante,\u00a0 y paramos un poco m\u00e1s arriba, concretamente en la Font de Passavents. Resumen de la ruta Dificultad :\u00a0\u00a0\u00a0 Moderada Distancia total :\u00a0\u00a0\u00a0\u00a0\u00a0 10.274\u00a0 [&hellip;]<\/cite><\/div><\/div><\/li><li class=\"\"><div class=\"sya_postcontent\"><span class=\"sya_date\">  <span class=\"sya_sep\"> <\/span><\/span><a href=\"https:\/\/www.carlosyconchita.net\/rutas\/03-07-2016-sant-jeroni-montserrat\/\" class=\"sya_postlink post-8686\" rel=\"bookmark\">03-07-2016 &#8211; Sant Jeroni (Montserrat) (100 Cims)<\/a> <span class=\"sya_categories\"><span class=\"sya_bracket\">(<\/span>1-F\u00e1cil, 100 Cims Carlos y Conchita, 100 Cims FEEC, 2 - De 5 a 10 km., Montserrat<span class=\"sya_bracket\">)<\/span><\/span><div style=\"padding-left:100px\" class=\"robots-nocontent\"><cite>Esta semana que no hemos ido a la Cerdanya , nos decidimos a hacer una caminata por aqui cerca, por lo que elegimos esta ruta por Montserrat. Al ser domingo, y por temor que a la hora de la bajada hubiera mucha gente en el telef\u00e9rico , finalmente nos hemos ido en coche hasta el [&hellip;]<\/cite><\/div><\/div><\/li><\/ul> <a id=\"year2015\"><\/a>2015 <span class=\"sya_yearcount\"><span class=\"sya_bracket\">(<\/span>3<span class=\"sya_bracket\">)<\/span><\/span> <ul><li class=\"\"><div class=\"sya_postcontent\"><span class=\"sya_date\">  <span class=\"sya_sep\"> <\/span><\/span><a href=\"https:\/\/www.carlosyconchita.net\/rutas\/12-08-2015-pico-de-envalira\/\" class=\"sya_postlink post-7272\" rel=\"bookmark\">12-08-2015 &#8211; Picos de Envalira y Negre de Envalira (100 Cims)<\/a> <span class=\"sya_categories\"><span class=\"sya_bracket\">(<\/span>100 Cims Carlos y Conchita, 100 Cims FEEC, 2 - De 5 a 10 km., 2-Moderada, Andorra, Dificultad<span class=\"sya_bracket\">)<\/span><\/span><div style=\"padding-left:100px\" class=\"robots-nocontent\"><cite>La ruta de hoy al Pico de Envalira, empieza en el Pas de la Casa (Andorra), concretamente en la zona de parking de esta estacion de esqui, llamada Costa Rodona. Dificultad :\u00a0\u00a0 Moderada Recorrido :\u00a0 7&#8217;943 km. Desnivel acum.\u00a0 :\u00a0 \u00a0 648 m. \u00a0 \u00a0 \u00a0 Alturas m\u00edn.\/m\u00e1x. \u00a0 :\u00a0\u00a0 2.219 \/ 2.819 m. Tiempo [&hellip;]<\/cite><\/div><\/div><\/li><li class=\"\"><div class=\"sya_postcontent\"><span class=\"sya_date\">  <span class=\"sya_sep\"> <\/span><\/span><a href=\"https:\/\/www.carlosyconchita.net\/rutas\/02-08-2015-pic-del-carlit\/\" class=\"sya_postlink post-7037\" rel=\"bookmark\">02-08-2015 &#8211; Pic del Carlit (100 Cims)<\/a> <span class=\"sya_categories\"><span class=\"sya_bracket\">(<\/span>100 Cims Carlos y Conchita, 100 Cims FEEC, 3-Dif\u00edcil, 4 - De 15 a 20 km., Boullosas<span class=\"sya_bracket\">)<\/span><\/span><div style=\"padding-left:100px\" class=\"robots-nocontent\"><cite>Aunque inicialmente le ten\u00edamos un poco de miedo a esta tipica ruta de la zona de las Boullosas, finalmente y ante la insistencia de nuestros amigos Carme , Miquel y Josep, que nos aseguraban que s\u00ed que lo podriamos hacer, nos decidimos a acompa\u00f1arles. Para nosotros ha representado batir de nuevo nuestro mini-record de altura [&hellip;]<\/cite><\/div><\/div><\/li><li class=\"\"><div class=\"sya_postcontent\"><span class=\"sya_date\">  <span class=\"sya_sep\"> <\/span><\/span><a href=\"https:\/\/www.carlosyconchita.net\/rutas\/27-06-2015-pic-del-canigo\/\" class=\"sya_postlink post-6901\" rel=\"bookmark\">27-06-2015 &#8211; Pic del Canig\u00f3 (100 Cims)<\/a> <span class=\"sya_categories\"><span class=\"sya_bracket\">(<\/span>100 Cims Carlos y Conchita, 100 Cims FEEC, 2 - De 5 a 10 km., 2-Moderada, Conflent<span class=\"sya_bracket\">)<\/span><\/span><div style=\"padding-left:100px\" class=\"robots-nocontent\"><cite>\u00a0Finalmente nos hemos \u00abatrevido\u00bb a hacer esta excursi\u00f3n para subir al Pic del Canig\u00f3, ya que esta vez no \u00edbamos solos, sino con nuestros amigos Rafel , Nuria, Miquel y Carme, con quienes ya habiamos hecho esta otra ruta :\u00a0\u00a0 Gorges del Caran\u00e7\u00e1 . Nos daba mucho miedo esta ruta, aunque realmente no habiamos mirado [&hellip;]<\/cite><\/div><\/div><\/li><\/ul> <a id=\"year2014\"><\/a>2014 <span class=\"sya_yearcount\"><span class=\"sya_bracket\">(<\/span>1<span class=\"sya_bracket\">)<\/span><\/span> <ul><li class=\"\"><div class=\"sya_postcontent\"><span class=\"sya_date\">  <span class=\"sya_sep\"> <\/span><\/span><a href=\"https:\/\/www.carlosyconchita.net\/rutas\/01-06-2014-ordal-moncau-forellat-puig-dagulles-copy\/\" class=\"sya_postlink post-15385\" rel=\"bookmark\">01-06-2014 &#8211; Ordal, Moncau,  Puig d&#8217;Agulles (100 Cims)<\/a> <span class=\"sya_categories\"><span class=\"sya_bracket\">(<\/span>100 Cims Carlos y Conchita, 100 Cims FEEC, 2-Moderada, 3 - De 10 a 15 km., Ordal<span class=\"sya_bracket\">)<\/span><\/span><div style=\"padding-left:100px\" class=\"robots-nocontent\"><cite>Excursi\u00f3n por la zona del Ordal, que empieza en el pueblo de este mismo nombre, pasando por el Moncau, el Roc Forellac, Puig d&#8217;Agulles, canteras y Creu d&#8217;Ordal, para volver despu\u00e9s al punto de inicio. Resumen de la ruta &nbsp; Dificultad :\u00a0 Moderado Recorrido : 13&#8217;518 km. Desnivel :\u00a0 616\u00a0 m. \u00a0 \u00a0 \u00a0 Alturas\u00a0 [&hellip;]<\/cite><\/div><\/div><\/li><\/ul> <a id=\"year2013\"><\/a>2013 <span class=\"sya_yearcount\"><span class=\"sya_bracket\">(<\/span>1<span class=\"sya_bracket\">)<\/span><\/span> <ul><li class=\"\"><div class=\"sya_postcontent\"><span class=\"sya_date\">  <span class=\"sya_sep\"> <\/span><\/span><a href=\"https:\/\/www.carlosyconchita.net\/rutas\/14-04-2013-pic-dels-moros-pla-de-la-calme\/\" class=\"sya_postlink post-2534\" rel=\"bookmark\">14-04-2013 &#8211;  Pla de la Calme &#8211; Pic dels Moros  (100 Cims) (raquetas)<\/a> <span class=\"sya_categories\"><span class=\"sya_bracket\">(<\/span>1-F\u00e1cil, 100 Cims Carlos y Conchita, 100 Cims FEEC, 2 - De 5 a 10 km., Font Romeu<span class=\"sya_bracket\">)<\/span><\/span><div style=\"padding-left:100px\" class=\"robots-nocontent\"><cite>Dificultad : \u00a0 F\u00e1cil Recorrido : 9&#8217;910\u00a0 km. \u00a0Desnivel :\u00a0\u00a0 320 m. \u00a0\u00a0\u00a0 Alturas :\u00a0 1.988 \/ 2.135 Excursi\u00f3n con raquetas para llegar al Pic dels Moros desde el parking de La Calme (Font Romeu) , con bonitas vistas de la zona. Atenci\u00f3n : debido a que ibamos con raquetas, y habia tanta nieve en [&hellip;]<\/cite><\/div><\/div><\/li><\/ul> <a id=\"year2012\"><\/a>2012 <span class=\"sya_yearcount\"><span class=\"sya_bracket\">(<\/span>1<span class=\"sya_bracket\">)<\/span><\/span> <ul><li class=\"\"><div class=\"sya_postcontent\"><span class=\"sya_date\">  <span class=\"sya_sep\"> <\/span><\/span><a href=\"https:\/\/www.carlosyconchita.net\/rutas\/30-04-2012-ermita-de-belloc-dorres\/\" class=\"sya_postlink post-602\" rel=\"bookmark\">30-04-2012 &#8211; Ermita de Santa Maria de Belloc (Dorres)  (100 Cims)<\/a> <span class=\"sya_categories\"><span class=\"sya_bracket\">(<\/span>1 - Hasta 5 km., 1-F\u00e1cil, 100 Cims Carlos y Conchita, 100 Cims FEEC, La Tour de Carol<span class=\"sya_bracket\">)<\/span><\/span><div style=\"padding-left:100px\" class=\"robots-nocontent\"><cite>Dificultad :\u00a0 Muy f\u00e1cil\u00a0\u00a0\u00a0\u00a0\u00a0\u00a0\u00a0\u00a0\u00a0\u00a0\u00a0\u00a0\u00a0\u00a0\u00a0\u00a0\u00a0\u00a0\u00a0\u00a0\u00a0\u00a0\u00a0\u00a0\u00a0\u00a0\u00a0 Total : 5\u2019300 km. \u00a0\u00a0\u00a0\u00a0\u00a0\u00a0\u00a0 \u00a0Desnivel : 287 m. \u00a0\u00a0\u00a0\u00a0\u00a0\u00a0\u00a0\u00a0\u00a0\u00a0\u00a0\u00a0\u00a0\u00a0\u00a0\u00a0\u00a0\u00a0\u00a0\u00a0\u00a0\u00a0\u00a0\u00a0\u00a0\u00a0\u00a0\u00a0\u00a0\u00a0\u00a0\u00a0\u00a0\u00a0 Alturas :\u00a0 1.442\/ 1.699 Para llegar a Dorres, desde Puigcerda, pasamos a Bourgmadame, direcci\u00f3n Ur, y seguir las se\u00f1ales hasta Dorres. La ermita de Belloc esta a una altura de 1.688 m. y a unos pocos km. del pueblo\u00a0 de Dorres [&hellip;]<\/cite><\/div><\/div><\/li><\/ul><\/div>\n","protected":false},"excerpt":{"rendered":"<p>Relaci\u00f3n de las rutas que hemos hecho que incluyan alguno de los picos de las lista de los \u00ab100 CIMS\u00bb de la FEEC, y que han sido debidamente homologados. &nbsp; &nbsp;<\/p>\n","protected":false},"author":50,"featured_media":0,"parent":0,"menu_order":0,"comment_status":"closed","ping_status":"closed","template":"templates\/template-full.php","meta":{"footnotes":""},"class_list":["post-15541","page","type-page","status-publish","hentry","post"],"yoast_head":"<!-- This site is optimized with the Yoast SEO plugin v27.4 - https:\/\/yoast.com\/product\/yoast-seo-wordpress\/ -->\n<title>100 Cims FEEC - Las rutas de Carlos y Conchita<\/title>\n<meta name=\"robots\" content=\"index, follow, max-snippet:-1, max-image-preview:large, max-video-preview:-1\" \/>\n<link rel=\"canonical\" href=\"https:\/\/www.carlosyconchita.net\/rutas\/100-cims-feec\/\" \/>\n<meta property=\"og:locale\" content=\"es_ES\" \/>\n<meta property=\"og:type\" content=\"article\" \/>\n<meta property=\"og:title\" content=\"100 Cims FEEC - Las rutas de Carlos y Conchita\" \/>\n<meta property=\"og:description\" content=\"Relaci\u00f3n de las rutas que hemos hecho que incluyan alguno de los picos de las lista de los \u00ab100 CIMS\u00bb de la FEEC, y que han sido debidamente homologados. &nbsp; &nbsp;\" \/>\n<meta property=\"og:url\" content=\"https:\/\/www.carlosyconchita.net\/rutas\/100-cims-feec\/\" \/>\n<meta property=\"og:site_name\" content=\"Las rutas de Carlos y Conchita\" \/>\n<meta property=\"article:modified_time\" content=\"2025-01-29T17:23:17+00:00\" \/>\n<meta name=\"twitter:label1\" content=\"Tiempo de lectura\" \/>\n\t<meta name=\"twitter:data1\" content=\"1 minuto\" \/>\n<script type=\"application\/ld+json\" class=\"yoast-schema-graph\">{\"@context\":\"https:\\\/\\\/schema.org\",\"@graph\":[{\"@type\":\"WebPage\",\"@id\":\"https:\\\/\\\/www.carlosyconchita.net\\\/rutas\\\/100-cims-feec\\\/\",\"url\":\"https:\\\/\\\/www.carlosyconchita.net\\\/rutas\\\/100-cims-feec\\\/\",\"name\":\"100 Cims FEEC - Las rutas de Carlos y Conchita\",\"isPartOf\":{\"@id\":\"https:\\\/\\\/www.carlosyconchita.net\\\/rutas\\\/#website\"},\"datePublished\":\"2021-03-17T18:22:23+00:00\",\"dateModified\":\"2025-01-29T17:23:17+00:00\",\"breadcrumb\":{\"@id\":\"https:\\\/\\\/www.carlosyconchita.net\\\/rutas\\\/100-cims-feec\\\/#breadcrumb\"},\"inLanguage\":\"es\",\"potentialAction\":[{\"@type\":\"ReadAction\",\"target\":[\"https:\\\/\\\/www.carlosyconchita.net\\\/rutas\\\/100-cims-feec\\\/\"]}]},{\"@type\":\"BreadcrumbList\",\"@id\":\"https:\\\/\\\/www.carlosyconchita.net\\\/rutas\\\/100-cims-feec\\\/#breadcrumb\",\"itemListElement\":[{\"@type\":\"ListItem\",\"position\":1,\"name\":\"Portada\",\"item\":\"https:\\\/\\\/www.carlosyconchita.net\\\/rutas\\\/\"},{\"@type\":\"ListItem\",\"position\":2,\"name\":\"100 Cims FEEC\"}]},{\"@type\":\"WebSite\",\"@id\":\"https:\\\/\\\/www.carlosyconchita.net\\\/rutas\\\/#website\",\"url\":\"https:\\\/\\\/www.carlosyconchita.net\\\/rutas\\\/\",\"name\":\"Las rutas de Carlos y Conchita\",\"description\":\"\",\"potentialAction\":[{\"@type\":\"SearchAction\",\"target\":{\"@type\":\"EntryPoint\",\"urlTemplate\":\"https:\\\/\\\/www.carlosyconchita.net\\\/rutas\\\/?s={search_term_string}\"},\"query-input\":{\"@type\":\"PropertyValueSpecification\",\"valueRequired\":true,\"valueName\":\"search_term_string\"}}],\"inLanguage\":\"es\"}]}<\/script>\n<!-- \/ Yoast SEO plugin. -->","yoast_head_json":{"title":"100 Cims FEEC - Las rutas de Carlos y Conchita","robots":{"index":"index","follow":"follow","max-snippet":"max-snippet:-1","max-image-preview":"max-image-preview:large","max-video-preview":"max-video-preview:-1"},"canonical":"https:\/\/www.carlosyconchita.net\/rutas\/100-cims-feec\/","og_locale":"es_ES","og_type":"article","og_title":"100 Cims FEEC - Las rutas de Carlos y Conchita","og_description":"Relaci\u00f3n de las rutas que hemos hecho que incluyan alguno de los picos de las lista de los \u00ab100 CIMS\u00bb de la FEEC, y que han sido debidamente homologados. &nbsp; &nbsp;","og_url":"https:\/\/www.carlosyconchita.net\/rutas\/100-cims-feec\/","og_site_name":"Las rutas de Carlos y Conchita","article_modified_time":"2025-01-29T17:23:17+00:00","twitter_misc":{"Tiempo de lectura":"1 minuto"},"schema":{"@context":"https:\/\/schema.org","@graph":[{"@type":"WebPage","@id":"https:\/\/www.carlosyconchita.net\/rutas\/100-cims-feec\/","url":"https:\/\/www.carlosyconchita.net\/rutas\/100-cims-feec\/","name":"100 Cims FEEC - Las rutas de Carlos y Conchita","isPartOf":{"@id":"https:\/\/www.carlosyconchita.net\/rutas\/#website"},"datePublished":"2021-03-17T18:22:23+00:00","dateModified":"2025-01-29T17:23:17+00:00","breadcrumb":{"@id":"https:\/\/www.carlosyconchita.net\/rutas\/100-cims-feec\/#breadcrumb"},"inLanguage":"es","potentialAction":[{"@type":"ReadAction","target":["https:\/\/www.carlosyconchita.net\/rutas\/100-cims-feec\/"]}]},{"@type":"BreadcrumbList","@id":"https:\/\/www.carlosyconchita.net\/rutas\/100-cims-feec\/#breadcrumb","itemListElement":[{"@type":"ListItem","position":1,"name":"Portada","item":"https:\/\/www.carlosyconchita.net\/rutas\/"},{"@type":"ListItem","position":2,"name":"100 Cims FEEC"}]},{"@type":"WebSite","@id":"https:\/\/www.carlosyconchita.net\/rutas\/#website","url":"https:\/\/www.carlosyconchita.net\/rutas\/","name":"Las rutas de Carlos y Conchita","description":"","potentialAction":[{"@type":"SearchAction","target":{"@type":"EntryPoint","urlTemplate":"https:\/\/www.carlosyconchita.net\/rutas\/?s={search_term_string}"},"query-input":{"@type":"PropertyValueSpecification","valueRequired":true,"valueName":"search_term_string"}}],"inLanguage":"es"}]}},"_links":{"self":[{"href":"https:\/\/www.carlosyconchita.net\/rutas\/wp-json\/wp\/v2\/pages\/15541","targetHints":{"allow":["GET"]}}],"collection":[{"href":"https:\/\/www.carlosyconchita.net\/rutas\/wp-json\/wp\/v2\/pages"}],"about":[{"href":"https:\/\/www.carlosyconchita.net\/rutas\/wp-json\/wp\/v2\/types\/page"}],"author":[{"embeddable":true,"href":"https:\/\/www.carlosyconchita.net\/rutas\/wp-json\/wp\/v2\/users\/50"}],"replies":[{"embeddable":true,"href":"https:\/\/www.carlosyconchita.net\/rutas\/wp-json\/wp\/v2\/comments?post=15541"}],"version-history":[{"count":2,"href":"https:\/\/www.carlosyconchita.net\/rutas\/wp-json\/wp\/v2\/pages\/15541\/revisions"}],"predecessor-version":[{"id":20681,"href":"https:\/\/www.carlosyconchita.net\/rutas\/wp-json\/wp\/v2\/pages\/15541\/revisions\/20681"}],"wp:attachment":[{"href":"https:\/\/www.carlosyconchita.net\/rutas\/wp-json\/wp\/v2\/media?parent=15541"}],"curies":[{"name":"wp","href":"https:\/\/api.w.org\/{rel}","templated":true}]}}