{"id":16527,"date":"2021-09-12T21:04:24","date_gmt":"2021-09-12T20:04:24","guid":{"rendered":"https:\/\/www.carlosyconchita.net\/rutas\/?page_id=16527"},"modified":"2025-11-06T16:57:08","modified_gmt":"2025-11-06T15:57:08","slug":"bornas-es-fr-indice","status":"publish","type":"page","link":"https:\/\/www.carlosyconchita.net\/rutas\/bornas-es-fr-indice\/","title":{"rendered":"Bornas ES-FR Indice"},"content":{"rendered":"<table style=\"border-collapse: collapse; width: 100%;\">\n<tbody>\n<tr>\n<td style=\"width: 33.3333%;\"><img loading=\"lazy\" decoding=\"async\" class=\"aligncenter size-full wp-image-16121\" src=\"https:\/\/www.carlosyconchita.net\/rutas\/wp-content\/uploads\/2017\/11\/344-1.jpg\" alt=\"\" width=\"1024\" height=\"760\" \/><\/td>\n<td style=\"width: 33.3333%;\"><img loading=\"lazy\" decoding=\"async\" class=\"aligncenter size-full wp-image-14951\" src=\"https:\/\/www.carlosyconchita.net\/rutas\/wp-content\/uploads\/2020\/10\/Bornas-262-270-00073.jpg\" alt=\"\" width=\"1024\" height=\"760\" srcset=\"https:\/\/www.carlosyconchita.net\/rutas\/wp-content\/uploads\/2020\/10\/Bornas-262-270-00073.jpg 1024w, https:\/\/www.carlosyconchita.net\/rutas\/wp-content\/uploads\/2020\/10\/Bornas-262-270-00073-300x223.jpg 300w, https:\/\/www.carlosyconchita.net\/rutas\/wp-content\/uploads\/2020\/10\/Bornas-262-270-00073-600x445.jpg 600w, https:\/\/www.carlosyconchita.net\/rutas\/wp-content\/uploads\/2020\/10\/Bornas-262-270-00073-768x570.jpg 768w\" sizes=\"auto, (max-width: 1024px) 100vw, 1024px\" \/><\/td>\n<td style=\"width: 33.3333%;\"><img loading=\"lazy\" decoding=\"async\" class=\"aligncenter size-full wp-image-16275\" src=\"https:\/\/www.carlosyconchita.net\/rutas\/wp-content\/uploads\/2021\/09\/B-235-00049.jpg\" alt=\"\" width=\"1024\" height=\"760\" srcset=\"https:\/\/www.carlosyconchita.net\/rutas\/wp-content\/uploads\/2021\/09\/B-235-00049.jpg 1024w, https:\/\/www.carlosyconchita.net\/rutas\/wp-content\/uploads\/2021\/09\/B-235-00049-300x223.jpg 300w, https:\/\/www.carlosyconchita.net\/rutas\/wp-content\/uploads\/2021\/09\/B-235-00049-600x445.jpg 600w, https:\/\/www.carlosyconchita.net\/rutas\/wp-content\/uploads\/2021\/09\/B-235-00049-768x570.jpg 768w\" sizes=\"auto, (max-width: 1024px) 100vw, 1024px\" \/><\/td>\n<\/tr>\n<\/tbody>\n<\/table>\n<hr \/>\n<h2 style=\"text-align: center;\"><strong>RESUMEN DE RUTAS<br \/>\n<\/strong><\/h2>\n<p style=\"text-align: justify;\"><span style=\"color: #000000;\">Hacemos notar que no pretendemos hacer un camino para \u00abunirlas\u00bb y recorrerlas todas como el amigo Eef Berns , sino \u00fanicamente verlas y fotografiarlas, por lo que las rutas realizadas pueden no estar seguidas y no se\u00f1alan un camino \u00fanico para recorrerlas todas de un tir\u00f3n.<\/span><\/p>\n<p style=\"text-align: center;\">No se incluyen las bornas de Ll\u00edvia (ver p\u00e1gina aparte)<\/p>\n<p>&nbsp;<\/p>\n<hr \/>\n<hr \/>\n<table style=\"border-collapse: collapse; width: 100%; height: 384px;\">\n<tbody>\n<tr style=\"height: 24px;\">\n<td style=\"width: 32.5462%; height: 24px;\"><\/td>\n<td style=\"width: 34.1205%; height: 24px;\"><span style=\"color: #0000ff;\">Resumen por a\u00f1os<br \/>\n<\/span><\/td>\n<td style=\"width: 16.6666%; height: 24px;\"><\/td>\n<td style=\"width: 16.6666%; height: 24px;\"><\/td>\n<\/tr>\n<tr style=\"height: 24px;\">\n<td style=\"width: 32.5462%; height: 24px;\"><span style=\"color: #0000ff;\">A\u00f1o<\/span><\/td>\n<td style=\"width: 34.1205%; height: 24px;\"><span style=\"color: #0000ff;\">kms.<\/span><\/td>\n<td style=\"width: 16.6666%; height: 24px;\"><span style=\"color: #0000ff;\">desnivel<\/span><\/td>\n<td style=\"width: 16.6666%; height: 24px;\"><span style=\"color: #0000ff;\">bornas<br \/>\n<\/span><\/td>\n<\/tr>\n<tr style=\"height: 24px;\">\n<td style=\"width: 32.5462%; height: 24px;\"><span style=\"color: #0000ff;\">\u00a0<\/span><\/td>\n<td style=\"width: 34.1205%; height: 24px;\"><span style=\"color: #0000ff;\">\u00a0<\/span><\/td>\n<td style=\"width: 16.6666%; height: 24px;\"><span style=\"color: #0000ff;\">\u00a0<\/span><\/td>\n<td style=\"width: 16.6666%; height: 24px;\"><span style=\"color: #0000ff;\">\u00a0<\/span><\/td>\n<\/tr>\n<tr style=\"height: 24px;\">\n<td style=\"width: 32.5462%; height: 24px;\">2015<\/td>\n<td style=\"width: 34.1205%; height: 24px;\">12&#8217;59<\/td>\n<td style=\"width: 16.6666%; height: 24px;\">697<\/td>\n<td style=\"width: 16.6666%; height: 24px;\">1<\/td>\n<\/tr>\n<tr style=\"height: 24px;\">\n<td style=\"width: 32.5462%; height: 24px;\">2016<\/td>\n<td style=\"width: 34.1205%; height: 24px;\">92&#8217;04<\/td>\n<td style=\"width: 16.6666%; height: 24px;\">3.839<\/td>\n<td style=\"width: 16.6666%; height: 24px;\">&#8212;<\/td>\n<\/tr>\n<tr style=\"height: 24px;\">\n<td style=\"width: 32.5462%; height: 24px;\">2017<\/td>\n<td style=\"width: 34.1205%; height: 24px;\">105&#8217;18<\/td>\n<td style=\"width: 16.6666%; height: 24px;\">6.313<\/td>\n<td style=\"width: 16.6666%; height: 24px;\">&#8212;<\/td>\n<\/tr>\n<tr style=\"height: 24px;\">\n<td style=\"width: 32.5462%; height: 24px;\">2018<\/td>\n<td style=\"width: 34.1205%; height: 24px;\">92&#8217;37<\/td>\n<td style=\"width: 16.6666%; height: 24px;\">4.080<\/td>\n<td style=\"width: 16.6666%; height: 24px;\">&#8212;<\/td>\n<\/tr>\n<tr style=\"height: 24px;\">\n<td style=\"width: 32.5462%; height: 24px;\">2019<\/td>\n<td style=\"width: 34.1205%; height: 24px;\">137&#8217;12<\/td>\n<td style=\"width: 16.6666%; height: 24px;\">7.273<\/td>\n<td style=\"width: 16.6666%; height: 24px;\">&#8211; &#8211; 244<\/td>\n<\/tr>\n<tr style=\"height: 24px;\">\n<td style=\"width: 32.5462%; height: 24px;\">2020<\/td>\n<td style=\"width: 34.1205%; height: 24px;\">122&#8217;48<\/td>\n<td style=\"width: 16.6666%; height: 24px;\">6.127<\/td>\n<td style=\"width: 16.6666%; height: 24px;\">136<\/td>\n<\/tr>\n<tr style=\"height: 24px;\">\n<td style=\"width: 32.5462%; height: 24px;\">2021<strong><br \/>\n<\/strong><\/td>\n<td style=\"width: 34.1205%; height: 24px;\">238&#8217;22<strong><br \/>\n<\/strong><\/td>\n<td style=\"width: 16.6666%; height: 24px;\">13.034<strong><br \/>\n<\/strong><\/td>\n<td style=\"width: 16.6666%; height: 24px;\">177<strong><br \/>\n<\/strong><\/td>\n<\/tr>\n<tr style=\"height: 24px;\">\n<td style=\"width: 32.5462%; height: 24px;\">2022<strong><br \/>\n<\/strong><\/td>\n<td style=\"width: 34.1205%; height: 24px;\">132&#8217;05<strong><br \/>\n<\/strong><\/td>\n<td style=\"width: 16.6666%; height: 24px;\">7.960<strong><br \/>\n<\/strong><\/td>\n<td style=\"width: 16.6666%; height: 24px;\">57<strong><br \/>\n<\/strong><\/td>\n<\/tr>\n<tr style=\"height: 24px;\">\n<td style=\"width: 32.5462%; height: 24px;\">\u00a02023<\/td>\n<td style=\"width: 34.1205%; height: 24px;\">167&#8217;60<\/td>\n<td style=\"width: 16.6666%; height: 24px;\">11.117<\/td>\n<td style=\"width: 16.6666%; height: 24px;\">26<\/td>\n<\/tr>\n<tr style=\"height: 24px;\">\n<td style=\"width: 32.5462%; height: 24px;\">2024<\/td>\n<td style=\"width: 34.1205%; height: 24px;\">138&#8217;17<\/td>\n<td style=\"width: 16.6666%; height: 24px;\">\u00a010.276<\/td>\n<td style=\"width: 16.6666%; height: 24px;\">20<\/td>\n<\/tr>\n<tr style=\"height: 24px;\">\n<td style=\"width: 32.5462%; height: 24px;\">2025<\/td>\n<td style=\"width: 34.1205%; height: 24px;\">178&#8217;01<\/td>\n<td style=\"width: 16.6666%; height: 24px;\">12.894<\/td>\n<td style=\"width: 16.6666%; height: 24px;\">14<\/td>\n<\/tr>\n<tr style=\"height: 24px;\">\n<td style=\"width: 32.5462%; height: 24px;\"><strong>\u00a0<\/strong><\/td>\n<td style=\"width: 34.1205%; height: 24px;\"><strong>\u00a0<\/strong><\/td>\n<td style=\"width: 16.6666%; height: 24px;\"><strong>\u00a0<\/strong><\/td>\n<td style=\"width: 16.6666%; height: 24px;\"><strong>\u00a0<\/strong><\/td>\n<\/tr>\n<tr style=\"height: 24px;\">\n<td style=\"width: 32.5462%; height: 24px;\"><strong>Total<\/strong><\/td>\n<td style=\"width: 34.1205%; height: 24px;\"><strong>1.415&#8217;71\u00a0 kms.<\/strong><\/td>\n<td style=\"width: 16.6666%; height: 24px;\"><strong>83.610 m.<\/strong><\/td>\n<td style=\"width: 16.6666%; height: 24px;\"><strong>675 bornas<\/strong><\/td>\n<\/tr>\n<\/tbody>\n<\/table>\n<p>&nbsp;<\/p>\n<p style=\"text-align: justify;\"><span style=\"color: #333333;\"><em><strong>A estas 675 bornas de la frontera ES-FR hay sumar las 3 entre Francia y Andorra ( <a href=\"https:\/\/www.carlosyconchita.net\/rutas\/10-07-2020-bornas-andorra-francia\/\" target=\"_blank\" rel=\"noopener\">ver enlace<\/a> ) , y las 45 de Ll\u00edvia, (<span style=\"color: #0000ff;\"><a style=\"color: #0000ff;\" href=\"https:\/\/www.carlosyconchita.net\/rutas\/bornas-llivia\/\" target=\"_blank\" rel=\"noopener\">ver enlace<\/a><\/span> ) lo que hace un total de 723.<\/strong><\/em><\/span><\/p>\n<p style=\"text-align: justify;\"><em><strong>Para localizarlas todas, hemos hecho\u00a0 212 excursiones o caminatas en el caso de la frontera ES-FR,\u00a0 11 en el caso de Ll\u00edvia y\u00a0 1 en el caso de las bornas existentes entre Francia y Andorra, en total\u00a0 224 excursiones.<\/strong><\/em><\/p>\n<p>&nbsp;<\/p>\n<h3 style=\"text-align: center;\">Lista de las rutas realizadas para localizarlas :<\/h3>\n<p>&nbsp;<\/p>\n<div class=\"sya_container\" id=\"sya_container\"><p class=\"sya_yearslist\" id=\"sya_yearslist\"><a href=\"#year2025\">2025<\/a> &bull; <a href=\"#year2024\">2024<\/a> &bull; <a href=\"#year2023\">2023<\/a> &bull; <a href=\"#year2022\">2022<\/a> &bull; <a href=\"#year2021\">2021<\/a> &bull; <a href=\"#year2020\">2020<\/a> &bull; <a href=\"#year2019\">2019<\/a> &bull; <a href=\"#year2018\">2018<\/a> &bull; <a href=\"#year2017\">2017<\/a> &bull; <a href=\"#year2016\">2016<\/a> &bull; <a href=\"#year2015\">2015<\/a><\/p> <a id=\"year2025\"><\/a>2025 <span class=\"sya_yearcount\"><span class=\"sya_bracket\">(<\/span>22<span class=\"sya_bracket\">)<\/span><\/span> <ul><li class=\"\"><div class=\"sya_postcontent\"><span class=\"sya_date\">  <span class=\"sya_sep\"> <\/span><\/span><a href=\"https:\/\/www.carlosyconchita.net\/rutas\/bornas-pendientes\/\" class=\"sya_postlink post-21744\" rel=\"bookmark\">Bornas pendientes<\/a> <span class=\"sya_categories\"><span class=\"sya_bracket\">(<\/span>Mojones \/ Bornas frontera ES-FR<span class=\"sya_bracket\">)<\/span><\/span><div style=\"padding-left:100px\" class=\"robots-nocontent\"><cite>El dia 16-09-2025, con la dura subida al Puerto de Clarabide, en donde est\u00e1 la B-330 bis, hemos completado nuestra b\u00fasqueda de TODOS los mojones o bornas fronterizas entre Espa\u00f1a y Francia, incluidos los de Ll\u00edvia, que hacen un total de 723, desde el n\u00famero 1 situado en el Rio Bidasosa, hasta el n\u00famero 602 [&hellip;]<\/cite><\/div><\/div><\/li><li class=\"\"><div class=\"sya_postcontent\"><span class=\"sya_date\">  <span class=\"sya_sep\"> <\/span><\/span><a href=\"https:\/\/www.carlosyconchita.net\/rutas\/17-09-2025-bajada-del-refugio-de-estos-borna-330-bis-dia-3\/\" class=\"sya_postlink post-21221\" rel=\"bookmark\">17-09-2025-Bajada del Refugio de Est\u00f3s (Borna 330-bis, d\u00eda 3)<\/a> <span class=\"sya_categories\"><span class=\"sya_bracket\">(<\/span>0-Muy f\u00e1cil, 1 - Hasta 5 km., Benasque, Huesca, Mojones \/ Bornas frontera ES-FR<span class=\"sya_bracket\">)<\/span><\/span><div style=\"padding-left:100px\" class=\"robots-nocontent\"><cite>Hoy tenemos una peque\u00f1a caminata para bajar desde el Refugio de Est\u00f3s hasta la Caba\u00f1a del Tormo, en donde nos recoger\u00e1 el taxi-4&#215;4 para llevarnos al Parking de Est\u00f3s, cerca de Benasque, en donde dejamos el coche hace 2 dias. Tenemos tiempo de sobra para llegar, pero en los refugios la gente se levanta muy [&hellip;]<\/cite><\/div><\/div><\/li><li class=\"\"><div class=\"sya_postcontent\"><span class=\"sya_date\">  <span class=\"sya_sep\"> <\/span><\/span><a href=\"https:\/\/www.carlosyconchita.net\/rutas\/16-09-2025-lo-hemos-conseguido-ultima-borna-fronteriza-localizada\/\" class=\"sya_postlink post-21053\" rel=\"bookmark\">16-09-2025-  Lo hemos conseguido : ultima borna fronteriza localizada  !!!<\/a> <span class=\"sya_categories\"><span class=\"sya_bracket\">(<\/span>Mojones \/ Bornas frontera ES-FR<span class=\"sya_bracket\">)<\/span><\/span><div style=\"padding-left:100px\" class=\"robots-nocontent\"><cite>&nbsp; &nbsp; &nbsp; El dia 30-05-2015 \u2013 Camino de la Retirada (Vallceboll\u00e9re) (borna 505), encontramos por casualidad la primera borna o moj\u00f3n fronterizo entre Espa\u00f1a y Francia. Unos a\u00f1os despu\u00e9s , decidimos localizar las de la Cerdanya, despu\u00e9s las de Girona, despu\u00e9s las de Catalunya&#8230; hasta que finalmente intentamos la aventura o proyecto de localizarlas [&hellip;]<\/cite><\/div><\/div><\/li><li class=\"\"><div class=\"sya_postcontent\"><span class=\"sya_date\">  <span class=\"sya_sep\"> <\/span><\/span><a href=\"https:\/\/www.carlosyconchita.net\/rutas\/16-09-2025-borna-330-bis-la-ultima-que-nos-quedaba\/\" class=\"sya_postlink post-21094\" rel=\"bookmark\">16-09-2025-Borna 330 bis (d\u00eda 2)  :  la \u00faltima que nos quedaba !!!<\/a> <span class=\"sya_categories\"><span class=\"sya_bracket\">(<\/span>3 - De 10 a 15 km., 3-Dif\u00edcil, Huesca, Mojones \/ Bornas frontera ES-FR<span class=\"sya_bracket\">)<\/span><\/span><div style=\"padding-left:100px\" class=\"robots-nocontent\"><cite>Hoy hemos hecho la \u00faltima borna o moj\u00f3n fronterizo que nos quedaba, la 330 bis , con lo cual hemos recorrido todo el Pirineo desde el Cant\u00e1brico hasta el Mediterr\u00e1neo para encontrarlas. Nos han acompa\u00f1ado nuestro hijo David, Noelia y Pierre Gallart. Est\u00e1 situada en el Puerto de Clarabide, y para llegar a ella, ayer [&hellip;]<\/cite><\/div><\/div><\/li><li class=\"\"><div class=\"sya_postcontent\"><span class=\"sya_date\">  <span class=\"sya_sep\"> <\/span><\/span><a href=\"https:\/\/www.carlosyconchita.net\/rutas\/15-09-2025-subida-al-refugio-de-estos-borna-330-bis-dia-1\/\" class=\"sya_postlink post-21208\" rel=\"bookmark\">15-09-2025-Subida al Refugio de Est\u00f3s (Borna 330-bis, d\u00eda 1)<\/a> <span class=\"sya_categories\"><span class=\"sya_bracket\">(<\/span>1 - Hasta 5 km., 1-F\u00e1cil, Benasque, Huesca, Mojones \/ Bornas frontera ES-FR<span class=\"sya_bracket\">)<\/span><\/span><div style=\"padding-left:100px\" class=\"robots-nocontent\"><cite>Hoy empezamos nuestra excursi\u00f3n para conseguir llegar hasta la \u00faltima borna que nos queda para completar todas las existentes en la frontera hispano-francesa , la 330-bis. Pero como no podemos hacerla en un d\u00eda, hemos de subir hoy al Refugio de Est\u00f3s, en donde dormiremos y ma\u00f1ana desde all\u00ed , intentaremos llegar a la B-330-bis, [&hellip;]<\/cite><\/div><\/div><\/li><li class=\"\"><div class=\"sya_postcontent\"><span class=\"sya_date\">  <span class=\"sya_sep\"> <\/span><\/span><a href=\"https:\/\/www.carlosyconchita.net\/rutas\/06-09-2025-borna-330\/\" class=\"sya_postlink post-21197\" rel=\"bookmark\">06-09-2025-Borna 330<\/a> <span class=\"sya_categories\"><span class=\"sya_bracket\">(<\/span>3-Dif\u00edcil, 4 - De 15 a 20 km., Bielsa, Huesca, Mojones \/ Bornas frontera ES-FR<span class=\"sya_bracket\">)<\/span><\/span><div style=\"padding-left:100px\" class=\"robots-nocontent\"><cite>602\u00a0 bornas (n\u00fameros)\u00a0 localizadas\u00a0 del total de 602 existentes, las tenemos todas\u00a0 !!! 722\u00a0 bornas (piedras) localizadas del total de 723 existentes, nos falta s\u00f3lo 1 (330 bis) Enlace al album de fotos de las bornas :\u00a0\u00a0\u00a0\u00a0 Fotos bornas &nbsp; Ayer nos cogimos un d\u00eda de descanso en el Camping Los Vives, en el que [&hellip;]<\/cite><\/div><\/div><\/li><li class=\"\"><div class=\"sya_postcontent\"><span class=\"sya_date\">  <span class=\"sya_sep\"> <\/span><\/span><a href=\"https:\/\/www.carlosyconchita.net\/rutas\/04-09-2025-borna-329\/\" class=\"sya_postlink post-21184\" rel=\"bookmark\">04-09-2025-Borna 329<\/a> <span class=\"sya_categories\"><span class=\"sya_bracket\">(<\/span>2-Moderada, 3 - De 10 a 15 km., Bielsa, Mojones \/ Bornas frontera ES-FR<span class=\"sya_bracket\">)<\/span><\/span><div style=\"padding-left:100px\" class=\"robots-nocontent\"><cite>601\u00a0 bornas (n\u00fameros)\u00a0 localizadas\u00a0 del total de 602 existentes, nos falta s\u00f3lo 1\u00a0 (la 330) 721\u00a0 bornas (piedras) localizadas del total de 723 existentes, nos faltan s\u00f3lo 2 (330 + 330 bis) Ver relaci\u00f3n de bornas en la p\u00e1gina principal :\u00a0 Bornas pendientes Enlace al album de fotos de las bornas :\u00a0\u00a0\u00a0\u00a0 Fotos bornas &nbsp; [&hellip;]<\/cite><\/div><\/div><\/li><li class=\"\"><div class=\"sya_postcontent\"><span class=\"sya_date\">  <span class=\"sya_sep\"> <\/span><\/span><a href=\"https:\/\/www.carlosyconchita.net\/rutas\/02-09-2025-borna-296\/\" class=\"sya_postlink post-21169\" rel=\"bookmark\">02-09-2025-Borna 296<\/a> <span class=\"sya_categories\"><span class=\"sya_bracket\">(<\/span>2 - De 5 a 10 km., 3-Dif\u00edcil, Canfranc, Huesca, Mojones \/ Bornas frontera ES-FR<span class=\"sya_bracket\">)<\/span><\/span><div style=\"padding-left:100px\" class=\"robots-nocontent\"><cite>600\u00a0 bornas (n\u00fameros)\u00a0 localizadas\u00a0 del total de 602 existentes, nos faltan s\u00f3lo 2 720\u00a0 bornas (piedras) localizadas del total de 723 existentes, nos faltan s\u00f3lo 3 Ver relaci\u00f3n de bornas en la p\u00e1gina principal :\u00a0 Bornas pendientes Enlace al album de fotos de las bornas :\u00a0\u00a0\u00a0\u00a0 Fotos bornas Hoy nos despedimos del Camping de Lesc\u00fan, [&hellip;]<\/cite><\/div><\/div><\/li><li class=\"\"><div class=\"sya_postcontent\"><span class=\"sya_date\">  <span class=\"sya_sep\"> <\/span><\/span><a href=\"https:\/\/www.carlosyconchita.net\/rutas\/01-09-2025-borna-272-col-de-anaye\/\" class=\"sya_postlink post-21157\" rel=\"bookmark\">01-09-2025-Borna 272 (Col de Anaye)<\/a> <span class=\"sya_categories\"><span class=\"sya_bracket\">(<\/span>2-Moderada, 3 - De 10 a 15 km., Mojones \/ Bornas frontera ES-FR<span class=\"sya_bracket\">)<\/span><\/span><div style=\"padding-left:100px\" class=\"robots-nocontent\"><cite>599\u00a0 bornas (n\u00fameros)\u00a0 localizadas\u00a0 del total de 602 existentes, nos faltan s\u00f3lo 3 719\u00a0 bornas (piedras) localizadas del total de 723 existentes, nos faltan s\u00f3lo 4 Ver relaci\u00f3n de bornas en la p\u00e1gina principal :\u00a0 Bornas pendientes Enlace al album de fotos de las bornas :\u00a0\u00a0\u00a0\u00a0 Fotos bornas Desde el Camping de Lesc\u00fan, nos dirigimos [&hellip;]<\/cite><\/div><\/div><\/li><li class=\"\"><div class=\"sya_postcontent\"><span class=\"sya_date\">  <span class=\"sya_sep\"> <\/span><\/span><a href=\"https:\/\/www.carlosyconchita.net\/rutas\/31-08-2025-plateau-de-sanchese\/\" class=\"sya_postlink post-21366\" rel=\"bookmark\">31-08-2025-Plateau de Sanch\u00e8se<\/a> <span class=\"sya_categories\"><span class=\"sya_bracket\">(<\/span>0-Muy f\u00e1cil, Mojones \/ Bornas frontera ES-FR<span class=\"sya_bracket\">)<\/span><\/span><div style=\"padding-left:100px\" class=\"robots-nocontent\"><cite>Hoy vamos a hacer una f\u00e1cil y c\u00f3moda excursi\u00f3n al Plateau de Sanch\u00e8se, a donde ma\u00f1ana volveremos para iniciar la dura caminata hasta la B-272. Ayer vinimos desde el Pont d&#8217;Espagne , en la zona de Cauterets, en donde hab\u00edamos dejado el coche para subir al Refugio de Wallon, y desde all\u00ed hacer las B-313 [&hellip;]<\/cite><\/div><\/div><\/li><li class=\"\"><div class=\"sya_postcontent\"><span class=\"sya_date\">  <span class=\"sya_sep\"> <\/span><\/span><a href=\"https:\/\/www.carlosyconchita.net\/rutas\/30-08-2025-bajada-del-refugio-de-wallon\/\" class=\"sya_postlink post-21144\" rel=\"bookmark\">30-08-2025-Bajada del refugio de Wallon<\/a> <span class=\"sya_categories\"><span class=\"sya_bracket\">(<\/span>0-Muy f\u00e1cil, 2 - De 5 a 10 km., Mojones \/ Bornas frontera ES-FR<span class=\"sya_bracket\">)<\/span><\/span><div style=\"padding-left:100px\" class=\"robots-nocontent\"><cite>Hoy, despu\u00e9s de dormir 3 d\u00edas en el refugio de Wallon, y de conseguir a pesar de la lluvia las B-313 y la B-314, nos toca bajar hasta el Parking del Pont d&#8217;Espagne, en donde dejamos el coche el pasado dia 27. La bajada desde el refugio no tiene ning\u00fan problema , no tenemos ninguna [&hellip;]<\/cite><\/div><\/div><\/li><li class=\"\"><div class=\"sya_postcontent\"><span class=\"sya_date\">  <span class=\"sya_sep\"> <\/span><\/span><a href=\"https:\/\/www.carlosyconchita.net\/rutas\/29-08-2025-borna-314\/\" class=\"sya_postlink post-21133\" rel=\"bookmark\">29-08-2025-Borna 314<\/a> <span class=\"sya_categories\"><span class=\"sya_bracket\">(<\/span>2-Moderada, 3 - De 10 a 15 km., Mojones \/ Bornas frontera ES-FR<span class=\"sya_bracket\">)<\/span><\/span><div style=\"padding-left:100px\" class=\"robots-nocontent\"><cite>598\u00a0 bornas (n\u00fameros)\u00a0 localizadas\u00a0 del total de 602 existentes, nos faltan s\u00f3lo 4 718\u00a0 bornas (piedras) localizadas del total de 723 existentes, nos faltan s\u00f3lo 5 Ver relaci\u00f3n de bornas en la p\u00e1gina principal :\u00a0 Bornas pendientes Enlace al album de fotos de las bornas :\u00a0\u00a0\u00a0\u00a0 Fotos bornas &nbsp; Hoy tenemos un d\u00eda aceptable, ya [&hellip;]<\/cite><\/div><\/div><\/li><li class=\"\"><div class=\"sya_postcontent\"><span class=\"sya_date\">  <span class=\"sya_sep\"> <\/span><\/span><a href=\"https:\/\/www.carlosyconchita.net\/rutas\/28-08-2025-borna-313\/\" class=\"sya_postlink post-21113\" rel=\"bookmark\">28-08-2025-Borna 313<\/a> <span class=\"sya_categories\"><span class=\"sya_bracket\">(<\/span>2 - De 5 a 10 km., 2-Moderada, Mojones \/ Bornas frontera ES-FR<span class=\"sya_bracket\">)<\/span><\/span><div style=\"padding-left:100px\" class=\"robots-nocontent\"><cite>597\u00a0 bornas (n\u00fameros)\u00a0 localizadas\u00a0 del total de 602 existentes, nos faltan s\u00f3lo 5 717\u00a0 bornas (piedras) localizadas del total de 723 existentes, nos faltan s\u00f3lo 6 Ver relaci\u00f3n de bornas en la p\u00e1gina principal :\u00a0 Bornas pendientes Enlace al album de fotos de las bornas :\u00a0\u00a0\u00a0\u00a0 Fotos bornas &nbsp; Hoy ha amanecido con mucha niebla [&hellip;]<\/cite><\/div><\/div><\/li><li class=\"\"><div class=\"sya_postcontent\"><span class=\"sya_date\">  <span class=\"sya_sep\"> <\/span><\/span><a href=\"https:\/\/www.carlosyconchita.net\/rutas\/27-08-2025-subida-al-refugio-de-wallon-bornas-313314-dia-1\/\" class=\"sya_postlink post-21106\" rel=\"bookmark\">27-08-2025-Subida al Refugio de Wallon (Bornas 313+314 )<\/a> <span class=\"sya_categories\"><span class=\"sya_bracket\">(<\/span>1-F\u00e1cil, 2 - De 5 a 10 km., Mojones \/ Bornas frontera ES-FR<span class=\"sya_bracket\">)<\/span><\/span><div style=\"padding-left:100px\" class=\"robots-nocontent\"><cite>Hoy hacemos junto con Eef la primera etapa, por as\u00ed decir, para por llegar a las bornas 313 y 314, ya que son recorridos muy largos, y necesitamos hacer una parada en el Refugio de Wallon y dormir all\u00ed para poder hacer ma\u00f1ana la B-313 y pasado ma\u00f1ana, la B-314 Como se puede ver en [&hellip;]<\/cite><\/div><\/div><\/li><li class=\"\"><div class=\"sya_postcontent\"><span class=\"sya_date\">  <span class=\"sya_sep\"> <\/span><\/span><a href=\"https:\/\/www.carlosyconchita.net\/rutas\/24-08-2025-borna-322\/\" class=\"sya_postlink post-21081\" rel=\"bookmark\">24-08-2025-Borna 322<\/a> <span class=\"sya_categories\"><span class=\"sya_bracket\">(<\/span>100 Cims Carlos y Conchita, 2-Moderada, 4 - De 15 a 20 km., Huesca, Mojones \/ Bornas frontera ES-FR<span class=\"sya_bracket\">)<\/span><\/span><div style=\"padding-left:100px\" class=\"robots-nocontent\"><cite>596\u00a0 bornas (n\u00fameros)\u00a0 localizadas\u00a0 del total de 602 existentes, nos faltan s\u00f3lo 6 716\u00a0 bornas (piedras) localizadas del total de 723 existentes, nos faltan s\u00f3lo 7 Ver relaci\u00f3n de bornas en la p\u00e1gina principal :\u00a0 Bornas pendientes Enlace al album de fotos de las bornas :\u00a0\u00a0\u00a0\u00a0 Fotos bornas &nbsp; Hoy hemos hecho una larga caminata [&hellip;]<\/cite><\/div><\/div><\/li><li class=\"\"><div class=\"sya_postcontent\"><span class=\"sya_date\">  <span class=\"sya_sep\"> <\/span><\/span><a href=\"https:\/\/www.carlosyconchita.net\/rutas\/19-08-2025-borna-325\/\" class=\"sya_postlink post-21025\" rel=\"bookmark\">19-08-2025-Borna 325<\/a> <span class=\"sya_categories\"><span class=\"sya_bracket\">(<\/span>2 - De 5 a 10 km., 2-Moderada, Mojones \/ Bornas frontera ES-FR<span class=\"sya_bracket\">)<\/span><\/span><div style=\"padding-left:100px\" class=\"robots-nocontent\"><cite>595\u00a0 bornas (n\u00fameros)\u00a0 localizadas\u00a0 del total de 602 existentes, nos faltan s\u00f3lo 7 715\u00a0 bornas (piedras) localizadas del total de 723 existentes, nos faltan s\u00f3lo 8 Ver relaci\u00f3n de bornas en la p\u00e1gina principal :\u00a0 Bornas pendientes Enlace al album de fotos de las bornas :\u00a0\u00a0\u00a0\u00a0 Fotos bornas Para poder hacer al d\u00eda siguiente a [&hellip;]<\/cite><\/div><\/div><\/li><li class=\"\"><div class=\"sya_postcontent\"><span class=\"sya_date\">  <span class=\"sya_sep\"> <\/span><\/span><a href=\"https:\/\/www.carlosyconchita.net\/rutas\/14-08-2025-borna-312\/\" class=\"sya_postlink post-21014\" rel=\"bookmark\">14-08-2025-Borna 312<\/a> <span class=\"sya_categories\"><span class=\"sya_bracket\">(<\/span>3-Dif\u00edcil, 4 - De 15 a 20 km., Huesca, Mojones \/ Bornas frontera ES-FR<span class=\"sya_bracket\">)<\/span><\/span><div style=\"padding-left:100px\" class=\"robots-nocontent\"><cite>594\u00a0 bornas (n\u00fameros)\u00a0 localizadas\u00a0 del total de 602 existentes, nos faltan s\u00f3lo 8 714\u00a0 bornas (piedras) localizadas del total de 723 existentes, nos faltan s\u00f3lo 9 Ver relaci\u00f3n de bornas en la p\u00e1gina principal :\u00a0 Bornas pendientes Enlace al album de fotos de las bornas :\u00a0\u00a0\u00a0\u00a0 Fotos bornas &nbsp; Hoy hemos de hacer una larga [&hellip;]<\/cite><\/div><\/div><\/li><li class=\"\"><div class=\"sya_postcontent\"><span class=\"sya_date\">  <span class=\"sya_sep\"> <\/span><\/span><a href=\"https:\/\/www.carlosyconchita.net\/rutas\/30-07-2025-bornas-326-327-328\/\" class=\"sya_postlink post-20963\" rel=\"bookmark\">30-07-2025-Bornas 326-327-328<\/a> <span class=\"sya_categories\"><span class=\"sya_bracket\">(<\/span>2-Moderada, 3 - De 10 a 15 km., Mojones \/ Bornas frontera ES-FR<span class=\"sya_bracket\">)<\/span><\/span><div style=\"padding-left:100px\" class=\"robots-nocontent\"><cite>593\u00a0 bornas (n\u00fameros)\u00a0 localizadas\u00a0 del total de 602 existentes, nos faltan s\u00f3lo 9 713\u00a0 bornas (piedras) localizadas del total de 723 existentes, nos faltan s\u00f3lo 10 Ver relaci\u00f3n de bornas en la p\u00e1gina principal :\u00a0 Bornas pendientes Enlace al album de fotos de las bornas :\u00a0\u00a0\u00a0\u00a0 Fotos bornas &nbsp; Hoy localizaremos 3 bornas o mojones [&hellip;]<\/cite><\/div><\/div><\/li><li class=\"\"><div class=\"sya_postcontent\"><span class=\"sya_date\">  <span class=\"sya_sep\"> <\/span><\/span><a href=\"https:\/\/www.carlosyconchita.net\/rutas\/28-07-2025-bajada-del-refugio-de-trigoniero\/\" class=\"sya_postlink post-20945\" rel=\"bookmark\">28-07-2025-Bajada del Refugio de Trigoniero<\/a> <span class=\"sya_categories\"><span class=\"sya_bracket\">(<\/span>1-F\u00e1cil, 2 - De 5 a 10 km., Mojones \/ Bornas frontera ES-FR<span class=\"sya_bracket\">)<\/span><\/span><div style=\"padding-left:100px\" class=\"robots-nocontent\"><cite>Hoy , despu\u00e9s de pasar la noche en el refugio libre de Trigoniero, como primera etapa de la subida a la B-325 , situada en el Puerto de Trigoniero o de Moudang, ten\u00edamos que subir un corto tramo de algo m\u00e1s de 2.5 kms. pero con una fuerte inclinaci\u00f3n, ya que el desnivel era de [&hellip;]<\/cite><\/div><\/div><\/li><li class=\"\"><div class=\"sya_postcontent\"><span class=\"sya_date\">  <span class=\"sya_sep\"> <\/span><\/span><a href=\"https:\/\/www.carlosyconchita.net\/rutas\/27-07-2025-subida-al-refugio-de-trigoniero-hacia-la-b-325\/\" class=\"sya_postlink post-20932\" rel=\"bookmark\">27-07-2025-Subida al refugio de Trigoniero (hacia la B-325)<\/a> <span class=\"sya_categories\"><span class=\"sya_bracket\">(<\/span>2 - De 5 a 10 km., 2-Moderada, Huesca, Mojones \/ Bornas frontera ES-FR<span class=\"sya_bracket\">)<\/span><\/span><div style=\"padding-left:100px\" class=\"robots-nocontent\"><cite>Hoy hacemos la primera parte de la caminata hasta la B-325, situada en el Puerto de Trigoniero o de Moudang, pero como es un recorrido bastante largo y con un considerable desnivel , hemos decidido probar de dormir en el Refugio Libre de Trigoniero (no guardado), y ma\u00f1ana hacer la segunda parte hasta la borna [&hellip;]<\/cite><\/div><\/div><\/li><li class=\"\"><div class=\"sya_postcontent\"><span class=\"sya_date\">  <span class=\"sya_sep\"> <\/span><\/span><a href=\"https:\/\/www.carlosyconchita.net\/rutas\/25-07-2025-borna-324-puerto-de-salcorz\/\" class=\"sya_postlink post-20912\" rel=\"bookmark\">25-07-2025-Borna 324 (Puerto de Salcorz)<\/a> <span class=\"sya_categories\"><span class=\"sya_bracket\">(<\/span>2-Moderada, 3 - De 10 a 15 km., Huesca, Mojones \/ Bornas frontera ES-FR<span class=\"sya_bracket\">)<\/span><\/span><div style=\"padding-left:100px\" class=\"robots-nocontent\"><cite>590\u00a0 bornas (n\u00fameros)\u00a0 localizadas\u00a0 del total de 602 existentes, nos faltan s\u00f3lo 12 710\u00a0 bornas (piedras) localizadas del total de 723 existentes, nos faltan s\u00f3lo 13 Ver recuento de bornas en la p\u00e1gina principal :\u00a0 Bornas pendientes Enlace al album de fotos de las bornas :\u00a0\u00a0\u00a0\u00a0 Fotos bornas Distancia total :\u00a0 \u00a0 \u00a010\u2019100\u00a0 km.\u00a0\u00a0\u00a0\u00a0\u00a0\u00a0\u00a0\u00a0\u00a0\u00a0\u00a0\u00a0\u00a0\u00a0\u00a0\u00a0\u00a0\u00a0\u00a0\u00a0\u00a0 Alturas [&hellip;]<\/cite><\/div><\/div><\/li><li class=\"\"><div class=\"sya_postcontent\"><span class=\"sya_date\">  <span class=\"sya_sep\"> <\/span><\/span><a href=\"https:\/\/www.carlosyconchita.net\/rutas\/18-06-2025-borna-085-bis\/\" class=\"sya_postlink post-21388\" rel=\"bookmark\">18-06-2025-Borna 085 bis<\/a> <span class=\"sya_categories\"><span class=\"sya_bracket\">(<\/span>0-Muy f\u00e1cil, Mojones \/ Bornas frontera ES-FR, Pais Vasco franc\u00e9s<span class=\"sya_bracket\">)<\/span><\/span><div style=\"padding-left:100px\" class=\"robots-nocontent\"><cite>Hoy empezamos una escapada a la regi\u00f3n francesa de Les Landes, donde estaremos una semana, pero de camino hacemos una parada en el peque\u00f1o pueblo de Bidarray, para localizar la borna 085 bis, situada muy cerca de la 085, y que en su d\u00eda no vimos, porque no sab\u00edamos que exist\u00eda. Realmente no pone nada [&hellip;]<\/cite><\/div><\/div><\/li><\/ul> <a id=\"year2024\"><\/a>2024 <span class=\"sya_yearcount\"><span class=\"sya_bracket\">(<\/span>18<span class=\"sya_bracket\">)<\/span><\/span> <ul><li class=\"\"><div class=\"sya_postcontent\"><span class=\"sya_date\">  <span class=\"sya_sep\"> <\/span><\/span><a href=\"https:\/\/www.carlosyconchita.net\/rutas\/21-10-2024-borna-323\/\" class=\"sya_postlink post-20223\" rel=\"bookmark\">21-10-2024-Borna 323<\/a> <span class=\"sya_categories\"><span class=\"sya_bracket\">(<\/span>2 - De 5 a 10 km., 2-Moderada, Mojones \/ Bornas frontera ES-FR<span class=\"sya_bracket\">)<\/span><\/span><div style=\"padding-left:100px\" class=\"robots-nocontent\"><cite>589\u00a0 bornas (n\u00fameros)\u00a0 localizadas\u00a0 del total de 602 existentes, nos faltan s\u00f3lo 13 709\u00a0 bornas (piedras) localizadas del total de 723 existentes, nos faltan s\u00f3lo 14 Ver recuento de bornas en la p\u00e1gina principal :\u00a0 Bornas pendientes Enlace al album de fotos de las bornas :\u00a0\u00a0\u00a0\u00a0 Fotos bornas &nbsp; Finalmente hemos podido hacer esta excursi\u00f3n [&hellip;]<\/cite><\/div><\/div><\/li><li class=\"\"><div class=\"sya_postcontent\"><span class=\"sya_date\">  <span class=\"sya_sep\"> <\/span><\/span><a href=\"https:\/\/www.carlosyconchita.net\/rutas\/04-09-2024-bornas-292-293-294-295\/\" class=\"sya_postlink post-20126\" rel=\"bookmark\">04-09-2024-Bornas 292-293-294-295<\/a> <span class=\"sya_categories\"><span class=\"sya_bracket\">(<\/span>2 - De 5 a 10 km., 2-Moderada, Mojones \/ Bornas frontera ES-FR<span class=\"sya_bracket\">)<\/span><\/span><div style=\"padding-left:100px\" class=\"robots-nocontent\"><cite>588\u00a0 bornas (n\u00fameros)\u00a0 localizadas\u00a0 del total de 602 existentes, nos faltan s\u00f3lo 14 708\u00a0 bornas (piedras) localizadas del total de 723 existentes, nos faltan s\u00f3lo 15 &nbsp; (ver recuento de bornas en la p\u00e1gina principal :\u00a0 Bornas pendientes Enlace al album de fotos de las bornas :\u00a0\u00a0\u00a0\u00a0 Fotos bornas &nbsp; Misma ruta en la web [&hellip;]<\/cite><\/div><\/div><\/li><li class=\"\"><div class=\"sya_postcontent\"><span class=\"sya_date\">  <span class=\"sya_sep\"> <\/span><\/span><a href=\"https:\/\/www.carlosyconchita.net\/rutas\/02-09-2024-bornas-315-316-fake-y-316\/\" class=\"sya_postlink post-20123\" rel=\"bookmark\">02-09-2024-Bornas 315, 316-Fake y 316<\/a> <span class=\"sya_categories\"><span class=\"sya_bracket\">(<\/span>3 - De 10 a 15 km., 3-Dif\u00edcil, Mojones \/ Bornas frontera ES-FR<span class=\"sya_bracket\">)<\/span><\/span><div style=\"padding-left:100px\" class=\"robots-nocontent\"><cite>586\u00a0 bornas (n\u00fameros)\u00a0 localizadas\u00a0 del total de 602 existentes, nos faltan s\u00f3lo 16 706\u00a0 bornas (piedras) localizadas del total de 723 existentes, nos faltan s\u00f3lo 17 (ver recuento de bornas en la p\u00e1gina principal :\u00a0 Bornas pendientes Enlace al album de fotos de las bornas :\u00a0\u00a0\u00a0\u00a0 Fotos bornas &nbsp; &nbsp; Misma ruta en la web [&hellip;]<\/cite><\/div><\/div><\/li><li class=\"\"><div class=\"sya_postcontent\"><span class=\"sya_date\">  <span class=\"sya_sep\"> <\/span><\/span><a href=\"https:\/\/www.carlosyconchita.net\/rutas\/27-08-2024-bornas-424-425\/\" class=\"sya_postlink post-20109\" rel=\"bookmark\">27-08-2024-Bornas 424-425<\/a> <span class=\"sya_categories\"><span class=\"sya_bracket\">(<\/span>2 - De 5 a 10 km., 2-Moderada, Lleida, Mojones \/ Bornas frontera ES-FR, Tavasc\u00e1n<span class=\"sya_bracket\">)<\/span><\/span><div style=\"padding-left:100px\" class=\"robots-nocontent\"><cite>584\u00a0 bornas (n\u00fameros)\u00a0 localizadas\u00a0 del total de 602 existentes, nos faltan s\u00f3lo 18 703\u00a0 bornas (piedras) localizadas del total de 723 existentes, nos faltan s\u00f3lo 20 &nbsp; (ver recuento de bornas en la p\u00e1gina principal :\u00a0 Bornas pendientes Enlace al album de fotos de las bornas :\u00a0\u00a0\u00a0\u00a0 Fotos bornas &nbsp; Enlace a esta ruta en [&hellip;]<\/cite><\/div><\/div><\/li><li class=\"\"><div class=\"sya_postcontent\"><span class=\"sya_date\">  <span class=\"sya_sep\"> <\/span><\/span><a href=\"https:\/\/www.carlosyconchita.net\/rutas\/16-08-2024-bajada-refugio-certascan\/\" class=\"sya_postlink post-20283\" rel=\"bookmark\">16-08-2024-Bajada refugio Certasc\u00e1n<\/a> <span class=\"sya_categories\"><span class=\"sya_bracket\">(<\/span>1-F\u00e1cil, Mojones \/ Bornas frontera ES-FR<span class=\"sya_bracket\">)<\/span><\/span><div style=\"padding-left:100px\" class=\"robots-nocontent\"><cite>Despu\u00e9s de los dos d\u00edas anteriores, con lluvia y niebla, hoy que tenemos que irnos sale el sol, aunque hay algunos nubarrones en el cielo, pero as\u00ed al menos podemos ver el recorrido que hicimos anteayer cuando sub\u00edamos al refugio, con 2 lagos , el bonito lago Naorte y el peque\u00f1o del Closell, que es [&hellip;]<\/cite><\/div><\/div><\/li><li class=\"\"><div class=\"sya_postcontent\"><span class=\"sya_date\">  <span class=\"sya_sep\"> <\/span><\/span><a href=\"https:\/\/www.carlosyconchita.net\/rutas\/15-08-2024-refugio-de-certascan-a-lago-romedo-dalt\/\" class=\"sya_postlink post-20264\" rel=\"bookmark\">15-08-2024-Refugio de  Certasc\u00e1n a Lago Romedo Dalt<\/a> <span class=\"sya_categories\"><span class=\"sya_bracket\">(<\/span>2 - De 5 a 10 km., 2-Moderada, Huesca, Mojones \/ Bornas frontera ES-FR<span class=\"sya_bracket\">)<\/span><\/span><div style=\"padding-left:100px\" class=\"robots-nocontent\"><cite>Hoy tenemos tambi\u00e9n un mal d\u00eda&#8230; muy nublado y lloviznando un poco, por lo que nos tememos que va a ser dif\u00edcil que podamos llegar\u00a0 a las bornas 424 y 425, pero dado que hab\u00edamos dormido ya en el refugio de Certasc\u00e1n, decidimos empezar a caminar y probar&#8230; Aparte del mal d\u00eda, el paisaje es [&hellip;]<\/cite><\/div><\/div><\/li><li class=\"\"><div class=\"sya_postcontent\"><span class=\"sya_date\">  <span class=\"sya_sep\"> <\/span><\/span><a href=\"https:\/\/www.carlosyconchita.net\/rutas\/14-08-2024-subida-al-refugio-de-certascan\/\" class=\"sya_postlink post-20247\" rel=\"bookmark\">14-08-2024-Subida al Refugio de Certasc\u00e1n<\/a> <span class=\"sya_categories\"><span class=\"sya_bracket\">(<\/span>1 - Hasta 5 km., 2-Moderada, Mojones \/ Bornas frontera ES-FR<span class=\"sya_bracket\">)<\/span><\/span><div style=\"padding-left:100px\" class=\"robots-nocontent\"><cite>Hoy no hemos tenido un buen d\u00eda, ya que desde ayer ha estado lloviendo, pero como hab\u00edamos quedado con Juan, el conductor del taxi 4&#215;4 para que nos acercara al Refugio de Certasc\u00e1n desde Tavasc\u00e1n , y adem\u00e1s ten\u00edamos la esperanza de que ma\u00f1ana hiciera mejor tiempo para intentar llegar a las B-424 y 425, [&hellip;]<\/cite><\/div><\/div><\/li><li class=\"\"><div class=\"sya_postcontent\"><span class=\"sya_date\">  <span class=\"sya_sep\"> <\/span><\/span><a href=\"https:\/\/www.carlosyconchita.net\/rutas\/09-08-2024-borna-320-dia-3-refugio-espuguettes-a-circo-gavarnie\/\" class=\"sya_postlink post-20174\" rel=\"bookmark\">09-08-2024-Borna 320 (d\u00eda 3) : refugio Espuguettes a Circo Gavarnie<\/a> <span class=\"sya_categories\"><span class=\"sya_bracket\">(<\/span>1-F\u00e1cil, 3 - De 10 a 15 km., Mojones \/ Bornas frontera ES-FR<span class=\"sya_bracket\">)<\/span><\/span><div style=\"padding-left:100px\" class=\"robots-nocontent\"><cite>Hoy nos toca descender desde el Refugio de Espuguetes (desde donde ayer llegamos a la borna 320) , y donde hemos dormido 2 noches hasta el camping en Gavarnie, donde hemos dejado el coche, pero antes nos desviaremos por un f\u00e1cil camino para ir hasta la Gran Cascada del circo de Gavarnie, que esta vez [&hellip;]<\/cite><\/div><\/div><\/li><li class=\"\"><div class=\"sya_postcontent\"><span class=\"sya_date\">  <span class=\"sya_sep\"> <\/span><\/span><a href=\"https:\/\/www.carlosyconchita.net\/rutas\/08-08-2024-borna-320\/\" class=\"sya_postlink post-20084\" rel=\"bookmark\">08-08-2024-Borna 320 (d\u00eda 2) : refugio Espuguettes a B-320<\/a> <span class=\"sya_categories\"><span class=\"sya_bracket\">(<\/span>2-Moderada, 3 - De 10 a 15 km., Mojones \/ Bornas frontera ES-FR<span class=\"sya_bracket\">)<\/span><\/span><div style=\"padding-left:100px\" class=\"robots-nocontent\"><cite>582\u00a0 bornas (n\u00fameros)\u00a0 localizadas\u00a0 del total de 602 existentes, nos faltan s\u00f3lo 20 701 bornas (piedras) localizadas del total de 723 existentes, nos faltan s\u00f3lo 22 &nbsp; (ver recuento de bornas en la p\u00e1gina principal :\u00a0 Bornas pendientes Enlace al album de fotos de las bornas :\u00a0\u00a0\u00a0\u00a0 Fotos bornas &nbsp; Hoy a primera hora, como [&hellip;]<\/cite><\/div><\/div><\/li><li class=\"\"><div class=\"sya_postcontent\"><span class=\"sya_date\">  <span class=\"sya_sep\"> <\/span><\/span><a href=\"https:\/\/www.carlosyconchita.net\/rutas\/07-08-2024-borna-320-dia-1-subida-al-refugio-de-espuguetes\/\" class=\"sya_postlink post-20148\" rel=\"bookmark\">07-08-2024-Borna 320 (d\u00eda 1) : subida al Refugio de Espuguetes<\/a> <span class=\"sya_categories\"><span class=\"sya_bracket\">(<\/span>1 - Hasta 5 km., 2-Moderada, Mojones \/ Bornas frontera ES-FR<span class=\"sya_bracket\">)<\/span><\/span><div style=\"padding-left:100px\" class=\"robots-nocontent\"><cite>Desde Gavarnie podemos llegar a la borna 320, pero el recorrido es demasiado largo para hacerlo en un s\u00f3lo d\u00eda, por lo que tenemos que hacer una parada intermedia en el refugio de Espuguetes para poder dormir all\u00ed y al d\u00eda siguiente llegar a la borna y volver al refugio. Nuestro plan completo para ir [&hellip;]<\/cite><\/div><\/div><\/li><li class=\"\"><div class=\"sya_postcontent\"><span class=\"sya_date\">  <span class=\"sya_sep\"> <\/span><\/span><a href=\"https:\/\/www.carlosyconchita.net\/rutas\/06-08-2024-camping-en-gavarnie\/\" class=\"sya_postlink post-20240\" rel=\"bookmark\">06-08-2024-Camping en Gavarnie<\/a> <span class=\"sya_categories\"><span class=\"sya_bracket\">(<\/span>0-Fotos, Mojones \/ Bornas frontera ES-FR<span class=\"sya_bracket\">)<\/span><\/span><div style=\"padding-left:100px\" class=\"robots-nocontent\"><cite>Hoy nos desplazamos hasta Gavarnie, en donde montamos la tienda de campa\u00f1a, ya que ma\u00f1ana tenemos que subir hasta el Refugio de Espuguetes, para poder llegar pasado ma\u00f1ana a la B-320. El camping est\u00e1 situado al inicio del camino que sube hacia la Gran Cascada de Gavarnie, por lo que desde all\u00ed tenemos unas magn\u00edficas [&hellip;]<\/cite><\/div><\/div><\/li><li class=\"\"><div class=\"sya_postcontent\"><span class=\"sya_date\">  <span class=\"sya_sep\"> <\/span><\/span><a href=\"https:\/\/www.carlosyconchita.net\/rutas\/24-07-2024-bornas-273-y-274\/\" class=\"sya_postlink post-20040\" rel=\"bookmark\">24-07-2024-Bornas 273 y 274<\/a> <span class=\"sya_categories\"><span class=\"sya_bracket\">(<\/span>3 - De 10 a 15 km., 3-Dif\u00edcil, Mojones \/ Bornas frontera ES-FR<span class=\"sya_bracket\">)<\/span><\/span><div style=\"padding-left:100px\" class=\"robots-nocontent\"><cite>581\u00a0 bornas (n\u00fameros)\u00a0 localizadas\u00a0 del total de 602 existentes, nos faltan s\u00f3lo 21 700 bornas (piedras) localizadas del total de 723 existentes, nos faltan s\u00f3lo 23 &nbsp; (ver recuento de bornas en la p\u00e1gina principal :\u00a0 Bornas pendientes Enlace al album de fotos de las bornas :\u00a0\u00a0\u00a0\u00a0 Fotos bornas &nbsp; Desde el camping Lauzart , [&hellip;]<\/cite><\/div><\/div><\/li><li class=\"\"><div class=\"sya_postcontent\"><span class=\"sya_date\">  <span class=\"sya_sep\"> <\/span><\/span><a href=\"https:\/\/www.carlosyconchita.net\/rutas\/16-07-2024-ibon-acherito-y-borna-275\/\" class=\"sya_postlink post-20036\" rel=\"bookmark\">16-07-2024-Ib\u00f3n Acherito y borna 275<\/a> <span class=\"sya_categories\"><span class=\"sya_bracket\">(<\/span>2-Moderada, 3 - De 10 a 15 km., Mojones \/ Bornas frontera ES-FR<span class=\"sya_bracket\">)<\/span><\/span><div style=\"padding-left:100px\" class=\"robots-nocontent\"><cite>579\u00a0 bornas localizadas hasta hoy , del total de 602 existentes, nos faltan s\u00f3lo 23 698 bornas (piedras) localizadas\u00a0 del total de 723 existentes, nos faltan s\u00f3lo 25 Ver recuento de bornas en la p\u00e1gina principal :\u00a0 Bornas pendientes Enlace al album de fotos de las bornas :\u00a0\u00a0\u00a0\u00a0 Fotos bornas &nbsp; Hoy hemos dormido en [&hellip;]<\/cite><\/div><\/div><\/li><li class=\"\"><div class=\"sya_postcontent\"><span class=\"sya_date\">  <span class=\"sya_sep\"> <\/span><\/span><a href=\"https:\/\/www.carlosyconchita.net\/rutas\/11-07-2024-maria-elena-y-ainara-nuevas-buscadores-de-bornas-mojones-fronterizos\/\" class=\"sya_postlink post-19980\" rel=\"bookmark\">11-07-2024-Mar\u00eda, Elena y Ainara : nuevas buscadores de bornas\/mojones fronterizos  ?<\/a> <span class=\"sya_categories\"><span class=\"sya_bracket\">(<\/span>Mojones \/ Bornas frontera ES-FR<span class=\"sya_bracket\">)<\/span><\/span><div style=\"padding-left:100px\" class=\"robots-nocontent\"><cite>Hemos empezado nuestra temporada de bornas de este a\u00f1o, con una estancia en el bonito refugio de Arlet, situado al lado del lago del mismo nombre. Ha sido nuestra primera experiencia en refugios, y la verdad es que ha ido muy bien, tanto por la estancia en el mismo, con unas bonitas y modernas instalaciones, [&hellip;]<\/cite><\/div><\/div><\/li><li class=\"\"><div class=\"sya_postcontent\"><span class=\"sya_date\">  <span class=\"sya_sep\"> <\/span><\/span><a href=\"https:\/\/www.carlosyconchita.net\/rutas\/10-07-2024-borna-279\/\" class=\"sya_postlink post-20033\" rel=\"bookmark\">10-07-2024-Borna 279<\/a> <span class=\"sya_categories\"><span class=\"sya_bracket\">(<\/span>2-Moderada, 3 - De 10 a 15 km., Huesca, Mojones \/ Bornas frontera ES-FR<span class=\"sya_bracket\">)<\/span><\/span><div style=\"padding-left:100px\" class=\"robots-nocontent\"><cite>&nbsp; 578 bornas (n\u00fameros) \u00a0 localizadas\u00a0 del total de 602 existentes, nos faltan s\u00f3lo 24 697\u00a0 bornas (piedras) localizadas\u00a0 del total de 723 existentes, nos faltan s\u00f3lo 26 Ver recuento de bornas en la p\u00e1gina principal :\u00a0 Bornas pendientes Enlace al album de fotos de las bornas :\u00a0\u00a0\u00a0\u00a0 Fotos bornas \u00a0 Esta pasada noche ha [&hellip;]<\/cite><\/div><\/div><\/li><li class=\"\"><div class=\"sya_postcontent\"><span class=\"sya_date\">  <span class=\"sya_sep\"> <\/span><\/span><a href=\"https:\/\/www.carlosyconchita.net\/rutas\/09-07-2024-bornas-276-y-277\/\" class=\"sya_postlink post-20025\" rel=\"bookmark\">09-07-2024-Bornas 276 y 277<\/a> <span class=\"sya_categories\"><span class=\"sya_bracket\">(<\/span>2-Moderada, 4 - De 15 a 20 km., Huesca, Mojones \/ Bornas frontera ES-FR<span class=\"sya_bracket\">)<\/span><\/span><div style=\"padding-left:100px\" class=\"robots-nocontent\"><cite>&nbsp; 577 bornas\u00a0 (n\u00fameros)\u00a0 localizadas\u00a0 del total de 602 existentes, nos faltan s\u00f3lo 25 696\u00a0 bornas (piedras) localizadas\u00a0 del total de 723 existentes, nos faltan s\u00f3lo 27 Ver recuento de bornas en la p\u00e1gina principal :\u00a0 Bornas pendientes &nbsp; Enlace al album de fotos de las bornas :\u00a0\u00a0\u00a0\u00a0 Fotos bornas Hoy ha sido nuestra primera [&hellip;]<\/cite><\/div><\/div><\/li><li class=\"\"><div class=\"sya_postcontent\"><span class=\"sya_date\">  <span class=\"sya_sep\"> <\/span><\/span><a href=\"https:\/\/www.carlosyconchita.net\/rutas\/08-07-2024-borna-278-y-refugio-arlet\/\" class=\"sya_postlink post-20010\" rel=\"bookmark\">08-07-2024-Borna 278 y Refugio Arlet<\/a> <span class=\"sya_categories\"><span class=\"sya_bracket\">(<\/span>2 - De 5 a 10 km., 3-Dif\u00edcil, Huesca, Mojones \/ Bornas frontera ES-FR<span class=\"sya_bracket\">)<\/span><\/span><div style=\"padding-left:100px\" class=\"robots-nocontent\"><cite>&nbsp; 575 bornas (n\u00fameros)\u00a0 localizadas\u00a0 del total de 602 existentes, nos faltan s\u00f3lo 27 694\u00a0 bornas (piedras) localizadas\u00a0 del total de 723 existentes, nos faltan s\u00f3lo 29 Ver recuento de bornas en la p\u00e1gina principal :\u00a0 Bornas pendientes Enlace al album de fotos de las bornas :\u00a0\u00a0\u00a0\u00a0 Fotos bornas &nbsp; Para llegar al punto donde [&hellip;]<\/cite><\/div><\/div><\/li><li class=\"\"><div class=\"sya_postcontent\"><span class=\"sya_date\">  <span class=\"sya_sep\"> <\/span><\/span><a href=\"https:\/\/www.carlosyconchita.net\/rutas\/07-07-2024-viaje-a-anso-b-276-a-279\/\" class=\"sya_postlink post-20005\" rel=\"bookmark\">07-07-2024-Viaje a Ans\u00f3 (B-276 a 279)<\/a> <span class=\"sya_categories\"><span class=\"sya_bracket\">(<\/span>0-Fotos, Huesca, Mojones \/ Bornas frontera ES-FR<span class=\"sya_bracket\">)<\/span><\/span><div style=\"padding-left:100px\" class=\"robots-nocontent\"><cite>Hoy nos desplazamos al bonito pueblo de Ans\u00f3, donde dormiremos esta noche, y ma\u00f1ana subiremos al refugio de Arlet, en Francia, muy cerca de la frontera, y en donde dormiremos dos noches, para intentar localizar las bornas o mojones fronterizos 276 a 279. No son dif\u00edciles de encontrar , pero el problema es que tenemos [&hellip;]<\/cite><\/div><\/div><\/li><\/ul> <a id=\"year2023\"><\/a>2023 <span class=\"sya_yearcount\"><span class=\"sya_bracket\">(<\/span>20<span class=\"sya_bracket\">)<\/span><\/span> <ul><li class=\"\"><div class=\"sya_postcontent\"><span class=\"sya_date\">  <span class=\"sya_sep\"> <\/span><\/span><a href=\"https:\/\/www.carlosyconchita.net\/rutas\/29-09-2023-borna-420\/\" class=\"sya_postlink post-18980\" rel=\"bookmark\">29-09-2023-Borna 420<\/a> <span class=\"sya_categories\"><span class=\"sya_bracket\">(<\/span>2-Moderada, 3 - De 10 a 15 km., Mojones \/ Bornas frontera ES-FR, Valle de Ar\u00e1n<span class=\"sya_bracket\">)<\/span><\/span><div style=\"padding-left:100px\" class=\"robots-nocontent\"><cite>574 bornas localizadas hasta hoy , del total de 602 existentes, nos faltan s\u00f3lo 28 Enlace al album de fotos de las bornas :\u00a0\u00a0\u00a0\u00a0 Fotos bornas &nbsp; Hoy volvemos a Montgarri, para hacer la borna 420, situada en el Port d&#8217;Orl\u00e9 o de Orla, y casi seguro cerrar la \u00abtemporada\u00bb de bornas de este a\u00f1o, [&hellip;]<\/cite><\/div><\/div><\/li><li class=\"\"><div class=\"sya_postcontent\"><span class=\"sya_date\">  <span class=\"sya_sep\"> <\/span><\/span><a href=\"https:\/\/www.carlosyconchita.net\/rutas\/28-09-2023-borna-420-bis\/\" class=\"sya_postlink post-18958\" rel=\"bookmark\">28-09-2023-Borna 420 bis<\/a> <span class=\"sya_categories\"><span class=\"sya_bracket\">(<\/span>3-Dif\u00edcil, 4 - De 15 a 20 km., Mojones \/ Bornas frontera ES-FR, Valle de Ar\u00e1n<span class=\"sya_bracket\">)<\/span><\/span><div style=\"padding-left:100px\" class=\"robots-nocontent\"><cite>573 bornas localizadas hasta hoy , del total de 602 existentes, nos faltan s\u00f3lo 29 Enlace al album de fotos de las bornas :\u00a0\u00a0\u00a0\u00a0 Fotos bornas &nbsp; Hoy hemos hecho una larga, cansada , dif\u00edcil para nosotros y calurosa caminata para llegar a la borna o moj\u00f3n fronterizo 420bis, empezando en en Refugio de Montgarri, [&hellip;]<\/cite><\/div><\/div><\/li><li class=\"\"><div class=\"sya_postcontent\"><span class=\"sya_date\">  <span class=\"sya_sep\"> <\/span><\/span><a href=\"https:\/\/www.carlosyconchita.net\/rutas\/14-09-2023-borna-321-port-de-la-canau\/\" class=\"sya_postlink post-18941\" rel=\"bookmark\">14-09-2023-Borna 321 (Port de la Canau)<\/a> <span class=\"sya_categories\"><span class=\"sya_bracket\">(<\/span>2 - De 5 a 10 km., 2-Moderada, Gavarnie, Mojones \/ Bornas frontera ES-FR<span class=\"sya_bracket\">)<\/span><\/span><div style=\"padding-left:100px\" class=\"robots-nocontent\"><cite>573 bornas localizadas hasta hoy , del total de 602 existentes, nos faltan s\u00f3lo 29 Enlace al album de fotos de las bornas :\u00a0\u00a0\u00a0\u00a0 Fotos bornas Hoy hemos subido hasta el Port de la Canau, en donde est\u00e1 la borna o moj\u00f3n fronterizo 321, con un considerable desnivel, ya que en menos de 3 km. [&hellip;]<\/cite><\/div><\/div><\/li><li class=\"\"><div class=\"sya_postcontent\"><span class=\"sya_date\">  <span class=\"sya_sep\"> <\/span><\/span><a href=\"https:\/\/www.carlosyconchita.net\/rutas\/13-09-2023-bornas-318-319\/\" class=\"sya_postlink post-18930\" rel=\"bookmark\">13-09-2023-Bornas 318-319<\/a> <span class=\"sya_categories\"><span class=\"sya_bracket\">(<\/span>1 - Hasta 5 km., 1-F\u00e1cil, Gavarnie, Mojones \/ Bornas frontera ES-FR<span class=\"sya_bracket\">)<\/span><\/span><div style=\"padding-left:100px\" class=\"robots-nocontent\"><cite>572 bornas localizadas hasta hoy , del total de 602 existentes, nos faltan s\u00f3lo 30 Enlace al album de fotos de las bornas :\u00a0\u00a0\u00a0\u00a0 Fotos bornas &nbsp; Hoy hemos hecho una f\u00e1cil excursi\u00f3n para localizar y fotografiar las bornas o mojones 318 y 319, y as\u00ed descansamos un poco, ya que ma\u00f1ana tenemos que hacer [&hellip;]<\/cite><\/div><\/div><\/li><li class=\"\"><div class=\"sya_postcontent\"><span class=\"sya_date\">  <span class=\"sya_sep\"> <\/span><\/span><a href=\"https:\/\/www.carlosyconchita.net\/rutas\/12-09-2023-borna-317-puerto-de-bernatuara\/\" class=\"sya_postlink post-18909\" rel=\"bookmark\">12-09-2023-Borna 317 (Puerto de Bernatuara)<\/a> <span class=\"sya_categories\"><span class=\"sya_bracket\">(<\/span>2 - De 5 a 10 km., 2-Moderada, Gavarnie, Mojones \/ Bornas frontera ES-FR<span class=\"sya_bracket\">)<\/span><\/span><div style=\"padding-left:100px\" class=\"robots-nocontent\"><cite>570 bornas localizadas hasta hoy , del total de 602 existentes, nos faltan s\u00f3lo 32 Enlace al album de fotos de las bornas :\u00a0\u00a0\u00a0\u00a0 Fotos bornas &nbsp; Desde Lourdes donde hemos dormido esta pasada noche nos dirigimos a Gavarnie, y desde all\u00ed seguimos por la carretera D-128 hasta casi al final de la misma, en [&hellip;]<\/cite><\/div><\/div><\/li><li class=\"\"><div class=\"sya_postcontent\"><span class=\"sya_date\">  <span class=\"sya_sep\"> <\/span><\/span><a href=\"https:\/\/www.carlosyconchita.net\/rutas\/10-09-2023-borna-417\/\" class=\"sya_postlink post-18735\" rel=\"bookmark\">10-09-2023-Borna 417<\/a> <span class=\"sya_categories\"><span class=\"sya_bracket\">(<\/span>3 - De 10 a 15 km., 3-Dif\u00edcil, Mojones \/ Bornas frontera ES-FR, Valle de Ar\u00e1n<span class=\"sya_bracket\">)<\/span><\/span><div style=\"padding-left:100px\" class=\"robots-nocontent\"><cite>569 bornas localizadas hasta hoy , del total de 602 existentes, nos faltan s\u00f3lo 33 Enlace al album de fotos de las bornas :\u00a0\u00a0\u00a0\u00a0 Fotos bornas &nbsp; Hoy por fin hemos podido llegar hasta la borna 417, ya que la vez anterior, debido a la lluvia de los d\u00edas anteriores, no pudimos subir por una [&hellip;]<\/cite><\/div><\/div><\/li><li class=\"\"><div class=\"sya_postcontent\"><span class=\"sya_date\">  <span class=\"sya_sep\"> <\/span><\/span><a href=\"https:\/\/www.carlosyconchita.net\/rutas\/05-09-2023-intento-b-330-bis-descenso\/\" class=\"sya_postlink post-19606\" rel=\"bookmark\">05-09-2023-Intento B-330 bis : descenso<\/a> <span class=\"sya_categories\"><span class=\"sya_bracket\">(<\/span>1-F\u00e1cil, 2 - De 5 a 10 km., Huesca, Mojones \/ Bornas frontera ES-FR<span class=\"sya_bracket\">)<\/span><\/span><div style=\"padding-left:100px\" class=\"robots-nocontent\"><cite>Como dec\u00edamos en la publicaci\u00f3n de ayer, debido al fuerte ruido del viento y especialmente al ruido de las vacas con sus cencerros, dormimos muy mal, en especial yo, que pr\u00e1cticamente no pegu\u00e9 ojo en toda la noche, como se suele decir. Por ello, por la ma\u00f1ana , a la hora prevista de levantarnos, yo [&hellip;]<\/cite><\/div><\/div><\/li><li class=\"\"><div class=\"sya_postcontent\"><span class=\"sya_date\">  <span class=\"sya_sep\"> <\/span><\/span><a href=\"https:\/\/www.carlosyconchita.net\/rutas\/04-09-2023-intento-b-330-bis-nuestra-primera-acampada-en-montana\/\" class=\"sya_postlink post-19588\" rel=\"bookmark\">04-09-2023-Intento B-330 bis : nuestra primera acampada en monta\u00f1a<\/a> <span class=\"sya_categories\"><span class=\"sya_bracket\">(<\/span>1-F\u00e1cil, Huesca, Mojones \/ Bornas frontera ES-FR<span class=\"sya_bracket\">)<\/span><\/span><div style=\"padding-left:100px\" class=\"robots-nocontent\"><cite>Esta noche nos hemos \u00abestrenado\u00bb en lo de acampar al aire libre en la monta\u00f1a, ya que posiblemente tendremos que hacerlo alguna otra vez para llegar a las bornas que nos quedan, y aprovechando que nuestro amigo Eef estaba por aqu\u00ed, hemos preferido ir con \u00e9l para estar un poco m\u00e1s tranquilos al ser la [&hellip;]<\/cite><\/div><\/div><\/li><li class=\"\"><div class=\"sya_postcontent\"><span class=\"sya_date\">  <span class=\"sya_sep\"> <\/span><\/span><a href=\"https:\/\/www.carlosyconchita.net\/rutas\/31-08-2023-borna-421-port-daula\/\" class=\"sya_postlink post-18700\" rel=\"bookmark\">31-08-2023-Borna 421 (Port d&#8217;Aul\u00e1)<\/a> <span class=\"sya_categories\"><span class=\"sya_bracket\">(<\/span>1-F\u00e1cil, 2 - De 5 a 10 km., Mojones \/ Bornas frontera ES-FR, Pallars Sobir\u00e1<span class=\"sya_bracket\">)<\/span><\/span><div style=\"padding-left:100px\" class=\"robots-nocontent\"><cite>568 bornas localizadas hasta hoy , del total de 602 existentes, nos faltan s\u00f3lo 34 Enlace al album de fotos de las bornas :\u00a0\u00a0\u00a0\u00a0 Fotos bornas &nbsp; Al igual que ayer, nos dirigimos al parking del Pont de la Perosa, donde dejamos el coche, para empezar a caminar por la ancha pista que empieza all\u00ed, [&hellip;]<\/cite><\/div><\/div><\/li><li class=\"\"><div class=\"sya_postcontent\"><span class=\"sya_date\">  <span class=\"sya_sep\"> <\/span><\/span><a href=\"https:\/\/www.carlosyconchita.net\/rutas\/30-08-2023-bornas-422422-ii-port-de-salau\/\" class=\"sya_postlink post-18688\" rel=\"bookmark\">30-08-2023-Bornas 422+422-II (Port de Salau)<\/a> <span class=\"sya_categories\"><span class=\"sya_bracket\">(<\/span>2-Moderada, 4 - De 15 a 20 km., Mojones \/ Bornas frontera ES-FR, Pallars Sobir\u00e1<span class=\"sya_bracket\">)<\/span><\/span><div style=\"padding-left:100px\" class=\"robots-nocontent\"><cite>567 bornas localizadas hasta hoy , del total de 602 existentes, nos faltan s\u00f3lo 35 Enlace al album de fotos de las bornas :\u00a0\u00a0\u00a0\u00a0 Fotos bornas &nbsp; Desde Esterri d&#8217;Aneu seguimos la carretera C-147 hasta el final en Al\u00f3s de Isil, y all\u00ed contin\u00faa un camino vecinal, en alg\u00fan tramo asfaltado,\u00a0 que siguiendo el Noguera [&hellip;]<\/cite><\/div><\/div><\/li><li class=\"\"><div class=\"sya_postcontent\"><span class=\"sya_date\">  <span class=\"sya_sep\"> <\/span><\/span><a href=\"https:\/\/www.carlosyconchita.net\/rutas\/17-08-2023-borna-331-puerto-de-la-glera\/\" class=\"sya_postlink post-18649\" rel=\"bookmark\">17-08-2023-Borna 331 -Puerto de la Glera<\/a> <span class=\"sya_categories\"><span class=\"sya_bracket\">(<\/span>2 - De 5 a 10 km., 2-Moderada, Huesca, Mojones \/ Bornas frontera ES-FR<span class=\"sya_bracket\">)<\/span><\/span><div style=\"padding-left:100px\" class=\"robots-nocontent\"><cite>566 bornas localizadas hasta hoy , del total de 602 existentes, nos faltan s\u00f3lo 36 Enlace al album de fotos de las bornas :\u00a0\u00a0\u00a0\u00a0 Fotos bornas Hoy continuamos en la zona de Benasque, y nos dirigimos al Puerto de la Glera, en donde est\u00e1 la borna 331. Para ello, con el coche nos dirigimos por [&hellip;]<\/cite><\/div><\/div><\/li><li class=\"\"><div class=\"sya_postcontent\"><span class=\"sya_date\">  <span class=\"sya_sep\"> <\/span><\/span><a href=\"https:\/\/www.carlosyconchita.net\/rutas\/16-08-2023-bornas-332-334-portillon-de-benasque-puerto-de-la-picada\/\" class=\"sya_postlink post-18636\" rel=\"bookmark\">16-08-2023-Bornas 332-334 (Portill\u00f3n de Benasque-Puerto de la Picada)<\/a> <span class=\"sya_categories\"><span class=\"sya_bracket\">(<\/span>2-Moderada, 3 - De 10 a 15 km., Huesca, Mojones \/ Bornas frontera ES-FR<span class=\"sya_bracket\">)<\/span><\/span><div style=\"padding-left:100px\" class=\"robots-nocontent\"><cite>565 bornas localizadas hasta hoy , del total de 602 existentes, nos faltan s\u00f3lo 37 Hoy hemos hecho una bonita excursi\u00f3n , pero bastante larga y durilla por la zona de Benasque, para localizar las bornas 332 a 334. Hemos empezado a caminar un poco antes del parking de la Besurta, a donde en verano [&hellip;]<\/cite><\/div><\/div><\/li><li class=\"\"><div class=\"sya_postcontent\"><span class=\"sya_date\">  <span class=\"sya_sep\"> <\/span><\/span><a href=\"https:\/\/www.carlosyconchita.net\/rutas\/10-08-2023-bornas-418-419\/\" class=\"sya_postlink post-18624\" rel=\"bookmark\">10-08-2023-Bornas 418-419<\/a> <span class=\"sya_categories\"><span class=\"sya_bracket\">(<\/span>2 - De 5 a 10 km., 2-Moderada, Mojones \/ Bornas frontera ES-FR, Valle de Ar\u00e1n<span class=\"sya_bracket\">)<\/span><\/span><div style=\"padding-left:100px\" class=\"robots-nocontent\"><cite>562 bornas localizadas hasta hoy , del total de 602 existentes, nos faltan s\u00f3lo 40 Desde Bagergue , cerca de Vielha, tomamos con el coche un camino de tierra de unos 10 kms. con algunos tramos en bastante mal estado , y dos tramos muy dif\u00edciles, con una fuerte pendiente , con piedras de todos [&hellip;]<\/cite><\/div><\/div><\/li><li class=\"\"><div class=\"sya_postcontent\"><span class=\"sya_date\">  <span class=\"sya_sep\"> <\/span><\/span><a href=\"https:\/\/www.carlosyconchita.net\/rutas\/09-08-2023-bornas-411-414\/\" class=\"sya_postlink post-18610\" rel=\"bookmark\">09-08-2023-Bornas 411-414<\/a> <span class=\"sya_categories\"><span class=\"sya_bracket\">(<\/span>2 - De 5 a 10 km., 2-Moderada, Mojones \/ Bornas frontera ES-FR, Valle de Ar\u00e1n<span class=\"sya_bracket\">)<\/span><\/span><div style=\"padding-left:100px\" class=\"robots-nocontent\"><cite>560 bornas localizadas hasta hoy , del total de 602 existentes, nos faltan s\u00f3lo 42 Hoy volvemos a la zona de Canejan, para llegar hasta las bornas 411 y 412, ya que el pasado d\u00eda\u00a0 01-07-2023-Bornas 413 a 416 (+ intento 417)\u00a0\u00a0 no pudimos hacer , debido a las complicaciones y longitud del recorrido. Desde [&hellip;]<\/cite><\/div><\/div><\/li><li class=\"\"><div class=\"sya_postcontent\"><span class=\"sya_date\">  <span class=\"sya_sep\"> <\/span><\/span><a href=\"https:\/\/www.carlosyconchita.net\/rutas\/05-08-2023-borna-426\/\" class=\"sya_postlink post-18585\" rel=\"bookmark\">05-08-2023-Borna 426<\/a> <span class=\"sya_categories\"><span class=\"sya_bracket\">(<\/span>2 - De 5 a 10 km., 2-Moderada, Lleida, Mojones \/ Bornas frontera ES-FR<span class=\"sya_bracket\">)<\/span><\/span><div style=\"padding-left:100px\" class=\"robots-nocontent\"><cite>558 bornas localizadas hasta hoy , del total de 602 existentes, nos faltan s\u00f3lo 44 Hoy por fin hemos podido llegar hasta la borna 426, ya que ayer lo intentamos, pero la lluvia , viento y niebla hizo que desisti\u00e9ramos cuando llev\u00e1bamos m\u00e1s o menos la mitad del recorrido. Ayer empezamos a caminar en el [&hellip;]<\/cite><\/div><\/div><\/li><li class=\"\"><div class=\"sya_postcontent\"><span class=\"sya_date\">  <span class=\"sya_sep\"> <\/span><\/span><a href=\"https:\/\/www.carlosyconchita.net\/rutas\/26-07-2023-borna-311-petit-train-de-artouste\/\" class=\"sya_postlink post-18526\" rel=\"bookmark\">26-07-2023-Borna 311 &#8211; Petit train de Artouste<\/a> <span class=\"sya_categories\"><span class=\"sya_bracket\">(<\/span>2 - De 5 a 10 km., 2-Moderada, Huesca, Mojones \/ Bornas frontera ES-FR<span class=\"sya_bracket\">)<\/span><\/span><div style=\"padding-left:100px\" class=\"robots-nocontent\"><cite>557 bornas localizadas hasta hoy , del total de 602 existentes, nos faltan s\u00f3lo 45 Hoy hemos hecho una magn\u00edfica excursi\u00f3n para llegar hasta la borna 311, pasando por los lagos de Artouste y Arrious, con unos paisajes espl\u00e9ndidos. El punto de inicio lo tenemos en el Petit Train de Artouste,\u00a0 en la poblaci\u00f3n de [&hellip;]<\/cite><\/div><\/div><\/li><li class=\"\"><div class=\"sya_postcontent\"><span class=\"sya_date\">  <span class=\"sya_sep\"> <\/span><\/span><a href=\"https:\/\/www.carlosyconchita.net\/rutas\/16-07-2023-coll-marcet-bornas-496-501\/\" class=\"sya_postlink post-19534\" rel=\"bookmark\">16-07-2023-Puig de les Forques y Coll Marcer &#8211; bornas 496-501<\/a> <span class=\"sya_categories\"><span class=\"sya_bracket\">(<\/span>2-Moderada, 3 - De 10 a 15 km., Mojones \/ Bornas frontera ES-FR<span class=\"sya_bracket\">)<\/span><\/span><div style=\"padding-left:100px\" class=\"robots-nocontent\"><cite>Hoy hacemos una excursi\u00f3n un tanto improvisada, simplemente para\u00a0 estirar un poco las piernas , para llegar al Puig de les Forques y al Coll Marcer y de paso dar un repaso a las bornas 496\u00a0 a la 501, que ya ten\u00edamos vistas desde hace tiempo. &nbsp; Distancia total :\u00a0\u00a0\u00a0 13.350 \u00a0 m.\u00a0\u00a0\u00a0\u00a0\u00a0\u00a0\u00a0\u00a0\u00a0\u00a0\u00a0\u00a0\u00a0\u00a0\u00a0\u00a0\u00a0\u00a0\u00a0\u00a0\u00a0 Alturas m\u00edn\/m\u00e1x. [&hellip;]<\/cite><\/div><\/div><\/li><li class=\"\"><div class=\"sya_postcontent\"><span class=\"sya_date\">  <span class=\"sya_sep\"> <\/span><\/span><a href=\"https:\/\/www.carlosyconchita.net\/rutas\/12-07-2023-borna-423-y-lago-mariola\/\" class=\"sya_postlink post-18509\" rel=\"bookmark\">12-07-2023-Borna 423 y lago Mariola<\/a> <span class=\"sya_categories\"><span class=\"sya_bracket\">(<\/span>Mojones \/ Bornas frontera ES-FR<span class=\"sya_bracket\">)<\/span><\/span><div style=\"padding-left:100px\" class=\"robots-nocontent\"><cite>556 bornas localizadas hasta hoy , del total de 602 existentes, nos faltan s\u00f3lo 46 Hoy hemos hecho una bonita excursi\u00f3n por la zona de Tavasc\u00e1n,\u00a0 concretamente al Port de Tavasc\u00e1n, en donde est\u00e1 la borna 423, y a la vuelta, hemos cogido el desv\u00edo hasta el Lago de Mariola, que est\u00e1 a s\u00f3lo 1.5 [&hellip;]<\/cite><\/div><\/div><\/li><li class=\"\"><div class=\"sya_postcontent\"><span class=\"sya_date\">  <span class=\"sya_sep\"> <\/span><\/span><a href=\"https:\/\/www.carlosyconchita.net\/rutas\/01-07-2023-bornas-413-a-416\/\" class=\"sya_postlink post-18487\" rel=\"bookmark\">01-07-2023-Bornas 413 a 416 (+ intento 417)<\/a> <span class=\"sya_categories\"><span class=\"sya_bracket\">(<\/span>3 - De 10 a 15 km., 3-Dif\u00edcil, Mojones \/ Bornas frontera ES-FR, Valle de Ar\u00e1n<span class=\"sya_bracket\">)<\/span><\/span><div style=\"padding-left:100px\" class=\"robots-nocontent\"><cite>555 bornas localizadas hasta hoy , del total de 602 existentes, nos faltan s\u00f3lo 47 Hoy por fin hemos podido iniciar nuestra temporada de bornas o mojones fronterizos por el Pirineo, porque las semanas anteriores, debido a las tormentas y nuevas nevadas, no hab\u00edamos podido hacerlo, ya que por ejemplo , en el refugio de [&hellip;]<\/cite><\/div><\/div><\/li><li class=\"\"><div class=\"sya_postcontent\"><span class=\"sya_date\">  <span class=\"sya_sep\"> <\/span><\/span><a href=\"https:\/\/www.carlosyconchita.net\/rutas\/16-04-2023-bornas-559-y-600-eef-y-emma\/\" class=\"sya_postlink post-19507\" rel=\"bookmark\">16-04-2023-Bornas 559 y 600 (Eef y Emma)<\/a> <span class=\"sya_categories\"><span class=\"sya_bracket\">(<\/span>0-Muy f\u00e1cil, 1 - Hasta 5 km., Mojones \/ Bornas frontera ES-FR<span class=\"sya_bracket\">)<\/span><\/span><div style=\"padding-left:100px\" class=\"robots-nocontent\"><cite>Estos d\u00edas nuestro amigo Eef est\u00e1 haciendo una de sus \u00ab\u00faltimas\u00bb excursiones de bornas por el Pirineo, en concreto lleva 3 d\u00edas de camino desde la borna 559 hasta la 600,\u00a0 y hab\u00edamos quedado con \u00e9l en encontrarnos en el Coll de Belitres, en donde est\u00e1 la B-600, y aprovechando que est\u00e1 con nosotros nuestra [&hellip;]<\/cite><\/div><\/div><\/li><\/ul> <a id=\"year2022\"><\/a>2022 <span class=\"sya_yearcount\"><span class=\"sya_bracket\">(<\/span>20<span class=\"sya_bracket\">)<\/span><\/span> <ul><li class=\"\"><div class=\"sya_postcontent\"><span class=\"sya_date\">  <span class=\"sya_sep\"> <\/span><\/span><a href=\"https:\/\/www.carlosyconchita.net\/rutas\/30-10-2022-borna-308-pico-de-arnousse\/\" class=\"sya_postlink post-18189\" rel=\"bookmark\">30-10-2022-Borna 308 (Pico de Arnousse)<\/a> <span class=\"sya_categories\"><span class=\"sya_bracket\">(<\/span>1 - Hasta 5 km., 1-F\u00e1cil, 100 Cims Carlos y Conchita, Canfranc, Mojones \/ Bornas frontera ES-FR<span class=\"sya_bracket\">)<\/span><\/span><div style=\"padding-left:100px\" class=\"robots-nocontent\"><cite>Con esta corta pero algo dura caminata por el considerable desnivel en tan poco recorrido, terminamosla temporada de bornas de este a\u00f1o, habiendo conseguido llegar a las 552, con lo que s\u00f3lo nos quedan 50 por localizar.<\/cite><\/div><\/div><\/li><li class=\"\"><div class=\"sya_postcontent\"><span class=\"sya_date\">  <span class=\"sya_sep\"> <\/span><\/span><a href=\"https:\/\/www.carlosyconchita.net\/rutas\/29-10-2022-plateau-de-sanchese-intento-b-272\/\" class=\"sya_postlink post-18178\" rel=\"bookmark\">29-10-2022-Plateau de Sanch\u00e8se (intento B-272)<\/a> <span class=\"sya_categories\"><span class=\"sya_bracket\">(<\/span>2 - De 5 a 10 km., 3-Dif\u00edcil, Canfranc, Mojones \/ Bornas frontera ES-FR<span class=\"sya_bracket\">)<\/span><\/span><div style=\"padding-left:100px\" class=\"robots-nocontent\"><cite>Hoy no hemos conseguido llegar a la borna 272, debido a que nos hemos cansado m\u00e1s de la cuenta y teniendo en cuenta lo que faltaba y las pocas horas de sol de finales de octubre, decidimos volver atr\u00e1s.<\/cite><\/div><\/div><\/li><li class=\"\"><div class=\"sya_postcontent\"><span class=\"sya_date\">  <span class=\"sya_sep\"> <\/span><\/span><a href=\"https:\/\/www.carlosyconchita.net\/rutas\/22-09-2022-bornas-386-394\/\" class=\"sya_postlink post-18018\" rel=\"bookmark\">22-09-2022-Bornas 386-394<\/a> <span class=\"sya_categories\"><span class=\"sya_bracket\">(<\/span>100 Cims Carlos y Conchita, 2-Moderada, 4 - De 15 a 20 km., Mojones \/ Bornas frontera ES-FR, Valle de Ar\u00e1n<span class=\"sya_bracket\">)<\/span><\/span><div style=\"padding-left:100px\" class=\"robots-nocontent\"><cite>551 bornas localizadas hasta hoy , del total de 602 existentes, nos faltan s\u00f3lo 51. Hoy hemos vuelto a la zona de nuestra vieja conocida, la caba\u00f1a de Peyrehitte, cerca del peque\u00f1o pueblo de Artigue, para hacer el \u00faltimo tramo que nos quedaba de la frontera en esta zona. Anteriormente, el pasado mes de julio [&hellip;]<\/cite><\/div><\/div><\/li><li class=\"\"><div class=\"sya_postcontent\"><span class=\"sya_date\">  <span class=\"sya_sep\"> <\/span><\/span><a href=\"https:\/\/www.carlosyconchita.net\/rutas\/04-09-2022-eef-berns-campeon-del-mundo-por-duplicado\/\" class=\"sya_postlink post-17952\" rel=\"bookmark\">04-09-2022-Eef  Berns, campe\u00f3n del mundo por duplicado !<\/a> <span class=\"sya_categories\"><span class=\"sya_bracket\">(<\/span>Mojones \/ Bornas frontera ES-FR<span class=\"sya_bracket\">)<\/span><\/span><div style=\"padding-left:100px\" class=\"robots-nocontent\"><cite>&nbsp; &nbsp; Nuestro amigo Eef\u00a0 ha conseguido llegar por segunda vez a la borna 602,\u00a0 esta vez nadando\u00a0 ! En este enlace podeis ver la publicaci\u00f3n de esta aventura en su blog :\u00a0\u00a0 http:\/\/blog.grpdesbf.nl\/?p=1110 &nbsp; Recordamos que esta borna, la \u00faltima por n\u00famero, est\u00e1 situada en la Cova Foradada, situada en la Punta del Ocell, [&hellip;]<\/cite><\/div><\/div><\/li><li class=\"\"><div class=\"sya_postcontent\"><span class=\"sya_date\">  <span class=\"sya_sep\"> <\/span><\/span><a href=\"https:\/\/www.carlosyconchita.net\/rutas\/27-08-2022-borna-236-pico-de-ory\/\" class=\"sya_postlink post-18093\" rel=\"bookmark\">27-08-2022-Borna 236- Pico de Ory<\/a> <span class=\"sya_categories\"><span class=\"sya_bracket\">(<\/span>1 - Hasta 5 km., 1-F\u00e1cil, 100 Cims Carlos y Conchita, Mojones \/ Bornas frontera ES-FR, Navarra<span class=\"sya_bracket\">)<\/span><\/span><div style=\"padding-left:100px\" class=\"robots-nocontent\"><cite>Hoy por fin hemos podido subir al Pico de Ory, en donde se supone que estaba la borna 236, en un magn\u00edfico d\u00eda de sol y buen tiempo.\r\nEn ocasiones anteriores no pudimos ni siquiera intentarlo, por la niebla o por una fuerte nevada.<\/cite><\/div><\/div><\/li><li class=\"\"><div class=\"sya_postcontent\"><span class=\"sya_date\">  <span class=\"sya_sep\"> <\/span><\/span><a href=\"https:\/\/www.carlosyconchita.net\/rutas\/26-08-2022-bornas-267-268-269\/\" class=\"sya_postlink post-18090\" rel=\"bookmark\">26-08-2022-Bornas 267-268-269<\/a> <span class=\"sya_categories\"><span class=\"sya_bracket\">(<\/span>2 - De 5 a 10 km., 2-Moderada, Mojones \/ Bornas frontera ES-FR, Navarra<span class=\"sya_bracket\">)<\/span><\/span><div style=\"padding-left:100px\" class=\"robots-nocontent\"><cite>A pesar del mal tiempo que hac\u00eda cuando hemos empezado a caminar, ya que estaba lloviendo, hemos podido localizar las 3 bornas que nos quedaban en esta zona, y que debido a la niebla y falta de tiempo no pudimos hacer el d\u00eda\u00a0 05-09-2020<\/cite><\/div><\/div><\/li><li class=\"\"><div class=\"sya_postcontent\"><span class=\"sya_date\">  <span class=\"sya_sep\"> <\/span><\/span><a href=\"https:\/\/www.carlosyconchita.net\/rutas\/24-08-2022-borna-271\/\" class=\"sya_postlink post-18086\" rel=\"bookmark\">24-08-2022-Borna 271<\/a> <span class=\"sya_categories\"><span class=\"sya_bracket\">(<\/span>100 Cims Carlos y Conchita, 3 - De 10 a 15 km., 3-Dif\u00edcil, Mojones \/ Bornas frontera ES-FR, Navarra<span class=\"sya_bracket\">)<\/span><\/span><div style=\"padding-left:100px\" class=\"robots-nocontent\"><cite>A la segunda va la vencida, y hoy s\u00ed que hemos conseguido llegar a la B-271, con un largo y cansado recorrido, en especial la vuelta, por el fuerte calor y las varias subidas y bajadas para cruzar varios barrancos.<\/cite><\/div><\/div><\/li><li class=\"\"><div class=\"sya_postcontent\"><span class=\"sya_date\">  <span class=\"sya_sep\"> <\/span><\/span><a href=\"https:\/\/www.carlosyconchita.net\/rutas\/13-08-2022-borna-602\/\" class=\"sya_postlink post-17872\" rel=\"bookmark\">13-08-2022-Borna 602<\/a> <span class=\"sya_categories\"><span class=\"sya_bracket\">(<\/span>1-F\u00e1cil, Girona, Mojones \/ Bornas frontera ES-FR<span class=\"sya_bracket\">)<\/span><\/span><div style=\"padding-left:100px\" class=\"robots-nocontent\"><cite>537 bornas localizadas hasta hoy , del total de 602 existentes, nos faltan s\u00f3lo 65. Hoy por fin hemos conseguido organizarlo todo para llegar a la borna 602, la \u00faltima que nos quedaba en la zona de los Pirineos Orientales, desde la 427 situada en la Portella Blanca (frontera entre Espa\u00f1a, Francia y Andorra), y [&hellip;]<\/cite><\/div><\/div><\/li><li class=\"\"><div class=\"sya_postcontent\"><span class=\"sya_date\">  <span class=\"sya_sep\"> <\/span><\/span><a href=\"https:\/\/www.carlosyconchita.net\/rutas\/23-07-2022-bornas-395-406\/\" class=\"sya_postlink post-17924\" rel=\"bookmark\">23-07-2022-Bornas 395-406<\/a> <span class=\"sya_categories\"><span class=\"sya_bracket\">(<\/span>100 Cims Carlos y Conchita, 2-Moderada, 3 - De 10 a 15 km., Mojones \/ Bornas frontera ES-FR, Valle de Ar\u00e1n<span class=\"sya_bracket\">)<\/span><\/span><div style=\"padding-left:100px\" class=\"robots-nocontent\"><cite>Larga y bonita caminata desde la Caba\u00f1a de Peyrehitte por la cresta fronteriza, para localizar las bornas 395 a la 406, con bastantes subidas y bajadas a varios picos, que al final suman un considerable desnivel.<\/cite><\/div><\/div><\/li><li class=\"\"><div class=\"sya_postcontent\"><span class=\"sya_date\">  <span class=\"sya_sep\"> <\/span><\/span><a href=\"https:\/\/www.carlosyconchita.net\/rutas\/21-07-2022-bornas-335-340\/\" class=\"sya_postlink post-17919\" rel=\"bookmark\">21-07-2022-Bornas 335-340 CI<\/a> <span class=\"sya_categories\"><span class=\"sya_bracket\">(<\/span>100 Cims Carlos y Conchita, 2-Moderada, 3 - De 10 a 15 km., Canfranc, Mojones \/ Bornas frontera ES-FR<span class=\"sya_bracket\">)<\/span><\/span><div style=\"padding-left:100px\" class=\"robots-nocontent\"><cite>Bonita y calurosa excursi\u00f3n con inicio en el Hospice de France, para localizar las bornas o mojones desde los n\u00fameros 334-CI (cruz intermedia), hasta la 340,  y tambi\u00e9n hacer varios picos o Tucs que nos encontramos en el recorrido.<\/cite><\/div><\/div><\/li><li class=\"\"><div class=\"sya_postcontent\"><span class=\"sya_date\">  <span class=\"sya_sep\"> <\/span><\/span><a href=\"https:\/\/www.carlosyconchita.net\/rutas\/25-06-2022-bornas-281-285-286\/\" class=\"sya_postlink post-18000\" rel=\"bookmark\">25-06-2022-Bornas 281-285-286<\/a> <span class=\"sya_categories\"><span class=\"sya_bracket\">(<\/span>2-Moderada, 3 - De 10 a 15 km., Canfranc, Mojones \/ Bornas frontera ES-FR<span class=\"sya_bracket\">)<\/span><\/span><div style=\"padding-left:100px\" class=\"robots-nocontent\"><cite>Volvemos a la zona del Ib\u00f3n de Estan\u00e9s, para localizar 3 bornas que no pudimos localizar el pasado a\u00f1o.\r\nCon esta publicaci\u00f3n, a\u00f1adimos \u00a0 3\u00a0 bornas\u00a0 m\u00e1s a nuestra lista :\u00a0 total 518 de las 602 existentes.<\/cite><\/div><\/div><\/li><li class=\"\"><div class=\"sya_postcontent\"><span class=\"sya_date\">  <span class=\"sya_sep\"> <\/span><\/span><a href=\"https:\/\/www.carlosyconchita.net\/rutas\/22-06-2022-borna-280\/\" class=\"sya_postlink post-17972\" rel=\"bookmark\">22-06-2022-Borna 280<\/a> <span class=\"sya_categories\"><span class=\"sya_bracket\">(<\/span>1 - Hasta 5 km., 1-F\u00e1cil, Canfranc, Mojones \/ Bornas frontera ES-FR<span class=\"sya_bracket\">)<\/span><\/span><div style=\"padding-left:100px\" class=\"robots-nocontent\"><cite>Con esta publicaci\u00f3n, a\u00f1adimos\u00a0 1\u00a0 borna\u00a0 m\u00e1s a nuestra lista :\u00a0 total 515 de las 602 existentes. Como hemos hecho en otras ocasiones, aprovechamos la tarde del d\u00eda que nos desplazamos a nuestra \u00abbase de operaciones\u00bb,\u00a0 en este caso, Canfranc, para hacer alguna borna que nos quede cerca. As\u00ed que nos dirigimos al Parking de [&hellip;]<\/cite><\/div><\/div><\/li><li class=\"\"><div class=\"sya_postcontent\"><span class=\"sya_date\">  <span class=\"sya_sep\"> <\/span><\/span><a href=\"https:\/\/www.carlosyconchita.net\/rutas\/28-05-2022-bornas-251-255\/\" class=\"sya_postlink post-17823\" rel=\"bookmark\">28-05-2022-Bornas 251-255<\/a> <span class=\"sya_categories\"><span class=\"sya_bracket\">(<\/span>2-Moderada, 3 - De 10 a 15 km., Mojones \/ Bornas frontera ES-FR<span class=\"sya_bracket\">)<\/span><\/span><div style=\"padding-left:100px\" class=\"robots-nocontent\"><cite>Hoy por fin hemos tenido un d\u00eda normal, o sea con sol,  y que nos ha permitido hacer la ruta prevista para localizar las bornas 251 a 255, y no como los dos d\u00edas anteriores con niebla, viento , etc. en la bonita zona de Belagua.\r\nCon esta publicaci\u00f3n, a\u00f1adimos  5  bornas m\u00e1s a nuestra lista :  total 514 de las 602 existentes.<\/cite><\/div><\/div><\/li><li class=\"\"><div class=\"sya_postcontent\"><span class=\"sya_date\">  <span class=\"sya_sep\"> <\/span><\/span><a href=\"https:\/\/www.carlosyconchita.net\/rutas\/27-05-2022-borna-248-pico-txardekagaina\/\" class=\"sya_postlink post-17810\" rel=\"bookmark\">27-05-2022-Borna 248 (Pico Txardekagaina)<\/a> <span class=\"sya_categories\"><span class=\"sya_bracket\">(<\/span>1 - Hasta 5 km., 100 Cims Carlos y Conchita, 2-Moderada, Mojones \/ Bornas frontera ES-FR, Navarra<span class=\"sya_bracket\">)<\/span><\/span><div style=\"padding-left:100px\" class=\"robots-nocontent\"><cite>A pesar de la espesa niebla y de no conocer bien el recorrido que ten\u00edamos que hacer, nos hemos arriesgado a subir al Pico de Txardekagaina, en donde hemos localizado la B-248.\r\nAfortunadamente, a ratos se ha despejado y hemos podido hacer varias fotos aceptables.<\/cite><\/div><\/div><\/li><li class=\"\"><div class=\"sya_postcontent\"><span class=\"sya_date\">  <span class=\"sya_sep\"> <\/span><\/span><a href=\"https:\/\/www.carlosyconchita.net\/rutas\/26-05-2022-bornas-247-246-245\/\" class=\"sya_postlink post-17791\" rel=\"bookmark\">26-05-2022-Bornas 247-246-245 (Pico de Otxorrigaina )<\/a> <span class=\"sya_categories\"><span class=\"sya_bracket\">(<\/span>100 Cims Carlos y Conchita, 2 - De 5 a 10 km., 2-Moderada, Mojones \/ Bornas frontera ES-FR, Navarra<span class=\"sya_bracket\">)<\/span><\/span><div style=\"padding-left:100px\" class=\"robots-nocontent\"><cite>Hoy hemos tenido un d\u00eda infernal, en el que aparte de la humedad y niebla que no nos dejaba ver nada, ha hecho mucho viento, muy fuerte y fr\u00edo, y que como se puede ver en las fotos, nos ha obligado a taparnos casi como en invierno.\r\nHemos localizado una nueva borna, la 246 (Pico de Otxorrigaina)  , y hemos repetido las 247 y 245, siguiendo el GPS , ya que no se ve\u00eda pr\u00e1cticamente nada.<\/cite><\/div><\/div><\/li><li class=\"\"><div class=\"sya_postcontent\"><span class=\"sya_date\">  <span class=\"sya_sep\"> <\/span><\/span><a href=\"https:\/\/www.carlosyconchita.net\/rutas\/17-04-2022-bornas-145148pico-iturrumburru\/\" class=\"sya_postlink post-17769\" rel=\"bookmark\">17-04-2022-Bornas 145+148+Pico Iturrumburru<\/a> <span class=\"sya_categories\"><span class=\"sya_bracket\">(<\/span>1-F\u00e1cil, 100 Cims Carlos y Conchita, Mojones \/ Bornas frontera ES-FR, Navarra<span class=\"sya_bracket\">)<\/span><\/span><div style=\"padding-left:100px\" class=\"robots-nocontent\"><cite>Desde el Col de Sorogain, por donde hemos pasado muchas veces en los \u00faltimos a\u00f1os, subimos al Pico de Iturrumburru.\r\nDe paso , volvemos a visitar la B-145 y despu\u00e9s la B-148<\/cite><\/div><\/div><\/li><li class=\"\"><div class=\"sya_postcontent\"><span class=\"sya_date\">  <span class=\"sya_sep\"> <\/span><\/span><a href=\"https:\/\/www.carlosyconchita.net\/rutas\/16-04-2022-bornas-100-104pico-arrigorri\/\" class=\"sya_postlink post-17759\" rel=\"bookmark\">16-04-2022-Bornas 100-104+Pico Arrigorri<\/a> <span class=\"sya_categories\"><span class=\"sya_bracket\">(<\/span>1-F\u00e1cil, 100 Cims Carlos y Conchita, Mojones \/ Bornas frontera ES-FR, Navarra<span class=\"sya_bracket\">)<\/span><\/span><div style=\"padding-left:100px\" class=\"robots-nocontent\"><cite>Bonita excursi\u00f3n y paisajes para repetir las bornas 100 a 104, subiendo adem\u00e1s al Pico de Arrigorri.  Podemos comprobar que la B-101 ha sido cortada, y que la B-100 ha sido cortada y adem\u00e1s se la han llevado.\r\nDe esta forma, hemos unido las rutas realizadas desde la B-91 a la B-103, con la ruta desde la B-104 a la B-116.<\/cite><\/div><\/div><\/li><li class=\"\"><div class=\"sya_postcontent\"><span class=\"sya_date\">  <span class=\"sya_sep\"> <\/span><\/span><a href=\"https:\/\/www.carlosyconchita.net\/rutas\/15-04-2022-bornas-215217-219-cueva-de-harpea\/\" class=\"sya_postlink post-17738\" rel=\"bookmark\">15-04-2022- Bornas 215+217-219 (Cueva de Harpea)<\/a> <span class=\"sya_categories\"><span class=\"sya_bracket\">(<\/span>1 - Hasta 5 km., 2-Moderada, Mojones \/ Bornas frontera ES-FR, Navarra<span class=\"sya_bracket\">)<\/span><\/span><div style=\"padding-left:100px\" class=\"robots-nocontent\"><cite>Con esta publicaci\u00f3n, a\u00f1adimos\u00a0 4\u00a0 bornas m\u00e1s a nuestra lista :\u00a0 total 507 de las 602 existentes. Por la zona geogr\u00e1fica la asignamos a Navarra, al igual que las otras rutas que hacemos estos pr\u00f3ximos d\u00edas, aunque hemos dormido en Francia, ya que el acceso a las bornas que tenemos que hacer estos d\u00edas es [&hellip;]<\/cite><\/div><\/div><\/li><li class=\"\"><div class=\"sya_postcontent\"><span class=\"sya_date\">  <span class=\"sya_sep\"> <\/span><\/span><a href=\"https:\/\/www.carlosyconchita.net\/rutas\/14-04-2022-borna-143-puerto-larrau\/\" class=\"sya_postlink post-17717\" rel=\"bookmark\">14-04-2022-Borna 143  (+ Puerto Larrau)<\/a> <span class=\"sya_categories\"><span class=\"sya_bracket\">(<\/span>1 - Hasta 5 km., 2-Moderada, Mojones \/ Bornas frontera ES-FR, Navarra<span class=\"sya_bracket\">)<\/span><\/span><div style=\"padding-left:100px\" class=\"robots-nocontent\"><cite>Corto pero complicado descenso desde la peque\u00f1a carretera donde dejamos el coche, para llegar al fondo del barranco donde est\u00e1 la B-143, en un terreno con mucha pendiente, mojado y con arboles ca\u00eddos.\r\nEsta borna est\u00e1 partida en dos piezas, una todav\u00eda se mantiene vertical, y la otra tumbada en el suelo.\r\nPara llegar hasta la B-143, hemos descendido unos 190 m. en s\u00f3lo 500 m. de recorrido.<\/cite><\/div><\/div><\/li><li class=\"\"><div class=\"sya_postcontent\"><span class=\"sya_date\">  <span class=\"sya_sep\"> <\/span><\/span><a href=\"https:\/\/www.carlosyconchita.net\/rutas\/13-04-2022-borna-180-viaje-a-navarra\/\" class=\"sya_postlink post-17704\" rel=\"bookmark\">13-04-2022- Borna 180 (+ viaje a Navarra)<\/a> <span class=\"sya_categories\"><span class=\"sya_bracket\">(<\/span>1-F\u00e1cil, 2-Moderada, Mojones \/ Bornas frontera ES-FR, Navarra<span class=\"sya_bracket\">)<\/span><\/span><div style=\"padding-left:100px\" class=\"robots-nocontent\"><cite>Peque\u00f1a caminata para llegar a la B-180 la tarde del d\u00eda de llegada a Navarra, en compa\u00f1\u00eda de Eef que nos indica el camino para llegar a ella,\r\nEl verano pasado no pudimos llegar a ella desde la B-181 debido a la espesa y alta vegetaci\u00f3n.<\/cite><\/div><\/div><\/li><\/ul> <a id=\"year2021\"><\/a>2021 <span class=\"sya_yearcount\"><span class=\"sya_bracket\">(<\/span>46<span class=\"sya_bracket\">)<\/span><\/span> <ul><li class=\"\"><div class=\"sya_postcontent\"><span class=\"sya_date\">  <span class=\"sya_sep\"> <\/span><\/span><a href=\"https:\/\/www.carlosyconchita.net\/rutas\/23-10-2021-puig-dorria-y-bornas-504-506\/\" class=\"sya_postlink post-17065\" rel=\"bookmark\">23-10-2021-Puig Dorria y bornas 504-506<\/a> <span class=\"sya_categories\"><span class=\"sya_bracket\">(<\/span>1-F\u00e1cil, 100 Cims Carlos y Conchita, 3 - De 10 a 15 km., Mojones \/ Bornas frontera ES-FR, Saillagosa<span class=\"sya_bracket\">)<\/span><\/span><div style=\"padding-left:100px\" class=\"robots-nocontent\"><cite>Hoy repetimos una excursi\u00f3n realizada el d\u00eda\u00a0 10-06-2016 \u2013 Puig de Dorria (y Borna 506),\u00a0 ya que en aquella ocasi\u00f3n cuando llegamos al Puig Dorria, empez\u00f3 a subir la niebla desde la zona de la Collada de Tosas, y nos quedamos sin ver el paisaje.<\/cite><\/div><\/div><\/li><li class=\"\"><div class=\"sya_postcontent\"><span class=\"sya_date\">  <span class=\"sya_sep\"> <\/span><\/span><a href=\"https:\/\/www.carlosyconchita.net\/rutas\/10-10-2021-bornas-306-y-307\/\" class=\"sya_postlink post-17018\" rel=\"bookmark\">10-10-2021-Bornas 306 y 307<\/a> <span class=\"sya_categories\"><span class=\"sya_bracket\">(<\/span>0-Muy f\u00e1cil, 1 - Hasta 5 km., Huesca, Mojones \/ Bornas frontera ES-FR<span class=\"sya_bracket\">)<\/span><\/span><div style=\"padding-left:100px\" class=\"robots-nocontent\"><cite>Despu\u00e9s de la bonita excursi\u00f3n de esta ma\u00f1ana a la borna 309 y los Ibones de Escalar y de las Truchas, por la tarde nos vamos al cercano Puerto de Somport, para hacer una peque\u00f1a caminata y localizar las bornas 306 y 307, con lo que llegamos a las 501 bornas localizadas, y siendo la 306 la que ha ganado el premio de la n\u00famero 500.<\/cite><\/div><\/div><\/li><li class=\"\"><div class=\"sya_postcontent\"><span class=\"sya_date\">  <span class=\"sya_sep\"> <\/span><\/span><a href=\"https:\/\/www.carlosyconchita.net\/rutas\/10-10-2021-hemos-llegado-a-500-bornas-fotografiadas\/\" class=\"sya_postlink post-16932\" rel=\"bookmark\">10-10-2021-Hemos llegado a 500 bornas fotografiadas !<\/a> <span class=\"sya_categories\"><span class=\"sya_bracket\">(<\/span>Mojones \/ Bornas frontera ES-FR<span class=\"sya_bracket\">)<\/span><\/span><div style=\"padding-left:100px\" class=\"robots-nocontent\"><cite>Con las bornas localizadas estos d\u00edas de escapada a la zona de Canfrach y las caminatas por los alrededores de Candanch\u00fa , Somport y Ast\u00fan, hemos llegado a las 501 bornas fotografiadas de las 602 existentes. Y tenemos que hacer menci\u00f3n especial a la borna 306, localizada esta tarde, y que hace el n\u00famero 500. [&hellip;]<\/cite><\/div><\/div><\/li><li class=\"\"><div class=\"sya_postcontent\"><span class=\"sya_date\">  <span class=\"sya_sep\"> <\/span><\/span><a href=\"https:\/\/www.carlosyconchita.net\/rutas\/10-10-2021-borna-309ibones-escalar-y-de-las-truchas\/\" class=\"sya_postlink post-17001\" rel=\"bookmark\">10-10-2021-Borna 309, Ibones Escalar y de las Truchas<\/a> <span class=\"sya_categories\"><span class=\"sya_bracket\">(<\/span>1-F\u00e1cil, 2 - De 5 a 10 km., Huesca, Mojones \/ Bornas frontera ES-FR<span class=\"sya_bracket\">)<\/span><\/span><div style=\"padding-left:100px\" class=\"robots-nocontent\"><cite>Bonita excursi\u00f3n por la zona de Ast\u00fan, para localizar la B-309 con lo que llegamos a las 499 bornas y de paso ver  los ibones de Escalar y de las Truchas,<\/cite><\/div><\/div><\/li><li class=\"\"><div class=\"sya_postcontent\"><span class=\"sya_date\">  <span class=\"sya_sep\"> <\/span><\/span><a href=\"https:\/\/www.carlosyconchita.net\/rutas\/09-10-2021-bornas-281-292\/\" class=\"sya_postlink post-16983\" rel=\"bookmark\">09-10-2021-Bornas 281-292<\/a> <span class=\"sya_categories\"><span class=\"sya_bracket\">(<\/span>2-Moderada, 3 - De 10 a 15 km., Huesca, Mojones \/ Bornas frontera ES-FR<span class=\"sya_bracket\">)<\/span><\/span><div style=\"padding-left:100px\" class=\"robots-nocontent\"><cite>Hoy hemos hecho una larga y algo pesada excursi\u00f3n para intentar localizar las bornas 281 a 292, y lo de pesada no es por el paisaje ni por el tiempo, que han sido muy buenos, sino porque nos hemos \"liado\" en varios sitios, como se suele decir, y adem\u00e1s no hemos encontrado 3 de las bornas previstas.<\/cite><\/div><\/div><\/li><li class=\"\"><div class=\"sya_postcontent\"><span class=\"sya_date\">  <span class=\"sya_sep\"> <\/span><\/span><a href=\"https:\/\/www.carlosyconchita.net\/rutas\/08-10-2021-borna-293-intento-296\/\" class=\"sya_postlink post-16968\" rel=\"bookmark\">08-10-2021-Borna 293 (+intento 296)<\/a> <span class=\"sya_categories\"><span class=\"sya_bracket\">(<\/span>2-Moderada, 3 - De 10 a 15 km., Huesca, Mojones \/ Bornas frontera ES-FR<span class=\"sya_bracket\">)<\/span><\/span><div style=\"padding-left:100px\" class=\"robots-nocontent\"><cite>Complicada excursi\u00f3n en la zona del Paso de Aspe, en donde est\u00e1 la B-296, que no hemos podido ver, llegando despu\u00e9s a la B-293.\r\nPor diversos motivos, decidimos cancelar la b\u00fasqueda de las otras dos que nos quedaban , la 295 y la 294<\/cite><\/div><\/div><\/li><li class=\"\"><div class=\"sya_postcontent\"><span class=\"sya_date\">  <span class=\"sya_sep\"> <\/span><\/span><a href=\"https:\/\/www.carlosyconchita.net\/rutas\/07-10-2021-bornas-297-305\/\" class=\"sya_postlink post-16951\" rel=\"bookmark\">07-10-2021-Bornas 297-305<\/a> <span class=\"sya_categories\"><span class=\"sya_bracket\">(<\/span>1-F\u00e1cil, 2 - De 5 a 10 km., 2-Moderada, Huesca, Mojones \/ Bornas frontera ES-FR<span class=\"sya_bracket\">)<\/span><\/span><div style=\"padding-left:100px\" class=\"robots-nocontent\"><cite>Bonita caminata por la zona de Somport-Candanch\u00fa, para localizar las bornas 297 a 305, con imponente vistas de las monta\u00f1as.<\/cite><\/div><\/div><\/li><li class=\"\"><div class=\"sya_postcontent\"><span class=\"sya_date\">  <span class=\"sya_sep\"> <\/span><\/span><a href=\"https:\/\/www.carlosyconchita.net\/rutas\/06-10-2021-bornas-310-310-bis\/\" class=\"sya_postlink post-16947\" rel=\"bookmark\">06-10-2021-Bornas 310-310 bis<\/a> <span class=\"sya_categories\"><span class=\"sya_bracket\">(<\/span>0-Muy f\u00e1cil, 1 - Hasta 5 km., Huesca, Mojones \/ Bornas frontera ES-FR<span class=\"sya_bracket\">)<\/span><\/span><div style=\"padding-left:100px\" class=\"robots-nocontent\"><cite>Peque\u00f1a caminata desde el puerto del Portalet , donde est\u00e1 la borna 310, para localizar la borna 310-bis, con magn\u00edficas vistas del Pirineo aragon\u00e9s , y en especial del Pico de Midi d'Ossau.<\/cite><\/div><\/div><\/li><li class=\"\"><div class=\"sya_postcontent\"><span class=\"sya_date\">  <span class=\"sya_sep\"> <\/span><\/span><a href=\"https:\/\/www.carlosyconchita.net\/rutas\/21-08-2021-bornas-382-385\/\" class=\"sya_postlink post-16853\" rel=\"bookmark\">21-08-2021-Bornas 382-385<\/a> <span class=\"sya_categories\"><span class=\"sya_bracket\">(<\/span>1-F\u00e1cil, 100 Cims Carlos y Conchita, 2 - De 5 a 10 km., Mojones \/ Bornas frontera ES-FR, Valle de Ar\u00e1n<span class=\"sya_bracket\">)<\/span><\/span><div style=\"padding-left:100px\" class=\"robots-nocontent\"><cite>Continuaci\u00f3n de la caminata de ayer, para localizar las siguiente bornas, es decir de la 382 (\u00faltima de ayer), hasta la 385 situada en el Tuc de Pujastou<\/cite><\/div><\/div><\/li><li class=\"\"><div class=\"sya_postcontent\"><span class=\"sya_date\">  <span class=\"sya_sep\"> <\/span><\/span><a href=\"https:\/\/www.carlosyconchita.net\/rutas\/20-08-2021-bornas-374-382\/\" class=\"sya_postlink post-16839\" rel=\"bookmark\">20-08-2021-Bornas 374-382<\/a> <span class=\"sya_categories\"><span class=\"sya_bracket\">(<\/span>1-F\u00e1cil, 100 Cims Carlos y Conchita, 2 - De 5 a 10 km., Mojones \/ Bornas frontera ES-FR, Valle de Ar\u00e1n<span class=\"sya_bracket\">)<\/span><\/span><div style=\"padding-left:100px\" class=\"robots-nocontent\"><cite>Hoy estaba previsto que hiciera mucho calor, como as\u00ed ha sido, por lo que hemos preferido hacer una excursi\u00f3n m\u00e1s corta, para poder terminar prontito y evitar coger las horas de m\u00e1s calor.\r\n\r\nDe hecho , podr\u00edamos haber continuado hasta la B-385, pero debido al calor, que \u00faltimamente nos afecta mucho, lo hemos dividido en dos partes m\u00e1s cortas : hoy haremos las bornas 374-382, y ma\u00f1ana iremos por un camino directamente a la 382 (el que hemos utilizado hoy para la vuelta) y continuaremos hasta la 385<\/cite><\/div><\/div><\/li><li class=\"\"><div class=\"sya_postcontent\"><span class=\"sya_date\">  <span class=\"sya_sep\"> <\/span><\/span><a href=\"https:\/\/www.carlosyconchita.net\/rutas\/19-08-2021-bornas-340ci-356\/\" class=\"sya_postlink post-16826\" rel=\"bookmark\">19-08-2021-Bornas 340CI &#8211; 356<\/a> <span class=\"sya_categories\"><span class=\"sya_bracket\">(<\/span>100 Cims Carlos y Conchita, 2-Moderada, 3 - De 10 a 15 km., Mojones \/ Bornas frontera ES-FR, Valle de Ar\u00e1n<span class=\"sya_bracket\">)<\/span><\/span><div style=\"padding-left:100px\" class=\"robots-nocontent\"><cite>Larga y bonita caminata para localizar las bornas 340-CI (Cruz Intermedia) a\u00a0 la 356, empezando en el Col de Baretja.\r\nNos hemos saltado la 351, que ya hab\u00edamos hecho anteriormente, y repetimos la 356, que est\u00e1 en el camino de vuelta al Col de Baretja.<\/cite><\/div><\/div><\/li><li class=\"\"><div class=\"sya_postcontent\"><span class=\"sya_date\">  <span class=\"sya_sep\"> <\/span><\/span><a href=\"https:\/\/www.carlosyconchita.net\/rutas\/07-08-2021-bornas-181-183-y-196-197\/\" class=\"sya_postlink post-16289\" rel=\"bookmark\">07-08-2021-Bornas 181-183 y 196-197<\/a> <span class=\"sya_categories\"><span class=\"sya_bracket\">(<\/span>1 - Hasta 5 km., 2-Moderada, Mojones \/ Bornas frontera ES-FR, Navarra<span class=\"sya_bracket\">)<\/span><\/span><div style=\"padding-left:100px\" class=\"robots-nocontent\"><cite>Corta pero muy complicada excursi\u00f3n para intentar localizar las bornas 180 a 183, pensando que tendr\u00edamos un camino siguiendo la valla de la frontera, similar al que seguimos el d\u00eda 23-05-2021.\r\nAl final desistimos de intentar llegar a la 180, y localizamos s\u00f3lo las 181, 182 y 183<\/cite><\/div><\/div><\/li><li class=\"\"><div class=\"sya_postcontent\"><span class=\"sya_date\">  <span class=\"sya_sep\"> <\/span><\/span><a href=\"https:\/\/www.carlosyconchita.net\/rutas\/06-08-2021-bornas-247-249-y-250\/\" class=\"sya_postlink post-16277\" rel=\"bookmark\">06-08-2021-Bornas 247, 249 y 250<\/a> <span class=\"sya_categories\"><span class=\"sya_bracket\">(<\/span>1-F\u00e1cil, 100 Cims Carlos y Conchita, 2 - De 5 a 10 km., Mojones \/ Bornas frontera ES-FR, Navarra<span class=\"sya_bracket\">)<\/span><\/span><div style=\"padding-left:100px\" class=\"robots-nocontent\"><cite>Como que hoy ten\u00edamos mucha niebla, decidimos hacer una corta caminata para llegar a las bornas 247 y 249, pero despu\u00e9s, al salir el sol, decidimos alargar hasta la 250, camino de Belagua, y despu\u00e9s investigar el camino de subida  a la 246. A pesar del sol hac\u00eda bastante fresco, como se puede ver en las fotos, en que llevamos puesta la chaqueta todo el rato.<\/cite><\/div><\/div><\/li><li class=\"\"><div class=\"sya_postcontent\"><span class=\"sya_date\">  <span class=\"sya_sep\"> <\/span><\/span><a href=\"https:\/\/www.carlosyconchita.net\/rutas\/05-08-2021-bornas-237bis-245\/\" class=\"sya_postlink post-16236\" rel=\"bookmark\">05-08-2021-Bornas 237bis-245<\/a> <span class=\"sya_categories\"><span class=\"sya_bracket\">(<\/span>100 Cims Carlos y Conchita, 2-Moderada, 3 - De 10 a 15 km., Mojones \/ Bornas frontera ES-FR, Navarra<span class=\"sya_bracket\">)<\/span><\/span><div style=\"padding-left:100px\" class=\"robots-nocontent\"><cite>Desde el Port de Larrau, donde est\u00e1n las bornas 237 y 237-bis, caminamos siguiendo las crestas de las colinas y l\u00ednea de la frontera, para localizar las bornas 238 a 245. Mucho viento y fr\u00edo en alg\u00fan momento de la excursi\u00f3n, con bonitas vistas a ambos lados de la l\u00ednea de la frontera.<\/cite><\/div><\/div><\/li><li class=\"\"><div class=\"sya_postcontent\"><span class=\"sya_date\">  <span class=\"sya_sep\"> <\/span><\/span><a href=\"https:\/\/www.carlosyconchita.net\/rutas\/04-08-2021-pamplona\/\" class=\"sya_postlink post-16223\" rel=\"bookmark\">04-08-2021-Pamplona<\/a> <span class=\"sya_categories\"><span class=\"sya_bracket\">(<\/span>0-Muy f\u00e1cil, 1 - Hasta 5 km., Mojones \/ Bornas frontera ES-FR, Navarra<span class=\"sya_bracket\">)<\/span><\/span><div style=\"padding-left:100px\" class=\"robots-nocontent\"><cite>Hoy las previsiones eran de lluvia, y as\u00ed ha empezado el d\u00eda, por lo que directamente nos hemos ido para hacer una visita tur\u00edstica \"normal\" a Pamplona, donde hab\u00edamos estado hace un mont\u00f3n de a\u00f1os (35 \u00f3 40...), por lo que aparte del castillo, no nos acord\u00e1bamos de casi nada.<\/cite><\/div><\/div><\/li><li class=\"\"><div class=\"sya_postcontent\"><span class=\"sya_date\">  <span class=\"sya_sep\"> <\/span><\/span><a href=\"https:\/\/www.carlosyconchita.net\/rutas\/03-08-2021-bornas-225-226\/\" class=\"sya_postlink post-16205\" rel=\"bookmark\">03-08-2021-Bornas 225-226<\/a> <span class=\"sya_categories\"><span class=\"sya_bracket\">(<\/span>0-Muy f\u00e1cil, 1 - Hasta 5 km., Mojones \/ Bornas frontera ES-FR, Navarra<span class=\"sya_bracket\">)<\/span><\/span><div style=\"padding-left:100px\" class=\"robots-nocontent\"><cite>F\u00e1cil caminata desde la B-225 a la B-226, que no hab\u00edamos podido ver anteriormente en 2 ocasiones por culpa de la gran cantidad de agua en 3 rios que hab\u00eda que cruzar, o por la lluvia y niebla.<\/cite><\/div><\/div><\/li><li class=\"\"><div class=\"sya_postcontent\"><span class=\"sya_date\">  <span class=\"sya_sep\"> <\/span><\/span><a href=\"https:\/\/www.carlosyconchita.net\/rutas\/03-08-2021-bornas-227-229\/\" class=\"sya_postlink post-16197\" rel=\"bookmark\">03-08-2021-Bornas 227-229<\/a> <span class=\"sya_categories\"><span class=\"sya_bracket\">(<\/span>1 - Hasta 5 km., 2-Moderada, Mojones \/ Bornas frontera ES-FR, Navarra<span class=\"sya_bracket\">)<\/span><\/span><div style=\"padding-left:100px\" class=\"robots-nocontent\"><cite>Corta pero complicadilla excursi\u00f3n para localizar las bornas 227 a 229, y lo que ten\u00eda que ser una cosa f\u00e1cil y tranquila, se ha convertido finalmente en una peque\u00f1a \"pesadilla\", por la fuerte pendiente e inclinaci\u00f3n, que nos ha tenido bastante preocupados por no decir asustados en el corto recorrido desde la 228 a la 229, y que por suerte , estaba seco.<\/cite><\/div><\/div><\/li><li class=\"\"><div class=\"sya_postcontent\"><span class=\"sya_date\">  <span class=\"sya_sep\"> <\/span><\/span><a href=\"https:\/\/www.carlosyconchita.net\/rutas\/02-08-2021-borna-235-pico-zazpigain\/\" class=\"sya_postlink post-16180\" rel=\"bookmark\">02-08-2021-Borna 235 (Pico Zazpigain)<\/a> <span class=\"sya_categories\"><span class=\"sya_bracket\">(<\/span>1-F\u00e1cil, 100 Cims Carlos y Conchita, Mojones \/ Bornas frontera ES-FR, Navarra<span class=\"sya_bracket\">)<\/span><\/span><div style=\"padding-left:100px\" class=\"robots-nocontent\"><cite>Hoy hemos hecho una bonita subida al pico de Zazpigain, en donde est\u00e1 la borna 235, muy bonita tambi\u00e9n, y situada en una cresta, con bonitas vistas al Pico de Orhy , con un magn\u00edfico d\u00eda, al menos por la ma\u00f1ana cuando hemos empezado a caminar, aunque como se puede ver en las fotos, a \u00faltima hora apareci\u00f3 la niebla<\/cite><\/div><\/div><\/li><li class=\"\"><div class=\"sya_postcontent\"><span class=\"sya_date\">  <span class=\"sya_sep\"> <\/span><\/span><a href=\"https:\/\/www.carlosyconchita.net\/rutas\/01-08-2021-bornas-198-207\/\" class=\"sya_postlink post-16168\" rel=\"bookmark\">01-08-2021-Bornas 198-207<\/a> <span class=\"sya_categories\"><span class=\"sya_bracket\">(<\/span>1-F\u00e1cil, 100 Cims Carlos y Conchita, 2 - De 5 a 10 km., Mojones \/ Bornas frontera ES-FR, Navarra<span class=\"sya_bracket\">)<\/span><\/span><div style=\"padding-left:100px\" class=\"robots-nocontent\"><cite>Hoy ha amanecido el d\u00eda mejor que ayer, as\u00ed que por segunda vez hemos intentado y finalmente conseguido hacer la ruta para localizar las bornas 198 a 207, cuyo punto de inicio es el Col de Arnost\u00e9guy, en donde est\u00e1 la B-205.<\/cite><\/div><\/div><\/li><li class=\"\"><div class=\"sya_postcontent\"><span class=\"sya_date\">  <span class=\"sya_sep\"> <\/span><\/span><a href=\"https:\/\/www.carlosyconchita.net\/rutas\/31-07-2021-borna-205-y-st-jean-pie-port\/\" class=\"sya_postlink post-16157\" rel=\"bookmark\">31-07-2021-Borna 205 y St.Jean-Pie-Port<\/a> <span class=\"sya_categories\"><span class=\"sya_bracket\">(<\/span>0-Muy f\u00e1cil, Francia, Mojones \/ Bornas frontera ES-FR<span class=\"sya_bracket\">)<\/span><\/span><div style=\"padding-left:100px\" class=\"robots-nocontent\"><cite>Hoy hemos tenido un d\u00eda muy lluvioso, y cuando hemos llegado al Col de Arnost\u00e9guy, donde ten\u00edamos que dejar el coche y empezar a caminar, lo \u00fanico que hemos podido hacer ha sido una foto de la B-205, que est\u00e1 all\u00ed mismo, y despu\u00e9s nos hemos ido a visitar el pueblo de Sant Jean-Pie-de-Port, donde tambi\u00e9n ha llovido mucho, pero al menos no ten\u00edamos barro.<\/cite><\/div><\/div><\/li><li class=\"\"><div class=\"sya_postcontent\"><span class=\"sya_date\">  <span class=\"sya_sep\"> <\/span><\/span><a href=\"https:\/\/www.carlosyconchita.net\/rutas\/30-07-2021-borna-144\/\" class=\"sya_postlink post-16145\" rel=\"bookmark\">30-07-2021-Borna 144<\/a> <span class=\"sya_categories\"><span class=\"sya_bracket\">(<\/span>1-F\u00e1cil, Mojones \/ Bornas frontera ES-FR, Navarra<span class=\"sya_bracket\">)<\/span><\/span><div style=\"padding-left:100px\" class=\"robots-nocontent\"><cite>Un poco antes de llegar a Urepel , por el Camino de Sorogain, cogemos un desv\u00edo a nuestra izquierda que nos lleva al punto de partida, en donde dejamos el coche.\r\nDesde all\u00ed subimos a la B-144, con lluvia todo el camino de vuelta, que nos ha impedido intentar llegar a la 143<\/cite><\/div><\/div><\/li><li class=\"\"><div class=\"sya_postcontent\"><span class=\"sya_date\">  <span class=\"sya_sep\"> <\/span><\/span><a href=\"https:\/\/www.carlosyconchita.net\/rutas\/29-07-2021-borna-141-y-142\/\" class=\"sya_postlink post-16135\" rel=\"bookmark\">29-07-2021-Borna 141 (y 142)<\/a> <span class=\"sya_categories\"><span class=\"sya_bracket\">(<\/span>0-Muy f\u00e1cil, 1 - Hasta 5 km., 100 Cims Carlos y Conchita, Mojones \/ Bornas frontera ES-FR<span class=\"sya_bracket\">)<\/span><\/span><div style=\"padding-left:100px\" class=\"robots-nocontent\"><cite>Aprovechamos la tarde del d\u00eda de llegada a la zona de Roncescalles, para subir al Pico de Isterbegi, en donde est\u00e1 la borna 141,<\/cite><\/div><\/div><\/li><li class=\"\"><div class=\"sya_postcontent\"><span class=\"sya_date\">  <span class=\"sya_sep\"> <\/span><\/span><a href=\"https:\/\/www.carlosyconchita.net\/rutas\/26-06-2021-borna-142\/\" class=\"sya_postlink post-16053\" rel=\"bookmark\">26-06-2021-Borna 142<\/a> <span class=\"sya_categories\"><span class=\"sya_bracket\">(<\/span>0-Muy f\u00e1cil, 1 - Hasta 5 km., Mojones \/ Bornas frontera ES-FR, Navarra<span class=\"sya_bracket\">)<\/span><\/span><div style=\"padding-left:100px\" class=\"robots-nocontent\"><cite>Por la tarde, nos acercamos con el coche hasta la 142, y de paso inspeccionamos el terreno en vistas a las pr\u00f3ximas que tenemos que hacer por esta zona, la 141, monta\u00f1a arriba, y la 143 y 144 monta\u00f1a abajo.<\/cite><\/div><\/div><\/li><li class=\"\"><div class=\"sya_postcontent\"><span class=\"sya_date\">  <span class=\"sya_sep\"> <\/span><\/span><a href=\"https:\/\/www.carlosyconchita.net\/rutas\/26-06-2021-bornas-163-174\/\" class=\"sya_postlink post-16043\" rel=\"bookmark\">26-06-2021-Bornas 163-174<\/a> <span class=\"sya_categories\"><span class=\"sya_bracket\">(<\/span>1-F\u00e1cil, 100 Cims Carlos y Conchita, 2 - De 5 a 10 km., Mojones \/ Bornas frontera ES-FR, Navarra<span class=\"sya_bracket\">)<\/span><\/span><div style=\"padding-left:100px\" class=\"robots-nocontent\"><cite>Bonita y calurosa excursi\u00f3n para ver estas bornas, y llegar tambi\u00e9n a la 174, que ya ten\u00edamos vista anteriormente , con el objetivo de conectar las dos rutas.<\/cite><\/div><\/div><\/li><li class=\"\"><div class=\"sya_postcontent\"><span class=\"sya_date\">  <span class=\"sya_sep\"> <\/span><\/span><a href=\"https:\/\/www.carlosyconchita.net\/rutas\/25-06-2021-bornas-213-214-y-216\/\" class=\"sya_postlink post-16030\" rel=\"bookmark\">25-06-2021-Bornas 213, 214 y 216<\/a> <span class=\"sya_categories\"><span class=\"sya_bracket\">(<\/span>0-Muy f\u00e1cil, 1 - Hasta 5 km., Mojones \/ Bornas frontera ES-FR, Navarra<span class=\"sya_bracket\">)<\/span><\/span><div style=\"padding-left:100px\" class=\"robots-nocontent\"><cite>Despu\u00e9s de la caminata anterior, (bornas 208-212) , con el coche y alg\u00fan peque\u00f1o tramo caminando, localizamos estas bornas, y de paso inspeccionamos el terreno para cuando vayamos a hacer las 215-217-218 y 219, con el terreno m\u00e1s seco.<\/cite><\/div><\/div><\/li><li class=\"\"><div class=\"sya_postcontent\"><span class=\"sya_date\">  <span class=\"sya_sep\"> <\/span><\/span><a href=\"https:\/\/www.carlosyconchita.net\/rutas\/25-06-2021-bornas-208-212\/\" class=\"sya_postlink post-16015\" rel=\"bookmark\">25-06-2021-Bornas 208-212<\/a> <span class=\"sya_categories\"><span class=\"sya_bracket\">(<\/span>1 - Hasta 5 km., 1-F\u00e1cil, Mojones \/ Bornas frontera ES-FR, Navarra<span class=\"sya_bracket\">)<\/span><\/span><div style=\"padding-left:100px\" class=\"robots-nocontent\"><cite>F\u00e1cil caminata con mucha niebla y terreno muy mojado por la lluvia, para localizar estas bornas.<\/cite><\/div><\/div><\/li><li class=\"\"><div class=\"sya_postcontent\"><span class=\"sya_date\">  <span class=\"sya_sep\"> <\/span><\/span><a href=\"https:\/\/www.carlosyconchita.net\/rutas\/24-06-2021-bornas-220-225\/\" class=\"sya_postlink post-16000\" rel=\"bookmark\">24-06-2021-Bornas 220-225<\/a> <span class=\"sya_categories\"><span class=\"sya_bracket\">(<\/span>0-Muy f\u00e1cil, 1 - Hasta 5 km., Mojones \/ Bornas frontera ES-FR, Navarra<span class=\"sya_bracket\">)<\/span><\/span><div style=\"padding-left:100px\" class=\"robots-nocontent\"><cite>Aprovechamos el dia de lluvia para localizar con el coche estas bornas, y mojarnos bastante.\r\nPara llegar a la 220 hacemos una peque\u00f1a caminata de algo menos de 1 km.<\/cite><\/div><\/div><\/li><li class=\"\"><div class=\"sya_postcontent\"><span class=\"sya_date\">  <span class=\"sya_sep\"> <\/span><\/span><a href=\"https:\/\/www.carlosyconchita.net\/rutas\/23-06-2021-borna-148\/\" class=\"sya_postlink post-15990\" rel=\"bookmark\">23-06-2021-Borna 148<\/a> <span class=\"sya_categories\"><span class=\"sya_bracket\">(<\/span>0-Muy f\u00e1cil, 1 - Hasta 5 km., Mojones \/ Bornas frontera ES-FR, Navarra<span class=\"sya_bracket\">)<\/span><\/span><div style=\"padding-left:100px\" class=\"robots-nocontent\"><cite>Tercera y \u00faltima de las 3 peque\u00f1as caminatas que hacemos desde el Camino de Sorogain, la tarde del d\u00eda de nuestra llegada a Espinal.<\/cite><\/div><\/div><\/li><li class=\"\"><div class=\"sya_postcontent\"><span class=\"sya_date\">  <span class=\"sya_sep\"> <\/span><\/span><a href=\"https:\/\/www.carlosyconchita.net\/rutas\/23-06-2021-borna-146-y-cruces\/\" class=\"sya_postlink post-15972\" rel=\"bookmark\">23-06-2021-Borna 146 y cruces<\/a> <span class=\"sya_categories\"><span class=\"sya_bracket\">(<\/span>0-Muy f\u00e1cil, 1 - Hasta 5 km., Mojones \/ Bornas frontera ES-FR, Navarra<span class=\"sya_bracket\">)<\/span><\/span><div style=\"padding-left:100px\" class=\"robots-nocontent\"><cite>Segunda de las 3 peque\u00f1as caminatas que hacemos desde el Camino de Sorogain, la tarde del d\u00eda de nuestra llegada a Espinal.<\/cite><\/div><\/div><\/li><li class=\"\"><div class=\"sya_postcontent\"><span class=\"sya_date\">  <span class=\"sya_sep\"> <\/span><\/span><a href=\"https:\/\/www.carlosyconchita.net\/rutas\/23-06-2021-borna-147\/\" class=\"sya_postlink post-15980\" rel=\"bookmark\">23-06-2021-Borna 147<\/a> <span class=\"sya_categories\"><span class=\"sya_bracket\">(<\/span>0-Muy f\u00e1cil, 1 - Hasta 5 km., Mojones \/ Bornas frontera ES-FR, Navarra<span class=\"sya_bracket\">)<\/span><\/span><div style=\"padding-left:100px\" class=\"robots-nocontent\"><cite>Esta es la primera de las 3 peque\u00f1as caminatas que hacemos desde el Camino de Sorogain, la tarde del d\u00eda de nuestra llegada a Espinal.<\/cite><\/div><\/div><\/li><li class=\"\"><div class=\"sya_postcontent\"><span class=\"sya_date\">  <span class=\"sya_sep\"> <\/span><\/span><a href=\"https:\/\/www.carlosyconchita.net\/rutas\/12-06-2021-bornas-407-408\/\" class=\"sya_postlink post-15945\" rel=\"bookmark\">12-06-2021-Bornas 407-408<\/a> <span class=\"sya_categories\"><span class=\"sya_bracket\">(<\/span>3 - De 10 a 15 km., 4-Muy dificil, Mojones \/ Bornas frontera ES-FR<span class=\"sya_bracket\">)<\/span><\/span><div style=\"padding-left:100px\" class=\"robots-nocontent\"><cite>Dif\u00edcil caminata para localizar estas bornas, incluidas en la lista de las m\u00e1s dificiles de encontrar, y a pesar de la dureza y dificultad del recorrido, lo hemos conseguido, gracias a la ayuda de Eef, que nos ha guiado por una zona sin camino, mucha pendiente, resbaladizo y con peque\u00f1os arroyos.\r\nEl recorrido total ha sido de s\u00f3lo 10'8 km, pero es que el desnivel de m\u00e1s de 1.200 m. se alcanza en menos de 6 km.<\/cite><\/div><\/div><\/li><li class=\"\"><div class=\"sya_postcontent\"><span class=\"sya_date\">  <span class=\"sya_sep\"> <\/span><\/span><a href=\"https:\/\/www.carlosyconchita.net\/rutas\/11-06-2021-sub-bornas-409f-1-y-409f-3\/\" class=\"sya_postlink post-15935\" rel=\"bookmark\">11-06-2021-Sub-bornas 409F-1 y 409F-3<\/a> <span class=\"sya_categories\"><span class=\"sya_bracket\">(<\/span>0-Muy f\u00e1cil, 1 - Hasta 5 km., Mojones \/ Bornas frontera ES-FR<span class=\"sya_bracket\">)<\/span><\/span><div style=\"padding-left:100px\" class=\"robots-nocontent\"><cite>Tambi\u00e9n con Eef, y despu\u00e9s de la B-359, localizamos estas 2 subbornas, que no hab\u00edamos podido encontrar nosotros, ya que una de ellas estaba sumergida en el barro del r\u00edo y la otra en una zona llena de zarzas.<\/cite><\/div><\/div><\/li><li class=\"\"><div class=\"sya_postcontent\"><span class=\"sya_date\">  <span class=\"sya_sep\"> <\/span><\/span><a href=\"https:\/\/www.carlosyconchita.net\/rutas\/11-06-2021-borna-359\/\" class=\"sya_postlink post-15925\" rel=\"bookmark\">11-06-2021-Borna 359<\/a> <span class=\"sya_categories\"><span class=\"sya_bracket\">(<\/span>1 - Hasta 5 km., 2-Moderada, Mojones \/ Bornas frontera ES-FR, Valle de Ar\u00e1n<span class=\"sya_bracket\">)<\/span><\/span><div style=\"padding-left:100px\" class=\"robots-nocontent\"><cite>Por la tarde de d\u00eda que llegamos a Bossost, con la ayuda de Eef, localizamos esta borna, situada en una ladera con bastante pendiente y con muchos arboles ca\u00eddos y maleza que dificultan el caminar y la localizaci\u00f3n de la borna.<\/cite><\/div><\/div><\/li><li class=\"\"><div class=\"sya_postcontent\"><span class=\"sya_date\">  <span class=\"sya_sep\"> <\/span><\/span><a href=\"https:\/\/www.carlosyconchita.net\/rutas\/23-05-2021-bornas-184-192\/\" class=\"sya_postlink post-15879\" rel=\"bookmark\">23-05-2021-Bornas 184-192<\/a> <span class=\"sya_categories\"><span class=\"sya_bracket\">(<\/span>1-F\u00e1cil, 2 - De 5 a 10 km., 2-Moderada, Mojones \/ Bornas frontera ES-FR<span class=\"sya_bracket\">)<\/span><\/span><div style=\"padding-left:100px\" class=\"robots-nocontent\"><cite>Otra f\u00e1cil caminata , a excepci\u00f3n del tramo entre la 191 y 189, siguiendo la valla que delimita la frontera, en una inclinada ladera llena de helechos.\r\nDe paso localizamos un punto de inicio para cuando hagamos las 180-183<\/cite><\/div><\/div><\/li><li class=\"\"><div class=\"sya_postcontent\"><span class=\"sya_date\">  <span class=\"sya_sep\"> <\/span><\/span><a href=\"https:\/\/www.carlosyconchita.net\/rutas\/22-05-2021-bornas-155-162\/\" class=\"sya_postlink post-15868\" rel=\"bookmark\">22-05-2021-Bornas 155-162<\/a> <span class=\"sya_categories\"><span class=\"sya_bracket\">(<\/span>1-F\u00e1cil, 2 - De 5 a 10 km., Mojones \/ Bornas frontera ES-FR, Navarra<span class=\"sya_bracket\">)<\/span><\/span><div style=\"padding-left:100px\" class=\"robots-nocontent\"><cite>F\u00e1cil y bonita excursi\u00f3n desde la borna 155 (cerca del Monte Lindus, ya visto en el 2018) para localizar las bornas 156 a 172<\/cite><\/div><\/div><\/li><li class=\"\"><div class=\"sya_postcontent\"><span class=\"sya_date\">  <span class=\"sya_sep\"> <\/span><\/span><a href=\"https:\/\/www.carlosyconchita.net\/rutas\/21-05-2021-bornas-174-179\/\" class=\"sya_postlink post-15860\" rel=\"bookmark\">21-05-2021-Bornas 174-179 + 197<\/a> <span class=\"sya_categories\"><span class=\"sya_bracket\">(<\/span>1-F\u00e1cil, 2 - De 5 a 10 km., Mojones \/ Bornas frontera ES-FR, Navarra<span class=\"sya_bracket\">)<\/span><\/span><div style=\"padding-left:100px\" class=\"robots-nocontent\"><cite>F\u00e1cil excursi\u00f3n para ver estas bornas, con una complicada subida al Coll de Ehunzaroy con el coche , por un camino de tierra en muy mal estado.<\/cite><\/div><\/div><\/li><li class=\"\"><div class=\"sya_postcontent\"><span class=\"sya_date\">  <span class=\"sya_sep\"> <\/span><\/span><a href=\"https:\/\/www.carlosyconchita.net\/rutas\/20-05-2021-bornas-130-136\/\" class=\"sya_postlink post-15847\" rel=\"bookmark\">20-05-2021-Bornas 130-136<\/a> <span class=\"sya_categories\"><span class=\"sya_bracket\">(<\/span>2-Moderada, 3 - De 10 a 15 km., Mojones \/ Bornas frontera ES-FR, Navarra<span class=\"sya_bracket\">)<\/span><\/span><div style=\"padding-left:100px\" class=\"robots-nocontent\"><cite>Bonita excursi\u00f3n desde la 130 (ya vista en agosto-2020) hasta la 136, con un complicado tramo entre la 133 y 135 por la desaparici\u00f3n de caminos, zarzas etc.\r\nDe paso, y con el coche repetimos la 137 y 139.<\/cite><\/div><\/div><\/li><li class=\"\"><div class=\"sya_postcontent\"><span class=\"sya_date\">  <span class=\"sya_sep\"> <\/span><\/span><a href=\"https:\/\/www.carlosyconchita.net\/rutas\/19-05-2021-bornas-149-151-152154155\/\" class=\"sya_postlink post-15836\" rel=\"bookmark\">19-05-2021-Bornas 149-151 (+152+154+155)<\/a> <span class=\"sya_categories\"><span class=\"sya_bracket\">(<\/span>1 - Hasta 5 km., 2-Moderada, Mojones \/ Bornas frontera ES-FR, Navarra<span class=\"sya_bracket\">)<\/span><\/span><div style=\"padding-left:100px\" class=\"robots-nocontent\"><cite>Corta pero \"durilla\" caminata para localizar estas bornas, con un fuerte desnivel desde la 150 a la 149\r\nDe paso repetimos las 152, 154 y 155 que hab\u00edamos hecho en diciembre-2018<\/cite><\/div><\/div><\/li><li class=\"\"><div class=\"sya_postcontent\"><span class=\"sya_date\">  <span class=\"sya_sep\"> <\/span><\/span><a href=\"https:\/\/www.carlosyconchita.net\/rutas\/04-04-2021-borna-409409-subs-es\/\" class=\"sya_postlink post-15679\" rel=\"bookmark\">04-04-2021-Borna 409+409 subs (ES)<\/a> <span class=\"sya_categories\"><span class=\"sya_bracket\">(<\/span>0-Muy f\u00e1cil, 1 - Hasta 5 km., Mojones \/ Bornas frontera ES-FR, Valle de Ar\u00e1n<span class=\"sya_bracket\">)<\/span><\/span><div style=\"padding-left:100px\" class=\"robots-nocontent\"><cite>Peque\u00f1a caminata por la orilla izquierda del Garona, para localizar la borna 409 y las 7 \"sub-bornas\" 409 del lado espa\u00f1ol<\/cite><\/div><\/div><\/li><li class=\"\"><div class=\"sya_postcontent\"><span class=\"sya_date\">  <span class=\"sya_sep\"> <\/span><\/span><a href=\"https:\/\/www.carlosyconchita.net\/rutas\/03-04-2021-bornas-366-373\/\" class=\"sya_postlink post-15668\" rel=\"bookmark\">03-04-2021-Bornas 366-373<\/a> <span class=\"sya_categories\"><span class=\"sya_bracket\">(<\/span>1 - Hasta 5 km., 1-F\u00e1cil, Mojones \/ Bornas frontera ES-FR, Valle de Ar\u00e1n<span class=\"sya_bracket\">)<\/span><\/span><div style=\"padding-left:100px\" class=\"robots-nocontent\"><cite>F\u00e1cil excursi\u00f3n desde el Col del Portill\u00f3n (Bossost) , para llegar hasta la 373, situada en lo alto de un peque\u00f1o pico, el Sol\u00f3n de Portill\u00f3n.<\/cite><\/div><\/div><\/li><li class=\"\"><div class=\"sya_postcontent\"><span class=\"sya_date\">  <span class=\"sya_sep\"> <\/span><\/span><a href=\"https:\/\/www.carlosyconchita.net\/rutas\/02-04-2021-bornas-360-366\/\" class=\"sya_postlink post-15654\" rel=\"bookmark\">02-04-2021-Bornas 360-366<\/a> <span class=\"sya_categories\"><span class=\"sya_bracket\">(<\/span>1 - Hasta 5 km., 2-Moderada, Mojones \/ Bornas frontera ES-FR, Valle de Ar\u00e1n<span class=\"sya_bracket\">)<\/span><\/span><div style=\"padding-left:100px\" class=\"robots-nocontent\"><cite>Corta y bonita,  pero complicada caminata para localizar estas bornas, por el dificil tramo de subida desde la 360 a la 362, en una zona de grandes rocas, arboles caidos y fuerte pendiente.<\/cite><\/div><\/div><\/li><li class=\"\"><div class=\"sya_postcontent\"><span class=\"sya_date\">  <span class=\"sya_sep\"> <\/span><\/span><a href=\"https:\/\/www.carlosyconchita.net\/rutas\/01-04-2021-borna-410-y-409-subs-fr-pont-de-rei\/\" class=\"sya_postlink post-15645\" rel=\"bookmark\">01-04-2021-Borna 410 y 409-subs (FR) &#8211; Pont de Rei<\/a> <span class=\"sya_categories\"><span class=\"sya_bracket\">(<\/span>0-Muy f\u00e1cil, 1 - Hasta 5 km., Mojones \/ Bornas frontera ES-FR, Valle de Ar\u00e1n<span class=\"sya_bracket\">)<\/span><\/span><div style=\"padding-left:100px\" class=\"robots-nocontent\"><cite>Despu\u00e9s de la subida de esta ma\u00f1ana al Tuc d'Arr\u00e9s donde hemos visto la borna 351, por la tarde nos vamos al Pont de Rei, donde est\u00e1 la borna 410, seguimos la orilla del rio Garona por el lado franc\u00e9s, para localizar las sub-bornas 409-1 a 409-7, pero no podemos encontrar la 409-1 y la 409-3<\/cite><\/div><\/div><\/li><li class=\"\"><div class=\"sya_postcontent\"><span class=\"sya_date\">  <span class=\"sya_sep\"> <\/span><\/span><a href=\"https:\/\/www.carlosyconchita.net\/rutas\/01-04-2021-borna-351-tuc-darres\/\" class=\"sya_postlink post-15630\" rel=\"bookmark\">01-04-2021-Borna 351 (Tuc d&#8217;Arr\u00e9s)<\/a> <span class=\"sya_categories\"><span class=\"sya_bracket\">(<\/span>100 Cims Carlos y Conchita, 2 - De 5 a 10 km., 2-Moderada, Mojones \/ Bornas frontera ES-FR<span class=\"sya_bracket\">)<\/span><\/span><div style=\"padding-left:100px\" class=\"robots-nocontent\"><cite>Desde el Col de Baretja, subimos al Tuc d'Arr\u00e9s, donde est\u00e1 situada la borna 351, y debido a la nieve no podemos continuar ni en direcci\u00f3n a las 350, 349... , ni a las 352, 353... por lo que tenemos que bajar por el mismo camino, despu\u00e9s de varios intentos de sortear la nieve.<\/cite><\/div><\/div><\/li><li class=\"\"><div class=\"sya_postcontent\"><span class=\"sya_date\">  <span class=\"sya_sep\"> <\/span><\/span><a href=\"https:\/\/www.carlosyconchita.net\/rutas\/31-03-2021-puerto-del-portillon-borna-366\/\" class=\"sya_postlink post-15625\" rel=\"bookmark\">31-03-2021-Puerto del Portill\u00f3n (borna 366)<\/a> <span class=\"sya_categories\"><span class=\"sya_bracket\">(<\/span>0-Fotos, Mojones \/ Bornas frontera ES-FR, Valle de Ar\u00e1n<span class=\"sya_bracket\">)<\/span><\/span><div style=\"padding-left:100px\" class=\"robots-nocontent\"><cite>Despu\u00e9s de la caminata para localizar las bornas 356 a 358, nos dirigimos con el coche al Puerto del Portill\u00f3n, donde est\u00e1 la frontera con Francia y la borna 366. Esta es una especie de visita de \u00abinspecci\u00f3n\u00bb para localizar tambi\u00e9n el inicio de las pr\u00f3ximas rutas para localizar las bornas 360 a 366 y [&hellip;]<\/cite><\/div><\/div><\/li><li class=\"\"><div class=\"sya_postcontent\"><span class=\"sya_date\">  <span class=\"sya_sep\"> <\/span><\/span><a href=\"https:\/\/www.carlosyconchita.net\/rutas\/31-03-2021-bornas-356-358-coll-de-baretja\/\" class=\"sya_postlink post-15615\" rel=\"bookmark\">31-03-2021-Bornas 356-358 (Coll de Baretja)<\/a> <span class=\"sya_categories\"><span class=\"sya_bracket\">(<\/span>1 - Hasta 5 km., 1-F\u00e1cil, 100 Cims Carlos y Conchita, Mojones \/ Bornas frontera ES-FR, Valle de Ar\u00e1n<span class=\"sya_bracket\">)<\/span><\/span><div style=\"padding-left:100px\" class=\"robots-nocontent\"><cite>Despu\u00e9s de la intentona de llegar a la borna 359, subimos con el coche hasta el Col de Baretja, y desde all\u00ed localizamos las bornas 356, 357 y 358<\/cite><\/div><\/div><\/li><li class=\"\"><div class=\"sya_postcontent\"><span class=\"sya_date\">  <span class=\"sya_sep\"> <\/span><\/span><a href=\"https:\/\/www.carlosyconchita.net\/rutas\/31-03-2021-borna-359-intento\/\" class=\"sya_postlink post-15606\" rel=\"bookmark\">31-03-2021-Borna 359 (Intento)<\/a> <span class=\"sya_categories\"><span class=\"sya_bracket\">(<\/span>1 - Hasta 5 km., 3-Dif\u00edcil, Mojones \/ Bornas frontera ES-FR, Valle de Ar\u00e1n<span class=\"sya_bracket\">)<\/span><\/span><div style=\"padding-left:100px\" class=\"robots-nocontent\"><cite>Intentamos llegar a la borna 359, situada en una fuerte pendiente y con muchos arboles ca\u00eddos, sin conseguirlo, como nos tem\u00edamos...pero por casualidad nos encontramos con Paco Nudels, experto en las bornas de esta zona.<\/cite><\/div><\/div><\/li><\/ul> <a id=\"year2020\"><\/a>2020 <span class=\"sya_yearcount\"><span class=\"sya_bracket\">(<\/span>28<span class=\"sya_bracket\">)<\/span><\/span> <ul><li class=\"\"><div class=\"sya_postcontent\"><span class=\"sya_date\">  <span class=\"sya_sep\"> <\/span><\/span><a href=\"https:\/\/www.carlosyconchita.net\/rutas\/06-09-2020-bornas-237-y-237-bis\/\" class=\"sya_postlink post-14977\" rel=\"bookmark\">06-09-2020-Bornas 237 y 237 bis<\/a> <span class=\"sya_categories\"><span class=\"sya_bracket\">(<\/span>0-Muy f\u00e1cil, 1 - Hasta 5 km., Mojones \/ Bornas frontera ES-FR, Navarra<span class=\"sya_bracket\">)<\/span><\/span><div style=\"padding-left:100px\" class=\"robots-nocontent\"><cite>En el camino de vuelta de Larrau a Isaba, paramos en el puerto de Larrau para fotografiar estas bornas.<\/cite><\/div><\/div><\/li><li class=\"\"><div class=\"sya_postcontent\"><span class=\"sya_date\">  <span class=\"sya_sep\"> <\/span><\/span><a href=\"https:\/\/www.carlosyconchita.net\/rutas\/bornas-230-a-234-bis\/\" class=\"sya_postlink post-14958\" rel=\"bookmark\">06-09-2020-Bornas 230 a 234 bis.<\/a> <span class=\"sya_categories\"><span class=\"sya_bracket\">(<\/span>2 - De 5 a 10 km., 2-Moderada, Mojones \/ Bornas frontera ES-FR, Navarra<span class=\"sya_bracket\">)<\/span><\/span><div style=\"padding-left:100px\" class=\"robots-nocontent\"><cite>Cuatro cortas caminatas para localizar estas bornas, dif\u00edciles por la complicaci\u00f3n de llegar a ellas, m\u00e1s que por el recorrido.<\/cite><\/div><\/div><\/li><li class=\"\"><div class=\"sya_postcontent\"><span class=\"sya_date\">  <span class=\"sya_sep\"> <\/span><\/span><a href=\"https:\/\/www.carlosyconchita.net\/rutas\/05-09-2020-bornas-262-a-266-y-270\/\" class=\"sya_postlink post-14950\" rel=\"bookmark\">05-09-2020-Bornas 262 a 266  y 270<\/a> <span class=\"sya_categories\"><span class=\"sya_bracket\">(<\/span>3 - De 10 a 15 km., 3-Dif\u00edcil, Mojones \/ Bornas frontera ES-FR, Navarra<span class=\"sya_bracket\">)<\/span><\/span><div style=\"padding-left:100px\" class=\"robots-nocontent\"><cite>Dif\u00edcil excursi\u00f3n para intentar llegar a la 271, cosa que no conseguimos, llegando solo hasta la 270.\r\nY por culpa de la niebla, no pudimos hacer las bornas 257, 258 y 259<\/cite><\/div><\/div><\/li><li class=\"\"><div class=\"sya_postcontent\"><span class=\"sya_date\">  <span class=\"sya_sep\"> <\/span><\/span><a href=\"https:\/\/www.carlosyconchita.net\/rutas\/04-09-2020-borna-261-262-irabia\/\" class=\"sya_postlink post-14921\" rel=\"bookmark\">04-09-2020-Borna 261-262 + Irabia<\/a> <span class=\"sya_categories\"><span class=\"sya_bracket\">(<\/span>0-Muy f\u00e1cil, 1 - Hasta 5 km., Mojones \/ Bornas frontera ES-FR, Navarra<span class=\"sya_bracket\">)<\/span><\/span><div style=\"padding-left:100px\" class=\"robots-nocontent\"><cite>Peque\u00f1a caminata para llegar a la borna 261, que nos hab\u00eda quedado pendiente en diciembre del 2018, y de paso, nos acercamos de nuevo a la 262 en el Col de Ernaz , m\u00e1s conocido por la Piedra de San Mart\u00edn,<\/cite><\/div><\/div><\/li><li class=\"\"><div class=\"sya_postcontent\"><span class=\"sya_date\">  <span class=\"sya_sep\"> <\/span><\/span><a href=\"https:\/\/www.carlosyconchita.net\/rutas\/12-08-2020-bornas-109-a-116\/\" class=\"sya_postlink post-14859\" rel=\"bookmark\">12-08-2020-Bornas 109 a 116<\/a> <span class=\"sya_categories\"><span class=\"sya_bracket\">(<\/span>1-F\u00e1cil, 100 Cims Carlos y Conchita, 2 - De 5 a 10 km., Mojones \/ Bornas frontera ES-FR, Navarra<span class=\"sya_bracket\">)<\/span><\/span><div style=\"padding-left:100px\" class=\"robots-nocontent\"><cite>Hoy hacemos el resto de la caminata prevista anteayer y que a causa de la lluvia no pudimos terminar.<\/cite><\/div><\/div><\/li><li class=\"\"><div class=\"sya_postcontent\"><span class=\"sya_date\">  <span class=\"sya_sep\"> <\/span><\/span><a href=\"https:\/\/www.carlosyconchita.net\/rutas\/11-08-2020-bornas-117-a-130\/\" class=\"sya_postlink post-14852\" rel=\"bookmark\">11-08-2020-Bornas 117 a 130<\/a> <span class=\"sya_categories\"><span class=\"sya_bracket\">(<\/span>100 Cims Carlos y Conchita, 2-Moderada, 3 - De 10 a 15 km., Mojones \/ Bornas frontera ES-FR, Navarra<span class=\"sya_bracket\">)<\/span><\/span><div style=\"padding-left:100px\" class=\"robots-nocontent\"><cite>Una bonita excursi\u00f3n, localizando todas las bornas desde la 117 a la 130, por verdes y bonitos paisajes.<\/cite><\/div><\/div><\/li><li class=\"\"><div class=\"sya_postcontent\"><span class=\"sya_date\">  <span class=\"sya_sep\"> <\/span><\/span><a href=\"https:\/\/www.carlosyconchita.net\/rutas\/10-08-2020-bornas-104-111\/\" class=\"sya_postlink post-14845\" rel=\"bookmark\">10-08-2020-Bornas 104-111<\/a> <span class=\"sya_categories\"><span class=\"sya_bracket\">(<\/span>1 - Hasta 5 km., 1-F\u00e1cil, Mojones \/ Bornas frontera ES-FR, Navarra<span class=\"sya_bracket\">)<\/span><\/span><div style=\"padding-left:100px\" class=\"robots-nocontent\"><cite>Debido a la lluvia no podemos terminar el recorrido previsto, que era llegar hasta la 116, pero disfrutamos de uns paisajes muy bonitos y encontramos sin dificultad todas las bornas.<\/cite><\/div><\/div><\/li><li class=\"\"><div class=\"sya_postcontent\"><span class=\"sya_date\">  <span class=\"sya_sep\"> <\/span><\/span><a href=\"https:\/\/www.carlosyconchita.net\/rutas\/09-08-2020-bornas-145-y-146\/\" class=\"sya_postlink post-14834\" rel=\"bookmark\">09-08-2020-Bornas 145 y 146<\/a> <span class=\"sya_categories\"><span class=\"sya_bracket\">(<\/span>0-Muy f\u00e1cil, 1 - Hasta 5 km., Mojones \/ Bornas frontera ES-FR, Navarra<span class=\"sya_bracket\">)<\/span><\/span><div style=\"padding-left:100px\" class=\"robots-nocontent\"><cite>Peque\u00f1a caminata para localizar estas bornas, aunque nos qued\u00f3 pendiente encontrar la 146-cruz este y el n\u00famero 145 antiguo al lado de la borna actual 145.\r\n\r\nLa borna 145 hace el n\u00famero 301 de las 602 existentes.<\/cite><\/div><\/div><\/li><li class=\"\"><div class=\"sya_postcontent\"><span class=\"sya_date\">  <span class=\"sya_sep\"> <\/span><\/span><a href=\"https:\/\/www.carlosyconchita.net\/rutas\/09-08-2020-hemos-fotografiado-el-50-de-las-bornas\/\" class=\"sya_postlink post-14681\" rel=\"bookmark\">09-08-2020-Hemos fotografiado el 50% de las bornas !<\/a> <span class=\"sya_categories\"><span class=\"sya_bracket\">(<\/span>Mojones \/ Bornas frontera ES-FR<span class=\"sya_bracket\">)<\/span><\/span><div style=\"padding-left:100px\" class=\"robots-nocontent\"><cite>En el d\u00eda de hoy, hemos encontrado y fotografiado la borna o moj\u00f3n fronterizo n\u00famero 145, en Navarra, que hace el n\u00famero 301 de las que llevamos localizadas, o sea la mitad de las 602 existentes. Las contamos en base a los n\u00fameros grabados en ellas (de la 001 a la 602)\u00a0 y no por [&hellip;]<\/cite><\/div><\/div><\/li><li class=\"\"><div class=\"sya_postcontent\"><span class=\"sya_date\">  <span class=\"sya_sep\"> <\/span><\/span><a href=\"https:\/\/www.carlosyconchita.net\/rutas\/08-08-2020-bornas-137-a-140\/\" class=\"sya_postlink post-14826\" rel=\"bookmark\">08-08-2020-Bornas 137 a 140<\/a> <span class=\"sya_categories\"><span class=\"sya_bracket\">(<\/span>1 - Hasta 5 km., 1-F\u00e1cil, Mojones \/ Bornas frontera ES-FR, Navarra<span class=\"sya_bracket\">)<\/span><\/span><div style=\"padding-left:100px\" class=\"robots-nocontent\"><cite>Recorrido con el coche realizando 4 paradas para localizar estas 4 bornas, cerca de la carretera, aunque la 138 se nos resisti\u00f3 m\u00e1s de lo previsto.<\/cite><\/div><\/div><\/li><li class=\"\"><div class=\"sya_postcontent\"><span class=\"sya_date\">  <span class=\"sya_sep\"> <\/span><\/span><a href=\"https:\/\/www.carlosyconchita.net\/rutas\/07-08-2020-bornas-091-a-103\/\" class=\"sya_postlink post-14810\" rel=\"bookmark\">07-08-2020-Bornas 091 a 103<\/a> <span class=\"sya_categories\"><span class=\"sya_bracket\">(<\/span>2 - De 5 a 10 km., 2-Moderada, Mojones \/ Bornas frontera ES-FR, Navarra<span class=\"sya_bracket\">)<\/span><\/span><div style=\"padding-left:100px\" class=\"robots-nocontent\"><cite>Excursi\u00f3n muy bonita , pero con mucho calor, para localizar estas bornas.<\/cite><\/div><\/div><\/li><li class=\"\"><div class=\"sya_postcontent\"><span class=\"sya_date\">  <span class=\"sya_sep\"> <\/span><\/span><a href=\"https:\/\/www.carlosyconchita.net\/rutas\/26-07-2020-borna-085-urdos-somport\/\" class=\"sya_postlink post-14801\" rel=\"bookmark\">26-07-2020-Borna 085 + Urd\u00f3s + Somport<\/a> <span class=\"sya_categories\"><span class=\"sya_bracket\">(<\/span>0-Muy f\u00e1cil, 1 - Hasta 5 km., Mojones \/ Bornas frontera ES-FR, Navarra<span class=\"sya_bracket\">)<\/span><\/span><div style=\"padding-left:100px\" class=\"robots-nocontent\"><cite>El d\u00eda que volvemos a casa, localizamos la 085 que nos quedaba pendiente, y de camino, paramos un momento en Somport para fotografiar de nuevo la 305 y 305bis.<\/cite><\/div><\/div><\/li><li class=\"\"><div class=\"sya_postcontent\"><span class=\"sya_date\">  <span class=\"sya_sep\"> <\/span><\/span><a href=\"https:\/\/www.carlosyconchita.net\/rutas\/25-07-2020-bornas-086-a-090-y-crestas-de-iparla\/\" class=\"sya_postlink post-14787\" rel=\"bookmark\">25-07-2020-Bornas 086 a 090 y Crestas de Iparla<\/a> <span class=\"sya_categories\"><span class=\"sya_bracket\">(<\/span>2-Moderada, 3 - De 10 a 15 km., Mojones \/ Bornas frontera ES-FR, Navarra<span class=\"sya_bracket\">)<\/span><\/span><div style=\"padding-left:100px\" class=\"robots-nocontent\"><cite>Bonita excursi\u00f3n para localizar las bornas 086 a la 090, en el Col de Iparla, pasando a la vuelta por las impresionantes Crestas de Iparla.<\/cite><\/div><\/div><\/li><li class=\"\"><div class=\"sya_postcontent\"><span class=\"sya_date\">  <span class=\"sya_sep\"> <\/span><\/span><a href=\"https:\/\/www.carlosyconchita.net\/rutas\/24-07-2020-bornas-075-084\/\" class=\"sya_postlink post-14770\" rel=\"bookmark\">24-07-2020-Bornas 075-084<\/a> <span class=\"sya_categories\"><span class=\"sya_bracket\">(<\/span>1-F\u00e1cil, 100 Cims Carlos y Conchita, 2 - De 5 a 10 km., Mojones \/ Bornas frontera ES-FR, Navarra<span class=\"sya_bracket\">)<\/span><\/span><div style=\"padding-left:100px\" class=\"robots-nocontent\"><cite>Localizamos estas bornas en una complicada combinaci\u00f3n de rutas a pi\u00e9 y en coche, por una bonita zona y subidas a varios picos.<\/cite><\/div><\/div><\/li><li class=\"\"><div class=\"sya_postcontent\"><span class=\"sya_date\">  <span class=\"sya_sep\"> <\/span><\/span><a href=\"https:\/\/www.carlosyconchita.net\/rutas\/23-07-2020-bornas-050-a-057\/\" class=\"sya_postlink post-14706\" rel=\"bookmark\">23-07-2020-Bornas 050 a 057<\/a> <span class=\"sya_categories\"><span class=\"sya_bracket\">(<\/span>1-F\u00e1cil, 2 - De 5 a 10 km., Mojones \/ Bornas frontera ES-FR, Navarra<span class=\"sya_bracket\">)<\/span><\/span><div style=\"padding-left:100px\" class=\"robots-nocontent\"><cite>Desde el Col de Lizarrieta, llegamos con el coche a la borna 050, y desde all\u00ed empezamos a caminar hasta la 057.<\/cite><\/div><\/div><\/li><li class=\"\"><div class=\"sya_postcontent\"><span class=\"sya_date\">  <span class=\"sya_sep\"> <\/span><\/span><a href=\"https:\/\/www.carlosyconchita.net\/rutas\/22-07-2020-bornas-058059-y-pico-atxuria\/\" class=\"sya_postlink post-14696\" rel=\"bookmark\">22-07-2020-Bornas 058+059 y Pico Atxuria<\/a> <span class=\"sya_categories\"><span class=\"sya_bracket\">(<\/span>100 Cims Carlos y Conchita, 2 - De 5 a 10 km., 2-Moderada, Mojones \/ Bornas frontera ES-FR, Navarra<span class=\"sya_bracket\">)<\/span><\/span><div style=\"padding-left:100px\" class=\"robots-nocontent\"><cite>Subida al monte Atxuria, localizando la 058 a mitad de camino, y despu\u00e8s, desde el parking, localizamos la 059.<\/cite><\/div><\/div><\/li><li class=\"\"><div class=\"sya_postcontent\"><span class=\"sya_date\">  <span class=\"sya_sep\"> <\/span><\/span><a href=\"https:\/\/www.carlosyconchita.net\/rutas\/04-07-2020-bornas-597-601-bis\/\" class=\"sya_postlink post-14630\" rel=\"bookmark\">04-07-2020-Bornas 597-601 bis (y Puig de Querroig-100 Cims)    )<\/a> <span class=\"sya_categories\"><span class=\"sya_bracket\">(<\/span>100 Cims Carlos y Conchita, 100 Cims FEEC, 2-Moderada, 3 - De 10 a 15 km., Mojones \/ Bornas frontera ES-FR<span class=\"sya_bracket\">)<\/span><\/span><div style=\"padding-left:100px\" class=\"robots-nocontent\"><cite>Hoy hemos hecho por fin, la \u00faltima caminata que nos quedaba para poder completar todas las bornas o mojones fronterizos desde la 427 (Portella Blanca de Andorra) hasta el Mediterr\u00e1neo donde est\u00e1 la 601, qued\u00e1ndonos pendiente la 602 que est\u00e1 en una cueva accesible s\u00f3lo desde el mar.<\/cite><\/div><\/div><\/li><li class=\"\"><div class=\"sya_postcontent\"><span class=\"sya_date\">  <span class=\"sya_sep\"> <\/span><\/span><a href=\"https:\/\/www.carlosyconchita.net\/rutas\/28-06-2020-borna-050\/\" class=\"sya_postlink post-14581\" rel=\"bookmark\">28-06-2020-Borna 050<\/a> <span class=\"sya_categories\"><span class=\"sya_bracket\">(<\/span>0-Muy f\u00e1cil, 1 - Hasta 5 km., Mojones \/ Bornas frontera ES-FR<span class=\"sya_bracket\">)<\/span><\/span><div style=\"padding-left:100px\" class=\"robots-nocontent\"><cite>En el d\u00eda de vuelta a casa, ten\u00edamos previsto ver las bornas 051 a 057, empezando en la 050, hasta la que se puede llegar en coche, pero debido a la lluvia, hemos de cancelar la caminata, y s\u00f3lo podemos hacer la foto a esta borna.<\/cite><\/div><\/div><\/li><li class=\"\"><div class=\"sya_postcontent\"><span class=\"sya_date\">  <span class=\"sya_sep\"> <\/span><\/span><a href=\"https:\/\/www.carlosyconchita.net\/rutas\/27-06-2020-bornas-039-049-col-de-lizarrieta\/\" class=\"sya_postlink post-14563\" rel=\"bookmark\">27-06-2020-Bornas 039-049 (Col de Lizarrieta-Pico Ibantelli)<\/a> <span class=\"sya_categories\"><span class=\"sya_bracket\">(<\/span>100 Cims Carlos y Conchita, 2 - De 5 a 10 km., 2-Moderada, Mojones \/ Bornas frontera ES-FR<span class=\"sya_bracket\">)<\/span><\/span><div style=\"padding-left:100px\" class=\"robots-nocontent\"><cite>Caminata algo dura por el fuerte calor, con unos bonitos paisajes, para ver estas bornas, asi como las \"mini-bornas\" 044-A hasta la 044-L.<\/cite><\/div><\/div><\/li><li class=\"\"><div class=\"sya_postcontent\"><span class=\"sya_date\">  <span class=\"sya_sep\"> <\/span><\/span><a href=\"https:\/\/www.carlosyconchita.net\/rutas\/26-06-2020-bornas-036-038\/\" class=\"sya_postlink post-14551\" rel=\"bookmark\">26-06-2020-Bornas 036-038<\/a> <span class=\"sya_categories\"><span class=\"sya_bracket\">(<\/span>0-Muy f\u00e1cil, 1 - Hasta 5 km., Mojones \/ Bornas frontera ES-FR<span class=\"sya_bracket\">)<\/span><\/span><div style=\"padding-left:100px\" class=\"robots-nocontent\"><cite>Por la tarde, en vista de la mejor\u00eda del tiempo, aprovechamos para hacer esta corta caminata que empieza en la misma carretera en donde est\u00e1 la 036, para llegar a la 037 y 038.<\/cite><\/div><\/div><\/li><li class=\"\"><div class=\"sya_postcontent\"><span class=\"sya_date\">  <span class=\"sya_sep\"> <\/span><\/span><a href=\"https:\/\/www.carlosyconchita.net\/rutas\/26-06-2020-bornas-060-064-coche\/\" class=\"sya_postlink post-14525\" rel=\"bookmark\">26-06-2020-Bornas 060-064 y Zugarramurdi<\/a> <span class=\"sya_categories\"><span class=\"sya_bracket\">(<\/span>0-Muy f\u00e1cil, Mojones \/ Bornas frontera ES-FR<span class=\"sya_bracket\">)<\/span><\/span><div style=\"padding-left:100px\" class=\"robots-nocontent\"><cite>Debido al mal tiempo, nos dedicamos a localizar estas bornas, a las que se puede llegar en coche, y despu\u00e9s nos damos una vuelta por Zugarramurdi.<\/cite><\/div><\/div><\/li><li class=\"\"><div class=\"sya_postcontent\"><span class=\"sya_date\">  <span class=\"sya_sep\"> <\/span><\/span><a href=\"https:\/\/www.carlosyconchita.net\/rutas\/26-06-2020-borna-044-y-placas-en-el-suelo\/\" class=\"sya_postlink post-14537\" rel=\"bookmark\">26-06-2020-Borna 044 y placas en el suelo<\/a> <span class=\"sya_categories\"><span class=\"sya_bracket\">(<\/span>0-Muy f\u00e1cil, Mojones \/ Bornas frontera ES-FR<span class=\"sya_bracket\">)<\/span><\/span><div style=\"padding-left:100px\" class=\"robots-nocontent\"><cite>Debido a la niebla y lluvia, no podemos hacer las caminatas previstas, y solo hacemos la fotos a la borna 044 y a las 3 placas met\u00e1licas en el suelo, que marcan la l\u00ednea de la frontera.<\/cite><\/div><\/div><\/li><li class=\"\"><div class=\"sya_postcontent\"><span class=\"sya_date\">  <span class=\"sya_sep\"> <\/span><\/span><a href=\"https:\/\/www.carlosyconchita.net\/rutas\/25-06-2020-bornas-073-y-074\/\" class=\"sya_postlink post-14495\" rel=\"bookmark\">25-06-2020-Bornas 073 y 074<\/a> <span class=\"sya_categories\"><span class=\"sya_bracket\">(<\/span>0-Muy f\u00e1cil, 1 - Hasta 5 km., Mojones \/ Bornas frontera ES-FR<span class=\"sya_bracket\">)<\/span><\/span><div style=\"padding-left:100px\" class=\"robots-nocontent\"><cite>Para compensar las dos complicadas rutas anteriores, Eef nos acompa\u00f1a con el coche a ver estas dos bornas, situadas al lado mismo de un camino.<\/cite><\/div><\/div><\/li><li class=\"\"><div class=\"sya_postcontent\"><span class=\"sya_date\">  <span class=\"sya_sep\"> <\/span><\/span><a href=\"https:\/\/www.carlosyconchita.net\/rutas\/25-06-2020-bornas-065-y-066\/\" class=\"sya_postlink post-14487\" rel=\"bookmark\">25-06-2020-Bornas 065 y 066<\/a> <span class=\"sya_categories\"><span class=\"sya_bracket\">(<\/span>1 - Hasta 5 km., 1-F\u00e1cil, 2-Moderada, Mojones \/ Bornas frontera ES-FR<span class=\"sya_bracket\">)<\/span><\/span><div style=\"padding-left:100px\" class=\"robots-nocontent\"><cite>Tambi\u00e9n con la ayuda de Eef Berns, localizamos f\u00e1cilmente la 065 al pi\u00e9 de un camino, y la 066, con un muy complicado acceso despu\u00e9s de cruzar un r\u00edo 2 veces para poder verla.<\/cite><\/div><\/div><\/li><li class=\"\"><div class=\"sya_postcontent\"><span class=\"sya_date\">  <span class=\"sya_sep\"> <\/span><\/span><a href=\"https:\/\/www.carlosyconchita.net\/rutas\/25-06-2020-bornas-067-072-dantxarinea\/\" class=\"sya_postlink post-14475\" rel=\"bookmark\">25-06-2020-Bornas 067-072 (Dantxarinea)<\/a> <span class=\"sya_categories\"><span class=\"sya_bracket\">(<\/span>1 - Hasta 5 km., 2-Moderada, Mojones \/ Bornas frontera ES-FR<span class=\"sya_bracket\">)<\/span><\/span><div style=\"padding-left:100px\" class=\"robots-nocontent\"><cite>Con la ayuda de Eef Berns, localizamos estas bornas, complicadas de encontrar por la maleza, arbustos, zarzas y arboles caidos en varias de ellas.<\/cite><\/div><\/div><\/li><li class=\"\"><div class=\"sya_postcontent\"><span class=\"sya_date\">  <span class=\"sya_sep\"> <\/span><\/span><a href=\"https:\/\/www.carlosyconchita.net\/rutas\/24-06-2020-bornas-018-019-y-020\/\" class=\"sya_postlink post-14447\" rel=\"bookmark\">24-06-2020-Bornas 018-019 y 020 (Benta Zahar)<\/a> <span class=\"sya_categories\"><span class=\"sya_bracket\">(<\/span>0-Muy f\u00e1cil, 1 - Hasta 5 km., Mojones \/ Bornas frontera ES-FR<span class=\"sya_bracket\">)<\/span><\/span><div style=\"padding-left:100px\" class=\"robots-nocontent\"><cite>De nuevo desde la Benta Zahar, repetimos la 018, podemos cruzar el r\u00edo para \"tocar\" la 019 que el a\u00f1o pasado s\u00f3lo fotografiamos desde la otra orilla, y subimos hasta la 020, en una corta caminata que el a\u00f1o pasado no pudimos hacer por culpa de la lluvia.<\/cite><\/div><\/div><\/li><li class=\"\"><div class=\"sya_postcontent\"><span class=\"sya_date\">  <span class=\"sya_sep\"> <\/span><\/span><a href=\"https:\/\/www.carlosyconchita.net\/rutas\/24-06-2020-borna-021-col-de-landaganeta\/\" class=\"sya_postlink post-14432\" rel=\"bookmark\">24-06-2020-Borna 021 &#8211; (Col de Landaga\u00f1eta)<\/a> <span class=\"sya_categories\"><span class=\"sya_bracket\">(<\/span>0-Muy f\u00e1cil, 2 - De 5 a 10 km., Mojones \/ Bornas frontera ES-FR<span class=\"sya_bracket\">)<\/span><\/span><div style=\"padding-left:100px\" class=\"robots-nocontent\"><cite>F\u00e1cil caminata para llegar a la borna 021, que nos hab\u00eda quedado pendiente.<\/cite><\/div><\/div><\/li><li class=\"\"><div class=\"sya_postcontent\"><span class=\"sya_date\">  <span class=\"sya_sep\"> <\/span><\/span><a href=\"https:\/\/www.carlosyconchita.net\/rutas\/24-06-2020-bornas-029-035-col-de-lizuniaga\/\" class=\"sya_postlink post-14421\" rel=\"bookmark\">24-06-2020-Bornas 029-035 (Col de Lizuniaga)<\/a> <span class=\"sya_categories\"><span class=\"sya_bracket\">(<\/span>1-F\u00e1cil, 2 - De 5 a 10 km., Mojones \/ Bornas frontera ES-FR<span class=\"sya_bracket\">)<\/span><\/span><div style=\"padding-left:100px\" class=\"robots-nocontent\"><cite>Desde el Col de Lizuniaga, localizamos las bornas 035 hasta la 029.<\/cite><\/div><\/div><\/li><\/ul> <a id=\"year2019\"><\/a>2019 <span class=\"sya_yearcount\"><span class=\"sya_bracket\">(<\/span>21<span class=\"sya_bracket\">)<\/span><\/span> <ul><li class=\"\"><div class=\"sya_postcontent\"><span class=\"sya_date\">  <span class=\"sya_sep\"> <\/span><\/span><a href=\"https:\/\/www.carlosyconchita.net\/rutas\/08-12-2019-isla-de-los-faisanes\/\" class=\"sya_postlink post-13502\" rel=\"bookmark\">08-12-2019-Isla de los Faisanes (Borna 0)<\/a> <span class=\"sya_categories\"><span class=\"sya_bracket\">(<\/span>0-Muy f\u00e1cil, 1 - Hasta 5 km., Gipuzkoa, Mojones \/ Bornas frontera ES-FR<span class=\"sya_bracket\">)<\/span><\/span><div style=\"padding-left:100px\" class=\"robots-nocontent\"><cite>Ya que estamos intentando seguir todas las bornas o mojones fronterizos entre Espa\u00f1a y Francia, no pod\u00edamos dejar de visitar y fotografiar tambi\u00e9n la Isla de los Faisanes, que casi podr\u00edamos definir como la borna o moj\u00f3n n\u00famero cero, situda en el r\u00edo Bidasoa, administrada por el Ayuntamiento de Ir\u00fan y el municipio franc\u00e9s de Hendaya, y en donde se  firm\u00f3 el Tratado de los Pirineos, origen por as\u00ed decir, del establecimiento de la frontera actual entre Espa\u00f1a y Francia.<\/cite><\/div><\/div><\/li><li class=\"\"><div class=\"sya_postcontent\"><span class=\"sya_date\">  <span class=\"sya_sep\"> <\/span><\/span><a href=\"https:\/\/www.carlosyconchita.net\/rutas\/07-12-2019-bornas-022-028-larrun\/\" class=\"sya_postlink post-13491\" rel=\"bookmark\">07-12-2019-Bornas 022-028 (Larr\u00fan)<\/a> <span class=\"sya_categories\"><span class=\"sya_bracket\">(<\/span>100 Cims Carlos y Conchita, 2-Moderada, 3 - De 10 a 15 km., Mojones \/ Bornas frontera ES-FR, Navarra<span class=\"sya_bracket\">)<\/span><\/span><div style=\"padding-left:100px\" class=\"robots-nocontent\"><cite>Subimos al Larr\u00fan y al Txiki Larr\u00fan o Peque\u00f1o Larr\u00fan, y localizamos las bornas 022 a 028.<\/cite><\/div><\/div><\/li><li class=\"\"><div class=\"sya_postcontent\"><span class=\"sya_date\">  <span class=\"sya_sep\"> <\/span><\/span><a href=\"https:\/\/www.carlosyconchita.net\/rutas\/07-12-2019-bornas-018-019-benta-zahar\/\" class=\"sya_postlink post-13480\" rel=\"bookmark\">07-12-2019-Bornas 018-019 (Benta Zahar)<\/a> <span class=\"sya_categories\"><span class=\"sya_bracket\">(<\/span>0-Muy f\u00e1cil, 1 - Hasta 5 km., Mojones \/ Bornas frontera ES-FR, Navarra<span class=\"sya_bracket\">)<\/span><\/span><div style=\"padding-left:100px\" class=\"robots-nocontent\"><cite>Peque\u00f1a caminata desde la Benta de Zahar para localizar las bornas 018 y 019, pero debido a que ya era muy tarde y hab\u00eda llovido bastante, no intentamos llegar  a la 020.<\/cite><\/div><\/div><\/li><li class=\"\"><div class=\"sya_postcontent\"><span class=\"sya_date\">  <span class=\"sya_sep\"> <\/span><\/span><a href=\"https:\/\/www.carlosyconchita.net\/rutas\/06-12-2019-bornas-002-007-ibardin\/\" class=\"sya_postlink post-13467\" rel=\"bookmark\">06-12-2019-Bornas 002-007 (Ibardin)<\/a> <span class=\"sya_categories\"><span class=\"sya_bracket\">(<\/span>1-F\u00e1cil, 2 - De 5 a 10 km., Gipuzkoa, Mojones \/ Bornas frontera ES-FR<span class=\"sya_bracket\">)<\/span><\/span><div style=\"padding-left:100px\" class=\"robots-nocontent\"><cite>De nuevo desde el Col de Ibardin, continuamos la b\u00fasqueda de bornas, en este caso desde el n\u00famero 002 al 006, aunque pasamos de nuevo por la 007<\/cite><\/div><\/div><\/li><li class=\"\"><div class=\"sya_postcontent\"><span class=\"sya_date\">  <span class=\"sya_sep\"> <\/span><\/span><a href=\"https:\/\/www.carlosyconchita.net\/rutas\/05-12-2019-borna-001-endarlaza\/\" class=\"sya_postlink post-13450\" rel=\"bookmark\">05-12-2019-Borna 001 (Endarlaza)<\/a> <span class=\"sya_categories\"><span class=\"sya_bracket\">(<\/span>0-Muy f\u00e1cil, Gipuzkoa, Mojones \/ Bornas frontera ES-FR<span class=\"sya_bracket\">)<\/span><\/span><div style=\"padding-left:100px\" class=\"robots-nocontent\"><cite>Junto a un puente en Endarlaza, fotografiamos la borna 001 desde el otro lado de la carretera, ya que el camino para llegar a ella est\u00e1 cortado por la Polic\u00eda Local.<\/cite><\/div><\/div><\/li><li class=\"\"><div class=\"sya_postcontent\"><span class=\"sya_date\">  <span class=\"sya_sep\"> <\/span><\/span><a href=\"https:\/\/www.carlosyconchita.net\/rutas\/05-12-2019-bornas-007-017-ibardin\/\" class=\"sya_postlink post-13457\" rel=\"bookmark\">05-12-2019-Bornas 007-017 (Ibardin)<\/a> <span class=\"sya_categories\"><span class=\"sya_bracket\">(<\/span>1-F\u00e1cil, 3 - De 10 a 15 km., Gipuzkoa, Mojones \/ Bornas frontera ES-FR<span class=\"sya_bracket\">)<\/span><\/span><div style=\"padding-left:100px\" class=\"robots-nocontent\"><cite>Desde el Col de Ibardin, hacemos una bonita excursi\u00f3n para fotografiar las bornas 007 a 017<\/cite><\/div><\/div><\/li><li class=\"\"><div class=\"sya_postcontent\"><span class=\"sya_date\">  <span class=\"sya_sep\"> <\/span><\/span><a href=\"https:\/\/www.carlosyconchita.net\/rutas\/29-11-2019-bornas-594-596-st-quirze-colera\/\" class=\"sya_postlink post-13558\" rel=\"bookmark\">29-11-2019-Bornas 594-596 (St.Quirze Colera)<\/a> <span class=\"sya_categories\"><span class=\"sya_bracket\">(<\/span>2-Moderada, 3 - De 10 a 15 km., Girona, Mojones \/ Bornas frontera ES-FR<span class=\"sya_bracket\">)<\/span><\/span><div style=\"padding-left:100px\" class=\"robots-nocontent\"><cite>Desde el monasterio de Sant Quirze de Colera, localizamos las bornas 594, 595 y 596.<\/cite><\/div><\/div><\/li><li class=\"\"><div class=\"sya_postcontent\"><span class=\"sya_date\">  <span class=\"sya_sep\"> <\/span><\/span><a href=\"https:\/\/www.carlosyconchita.net\/rutas\/01-11-2019-borna-478f\/\" class=\"sya_postlink post-13530\" rel=\"bookmark\">01-11-2019-Borna 478F<\/a> <span class=\"sya_categories\"><span class=\"sya_bracket\">(<\/span>0-Muy f\u00e1cil, 1 - Hasta 5 km., Mojones \/ Bornas frontera ES-FR<span class=\"sya_bracket\">)<\/span><\/span><div style=\"padding-left:100px\" class=\"robots-nocontent\"><cite>Esta borna est\u00e1 situada en un terreno particular vallado, y anteriormente s\u00f3lo hab\u00edamos podido fotografiarla desde lejos y a trav\u00e9s de la valla.\r\nEsta vez pedimos permiso a los propietarios y nos dejan entrar y fotografiarla de cerca.<\/cite><\/div><\/div><\/li><li class=\"\"><div class=\"sya_postcontent\"><span class=\"sya_date\">  <span class=\"sya_sep\"> <\/span><\/span><a href=\"https:\/\/www.carlosyconchita.net\/rutas\/26-10-2019-bornas-590-593-puig-de-la-calma\/\" class=\"sya_postlink post-13428\" rel=\"bookmark\">26-10-2019-Bornas 590-593 (Puig de la Calma)<\/a> <span class=\"sya_categories\"><span class=\"sya_bracket\">(<\/span>100 Cims Carlos y Conchita, 2-Moderada, 3 - De 10 a 15 km., Mojones \/ Bornas frontera ES-FR<span class=\"sya_bracket\">)<\/span><\/span><div style=\"padding-left:100px\" class=\"robots-nocontent\"><cite>Desde el Coll de Banyuls , donde est\u00e1 la borna 591 y se puede llegar en coche, localizamos a un lado de la carretera la 590, y despues de bajar de nuevo al Coll de Banyuls, hacia el lado contrario encontramos las 592 y 593.<\/cite><\/div><\/div><\/li><li class=\"\"><div class=\"sya_postcontent\"><span class=\"sya_date\">  <span class=\"sya_sep\"> <\/span><\/span><a href=\"https:\/\/www.carlosyconchita.net\/rutas\/06-10-19-bornas-584-589\/\" class=\"sya_postlink post-13399\" rel=\"bookmark\">06-10-2019-Bornas 584-589<\/a> <span class=\"sya_categories\"><span class=\"sya_bracket\">(<\/span>2-Moderada, 4 - De 15 a 20 km., Mojones \/ Bornas frontera ES-FR<span class=\"sya_bracket\">)<\/span><\/span><div style=\"padding-left:100px\" class=\"robots-nocontent\"><cite>Empezamos a caminar cerca del Puig Neul\u00f3s, y localizamos las bornas 584 hasta la 589, con bonitos paisajes, y llegando ya muy cerca del Mediterr\u00e1neo.<\/cite><\/div><\/div><\/li><li class=\"\"><div class=\"sya_postcontent\"><span class=\"sya_date\">  <span class=\"sya_sep\"> <\/span><\/span><a href=\"https:\/\/www.carlosyconchita.net\/rutas\/13290-2\/\" class=\"sya_postlink post-13290\" rel=\"bookmark\">28-09-2019-Puig Neul\u00f3s (100 Cims) y bornas 582-583<\/a> <span class=\"sya_categories\"><span class=\"sya_bracket\">(<\/span>100 Cims Carlos y Conchita, 100 Cims FEEC, 2-Moderada, 3 - De 10 a 15 km., Girona, Mojones \/ Bornas frontera ES-FR<span class=\"sya_bracket\">)<\/span><\/span><div style=\"padding-left:100px\" class=\"robots-nocontent\"><cite>Subida al Puig Neul\u00f3s (100 Cims)  y localizaci\u00f3n de las bornas 582 y 583.<\/cite><\/div><\/div><\/li><li class=\"\"><div class=\"sya_postcontent\"><span class=\"sya_date\">  <span class=\"sya_sep\"> <\/span><\/span><a href=\"https:\/\/www.carlosyconchita.net\/rutas\/22-09-2019-borna-436-guils\/\" class=\"sya_postlink post-13263\" rel=\"bookmark\">22-09-2019-Borna 436 (Guils)<\/a> <span class=\"sya_categories\"><span class=\"sya_bracket\">(<\/span>1-F\u00e1cil, 2 - De 5 a 10 km., Guils, Mojones \/ Bornas frontera ES-FR<span class=\"sya_bracket\">)<\/span><\/span><div style=\"padding-left:100px\" class=\"robots-nocontent\"><cite>Volvemos a la borna 436, para intentar ver el grabado con la cruz y el n\u00famero, que el pasado 11-11-2016 no pudimos ver, debido a que estaban pr\u00e1cticamente borrados por la erosi\u00f3n.<\/cite><\/div><\/div><\/li><li class=\"\"><div class=\"sya_postcontent\"><span class=\"sya_date\">  <span class=\"sya_sep\"> <\/span><\/span><a href=\"https:\/\/www.carlosyconchita.net\/rutas\/31-08-2019-frontera-borna-573\/\" class=\"sya_postlink post-13217\" rel=\"bookmark\">31-08-2019-Frontera : Borna 573 (Bellegarde)<\/a> <span class=\"sya_categories\"><span class=\"sya_bracket\">(<\/span>1 - Hasta 5 km., 1-F\u00e1cil, Mojones \/ Bornas frontera ES-FR<span class=\"sya_bracket\">)<\/span><\/span><div style=\"padding-left:100px\" class=\"robots-nocontent\"><cite>En compa\u00f1\u00eda de Eef Berns, nos dirigimos al Fort de Bellegarde, en Le Perthus, para localizar y fotografiar la \"dichosa\"\u00a0 borna o moj\u00f3n 573, que hab\u00edamos intentado localizar varias veces, y debido a la gran cantidad de maleza y fuerte pendiente, no hab\u00edamos podido llegar a verla.<\/cite><\/div><\/div><\/li><li class=\"\"><div class=\"sya_postcontent\"><span class=\"sya_date\">  <span class=\"sya_sep\"> <\/span><\/span><a href=\"https:\/\/www.carlosyconchita.net\/rutas\/30-08-2019-frontera-bornas-536-542\/\" class=\"sya_postlink post-13205\" rel=\"bookmark\">30-08-2019-Frontera : Bornas 536-542 (Can d&#8217;Amunt)<\/a> <span class=\"sya_categories\"><span class=\"sya_bracket\">(<\/span>2 - De 5 a 10 km., 3-Dif\u00edcil, Mojones \/ Bornas frontera ES-FR<span class=\"sya_bracket\">)<\/span><\/span><div style=\"padding-left:100px\" class=\"robots-nocontent\"><cite>Con la ayuda de Eef Berns, localizamos las bornas 536 a 542<\/cite><\/div><\/div><\/li><li class=\"\"><div class=\"sya_postcontent\"><span class=\"sya_date\">  <span class=\"sya_sep\"> <\/span><\/span><a href=\"https:\/\/www.carlosyconchita.net\/rutas\/02-08-2019-borna-558-coll-de-manrella\/\" class=\"sya_postlink post-13127\" rel=\"bookmark\">02-08-2019-Borna 558 (Coll de Manrella)<\/a> <span class=\"sya_categories\"><span class=\"sya_bracket\">(<\/span>1 - Hasta 5 km., 2-Moderada, Mojones \/ Bornas frontera ES-FR<span class=\"sya_bracket\">)<\/span><\/span><div style=\"padding-left:100px\" class=\"robots-nocontent\"><cite>Finalmente, al cuarto intento conseguimos llegar a la borna 558 !<\/cite><\/div><\/div><\/li><li class=\"\"><div class=\"sya_postcontent\"><span class=\"sya_date\">  <span class=\"sya_sep\"> <\/span><\/span><a href=\"https:\/\/www.carlosyconchita.net\/rutas\/26-07-2019-bornas-554-557-coll-de-manrella\/\" class=\"sya_postlink post-13102\" rel=\"bookmark\">26-07-2019-Bornas 554-557, con intento 558 (Coll de Manrella)<\/a> <span class=\"sya_categories\"><span class=\"sya_bracket\">(<\/span>2 - De 5 a 10 km., 2-Moderada, Mojones \/ Bornas frontera ES-FR<span class=\"sya_bracket\">)<\/span><\/span><div style=\"padding-left:100px\" class=\"robots-nocontent\"><cite>Desde un poco antes del Coll de Manrella, siguiendo el camino al Santuario de Mare de Deu de Les Salines, llegamos al Coll de Lli, y localizamos las bornas 554 a 557.\r\nTambien hacemos 2 intentos para llegar a la 558 desde dos puntos distintos, sin conseguirlo.<\/cite><\/div><\/div><\/li><li class=\"\"><div class=\"sya_postcontent\"><span class=\"sya_date\">  <span class=\"sya_sep\"> <\/span><\/span><a href=\"https:\/\/www.carlosyconchita.net\/rutas\/21-07-2019-bornas-528-530-hostal-de-la-muga\/\" class=\"sya_postlink post-13085\" rel=\"bookmark\">21-07-2019-Bornas 528-530 (Hostal de la Muga)<\/a> <span class=\"sya_categories\"><span class=\"sya_bracket\">(<\/span>1 - Hasta 5 km., 1-F\u00e1cil, Mojones \/ Bornas frontera ES-FR<span class=\"sya_bracket\">)<\/span><\/span><div style=\"padding-left:100px\" class=\"robots-nocontent\"><cite>Por la zona del Hostal de la Muga, localizamos las bornas 528, 529 y 530 que nos quedaron pendientes el pasado dia 6 de julio.<\/cite><\/div><\/div><\/li><li class=\"\"><div class=\"sya_postcontent\"><span class=\"sya_date\">  <span class=\"sya_sep\"> <\/span><\/span><a href=\"https:\/\/www.carlosyconchita.net\/rutas\/13-07-2019-bornas-559-561-coll-de-manrella\/\" class=\"sya_postlink post-13051\" rel=\"bookmark\">13-07-2019-Bornas 559-561, con intento 558 (Coll de Manrella)<\/a> <span class=\"sya_categories\"><span class=\"sya_bracket\">(<\/span>1 - Hasta 5 km., 1-F\u00e1cil, Mojones \/ Bornas frontera ES-FR<span class=\"sya_bracket\">)<\/span><\/span><div style=\"padding-left:100px\" class=\"robots-nocontent\"><cite>Desde el Coll de Manrella localizamos las bornas 559,560 y 561, e intentamos llegar a la 558, pero debido a la espesa vegetaci\u00f3n y zarzas no podemos pasar por donde ten\u00edamos previsto.<\/cite><\/div><\/div><\/li><li class=\"\"><div class=\"sya_postcontent\"><span class=\"sya_date\">  <span class=\"sya_sep\"> <\/span><\/span><a href=\"https:\/\/www.carlosyconchita.net\/rutas\/13-07-2019-bornas-562-566-le-perthus\/\" class=\"sya_postlink post-13069\" rel=\"bookmark\">13-07-2019-Bornas 562-566 (Le Perthus)<\/a> <span class=\"sya_categories\"><span class=\"sya_bracket\">(<\/span>0-Muy f\u00e1cil, 2 - De 5 a 10 km., Mojones \/ Bornas frontera ES-FR<span class=\"sya_bracket\">)<\/span><\/span><div style=\"padding-left:100px\" class=\"robots-nocontent\"><cite>Recorrido en coche desde las ruinas romanas cerca del Fort de Bellegarde (Le Perthus), para localizar las bornas 562 a 566.\r\nY una caminata a pi\u00e9 desde la borna 569 que est\u00e1 al lado de un peque\u00f1o Cementerio, para intentar llegar a la 573, cosa que no conseguimos.<\/cite><\/div><\/div><\/li><li class=\"\"><div class=\"sya_postcontent\"><span class=\"sya_date\">  <span class=\"sya_sep\"> <\/span><\/span><a href=\"https:\/\/www.carlosyconchita.net\/rutas\/06-07-2019-bornas-531-535-hostal-de-la-muga\/\" class=\"sya_postlink post-13039\" rel=\"bookmark\">06-07-2019-Bornas 531-535 (Hostal de la Muga)<\/a> <span class=\"sya_categories\"><span class=\"sya_bracket\">(<\/span>2 - De 5 a 10 km., 2-Moderada, Mojones \/ Bornas frontera ES-FR<span class=\"sya_bracket\">)<\/span><\/span><div style=\"padding-left:100px\" class=\"robots-nocontent\"><cite>Por la zona del Hostal de la Muga, localizamos las bornas 535 a 531, pero no continuamos hasta la 528 que era nuestra intenci\u00f3n debido al fuerte calor.<\/cite><\/div><\/div><\/li><li class=\"\"><div class=\"sya_postcontent\"><span class=\"sya_date\">  <span class=\"sya_sep\"> <\/span><\/span><a href=\"https:\/\/www.carlosyconchita.net\/rutas\/09-06-2019-la-jonquera-bornas-574-581\/\" class=\"sya_postlink post-12957\" rel=\"bookmark\">09-06-2019-La Jonquera (bornas 574-581)<\/a> <span class=\"sya_categories\"><span class=\"sya_bracket\">(<\/span>1-F\u00e1cil, 3 - De 10 a 15 km., Mojones \/ Bornas frontera ES-FR<span class=\"sya_bracket\">)<\/span><\/span><div style=\"padding-left:100px\" class=\"robots-nocontent\"><cite>Excursi\u00f3n por la zona de la Jonquera, para localizar las bornas 574 a 581<\/cite><\/div><\/div><\/li><\/ul> <a id=\"year2018\"><\/a>2018 <span class=\"sya_yearcount\"><span class=\"sya_bracket\">(<\/span>14<span class=\"sya_bracket\">)<\/span><\/span> <ul><li class=\"\"><div class=\"sya_postcontent\"><span class=\"sya_date\">  <span class=\"sya_sep\"> <\/span><\/span><a href=\"https:\/\/www.carlosyconchita.net\/rutas\/09-12-2018-monte-lindux-bornas-152-155\/\" class=\"sya_postlink post-15397\" rel=\"bookmark\">09-12-2018-Monte Lindux-Bornas 152-155<\/a> <span class=\"sya_categories\"><span class=\"sya_bracket\">(<\/span>0-Muy f\u00e1cil, 1 - Hasta 5 km., 100 Cims Carlos y Conchita, Mojones \/ Bornas frontera ES-FR, Navarra<span class=\"sya_bracket\">)<\/span><\/span><div style=\"padding-left:100px\" class=\"robots-nocontent\"><cite>Antes de iniciar la vuelta a casa, localizamos estas bornas con el coche , y hacemos una peque\u00f1a caminata para subir al Monte Lindux<\/cite><\/div><\/div><\/li><li class=\"\"><div class=\"sya_postcontent\"><span class=\"sya_date\">  <span class=\"sya_sep\"> <\/span><\/span><a href=\"https:\/\/www.carlosyconchita.net\/rutas\/08-12-2018-embalse-irabia-bornas-225-226\/\" class=\"sya_postlink post-12345\" rel=\"bookmark\">08-12-2018-Embalse Irabia &#8211; Bornas 225-226<\/a> <span class=\"sya_categories\"><span class=\"sya_bracket\">(<\/span>1-F\u00e1cil, 3 - De 10 a 15 km., Mojones \/ Bornas frontera ES-FR, Navarra<span class=\"sya_bracket\">)<\/span><\/span><div style=\"padding-left:100px\" class=\"robots-nocontent\"><cite>Excursi\u00f3n para rodear el embalse de Irabia, y de paso localizamos estas dos bornas, aunque la 226 s\u00f3lo la podemos fotografiar desde lejos, ya que no podemos cruzar 2 r\u00edos que llevan mucha agua.<\/cite><\/div><\/div><\/li><li class=\"\"><div class=\"sya_postcontent\"><span class=\"sya_date\">  <span class=\"sya_sep\"> <\/span><\/span><a href=\"https:\/\/www.carlosyconchita.net\/rutas\/07-12-2018-bornas-193-196\/\" class=\"sya_postlink post-12334\" rel=\"bookmark\">07-12-2018-Bornas 193-196-Puerto de Iba\u00f1eta-Roncesvalles<\/a> <span class=\"sya_categories\"><span class=\"sya_bracket\">(<\/span>0-Muy f\u00e1cil, Mojones \/ Bornas frontera ES-FR, Navarra<span class=\"sya_bracket\">)<\/span><\/span><div style=\"padding-left:100px\" class=\"robots-nocontent\"><cite>Empezando en el peque\u00f1o pueblo de Ameguy, localizamos unas pocas bornas de esta zona<\/cite><\/div><\/div><\/li><li class=\"\"><div class=\"sya_postcontent\"><span class=\"sya_date\">  <span class=\"sya_sep\"> <\/span><\/span><a href=\"https:\/\/www.carlosyconchita.net\/rutas\/06-12-2018-bornas-256-a-262\/\" class=\"sya_postlink post-12325\" rel=\"bookmark\">06-12-2018-Bornas 256 a 262-Isaba-Roncal<\/a> <span class=\"sya_categories\"><span class=\"sya_bracket\">(<\/span>0-Muy f\u00e1cil, Mojones \/ Bornas frontera ES-FR, Navarra<span class=\"sya_bracket\">)<\/span><\/span><div style=\"padding-left:100px\" class=\"robots-nocontent\"><cite>Localizamos estas bornas , muy cerca de la carretera, en un tramo de de unos 4-5 km.<\/cite><\/div><\/div><\/li><li class=\"\"><div class=\"sya_postcontent\"><span class=\"sya_date\">  <span class=\"sya_sep\"> <\/span><\/span><a href=\"https:\/\/www.carlosyconchita.net\/rutas\/05-12-2018-jaca-canfranc-bornas-305-305-bis\/\" class=\"sya_postlink post-12322\" rel=\"bookmark\">05-12-2018-Jaca-Canfranc-Bornas 305-305 bis<\/a> <span class=\"sya_categories\"><span class=\"sya_bracket\">(<\/span>0-Muy f\u00e1cil, Huesca, Mojones \/ Bornas frontera ES-FR<span class=\"sya_bracket\">)<\/span><\/span><div style=\"padding-left:100px\" class=\"robots-nocontent\"><cite>Fotografiamos estas 2 bornas que est\u00e1n en la misma carretera, en la antigua aduana.<\/cite><\/div><\/div><\/li><li class=\"\"><div class=\"sya_postcontent\"><span class=\"sya_date\">  <span class=\"sya_sep\"> <\/span><\/span><a href=\"https:\/\/www.carlosyconchita.net\/rutas\/08-09-2018-noucreus-fosa-del-gegant\/\" class=\"sya_postlink post-11876\" rel=\"bookmark\">08-09-2018-Noucreus-Fosa del Gegant (borna 510)<\/a> <span class=\"sya_categories\"><span class=\"sya_bracket\">(<\/span>100 Cims Carlos y Conchita, 2-Moderada, 3 - De 10 a 15 km., Mojones \/ Bornas frontera ES-FR, Nuria<span class=\"sya_bracket\">)<\/span><\/span><div style=\"padding-left:100px\" class=\"robots-nocontent\"><cite>Excursi\u00f3n por la zona de Nuria, en la que pasamos de nuevo por la borna 510<\/cite><\/div><\/div><\/li><li class=\"\"><div class=\"sya_postcontent\"><span class=\"sya_date\">  <span class=\"sya_sep\"> <\/span><\/span><a href=\"https:\/\/www.carlosyconchita.net\/rutas\/14-07-2018-pics-de-envalira-y-portella-blanca\/\" class=\"sya_postlink post-11908\" rel=\"bookmark\">14-07-2018-Pics de Envalira y Portella Blanca (borna 427)<\/a> <span class=\"sya_categories\"><span class=\"sya_bracket\">(<\/span>2 - De 5 a 10 km., 2-Moderada, Andorra, Mojones \/ Bornas frontera ES-FR<span class=\"sya_bracket\">)<\/span><\/span><div style=\"padding-left:100px\" class=\"robots-nocontent\"><cite>Volvemos de nuevo la Portella Blanca de Andorra, en donde est\u00e1 la borna 427, pasando antes por los picos de Envalira y el pico Negro de Envalira.<\/cite><\/div><\/div><\/li><li class=\"\"><div class=\"sya_postcontent\"><span class=\"sya_date\">  <span class=\"sya_sep\"> <\/span><\/span><a href=\"https:\/\/www.carlosyconchita.net\/rutas\/06-07-2018-le-perthus-bornas-567-572\/\" class=\"sya_postlink post-11781\" rel=\"bookmark\">06-07-2018-Le Perthus : bornas 567-572<\/a> <span class=\"sya_categories\"><span class=\"sya_bracket\">(<\/span>0-Muy f\u00e1cil, 1 - Hasta 5 km., Girona, Mojones \/ Bornas frontera ES-FR<span class=\"sya_bracket\">)<\/span><\/span><div style=\"padding-left:100px\" class=\"robots-nocontent\"><cite>Excursi\u00f3n por los alrededores de Le Perthus, para visitar el fuerte de Bellegarde y localizar y fotografiar las bornas 567 a 572 que est\u00e1n en los alrededores.<\/cite><\/div><\/div><\/li><li class=\"\"><div class=\"sya_postcontent\"><span class=\"sya_date\">  <span class=\"sya_sep\"> <\/span><\/span><a href=\"https:\/\/www.carlosyconchita.net\/rutas\/29-06-2018-coustouges-bornas-543-a-553\/\" class=\"sya_postlink post-11737\" rel=\"bookmark\">29-06-2018-Coustouges : bornas 543 a 553<\/a> <span class=\"sya_categories\"><span class=\"sya_bracket\">(<\/span>2-Moderada, 3 - De 10 a 15 km., Catalunya Nord - sin clasificar, Francia, Mojones \/ Bornas frontera ES-FR<span class=\"sya_bracket\">)<\/span><\/span><div style=\"padding-left:100px\" class=\"robots-nocontent\"><cite>Dos caminatas en el mismo d\u00eda, para localizar y fotografiar las bornas 543 a la 553, cerca de Coustouges.<\/cite><\/div><\/div><\/li><li class=\"\"><div class=\"sya_postcontent\"><span class=\"sya_date\">  <span class=\"sya_sep\"> <\/span><\/span><a href=\"https:\/\/www.carlosyconchita.net\/rutas\/17-06-2018-pla-de-la-muga-coll-de-mitjorn-borna-523\/\" class=\"sya_postlink post-11725\" rel=\"bookmark\">17-06-2018-Pla de la Muga -Coll de Mitjorn (borna 523)<\/a> <span class=\"sya_categories\"><span class=\"sya_bracket\">(<\/span>1-F\u00e1cil, 2 - De 5 a 10 km., Mojones \/ Bornas frontera ES-FR<span class=\"sya_bracket\">)<\/span><\/span><div style=\"padding-left:100px\" class=\"robots-nocontent\"><cite>F\u00e1cil caminata para llegar a la borna 523, en el Pla de la Muga, y despu\u00e9s hasta el Coll del Faig de Mitjorn<\/cite><\/div><\/div><\/li><li class=\"\"><div class=\"sya_postcontent\"><span class=\"sya_date\">  <span class=\"sya_sep\"> <\/span><\/span><a href=\"https:\/\/www.carlosyconchita.net\/rutas\/16-06-2018-bornas-524-a-527-golf-falgos\/\" class=\"sya_postlink post-11714\" rel=\"bookmark\">16-06-2018-Bornas 524 a 527 (Golf Falg\u00f3s)<\/a> <span class=\"sya_categories\"><span class=\"sya_bracket\">(<\/span>2-Moderada, Mojones \/ Bornas frontera ES-FR<span class=\"sya_bracket\">)<\/span><\/span><div style=\"padding-left:100px\" class=\"robots-nocontent\"><cite>Dif\u00edcil y complicada caminata para localizar las bornas 524 a la 527<\/cite><\/div><\/div><\/li><li class=\"\"><div class=\"sya_postcontent\"><span class=\"sya_date\">  <span class=\"sya_sep\"> <\/span><\/span><a href=\"https:\/\/www.carlosyconchita.net\/rutas\/15-06-2018-colls-de-malrem-y-de-vernadell-bornas-520-521\/\" class=\"sya_postlink post-11696\" rel=\"bookmark\">15-06-2018-Colls de Malrem y de Vernadell (bornas 520-521)<\/a> <span class=\"sya_categories\"><span class=\"sya_bracket\">(<\/span>1-F\u00e1cil, Girona, Mojones \/ Bornas frontera ES-FR<span class=\"sya_bracket\">)<\/span><\/span><div style=\"padding-left:100px\" class=\"robots-nocontent\"><cite>Excursi\u00f3n al Coll de Malrem (borna 521) y al Coll de Vernadell (borna 520)\r\nLa borna 520 ya la habiamos visto el dia 08-10-2017.\r\nY por la carretera, paramos un momento en el Coll de Ares, para fotografiar de nuevo la borna 519<\/cite><\/div><\/div><\/li><li class=\"\"><div class=\"sya_postcontent\"><span class=\"sya_date\">  <span class=\"sya_sep\"> <\/span><\/span><a href=\"https:\/\/www.carlosyconchita.net\/rutas\/02-06-2018-pics-de-comanegra-y-bruixas-borna-522\/\" class=\"sya_postlink post-11685\" rel=\"bookmark\">02-06-2018-Pic de Comanegra (y Bruixas) (borna 522) (2 x 100 CIMS)<\/a> <span class=\"sya_categories\"><span class=\"sya_bracket\">(<\/span>100 Cims Carlos y Conchita, 100 Cims FEEC, 2-Moderada, 3 - De 10 a 15 km., Girona, Mojones \/ Bornas frontera ES-FR<span class=\"sya_bracket\">)<\/span><\/span><div style=\"padding-left:100px\" class=\"robots-nocontent\"><cite>Excursi\u00f3n a los picos de Comanegra y de las Bruixas, con un peque\u00f1o desvio para ver la borna 522<\/cite><\/div><\/div><\/li><li class=\"\"><div class=\"sya_postcontent\"><span class=\"sya_date\">  <span class=\"sya_sep\"> <\/span><\/span><a href=\"https:\/\/www.carlosyconchita.net\/rutas\/02-06-2018-pics-de-comanegra-y-bruixas-borna-522-copy\/\" class=\"sya_postlink post-15357\" rel=\"bookmark\">02-06-2018-Pic de les Bruixas (y Comanegra) (borna 522) (2 x 100 CIMS)<\/a> <span class=\"sya_categories\"><span class=\"sya_bracket\">(<\/span>100 Cims Carlos y Conchita, 100 Cims FEEC, 2-Moderada, 3 - De 10 a 15 km., Girona, Mojones \/ Bornas frontera ES-FR<span class=\"sya_bracket\">)<\/span><\/span><div style=\"padding-left:100px\" class=\"robots-nocontent\"><cite>Nota : debido a que tanto el Comanegra\u00a0 como el de las Bruixas est\u00e1n en la lista de los 100 CIMS de la FEEC, publicamos 2 rutas iguales, para poder contar el n\u00famero de 100 CIMS que hemos hecho. &nbsp; La excursi\u00f3n de hoy empieza junto a la Bassa de Monars y nos llevar\u00e1 a [&hellip;]<\/cite><\/div><\/div><\/li><\/ul> <a id=\"year2017\"><\/a>2017 <span class=\"sya_yearcount\"><span class=\"sya_bracket\">(<\/span>11<span class=\"sya_bracket\">)<\/span><\/span> <ul><li class=\"\"><div class=\"sya_postcontent\"><span class=\"sya_date\">  <span class=\"sya_sep\"> <\/span><\/span><a href=\"https:\/\/www.carlosyconchita.net\/rutas\/mojones-bornas-es-fr-informacion-general\/\" class=\"sya_postlink post-12021\" rel=\"bookmark\">MOJONES (BORNAS) ES-FR<\/a> <span class=\"sya_categories\"><span class=\"sya_bracket\">(<\/span>Mojones \/ Bornas frontera ES-FR<span class=\"sya_bracket\">)<\/span><\/span><div style=\"padding-left:100px\" class=\"robots-nocontent\"><cite>1- Observaciones\u00a0 Nos referimos aqu\u00ed a las \u00abbornas\u00bb (palabra inventada por nosotros), \u00abbornes (en franc\u00e9s), \u00abfites\u00bb (en catal\u00e1n) o mojones o mugas (en castellano) que vamos localizando y que se\u00f1alan la frontera entre Espa\u00f1a-Francia. La frontera actual entre Espa\u00f1a y Francia se defini\u00f3 en el Tratado de los Pirineos de 1659\u00a0 en la Isla de [&hellip;]<\/cite><\/div><\/div><\/li><li class=\"\"><div class=\"sya_postcontent\"><span class=\"sya_date\">  <span class=\"sya_sep\"> <\/span><\/span><a href=\"https:\/\/www.carlosyconchita.net\/rutas\/12-10-2017-pics-noufonts-eyne-bornas-508-509\/\" class=\"sya_postlink post-10745\" rel=\"bookmark\">12-10-2017-Pic de Noufonts (100 Cims) y Pic de Eyne (bornas 508-509)<\/a> <span class=\"sya_categories\"><span class=\"sya_bracket\">(<\/span>100 Cims Carlos y Conchita, 100 Cims FEEC, 2 - De 5 a 10 km., 2-Moderada, Mojones \/ Bornas frontera ES-FR, Nuria<span class=\"sya_bracket\">)<\/span><\/span><div style=\"padding-left:100px\" class=\"robots-nocontent\"><cite>Desde Nuria subimos al pico de Noufonts y al Coll de Eyne para localizar la borna 508 y de nuevo la 509 (la hab\u00edamos visto el 31-07-2017)<\/cite><\/div><\/div><\/li><li class=\"\"><div class=\"sya_postcontent\"><span class=\"sya_date\">  <span class=\"sya_sep\"> <\/span><\/span><a href=\"https:\/\/www.carlosyconchita.net\/rutas\/08-10-2017-coll-ares-torre-mir-bornas-516-520\/\" class=\"sya_postlink post-10736\" rel=\"bookmark\">08-10-2017 &#8211; Coll de Ares &#8211; Torre de Mir (bornas 516-520)<\/a> <span class=\"sya_categories\"><span class=\"sya_bracket\">(<\/span>2-Moderada, 4 - De 15 a 20 km., Girona, Mojones \/ Bornas frontera ES-FR<span class=\"sya_bracket\">)<\/span><\/span><div style=\"padding-left:100px\" class=\"robots-nocontent\"><cite>Iniciamos la caminata en el Coll de Ares , en direcci\u00f3n a la Torre de Mir, para encontrar las bornas 516 a 519, y despu\u00e9s , en el Coll de Ares, pero al otro lado de la carretera, llegamos al Coll de Vernadell, en donde est\u00e1 la borna 520<\/cite><\/div><\/div><\/li><li class=\"\"><div class=\"sya_postcontent\"><span class=\"sya_date\">  <span class=\"sya_sep\"> <\/span><\/span><a href=\"https:\/\/www.carlosyconchita.net\/rutas\/07-10-2017-colls-pregon-siern-bornas-514-515\/\" class=\"sya_postlink post-10728\" rel=\"bookmark\">07-10-2017 &#8211; Colls de Pregon y Siern (bornas 514-515)<\/a> <span class=\"sya_categories\"><span class=\"sya_bracket\">(<\/span>1-F\u00e1cil, 3 - De 10 a 15 km., Girona, Mojones \/ Bornas frontera ES-FR<span class=\"sya_bracket\">)<\/span><\/span><div style=\"padding-left:100px\" class=\"robots-nocontent\"><cite>Desde Espinavell nos dirigimos al Coll de Preg\u00f3n y despu\u00e9s al de Siern, para localizar las bornas 514 y 515<\/cite><\/div><\/div><\/li><li class=\"\"><div class=\"sya_postcontent\"><span class=\"sya_date\">  <span class=\"sya_sep\"> <\/span><\/span><a href=\"https:\/\/www.carlosyconchita.net\/rutas\/22-08-2017-costabona-roc-colom-bornas-512-513\/\" class=\"sya_postlink post-10641\" rel=\"bookmark\">22-08-2017-Costabona (100 Cims) y Roc Colom (bornas 512-513)<\/a> <span class=\"sya_categories\"><span class=\"sya_bracket\">(<\/span>100 Cims Carlos y Conchita, 100 Cims FEEC, 2-Moderada, 3 - De 10 a 15 km., Mojones \/ Bornas frontera ES-FR, Vallter<span class=\"sya_bracket\">)<\/span><\/span><div style=\"padding-left:100px\" class=\"robots-nocontent\"><cite>Subida al Costabona y localizaci\u00f3n de las bornas 512 y 513<\/cite><\/div><\/div><\/li><li class=\"\"><div class=\"sya_postcontent\"><span class=\"sya_date\">  <span class=\"sya_sep\"> <\/span><\/span><a href=\"https:\/\/www.carlosyconchita.net\/rutas\/04-08-2017-pic-la-dona-borna-511\/\" class=\"sya_postlink post-10624\" rel=\"bookmark\">04-08-2017-Pic de la Dona (borna 511)<\/a> <span class=\"sya_categories\"><span class=\"sya_bracket\">(<\/span>100 Cims Carlos y Conchita, 2 - De 5 a 10 km., 2-Moderada, Mojones \/ Bornas frontera ES-FR, Vallter<span class=\"sya_bracket\">)<\/span><\/span><div style=\"padding-left:100px\" class=\"robots-nocontent\"><cite>Excursi\u00f3n a la Portella de Mantet , donde est\u00e1 la borna 511 y despu\u00e9s subida al Pic de la Dona.<\/cite><\/div><\/div><\/li><li class=\"\"><div class=\"sya_postcontent\"><span class=\"sya_date\">  <span class=\"sya_sep\"> <\/span><\/span><a href=\"https:\/\/www.carlosyconchita.net\/rutas\/31-07-2017-coll-pic-noucreus-coll-noufonts\/\" class=\"sya_postlink post-10579\" rel=\"bookmark\">31-07-2017-Coll y Pic Noucreus y Coll Noufonts (bornas 509-510)<\/a> <span class=\"sya_categories\"><span class=\"sya_bracket\">(<\/span>100 Cims Carlos y Conchita, 2-Moderada, 3 - De 10 a 15 km., Mojones \/ Bornas frontera ES-FR, Nuria<span class=\"sya_bracket\">)<\/span><\/span><div style=\"padding-left:100px\" class=\"robots-nocontent\"><cite>Desde Nuria subimos al Coll y Pic Noucreus y Coll Noufonts para localizar las bornas 509-510<\/cite><\/div><\/div><\/li><li class=\"\"><div class=\"sya_postcontent\"><span class=\"sya_date\">  <span class=\"sya_sep\"> <\/span><\/span><a href=\"https:\/\/www.carlosyconchita.net\/rutas\/30-07-2017-bornas-varias\/\" class=\"sya_postlink post-10573\" rel=\"bookmark\">30-07-2017-Bornas varias<\/a> <span class=\"sya_categories\"><span class=\"sya_bracket\">(<\/span>0-Muy f\u00e1cil, 1 - Hasta 5 km., Mojones \/ Bornas frontera ES-FR<span class=\"sya_bracket\">)<\/span><\/span><div style=\"padding-left:100px\" class=\"robots-nocontent\"><cite>Localizamos varias bornas por los alrededores de Bourgmadame y Puigcerd\u00e1.<\/cite><\/div><\/div><\/li><li class=\"\"><div class=\"sya_postcontent\"><span class=\"sya_date\">  <span class=\"sya_sep\"> <\/span><\/span><a href=\"https:\/\/www.carlosyconchita.net\/rutas\/28-07-2017-portella-blanca-andorra-borna-427\/\" class=\"sya_postlink post-10546\" rel=\"bookmark\">28-07-2017-Portella Blanca Andorra &#8211; borna 427<\/a> <span class=\"sya_categories\"><span class=\"sya_bracket\">(<\/span>2 - De 5 a 10 km., 2-Moderada, Andorra, Mojones \/ Bornas frontera ES-FR<span class=\"sya_bracket\">)<\/span><\/span><div style=\"padding-left:100px\" class=\"robots-nocontent\"><cite>Bonita excursi\u00f3n para llegar a la Portella Blanca de Andorra, en donde se unen las fronteras de Espa\u00f1a, Francia y Andorra, en la borna 427<\/cite><\/div><\/div><\/li><li class=\"\"><div class=\"sya_postcontent\"><span class=\"sya_date\">  <span class=\"sya_sep\"> <\/span><\/span><a href=\"https:\/\/www.carlosyconchita.net\/rutas\/14-07-2017-puigpedros-portella-meranges-borna-428\/\" class=\"sya_postlink post-10429\" rel=\"bookmark\">14-07-2017 &#8211; Puigpedr\u00f3s (100 Cims) y Portella Meranges (borna 428)<\/a> <span class=\"sya_categories\"><span class=\"sya_bracket\">(<\/span>100 Cims Carlos y Conchita, 100 Cims FEEC, 3 - De 10 a 15 km., 3-Dif\u00edcil, Girona, Mojones \/ Bornas frontera ES-FR<span class=\"sya_bracket\">)<\/span><\/span><div style=\"padding-left:100px\" class=\"robots-nocontent\"><cite>Subida al Puigpedr\u00f3s y despu\u00e9s bajada a la Portella de Meranges, en donde est\u00e1 la borna 428<\/cite><\/div><\/div><\/li><li class=\"\"><div class=\"sya_postcontent\"><span class=\"sya_date\">  <span class=\"sya_sep\"> <\/span><\/span><a href=\"https:\/\/www.carlosyconchita.net\/rutas\/07-07-2017-guils-fontanera-linea-la-frontera-bornas-434-429\/\" class=\"sya_postlink post-10394\" rel=\"bookmark\">07-07-2017 &#8211; Guils Fontanera -Roca Colom, Puig Pedr\u00f3 de la Tossa,  Puig Farin\u00f3s y Font del Boved\u00f3 (bornas 434-429)<\/a> <span class=\"sya_categories\"><span class=\"sya_bracket\">(<\/span>100 Cims Carlos y Conchita, 3-Dif\u00edcil, 4 - De 15 a 20 km., Guils, Mojones \/ Bornas frontera ES-FR<span class=\"sya_bracket\">)<\/span><\/span><div style=\"padding-left:100px\" class=\"robots-nocontent\"><cite>Larga pero muy bonita excursi\u00f3n desde Guils-Fontanera para localizar las bornas 434 a la 429<\/cite><\/div><\/div><\/li><\/ul> <a id=\"year2016\"><\/a>2016 <span class=\"sya_yearcount\"><span class=\"sya_bracket\">(<\/span>14<span class=\"sya_bracket\">)<\/span><\/span> <ul><li class=\"\"><div class=\"sya_postcontent\"><span class=\"sya_date\">  <span class=\"sya_sep\"> <\/span><\/span><a href=\"https:\/\/www.carlosyconchita.net\/rutas\/11-11-2016-guils-bornas-frontera-443-434\/\" class=\"sya_postlink post-9712\" rel=\"bookmark\">11-11-2016 &#8211; Guils : bornas frontera 443-434<\/a> <span class=\"sya_categories\"><span class=\"sya_bracket\">(<\/span>2-Moderada, 3 - De 10 a 15 km., Guils, Mojones \/ Bornas frontera ES-FR<span class=\"sya_bracket\">)<\/span><\/span><div style=\"padding-left:100px\" class=\"robots-nocontent\"><cite>Caminata cerca de la estaci\u00f3n de ski de Guils , para localizar las bornas 443 a la 434, con mucho viento y nieve cuando llegamos arriba a la 434, por lo que no continuamos y volvemos.<\/cite><\/div><\/div><\/li><li class=\"\"><div class=\"sya_postcontent\"><span class=\"sya_date\">  <span class=\"sya_sep\"> <\/span><\/span><a href=\"https:\/\/www.carlosyconchita.net\/rutas\/frontera-bornas-496-501\/\" class=\"sya_postlink post-9549\" rel=\"bookmark\">23-10-2016 &#8211; Frontera : Bornas 496-501<\/a> <span class=\"sya_categories\"><span class=\"sya_bracket\">(<\/span>1-F\u00e1cil, 2 - De 5 a 10 km., Mojones \/ Bornas frontera ES-FR, Saillagosa<span class=\"sya_bracket\">)<\/span><\/span><div style=\"padding-left:100px\" class=\"robots-nocontent\"><cite>Desde el camino forestal que va de Osseja a la Coma Morera, localizamos las bornas 496 a 501<\/cite><\/div><\/div><\/li><li class=\"\"><div class=\"sya_postcontent\"><span class=\"sya_date\">  <span class=\"sya_sep\"> <\/span><\/span><a href=\"https:\/\/www.carlosyconchita.net\/rutas\/22-10-2016-frontera-bornas-481f-495\/\" class=\"sya_postlink post-9535\" rel=\"bookmark\">22-10-2016 &#8211; Frontera : bornas 481F-495<\/a> <span class=\"sya_categories\"><span class=\"sya_bracket\">(<\/span>0-Muy f\u00e1cil, 2 - De 5 a 10 km., Mojones \/ Bornas frontera ES-FR<span class=\"sya_bracket\">)<\/span><\/span><div style=\"padding-left:100px\" class=\"robots-nocontent\"><cite>Caminata por los campos entre Puigcerd\u00e1, Bourmadame y Palau de Cerdanya, para localizar estas bornas.<\/cite><\/div><\/div><\/li><li class=\"\"><div class=\"sya_postcontent\"><span class=\"sya_date\">  <span class=\"sya_sep\"> <\/span><\/span><a href=\"https:\/\/www.carlosyconchita.net\/rutas\/15-10-2016-pic-finestrelles-borna-507\/\" class=\"sya_postlink post-9491\" rel=\"bookmark\">15-10-2016 &#8211; Pic de Finestrelles (y borna 507)<\/a> <span class=\"sya_categories\"><span class=\"sya_bracket\">(<\/span>100 Cims Carlos y Conchita, 2-Moderada, 3 - De 10 a 15 km., 3-Dif\u00edcil, Mojones \/ Bornas frontera ES-FR, Nuria<span class=\"sya_bracket\">)<\/span><\/span><div style=\"padding-left:100px\" class=\"robots-nocontent\"><cite>Desde Nuria subimos al Coll de Finestrelles, donde vemos la borna 507, y despu\u00e9s continuamos hasta el Pic de Finestrelles.<\/cite><\/div><\/div><\/li><li class=\"\"><div class=\"sya_postcontent\"><span class=\"sya_date\">  <span class=\"sya_sep\"> <\/span><\/span><a href=\"https:\/\/www.carlosyconchita.net\/rutas\/24-09-2016-frontera-bornas-458-459\/\" class=\"sya_postlink post-9068\" rel=\"bookmark\">24-09-2016 &#8211; Frontera : Bornas 458-459<\/a> <span class=\"sya_categories\"><span class=\"sya_bracket\">(<\/span>0-Muy f\u00e1cil, 1 - Hasta 5 km., Mojones \/ Bornas frontera ES-FR<span class=\"sya_bracket\">)<\/span><\/span><div style=\"padding-left:100px\" class=\"robots-nocontent\"><cite>Desde la borna 459 a donde se puede llegar en coche, buscamos y fotografiamos la 458, que nos hab\u00edamos \"saltado\" por despiste el pasado d\u00eda 11-09-2016<\/cite><\/div><\/div><\/li><li class=\"\"><div class=\"sya_postcontent\"><span class=\"sya_date\">  <span class=\"sya_sep\"> <\/span><\/span><a href=\"https:\/\/www.carlosyconchita.net\/rutas\/23-09-2016-frontera-bornas-470-477\/\" class=\"sya_postlink post-9020\" rel=\"bookmark\">23-09-2016 &#8211; Frontera : Bornas 470-477<\/a> <span class=\"sya_categories\"><span class=\"sya_bracket\">(<\/span>1-F\u00e1cil, 2 - De 5 a 10 km., Mojones \/ Bornas frontera ES-FR<span class=\"sya_bracket\">)<\/span><\/span><div style=\"padding-left:100px\" class=\"robots-nocontent\"><cite>Segunda caminata de hoy , en la que repetimos y completamos la b\u00fasqueda y fotograf\u00edas de las bornas 470 a la 477, esta vez con informaci\u00f3n m\u00e1s concreta para localizarlas.<\/cite><\/div><\/div><\/li><li class=\"\"><div class=\"sya_postcontent\"><span class=\"sya_date\">  <span class=\"sya_sep\"> <\/span><\/span><a href=\"https:\/\/www.carlosyconchita.net\/rutas\/23-09-2016-frontera-bornas-466-469\/\" class=\"sya_postlink post-9013\" rel=\"bookmark\">23-09-2016 &#8211; Frontera : Bornas 466-469<\/a> <span class=\"sya_categories\"><span class=\"sya_bracket\">(<\/span>0-Muy f\u00e1cil, 1 - Hasta 5 km., Catalunya Nord - sin clasificar, Mojones \/ Bornas frontera ES-FR<span class=\"sya_bracket\">)<\/span><\/span><div style=\"padding-left:100px\" class=\"robots-nocontent\"><cite>Primera caminata del d\u00eda de hoy para la b\u00fasqueda y fotograf\u00edas de las bornas 466 a la 469<\/cite><\/div><\/div><\/li><li class=\"\"><div class=\"sya_postcontent\"><span class=\"sya_date\">  <span class=\"sya_sep\"> <\/span><\/span><a href=\"https:\/\/www.carlosyconchita.net\/rutas\/11-09-2016-frontera-bornas-455-465\/\" class=\"sya_postlink post-8951\" rel=\"bookmark\">11-09-2016 &#8211; Frontera : bornas 455-465<\/a> <span class=\"sya_categories\"><span class=\"sya_bracket\">(<\/span>2 - De 5 a 10 km., 2-Moderada, Cerdanya Sur-Cad\u00ed-Moixer\u00f3, Mojones \/ Bornas frontera ES-FR<span class=\"sya_bracket\">)<\/span><\/span><div style=\"padding-left:100px\" class=\"robots-nocontent\"><cite>Cerca de Saneja y Guils, buscamos y fotograf\u00edamos las bornas 455 a la 465, pero por despiste nos saltamos la 458.<\/cite><\/div><\/div><\/li><li class=\"\"><div class=\"sya_postcontent\"><span class=\"sya_date\">  <span class=\"sya_sep\"> <\/span><\/span><a href=\"https:\/\/www.carlosyconchita.net\/rutas\/10-09-2016-frontera-bornas-444-454\/\" class=\"sya_postlink post-8931\" rel=\"bookmark\">10-09-2016 &#8211; Frontera : bornas 444-454<\/a> <span class=\"sya_categories\"><span class=\"sya_bracket\">(<\/span>1-F\u00e1cil, 2 - De 5 a 10 km., Cerdanya Sur-Cad\u00ed-Moixer\u00f3, Mojones \/ Bornas frontera ES-FR<span class=\"sya_bracket\">)<\/span><\/span><div style=\"padding-left:100px\" class=\"robots-nocontent\"><cite>B\u00fasqueda y fotograf\u00edas de las bornas 444 a la 454, cerca de Guils.<\/cite><\/div><\/div><\/li><li class=\"\"><div class=\"sya_postcontent\"><span class=\"sya_date\">  <span class=\"sya_sep\"> <\/span><\/span><a href=\"https:\/\/www.carlosyconchita.net\/rutas\/30-07-2016-ur-puigcerda-bornas-471473474\/\" class=\"sya_postlink post-14155\" rel=\"bookmark\">30-07-2016- Ur -Puigcerd\u00e1 (bornas 471-477)<\/a> <span class=\"sya_categories\"><span class=\"sya_bracket\">(<\/span>0-Muy f\u00e1cil, Mojones \/ Bornas frontera ES-FR<span class=\"sya_bracket\">)<\/span><\/span><div style=\"padding-left:100px\" class=\"robots-nocontent\"><cite>Intentamos localizar estas bornas, pero al no llevar demasiada informaci\u00f3n, solo vemos la 471 (no est\u00e1bamos seguros de que lo fuera), la 473, 474, 476 y 477.<\/cite><\/div><\/div><\/li><li class=\"\"><div class=\"sya_postcontent\"><span class=\"sya_date\">  <span class=\"sya_sep\"> <\/span><\/span><a href=\"https:\/\/www.carlosyconchita.net\/rutas\/10-06-2016-puig-dorria-borna-506\/\" class=\"sya_postlink post-8646\" rel=\"bookmark\">10-06-2016 &#8211; Puig de Dorria (y Borna 506)<\/a> <span class=\"sya_categories\"><span class=\"sya_bracket\">(<\/span>1-F\u00e1cil, 100 Cims Carlos y Conchita, 3 - De 10 a 15 km., Mojones \/ Bornas frontera ES-FR, Saillagosa<span class=\"sya_bracket\">)<\/span><\/span><div style=\"padding-left:100px\" class=\"robots-nocontent\"><cite>Repetimos la ruta del dia 24-04-2016, esta vez sin nieve, y conseguimos llegar sin problemas hasta la 506, aunque con bastante niebla.<\/cite><\/div><\/div><\/li><li class=\"\"><div class=\"sya_postcontent\"><span class=\"sya_date\">  <span class=\"sya_sep\"> <\/span><\/span><a href=\"https:\/\/www.carlosyconchita.net\/rutas\/14-05-2016-frontera-bornas-504-500\/\" class=\"sya_postlink post-8587\" rel=\"bookmark\">14-05-2016 &#8211; Frontera : bornas 504 a 500<\/a> <span class=\"sya_categories\"><span class=\"sya_bracket\">(<\/span>2 - De 5 a 10 km., 2-Moderada, Mojones \/ Bornas frontera ES-FR, Saillagosa<span class=\"sya_bracket\">)<\/span><\/span><div style=\"padding-left:100px\" class=\"robots-nocontent\"><cite>Desde la borna 504 localizamos y fotografiamos las bornas 504 hasta la 500.<\/cite><\/div><\/div><\/li><li class=\"\"><div class=\"sya_postcontent\"><span class=\"sya_date\">  <span class=\"sya_sep\"> <\/span><\/span><a href=\"https:\/\/www.carlosyconchita.net\/rutas\/24-04-2016-frontera-bornas-504-505\/\" class=\"sya_postlink post-8509\" rel=\"bookmark\">24-04-2016-Frontera : bornas 504 y 505<\/a> <span class=\"sya_categories\"><span class=\"sya_bracket\">(<\/span>1-F\u00e1cil, 2 - De 5 a 10 km., Dificultad, Mojones \/ Bornas frontera ES-FR, Saillagosa<span class=\"sya_bracket\">)<\/span><\/span><div style=\"padding-left:100px\" class=\"robots-nocontent\"><cite>Hacemos esta ruta empezando en la borna 504, a la que se puede llegar en coche, con la idea de llegar a la 505 de nuevo, y continuar hasta el Puig de Dorria y la 506, pero el fuerte viento y previsi\u00f3n de mal tiempo, hace que lleguemos solo hasta la 505.<\/cite><\/div><\/div><\/li><li class=\"\"><div class=\"sya_postcontent\"><span class=\"sya_date\">  <span class=\"sya_sep\"> <\/span><\/span><a href=\"https:\/\/www.carlosyconchita.net\/rutas\/24-04-2016-borna-504-acceso-coche\/\" class=\"sya_postlink post-8521\" rel=\"bookmark\">24-04-2016-Borna 504 (Coma Morera) &#8211; Acceso coche<\/a> <span class=\"sya_categories\"><span class=\"sya_bracket\">(<\/span>0-Accesos coche, 0-Muy f\u00e1cil, 4 - De 15 a 20 km., Mojones \/ Bornas frontera ES-FR<span class=\"sya_bracket\">)<\/span><\/span><div style=\"padding-left:100px\" class=\"robots-nocontent\"><cite>Para llegar a la borna 504 (Coma Morera)\u00a0 en coche, debemos coger un camino que empieza en Osseja. Dentro del pueblo no est\u00e1 demasiado indicado, por lo que ponemos aqu\u00ed el track del mismo, empezando en la entrada del pueblo, viniendo desde Saillagosa , por la carretera D30. De todas formas, por si se viene [&hellip;]<\/cite><\/div><\/div><\/li><\/ul> <a id=\"year2015\"><\/a>2015 <span class=\"sya_yearcount\"><span class=\"sya_bracket\">(<\/span>1<span class=\"sya_bracket\">)<\/span><\/span> <ul><li class=\"\"><div class=\"sya_postcontent\"><span class=\"sya_date\">  <span class=\"sya_sep\"> <\/span><\/span><a href=\"https:\/\/www.carlosyconchita.net\/rutas\/30-05-2015-camino-de-la-retirada-vallcebollere\/\" class=\"sya_postlink post-6829\" rel=\"bookmark\">30-05-2015 &#8211; Camino de la Retirada (Vallceboll\u00e9re) (borna 505)<\/a> <span class=\"sya_categories\"><span class=\"sya_bracket\">(<\/span>2-Moderada, 3 - De 10 a 15 km., Mojones \/ Bornas frontera ES-FR, Saillagosa<span class=\"sya_bracket\">)<\/span><\/span><div style=\"padding-left:100px\" class=\"robots-nocontent\"><cite>En esa fecha hicimos esta ruta, sin saber que al llegar arriba a la frontera ver\u00edamos la borna 505, ya que ni nos hab\u00edamos planteado buscarlas.\r\nPor lo tanto es la primera de nuestras rutas en b\u00fasqueda de bornas o mojones.<\/cite><\/div><\/div><\/li><\/ul><\/div>\n","protected":false},"excerpt":{"rendered":"<p>RESUMEN DE RUTAS Hacemos notar que no pretendemos hacer un camino para \u00abunirlas\u00bb y recorrerlas todas como el amigo Eef Berns , sino \u00fanicamente verlas y fotografiarlas, por lo que las rutas realizadas pueden no estar seguidas y no se\u00f1alan un camino \u00fanico para recorrerlas todas de un tir\u00f3n. No se incluyen las bornas de [&hellip;]<\/p>\n","protected":false},"author":50,"featured_media":0,"parent":0,"menu_order":0,"comment_status":"closed","ping_status":"closed","template":"templates\/template-full.php","meta":{"footnotes":""},"class_list":["post-16527","page","type-page","status-publish","hentry","post"],"yoast_head":"<!-- This site is optimized with the Yoast SEO plugin v27.5 - https:\/\/yoast.com\/product\/yoast-seo-wordpress\/ -->\n<title>Bornas ES-FR Indice - Las rutas de Carlos y Conchita<\/title>\n<meta name=\"robots\" content=\"index, follow, max-snippet:-1, max-image-preview:large, max-video-preview:-1\" \/>\n<link rel=\"canonical\" href=\"https:\/\/www.carlosyconchita.net\/rutas\/bornas-es-fr-indice\/\" \/>\n<meta property=\"og:locale\" content=\"es_ES\" \/>\n<meta property=\"og:type\" content=\"article\" \/>\n<meta property=\"og:title\" content=\"Bornas ES-FR Indice - Las rutas de Carlos y Conchita\" \/>\n<meta property=\"og:description\" content=\"RESUMEN DE RUTAS Hacemos notar que no pretendemos hacer un camino para \u00abunirlas\u00bb y recorrerlas todas como el amigo Eef Berns , sino \u00fanicamente verlas y fotografiarlas, por lo que las rutas realizadas pueden no estar seguidas y no se\u00f1alan un camino \u00fanico para recorrerlas todas de un tir\u00f3n. No se incluyen las bornas de [&hellip;]\" \/>\n<meta property=\"og:url\" content=\"https:\/\/www.carlosyconchita.net\/rutas\/bornas-es-fr-indice\/\" \/>\n<meta property=\"og:site_name\" content=\"Las rutas de Carlos y Conchita\" \/>\n<meta property=\"article:modified_time\" content=\"2025-11-06T15:57:08+00:00\" \/>\n<meta property=\"og:image\" content=\"https:\/\/www.carlosyconchita.net\/rutas\/wp-content\/uploads\/2017\/11\/344-1-e1631561520354.jpg\" \/>\n\t<meta property=\"og:image:width\" content=\"75\" \/>\n\t<meta property=\"og:image:height\" content=\"56\" \/>\n\t<meta property=\"og:image:type\" content=\"image\/jpeg\" \/>\n<meta name=\"twitter:label1\" content=\"Tiempo de lectura\" \/>\n\t<meta name=\"twitter:data1\" content=\"2 minutos\" \/>\n<script type=\"application\/ld+json\" class=\"yoast-schema-graph\">{\"@context\":\"https:\\\/\\\/schema.org\",\"@graph\":[{\"@type\":\"WebPage\",\"@id\":\"https:\\\/\\\/www.carlosyconchita.net\\\/rutas\\\/bornas-es-fr-indice\\\/\",\"url\":\"https:\\\/\\\/www.carlosyconchita.net\\\/rutas\\\/bornas-es-fr-indice\\\/\",\"name\":\"Bornas ES-FR Indice - Las rutas de Carlos y Conchita\",\"isPartOf\":{\"@id\":\"https:\\\/\\\/www.carlosyconchita.net\\\/rutas\\\/#website\"},\"primaryImageOfPage\":{\"@id\":\"https:\\\/\\\/www.carlosyconchita.net\\\/rutas\\\/bornas-es-fr-indice\\\/#primaryimage\"},\"image\":{\"@id\":\"https:\\\/\\\/www.carlosyconchita.net\\\/rutas\\\/bornas-es-fr-indice\\\/#primaryimage\"},\"thumbnailUrl\":\"https:\\\/\\\/www.carlosyconchita.net\\\/rutas\\\/wp-content\\\/uploads\\\/2017\\\/11\\\/344-1.jpg\",\"datePublished\":\"2021-09-12T20:04:24+00:00\",\"dateModified\":\"2025-11-06T15:57:08+00:00\",\"breadcrumb\":{\"@id\":\"https:\\\/\\\/www.carlosyconchita.net\\\/rutas\\\/bornas-es-fr-indice\\\/#breadcrumb\"},\"inLanguage\":\"es\",\"potentialAction\":[{\"@type\":\"ReadAction\",\"target\":[\"https:\\\/\\\/www.carlosyconchita.net\\\/rutas\\\/bornas-es-fr-indice\\\/\"]}]},{\"@type\":\"ImageObject\",\"inLanguage\":\"es\",\"@id\":\"https:\\\/\\\/www.carlosyconchita.net\\\/rutas\\\/bornas-es-fr-indice\\\/#primaryimage\",\"url\":\"https:\\\/\\\/www.carlosyconchita.net\\\/rutas\\\/wp-content\\\/uploads\\\/2017\\\/11\\\/344-1.jpg\",\"contentUrl\":\"https:\\\/\\\/www.carlosyconchita.net\\\/rutas\\\/wp-content\\\/uploads\\\/2017\\\/11\\\/344-1.jpg\"},{\"@type\":\"BreadcrumbList\",\"@id\":\"https:\\\/\\\/www.carlosyconchita.net\\\/rutas\\\/bornas-es-fr-indice\\\/#breadcrumb\",\"itemListElement\":[{\"@type\":\"ListItem\",\"position\":1,\"name\":\"Portada\",\"item\":\"https:\\\/\\\/www.carlosyconchita.net\\\/rutas\\\/\"},{\"@type\":\"ListItem\",\"position\":2,\"name\":\"Bornas ES-FR Indice\"}]},{\"@type\":\"WebSite\",\"@id\":\"https:\\\/\\\/www.carlosyconchita.net\\\/rutas\\\/#website\",\"url\":\"https:\\\/\\\/www.carlosyconchita.net\\\/rutas\\\/\",\"name\":\"Las rutas de Carlos y Conchita\",\"description\":\"\",\"potentialAction\":[{\"@type\":\"SearchAction\",\"target\":{\"@type\":\"EntryPoint\",\"urlTemplate\":\"https:\\\/\\\/www.carlosyconchita.net\\\/rutas\\\/?s={search_term_string}\"},\"query-input\":{\"@type\":\"PropertyValueSpecification\",\"valueRequired\":true,\"valueName\":\"search_term_string\"}}],\"inLanguage\":\"es\"}]}<\/script>\n<!-- \/ Yoast SEO plugin. -->","yoast_head_json":{"title":"Bornas ES-FR Indice - Las rutas de Carlos y Conchita","robots":{"index":"index","follow":"follow","max-snippet":"max-snippet:-1","max-image-preview":"max-image-preview:large","max-video-preview":"max-video-preview:-1"},"canonical":"https:\/\/www.carlosyconchita.net\/rutas\/bornas-es-fr-indice\/","og_locale":"es_ES","og_type":"article","og_title":"Bornas ES-FR Indice - Las rutas de Carlos y Conchita","og_description":"RESUMEN DE RUTAS Hacemos notar que no pretendemos hacer un camino para \u00abunirlas\u00bb y recorrerlas todas como el amigo Eef Berns , sino \u00fanicamente verlas y fotografiarlas, por lo que las rutas realizadas pueden no estar seguidas y no se\u00f1alan un camino \u00fanico para recorrerlas todas de un tir\u00f3n. No se incluyen las bornas de [&hellip;]","og_url":"https:\/\/www.carlosyconchita.net\/rutas\/bornas-es-fr-indice\/","og_site_name":"Las rutas de Carlos y Conchita","article_modified_time":"2025-11-06T15:57:08+00:00","og_image":[{"width":75,"height":56,"url":"https:\/\/www.carlosyconchita.net\/rutas\/wp-content\/uploads\/2017\/11\/344-1-e1631561520354.jpg","type":"image\/jpeg"}],"twitter_misc":{"Tiempo de lectura":"2 minutos"},"schema":{"@context":"https:\/\/schema.org","@graph":[{"@type":"WebPage","@id":"https:\/\/www.carlosyconchita.net\/rutas\/bornas-es-fr-indice\/","url":"https:\/\/www.carlosyconchita.net\/rutas\/bornas-es-fr-indice\/","name":"Bornas ES-FR Indice - Las rutas de Carlos y Conchita","isPartOf":{"@id":"https:\/\/www.carlosyconchita.net\/rutas\/#website"},"primaryImageOfPage":{"@id":"https:\/\/www.carlosyconchita.net\/rutas\/bornas-es-fr-indice\/#primaryimage"},"image":{"@id":"https:\/\/www.carlosyconchita.net\/rutas\/bornas-es-fr-indice\/#primaryimage"},"thumbnailUrl":"https:\/\/www.carlosyconchita.net\/rutas\/wp-content\/uploads\/2017\/11\/344-1.jpg","datePublished":"2021-09-12T20:04:24+00:00","dateModified":"2025-11-06T15:57:08+00:00","breadcrumb":{"@id":"https:\/\/www.carlosyconchita.net\/rutas\/bornas-es-fr-indice\/#breadcrumb"},"inLanguage":"es","potentialAction":[{"@type":"ReadAction","target":["https:\/\/www.carlosyconchita.net\/rutas\/bornas-es-fr-indice\/"]}]},{"@type":"ImageObject","inLanguage":"es","@id":"https:\/\/www.carlosyconchita.net\/rutas\/bornas-es-fr-indice\/#primaryimage","url":"https:\/\/www.carlosyconchita.net\/rutas\/wp-content\/uploads\/2017\/11\/344-1.jpg","contentUrl":"https:\/\/www.carlosyconchita.net\/rutas\/wp-content\/uploads\/2017\/11\/344-1.jpg"},{"@type":"BreadcrumbList","@id":"https:\/\/www.carlosyconchita.net\/rutas\/bornas-es-fr-indice\/#breadcrumb","itemListElement":[{"@type":"ListItem","position":1,"name":"Portada","item":"https:\/\/www.carlosyconchita.net\/rutas\/"},{"@type":"ListItem","position":2,"name":"Bornas ES-FR Indice"}]},{"@type":"WebSite","@id":"https:\/\/www.carlosyconchita.net\/rutas\/#website","url":"https:\/\/www.carlosyconchita.net\/rutas\/","name":"Las rutas de Carlos y Conchita","description":"","potentialAction":[{"@type":"SearchAction","target":{"@type":"EntryPoint","urlTemplate":"https:\/\/www.carlosyconchita.net\/rutas\/?s={search_term_string}"},"query-input":{"@type":"PropertyValueSpecification","valueRequired":true,"valueName":"search_term_string"}}],"inLanguage":"es"}]}},"_links":{"self":[{"href":"https:\/\/www.carlosyconchita.net\/rutas\/wp-json\/wp\/v2\/pages\/16527","targetHints":{"allow":["GET"]}}],"collection":[{"href":"https:\/\/www.carlosyconchita.net\/rutas\/wp-json\/wp\/v2\/pages"}],"about":[{"href":"https:\/\/www.carlosyconchita.net\/rutas\/wp-json\/wp\/v2\/types\/page"}],"author":[{"embeddable":true,"href":"https:\/\/www.carlosyconchita.net\/rutas\/wp-json\/wp\/v2\/users\/50"}],"replies":[{"embeddable":true,"href":"https:\/\/www.carlosyconchita.net\/rutas\/wp-json\/wp\/v2\/comments?post=16527"}],"version-history":[{"count":3,"href":"https:\/\/www.carlosyconchita.net\/rutas\/wp-json\/wp\/v2\/pages\/16527\/revisions"}],"predecessor-version":[{"id":21277,"href":"https:\/\/www.carlosyconchita.net\/rutas\/wp-json\/wp\/v2\/pages\/16527\/revisions\/21277"}],"wp:attachment":[{"href":"https:\/\/www.carlosyconchita.net\/rutas\/wp-json\/wp\/v2\/media?parent=16527"}],"curies":[{"name":"wp","href":"https:\/\/api.w.org\/{rel}","templated":true}]}}